{"id":801,"date":"2025-05-04T18:11:49","date_gmt":"2025-05-04T18:11:49","guid":{"rendered":"https:\/\/lugardemarmolejo.es\/?page_id=801"},"modified":"2025-05-11T20:11:00","modified_gmt":"2025-05-11T20:11:00","slug":"jose-mier-de-teran-blanco-1888-1971","status":"publish","type":"page","link":"https:\/\/lugardemarmolejo.es\/?page_id=801","title":{"rendered":"JOS\u00c9 MIER DE TER\u00c1N BLANCO (1888-1971)."},"content":{"rendered":"\n<p><br>Autor: Manuel Perales Sol\u00eds<br>Fecha de la publicaci\u00f3n: Mayo de 2025<\/p>\n\n\n\n<p><br>Este m\u00e9dico sevillano, afamado especialista en radiolog\u00eda, ejerci\u00f3 en Marmolejo desde 1911 a 1931, ascediendo a su plaza, con solo 24 a\u00f1os, tras un concurso de m\u00e9ritos convocado por el Ayuntamiento en la primavera de aquel a\u00f1o. En la sesi\u00f3n extraodinaria del 16 de marzo<em> \u201cse leyeron las instancias, se vieron los m\u00e9ritos de los m\u00e9dicos y se eligi\u00f3 a Jos\u00e9 Mier de Ter\u00e1n Blanco, residente en Sevilla\u201d<\/em> (1). Dos a\u00f1os m\u00e1s tarde, en julio de 1913, obten\u00eda patente por la Administraci\u00f3n de Contribuciones de Ja\u00e9n para el ejercicio de m\u00e9dico-cirujano con facultad para emitir recetas, f\u00f3rmulas y prescripciones facultativas. Junto a \u00e9l, obten\u00edan igualmente patente, los doctores Miguel Cerrillo Garc\u00eda del Prado, Enrique Ayala Soria, Jos\u00e9 L\u00f3pez Morcillo y Juan Bautista Horques Fern\u00e1ndez, director m\u00e9dico del Balneario (2).<br>La plaza de m\u00e9dico titular la compagin\u00f3, al menos desde 1915, con la de sanitario de la compa\u00f1\u00eda de ferrocarriles<em> \u201cMadrid a Zaragoza y<br>Alicante\u201d<\/em> (la MZA) en la l\u00ednea de Andaluc\u00eda, seg\u00fan consta en el Anuario de Ferrocarriles de ese a\u00f1o.<\/p>\n\n\n\n<p>Durante la larga etapa en nuestra localidad, se gan\u00f3 la estima de muchos marmoleje\u00f1os\/as, sin hacer distinci\u00f3n de clases ni ideas. Hay que decir que en las d\u00e9cadas iniciales del siglo veinte, Marmolejo era un lugar atractivo para los m\u00e9dicos por la masiva afluencia de ag\u00fcistas durante la temporada del Balneario pues muchos de ellos, de elevado nivel econ\u00f3mico, llegaban a la villa aquejados de diversas patolog\u00edas y demandaban, por tanto, la asistencia de facultativos que, a cambio, obten\u00edan ping\u00fces beneficios de tan nutridas clientelas. Pero junto ello, exist\u00eda una numerosa poblaci\u00f3n jornalera de escasos recursos econ\u00f3micos, as\u00ed como m\u00e1s de un centenar de pobres declarados de <em>\u201csolemnidad\u201d<\/em> que en la mayor\u00eda de las ocasiones necesitaban de la Beneficencia Municipal para sus necesidades sanitarias m\u00e1s b\u00e1sicas, atendidas, habitualmente, por dos m\u00e9dicos titulares. De esta situaci\u00f3n de precariedad y de falta de facultativos, se hicieron eco, en m\u00e1s de una ocasi\u00f3n, las organizaciones obreras, recurriendo a solicitar de las autoridades locales mejores servicios sanitarios para el contingente obrero. Es el caso de la carta dirigida al alcalde primoriverista Juan Luis Burlo el 18 de mayo de 1927: <em>\u201cSr. Alcalde: los que suscriben, en representaci\u00f3n de las sociedades Centro Instructivo Obrero y Ramo de la Construcci\u00f3n de esta localidad, exponen la presente protesta que no, por respetuosa, deja de ser todo lo en\u00e9rgica que el caso requiere, y en su virtud expresa lo que sigue: Que en atenci\u00f3n a los respetos que merece el culto e inteligente m\u00e9dico titular D. Jos\u00e9 Mar\u00eda Mier de Ter\u00e1n, y los buenos servicios que ha prestado a esta poblaci\u00f3n, y muy especialmente a las clases necesitadas, hace d\u00edas nos han entregado (los afiliados) esta protesta, y reconociendo que el inter\u00e9s p\u00fablico est\u00e1 por encima de todo, y que a un pueblo de 6000 almas no se puede tener con un solo m\u00e9dico titular y en un abandono en este orden tan completo, manifestamos: Que en la premura necesaria se resuelva la provisi\u00f3n de la plaza hoy vacante y que se vele por los intereses confiados a esta corporaci\u00f3n ya que as\u00ed lo exige el inter\u00e9s general\u201d <\/em>(3).<\/p>\n\n\n\n<p>Desde las corporaciones de finales del XIX, el contrato de los m\u00e9dicos titulares con el Ayuntamiento obligaba a \u00e9stos a asistir durante dos a\u00f1os, gratuitamente, a las familias pobres <em>(\u201cpobres de solemnidad\u201d)<\/em> de la villa en sus enfermedades comunes y epid\u00e9micas, as\u00ed como a la asistencia gratuita a la vacunaci\u00f3n, a los nacimientos y a los abortos que ocurriesen en las mismas. El facultativo Mier de Ter\u00e1n, seg\u00fan todos los testimonios, fue un ejemplo de cumplimiento de dichas obligaciones poniendo, en much\u00edsimas ocasiones, sus conocimientos al servicio de familias humildes de clase obrera, sin percibir por ello gratificaci\u00f3n econ\u00f3mica alguna.<\/p>\n\n\n<div class=\"wp-block-image\">\n<figure class=\"alignleft size-full is-resized\"><img fetchpriority=\"high\" decoding=\"async\" width=\"731\" height=\"950\" src=\"https:\/\/lugardemarmolejo.es\/wp-content\/uploads\/2025\/05\/Foto-1.jpg\" alt=\"\" class=\"wp-image-802\" style=\"width:319px;height:auto\" srcset=\"https:\/\/lugardemarmolejo.es\/wp-content\/uploads\/2025\/05\/Foto-1.jpg 731w, https:\/\/lugardemarmolejo.es\/wp-content\/uploads\/2025\/05\/Foto-1-231x300.jpg 231w\" sizes=\"(max-width: 731px) 100vw, 731px\" \/><figcaption class=\"wp-element-caption\"><strong> Jos\u00e9 Mier de Ter\u00e1n, hacia 1925, en el patio de su casa de Marmolejo.<br>Fuente: Foto cedida en 2005 por sus hijas Dolores, Irene y Reyes Mier de Ter\u00e1n Nalda.<\/strong><\/figcaption><\/figure>\n<\/div>\n\n\n<p>Jos\u00e9 Mier de Ter\u00e1n contrajo matrimonio con la valenciana Irene Nalda Frigols, a la que conoci\u00f3 en Marmolejo tomando las aguas. La pareja tuvo tres hijas y un var\u00f3n, Jos\u00e9, que falleci\u00f3 cuando era peque\u00f1o seg\u00fan la noticia publicada por el peri\u00f3dico andujare\u00f1o<em> \u201cGuadalquivir\u201d <\/em>el catorce de agosto de 1926. Sus virtudes profesionales trascendieron a otras localidades de nuestra comarca e incluso alguna prensa cordobesa, se hac\u00eda eco de sus visitas cuando recalaba por la ciudad de los califas:<br><em>\u201cHa estado unas horas en C\u00f3rdoba el reputado m\u00e9dico de Marmolejo don Jos\u00e9 Mier de Ter\u00e1n, su distinguida esposa do\u00f1a Irene Nalda y su mon\u00edsima hija \u201cMariquita\u201d, despues de haber visitado los lugares m\u00e1s t\u00edpicos de nuestra sierra, marcharon a dicho pueblo en el tren expreso, siendo despedidos por las familias de don Pedro Gregorio Herrero y don Jos\u00e9 Carrillo P\u00e9rez, \u00edntimos amigos\u201d <\/em>(4).<\/p>\n\n\n\n<p>Una vez se traslada a Sevilla, ejerci\u00f3 su especialidad, obteniendo la plaza de radi\u00f3logo auxiliar en el Hospital Antituberculoso, San L\u00e1zaro, dependiente de la Diputaci\u00f3n Provincial, en febrero de 1935 (5). Al finalizar la contienda civil, iba a compaginar dicho puesto con el de jefe m\u00e9dico de la RENFE, con despacho en la estaci\u00f3n sevillana de Plaza de Armas, desde donde favoreci\u00f3 a cuantas personas de la izquierda marmoleje\u00f1a, represaliadas en aquella ciudad, reclamaban su ayuda. Esas actitudes solidarias, impulsadas por su amor a Marmolejo y a su condici\u00f3n de persona sensibilizada con el sufrimiento de los m\u00e1s d\u00e9biles y perseguidos, le costaron sufrir una paliza en la estaci\u00f3n de Marmolejo, a cargo de elementos de la derecha local, con motivo de un viaje realizado durante la postguerra, para visitar a su hermana Carmen, que ya era viuda del que fuera alcalde liberal del periodo de la Restauraci\u00f3n, Lorenzo Romero Garc\u00eda del Prado con el que hab\u00eda tenido dos hijos: Lorenzo y Mar\u00eda Dolores. Anteriormente Romero estuvo casado con Alfonsa Delgado-Caballero de cuyo patrimonio tuvieron una \u00fanica hija, Ana, casada con el m\u00e9dico Jos\u00e9 Perales Jurado y fallecida de parto en 1927.<\/p>\n\n\n\n<p>El testimonio de Jos\u00e9 Molina Rodr\u00edguez, hijo del exconcejal socialista Antonio Molina Torralbo <em>\u201cMaestro Corbella\u201d<\/em>, destacaba el aprecio hacia este m\u00e9dico solidario y comprometido:<em> \u201cDon Jos\u00e9 Mar\u00eda Mier de Ter\u00e1n hizo mucho pr todos los marmoleje\u00f1os de izquierdas que iban a su casa en Sevilla buscando ayuda, entre ellos a los dos hijos de Ignacio Exp\u00f3sito Villar \u201cMindolo\u201d, alcalde socialista fusilado en Ja\u00e9n el 20 de junio de 1942. Don Jos\u00e9 era m\u00e9dico principal de la RENFE, en la estaci\u00f3n de Plaza de Armas. All\u00ed ten\u00eda una oficina y su consulta particular frente a la citada estaci\u00f3n. Cuando estuvo en el pueblo antes de la Rep\u00fablica hizo mucho por los obreros. No les cobraba a pesar de las visitas que exigieran su enfermedad\u201d.<\/em> Esta entrevista fue realizada en su casa de la calle Jos\u00e9 Valero, n\u00ba 26, el ocho de mayo de 2004. La calle Jos\u00e9 Valero se encuentra en un barrio sevillano perif\u00e9rico a Nervi\u00f3n, de casitas humildes similares a las de muchos pueblos andaluces. La mayor\u00eda de ellas fueron construidas por los presos republicanos cuando cumplieron su condena en la Prisi\u00f3n Provincial aleda\u00f1a. Entre ellos varios marmoleje\u00f1os afiliados a partidos de izquierdas durante la Rep\u00fablica y Guerra Civil como el propio Antonio Molina, Jos\u00e9 Blanco Vicaria y Juan Garrido Catal\u00e1n. Cuando sali\u00f3 en libertad, Antonio, adquiri\u00f3 una parcela junto a la Prisi\u00f3n y all\u00ed construy\u00f3 su casa (6).<\/p>\n\n\n\n<p>Para aportar m\u00e1s datos sobre la personalidad de este honesto profesional de la medicina, cuyo recuerdo ha acabado borr\u00e1ndose de la memoria colectiva de los marmoleje\u00f1os\/as, considero interesante transcribir el testimonio escrito que me enviaron sus hijas Mar\u00eda de los Reyes, Dolores e Irene Mier de Ter\u00e1n Nalda. A la fecha de este testimonio, 23 de agosto de 2005, resid\u00edan en Valencia de donde fue natural su madre, Irene Nalda Frigols. La entra\u00f1able misiva describe situaciones de aut\u00e9ntica solidaridad y humanidad protagonizadas por don Jos\u00e9 en los a\u00f1os en que ejerci\u00f3 la medicina en Marmolejo. Dice as\u00ed:<em> \u201cEn Marmolejo mi padre era muy querido, pero se lo hab\u00eda ganado a pulso. Era un m\u00e9dico enamorado de su profesi\u00f3n y como tal, la ejerc\u00eda. Se cuentan varias an\u00e9cdotas suyas: En una ocasi\u00f3n una mujer estaba muy enferma y mi padre le hac\u00eda varias visitas al cabo del d\u00eda. Una de las veces, la mujer le dijo: -\u201dDon Jos\u00e9, no venga usted tanto porque no voy a poder pagarle\u201d<\/em>. \u00c9l que era muy seco hablando, le contest\u00f3: <em>-\u201dMira, vengo las veces que estime conveniente, el m\u00e9dico soy yo, y no te preocupes por la cuenta que te voy a poner, que va a ser la misma\u201d<\/em>. Otra vez hubo en Marmolejo una epidemia y los pobres adquir\u00edan las medicinas a trav\u00e9s de la Beneficencia Municipal. El alcalde le dijo:<em> \u201c-don Jos\u00e9, no mande tanta medicina y tan caras que me tiene usted las arcas vac\u00edas\u201d<\/em>. \u00c9l le contest\u00f3: <em>\u201c\u00bfQu\u00e9 le mando?, \u00bfagua del pozo?. !Y cuando est\u00e9 enferma tu madre!\u201d<\/em>, le dijo al alcalde. El alcalde no le contest\u00f3. En otra ocasi\u00f3n hab\u00eda un enfermo con muy pocos medios econ\u00f3micos. Desde mi casa le mandaba a una mujer que ten\u00edamos para hacer los mandados, con una olla de cocido, pero sin que el enfermo supiera la procedencia del alimento. Aquel hombre preguntaba por la procedencia de su comida pero nadie sab\u00eda contestarle, hasta que un d\u00eda siguieron a la mujer y vieron que entraba en la casa de mi padre. Finalmente, en cierta ocasi\u00f3n un hombre fue a recoger a nuestro padre con una caballer\u00eda para ir al otro lado del rio, por la parte de la Centenera, pues su mujer se encontraba muy enferma. Para cruzar el r\u00edo Guadalquivir, el hombre le ofreci\u00f3 el mulo para que lo atravesara, pero \u00e9l le dijo que no: <em>\u201cque como no hab\u00eda nada m\u00e1s que una bestia por lo cruzar\u00edan los dos a pie\u201d<\/em> (7).<\/p>\n\n\n\n<p>Jos\u00e9 Mier de Ter\u00e1n falleci\u00f3 en marzo de 1971 en Sevilla, a los 83 a\u00f1os de edad, dando cuenta el diario ABC de dicha p\u00e9rdida el d\u00eda 7 de marzo en su p\u00e1gina treinta y siete (8).<\/p>\n\n\n\n<p><br><strong>ANEXO FOTOGR\u00c1FICO:<\/strong><\/p>\n\n\n<div class=\"wp-block-image\">\n<figure class=\"alignleft size-large is-resized\"><img decoding=\"async\" width=\"1024\" height=\"644\" src=\"https:\/\/lugardemarmolejo.es\/wp-content\/uploads\/2025\/05\/Foto-2-1024x644.jpg\" alt=\"\" class=\"wp-image-803\" style=\"width:565px;height:auto\" srcset=\"https:\/\/lugardemarmolejo.es\/wp-content\/uploads\/2025\/05\/Foto-2-1024x644.jpg 1024w, https:\/\/lugardemarmolejo.es\/wp-content\/uploads\/2025\/05\/Foto-2-300x189.jpg 300w, https:\/\/lugardemarmolejo.es\/wp-content\/uploads\/2025\/05\/Foto-2-768x483.jpg 768w, https:\/\/lugardemarmolejo.es\/wp-content\/uploads\/2025\/05\/Foto-2.jpg 1087w\" sizes=\"(max-width: 1024px) 100vw, 1024px\" \/><figcaption class=\"wp-element-caption\"><strong>Jos\u00e9 Mier de Ter\u00e1n (Primero por la izquierda en la fila de abajo) con<br>un grupo de amigos (posiblemente m\u00e9dicos) y de ag\u00fcistas en la puerta del Hotel Balneario. Se desconoce la identidad de la mujer que aparece junto a \u00e9l, aunque no descarto que pudiera tratarse de su esposa Irene Nalda Frigols. El a\u00f1o de la fotograf\u00eda se situar\u00eda en los a\u00f1os centrales de la d\u00e9cada de los veinte. Fuente:<br>Carmela Casado.<\/strong><\/figcaption><\/figure>\n<\/div>\n\n<div class=\"wp-block-image\">\n<figure class=\"alignleft size-full is-resized\"><img decoding=\"async\" width=\"655\" height=\"941\" src=\"https:\/\/lugardemarmolejo.es\/wp-content\/uploads\/2025\/05\/Foto-3.jpg\" alt=\"\" class=\"wp-image-804\" style=\"width:247px;height:auto\" srcset=\"https:\/\/lugardemarmolejo.es\/wp-content\/uploads\/2025\/05\/Foto-3.jpg 655w, https:\/\/lugardemarmolejo.es\/wp-content\/uploads\/2025\/05\/Foto-3-209x300.jpg 209w\" sizes=\"(max-width: 655px) 100vw, 655px\" \/><figcaption class=\"wp-element-caption\"><strong>Jos\u00e9 Mier de Ter\u00e1n Blanco en su etapa de ejercicio profesional en<br>Sevilla. Fuente: Foto cedida en su d\u00eda por su sobrina, ya fallecida, Mar\u00eda Dolores<br>Romero Mier de Ter\u00e1n.<\/strong><\/figcaption><\/figure>\n<\/div>\n\n\n<p><\/p>\n\n\n\n<hr class=\"wp-block-separator has-alpha-channel-opacity is-style-default\"\/>\n\n\n\n<p class=\"has-text-align-left\"><strong>Fuentes, Notas y Bibliograf\u00eda:<br>Notas<\/strong><br>(1) Actas Capitulares del Ayuntamiento de Marmolejo, sesi\u00f3n extraordinaria de 16 de marzo de 1911. Folio 25. Archivo Ayuntamiento de Marmolejo.<\/p>\n\n\n\n<p>(2) Bolet\u00edn Oficial de la Provincia de Ja\u00e9n, de fecha 19 de agosto de 1913. Diputaci\u00f3n Provincial de Ja\u00e9n: colecci\u00f3n hist\u00f3rica.<\/p>\n\n\n\n<p>(3) Escrito del Centro Instructivo Obrero dirigido al alcalde de Marmolejo. Estaba firmado por Ignacio Exp\u00f3sito (Presidente), Antonio Garc\u00eda Mart\u00ednez (Secretario), Jos\u00e9 Cano (Presidente del Ramo de la Construcci\u00f3n de UGT) y Antonio Ruiz Ca\u00f1uelo (Secretario de dicho ramo). Archivo Municipal del Ayuntamiento de Marmolejo. <\/p>\n\n\n\n<p>(4) Noticia publicada por el diario<em> \u201cLa Voz\u201d<\/em> de C\u00f3rdoba en el n\u00famero 1.747, de 19 de noviembre de 1924. Tanto Pedro Gregorio Herrero como Jos\u00e9 Carrillo P\u00e9rez fueron dos importantes comerciantes y empresarios cordobeses que ocuparon puestos representativos en las organizaciones empresariales de la ciudad, en concreto Jos\u00e9 Carrillo P\u00e9rez lleg\u00f3 a ocupar, durante seis meses, entre junio y diciembre de 917, el cargo de alcalde de C\u00f3rdoba por mandato del pol\u00edtico conservador Jos\u00e9 S\u00e1nchez Guerra. Fue elegido en 1922 presidente de la Confederaci\u00f3n Gremial de C\u00f3rdoba y lo fue tambi\u00e9n de la Confederaci\u00f3n Gremial de Espa\u00f1a. De ambos personajes hay noticias en la prensa cordobesa de sus visitas a Marmolejo para tomar las aguas minero-medicinales, quiz\u00e1s probable motivo de la amistad con el m\u00e9dico Mier de Ter\u00e1n.<\/p>\n\n\n\n<p>(5) La relaci\u00f3n de asp\u00ecrantes a plazas de m\u00e9dicos radi\u00f3logos para los Dispensarios antituberculosos, salieron publicadas en la Gaceta de Madrid, n\u00ba 147, de 27 de mayo de 1935). El diario<em> \u201cEl Liberal\u201d<\/em> de Sevilla, publicaba el 21 de febrero de 1935, la obtenci\u00f3n de dicha plaza por Jos\u00e9 Mier de Ter\u00e1n.<\/p>\n\n\n\n<p>(6) Testimonio oral de Antonio Molina Rodr\u00edguez, ya fallecido, recabado en mayo de 2004.<\/p>\n\n\n\n<p>(7) Testimonio escrito de las hijas de Jos\u00e9 Mier de Ter\u00e1n, de fecha 23 de agosto de 2005.<\/p>\n\n\n\n<p>(8) Familiares relacionados con Jos\u00e9 Mier de Ter\u00e1n Blanco: Lorenzo Romero Mier de Ter\u00e1n: Hijo del que fuera alcalde del partido Liberal,  Lorenzo Romero Garc\u00eda del Prado, de su segundo matrimonio con Carmen Mier de Ter\u00e1n Blanco, hermana del m\u00e9dico Jos\u00e9 Mier de Ter\u00e1n. Lorenzo residi\u00f3 en Sevilla desde muy joven por motivos laborales. Falleci\u00f3 en aquella ciudad en octubre de 1999. El d\u00eda 15 de dicho mes se<br>oficiaba un misa de requiem en la Iglesia de San Antonio Abad de Sevilla, dada su condici\u00f3n de hermano de la hermandad del Silencio. (Fuente: Diario ABC de Sevilla de 15 de octubre de 1999). Su hermana Dolores Romero Mier de Ter\u00e1n, naci\u00f3 en Marmolejo y residi\u00f3 en la calle Su\u00e1rez (hoy \u00datica), hasta su fallecimiento.<\/p>\n\n\n\n<p><strong>Otras Fuentes y Bibliograf\u00eda:<\/strong><\/p>\n\n\n\n<p>&#8211;<em>\u201dDiario C\u00f3rdoba\u201d<\/em>, de 3 de octubre de 1924.<br>&#8211;<em>\u201dEl Defensor de C\u00f3rdoba\u201d<\/em>. diario cat\u00f3lico, de 24 de noviembre de 1919.<br>-Anuario de Ferrocarriles de 1915: Compa\u00f1\u00eda de Ferrocarriles<em> \u201cMadrid a Zaragoza y Alicante. Servicios Sanitarios\u00bb.<\/em><br>-Peri\u00f3dico<em> \u201cEl Guadalquivir\u201d<\/em> de fecha 14 de agosto de 1926. Instituto de Estudios Jiennenses.<br>-Perales Sol\u00eds, Manuel. <em>\u201cLa villa de Marmolejo en el reinado de Alfonso XIII\u201d<\/em>. Edita el autor, a\u00f1o 2002. Imprenta Reca.<br>-Perales Sol\u00eds, Manuel: <em>\u201cLa Memoria Rescatada\u201d<\/em>. Edita el autor. Imprenta Unigraf de Villa del R\u00edo; a\u00f1o 2007.<\/p>\n\n\n\n<p><\/p>\n","protected":false},"excerpt":{"rendered":"<p>Autor: Manuel Perales Sol\u00edsFecha de la publicaci\u00f3n: Mayo de 2025 Este m\u00e9dico sevillano, afamado especialista en radiolog\u00eda, ejerci\u00f3 en Marmolejo desde 1911 a 1931, ascediendo a su plaza, con solo 24 a\u00f1os, tras un concurso de m\u00e9ritos convocado por el Ayuntamiento en la primavera de aquel a\u00f1o. En la sesi\u00f3n extraodinaria del 16 de marzo [&hellip;]<\/p>\n","protected":false},"author":1,"featured_media":0,"parent":0,"menu_order":0,"comment_status":"closed","ping_status":"closed","template":"","meta":{"footnotes":""},"class_list":["post-801","page","type-page","status-publish","hentry"],"yoast_head":"<!-- This site is optimized with the Yoast SEO plugin v25.2 - https:\/\/yoast.com\/wordpress\/plugins\/seo\/ -->\n<title>JOS\u00c9 MIER DE TER\u00c1N BLANCO (1888-1971). - El lugar de Marmolejo<\/title>\n<meta name=\"robots\" content=\"index, follow, max-snippet:-1, max-image-preview:large, max-video-preview:-1\" \/>\n<link rel=\"canonical\" href=\"https:\/\/lugardemarmolejo.es\/?page_id=801\" \/>\n<meta property=\"og:locale\" content=\"es_ES\" \/>\n<meta property=\"og:type\" content=\"article\" \/>\n<meta property=\"og:title\" content=\"JOS\u00c9 MIER DE TER\u00c1N BLANCO (1888-1971). - El lugar de Marmolejo\" \/>\n<meta property=\"og:description\" content=\"Autor: Manuel Perales Sol\u00edsFecha de la publicaci\u00f3n: Mayo de 2025 Este m\u00e9dico sevillano, afamado especialista en radiolog\u00eda, ejerci\u00f3 en Marmolejo desde 1911 a 1931, ascediendo a su plaza, con solo 24 a\u00f1os, tras un concurso de m\u00e9ritos convocado por el Ayuntamiento en la primavera de aquel a\u00f1o. En la sesi\u00f3n extraodinaria del 16 de marzo [&hellip;]\" \/>\n<meta property=\"og:url\" content=\"https:\/\/lugardemarmolejo.es\/?page_id=801\" \/>\n<meta property=\"og:site_name\" content=\"El lugar de Marmolejo\" \/>\n<meta property=\"article:modified_time\" content=\"2025-05-11T20:11:00+00:00\" \/>\n<meta property=\"og:image\" content=\"https:\/\/lugardemarmolejo.es\/wp-content\/uploads\/2025\/05\/Foto-1.jpg\" \/>\n\t<meta property=\"og:image:width\" content=\"731\" \/>\n\t<meta property=\"og:image:height\" content=\"950\" \/>\n\t<meta property=\"og:image:type\" content=\"image\/jpeg\" \/>\n<meta name=\"twitter:card\" content=\"summary_large_image\" \/>\n<meta name=\"twitter:label1\" content=\"Tiempo de lectura\" \/>\n\t<meta name=\"twitter:data1\" content=\"12 minutos\" \/>\n<script type=\"application\/ld+json\" class=\"yoast-schema-graph\">{\"@context\":\"https:\/\/schema.org\",\"@graph\":[{\"@type\":\"WebPage\",\"@id\":\"https:\/\/lugardemarmolejo.es\/?page_id=801\",\"url\":\"https:\/\/lugardemarmolejo.es\/?page_id=801\",\"name\":\"JOS\u00c9 MIER DE TER\u00c1N BLANCO (1888-1971). - El lugar de Marmolejo\",\"isPartOf\":{\"@id\":\"https:\/\/lugardemarmolejo.es\/#website\"},\"primaryImageOfPage\":{\"@id\":\"https:\/\/lugardemarmolejo.es\/?page_id=801#primaryimage\"},\"image\":{\"@id\":\"https:\/\/lugardemarmolejo.es\/?page_id=801#primaryimage\"},\"thumbnailUrl\":\"https:\/\/lugardemarmolejo.es\/wp-content\/uploads\/2025\/05\/Foto-1.jpg\",\"datePublished\":\"2025-05-04T18:11:49+00:00\",\"dateModified\":\"2025-05-11T20:11:00+00:00\",\"breadcrumb\":{\"@id\":\"https:\/\/lugardemarmolejo.es\/?page_id=801#breadcrumb\"},\"inLanguage\":\"es\",\"potentialAction\":[{\"@type\":\"ReadAction\",\"target\":[\"https:\/\/lugardemarmolejo.es\/?page_id=801\"]}]},{\"@type\":\"ImageObject\",\"inLanguage\":\"es\",\"@id\":\"https:\/\/lugardemarmolejo.es\/?page_id=801#primaryimage\",\"url\":\"https:\/\/lugardemarmolejo.es\/wp-content\/uploads\/2025\/05\/Foto-1.jpg\",\"contentUrl\":\"https:\/\/lugardemarmolejo.es\/wp-content\/uploads\/2025\/05\/Foto-1.jpg\",\"width\":731,\"height\":950},{\"@type\":\"BreadcrumbList\",\"@id\":\"https:\/\/lugardemarmolejo.es\/?page_id=801#breadcrumb\",\"itemListElement\":[{\"@type\":\"ListItem\",\"position\":1,\"name\":\"Portada\",\"item\":\"https:\/\/lugardemarmolejo.es\/\"},{\"@type\":\"ListItem\",\"position\":2,\"name\":\"JOS\u00c9 MIER DE TER\u00c1N BLANCO (1888-1971).\"}]},{\"@type\":\"WebSite\",\"@id\":\"https:\/\/lugardemarmolejo.es\/#website\",\"url\":\"https:\/\/lugardemarmolejo.es\/\",\"name\":\"El lugar de Marmolejo\",\"description\":\"\",\"potentialAction\":[{\"@type\":\"SearchAction\",\"target\":{\"@type\":\"EntryPoint\",\"urlTemplate\":\"https:\/\/lugardemarmolejo.es\/?s={search_term_string}\"},\"query-input\":{\"@type\":\"PropertyValueSpecification\",\"valueRequired\":true,\"valueName\":\"search_term_string\"}}],\"inLanguage\":\"es\"}]}<\/script>\n<!-- \/ Yoast SEO plugin. -->","yoast_head_json":{"title":"JOS\u00c9 MIER DE TER\u00c1N BLANCO (1888-1971). - El lugar de Marmolejo","robots":{"index":"index","follow":"follow","max-snippet":"max-snippet:-1","max-image-preview":"max-image-preview:large","max-video-preview":"max-video-preview:-1"},"canonical":"https:\/\/lugardemarmolejo.es\/?page_id=801","og_locale":"es_ES","og_type":"article","og_title":"JOS\u00c9 MIER DE TER\u00c1N BLANCO (1888-1971). - El lugar de Marmolejo","og_description":"Autor: Manuel Perales Sol\u00edsFecha de la publicaci\u00f3n: Mayo de 2025 Este m\u00e9dico sevillano, afamado especialista en radiolog\u00eda, ejerci\u00f3 en Marmolejo desde 1911 a 1931, ascediendo a su plaza, con solo 24 a\u00f1os, tras un concurso de m\u00e9ritos convocado por el Ayuntamiento en la primavera de aquel a\u00f1o. En la sesi\u00f3n extraodinaria del 16 de marzo [&hellip;]","og_url":"https:\/\/lugardemarmolejo.es\/?page_id=801","og_site_name":"El lugar de Marmolejo","article_modified_time":"2025-05-11T20:11:00+00:00","og_image":[{"width":731,"height":950,"url":"https:\/\/lugardemarmolejo.es\/wp-content\/uploads\/2025\/05\/Foto-1.jpg","type":"image\/jpeg"}],"twitter_card":"summary_large_image","twitter_misc":{"Tiempo de lectura":"12 minutos"},"schema":{"@context":"https:\/\/schema.org","@graph":[{"@type":"WebPage","@id":"https:\/\/lugardemarmolejo.es\/?page_id=801","url":"https:\/\/lugardemarmolejo.es\/?page_id=801","name":"JOS\u00c9 MIER DE TER\u00c1N BLANCO (1888-1971). - El lugar de Marmolejo","isPartOf":{"@id":"https:\/\/lugardemarmolejo.es\/#website"},"primaryImageOfPage":{"@id":"https:\/\/lugardemarmolejo.es\/?page_id=801#primaryimage"},"image":{"@id":"https:\/\/lugardemarmolejo.es\/?page_id=801#primaryimage"},"thumbnailUrl":"https:\/\/lugardemarmolejo.es\/wp-content\/uploads\/2025\/05\/Foto-1.jpg","datePublished":"2025-05-04T18:11:49+00:00","dateModified":"2025-05-11T20:11:00+00:00","breadcrumb":{"@id":"https:\/\/lugardemarmolejo.es\/?page_id=801#breadcrumb"},"inLanguage":"es","potentialAction":[{"@type":"ReadAction","target":["https:\/\/lugardemarmolejo.es\/?page_id=801"]}]},{"@type":"ImageObject","inLanguage":"es","@id":"https:\/\/lugardemarmolejo.es\/?page_id=801#primaryimage","url":"https:\/\/lugardemarmolejo.es\/wp-content\/uploads\/2025\/05\/Foto-1.jpg","contentUrl":"https:\/\/lugardemarmolejo.es\/wp-content\/uploads\/2025\/05\/Foto-1.jpg","width":731,"height":950},{"@type":"BreadcrumbList","@id":"https:\/\/lugardemarmolejo.es\/?page_id=801#breadcrumb","itemListElement":[{"@type":"ListItem","position":1,"name":"Portada","item":"https:\/\/lugardemarmolejo.es\/"},{"@type":"ListItem","position":2,"name":"JOS\u00c9 MIER DE TER\u00c1N BLANCO (1888-1971)."}]},{"@type":"WebSite","@id":"https:\/\/lugardemarmolejo.es\/#website","url":"https:\/\/lugardemarmolejo.es\/","name":"El lugar de Marmolejo","description":"","potentialAction":[{"@type":"SearchAction","target":{"@type":"EntryPoint","urlTemplate":"https:\/\/lugardemarmolejo.es\/?s={search_term_string}"},"query-input":{"@type":"PropertyValueSpecification","valueRequired":true,"valueName":"search_term_string"}}],"inLanguage":"es"}]}},"_links":{"self":[{"href":"https:\/\/lugardemarmolejo.es\/index.php?rest_route=\/wp\/v2\/pages\/801","targetHints":{"allow":["GET"]}}],"collection":[{"href":"https:\/\/lugardemarmolejo.es\/index.php?rest_route=\/wp\/v2\/pages"}],"about":[{"href":"https:\/\/lugardemarmolejo.es\/index.php?rest_route=\/wp\/v2\/types\/page"}],"author":[{"embeddable":true,"href":"https:\/\/lugardemarmolejo.es\/index.php?rest_route=\/wp\/v2\/users\/1"}],"replies":[{"embeddable":true,"href":"https:\/\/lugardemarmolejo.es\/index.php?rest_route=%2Fwp%2Fv2%2Fcomments&post=801"}],"version-history":[{"count":13,"href":"https:\/\/lugardemarmolejo.es\/index.php?rest_route=\/wp\/v2\/pages\/801\/revisions"}],"predecessor-version":[{"id":825,"href":"https:\/\/lugardemarmolejo.es\/index.php?rest_route=\/wp\/v2\/pages\/801\/revisions\/825"}],"wp:attachment":[{"href":"https:\/\/lugardemarmolejo.es\/index.php?rest_route=%2Fwp%2Fv2%2Fmedia&parent=801"}],"curies":[{"name":"wp","href":"https:\/\/api.w.org\/{rel}","templated":true}]}}