{"id":722,"date":"2024-12-24T11:53:38","date_gmt":"2024-12-24T11:53:38","guid":{"rendered":"https:\/\/lugardemarmolejo.es\/?page_id=722"},"modified":"2025-04-01T11:54:15","modified_gmt":"2025-04-01T11:54:15","slug":"nuestro-patrimonio-rural-la-caseria-y-molino-de-santa-isabel","status":"publish","type":"page","link":"https:\/\/lugardemarmolejo.es\/?page_id=722","title":{"rendered":"NUESTRO PATRIMONIO RURAL: LA CASER\u00cdA Y MOLINO DE SANTA ISABEL"},"content":{"rendered":"\n<p><\/p>\n\n\n\n<p><strong>Autor: Manuel Perales Sol\u00eds<\/strong><\/p>\n\n\n\n<p><strong>Fecha de publicaci\u00f3n: Diciembre de 2024.<\/strong><\/p>\n\n\n\n<p>La hacienda agr\u00edcola de Santa Isabel, dedicada desde la segunda mitad del XIX principalmente al cultivo del olivo y de cereal al tercio, y con una peque\u00f1a extensi\u00f3n para huerta, ocupaba un lugar privilegiado en el f\u00e9rtil meandro que forma el Guadalquivir&nbsp; en la zona conocida como \u201cDehesa Cerrada\u201d. Junto a la hacienda de Los M\u00e1rtires, dominio de la casa nobiliaria de Antill\u00f3n, Santa Isabel&nbsp; dispon\u00eda de una superficie agr\u00edcola aproximada de cincuenta y cuatro hect\u00e1reas, antes de su parcelaci\u00f3n y posterior venta a diferentes propietarios, a partir de los a\u00f1os ochenta del pasado siglo.<\/p>\n\n\n\n<p>&nbsp;El acceso a la Dehesa Cerrada se hac\u00eda por la antigua barca del Hormazal, al final del camino del Barco, o dando un gran rodeo a trav\u00e9s de la Huerta del R\u00edo y Salto del Lobo, siguiendo siempre la ribera del Guadalquivir en el sentido de la corriente, cuando las riadas imped\u00edan el paso por la citada barca. Otro itinerario alternativo fue por el viejo camino de carne, conocido como \u201cCamino Partidor de la Dehesa Cerrada\u201d, utilizado por los carros que transportaban las cosechas. En la d\u00e9cada de los setenta tambi\u00e9n se us\u00f3, para acceder a Santa Isabel, una barca de maroma propiedad de la finca de Los M\u00e1rtires, pr\u00f3xima a la estaci\u00f3n de Marmolejo.<\/p>\n\n\n\n<p>&nbsp;&nbsp;&nbsp;&nbsp; Tras la venta por subasta de los bienes comunales que el municipio dispon\u00eda en una amplia zona de la Dehesa Cerrada hacia 1841,&nbsp; estas tierras fueron adquiridas principalmente por diferentes vecinos de la localidad. En total, 374 fanegas fueron divididas en 58 suertes en donde empezaron a plantarse los olivos que hoy conocemos. Al cabo de los a\u00f1os, algunas de esas suertes o parcelas, pasaron a manos de hacendados&nbsp; for\u00e1neos&nbsp; como fue el caso de la finca de Santa Isabel,&nbsp; adquirida&nbsp; por un integrante de la burgues\u00eda agraria arjonera,&nbsp; Bernab\u00e9 Mu\u00f1oz-Cobo y \u00dabeda,&nbsp; que hab\u00eda&nbsp; casado con la tambi\u00e9n propietaria de esa localidad, Isabel Serrano Serrano (1), de ah\u00ed la denominaci\u00f3n que se le impone a la hacienda y caser\u00eda. Isabel Serrano era hermana de Luisa Serrano la consorte de Eduardo Le\u00f3n y Llerena,&nbsp; sobrina carnal por parte materna, del general Serrano.<\/p>\n\n\n<div class=\"wp-block-image\">\n<figure class=\"aligncenter size-large\"><img fetchpriority=\"high\" decoding=\"async\" width=\"1024\" height=\"764\" src=\"https:\/\/lugardemarmolejo.es\/wp-content\/uploads\/2024\/12\/Santa-Isabel-Foto-1-1024x764.jpg\" alt=\"\" class=\"wp-image-723\" srcset=\"https:\/\/lugardemarmolejo.es\/wp-content\/uploads\/2024\/12\/Santa-Isabel-Foto-1-1024x764.jpg 1024w, https:\/\/lugardemarmolejo.es\/wp-content\/uploads\/2024\/12\/Santa-Isabel-Foto-1-300x224.jpg 300w, https:\/\/lugardemarmolejo.es\/wp-content\/uploads\/2024\/12\/Santa-Isabel-Foto-1-768x573.jpg 768w, https:\/\/lugardemarmolejo.es\/wp-content\/uploads\/2024\/12\/Santa-Isabel-Foto-1.jpg 1026w\" sizes=\"(max-width: 1024px) 100vw, 1024px\" \/><figcaption class=\"wp-element-caption\"><strong>Caser\u00eda de Santa Isabel, en Dehesa Cerrada de Marmolejo. Fu\u00e9 construida en 1861. Foto: Manuel Perales.<\/strong><\/figcaption><\/figure>\n<\/div>\n\n\n<p>&nbsp;&nbsp;&nbsp;&nbsp;&nbsp;&nbsp;&nbsp;&nbsp;&nbsp;&nbsp;&nbsp;&nbsp;&nbsp;&nbsp;&nbsp; &nbsp;<\/p>\n\n\n\n<p><strong><u>Etapa de Bernab\u00e9 Mu\u00f1oz-Cobo y \u00dabeda:<\/u><\/strong><\/p>\n\n\n\n<p>La casa y molino de Santa Isabel se termin\u00f3 de construir en 1861, como reza en la loza de piedra que existe sobre el dintel del balc\u00f3n principal de su fachada. En su ejecuci\u00f3n se emple\u00f3 la t\u00e9cnica de muros de tapial, de considerable grosor, para las distintas dependencias,&nbsp; reforzados en las esquinas con sillares de piedra molinaza perfectamente labrados y pulidos, destacando un reforzamiento vertical de sillares de molinaza, en mitad de los muros laterales del cuerpo principal&nbsp; de la casa; recurso que le daba bastante consistencia a este edificio de dos plantas.&nbsp; Era una casa preparada para residencia de los due\u00f1os, con zonas m\u00e1s nobles tanto en el primer cuerpo como en la planta alta, cuya fachada est\u00e1 presidida, en su eje central, por un amplio balc\u00f3n situado sobre la puerta principal; ambos vanos&nbsp; fueron embellecidos con recercos de piedra azucare\u00f1a. A su derecha e izquierda se disponen, sim\u00e9tricamente, ocho ventanales que dispon\u00edan de rejer\u00eda de forja y carpinter\u00eda de madera actualmente desaparecida.<\/p>\n\n\n\n<p>Como se ha apuntado, esta&nbsp; propiedad perteneci\u00f3, en el origen de la plantaci\u00f3n de los olivos en el pago de la \u201cDehesa Cerrada\u201d, a Bernab\u00e9 Mu\u00f1oz-Cobo y \u00dabeda, gran hacendado de Arjona, ciudad de la que fue alcalde constitucional en 1853 as\u00ed como en los primeros a\u00f1os&nbsp; de la Restauraci\u00f3n alfonsina. Dada su afici\u00f3n a la cr\u00eda de caballos, desempe\u00f1\u00f3 tambi\u00e9n el cargo de \u201cCaballerizo de Su Majestad\u201d&nbsp; en la provincia de Ja\u00e9n por delegaci\u00f3n del Caballerizo Mayor del reino durante la monarqu\u00eda de Isabel II. Sus yeguadas con sangre de varias castas extranjeras, y sobre todo hispano-\u00e1rabe, eran dignas de admiraci\u00f3n en los cert\u00e1menes de ganader\u00eda, por la afinaci\u00f3n y alzada de algunos de sus potros. Adem\u00e1s de gran contribuyente de Arjona, con derecho a la elecci\u00f3n de compromisarios para la elecci\u00f3n de senadores, Bernab\u00e9 lo fue tambi\u00e9n&nbsp; de Marmolejo a la altura de 1877 (2). Su parentesco con el Duque de la Torre lo convertir\u00e1 en un asiduo invitado a las monter\u00edas que, con cierta frecuencia,&nbsp; el influyente pr\u00f3cer liberal celebraba en su dehesa del Socor en la serran\u00eda montore\u00f1a, a donde acud\u00edan las m\u00e1s relevantes figuras del mundo de la pol\u00edtica y de los negocios y&nbsp; personas de la m\u00e1xima confianza del general Serrano.<\/p>\n\n\n\n<p>&nbsp;&nbsp;&nbsp;&nbsp; Por causas que desconocemos, previsiblemente alguna inversi\u00f3n patrimonial desafortunada, empezaron&nbsp; a lloverles los embargos de sus acreedores a partir de septiembre de 1883. En el acto ejecutivo llevado a cabo por el juez de instrucci\u00f3n del distrito del Sagrario de la ciudad de Granada, impulsado por el vecino de dicha ciudad don Jos\u00e9 Sede\u00f1o Fern\u00e1ndez,&nbsp; sobre pago de 10.000 ptas, se sacaba a subasta la finca denominada \u201cHaza del Hospital\u201d, situada en la \u201cTablada\u201d o \u201cRacho\u201d del t\u00e9rmino de Arjona, de 1.494 estacas, con&nbsp; m\u00e1s de 12 hect\u00e1reas (3).<\/p>\n\n\n\n<p>Otro embargo se ordenaba en Granada, a fecha de 6 de noviembre de ese mismo a\u00f1o, por el juez don Jos\u00e9 Casas y Pav\u00f3n, a instancias del vecino de dicha ciudad, don Luis de Mazarredo, sobre pago de 125.000 ptas, m\u00e1s intereses y costas. Se sacaban a subasta un estacar en la finca \u201cEl Saltillo\u201d, de Arjona de 1.297 pies y una extensi\u00f3n de 10 hect\u00e1reas. Otro estacar en el sitio de \u201cTablada de Hediondo\u201d, de 923 plantas y una superficie de m\u00e1s de&nbsp; 7 hect\u00e1reas. Otro estacar en el sitio de \u201cLas Casillas\u201d, de 1.637 plantas, con 14 hect\u00e1reas de superficie. En el cortijo de \u201cLos Mostazos\u201d se sacaban a subasta 616 estacas comprendidas en 5 hect\u00e1reas de terreno. Igualmente en el mismo lugar 2.870 olivos con 25 hect\u00e1reas, m\u00e1s las tierras calmas denominadas de \u201cLa Torre\u201d, con una superficie de 58 hect\u00e1reas (4)<strong>.<\/strong><\/p>\n\n\n\n<p>Dos meses despu\u00e9s se decretaba la subasta de la hacienda de \u201cSanta Isabel\u201d en el t\u00e9rmino de Marmolejo, en virtud de una demanda ejecutiva efectuada&nbsp; por el juzgado de primera instancia de And\u00fajar. Gracias a la descripci\u00f3n de sus bienes y pertenencias podemos conocer el rico patrimonio arquitect\u00f3nico e industrial de la caser\u00eda de Santa Isabel:&nbsp; Dice as\u00ed: <em>\u201cDon Francisco Mart\u00ednez Cantero, Juez de primera instancia de And\u00fajar, por el presente y a virtud de demanda ejecutiva que se sigue en este Juzgado a instancia del procurador don Francisco Javier G\u00f3mez, en nombre de don Ram\u00f3n Collado Nogales, vecino de Granada, contra don <strong>Bernardo Mu\u00f1oz Cobo<\/strong>, que lo es de Arjona, sobre cobranza de cierta cantidad de principal, r\u00e9ditos y costas, se sacan a subasta p\u00fablica para su remate en venta y por el importe de su tasaci\u00f3n, las fincas siguientes:<\/em><\/p>\n\n\n\n<p><em>-Un cuarto de olivar denominado \u201cdel R\u00edo\u201d en la hacienda de Cerrada, t\u00e9rmino de Marmolejo, compuesto de 544 pies de primera, segunda y tercera calidad, ha sido tasado en&nbsp; 5.440 ptas.<\/em><\/p>\n\n\n\n<p><em>-Otro olivar conocido por el del \u201cCortijo\u201d, perteneciente a dicha hacienda, compuesto de 1.300 plantas, valorado en 12.177 ptas.<\/em><\/p>\n\n\n\n<p><em>-Otro olivar llamado de \u201cla Caser\u00eda\u201d (Santa Isabel) compuesto de 1.273 pies, valorado en 13.366 ptas.<\/em><\/p>\n\n\n\n<p><em>-Otro llamado del \u201cPozo\u201d, perteneciente a dicha caser\u00eda, compuesto de 1.350 plantas, valorado en 15.686 ptas.<\/em><\/p>\n\n\n\n<p><em>-Una casa principal o recreo, enclavada dentro de la parte r\u00fastica que se deja deslindada, contigua al molino y patio del mismo, componiendo toda la parte urbana una extensi\u00f3n superficial de 980 metros de la cual hay cubiertos 558 y los 340 restantes de patio con troges; la casa consta de dos pisos; en el bajo se encuentra portal de entrada, cocina, cuarto dormitorio, dos salas y una de ellas con la alcoba, reposter\u00eda, cuerpo de escalera, tres casillas de aceituneros, cuerpo de molino y cuadra con 30 pesebres; en el piso alto se encuentra recibidor, cocina francesa, un cuarto, tres alacenas, antesala y sala con dos alcobas; y considerando su buen estado, la clase de construcci\u00f3n y la de sus materiales, ha sido tasada en 15.010 ptas.<\/em><\/p>\n\n\n\n<p><em>-Separado del edificio pero contiguo a este, se encuentra un pozo de noria y un acueducto montado sobre arcos tabicados, de 130 metros de longitud, para conducir el agua a una alberca o recipiente construido de piedra labrada capaz de 7.000 arrobas destinadas al riego de un jard\u00edn que hay en la puerta de la caser\u00eda, con una extensi\u00f3n de 57 \u00e1reas y 7 centi\u00e1reas, equivalente a una fanega de tierra, sobre la cual hay 212 naranjos, 60 granados, 21 manzanos, 18 olivas peque\u00f1as y hasta 422 \u00e1rboles entre frutales y de sombra, valorado en la cantidad de 3.600 ptas.<\/em><\/p>\n\n\n\n<p><em>-Una maquinaria de aceite que hay en la expresada caser\u00eda de la hacienda de Cerrada, la cual constituyen una prensa hidr\u00e1ulica en perfecto estado, provista de movimiento, con su correaje respectivo, valorada en 5.500 ptas.<\/em><\/p>\n\n\n\n<p><em>-Una caldera para calentar el agua con su correspondiente hornillo y parrillas, valorada en 500 ptas.<\/em><\/p>\n\n\n\n<p><em>-Un rulo con su alfange, dep\u00f3sito para la masa y su movimiento, en 3.000 ptas.<\/em><\/p>\n\n\n\n<p><em>-Una mu\u00f1ecadora con su movimiento, en&nbsp; 550 ptas.<\/em><\/p>\n\n\n\n<p><em>-Dos bombas para elevar el agua y aceite, con sus tuber\u00edas, en 500 ptas.<\/em><\/p>\n\n\n\n<p><em>-Una fragua port\u00e1til con sus \u00fatiles, en 100 ptas.<\/em><\/p>\n\n\n\n<p><em>-Cinco dep\u00f3sitos de chapa de hierro capaces de contener 1.700 arrobas (27.200 litros), en 2.975 ptas, y otros varios \u00fatiles anejos al mismo artefacto, en 250 ptas.\u201d<\/em><\/p>\n\n\n\n<p>Se subastaban igualmente otras propiedades de Bernab\u00e9 Mu\u00f1oz Cobo en el t\u00e9rmino municipal de Arjona: una haza de tierra denominada \u201cLas Moreas\u201d, de 26 fanegas, y un olivar denominado \u201cAlbaida\u201d o \u201cCanillas\u201d, de 28 fanegas y 1.434 olivos (5).<\/p>\n\n\n\n<p>Todav\u00eda un cuarto embargo se ordenar\u00eda por el juez don Rafael Estrada Burgos, del distrito del Salvador de Granada a instancia de don Jos\u00e9 Gago. Esta vez afectar\u00eda a una finca de 550 olivos en \u201cCallej\u00f3n de Canillas\u201d de Arjona, a un molino aceitero con dos vigas y a una casa contigua al citado molino en la calle Pe\u00f1uelas de dicha localidad (6).<\/p>\n\n\n\n<p><strong><u>Etapa de Do\u00f1a Angelina Garc\u00eda Villar\u00edas:<\/u><\/strong><\/p>\n\n\n\n<p>En el Catastro de R\u00fastica de 1905 la finca aparec\u00eda ya registrada a nombre del propietario marmoleje\u00f1o, Vicente Orti Escolano, hijo del fil\u00f3sofo y profesor de la Universidad Central de Madrid, Juan Manuel Orti y Lara (7). El total de plantas de esta finca era de 4.467 a lo que hab\u00eda que a\u00f1adir una extensi\u00f3n dedicada a huerta junto a la ribera del Guadalquivir&nbsp; donde, por esos a\u00f1os, exist\u00eda otra casa para el hortelano. Previsiblemente esta huerta junto al r\u00edo fue incorporada a la finca en a\u00f1os posteriores a la propiedad de Bernab\u00e9 Mu\u00f1oz-Cobo.<\/p>\n\n\n\n<p>Vicente Orti Escolano, nacido en 1857, del matrimonio de Juan Manuel con Amalia Escolano Fenoy,&nbsp; cas\u00f3 en Madrid con Angela Garc\u00eda Villar\u00edas y tuvieron seis hijos: Marina, Florentino (ingeniero de minas), \u00c1ngela, Socorro (casada con Jos\u00e9&nbsp; Burlo Garc\u00eda del Prado), Juan Manuel (oficial de la Armada) y Vicente.&nbsp; El matrimonio vivi\u00f3 a caballo entre Madrid y Marmolejo, en donde dispon\u00eda de un importante patrimonio agr\u00edcola heredado de sus antecesores.&nbsp; Vocacionalmente hab\u00eda recibido&nbsp;del padre el amor por la filosof\u00eda y adem\u00e1s se dedic\u00f3 a la traducci\u00f3n de obras de tem\u00e1tica filos\u00f3fica pero, sobre todo, de textos de contenido religioso de autores franceses y alemanes. Su&nbsp; compromiso con la fe cat\u00f3lica, motor fundamental en su actividad intelectual, le llev\u00f3 a ser presidente de las Conferencias de San Francisco de As\u00eds en la sociedad de San Vicente Paul. Su fallecimiento en Madrid, a los cincuenta a\u00f1os de edad, el siete de octubre de 1907, tres a\u00f1os despu\u00e9s que su padre Juan Manuel, hace que&nbsp; Angela Garc\u00eda, \u201cDo\u00f1a Angelina\u201d (as\u00ed era conocida), tomara las riendas del patrimonio agr\u00edcola y&nbsp; viaje m\u00e1s a menudo desde la corte hasta Marmolejo, donde con los a\u00f1os fijar\u00eda residencia estable en la calle Perales, casa en la que dispon\u00eda de un antiguo molino de viga, con torre de prensado para la molturaci\u00f3n de sus aceitunas al que se acced\u00eda por el callej\u00f3n del Pino . Sus aceites obten\u00edan, en mayo de 1911, el sexto premio en el concurso regional de aceites de oliva convocado por la C\u00e1mara de Comercio e Industria de C\u00f3rdoba, consistente en un objeto de arte donado por los infantes don Carlos y do\u00f1a Luisa (8).<\/p>\n\n\n\n<p>Por estos a\u00f1os ya dispone de otra almazara m\u00e1s moderna en la calle de Los Molinos, denominada \u00abSanta Teresa\u00bb que posteriormente, en la postguerra, adquirir\u00eda el industrial marmoleje\u00f1o Alfonso S\u00e1nchez Sol\u00eds.<\/p>\n\n\n<div class=\"wp-block-image\">\n<figure class=\"alignleft size-full is-resized\"><img decoding=\"async\" width=\"584\" height=\"694\" src=\"https:\/\/lugardemarmolejo.es\/wp-content\/uploads\/2024\/12\/Santa-Isabel-Foto-2.jpg\" alt=\"\" class=\"wp-image-724\" style=\"width:429px;height:auto\" srcset=\"https:\/\/lugardemarmolejo.es\/wp-content\/uploads\/2024\/12\/Santa-Isabel-Foto-2.jpg 584w, https:\/\/lugardemarmolejo.es\/wp-content\/uploads\/2024\/12\/Santa-Isabel-Foto-2-252x300.jpg 252w\" sizes=\"(max-width: 584px) 100vw, 584px\" \/><figcaption class=\"wp-element-caption\"><strong>Juan Sol\u00eds Robles, administrador-encargado de Vicente Orti Escolano, junto a su esposa Ana Mar\u00eda Rodr\u00edguez Flores. Fuente: Familia Perales Sol\u00eds.<\/strong><\/figcaption><\/figure>\n<\/div>\n\n<div class=\"wp-block-image\">\n<figure class=\"alignleft size-large is-resized\"><img decoding=\"async\" width=\"760\" height=\"1024\" src=\"https:\/\/lugardemarmolejo.es\/wp-content\/uploads\/2024\/12\/Santa-Isabel-Foto-3-3-760x1024.jpg\" alt=\"\" class=\"wp-image-728\" style=\"width:382px;height:auto\" srcset=\"https:\/\/lugardemarmolejo.es\/wp-content\/uploads\/2024\/12\/Santa-Isabel-Foto-3-3-760x1024.jpg 760w, https:\/\/lugardemarmolejo.es\/wp-content\/uploads\/2024\/12\/Santa-Isabel-Foto-3-3-223x300.jpg 223w, https:\/\/lugardemarmolejo.es\/wp-content\/uploads\/2024\/12\/Santa-Isabel-Foto-3-3-768x1035.jpg 768w, https:\/\/lugardemarmolejo.es\/wp-content\/uploads\/2024\/12\/Santa-Isabel-Foto-3-3.jpg 878w\" sizes=\"(max-width: 760px) 100vw, 760px\" \/><figcaption class=\"wp-element-caption\"> <strong>Do\u00f1a Angelina Garc\u00eda Villar\u00edas, viuda de Vicente Orti Escolano, en una fotograf\u00eda realizada junto al pozo de Aguilera hacia 1921. Junto a ella est\u00e1n su hija Socorro Orti Garc\u00eda, su encargado Mateo Sol\u00eds Rodr\u00edguez y el capataz Francisco Barrag\u00e1n, \u201cFrasquito Miguel\u201d. Fuente: Familia Perales Sol\u00eds.<\/strong><\/figcaption><\/figure>\n<\/div>\n\n\n<p>\u201cDo\u00f1a Angelina\u201d hab\u00eda nacido en Medina de Rioseco, provincia de Valladolid. Era hija de Florentino Garc\u00eda y de Rufina Villar\u00edas Ruiz, matrimonio que pose\u00eda diversas propiedades en aquella localidad, parte de las cuales heredaba \u00c1ngela y sus hermanos al fallecimiento de su madre en la primavera de 1876 (9). La gesti\u00f3n de sus fincas en Marmolejo, entre ellas Santa Isabel,&nbsp;&nbsp; se las encomend\u00f3 a Juan Sol\u00eds Robles y, al fallecimiento de \u00e9ste en 1928, a su hijo Mateo Sol\u00eds, quien se mantuvo como administrador&nbsp; hasta&nbsp; la muerte de \u201cDo\u00f1a Angelina\u201d,&nbsp; en 1948 (10).<\/p>\n\n\n\n<p>&nbsp; Juan Sol\u00eds fue un peque\u00f1o hacendado que integr\u00f3 la lista de mayores contribuyentes locales con derecho a elecci\u00f3n de compromisarios para la elecci\u00f3n de senadores. Form\u00f3 parte de la Junta Pericial Municipal durante el mandato del alcalde conservador Jos\u00e9 Alcal\u00e1 Orti en 1914. La noticia de su fallecimiento era recogida en la prensa provincial con la siguiente necrol\u00f3gica:<em> \u201cEntreg\u00f3 su alma a Dios Don Juan Sol\u00eds Robles, padre del p\u00e1rroco de San Bartolom\u00e9 de esta capital, don Pedro Sol\u00eds Rodr\u00edguez. Caballero y cristiano, el se\u00f1or Sol\u00eds contaba con numerosas amistades, siendo su muerte sentid\u00edsima\u201d (11).<\/em><\/p>\n\n\n<div class=\"wp-block-image\">\n<figure class=\"alignleft size-full is-resized\"><img loading=\"lazy\" decoding=\"async\" width=\"223\" height=\"299\" src=\"https:\/\/lugardemarmolejo.es\/wp-content\/uploads\/2024\/12\/Santa-Isabel-Foto-4.jpg\" alt=\"\" class=\"wp-image-729\" style=\"width:405px;height:auto\"\/><figcaption class=\"wp-element-caption\"><strong>Mateo Sol\u00eds Rodr\u00edguez (1891-1964), administrador-encargado de las fincas de \u201cDo\u00f1a Angelina\u201d. Fuente: Familia Perales Sol\u00eds.<\/strong><\/figcaption><\/figure>\n<\/div>\n\n<div class=\"wp-block-image\">\n<figure class=\"alignleft size-large is-resized\"><img loading=\"lazy\" decoding=\"async\" width=\"768\" height=\"1024\" src=\"https:\/\/lugardemarmolejo.es\/wp-content\/uploads\/2024\/12\/Santa-Isabel-Foto-5-768x1024.jpg\" alt=\"\" class=\"wp-image-730\" style=\"width:408px;height:auto\" srcset=\"https:\/\/lugardemarmolejo.es\/wp-content\/uploads\/2024\/12\/Santa-Isabel-Foto-5-768x1024.jpg 768w, https:\/\/lugardemarmolejo.es\/wp-content\/uploads\/2024\/12\/Santa-Isabel-Foto-5-225x300.jpg 225w, https:\/\/lugardemarmolejo.es\/wp-content\/uploads\/2024\/12\/Santa-Isabel-Foto-5-1152x1536.jpg 1152w, https:\/\/lugardemarmolejo.es\/wp-content\/uploads\/2024\/12\/Santa-Isabel-Foto-5.jpg 1200w\" sizes=\"(max-width: 768px) 100vw, 768px\" \/><figcaption class=\"wp-element-caption\"><strong>Natividad Robles Perales (1890-1971), esposa de Mateo Sol\u00eds. Fuente: Natividad Perales Sol\u00eds.<\/strong><\/figcaption><\/figure>\n<\/div>\n\n<div class=\"wp-block-image\">\n<figure class=\"alignright size-large is-resized\"><img loading=\"lazy\" decoding=\"async\" width=\"1024\" height=\"768\" src=\"https:\/\/lugardemarmolejo.es\/wp-content\/uploads\/2024\/12\/Santa-Isabel-Foto-5-bis-1024x768.jpg\" alt=\"\" class=\"wp-image-731\" style=\"width:432px;height:auto\" srcset=\"https:\/\/lugardemarmolejo.es\/wp-content\/uploads\/2024\/12\/Santa-Isabel-Foto-5-bis-1024x768.jpg 1024w, https:\/\/lugardemarmolejo.es\/wp-content\/uploads\/2024\/12\/Santa-Isabel-Foto-5-bis-300x225.jpg 300w, https:\/\/lugardemarmolejo.es\/wp-content\/uploads\/2024\/12\/Santa-Isabel-Foto-5-bis-768x576.jpg 768w, https:\/\/lugardemarmolejo.es\/wp-content\/uploads\/2024\/12\/Santa-Isabel-Foto-5-bis-1536x1152.jpg 1536w, https:\/\/lugardemarmolejo.es\/wp-content\/uploads\/2024\/12\/Santa-Isabel-Foto-5-bis-rotated.jpg 1600w\" sizes=\"(max-width: 1024px) 100vw, 1024px\" \/><figcaption class=\"wp-element-caption\"><strong>Una parte de los hijos del matrimonio de Mateo Sol\u00eds y Natividad Robles. De derecha a izquierda: \u00c1ngela, Pilar, Ana, Pedro y Bartolom\u00e9. La foto est\u00e1 realizada hacia 1928. Fuente: Natividad Perales Sol\u00eds.<\/strong><\/figcaption><\/figure>\n<\/div>\n\n\n<p><\/p>\n\n\n\n<p>Su hijo&nbsp; Mateo, cuando se hace cargo de la administraci\u00f3n del capital agr\u00edcola&nbsp; de \u201cDo\u00f1a Angelina\u201d, pasa algunas temporadas en Santa Isabel con su familia, integrada por su mujer, Natividad Robles Perales y sus ocho hijos,&nbsp; cinco hembras y tres varones: Ana, Juan, \u00c1ngela, Pilar, Bartolom\u00e9, Pedro, Carmen y Rosario. Mateo ha de repartir su tarea de encargado-administrador entre Santa Isabel y el resto de propiedades. Tambi\u00e9n se dedica por cuenta propia a la corredur\u00eda de aceites con la casa \u201cMueloliva\u201d de Priego de C\u00f3rdoba. Parte de su trabajo consist\u00eda en planificar&nbsp; y supervisar las tareas que se han de realizar en el campo, principalmente en \u00e9pocas de recolecci\u00f3n de las aceitunas. Algunas veces tiene que hacer noche en las caser\u00edas de Santa Isabel, Las Labraillas o Aguilera, a donde se traslada en una yegua blanca (12). Su vida estuvo siempre vinculada a la casa de do\u00f1a Angelina desde los a\u00f1os de su adolescencia y juventud. Tanto es as\u00ed que, a\u00fan soltero, las noches que pernoctaba en Aguilera en tiempos de recolecci\u00f3n,&nbsp; se desplazaba, tras terminar las faenas de las cuadrillas, a la ca\u00edda de la tarde y sin apenas luz del d\u00eda, con su escopeta de caza, hasta la casilla de Bartolico Robles, en la Loma de las Candelas, para ver a su futura prometida, Natividad, hija de Bartolom\u00e9 Robles Serrano y de Cabeza Perales Fern\u00e1ndez. Contaba su hija \u00c1ngela Sol\u00eds c\u00f3mo en los primeros d\u00edas de noviazgo (a\u00f1os iniciales del siglo XX), cuando a\u00fan la familia de Natividad desconoc\u00eda la relaci\u00f3n de ambos j\u00f3venes, una noche,&nbsp; el padre, al asomarse&nbsp; a la ventana de la casilla, vio el bulto de un hombre con una escopeta al hombro. Pensando que pod\u00eda ser alg\u00fan integrante de las partidas de contrabandistas&nbsp; que frecuentaban los caminos de la cercana sierra, se lo coment\u00f3 preocupado a su mujer. Fue entonces cuando Natividad hubo de desvelar el secreto tan bien guardado (13).<\/p>\n\n\n\n<p>Con la llegada de la Guerra Civil, la finca de Santa Isabel es colectivizada por el Comit\u00e9 Ejecutivo del Frente Popular junto a la vecina de \u201cLos M\u00e1rtires\u201d, propiedad de Antonio P\u00e9rez de Herrasti, conde de Antill\u00f3n, pasando a estar gestionadas por las colectividades agr\u00edcolas, \u201cPablo Iglesias\u201d y \u201cDefensa de la Agricultura\u201d, afines al Partido Socialista y a la UGT. Al acto de incautaci\u00f3n de los M\u00e1rtires asistieron el presidente del Frente Popular, Pedro Li\u00e9bana G\u00f3mez y el secretario Jos\u00e9 Barrag\u00e1n Perales que se personaron en la caser\u00eda donde se encontraba el encargado Manuel Victor Morales Santos quien no opuso resistencia alguna, procedi\u00e9ndose a la elaboraci\u00f3n del inventario de los bienes materiales y de naturaleza animal (herramientas, maquinaria y ganados) que hab\u00eda en el cortijo (14).<\/p>\n\n\n\n<p>&nbsp; Mateo Sol\u00eds era hecho prisionero por las milicias republicanas el&nbsp; 23 de julio de 1936, y nos describe en su cuaderno de notas (15), que fue llevado al Ayuntamiento y poco despu\u00e9s a la Carnecer\u00eda. El d\u00eda tres fue&nbsp; trasladado a la prisi\u00f3n provincial de Ja\u00e9n, junto a veintid\u00f3s personas m\u00e1s del \u00e1mbito de la derecha marmoleje\u00f1a , y unos d\u00edas m\u00e1s tarde a la catedral, habilitada como c\u00e1rcel, hasta el final de la guerra. Meses despu\u00e9s, coincidiendo con la Nochebuena de 1936, se decretaba por las autoridades locales republicanas&nbsp; la evacuaci\u00f3n del pueblo para evitar da\u00f1os a la poblaci\u00f3n civil ante el inminente avance de las tropas de Queipo de Llano y la posibilidad de intensos combates entre las milicias que defend\u00edan Marmolejo y las tropas sublevadas. Muchas familias buscar\u00e1n refugio en caser\u00edas y huertas del t\u00e9rmino municipal; Natividad y sus hijos deciden marchar a Santa Isabel para alejarse del peligro, pero finalmente&nbsp; buscan el amparo de un viejo conocido de la familia, Francisco Barrag\u00e1n, \u201cFrasquito Miguel\u201d, que estaba de casero&nbsp; en el Cortijillo de los M\u00e1rtires y con el que manten\u00edan una relaci\u00f3n de leal amistad desde&nbsp; los a\u00f1os en que ejerci\u00f3 el puesto de capataz de \u201cDo\u00f1a Angelina\u201d.<\/p>\n\n\n\n<p>Finalizada la contienda, vemos como&nbsp; \u201cLos M\u00e1rtires\u201d&nbsp; y&nbsp; \u201cSanta Isabel\u201d, pasar\u00edan a estar gestionadas por el militar franquista Manuel D\u00edaz Criado,&nbsp; nombrado en 1940 comandante militar de And\u00fajar y su comarca.&nbsp; Eran cerca de 400 hect\u00e1reas de tierras f\u00e9rtiles donde apenas se recolectaban cosechas y en las que campan&nbsp; libremente,&nbsp; numerosas cabezas de ganado vacuno, porcino y caballar, incautado por el ej\u00e9rcito sublevado a propietarios de afinidad republicana para lo cual y,&nbsp; en aras de disponer de m\u00e1s extensos pastos, D\u00edaz Criado ordenaba arrancar a cada olivo&nbsp; una de sus patas y en algunos casos dos, quedando en ambas fincas amplias camadas que&nbsp; los&nbsp; futuros los propietarios, dedicaron a la siembra de cereales, leguminosas y algodones.<\/p>\n\n\n\n<p>Este periodo de administraci\u00f3n por parte de la autoridad militar debi\u00f3 de finalizar hacia 1945. \u201dLos M\u00e1rtires\u201d ser\u00e1n recuperados por el conde de Antill\u00f3n, Antonio P\u00e9rez de Herrasti y Orellana, tras formular varias solicitudes al r\u00e9gimen militar y, respecto a la propiedad de \u201cSanta Isabel\u201d,&nbsp; \u00e9sta aparec\u00eda en 1947 a nombre de Joaqu\u00edn Clar\u00e9s Gonz\u00e1lez, industrial hotelero que pose\u00eda en Marmolejo el hotel Suizo.&nbsp; Joaqu\u00edn hab\u00eda nacido en Aljezares (Murcia) (16), y en noviembre&nbsp; del cuarenta y siete promov\u00eda, por mediaci\u00f3n de su representante en Sevilla, Manuel Ruiz Granados, la solicitud de una concesi\u00f3n de riego ante Confederaci\u00f3n Hidrogr\u00e1fica del Guadalquivir, de 44 litros por segundo, para 43 hect\u00e1reas y 67 \u00e1reas de \u201cSanta Isabel\u201d (17<strong>). <\/strong>Ser\u00e1 en septiembre de 1952, cinco a\u00f1os despu\u00e9s, cuando su viuda Leocadia Alonso G\u00e1lvez obtenga de la Direcci\u00f3n General de Obras P\u00fablicas una concesi\u00f3n de 32,50 litros por segundo para riegos, en el periodo comprendido entre el 1 de julio y el 30 de septiembre (18).<\/p>\n\n\n\n<p><strong><u>Los a\u00f1os de Jer\u00f3nimo P\u00e9rez e hijos:<\/u><\/strong><\/p>\n\n\n\n<p>Ese mismo a\u00f1o de 1952 Leocadia Alonso se la vend\u00eda a Jer\u00f3nimo P\u00e9rez P\u00e9rez, un mediano arrendatario natural de Montoro casado con In\u00e9s Castro Moya&nbsp; que lo era de la pedan\u00eda de Morente.&nbsp; Esta mujer inteligente y activa,&nbsp; hija de medianos hacendados agr\u00edcolas, contrajo matrimonio con Jer\u00f3nimo,&nbsp; dedicado desde muy joven al trabajo en el campo y, por tanto, buen conocedor de las t\u00e9cnicas de labranza. Siempre bajo el impulso emprendedor de In\u00e9s, empiezan a arrendar fincas en Pedro Abad y m\u00e1s tarde en las cercan\u00edas de C\u00f3rdoba capital, donde marchan a vivir para estar cerca de una explotaci\u00f3n agr\u00edcola que han arrendado, al tiempo que adquieren una f\u00e9rtil huerta de 10 fanegas en Alcolea, donde cultivan hortalizas y explotan una ganader\u00eda de vacas de leche.<\/p>\n\n\n\n<p>Cuando el negocio empieza a irles bien y a obtener r\u00e9ditos suficientes, les viene la oportunidad de ampliar su patrimonio y acuerdan comprar la finca de Santa Isabel, m\u00e1s el \u201cHaza de la Dehesa Cerrada\u201d, junto al r\u00edo Guadalquivir, conocida tambi\u00e9n como \u201cEl Seminarista\u201d o \u201cHuerta de Santa Isabel\u201d.&nbsp; Tras esta adquisici\u00f3n comparten residencia entre C\u00f3rdoba y Marmolejo, en una casa alquilada en la calle del Hospital, lindera con el Ayuntamiento.&nbsp; In\u00e9s fallece en 1954(19) y Jer\u00f3nimo queda al frente de las fincas con los diez hijos a su cargo, cinco hembras y cinco varones: Luc\u00eda, Juana, Blas, Rafaela, Alfonso, Jos\u00e9,&nbsp; Ernestina, \u00c1ngela, Francisco y Jacinto, piloto fallecido en un accidente de aviaci\u00f3n en febrero de 1956 (20).<\/p>\n\n\n\n<p>Al principio va y viene desde C\u00f3rdoba aunque, en sus estancias en la villa del agua, hace vida social en el Casino y \u201cLa Pe\u00f1a\u201d, donde se da a conocer como una persona de talante sencillo y&nbsp; trato muy humano. Tambi\u00e9n con sus trabajadores se muestra cercano seg\u00fan el testimonio de quienes le conocieron.<\/p>\n\n\n<div class=\"wp-block-image\">\n<figure class=\"alignleft size-full is-resized\"><img loading=\"lazy\" decoding=\"async\" width=\"356\" height=\"633\" src=\"https:\/\/lugardemarmolejo.es\/wp-content\/uploads\/2024\/12\/Santa-Isabel-Foto-6.jpg\" alt=\"\" class=\"wp-image-735\" style=\"width:365px;height:auto\" srcset=\"https:\/\/lugardemarmolejo.es\/wp-content\/uploads\/2024\/12\/Santa-Isabel-Foto-6.jpg 356w, https:\/\/lugardemarmolejo.es\/wp-content\/uploads\/2024\/12\/Santa-Isabel-Foto-6-169x300.jpg 169w\" sizes=\"(max-width: 356px) 100vw, 356px\" \/><figcaption class=\"wp-element-caption\"><strong>Jer\u00f3nimo P\u00e9rez P\u00e9rez, propietario de Santa Isabel desde 1952. Fuente: Ricardo Garc\u00eda P\u00e9rez, nieto de Jer\u00f3nimo e hijo de su hija Rafaela.<\/strong><\/figcaption><\/figure>\n<\/div>\n\n<div class=\"wp-block-image\">\n<figure class=\"alignleft size-full is-resized\"><img loading=\"lazy\" decoding=\"async\" width=\"347\" height=\"502\" src=\"https:\/\/lugardemarmolejo.es\/wp-content\/uploads\/2024\/12\/Santa-Isabel-Foto-7.jpg\" alt=\"\" class=\"wp-image-736\" style=\"width:448px;height:auto\" srcset=\"https:\/\/lugardemarmolejo.es\/wp-content\/uploads\/2024\/12\/Santa-Isabel-Foto-7.jpg 347w, https:\/\/lugardemarmolejo.es\/wp-content\/uploads\/2024\/12\/Santa-Isabel-Foto-7-207x300.jpg 207w\" sizes=\"(max-width: 347px) 100vw, 347px\" \/><figcaption class=\"wp-element-caption\"><strong>In\u00e9s Castro Moya, esposa de Jer\u00f3nimo P\u00e9rez. Fuente: Ricardo Garc\u00eda P\u00e9rez.<\/strong><\/figcaption><\/figure>\n<\/div>\n\n\n<p><\/p>\n\n\n\n<p><\/p>\n\n\n\n<p><\/p>\n\n\n\n<p>Con el tiempo adquirir\u00e1 una vivienda en la calle Antonio Alcal\u00e1 para su hijo Pepe, quien se dedicar\u00e1 de manera m\u00e1s estable a la gesti\u00f3n de la finca, a veces compartida con su hermano Alfonso y, el m\u00e1s joven , Francisco, que tambi\u00e9n pasan temporadas en la caser\u00eda, sobre todo cuando Pepe ha de trasladarse a Alcolea para encargarse de la&nbsp; explotaci\u00f3n de la huerta. El resto de hermanos y hermanas residir\u00e1n en C\u00f3rdoba aunque con asiduas visitas por Santa Isabel, donde pasan algunas temporadas, acompa\u00f1ados de sus v\u00e1stagos a\u00fan peque\u00f1os, ya que la excelente casa tiene suficientes habitaciones para albergarlos y all\u00ed pueden disfrutar de la paz y alegr\u00eda de la f\u00e9rtil vega del Guadalquivir (21).<\/p>\n\n\n\n<p>&nbsp;Una de sus nietas, Mar\u00eda Dolores P\u00e9rez, rememora con a\u00f1oranza sus estancias veraniegas en&nbsp; la finca, pase\u00e1ndose en el caballo, ba\u00f1\u00e1ndose en el r\u00edo o en la alberca de la huerta ribere\u00f1a con el Guadalquivir:&nbsp; <em>\u201cEn la que exist\u00eda otra casa, distinta a la del cortijo principal, que constaba de una sal\u00f3n con chimenea y dos habitaciones a cada lado del portal. Por la parte de atr\u00e1s estaban las cochiqueras donde se criaban cerdos que se alimentaban con lo que daba el cortijo y despu\u00e9s los llevaban a la montanera para que comieran bellotas. Delante de esta casa hab\u00eda una parra que hac\u00eda de toldo y dos nogales y una higuera grand\u00edsimos\u201d<\/em>. Recuerda, tambi\u00e9n, a un perro de raza \u201cSan Bernardo\u201d, de grandes dimensiones, y a un caballo y una yegua de raza anglo\u00e1rabe, estupendamente domada, que doblaba las patas delanteras para que ella se pudiera montar.<\/p>\n\n\n\n<p>La huerta ten\u00eda una extensi\u00f3n aproximada de 9 fanegas, lindaba al norte con el r\u00edo, a poniente con el olivar de Los Solises&nbsp; y al levante con otra huerta que llamaban de \u201cZamarrica\u201d. <em>\u201cEn aquella casa viv\u00eda el hortelano con su mujer; ella era hija de un tal \u201cPajarito\u201d, pero cuando el marido enferm\u00f3 y falleci\u00f3, march\u00f3 a vivir con ella su padre.<\/em> <em>&nbsp;La huerta conectaba con el resto de la finca con una mangada de olivos de diez o m\u00e1s hiladas, por donde discurr\u00eda la tuber\u00eda de riego y en la que se construy\u00f3 una&nbsp; gran\u201dtorreta\u201d para elevar el agua a&nbsp; los diferentes \u201ccuartos\u201d de olivos del entorno de la casa principal . Junto al r\u00edo, exist\u00eda una barca, propiedad de la finca, que se usaba para pasar a los trabajadores para que no tuviesen que dar un&nbsp; largo rodeo por la Huerta del R\u00edo y el puente de Balneario. Con los a\u00f1os, algunos trabajadores y el propio Pepe P\u00e9rez, usar\u00edan tambi\u00e9n la barca de maroma propiedad de Los M\u00e1rtires para acceder hasta Santa Isabel en su moto \u201cVespa\u201d<\/em> (22).<\/p>\n\n\n\n<p>Respecto a la casa principal de la finca, en la fecha en que es comprada por Jer\u00f3nimo P\u00e9rez, ya no queda rastro alguno del viejo molino hidr\u00e1ulico de aceituna, ni de su bodega, convertidos ahora en cuadras y pajares, ni tampoco el jard\u00edn de \u00e1rboles frutales y de sombra que embellec\u00edan el frontal de la caser\u00eda; ni la acequia de m\u00e1s de 130 metros de ladrillo tabicado que llevaba el agua a la alberca para dar riego al bello jard\u00edn. S\u00f3lo exist\u00edan, ante su fachada principal, cinco bellas palmeras que le daban a Santa Isabel la imagen&nbsp; inconfundible y majestuosa que a\u00fan algunos recordamos. En el lugar del rom\u00e1ntico jard\u00edn se instala por esos a\u00f1os la era para sacar los cereales que se cultivan entre las camadas de olivos y en las tierras calmas existentes en la \u201cHaza del r\u00edo\u201d.<\/p>\n\n\n\n<p>Seg\u00fan el testimonio de Santiago Gal\u00e1n,\u201cEl Ma\u00f1o\u201d, hacia mediados de la d\u00e9cada de los cincuenta (\u00e9l ten\u00eda doce o trece a\u00f1os),&nbsp; Jer\u00f3nimo se lleva de casera a Santa Isabel a su madre Carmen Osuna Galiot, conocida como \u201cLa Serrana\u201d,&nbsp;&nbsp; para sustituir a los anteriores caseros. \u00c9stos hab\u00edan sido un matrimonio de La Carlota, en los primeros a\u00f1os de la adquisici\u00f3n por Jer\u00f3nimo, y un tiempo despu\u00e9s, Juana \u201cLa Obispa\u201d y&nbsp; su marido Pedro Medina \u201cEl de la Concha\u201d.<\/p>\n\n\n\n<p>Carmen habr\u00e1 de&nbsp; cuidar de la limpieza de la casa y de los animales de corral, a cambio de asegurarse la manutenci\u00f3n diaria. Esta mujer, oriunda tambi\u00e9n de La Carlota, hab\u00eda sido la hermana de Francisco Osuna \u201cVidrio\u201d, uno de los \u00faltimos guerrilleros que luch\u00f3 contra el r\u00e9gimen del general Franco, en el grupo de huidos liderados por el militante comunista&nbsp; andujare\u00f1o \u201cGafas\u201d en los a\u00f1os de postguerra, siendo asesinado junto a su compa\u00f1ero Vicente G\u00f3mez D\u00edaz,&nbsp; \u201cQuina\u201d, en una redada de la Guardia Civil realizada, en mayo de 1951, en los \u201cHorcajos de Arag\u00f3n\u201d de la finca de Valquemao (And\u00fajar), cerca del pico de las Buitreras, donde habitualmente ten\u00edan su refugio. Por este motivo,&nbsp; Carmen fue molestada&nbsp; reiteradamente por la Guardia Civil y municipales para que \u201ccantara\u201d el lugar donde se refugiaba su hermano. En esos a\u00f1os de control f\u00e9rreo de su vida, es sometida como castigo&nbsp; a trabajos agotadores de limpieza en las calles de la localidad estando ya embarazada. Tambi\u00e9n, su esposo,&nbsp; Pedro Gal\u00e1n Mendizabal, conocido con el seud\u00f3nimo de \u201cEl Ma\u00f1o\u201d,&nbsp; fue detenido y llevado a prisi\u00f3n durante unos d\u00edas por el simple hecho de ser cu\u00f1ado de \u201cVidrio\u201d. \u00c9l no era ma\u00f1o sino de Rinc\u00f3n de Soto (Logro\u00f1o), pero la cercan\u00eda con Arag\u00f3n de su pueblo natal y un acento muy similar, hizo que la gente de Marmolejo lo asociaran con aquella tierra. Vino a cumplir con el servicio militar a Cerro Muriano y cuando se licenci\u00f3 march\u00f3 a trabajar a \u201cLos M\u00e1rtires\u201d. Posteriormente, ya casado con Carmen, y siendo padre de una ni\u00f1a peque\u00f1a, a las minas de Los Rasos en el t\u00e9rmino de Montoro&nbsp; (23).<\/p>\n\n\n\n<p>A Santa Isabel, Carmen llegaba ya viuda de su esposo; con ella van sus dos hijas, Micaela y Josefa y&nbsp; el&nbsp; var\u00f3n de trece a\u00f1os, que se empe\u00f1a en el cuidado de las caballer\u00edas. A medida que va creciendo, el joven Santiago se implica en las labores de la finca y realiza todo tipo de tareas: desde cuidar al ganado hasta sembrar&nbsp; y recolectar los cereales; trillar en la era a\u00fan siendo un adolescente,&nbsp; el sulfatado de los olivos o el cuidado del cultivo del algod\u00f3n que Pepe P\u00e9rez Castro, hijo de Jer\u00f3nimo, sembraba en las tierras calmas de la ribera&nbsp; y algunos a\u00f1os entre las amplias camadas de olivos. A partir de septiembre tambi\u00e9n se dedica a regar a manta los olivos con el agua que viene desde el Guadalquivir, impulsada por un motor diesel. La caser\u00eda carece de luz el\u00e9ctrica y se han de alumbrar con candiles. Algunas noches de invierno, cuando la le\u00f1a falta, Santiago sale a buscarla a las choperas del r\u00edo para poder encender la amplia chimenea de la cocina junto a la que hacen vida los d\u00edas de invierno.<\/p>\n\n\n\n<p>Los caseros,&nbsp; ocupan los cuartos que dan al patio en&nbsp; la planta baja, mientras que las habitaciones del cuerpo delantero las ocupan los due\u00f1os. Tambi\u00e9n las hijas de Carmen ayudan a la madre en la limpieza de las estancias y en el cuidado de las numerosas aves de corral que pululan por los entornos de la caser\u00eda&nbsp; y,&nbsp; cuando llegue la recolecci\u00f3n, se integrar\u00e1n en las cuadrillas de aceituneros, aunque Josefa pronto se emplear\u00eda en el servicio dom\u00e9stico de las fondas que acogen a los ag\u00fcistas, en Marmolejo.<\/p>\n\n\n<div class=\"wp-block-image\">\n<figure class=\"alignleft size-large is-resized\"><img loading=\"lazy\" decoding=\"async\" width=\"650\" height=\"1024\" src=\"https:\/\/lugardemarmolejo.es\/wp-content\/uploads\/2024\/12\/Santa-Isabel-Foto-8-650x1024.jpg\" alt=\"\" class=\"wp-image-739\" style=\"width:381px;height:auto\" srcset=\"https:\/\/lugardemarmolejo.es\/wp-content\/uploads\/2024\/12\/Santa-Isabel-Foto-8-650x1024.jpg 650w, https:\/\/lugardemarmolejo.es\/wp-content\/uploads\/2024\/12\/Santa-Isabel-Foto-8-190x300.jpg 190w, https:\/\/lugardemarmolejo.es\/wp-content\/uploads\/2024\/12\/Santa-Isabel-Foto-8-768x1210.jpg 768w, https:\/\/lugardemarmolejo.es\/wp-content\/uploads\/2024\/12\/Santa-Isabel-Foto-8-975x1536.jpg 975w, https:\/\/lugardemarmolejo.es\/wp-content\/uploads\/2024\/12\/Santa-Isabel-Foto-8-1300x2048.jpg 1300w, https:\/\/lugardemarmolejo.es\/wp-content\/uploads\/2024\/12\/Santa-Isabel-Foto-8-scaled.jpg 1624w\" sizes=\"(max-width: 650px) 100vw, 650px\" \/><figcaption class=\"wp-element-caption\"><strong>Carmen Osuna Galiot, casera de Santa Isabel desde 1956. Fuente: Santiago Gal\u00e1n Osuna<\/strong>.<\/figcaption><\/figure>\n<\/div>\n\n<div class=\"wp-block-image\">\n<figure class=\"alignleft size-large is-resized\"><img loading=\"lazy\" decoding=\"async\" width=\"734\" height=\"1024\" src=\"https:\/\/lugardemarmolejo.es\/wp-content\/uploads\/2024\/12\/Santa-Isabel-Foto-9-734x1024.jpg\" alt=\"\" class=\"wp-image-741\" style=\"width:431px;height:auto\" srcset=\"https:\/\/lugardemarmolejo.es\/wp-content\/uploads\/2024\/12\/Santa-Isabel-Foto-9-734x1024.jpg 734w, https:\/\/lugardemarmolejo.es\/wp-content\/uploads\/2024\/12\/Santa-Isabel-Foto-9-215x300.jpg 215w, https:\/\/lugardemarmolejo.es\/wp-content\/uploads\/2024\/12\/Santa-Isabel-Foto-9-768x1071.jpg 768w, https:\/\/lugardemarmolejo.es\/wp-content\/uploads\/2024\/12\/Santa-Isabel-Foto-9-1101x1536.jpg 1101w, https:\/\/lugardemarmolejo.es\/wp-content\/uploads\/2024\/12\/Santa-Isabel-Foto-9-1468x2048.jpg 1468w, https:\/\/lugardemarmolejo.es\/wp-content\/uploads\/2024\/12\/Santa-Isabel-Foto-9-scaled.jpg 1835w\" sizes=\"(max-width: 734px) 100vw, 734px\" \/><figcaption class=\"wp-element-caption\"><strong>Santiago Gal\u00e1n&nbsp; Osuna, hijo de Carmen, trabaj\u00f3 en Santan Isabel desde los trece a\u00f1os hasta que cumpli\u00f3 los veintiocho. Fuente: Santiago Gal\u00e1n Osuna.<\/strong><\/figcaption><\/figure>\n<\/div>\n\n\n<p><\/p>\n\n\n\n<p>Su hermana Micaela va a sustituir&nbsp; a la madre en el oficio de casera, junto a su marido Antonio Lozano Reca \u201cMu\u00f1eco\u201d, cuando marche a vivir a Marmolejo,&nbsp; hacia 1964, a la casa que han construido con muchos esfuerzos en el barrio de Bel\u00e9n.&nbsp; El matrimonio cuenta con tres hijos peque\u00f1os: Alfonsa, Pedro y Carmen que acuden a una escuela particular, que de manera altruista, imparten los hermanos Juan y Manuel Lozano \u201cPotrica\u201d empleados en el cortijo de los \u201cM\u00e1rtires\u201d donde tambi\u00e9n trabaja de capataz Paquito \u201cChavico\u201d y otros jornaleros eventuales de Marmolejo.&nbsp; All\u00ed, los ni\u00f1os compartir\u00e1n tambi\u00e9n ense\u00f1anzas y juegos&nbsp; con los hijos&nbsp; de los caseros, Manuel \u201cAmparico\u201d y su mujer Salvadora (24).<\/p>\n\n\n\n<p>&nbsp;En lo que respecta a Josefa Lozano, seg\u00fan su hermana Alfonsa,&nbsp; march\u00f3 pronto de la caser\u00eda y cas\u00f3 con Alfonso Robles Ruiz, empleado de Obras P\u00fablicas en el arreglo de carreteras. Hab\u00eda heredado el oficio de su padre, Manuel Robles \u201cCascarria\u201d, pe\u00f3n caminero en la caseta de peones camineros de la Campana, donde se hab\u00eda criado Alfonso.<\/p>\n\n\n\n<p>Santiago \u201cEl Ma\u00f1o\u201d, recuerda como en la \u00e9poca de recolecci\u00f3n acud\u00edan muchas familias para recoger las aceitunas. Se desplazaban andando desde Marmolejo por el camino del vado de los Tejares, tomando luego direcci\u00f3n hacia el r\u00edo. Cuando llegaban&nbsp; a la altura de los olivos de Los Solises, lim\u00edtrofes con la huerta de Santa Isabel, lo cruzaban en la peque\u00f1a barca que \u00e9l mismo se encargaba de manejar.&nbsp;<\/p>\n\n\n\n<p>Entre las personas que formaban la cuadrilla, se encontraban Jos\u00e9 M\u00e1nguez con su mujer y su hija Mariana; Frasquito Lozano \u201cEl Chindo\u201d y su mujer Genara con su hija Manuela; Juana Vicaria, hija del \u201cDe los Peces\u201d; los hermanos&nbsp; Pepe, Manolo y Juan Alf\u00e9rez Alcal\u00e1, que viv\u00edan en una casilla junto al camino del Recoche. Ellos se dedicaban, fundamentalmente, al acarreo&nbsp; de las aceitunas con mulos hasta la Cooperativa, aunque tambi\u00e9n ayudaban en las tareas de vareo y envasado del fruto.<\/p>\n\n\n\n<p>&nbsp;Manuel Alf\u00e9rez Alcal\u00e1 con su hermano Pepe cargaban a cada mulo&nbsp; tres sacos&nbsp; y pasaban la barca de la calle Zapateros para no tener que dar un rodeo por la Huerta de R\u00edo. Pero si el Guadalquivir ven\u00eda crecido, el transporte lo efectuaban en un carro de la finca por el camino de La Marquesa. En ese mismo carro, Pepe,&nbsp; traspon\u00eda en la temporada de riegos hasta And\u00fajar para comprar el gasoil que abastec\u00eda al motor que hab\u00eda junto al r\u00edo. Durante el a\u00f1o los hermanos Alf\u00e9rez, echaban tambi\u00e9n largas temporadas de muleros labrando los olivos y los algodones de Santa Isabel si bien, Pepe, era requerido en ocasiones por el encargado para realizar trabajos en la huerta que pose\u00edan en Alcolea&nbsp; desde donde llevaba a C\u00f3rdoba las hortalizas y la leche que produc\u00edan las vacas adquiridas a\u00f1os atr\u00e1s por Jer\u00f3nimo e In\u00e9s.<\/p>\n\n\n\n<p>La mayor\u00eda de los aceituneros y aceituneras&nbsp; resid\u00edan en Marmolejo, pero algunos a\u00f1os vinieron una familia de&nbsp; Montalb\u00e1n formada por un matrimonio,&nbsp; Francisco Moreno y su mujer Isabel Segovia y sus cinco hijos: Josefa, la mayor, Jos\u00e9, Teresa, Antonio y Francisco.&nbsp; A Francisco Moreno le dec\u00edan \u201cEl barbero\u201d porque ejerc\u00eda esa profesi\u00f3n en su pueblo. Llevaba varias temporadas recolectando&nbsp; los algodones del cortijo de San Juli\u00e1n y de Los M\u00e1rtires con su toda su familia. Por mediaci\u00f3n del joven Manuel Alf\u00e9rez, quien conoci\u00f3 a Francisco tomando el vino en la casilla que ten\u00eda el barquero,&nbsp; acabaron acopl\u00e1ndose&nbsp; en la cuadrilla de Santa Isabel a donde volvieron los siguientes inviernos. El joven Manuel acab\u00f3 ennovi\u00e1ndose con Josefa, hija de Francisco, con la que cas\u00f3 a\u00f1os despu\u00e9s. Esta familia del \u201cBarbero\u201d y la de un hermano suyo, llamado Manuel,&nbsp;&nbsp; con su mujer y tres hijos,&nbsp; viv\u00edan en la caser\u00eda durante&nbsp; el tiempo que duraba la campa\u00f1a, as\u00ed como tambi\u00e9n otro matrimonio de Marmolejo, Juan Casas Robles y Amparo L\u00f3pez Castillejo \u201cLa Gitana\u201d, con un hijo peque\u00f1o, Diego, al que no ten\u00edan con quien dejarlo en el pueblo. Un hermano de Amparo, Manuel, era el casero y&nbsp; tractorista de la cercana caser\u00eda de Los M\u00e1rtires (25)<em>.<\/em><\/p>\n\n\n<div class=\"wp-block-image\">\n<figure class=\"alignleft size-large is-resized\"><img loading=\"lazy\" decoding=\"async\" width=\"1008\" height=\"1024\" src=\"https:\/\/lugardemarmolejo.es\/wp-content\/uploads\/2024\/12\/Santa-Isabel-Foto-10-1008x1024.jpg\" alt=\"\" class=\"wp-image-744\" style=\"width:513px;height:auto\" srcset=\"https:\/\/lugardemarmolejo.es\/wp-content\/uploads\/2024\/12\/Santa-Isabel-Foto-10-1008x1024.jpg 1008w, https:\/\/lugardemarmolejo.es\/wp-content\/uploads\/2024\/12\/Santa-Isabel-Foto-10-295x300.jpg 295w, https:\/\/lugardemarmolejo.es\/wp-content\/uploads\/2024\/12\/Santa-Isabel-Foto-10-768x780.jpg 768w, https:\/\/lugardemarmolejo.es\/wp-content\/uploads\/2024\/12\/Santa-Isabel-Foto-10.jpg 1091w\" sizes=\"(max-width: 1008px) 100vw, 1008px\" \/><figcaption class=\"wp-element-caption\"><strong>Fotograf\u00eda realizada en la fachada de Santa Isabel a fines de la d\u00e9cada de los cincuenta. A la derecha, con camisa blanca, Jos\u00e9 P\u00e9rez Castro, encargado de la explotaci\u00f3n agr\u00edcola; a su lado, con boina,&nbsp; Jos\u00e9 Alf\u00e9rez Alcal\u00e1, trabajador eventual de la finca; a su derecha, con sombrero negro, Alfonso P\u00e9rez Castro; el ni\u00f1o es Jer\u00f3nimo Garc\u00eda hijo de Juan Garc\u00eda, con la cubana blanca y una damajuana en sus manos. El resto de personas, obreros de Santa Isabel, no han podido ser identificados. Fuente: Ricardo Garc\u00eda P\u00e9rez.<\/strong><\/figcaption><\/figure>\n<\/div>\n\n<div class=\"wp-block-image\">\n<figure class=\"alignright size-large is-resized\"><img loading=\"lazy\" decoding=\"async\" width=\"1024\" height=\"786\" src=\"https:\/\/lugardemarmolejo.es\/wp-content\/uploads\/2024\/12\/Santa-Isabel-Foto-11-1024x786.jpg\" alt=\"\" class=\"wp-image-745\" style=\"width:480px;height:auto\" srcset=\"https:\/\/lugardemarmolejo.es\/wp-content\/uploads\/2024\/12\/Santa-Isabel-Foto-11-1024x786.jpg 1024w, https:\/\/lugardemarmolejo.es\/wp-content\/uploads\/2024\/12\/Santa-Isabel-Foto-11-300x230.jpg 300w, https:\/\/lugardemarmolejo.es\/wp-content\/uploads\/2024\/12\/Santa-Isabel-Foto-11-768x589.jpg 768w, https:\/\/lugardemarmolejo.es\/wp-content\/uploads\/2024\/12\/Santa-Isabel-Foto-11-1536x1179.jpg 1536w, https:\/\/lugardemarmolejo.es\/wp-content\/uploads\/2024\/12\/Santa-Isabel-Foto-11.jpg 1771w\" sizes=\"(max-width: 1024px) 100vw, 1024px\" \/><figcaption class=\"wp-element-caption\"><strong>En esta foto en el zagu\u00e1n de la caser\u00eda, de principios de los a\u00f1os setenta, est\u00e1n : Jos\u00e9 P\u00e9rez, sentado, a la izquierda; detr\u00e1s su hija In\u00e9s; en el centro Rafaela, (hermana de Jos\u00e9) y su hija Mari Cruz. Fuente: Ricardo Garc\u00eda P\u00e9rez.<\/strong><\/figcaption><\/figure>\n<\/div>\n\n\n<p>&nbsp;Santiago Gal\u00e1n deja de trabajar en Santa Isabel a la edad de 28 a\u00f1os. Ya ha aprendido el manejo del tractor pues se ha dedicado a labrar las tierras y a realizar&nbsp; las diferentes tareas que requieren los&nbsp; m\u00e1s de 4.500 olivos y tierras calmas que hay en ella. En los inviernos transporta las aceitunas hasta el pueblo y, en alguna ocasi\u00f3n, hasta la almazara de \u201clos Morones\u201d de Arjonilla. Su pericia con el viejo tractor \u201cEbro\u201d de la finca, le valdr\u00e1&nbsp; para trabajar de tractorista en los siguientes a\u00f1os de su vida con otros propietarios de la localidad.<\/p>\n\n\n\n<p>A\u00f1os despu\u00e9s, Manuel Alf\u00e9rez, recuerda viviendo en Santa Isabel a un matrimonio joven: Narciso y su mujer. <em>\u201cLa muchacha era hija de un tal Escol\u00e1stico que viv\u00eda en la casilla de Torta. Cuando se casaron, los j\u00f3venes marcharon a vivir a una de las casillas de jornaleros que exist\u00edan frente al caser\u00f3n de La Marquesa y desde all\u00ed pasaron a la caser\u00eda de Santa Isabel<\/em>. Esto debi\u00f3 de ocurrir hacia a 1968 pues Micaela y su esposo Antonio marcharon a trabajar definitivamente a Catalu\u00f1a, como tantas y tantas familias marmoleje\u00f1as y andaluzas hubieron de hacerlo en aquellos a\u00f1os de dictadura, buscando un mejor futuro para sus vidas. Narciso y su esposa debieron de ser, seg\u00fan Manuel, los \u00faltimos caseros de Santa Isabel.<\/p>\n\n\n\n<p>Hasta finales de los ochenta,&nbsp; Jos\u00e9 P\u00e9rez Castro,&nbsp; (\u201cPepe el de Santa Isabel\u201d, como era conocido en Marmolejo), continu\u00f3 al frente de la gesti\u00f3n de la finca. Hab\u00eda nacido en Morente en 1924 y conoci\u00f3 a su mujer, Rosario Jim\u00e9nez Ruiz, cuando sus padres marcharon a vivir a la huerta que compraron en Alcolea, lindera con otra, propiedad de la familia de Rosario.&nbsp; Posteriormente el matrimonio se vino a Marmolejo a la calle Antonio Alcal\u00e1 Venceslada, donde criaron a sus hijos In\u00e9s y Enrique (26).<\/p>\n\n\n\n<p>&nbsp; Fue a partir del fallecimiento de su padre en 1976, cuando algunos de los hermanos y hermanas empiezan a vender sus partes (27). Este proceso de venta dur\u00f3 hasta la d\u00e9cada de los noventa en que se enajenaron la \u00faltimas parcelas, principalmente a agricultores de Marmolejo. Tan s\u00f3lo una de las hermanas, Juana, decidi\u00f3 conservar la suya. A su muerte, su hija Mar\u00eda&nbsp; Dolores,&nbsp; fiel a tantos recuerdos plagados de felices momentos vividos en \u201cSanta Isabel\u201d, a\u00fan mantiene la propiedad de sus olivos. A ella, como a sus primos Ricardo Garc\u00eda P\u00e9rez,&nbsp; y Enrique P\u00e9rez Jim\u00e9nez, criado en Marmolejo y ejerciendo, en la actualidad, su vocaci\u00f3n de astrof\u00edsico en el Consejo Superior de Investigaciones Cient\u00edficas, quedo enormemente agradecido por la colaboraci\u00f3n prestada.<\/p>\n\n\n\n<p>Hoy, la bella caser\u00eda de Santa Isabel, testigo de diferentes etapas de nuestra historia, no es ni sombra de lo que fue; se encuentra en la m\u00e1s absoluta ruina y ha sufrido el expolio de la rejer\u00eda que cerraba sus balcones y ventanas; el tejado est\u00e1 hundido y el resto de sus dependencias&nbsp; totalmente&nbsp; irreconocibles. Espero que, al menos, estos estudios despierten las conciencias de nuestras futuras generaciones para que sepan valorar y conservar,&nbsp; el rico patrimonio arquitect\u00f3nico, cultural y etnol\u00f3gico heredado de nuestros antepasados.<\/p>\n\n\n<div class=\"wp-block-image\">\n<figure class=\"aligncenter size-large\"><img loading=\"lazy\" decoding=\"async\" width=\"1024\" height=\"749\" src=\"https:\/\/lugardemarmolejo.es\/wp-content\/uploads\/2024\/12\/Santa-Isabel-Foto-12-1024x749.jpg\" alt=\"\" class=\"wp-image-746\" srcset=\"https:\/\/lugardemarmolejo.es\/wp-content\/uploads\/2024\/12\/Santa-Isabel-Foto-12-1024x749.jpg 1024w, https:\/\/lugardemarmolejo.es\/wp-content\/uploads\/2024\/12\/Santa-Isabel-Foto-12-300x220.jpg 300w, https:\/\/lugardemarmolejo.es\/wp-content\/uploads\/2024\/12\/Santa-Isabel-Foto-12-768x562.jpg 768w, https:\/\/lugardemarmolejo.es\/wp-content\/uploads\/2024\/12\/Santa-Isabel-Foto-12-1536x1124.jpg 1536w, https:\/\/lugardemarmolejo.es\/wp-content\/uploads\/2024\/12\/Santa-Isabel-Foto-12.jpg 1600w\" sizes=\"(max-width: 1024px) 100vw, 1024px\" \/><figcaption class=\"wp-element-caption\"><strong>Foto 12: Estado actual de la caser\u00eda de Santa Isabel. Foto de Enrique P\u00e9rez Jim\u00e9nez.<\/strong><\/figcaption><\/figure>\n<\/div>\n\n\n<p>&nbsp;&nbsp;<strong>&nbsp;<\/strong><\/p>\n\n\n\n<p><strong><u>ANEXO DE FOTOGRAF\u00cdAS:<\/u><\/strong> <\/p>\n\n\n\n<p>(pinche en la imagen para ampliar)<\/p>\n\n\n\n<style id=\"bwg-style-0\">      #bwg_container1_0 #bwg_container2_0 .bwg_masonry_thumb_0 {        text-align: center;        display: inline-block;        vertical-align: middle;      \t          width: 100% !important;;      \t        margin: 0;        opacity: 1.00;      }\t\t\t\t\t\t      #bwg_container1_0 #bwg_container2_0 .bwg-container-0.bwg-masonry-thumbnails .bwg-item,      #bwg_container1_0 #bwg_container2_0 .bwg-container-temp0.bwg-masonry-thumbnails .bwg-item {        padding: calc(4px \/ 2);\t\t\t\t      }      #bwg_container1_0 #bwg_container2_0 .bwg-container-0.bwg-masonry-thumbnails .bwg-item0 {      \t        background-color:rgba(0,0,0, 0.30);        border: 0px none #CCCCCC;\t\t\t\topacity: 1.00;        border-radius: 0;      }      #bwg_container1_0 #bwg_container2_0 .bwg-container-0.bwg-masonry-thumbnails .bwg-item1 img {        max-height: none;\t\t\t\t        \tmax-width: calc(250px + (4px + 0px));\t\t\t\t      }\t\t\t\t\t\t\t@media only screen and (min-width: 480px) {\t\t\t\t\t#bwg_container1_0 #bwg_container2_0 .bwg-container-0.bwg-masonry-thumbnails .bwg-item1 img {\t\t\t\t\t\t-webkit-transition: -webkit-transform .3s; transition: transform .3s;\t\t\t\t\t}\t\t\t\t\t#bwg_container1_0 #bwg_container2_0 .bwg-container-0.bwg-masonry-thumbnails .bwg-item1 img:hover {\t\t\t\t\t\t-ms-transform: scale(1.08);\t\t\t\t\t\t-webkit-transform: scale(1.08);\t\t\t\t\t\ttransform: scale(1.08);\t\t\t\t\t}\t\t\t\t\t\t\t\t\t}\t\t\t\t\t\t\t\t\t#bwg_container1_0 #bwg_container2_0 .bwg-container-0.bwg-masonry-thumbnails .bwg-title2,\t\t\t#bwg_container1_0 #bwg_container2_0 .bwg-container-temp0.bwg-masonry-thumbnails .bwg-title2,\t\t\t#bwg_container1_0 #bwg_container2_0 .bwg-container-0.bwg-masonry-thumbnails .bwg-play-icon2,\t\t\t#bwg_container1_0 #bwg_container2_0 .bwg-container-0.bwg-masonry-thumbnails .bwg-ecommerce2 {\t\t\t\tmax-height: 100%;\t\t\t\tpadding: 2px;\t\t\t\tfont-family: Ubuntu;\t\t\t\tfont-weight: bold;\t\t\t\tfont-size: 16px;\t\t\t\tcolor: #323A45;\t\t\t}\t\t\t#bwg_container1_0 #bwg_container2_0 .bwg-container-0.bwg-masonry-thumbnails .bwg-ecommerce2 {\t\t\t\tcolor: #323A45;\t\t\t}\t  \t#bwg_container1_0 #bwg_container2_0 .bwg_masonry_thumbnails_0 {\t\t\t\tposition: relative;\t\t\t\tbackground-color: rgba(255, 255, 255, 0.00);\t\t\t\tfont-size: 0;\t\t\t\t\t\t\t\t\twidth: 1254px;\t\t\t\t\tmax-width: 100%;\t\t\t\t\t\t\t\t\tmax-width: 100%;\t\t\t\t\t\t\t\t\t\t\t\t\tmargin: 0 auto;\t\t\t\t\t\t\t}\t\t\t\t\t\t\t@media only screen and (max-width: 1290px) {\t\t\t\t\t#bwg_container1_0 #bwg_container2_0 .bwg_masonry_thumbnails_0 {\t\t\t\t\t\twidth: inherit;\t\t\t\t\t}\t\t\t\t}\t\t\t\t\t\t#bwg_container1_0 #bwg_container2_0 .bwg_masonry_thumb_description_0 {        color: #323A45;        line-height: 1.4;        font-size: 16px;        font-family: Ubuntu;        text-align: justify;      }      #bwg_container1_0.bwg_thumbnails_masonry .wd_error p {        color: #323A45;      }      #bwg_container1_0 #bwg_container2_0 .bwg_gal_title_0 {        background-color: rgba(0, 0, 0, 0);        color: #323A45;        display: block;        font-family: Ubuntu;        font-size: 16px;        font-weight: bold;        padding: 2px;        text-shadow: ;        text-align: center;      }      <\/style>    <div id=\"bwg_container1_0\"         class=\"bwg_container bwg_thumbnail bwg_thumbnails_masonry \"         data-right-click-protection=\"0\"         data-bwg=\"0\"         data-scroll=\"0\"         data-gallery-type=\"thumbnails_masonry\"         data-gallery-view-type=\"thumbnails_masonry\"         data-current-url=\"\/index.php?rest_route=%2Fwp%2Fv2%2Fpages%2F722\"         data-lightbox-url=\"https:\/\/lugardemarmolejo.es\/wp-admin\/admin-ajax.php?action=GalleryBox&#038;current_view=0&#038;gallery_id=10&#038;tag=0&#038;theme_id=1&#038;shortcode_id=22&#038;sort_by=order&#038;order_by=asc&#038;current_url=%2Findex.php%3Frest_route%3D%252Fwp%252Fv2%252Fpages%252F722\"         data-gallery-id=\"10\"         data-popup-width=\"800\"         data-popup-height=\"500\"         data-is-album=\"gallery\"         data-buttons-position=\"bottom\">      <div id=\"bwg_container2_0\">             <div id=\"ajax_loading_0\" class=\"bwg_loading_div_1\">      <div class=\"bwg_loading_div_2\">        <div class=\"bwg_loading_div_3\">          <div id=\"loading_div_0\" class=\"bwg_spider_ajax_loading\">          <\/div>        <\/div>      <\/div>    <\/div>            <form id=\"gal_front_form_0\"              class=\"bwg-hidden\"              method=\"post\"              action=\"#\"              data-current=\"0\"              data-shortcode-id=\"22\"              data-gallery-type=\"thumbnails_masonry\"              data-gallery-id=\"10\"              data-tag=\"0\"              data-album-id=\"0\"              data-theme-id=\"1\"              data-ajax-url=\"https:\/\/lugardemarmolejo.es\/wp-admin\/admin-ajax.php?action=bwg_frontend_data\">          <div id=\"bwg_container3_0\" class=\"bwg-background bwg-background-0\">                <div id=\"bwg_thumbnails_masonry_0\"         data-bwg=\"0\"         data-masonry-type=\"vertical\"         data-resizable-thumbnails=\"1\"         data-max-count=\"5\"         data-thumbnail-width=\"250\"         data-thumbnail-height=\"250\"         data-thumbnail-padding=\"4\"         data-thumbnail-border=\"0\"         data-gallery-id=\"10\"         data-lightbox-url=\"https:\/\/lugardemarmolejo.es\/wp-admin\/admin-ajax.php?action=GalleryBox&#038;current_view=0&#038;gallery_id=10&#038;tag=0&#038;theme_id=1&#038;shortcode_id=22&#038;sort_by=order&#038;order_by=asc&#038;current_url=%2Findex.php%3Frest_route%3D%252Fwp%252Fv2%252Fpages%252F722\"         class=\"bwg-container-0 bwg_masonry_thumbnails_0 bwg-masonry-thumbnails bwg-masonry-vertical bwg-container bwg-border-box\">              <div class=\"bwg-item\">          <a class=\"bwg-a  bwg_lightbox\"  data-image-id=\"177\" href=\"https:\/\/lugardemarmolejo.es\/wp-content\/uploads\/photo-gallery\/IMG-20250107-WA0007.jpg?bwg=1736279888\" data-elementor-open-lightbox=\"no\">            <div class=\"bwg-item0\">              <div class=\"bwg-item1 \">      \t\t\t\t\t<img decoding=\"async\" class=\"skip-lazy bwg-masonry-thumb bwg_masonry_thumb_0 \"                       data-id=\"177\"                       data-src=\"https:\/\/lugardemarmolejo.es\/wp-content\/uploads\/photo-gallery\/thumb\/IMG-20250107-WA0007.jpg?bwg=1736279888\"                       data-width=\"380.00\"                       data-height=\"500.00\"\t\t\t\t\t\t\t\t\t\t   src=\"https:\/\/lugardemarmolejo.es\/wp-content\/uploads\/photo-gallery\/thumb\/IMG-20250107-WA0007.jpg?bwg=1736279888\"\t\t\t\t\t\t\t\t\t\t   alt=\"Lucia P\u00e9rez Castro. Fuente: Mar\u00eda Dolores P\u00e9rez.\"\t\t\t\t\t\t\t\t\t\t   title=\"Lucia P\u00e9rez Castro. Fuente: Mar\u00eda Dolores P\u00e9rez.\" \/>                <div class=\"\">                  \t\t\t\t                                            <\/div>              <\/div>            <\/div>            <div class=\"bwg-title1\"><div class=\"bwg-title2\">Lucia P\u00e9rez Castro. Fuente: Mar\u00eda Dolores P\u00e9rez.<\/div><\/div>          <\/a>                  <\/div>              <div class=\"bwg-item\">          <a class=\"bwg-a  bwg_lightbox\"  data-image-id=\"176\" href=\"https:\/\/lugardemarmolejo.es\/wp-content\/uploads\/photo-gallery\/IMG-20250107-WA0008.jpg?bwg=1736279850\" data-elementor-open-lightbox=\"no\">            <div class=\"bwg-item0\">              <div class=\"bwg-item1 \">      \t\t\t\t\t<img decoding=\"async\" class=\"skip-lazy bwg-masonry-thumb bwg_masonry_thumb_0 \"                       data-id=\"176\"                       data-src=\"https:\/\/lugardemarmolejo.es\/wp-content\/uploads\/photo-gallery\/thumb\/IMG-20250107-WA0008.jpg?bwg=1736279850\"                       data-width=\"388.00\"                       data-height=\"500.00\"\t\t\t\t\t\t\t\t\t\t   src=\"https:\/\/lugardemarmolejo.es\/wp-content\/uploads\/photo-gallery\/thumb\/IMG-20250107-WA0008.jpg?bwg=1736279850\"\t\t\t\t\t\t\t\t\t\t   alt=\"A la derecha, Francisco P\u00e9rez Castro; en el centro, Mar\u00eda Dolores P\u00e9rez P\u00e9rez, nieta de Jer\u00f3nimo P\u00e9rez, due\u00f1o de Santa Isabel; a su derecha, un amigo de Francisco. Fuente: Mar\u00eda Dolores P\u00e9rez.\"\t\t\t\t\t\t\t\t\t\t   title=\"A la derecha, Francisco P\u00e9rez Castro; en el centro, Mar\u00eda Dolores P\u00e9rez P\u00e9rez, nieta de Jer\u00f3nimo P\u00e9rez, due\u00f1o de Santa Isabel; a su derecha, un amigo de Francisco. Fuente: Mar\u00eda Dolores P\u00e9rez.\" \/>                <div class=\"\">                  \t\t\t\t                                            <\/div>              <\/div>            <\/div>            <div class=\"bwg-title1\"><div class=\"bwg-title2\">A la derecha, Francisco P\u00e9rez Castro; en el centro, Mar\u00eda Dolores P\u00e9rez P\u00e9rez, nieta de Jer\u00f3nimo P\u00e9rez, due\u00f1o de Santa Isabel; a su derecha, un amigo de Francisco. Fuente: Mar\u00eda Dolores P\u00e9rez.<\/div><\/div>          <\/a>                  <\/div>              <div class=\"bwg-item\">          <a class=\"bwg-a  bwg_lightbox\"  data-image-id=\"175\" href=\"https:\/\/lugardemarmolejo.es\/wp-content\/uploads\/photo-gallery\/IMG-20250106-WA0004.jpg?bwg=1736279835\" data-elementor-open-lightbox=\"no\">            <div class=\"bwg-item0\">              <div class=\"bwg-item1 \">      \t\t\t\t\t<img decoding=\"async\" class=\"skip-lazy bwg-masonry-thumb bwg_masonry_thumb_0 \"                       data-id=\"175\"                       data-src=\"https:\/\/lugardemarmolejo.es\/wp-content\/uploads\/photo-gallery\/thumb\/IMG-20250106-WA0004.jpg?bwg=1736279835\"                       data-width=\"361.00\"                       data-height=\"500.00\"\t\t\t\t\t\t\t\t\t\t   src=\"https:\/\/lugardemarmolejo.es\/wp-content\/uploads\/photo-gallery\/thumb\/IMG-20250106-WA0004.jpg?bwg=1736279835\"\t\t\t\t\t\t\t\t\t\t   alt=\"Juana P\u00e9rez Castro, hija de Jer\u00f3nimo P\u00e9rez. Fuente: Mar\u00eda Dolores P\u00e9rez\"\t\t\t\t\t\t\t\t\t\t   title=\"Juana P\u00e9rez Castro, hija de Jer\u00f3nimo P\u00e9rez. Fuente: Mar\u00eda Dolores P\u00e9rez\" \/>                <div class=\"\">                  \t\t\t\t                                            <\/div>              <\/div>            <\/div>            <div class=\"bwg-title1\"><div class=\"bwg-title2\">Juana P\u00e9rez Castro, hija de Jer\u00f3nimo P\u00e9rez. Fuente: Mar\u00eda Dolores P\u00e9rez<\/div><\/div>          <\/a>                  <\/div>              <div class=\"bwg-item\">          <a class=\"bwg-a  bwg_lightbox\"  data-image-id=\"158\" href=\"https:\/\/lugardemarmolejo.es\/wp-content\/uploads\/photo-gallery\/Santa-Isabel-Foto-13.jpg?bwg=1735208560\" data-elementor-open-lightbox=\"no\">            <div class=\"bwg-item0\">              <div class=\"bwg-item1 \">      \t\t\t\t\t<img decoding=\"async\" class=\"skip-lazy bwg-masonry-thumb bwg_masonry_thumb_0 \"                       data-id=\"158\"                       data-src=\"https:\/\/lugardemarmolejo.es\/wp-content\/uploads\/photo-gallery\/thumb\/Santa-Isabel-Foto-13.jpg?bwg=1735208560\"                       data-width=\"320.00\"                       data-height=\"500.00\"\t\t\t\t\t\t\t\t\t\t   src=\"https:\/\/lugardemarmolejo.es\/wp-content\/uploads\/photo-gallery\/thumb\/Santa-Isabel-Foto-13.jpg?bwg=1735208560\"\t\t\t\t\t\t\t\t\t\t   alt=\"Foto realizada en la puerta de Santa Isabel en el verano de 1959. En ella aparecen: a la derecha, Rafaela P\u00e9rez Castro con su hijo Jer\u00f3nimo; a su derecha la casera de la finca y delante, Ricardo y Mari Cruz, hijos de Rafaela. Fuente: Ricardo Garc\u00eda P\u00e9rez.\"\t\t\t\t\t\t\t\t\t\t   title=\"Foto realizada en la puerta de Santa Isabel en el verano de 1959. En ella aparecen: a la derecha, Rafaela P\u00e9rez Castro con su hijo Jer\u00f3nimo; a su derecha la casera de la finca y delante, Ricardo y Mari Cruz, hijos de Rafaela. Fuente: Ricardo Garc\u00eda P\u00e9rez.\" \/>                <div class=\"\">                  \t\t\t\t                                            <\/div>              <\/div>            <\/div>            <div class=\"bwg-title1\"><div class=\"bwg-title2\">Foto realizada en la puerta de Santa Isabel en el verano de 1959. En ella aparecen: a la derecha, Rafaela P\u00e9rez Castro con su hijo Jer\u00f3nimo; a su derecha la casera de la finca y delante, Ricardo y Mari Cruz, hijos de Rafaela. Fuente: Ricardo Garc\u00eda P\u00e9rez.<\/div><\/div>          <\/a>                  <\/div>              <div class=\"bwg-item\">          <a class=\"bwg-a  bwg_lightbox\"  data-image-id=\"163\" href=\"https:\/\/lugardemarmolejo.es\/wp-content\/uploads\/photo-gallery\/Santa-Isabel-Foto-14.jpg?bwg=1735208560\" data-elementor-open-lightbox=\"no\">            <div class=\"bwg-item0\">              <div class=\"bwg-item1 \">      \t\t\t\t\t<img decoding=\"async\" class=\"skip-lazy bwg-masonry-thumb bwg_masonry_thumb_0 \"                       data-id=\"163\"                       data-src=\"https:\/\/lugardemarmolejo.es\/wp-content\/uploads\/photo-gallery\/thumb\/Santa-Isabel-Foto-14.jpg?bwg=1735208560\"                       data-width=\"395.00\"                       data-height=\"500.00\"\t\t\t\t\t\t\t\t\t\t   src=\"https:\/\/lugardemarmolejo.es\/wp-content\/uploads\/photo-gallery\/thumb\/Santa-Isabel-Foto-14.jpg?bwg=1735208560\"\t\t\t\t\t\t\t\t\t\t   alt=\"Pedro Gal\u00e1n Mendizabal \u201cEl Ma\u00f1o\u201d, esposo de Carmen Osuna Galiot. Fuente: Santiago Gal\u00e1n Osuna.\"\t\t\t\t\t\t\t\t\t\t   title=\"Pedro Gal\u00e1n Mendizabal \u201cEl Ma\u00f1o\u201d, esposo de Carmen Osuna Galiot. Fuente: Santiago Gal\u00e1n Osuna.\" \/>                <div class=\"\">                  \t\t\t\t                                            <\/div>              <\/div>            <\/div>            <div class=\"bwg-title1\"><div class=\"bwg-title2\">Pedro Gal\u00e1n Mendizabal \u201cEl Ma\u00f1o\u201d, esposo de Carmen Osuna Galiot. Fuente: Santiago Gal\u00e1n Osuna.<\/div><\/div>          <\/a>                  <\/div>              <div class=\"bwg-item\">          <a class=\"bwg-a  bwg_lightbox\"  data-image-id=\"165\" href=\"https:\/\/lugardemarmolejo.es\/wp-content\/uploads\/photo-gallery\/Santa-Isabel-Foto-15.jpg?bwg=1735208560\" data-elementor-open-lightbox=\"no\">            <div class=\"bwg-item0\">              <div class=\"bwg-item1 \">      \t\t\t\t\t<img decoding=\"async\" class=\"skip-lazy bwg-masonry-thumb bwg_masonry_thumb_0 \"                       data-id=\"165\"                       data-src=\"https:\/\/lugardemarmolejo.es\/wp-content\/uploads\/photo-gallery\/thumb\/Santa-Isabel-Foto-15.jpg?bwg=1735208560\"                       data-width=\"375.00\"                       data-height=\"500.00\"\t\t\t\t\t\t\t\t\t\t   src=\"https:\/\/lugardemarmolejo.es\/wp-content\/uploads\/photo-gallery\/thumb\/Santa-Isabel-Foto-15.jpg?bwg=1735208560\"\t\t\t\t\t\t\t\t\t\t   alt=\"Francisco Moreno \u201cEl barbero\u201d y su esposa Isabel Segovia integraron las cuadrillas de aceituneros de Santa Isabel. Fuente: Manuel Alf\u00e9rez Alcal\u00e1.\"\t\t\t\t\t\t\t\t\t\t   title=\"Francisco Moreno \u201cEl barbero\u201d y su esposa Isabel Segovia integraron las cuadrillas de aceituneros de Santa Isabel. Fuente: Manuel Alf\u00e9rez Alcal\u00e1.\" \/>                <div class=\"\">                  \t\t\t\t                                            <\/div>              <\/div>            <\/div>            <div class=\"bwg-title1\"><div class=\"bwg-title2\">Francisco Moreno \u201cEl barbero\u201d y su esposa Isabel Segovia integraron las cuadrillas de aceituneros de Santa Isabel. Fuente: Manuel Alf\u00e9rez Alcal\u00e1.<\/div><\/div>          <\/a>                  <\/div>              <div class=\"bwg-item\">          <a class=\"bwg-a  bwg_lightbox\"  data-image-id=\"157\" href=\"https:\/\/lugardemarmolejo.es\/wp-content\/uploads\/photo-gallery\/Santa-Isabel-Foto-16.webp?bwg=1735208560\" data-elementor-open-lightbox=\"no\">            <div class=\"bwg-item0\">              <div class=\"bwg-item1 \">      \t\t\t\t\t<img decoding=\"async\" class=\"skip-lazy bwg-masonry-thumb bwg_masonry_thumb_0 \"                       data-id=\"157\"                       data-src=\"https:\/\/lugardemarmolejo.es\/wp-content\/uploads\/photo-gallery\/thumb\/Santa-Isabel-Foto-16.webp?bwg=1735208560\"                       data-width=\"500.00\"                       data-height=\"500.00\"\t\t\t\t\t\t\t\t\t\t   src=\"https:\/\/lugardemarmolejo.es\/wp-content\/uploads\/photo-gallery\/thumb\/Santa-Isabel-Foto-16.webp?bwg=1735208560\"\t\t\t\t\t\t\t\t\t\t   alt=\"Jos\u00e9 Alf\u00e9rez Alcal\u00e1, mulero y aceitunero de la finca durante varios a\u00f1os.\"\t\t\t\t\t\t\t\t\t\t   title=\"Jos\u00e9 Alf\u00e9rez Alcal\u00e1, mulero y aceitunero de la finca durante varios a\u00f1os.\" \/>                <div class=\"\">                  \t\t\t\t                                            <\/div>              <\/div>            <\/div>            <div class=\"bwg-title1\"><div class=\"bwg-title2\">Jos\u00e9 Alf\u00e9rez Alcal\u00e1, mulero y aceitunero de la finca durante varios a\u00f1os.<\/div><\/div>          <\/a>                  <\/div>              <div class=\"bwg-item\">          <a class=\"bwg-a  bwg_lightbox\"  data-image-id=\"159\" href=\"https:\/\/lugardemarmolejo.es\/wp-content\/uploads\/photo-gallery\/Santa-Isabel-Foto-17.jpg?bwg=1735208560\" data-elementor-open-lightbox=\"no\">            <div class=\"bwg-item0\">              <div class=\"bwg-item1 \">      \t\t\t\t\t<img decoding=\"async\" class=\"skip-lazy bwg-masonry-thumb bwg_masonry_thumb_0 \"                       data-id=\"159\"                       data-src=\"https:\/\/lugardemarmolejo.es\/wp-content\/uploads\/photo-gallery\/thumb\/Santa-Isabel-Foto-17.jpg?bwg=1735208560\"                       data-width=\"342.00\"                       data-height=\"500.00\"\t\t\t\t\t\t\t\t\t\t   src=\"https:\/\/lugardemarmolejo.es\/wp-content\/uploads\/photo-gallery\/thumb\/Santa-Isabel-Foto-17.jpg?bwg=1735208560\"\t\t\t\t\t\t\t\t\t\t   alt=\"Manuel Alf\u00e9rez Alcal\u00e1 trabaj\u00f3 junto a sus hermanos Pepe y Juan arando y transportando las aceitunas hasta el molino. Fuente: Manuel Alf\u00e9rez.\"\t\t\t\t\t\t\t\t\t\t   title=\"Manuel Alf\u00e9rez Alcal\u00e1 trabaj\u00f3 junto a sus hermanos Pepe y Juan arando y transportando las aceitunas hasta el molino. Fuente: Manuel Alf\u00e9rez.\" \/>                <div class=\"\">                  \t\t\t\t                                            <\/div>              <\/div>            <\/div>            <div class=\"bwg-title1\"><div class=\"bwg-title2\">Manuel Alf\u00e9rez Alcal\u00e1 trabaj\u00f3 junto a sus hermanos Pepe y Juan arando y transportando las aceitunas hasta el molino. Fuente: Manuel Alf\u00e9rez.<\/div><\/div>          <\/a>                  <\/div>              <div class=\"bwg-item\">          <a class=\"bwg-a  bwg_lightbox\"  data-image-id=\"171\" href=\"https:\/\/lugardemarmolejo.es\/wp-content\/uploads\/photo-gallery\/Santa-Isabel-Foto-18.jpg?bwg=1735208560\" data-elementor-open-lightbox=\"no\">            <div class=\"bwg-item0\">              <div class=\"bwg-item1 \">      \t\t\t\t\t<img decoding=\"async\" class=\"skip-lazy bwg-masonry-thumb bwg_masonry_thumb_0 \"                       data-id=\"171\"                       data-src=\"https:\/\/lugardemarmolejo.es\/wp-content\/uploads\/photo-gallery\/thumb\/Santa-Isabel-Foto-18.jpg?bwg=1735208560\"                       data-width=\"288.00\"                       data-height=\"500.00\"\t\t\t\t\t\t\t\t\t\t   src=\"https:\/\/lugardemarmolejo.es\/wp-content\/uploads\/photo-gallery\/thumb\/Santa-Isabel-Foto-18.jpg?bwg=1735208560\"\t\t\t\t\t\t\t\t\t\t   alt=\"Josefa Moreno Segovia, hija de Francisco Moreno \u201cEl barbero\u201d, conoci\u00f3 a su esposo Manuel Alf\u00e9rez en la recolecci\u00f3n de las aceitunas en la finca de Santa Isabel. Fuente: Manuel Alf\u00e9rez.\"\t\t\t\t\t\t\t\t\t\t   title=\"Josefa Moreno Segovia, hija de Francisco Moreno \u201cEl barbero\u201d, conoci\u00f3 a su esposo Manuel Alf\u00e9rez en la recolecci\u00f3n de las aceitunas en la finca de Santa Isabel. Fuente: Manuel Alf\u00e9rez.\" \/>                <div class=\"\">                  \t\t\t\t                                            <\/div>              <\/div>            <\/div>            <div class=\"bwg-title1\"><div class=\"bwg-title2\">Josefa Moreno Segovia, hija de Francisco Moreno \u201cEl barbero\u201d, conoci\u00f3 a su esposo Manuel Alf\u00e9rez en la recolecci\u00f3n de las aceitunas en la finca de Santa Isabel. Fuente: Manuel Alf\u00e9rez.<\/div><\/div>          <\/a>                  <\/div>              <div class=\"bwg-item\">          <a class=\"bwg-a  bwg_lightbox\"  data-image-id=\"161\" href=\"https:\/\/lugardemarmolejo.es\/wp-content\/uploads\/photo-gallery\/Santa-Isabel-Foto-19.jpg?bwg=1735208560\" data-elementor-open-lightbox=\"no\">            <div class=\"bwg-item0\">              <div class=\"bwg-item1 \">      \t\t\t\t\t<img decoding=\"async\" class=\"skip-lazy bwg-masonry-thumb bwg_masonry_thumb_0 \"                       data-id=\"161\"                       data-src=\"https:\/\/lugardemarmolejo.es\/wp-content\/uploads\/photo-gallery\/thumb\/Santa-Isabel-Foto-19.jpg?bwg=1735208560\"                       data-width=\"500.00\"                       data-height=\"368.00\"\t\t\t\t\t\t\t\t\t\t   src=\"https:\/\/lugardemarmolejo.es\/wp-content\/uploads\/photo-gallery\/thumb\/Santa-Isabel-Foto-19.jpg?bwg=1735208560\"\t\t\t\t\t\t\t\t\t\t   alt=\"Pozo con anillo y b\u00f3veda de adobe con el que se regaba el jard\u00edn de Santa Isabel. Foto: Enrique P\u00e9rez Jim\u00e9nez.\"\t\t\t\t\t\t\t\t\t\t   title=\"Pozo con anillo y b\u00f3veda de adobe con el que se regaba el jard\u00edn de Santa Isabel. Foto: Enrique P\u00e9rez Jim\u00e9nez.\" \/>                <div class=\"\">                  \t\t\t\t                                            <\/div>              <\/div>            <\/div>            <div class=\"bwg-title1\"><div class=\"bwg-title2\">Pozo con anillo y b\u00f3veda de adobe con el que se regaba el jard\u00edn de Santa Isabel. Foto: Enrique P\u00e9rez Jim\u00e9nez.<\/div><\/div>          <\/a>                  <\/div>              <div class=\"bwg-item\">          <a class=\"bwg-a  bwg_lightbox\"  data-image-id=\"160\" href=\"https:\/\/lugardemarmolejo.es\/wp-content\/uploads\/photo-gallery\/Santa-Isabel-Foto-20.jpg?bwg=1735208560\" data-elementor-open-lightbox=\"no\">            <div class=\"bwg-item0\">              <div class=\"bwg-item1 \">      \t\t\t\t\t<img decoding=\"async\" class=\"skip-lazy bwg-masonry-thumb bwg_masonry_thumb_0 \"                       data-id=\"160\"                       data-src=\"https:\/\/lugardemarmolejo.es\/wp-content\/uploads\/photo-gallery\/thumb\/Santa-Isabel-Foto-20.jpg?bwg=1735208560\"                       data-width=\"375.00\"                       data-height=\"500.00\"\t\t\t\t\t\t\t\t\t\t   src=\"https:\/\/lugardemarmolejo.es\/wp-content\/uploads\/photo-gallery\/thumb\/Santa-Isabel-Foto-20.jpg?bwg=1735208560\"\t\t\t\t\t\t\t\t\t\t   alt=\"Micaela Gal\u00e1n Osuna, hija de Carmen Osuna, y su esposo Antonio Lozano Reca, fueron durante unos a\u00f1os de la d\u00e9cada de los sesenta, caseros de Santa Isabel. Fuente: Alfonsa Lozano Gal\u00e1n.\"\t\t\t\t\t\t\t\t\t\t   title=\"Micaela Gal\u00e1n Osuna, hija de Carmen Osuna, y su esposo Antonio Lozano Reca, fueron durante unos a\u00f1os de la d\u00e9cada de los sesenta, caseros de Santa Isabel. Fuente: Alfonsa Lozano Gal\u00e1n.\" \/>                <div class=\"\">                  \t\t\t\t                                            <\/div>              <\/div>            <\/div>            <div class=\"bwg-title1\"><div class=\"bwg-title2\">Micaela Gal\u00e1n Osuna, hija de Carmen Osuna, y su esposo Antonio Lozano Reca, fueron durante unos a\u00f1os de la d\u00e9cada de los sesenta, caseros de Santa Isabel. Fuente: Alfonsa Lozano Gal\u00e1n.<\/div><\/div>          <\/a>                  <\/div>              <div class=\"bwg-item\">          <a class=\"bwg-a  bwg_lightbox\"  data-image-id=\"162\" href=\"https:\/\/lugardemarmolejo.es\/wp-content\/uploads\/photo-gallery\/Santa-Isabel-Foto-21.jpg?bwg=1735208560\" data-elementor-open-lightbox=\"no\">            <div class=\"bwg-item0\">              <div class=\"bwg-item1 \">      \t\t\t\t\t<img decoding=\"async\" class=\"skip-lazy bwg-masonry-thumb bwg_masonry_thumb_0 \"                       data-id=\"162\"                       data-src=\"https:\/\/lugardemarmolejo.es\/wp-content\/uploads\/photo-gallery\/thumb\/Santa-Isabel-Foto-21.jpg?bwg=1735208560\"                       data-width=\"375.00\"                       data-height=\"500.00\"\t\t\t\t\t\t\t\t\t\t   src=\"https:\/\/lugardemarmolejo.es\/wp-content\/uploads\/photo-gallery\/thumb\/Santa-Isabel-Foto-21.jpg?bwg=1735208560\"\t\t\t\t\t\t\t\t\t\t   alt=\"Josefa Gal\u00e1n Osuna, hija de Carmen Osuna Galiot. Fuente: Alfonsa Lozano Gal\u00e1n.\"\t\t\t\t\t\t\t\t\t\t   title=\"Josefa Gal\u00e1n Osuna, hija de Carmen Osuna Galiot. Fuente: Alfonsa Lozano Gal\u00e1n.\" \/>                <div class=\"\">                  \t\t\t\t                                            <\/div>              <\/div>            <\/div>            <div class=\"bwg-title1\"><div class=\"bwg-title2\">Josefa Gal\u00e1n Osuna, hija de Carmen Osuna Galiot. Fuente: Alfonsa Lozano Gal\u00e1n.<\/div><\/div>          <\/a>                  <\/div>              <div class=\"bwg-item\">          <a class=\"bwg-a  bwg_lightbox\"  data-image-id=\"164\" href=\"https:\/\/lugardemarmolejo.es\/wp-content\/uploads\/photo-gallery\/Santa-Isabel-Foto-22.jpg?bwg=1735208560\" data-elementor-open-lightbox=\"no\">            <div class=\"bwg-item0\">              <div class=\"bwg-item1 \">      \t\t\t\t\t<img decoding=\"async\" class=\"skip-lazy bwg-masonry-thumb bwg_masonry_thumb_0 \"                       data-id=\"164\"                       data-src=\"https:\/\/lugardemarmolejo.es\/wp-content\/uploads\/photo-gallery\/thumb\/Santa-Isabel-Foto-22.jpg?bwg=1735208560\"                       data-width=\"420.00\"                       data-height=\"500.00\"\t\t\t\t\t\t\t\t\t\t   src=\"https:\/\/lugardemarmolejo.es\/wp-content\/uploads\/photo-gallery\/thumb\/Santa-Isabel-Foto-22.jpg?bwg=1735208560\"\t\t\t\t\t\t\t\t\t\t   alt=\"La hija peque\u00f1a de Micaela, Carmen Lozano, vivi\u00f3 en Santa Isabel y asisti\u00f3 a la escuela de Los M\u00e1rtires. La foto est\u00e1 realizada, probablemente hacia 1967, en la puerta de la caser\u00eda. Fuente: Alfonsa Lozano Gal\u00e1n.\"\t\t\t\t\t\t\t\t\t\t   title=\"La hija peque\u00f1a de Micaela, Carmen Lozano, vivi\u00f3 en Santa Isabel y asisti\u00f3 a la escuela de Los M\u00e1rtires. La foto est\u00e1 realizada, probablemente hacia 1967, en la puerta de la caser\u00eda. Fuente: Alfonsa Lozano Gal\u00e1n.\" \/>                <div class=\"\">                  \t\t\t\t                                            <\/div>              <\/div>            <\/div>            <div class=\"bwg-title1\"><div class=\"bwg-title2\">La hija peque\u00f1a de Micaela, Carmen Lozano, vivi\u00f3 en Santa Isabel y asisti\u00f3 a la escuela de Los M\u00e1rtires. La foto est\u00e1 realizada, probablemente hacia 1967, en la puerta de la caser\u00eda. Fuente: Alfonsa Lozano Gal\u00e1n.<\/div><\/div>          <\/a>                  <\/div>              <div class=\"bwg-item\">          <a class=\"bwg-a  bwg_lightbox\"  data-image-id=\"174\" href=\"https:\/\/lugardemarmolejo.es\/wp-content\/uploads\/photo-gallery\/Santa-Isabel-Foto-23.jpg?bwg=1735235668\" data-elementor-open-lightbox=\"no\">            <div class=\"bwg-item0\">              <div class=\"bwg-item1 \">      \t\t\t\t\t<img decoding=\"async\" class=\"skip-lazy bwg-masonry-thumb bwg_masonry_thumb_0 \"                       data-id=\"174\"                       data-src=\"https:\/\/lugardemarmolejo.es\/wp-content\/uploads\/photo-gallery\/thumb\/Santa-Isabel-Foto-23.jpg?bwg=1735235668\"                       data-width=\"500.00\"                       data-height=\"321.00\"\t\t\t\t\t\t\t\t\t\t   src=\"https:\/\/lugardemarmolejo.es\/wp-content\/uploads\/photo-gallery\/thumb\/Santa-Isabel-Foto-23.jpg?bwg=1735235668\"\t\t\t\t\t\t\t\t\t\t   alt=\"En esta foto realizada hacia 1956 en el pat\u00edn de Santa Isabel aparecen de izquierda a derecha: Alfonso P\u00e9rez Castro, su padre Jer\u00f3nimo due\u00f1o de la finca, Rosario Jim\u00e9nez, esposa de Pepe P\u00e9rez, con su hija In\u00e9s y \u00c1ngela P\u00e9rez Castro, junto a la palmera. Fuente: Enrique P\u00e9rez Jim\u00e9nez.\"\t\t\t\t\t\t\t\t\t\t   title=\"En esta foto realizada hacia 1956 en el pat\u00edn de Santa Isabel aparecen de izquierda a derecha: Alfonso P\u00e9rez Castro, su padre Jer\u00f3nimo due\u00f1o de la finca, Rosario Jim\u00e9nez, esposa de Pepe P\u00e9rez, con su hija In\u00e9s y \u00c1ngela P\u00e9rez Castro, junto a la palmera. Fuente: Enrique P\u00e9rez Jim\u00e9nez.\" \/>                <div class=\"\">                  \t\t\t\t                                            <\/div>              <\/div>            <\/div>            <div class=\"bwg-title1\"><div class=\"bwg-title2\">En esta foto realizada hacia 1956 en el pat\u00edn de Santa Isabel aparecen de izquierda a derecha: Alfonso P\u00e9rez Castro, su padre Jer\u00f3nimo due\u00f1o de la finca, Rosario Jim\u00e9nez, esposa de Pepe P\u00e9rez, con su hija In\u00e9s y \u00c1ngela P\u00e9rez Castro, junto a la palmera. Fuente: Enrique P\u00e9rez Jim\u00e9nez.<\/div><\/div>          <\/a>                  <\/div>              <div class=\"bwg-item\">          <a class=\"bwg-a  bwg_lightbox\"  data-image-id=\"166\" href=\"https:\/\/lugardemarmolejo.es\/wp-content\/uploads\/photo-gallery\/Santa-Isabel-Foto-24.jpg?bwg=1735208560\" data-elementor-open-lightbox=\"no\">            <div class=\"bwg-item0\">              <div class=\"bwg-item1 \">      \t\t\t\t\t<img decoding=\"async\" class=\"skip-lazy bwg-masonry-thumb bwg_masonry_thumb_0 \"                       data-id=\"166\"                       data-src=\"https:\/\/lugardemarmolejo.es\/wp-content\/uploads\/photo-gallery\/thumb\/Santa-Isabel-Foto-24.jpg?bwg=1735208560\"                       data-width=\"500.00\"                       data-height=\"333.00\"\t\t\t\t\t\t\t\t\t\t   src=\"https:\/\/lugardemarmolejo.es\/wp-content\/uploads\/photo-gallery\/thumb\/Santa-Isabel-Foto-24.jpg?bwg=1735208560\"\t\t\t\t\t\t\t\t\t\t   alt=\"Aparecen en la foto junto al carro de Santa Isabel, Pepe P\u00e9rez, a la derecha, con camisa blanca y su hermano Alfonso con corbata. Las ni\u00f1as son In\u00e9s, hija de Pepe, y Soledad, hija de \u00c1ngela. El resto de personajes, trabajadores habituales de la finca, no han podido ser identificados. Fuente: Enrique P\u00e9rez Jim\u00e9nez.\"\t\t\t\t\t\t\t\t\t\t   title=\"Aparecen en la foto junto al carro de Santa Isabel, Pepe P\u00e9rez, a la derecha, con camisa blanca y su hermano Alfonso con corbata. Las ni\u00f1as son In\u00e9s, hija de Pepe, y Soledad, hija de \u00c1ngela. El resto de personajes, trabajadores habituales de la finca, no han podido ser identificados. Fuente: Enrique P\u00e9rez Jim\u00e9nez.\" \/>                <div class=\"\">                  \t\t\t\t                                            <\/div>              <\/div>            <\/div>            <div class=\"bwg-title1\"><div class=\"bwg-title2\">Aparecen en la foto junto al carro de Santa Isabel, Pepe P\u00e9rez, a la derecha, con camisa blanca y su hermano Alfonso con corbata. Las ni\u00f1as son In\u00e9s, hija de Pepe, y Soledad, hija de \u00c1ngela. El resto de personajes, trabajadores habituales de la finca, no han podido ser identificados. Fuente: Enrique P\u00e9rez Jim\u00e9nez.<\/div><\/div>          <\/a>                  <\/div>              <div class=\"bwg-item\">          <a class=\"bwg-a  bwg_lightbox\"  data-image-id=\"168\" href=\"https:\/\/lugardemarmolejo.es\/wp-content\/uploads\/photo-gallery\/Santa-Isabel-Foto-25.jpg?bwg=1735208560\" data-elementor-open-lightbox=\"no\">            <div class=\"bwg-item0\">              <div class=\"bwg-item1 \">      \t\t\t\t\t<img decoding=\"async\" class=\"skip-lazy bwg-masonry-thumb bwg_masonry_thumb_0 \"                       data-id=\"168\"                       data-src=\"https:\/\/lugardemarmolejo.es\/wp-content\/uploads\/photo-gallery\/thumb\/Santa-Isabel-Foto-25.jpg?bwg=1735208560\"                       data-width=\"383.00\"                       data-height=\"500.00\"\t\t\t\t\t\t\t\t\t\t   src=\"https:\/\/lugardemarmolejo.es\/wp-content\/uploads\/photo-gallery\/thumb\/Santa-Isabel-Foto-25.jpg?bwg=1735208560\"\t\t\t\t\t\t\t\t\t\t   alt=\"Estado actual de la cocina y chimenea de la caser\u00eda. Fuente: Enrique P\u00e9rez Jim\u00e9nez.\"\t\t\t\t\t\t\t\t\t\t   title=\"Estado actual de la cocina y chimenea de la caser\u00eda. Fuente: Enrique P\u00e9rez Jim\u00e9nez.\" \/>                <div class=\"\">                  \t\t\t\t                                            <\/div>              <\/div>            <\/div>            <div class=\"bwg-title1\"><div class=\"bwg-title2\">Estado actual de la cocina y chimenea de la caser\u00eda. Fuente: Enrique P\u00e9rez Jim\u00e9nez.<\/div><\/div>          <\/a>                  <\/div>              <div class=\"bwg-item\">          <a class=\"bwg-a  bwg_lightbox\"  data-image-id=\"170\" href=\"https:\/\/lugardemarmolejo.es\/wp-content\/uploads\/photo-gallery\/Santa-Isabel-Foto-26.jpg?bwg=1735208560\" data-elementor-open-lightbox=\"no\">            <div class=\"bwg-item0\">              <div class=\"bwg-item1 \">      \t\t\t\t\t<img decoding=\"async\" class=\"skip-lazy bwg-masonry-thumb bwg_masonry_thumb_0 \"                       data-id=\"170\"                       data-src=\"https:\/\/lugardemarmolejo.es\/wp-content\/uploads\/photo-gallery\/thumb\/Santa-Isabel-Foto-26.jpg?bwg=1735208560\"                       data-width=\"500.00\"                       data-height=\"375.00\"\t\t\t\t\t\t\t\t\t\t   src=\"https:\/\/lugardemarmolejo.es\/wp-content\/uploads\/photo-gallery\/thumb\/Santa-Isabel-Foto-26.jpg?bwg=1735208560\"\t\t\t\t\t\t\t\t\t\t   alt=\"Estado actual de Santa Isabel. Destaca el perfecto reforzamiento de los muros del edificio con sillares esquineros de perfecta factura. Foto: Manuel Perales.\"\t\t\t\t\t\t\t\t\t\t   title=\"Estado actual de Santa Isabel. Destaca el perfecto reforzamiento de los muros del edificio con sillares esquineros de perfecta factura. Foto: Manuel Perales.\" \/>                <div class=\"\">                  \t\t\t\t                                            <\/div>              <\/div>            <\/div>            <div class=\"bwg-title1\"><div class=\"bwg-title2\">Estado actual de Santa Isabel. Destaca el perfecto reforzamiento de los muros del edificio con sillares esquineros de perfecta factura. Foto: Manuel Perales.<\/div><\/div>          <\/a>                  <\/div>              <div class=\"bwg-item\">          <a class=\"bwg-a  bwg_lightbox\"  data-image-id=\"169\" href=\"https:\/\/lugardemarmolejo.es\/wp-content\/uploads\/photo-gallery\/Santa-Isabel-Foto-27.jpg?bwg=1735208560\" data-elementor-open-lightbox=\"no\">            <div class=\"bwg-item0\">              <div class=\"bwg-item1 \">      \t\t\t\t\t<img decoding=\"async\" class=\"skip-lazy bwg-masonry-thumb bwg_masonry_thumb_0 \"                       data-id=\"169\"                       data-src=\"https:\/\/lugardemarmolejo.es\/wp-content\/uploads\/photo-gallery\/thumb\/Santa-Isabel-Foto-27.jpg?bwg=1735208560\"                       data-width=\"369.00\"                       data-height=\"500.00\"\t\t\t\t\t\t\t\t\t\t   src=\"https:\/\/lugardemarmolejo.es\/wp-content\/uploads\/photo-gallery\/thumb\/Santa-Isabel-Foto-27.jpg?bwg=1735208560\"\t\t\t\t\t\t\t\t\t\t   alt=\"Rafaela P\u00e9rez Castro, en primer plano, junto a la casera, haciendo roscos de aceite en la cocina que hab\u00eda detr\u00e1s de la gran chimenea del sal\u00f3n de abajo. Fuente: Ricardo Garc\u00eda P\u00e9rez.\"\t\t\t\t\t\t\t\t\t\t   title=\"Rafaela P\u00e9rez Castro, en primer plano, junto a la casera, haciendo roscos de aceite en la cocina que hab\u00eda detr\u00e1s de la gran chimenea del sal\u00f3n de abajo. Fuente: Ricardo Garc\u00eda P\u00e9rez.\" \/>                <div class=\"\">                  \t\t\t\t                                            <\/div>              <\/div>            <\/div>            <div class=\"bwg-title1\"><div class=\"bwg-title2\">Rafaela P\u00e9rez Castro, en primer plano, junto a la casera, haciendo roscos de aceite en la cocina que hab\u00eda detr\u00e1s de la gran chimenea del sal\u00f3n de abajo. Fuente: Ricardo Garc\u00eda P\u00e9rez.<\/div><\/div>          <\/a>                  <\/div>              <div class=\"bwg-item\">          <a class=\"bwg-a  bwg_lightbox\"  data-image-id=\"178\" href=\"https:\/\/lugardemarmolejo.es\/wp-content\/uploads\/photo-gallery\/Dona-Angelina-Vicente-Orti-Escolano-su-hija-Marina-sentado-a-la-izquierda-Florentino-Angela-y-Socorro.jpg?bwg=1743507606\" data-elementor-open-lightbox=\"no\">            <div class=\"bwg-item0\">              <div class=\"bwg-item1 \">      \t\t\t\t\t<img decoding=\"async\" class=\"skip-lazy bwg-masonry-thumb bwg_masonry_thumb_0 \"                       data-id=\"178\"                       data-src=\"https:\/\/lugardemarmolejo.es\/wp-content\/uploads\/photo-gallery\/thumb\/Dona-Angelina-Vicente-Orti-Escolano-su-hija-Marina-sentado-a-la-izquierda-Florentino-Angela-y-Socorro.jpg?bwg=1743507606\"                       data-width=\"420.00\"                       data-height=\"500.00\"\t\t\t\t\t\t\t\t\t\t   src=\"https:\/\/lugardemarmolejo.es\/wp-content\/uploads\/photo-gallery\/thumb\/Dona-Angelina-Vicente-Orti-Escolano-su-hija-Marina-sentado-a-la-izquierda-Florentino-Angela-y-Socorro.jpg?bwg=1743507606\"\t\t\t\t\t\t\t\t\t\t   alt=\"A la derecha, sentada, Angelina Garc\u00eda Villar\u00edas; de pie su esposo Vicente Orti Escolano y su hija Amalia. Sentados de izquierda a derecha: Florentino, \u00c1ngela y Socorro. Fuente: don Juan Burlo Orti.\"\t\t\t\t\t\t\t\t\t\t   title=\"A la derecha, sentada, Angelina Garc\u00eda Villar\u00edas; de pie su esposo Vicente Orti Escolano y su hija Amalia. Sentados de izquierda a derecha: Florentino, \u00c1ngela y Socorro. Fuente: don Juan Burlo Orti.\" \/>                <div class=\"\">                  \t\t\t\t                                            <\/div>              <\/div>            <\/div>            <div class=\"bwg-title1\"><div class=\"bwg-title2\">A la derecha, sentada, Angelina Garc\u00eda Villar\u00edas; de pie su esposo Vicente Orti Escolano y su hija Amalia. Sentados de izquierda a derecha: Florentino, \u00c1ngela y Socorro. Fuente: don Juan Burlo Orti.<\/div><\/div>          <\/a>                  <\/div>          <\/div>    <style>      \/*pagination styles*\/      #bwg_container1_0 #bwg_container2_0 .tablenav-pages_0 {\t\t\t\ttext-align: center;\t\t\t\tfont-size: 12px;\t\t\t\tfont-family: Ubuntu;\t\t\t\tfont-weight: bold;\t\t\t\tcolor: #666666;\t\t\t\tmargin: 6px 0 4px;\t\t\t\tdisplay: block;      }      @media only screen and (max-width : 320px) {      #bwg_container1_0 #bwg_container2_0 .displaying-num_0 {     \t display: none;      }      }      #bwg_container1_0 #bwg_container2_0 .displaying-num_0 {\t\t\t\tfont-size: 12px;\t\t\t\tfont-family: Ubuntu;\t\t\t\tfont-weight: bold;\t\t\t\tcolor: #666666;\t\t\t\tmargin-right: 10px;\t\t\t\tvertical-align: middle;      }      #bwg_container1_0 #bwg_container2_0 .paging-input_0 {\t\t\t\tfont-size: 12px;\t\t\t\tfont-family: Ubuntu;\t\t\t\tfont-weight: bold;\t\t\t\tcolor: #666666;\t\t\t\tvertical-align: middle;      }      #bwg_container1_0 #bwg_container2_0 .tablenav-pages_0 a.disabled,      #bwg_container1_0 #bwg_container2_0 .tablenav-pages_0 a.disabled:hover,      #bwg_container1_0 #bwg_container2_0 .tablenav-pages_0 a.disabled:focus,\t\t\t#bwg_container1_0 #bwg_container2_0 .tablenav-pages_0 input.bwg_current_page {\t\t\t\tcursor: default;\t\t\t\tcolor: rgba(102, 102, 102, 0.5);      }      #bwg_container1_0 #bwg_container2_0 .tablenav-pages_0 a,      #bwg_container1_0 #bwg_container2_0 .tablenav-pages_0 input.bwg_current_page {\t\t\t\tcursor: pointer;\t\t\t\ttext-align: center;\t\t\t\tfont-size: 12px;\t\t\t\tfont-family: Ubuntu;\t\t\t\tfont-weight: bold;\t\t\t\tcolor: #666666;\t\t\t\ttext-decoration: none;\t\t\t\tpadding: 3px 6px;\t\t\t\tmargin: 0;\t\t\t\tborder-radius: 0;\t\t\t\tborder-style: solid;\t\t\t\tborder-width: 1px;\t\t\t\tborder-color: #E3E3E3;\t\t\t\t\t\t\t\tbackground-color: rgba(255, 255, 255, 1.00);\t\t\t\tbox-shadow: 0;\t\t\t\ttransition: all 0.3s ease 0s;-webkit-transition: all 0.3s ease 0s;      }      <\/style>      <span class=\"bwg_nav_cont_0\">              <div class=\"tablenav-pages_0\">                  <\/div>                <input type=\"hidden\" id=\"page_number_0\" name=\"page_number_0\" value=\"1\" \/>      <script type=\"text\/javascript\">        if( jQuery('.bwg_nav_cont_0').length > 1 ) {          jQuery('.bwg_nav_cont_0').first().remove()        }        function spider_page_0(cur, x, y, load_more) {          if (typeof load_more == \"undefined\") {            var load_more = false;          }          if (jQuery(cur).hasClass('disabled')) {            return false;          }          var items_county_0 = 1;          switch (y) {            case 1:              if (x >= items_county_0) {                document.getElementById('page_number_0').value = items_county_0;              }              else {                document.getElementById('page_number_0').value = x + 1;              }              break;            case 2:              document.getElementById('page_number_0').value = items_county_0;              break;            case -1:              if (x == 1) {                document.getElementById('page_number_0').value = 1;              }              else {                document.getElementById('page_number_0').value = x - 1;              }              break;            case -2:              document.getElementById('page_number_0').value = 1;              break;\t\t\t\t\t\tcase 0:              document.getElementById('page_number_0').value = x;              break;            default:              document.getElementById('page_number_0').value = 1;          }          bwg_ajax('gal_front_form_0', '0', 'bwg_thumbnails_masonry_0', '0', '', 'gallery', 0, '', '', load_more, '', 1);        }                    jQuery('.first-page-0').on('click', function () {              spider_page_0(this, 1, -2, 'numeric');              return false;            });            jQuery('.prev-page-0').on('click', function () {              spider_page_0(this, 1, -1, 'numeric');              return false;            });            jQuery('.next-page-0').on('click', function () {              spider_page_0(this, 1, 1, 'numeric');              return false;            });            jQuery('.last-page-0').on('click', function () {              spider_page_0(this, 1, 2, 'numeric');              return false;            });        \t\t\t\t\/* Change page on input enter. *\/        function bwg_change_page_0( e, that ) {          if (  e.key == 'Enter' ) {            var to_page = parseInt(jQuery(that).val());            var pages_count = jQuery(that).parents(\".pagination-links\").data(\"pages-count\");            var current_url_param = jQuery(that).attr('data-url-info');            if (to_page > pages_count) {              to_page = 1;            }\t \t\t\t\t\t\t\t\t\t\t\t\tspider_page_0(this, to_page, 0, 'numeric');\t\t\t\t\t\t\treturn false;\t\t\t\t\t\t          }          return true;        }        jQuery('.bwg_load_btn_0').on('click', function () {            spider_page_0(this, 1, 1, true);            return false;        });      <\/script>      <\/span>                <\/div>        <\/form>        <style>          #bwg_container1_0 #bwg_container2_0 #spider_popup_overlay_0 {          background-color: #EEEEEE;          opacity: 0.60;          }          <\/style>        <div id=\"bwg_spider_popup_loading_0\" class=\"bwg_spider_popup_loading\"><\/div>        <div id=\"spider_popup_overlay_0\" class=\"spider_popup_overlay\" onclick=\"spider_destroypopup(1000)\"><\/div>        <input type=\"hidden\" id=\"bwg_random_seed_0\" value=\"1902612015\">                <\/div>    <\/div>    <script>      if (document.readyState === 'complete') {        if( typeof bwg_main_ready == 'function' ) {          if ( jQuery(\"#bwg_container1_0\").height() ) {            bwg_main_ready(jQuery(\"#bwg_container1_0\"));          }        }      } else {        document.addEventListener('DOMContentLoaded', function() {          if( typeof bwg_main_ready == 'function' ) {            if ( jQuery(\"#bwg_container1_0\").height() ) {             bwg_main_ready(jQuery(\"#bwg_container1_0\"));            }          }        });      }    <\/script>    \n\n\n\n<p><strong><u>Notas y Fuentes:<\/u><\/strong><\/p>\n\n\n\n<p>(1)&nbsp;Sus padres fueron:&nbsp; Francisco Serrano Santaella y Dolores Serrano Dom\u00ednguez, hermana del general Francisco Serrano, primer duque de la Torre.&nbsp; Un hijo de Bernab\u00e9 e Isabel fue de Diego Mu\u00f1oz-Cobo Serrano (Arjona, 1854-Madrid, 1937), ministro de la Guerra en 1919, y como capit\u00e1n general de la primera regi\u00f3n militar, ejerci\u00f3 la presidencia del Directorio Militar de Primo de Rivera, en 1923. La esposa de Diego Mu\u00f1oz-Cobo, era su prima hermana, Dolores Serrano Navarro, hija de Ram\u00f3n Serrano Serrano (hermano de Isabel&nbsp; y de Luisa Serrano Serrano) y de Catalina Navarro Salcedo (hermana de Jos\u00e9 Domingo Navarro Salcedo, abuelo de Catalina Navarro Parras, conocida en Marmolejo&nbsp; como \u201cLa aviadora\u201d).<\/p>\n\n\n\n<p>(2) Fuentes utilizadas para Bernab\u00e9 Mu\u00f1oz-Cobo:&nbsp; Cr\u00f3nica de la Exposici\u00f3n Agr\u00edcola celebrada en Madrid, firmada por J. Jim\u00e9nez-Serrano en el diario \u201cLa \u00c9poca\u201d de Madrid, de uno de octubre de 1857, n\u00ba 2612; \u201cBolet\u00edn Oficial de la Provincia de Ja\u00e9n\u201d, de 21-3-1853; BOPJ de 13-2-1861;&nbsp; BOPJ de 26-2-1862; BOPJ de 29-9-1875 y BOPJ de 30-7-1877.<\/p>\n\n\n\n<p>(3) Subasta publicada en el BOP de Ja\u00e9n de 6 de octubre de 1883.<\/p>\n\n\n\n<p>(4) Subasta publicada en el BOP de Ja\u00e9n de 15 de noviembre de 1883.<\/p>\n\n\n\n<p>(5) Subasta publicada en el BOP de Ja\u00e9n de 5 de enero de 1884.<\/p>\n\n\n\n<p>(6) Subasta publicada en el BOP de Ja\u00e9n de 25 de septiembre de 1884.<\/p>\n\n\n\n<p>(7) Catastro de R\u00fastica de 1905, legajo 9204. Archivo Hist\u00f3rico Provincial de Ja\u00e9n.<\/p>\n\n\n\n<p>(8) \u201cLa Lectura Dominical\u201d, de 12 de octubre de 1907 y Diario \u201cEl Universo\u201d, de fecha 12 de octubre de 1907. La noticia sobre el premio a sus aceites, molturados en su molino de la calle del Pino, sali\u00f3 publicada en el \u201cDiario de C\u00f3rdoba de Comercio e Industria\u201d, de fecha 29 de mayo de 1911. Fuente: Ministerio de Cultura, Prensa Hist\u00f3rica.<\/p>\n\n\n\n<p>(9) Bolet\u00edn Oficial de la Provincia de Valladolid, de fecha 18 de junio de 1876.<\/p>\n\n\n\n<p>(10) Diario \u201cABC\u201d del 11 de marzo de 1948.<\/p>\n\n\n\n<p>(11) Necrol\u00f3gica publicada por el diario \u201cPatria\u201d de Ja\u00e9n, el 10 de enero de 1928. Fuente: Archivo Diputaci\u00f3n Provincial de Ja\u00e9n.<\/p>\n\n\n\n<p>(12) V\u00e9ase art\u00edculo sobre la caser\u00eda&nbsp; de Las Labraillas en la web \u201cEl Lugar de Marmolejo\u201d.<\/p>\n\n\n\n<p>(13) Recuerdos de su hija \u00c1ngela Sol\u00eds Robles. Su abuelo materno,&nbsp; Bartolom\u00e9 Robles&nbsp; Serrano, padre de Natividad, era funcionario municipal y posey\u00f3 un peque\u00f1o patrimonio olivarero. En algunas ocasiones, como en noviembre 1884, siendo alcalde Ildefonso Costilla Soriano, ocup\u00f3 interinamente el cargo de secretario del Ayuntamiento.<\/p>\n\n\n\n<p>(14) Inventario de incautaci\u00f3n de Los M\u00e1rtires: Una m\u00e1quina sembradora, 2 m\u00e1quinas, una en buen estado y otra inservible, una ajuria y otra cruz, dos transformadores el\u00e9ctricos, tres arados, dos l\u00edmpias de aceituna, una b\u00e1scula, un motor y molino para triturar orujo, un trillo, seis viergos de hierro, una grada de estrella, una yunta de mulos con sus aparejos, un burro, dos yeguas, una con su cria, dos caballos, dos yuntas de vacas mansas, tres crias una a\u00f1eja mansa, 42 vacas grandes, tres toros sementales, dos carros, un rastrillo, 24 lechones, dos azadas, dos hachas y dos hocinos. Fuente: Tribunal Militar Territorial Segundo de Sevilla. Sumario 3067.<\/p>\n\n\n\n<p>(15) Diario de Mateo Sol\u00eds Rodr\u00edguez, escrito en la prisi\u00f3n-catedral de Ja\u00e9n entre 1936-1939.<\/p>\n\n\n\n<p>(16) Diario de Murcia de 3 de octubre de 1890, \u201cEl liberal\u201d de Murcia de 18 de septiembre de 1924. Fuente: Ministerio de Cultura, Prensa Hist\u00f3rica.<\/p>\n\n\n\n<p>(17) Bolet\u00edn Oficial de la Provincia de Ja\u00e9n de 12 de diciembre de 1947, p\u00e1gina 2200.<\/p>\n\n\n\n<p>(18) Bolet\u00edn Oficial del Estado de 4 de septiembre de 1952; n\u00famero 248, p\u00e1ginas 4040 y 4041.<\/p>\n\n\n\n<p>(19) Seg\u00fan el testimonio de su nieta, Mar\u00eda Dolores P\u00e9rez P\u00e9rez, hija de Juana P\u00e9rez Castro, la abuela In\u00e9s fallece el 22 de febrero de 1954, en C\u00f3rdoba, donde reposan sus restos en el cementerio de San Rafael.<\/p>\n\n\n\n<p>(20) Diario ABC, de 20 de febrero de 1956.<\/p>\n\n\n\n<p>(21) Recuerdos de su infancia y juventud de Mar\u00eda Dolores P\u00e9rez, hija de Juana P\u00e9rez Castro y de Ricardo Garc\u00eda P\u00e9rez, hijo de Rafaela P\u00e9rez Castro, ambos nietos de Jer\u00f3nimo P\u00e9rez y de In\u00e9s Castro.<\/p>\n\n\n\n<p>(22) Recuerdos de Manuel Alf\u00e9rez Alcal\u00e1, trabajador en su juventud en \u201cSanta Isabel. Manuel naci\u00f3 el 25 de abril de 1936\u201d.<\/p>\n\n\n\n<p>(23) Testimonio de Santiago Gal\u00e1n Osuna, hijo de Carmen Osuna Galiot \u201cLa Serrana\u201d.<\/p>\n\n\n\n<p>(24)&nbsp; Testimonio de Alfonsa Lozano Gal\u00e1n hija de Micaela Gal\u00e1n. Micaela y Antonio Lozano \u201cMu\u00f1eco\u201d tuvieron a Alfonsa, Pedro, Carmen y Francisco, este \u00faltimo naci\u00f3 cuando dejaron la caser\u00eda.<\/p>\n\n\n\n<p>&nbsp;(25) Recuerdos de Santiago Gal\u00e1n Osuna.<\/p>\n\n\n\n<p>(26) Jos\u00e9 P\u00e9rez falleci\u00f3 en Chiclana de la Frontera el 5 de febrero de 2000 cuando apenas hac\u00eda unos meses que se hab\u00edan mudado desde Marmolejo. Rosario Jim\u00e9nez&nbsp; nacida en C\u00f3rdoba, junto a la plaza de la Corredera, el 24 de octubre de 1930, falleci\u00f3 en Chiclana el 18 de abril de 2021. (Testimonio de su hijo Enrique).<\/p>\n\n\n\n<p>&nbsp;(27) Esta divisi\u00f3n de la finca se realiza seg\u00fan escritura particional realizada por Jer\u00f3nimo P\u00e9rez P\u00e9rez, en 1964.<\/p>\n\n\n\n<p><strong><u>Bibliograf\u00eda:<\/u><\/strong><\/p>\n\n\n\n<p>-Perales Sol\u00eds, Manuel:&nbsp; \u201cLa Villa de Marmolejo en el reinado de Alfonso XII\u201d. Edita:&nbsp; El autor. Imprenta Reca. Marmolejo 2002.<\/p>\n\n\n\n<p>-Perales Sol\u00eds, Manuel: \u201cLa Memoria Rescatada (1931-1951): 2\u00aa Rep\u00fablica, Guerra Civil y Postguerra en Marmolejo\u201d. Edita el autor. Imprime Gr\u00e1ficas Unigraf de Villa del R\u00edo, a\u00f1o de 2007.<\/p>\n\n\n\n<p>-Perales Sol\u00eds, Manuel. \u201cLas monter\u00edas en Sierra Morena: una cacer\u00eda en el Socor\u201d. Art\u00edculo publicado en la web \u201cEl lugar de Marmolejo\u201d, a\u00f1o 2015.<\/p>\n\n\n\n<p>-Moreno G\u00f3mez, Francisco: \u201cLa resistencia armada contra Franco\u201d. Editorial Cr\u00edtica, Barcelona, a\u00f1o 2001.<\/p>\n\n\n\n<p>-Araque Jim\u00e9nez, Eduardo y S\u00e1nchez Mart\u00ednez, Jos\u00e9: \u201cLa propiedad de los montes en Sierra Morena occidental (Ja\u00e9n), a trav\u00e9s de algunas fuentes documentales\u201d.&nbsp; Trabajo publicado en Revista \u201cElucidario\u201d, n\u00ba 1. Marzo 2006.<\/p>\n\n\n\n<p><\/p>\n","protected":false},"excerpt":{"rendered":"<p>Autor: Manuel Perales Sol\u00eds Fecha de publicaci\u00f3n: Diciembre de 2024. La hacienda agr\u00edcola de Santa Isabel, dedicada desde la segunda mitad del XIX principalmente al cultivo del olivo y de cereal al tercio, y con una peque\u00f1a extensi\u00f3n para huerta, ocupaba un lugar privilegiado en el f\u00e9rtil meandro que forma el Guadalquivir&nbsp; en la zona [&hellip;]<\/p>\n","protected":false},"author":1,"featured_media":0,"parent":0,"menu_order":0,"comment_status":"closed","ping_status":"closed","template":"","meta":{"footnotes":""},"class_list":["post-722","page","type-page","status-publish","hentry"],"yoast_head":"<!-- This site is optimized with the Yoast SEO plugin v25.2 - https:\/\/yoast.com\/wordpress\/plugins\/seo\/ -->\n<title>NUESTRO PATRIMONIO RURAL: LA CASER\u00cdA Y MOLINO DE SANTA ISABEL - El lugar de Marmolejo<\/title>\n<meta name=\"robots\" content=\"index, follow, max-snippet:-1, max-image-preview:large, max-video-preview:-1\" \/>\n<link rel=\"canonical\" href=\"https:\/\/lugardemarmolejo.es\/?page_id=722\" \/>\n<meta property=\"og:locale\" content=\"es_ES\" \/>\n<meta property=\"og:type\" content=\"article\" \/>\n<meta property=\"og:title\" content=\"NUESTRO PATRIMONIO RURAL: LA CASER\u00cdA Y MOLINO DE SANTA ISABEL - El lugar de Marmolejo\" \/>\n<meta property=\"og:description\" content=\"Autor: Manuel Perales Sol\u00eds Fecha de publicaci\u00f3n: Diciembre de 2024. La hacienda agr\u00edcola de Santa Isabel, dedicada desde la segunda mitad del XIX principalmente al cultivo del olivo y de cereal al tercio, y con una peque\u00f1a extensi\u00f3n para huerta, ocupaba un lugar privilegiado en el f\u00e9rtil meandro que forma el Guadalquivir&nbsp; en la zona [&hellip;]\" \/>\n<meta property=\"og:url\" content=\"https:\/\/lugardemarmolejo.es\/?page_id=722\" \/>\n<meta property=\"og:site_name\" content=\"El lugar de Marmolejo\" \/>\n<meta property=\"article:modified_time\" content=\"2025-04-01T11:54:15+00:00\" \/>\n<meta property=\"og:image\" content=\"https:\/\/lugardemarmolejo.es\/wp-content\/uploads\/2024\/12\/Santa-Isabel-Foto-1.jpg\" \/>\n\t<meta property=\"og:image:width\" content=\"1026\" \/>\n\t<meta property=\"og:image:height\" content=\"765\" \/>\n\t<meta property=\"og:image:type\" content=\"image\/jpeg\" \/>\n<meta name=\"twitter:card\" content=\"summary_large_image\" \/>\n<meta name=\"twitter:label1\" content=\"Tiempo de lectura\" \/>\n\t<meta name=\"twitter:data1\" content=\"36 minutos\" \/>\n<script type=\"application\/ld+json\" class=\"yoast-schema-graph\">{\"@context\":\"https:\/\/schema.org\",\"@graph\":[{\"@type\":\"WebPage\",\"@id\":\"https:\/\/lugardemarmolejo.es\/?page_id=722\",\"url\":\"https:\/\/lugardemarmolejo.es\/?page_id=722\",\"name\":\"NUESTRO PATRIMONIO RURAL: LA CASER\u00cdA Y MOLINO DE SANTA ISABEL - El lugar de Marmolejo\",\"isPartOf\":{\"@id\":\"https:\/\/lugardemarmolejo.es\/#website\"},\"primaryImageOfPage\":{\"@id\":\"https:\/\/lugardemarmolejo.es\/?page_id=722#primaryimage\"},\"image\":{\"@id\":\"https:\/\/lugardemarmolejo.es\/?page_id=722#primaryimage\"},\"thumbnailUrl\":\"https:\/\/lugardemarmolejo.es\/wp-content\/uploads\/2024\/12\/Santa-Isabel-Foto-1-1024x764.jpg\",\"datePublished\":\"2024-12-24T11:53:38+00:00\",\"dateModified\":\"2025-04-01T11:54:15+00:00\",\"breadcrumb\":{\"@id\":\"https:\/\/lugardemarmolejo.es\/?page_id=722#breadcrumb\"},\"inLanguage\":\"es\",\"potentialAction\":[{\"@type\":\"ReadAction\",\"target\":[\"https:\/\/lugardemarmolejo.es\/?page_id=722\"]}]},{\"@type\":\"ImageObject\",\"inLanguage\":\"es\",\"@id\":\"https:\/\/lugardemarmolejo.es\/?page_id=722#primaryimage\",\"url\":\"https:\/\/lugardemarmolejo.es\/wp-content\/uploads\/2024\/12\/Santa-Isabel-Foto-1.jpg\",\"contentUrl\":\"https:\/\/lugardemarmolejo.es\/wp-content\/uploads\/2024\/12\/Santa-Isabel-Foto-1.jpg\",\"width\":1026,\"height\":765},{\"@type\":\"BreadcrumbList\",\"@id\":\"https:\/\/lugardemarmolejo.es\/?page_id=722#breadcrumb\",\"itemListElement\":[{\"@type\":\"ListItem\",\"position\":1,\"name\":\"Portada\",\"item\":\"https:\/\/lugardemarmolejo.es\/\"},{\"@type\":\"ListItem\",\"position\":2,\"name\":\"NUESTRO PATRIMONIO RURAL: LA CASER\u00cdA Y MOLINO DE SANTA ISABEL\"}]},{\"@type\":\"WebSite\",\"@id\":\"https:\/\/lugardemarmolejo.es\/#website\",\"url\":\"https:\/\/lugardemarmolejo.es\/\",\"name\":\"El lugar de Marmolejo\",\"description\":\"\",\"potentialAction\":[{\"@type\":\"SearchAction\",\"target\":{\"@type\":\"EntryPoint\",\"urlTemplate\":\"https:\/\/lugardemarmolejo.es\/?s={search_term_string}\"},\"query-input\":{\"@type\":\"PropertyValueSpecification\",\"valueRequired\":true,\"valueName\":\"search_term_string\"}}],\"inLanguage\":\"es\"}]}<\/script>\n<!-- \/ Yoast SEO plugin. -->","yoast_head_json":{"title":"NUESTRO PATRIMONIO RURAL: LA CASER\u00cdA Y MOLINO DE SANTA ISABEL - El lugar de Marmolejo","robots":{"index":"index","follow":"follow","max-snippet":"max-snippet:-1","max-image-preview":"max-image-preview:large","max-video-preview":"max-video-preview:-1"},"canonical":"https:\/\/lugardemarmolejo.es\/?page_id=722","og_locale":"es_ES","og_type":"article","og_title":"NUESTRO PATRIMONIO RURAL: LA CASER\u00cdA Y MOLINO DE SANTA ISABEL - El lugar de Marmolejo","og_description":"Autor: Manuel Perales Sol\u00eds Fecha de publicaci\u00f3n: Diciembre de 2024. La hacienda agr\u00edcola de Santa Isabel, dedicada desde la segunda mitad del XIX principalmente al cultivo del olivo y de cereal al tercio, y con una peque\u00f1a extensi\u00f3n para huerta, ocupaba un lugar privilegiado en el f\u00e9rtil meandro que forma el Guadalquivir&nbsp; en la zona [&hellip;]","og_url":"https:\/\/lugardemarmolejo.es\/?page_id=722","og_site_name":"El lugar de Marmolejo","article_modified_time":"2025-04-01T11:54:15+00:00","og_image":[{"width":1026,"height":765,"url":"https:\/\/lugardemarmolejo.es\/wp-content\/uploads\/2024\/12\/Santa-Isabel-Foto-1.jpg","type":"image\/jpeg"}],"twitter_card":"summary_large_image","twitter_misc":{"Tiempo de lectura":"36 minutos"},"schema":{"@context":"https:\/\/schema.org","@graph":[{"@type":"WebPage","@id":"https:\/\/lugardemarmolejo.es\/?page_id=722","url":"https:\/\/lugardemarmolejo.es\/?page_id=722","name":"NUESTRO PATRIMONIO RURAL: LA CASER\u00cdA Y MOLINO DE SANTA ISABEL - El lugar de Marmolejo","isPartOf":{"@id":"https:\/\/lugardemarmolejo.es\/#website"},"primaryImageOfPage":{"@id":"https:\/\/lugardemarmolejo.es\/?page_id=722#primaryimage"},"image":{"@id":"https:\/\/lugardemarmolejo.es\/?page_id=722#primaryimage"},"thumbnailUrl":"https:\/\/lugardemarmolejo.es\/wp-content\/uploads\/2024\/12\/Santa-Isabel-Foto-1-1024x764.jpg","datePublished":"2024-12-24T11:53:38+00:00","dateModified":"2025-04-01T11:54:15+00:00","breadcrumb":{"@id":"https:\/\/lugardemarmolejo.es\/?page_id=722#breadcrumb"},"inLanguage":"es","potentialAction":[{"@type":"ReadAction","target":["https:\/\/lugardemarmolejo.es\/?page_id=722"]}]},{"@type":"ImageObject","inLanguage":"es","@id":"https:\/\/lugardemarmolejo.es\/?page_id=722#primaryimage","url":"https:\/\/lugardemarmolejo.es\/wp-content\/uploads\/2024\/12\/Santa-Isabel-Foto-1.jpg","contentUrl":"https:\/\/lugardemarmolejo.es\/wp-content\/uploads\/2024\/12\/Santa-Isabel-Foto-1.jpg","width":1026,"height":765},{"@type":"BreadcrumbList","@id":"https:\/\/lugardemarmolejo.es\/?page_id=722#breadcrumb","itemListElement":[{"@type":"ListItem","position":1,"name":"Portada","item":"https:\/\/lugardemarmolejo.es\/"},{"@type":"ListItem","position":2,"name":"NUESTRO PATRIMONIO RURAL: LA CASER\u00cdA Y MOLINO DE SANTA ISABEL"}]},{"@type":"WebSite","@id":"https:\/\/lugardemarmolejo.es\/#website","url":"https:\/\/lugardemarmolejo.es\/","name":"El lugar de Marmolejo","description":"","potentialAction":[{"@type":"SearchAction","target":{"@type":"EntryPoint","urlTemplate":"https:\/\/lugardemarmolejo.es\/?s={search_term_string}"},"query-input":{"@type":"PropertyValueSpecification","valueRequired":true,"valueName":"search_term_string"}}],"inLanguage":"es"}]}},"_links":{"self":[{"href":"https:\/\/lugardemarmolejo.es\/index.php?rest_route=\/wp\/v2\/pages\/722","targetHints":{"allow":["GET"]}}],"collection":[{"href":"https:\/\/lugardemarmolejo.es\/index.php?rest_route=\/wp\/v2\/pages"}],"about":[{"href":"https:\/\/lugardemarmolejo.es\/index.php?rest_route=\/wp\/v2\/types\/page"}],"author":[{"embeddable":true,"href":"https:\/\/lugardemarmolejo.es\/index.php?rest_route=\/wp\/v2\/users\/1"}],"replies":[{"embeddable":true,"href":"https:\/\/lugardemarmolejo.es\/index.php?rest_route=%2Fwp%2Fv2%2Fcomments&post=722"}],"version-history":[{"count":26,"href":"https:\/\/lugardemarmolejo.es\/index.php?rest_route=\/wp\/v2\/pages\/722\/revisions"}],"predecessor-version":[{"id":797,"href":"https:\/\/lugardemarmolejo.es\/index.php?rest_route=\/wp\/v2\/pages\/722\/revisions\/797"}],"wp:attachment":[{"href":"https:\/\/lugardemarmolejo.es\/index.php?rest_route=%2Fwp%2Fv2%2Fmedia&parent=722"}],"curies":[{"name":"wp","href":"https:\/\/api.w.org\/{rel}","templated":true}]}}