{"id":645,"date":"2024-04-04T07:10:57","date_gmt":"2024-04-04T07:10:57","guid":{"rendered":"https:\/\/lugardemarmolejo.es\/?page_id=645"},"modified":"2024-04-05T19:29:07","modified_gmt":"2024-04-05T19:29:07","slug":"sendero-de-las-flores","status":"publish","type":"page","link":"https:\/\/lugardemarmolejo.es\/?page_id=645","title":{"rendered":"Sendero de las Flores"},"content":{"rendered":"\n<h1 class=\"wp-block-heading\"><\/h1>\n\n\n\n<h4 class=\"wp-block-heading\">-Ricardo Fern\u00e1ndez Perales-<\/h4>\n\n\n\n<p><em><strong>Fotograf\u00edas: Ricardo Fern\u00e1ndez y Carmelo Bar\u00f3n<\/strong><\/em><\/p>\n\n\n\n<figure class=\"wp-block-image\"><img decoding=\"async\" src=\"https:\/\/static.wixstatic.com\/media\/7e23fc_5c056547cb744f719715331bf2fb493d~mv2.jpg\/v1\/fill\/w_596,h_360,al_c,q_80,usm_0.66_1.00_0.01,enc_auto\/7e23fc_5c056547cb744f719715331bf2fb493d~mv2.jpg\" alt=\"\"\/><\/figure>\n\n\n\n<p>Ruta circular de dificultad moderada, de 5 km que empieza a la entrada de la Finca de la Dehesilla. A esta se accede desde la carretera por la que discurre el sendero GR-48, a trav\u00e9s de un camino con servidumbre de paso por la finca de Valdeleches. Desde ese punto, justo en la segunda verja, salimos bordeando la malla met\u00e1lica que separa ambas fincas, buscando una edificaci\u00f3n que se sit\u00faa en un cerro al Sur del recorrido, llamado El Castillejo. Muy cerca de esta casa, encontraremos los restos de una antigua calera, y justo despu\u00e9s una fuerte bajada hacia el Oeste. No es de dificultad, sin embargo puede suponer alg\u00fan impedimento para personas con movilidad reducida, ni\u00f1os o personas mayores. Por ello se ha marcado el recorrido como moderado, ya que tanto el tramo de subida como de bajada pueden resultar una sorpresa para gente sin ninguna experiencia.<\/p>\n\n\n\n<p>\u200b<\/p>\n\n\n\n<p>\u200bUna vez acabado el descenso, al encontrar un abrevadero, se contin\u00faa por una zona de dehesa hasta llegar a una cola del pantano del Yeguas. Desde ese punto, se puede optar por mantener la altitud, buscando el bordeo del embalse, o ganarla en direcci\u00f3n al cerro desde el que podremos disfrutar de unas espectaculares vistas del entorno y de restos de trincheras y refugios construidos durante la Guerra Civil. Se continuar\u00e1 bordeando la casa rural de La Dehesilla, justo por debajo de las edificaciones.<\/p>\n\n\n\n<p>Las mejores vistas panor\u00e1micas de la ruta las disfrutamos al subir la parte de desnivel m\u00e1s pronunciado. Desde donde divisaremos gran parte del embalse del Yeguas.<\/p>\n\n\n<div class=\"wp-block-image\">\n<figure class=\"alignleft is-resized\"><img decoding=\"async\" src=\"https:\/\/static.wixstatic.com\/media\/7e23fc_edc83ad2f7294831a8108782ca93dd20~mv2.jpg\/v1\/fill\/w_467,h_350,al_c,q_80,usm_0.66_1.00_0.01,enc_auto\/7e23fc_edc83ad2f7294831a8108782ca93dd20~mv2.jpg\" alt=\"\" style=\"width:407px;height:auto\"\/><figcaption class=\"wp-element-caption\"><strong>Inicio del sendero, portada de la finca La Dehesilla<\/strong><\/figcaption><\/figure>\n<\/div>\n\n<div class=\"wp-block-image\">\n<figure class=\"alignleft is-resized\"><img decoding=\"async\" src=\"https:\/\/static.wixstatic.com\/media\/7e23fc_4e0b554b97ed4bafbd650fb8a4db240c~mv2.jpg\/v1\/fill\/w_467,h_350,al_c,q_80,usm_0.66_1.00_0.01,enc_auto\/7e23fc_4e0b554b97ed4bafbd650fb8a4db240c~mv2.jpg\" alt=\"\" style=\"width:407px;height:auto\"\/><figcaption class=\"wp-element-caption\"><strong>Panor\u00e1micas del embalse del Yeguas desde La Dehesilla<\/strong><\/figcaption><\/figure>\n<\/div>\n\n<div class=\"wp-block-image\">\n<figure class=\"alignleft is-resized\"><img decoding=\"async\" src=\"https:\/\/static.wixstatic.com\/media\/7e23fc_9b2c37d31f074965b8aa3f8210910ce4~mv2.jpg\/v1\/fill\/w_467,h_356,al_c,q_80,usm_0.66_1.00_0.01,enc_auto\/7e23fc_9b2c37d31f074965b8aa3f8210910ce4~mv2.jpg\" alt=\"\" style=\"width:409px;height:auto\"\/><\/figure>\n<\/div>\n\n<div class=\"wp-block-image\">\n<figure class=\"alignleft is-resized\"><img decoding=\"async\" src=\"https:\/\/static.wixstatic.com\/media\/7e23fc_8728b2447f3e46ac9ece4efe5b5ff75c~mv2.jpg\/v1\/fill\/w_466,h_356,al_c,q_80,usm_0.66_1.00_0.01,enc_auto\/7e23fc_8728b2447f3e46ac9ece4efe5b5ff75c~mv2.jpg\" alt=\"\" style=\"width:404px;height:auto\"\/><\/figure>\n<\/div>\n\n<div class=\"wp-block-image\">\n<figure class=\"alignleft is-resized\"><img decoding=\"async\" src=\"https:\/\/static.wixstatic.com\/media\/7e23fc_f12212e3c76045919eec7228302c3249~mv2.jpg\/v1\/fill\/w_467,h_349,al_c,q_80,usm_0.66_1.00_0.01,enc_auto\/7e23fc_f12212e3c76045919eec7228302c3249~mv2.jpg\" alt=\"\" style=\"width:406px;height:auto\"\/><figcaption class=\"wp-element-caption\"><strong>Panor\u00e1mica embalse del Yeguas y Sierra Morena al fondo desde un tramo de la ruta<\/strong><\/figcaption><\/figure>\n<\/div>\n\n<div class=\"wp-block-image\">\n<figure class=\"alignleft is-resized\"><img decoding=\"async\" src=\"https:\/\/static.wixstatic.com\/media\/7e23fc_b609d8df188e4cc981288c0ad392e2af~mv2.jpg\/v1\/fill\/w_470,h_350,al_c,q_80,usm_0.66_1.00_0.01,enc_auto\/7e23fc_b609d8df188e4cc981288c0ad392e2af~mv2.jpg\" alt=\"\" style=\"width:407px;height:auto\"\/><\/figure>\n<\/div>\n\n\n<p><strong>Embalse del rio Yeguas, al fondo finca del Piruetanar<\/strong><\/p>\n\n\n\n<p><\/p>\n\n\n\n<p>El resto del camino discurre por una pista de tierra, que acaba justo en el lugar de comienzo del sendero.<br>En definitiva, es un agradable paseo, que desde Septiembre a Junio preferiblemente, y especialmente durante la floraci\u00f3n de primavera, puede dar grandes satisfacciones a casi todo tipo de p\u00fablico. En esta \u00e9poca, la dehesilla se convierte en un lugar paradis\u00edaco, donde las praderas se llenan de colores y olores.<br>No hay acceso a agua potable en todo el recorrido.<\/p>\n\n\n<div class=\"wp-block-image\">\n<figure class=\"alignleft is-resized\"><img decoding=\"async\" src=\"https:\/\/static.wixstatic.com\/media\/7e23fc_006836c96da84215a86678ceda15753d~mv2.jpg\/v1\/fill\/w_463,h_348,al_c,q_80,usm_0.66_1.00_0.01,enc_auto\/7e23fc_006836c96da84215a86678ceda15753d~mv2.jpg\" alt=\"\" style=\"width:410px;height:auto\"\/><\/figure>\n<\/div>\n\n<div class=\"wp-block-image\">\n<figure class=\"alignleft is-resized\"><img decoding=\"async\" src=\"https:\/\/static.wixstatic.com\/media\/7e23fc_8778211fb235475ca23f69ff85937388~mv2.jpg\/v1\/fill\/w_450,h_348,al_c,q_80,usm_0.66_1.00_0.01,enc_auto\/7e23fc_8778211fb235475ca23f69ff85937388~mv2.jpg\" alt=\"\" style=\"width:399px;height:auto\"\/><\/figure>\n<\/div>\n\n\n<p><strong>Atardecer en el punto m\u00e1s alto del sendero<\/strong><\/p>\n\n\n<div class=\"wp-block-image\">\n<figure class=\"alignleft is-resized\"><img decoding=\"async\" src=\"https:\/\/static.wixstatic.com\/media\/7e23fc_2845473a0677406a96d4ef30d76f881a~mv2.jpg\/v1\/fill\/w_463,h_348,al_c,q_80,usm_0.66_1.00_0.01,enc_auto\/7e23fc_2845473a0677406a96d4ef30d76f881a~mv2.jpg\" alt=\"\" style=\"width:412px;height:auto\"\/><figcaption class=\"wp-element-caption\"><strong>Atardeceres en el embalse del Yeguas<\/strong><\/figcaption><\/figure>\n<\/div>\n\n<div class=\"wp-block-image\">\n<figure class=\"alignleft is-resized\"><img decoding=\"async\" src=\"https:\/\/static.wixstatic.com\/media\/7e23fc_9bf76ab1d5724a36a257df0f9b291a52~mv2.jpg\/v1\/fill\/w_450,h_348,al_c,q_80,usm_0.66_1.00_0.01,enc_auto\/7e23fc_9bf76ab1d5724a36a257df0f9b291a52~mv2.jpg\" alt=\"\" style=\"width:399px;height:auto\"\/><\/figure>\n<\/div>\n\n\n<p><\/p>\n\n\n\n<p><\/p>\n\n\n\n<p><strong>Vegetaci\u00f3n y entorno:<\/strong><br>La Dehesilla, \u00a0entorno por donde discurre esta ruta, se encuentra rodeada por fincas de enorme valor ecol\u00f3gico y cineg\u00e9tico: la finca de Valdeleches, destinada a la explotaci\u00f3n cineg\u00e9tica y a ganado vacuno, y El Baldio, tambi\u00e9n de propiedad municipal.<br>Se trata de un lugar donde se alternan zonas t\u00edpicas del \u00a0bosque mediterr\u00e1neo \u00a0y zonas de dehesa. En realidad, podemos definirlo como encinar adehesado, ya que el hombre ha ido modific\u00e1ndolo y aclar\u00e1ndolo para obtener espacios abiertos con arbolado disperso, con el fin de aumentar la superficie de pastizales para alimentar as\u00ed a los ganados. Todo ello con el espectacular paisaje de fondo del embalse del Yeguas.<br>El \u00e1rbol predominante es la encina (Quercus ilex subsp. Ballota), que forma encinares de gran importancia ecol\u00f3gica, aunque no se trata de encinas de gran antig\u00fcedad, ya que todos estos montes fueron muy castigados por el hombre en el siglo pasado para la elaboraci\u00f3n de carb\u00f3n.<br>Entre encinas aparecen acebuches y matorrales propios del bosque mediterr\u00e1neo como la jara, el romero, cantueso, coscoja, brezo blanco, retama, lentisco, madro\u00f1o, mirto, torvisco, rusco\u2026<\/p>\n\n\n<div class=\"wp-block-image\">\n<figure class=\"alignleft is-resized\"><img decoding=\"async\" src=\"https:\/\/static.wixstatic.com\/media\/7e23fc_de24122fc62f4f4aa2d024401988790d~mv2.jpg\/v1\/fill\/w_498,h_374,al_c,q_80,usm_0.66_1.00_0.01,enc_auto\/7e23fc_de24122fc62f4f4aa2d024401988790d~mv2.jpg\" alt=\"\" style=\"width:403px;height:auto\"\/><figcaption class=\"wp-element-caption\"><strong>Cantueso en flor (Lavandula stoechas)<\/strong><\/figcaption><\/figure>\n<\/div>\n\n<div class=\"wp-block-image\">\n<figure class=\"alignleft is-resized\"><img decoding=\"async\" src=\"https:\/\/static.wixstatic.com\/media\/7e23fc_f52306de9f6049eca3cb128712f7951f~mv2.jpg\/v1\/fill\/w_431,h_566,al_c,q_80,usm_0.66_1.00_0.01,enc_auto\/7e23fc_f52306de9f6049eca3cb128712f7951f~mv2.jpg\" alt=\"\" style=\"width:411px;height:auto\"\/><\/figure>\n<\/div>\n\n\n<p>\u200bEn cuanto al estrato herb\u00e1ceo la variedad de especies es ampl\u00edsima, de ah\u00ed que el nombre de esta ruta sea de las flores. Podemos destacar especies como &nbsp;la lenguaza, el gam\u00f3n, marrubio, lengua de buey, amapola, margaritas, jaramagos, candilera o matagallo, cebolla albarrana, tomillo o mejorana entre otras muchas m\u00e1s.<\/p>\n\n\n<div class=\"wp-block-image\">\n<figure class=\"alignleft is-resized\"><img decoding=\"async\" src=\"https:\/\/static.wixstatic.com\/media\/7e23fc_38165d19cf4740eaa220426167caf200~mv2.jpg\/v1\/fill\/w_498,h_373,al_c,q_80,usm_0.66_1.00_0.01,enc_auto\/7e23fc_38165d19cf4740eaa220426167caf200~mv2.jpg\" alt=\"\" style=\"width:409px;height:auto\"\/><figcaption class=\"wp-element-caption\"><strong>Jara en flor<\/strong><\/figcaption><\/figure>\n<\/div>\n\n<div class=\"wp-block-image\">\n<figure class=\"alignleft is-resized\"><img decoding=\"async\" src=\"https:\/\/static.wixstatic.com\/media\/7e23fc_f1a9f1e6507446e8ad962f227cdc9b96~mv2.jpg\/v1\/fill\/w_498,h_377,al_c,q_80,usm_0.66_1.00_0.01,enc_auto\/7e23fc_f1a9f1e6507446e8ad962f227cdc9b96~mv2.jpg\" alt=\"\" style=\"width:401px;height:auto\"\/><figcaption class=\"wp-element-caption\"><strong>Manto floral primaveral en un tramo del sendero<\/strong><\/figcaption><\/figure>\n<\/div>\n\n\n<p><strong>Gam\u00f3n en flor<\/strong><\/p>\n\n\n\n<p>En cuanto a la fauna, la dehesilla se trata de un lugar de vital importancia por ser lugar de tr\u00e1nsito de especies &nbsp;en peligro de extinci\u00f3n como el lince ib\u00e9rico, buitre negro, cig\u00fce\u00f1a negra o \u00e1guila imperial. Adem\u00e1s de cobijar especies como gineta, meloncillo, &nbsp;tej\u00f3n, comadreja, jabal\u00ed, zorro, &nbsp;e incluso el lince ib\u00e9rico. Aves rapaces tan emblem\u00e1ticas con el \u00e1guila real, &nbsp;azor \u00e1guila culebrera o milano negro, y nocturnas como el b\u00faho real, mochuelo, autillo, c\u00e1rabo o lechuza. Es igualmente posible observar al alimoche en \u00e9poca de migraci\u00f3n y &nbsp;al halc\u00f3n peregrino.&nbsp;<\/p>\n\n\n<div class=\"wp-block-image\">\n<figure class=\"alignleft is-resized\"><img decoding=\"async\" src=\"https:\/\/static.wixstatic.com\/media\/7e23fc_fb95331718114959b3a66c78b9ae5972~mv2.jpg\/v1\/fill\/w_431,h_273,al_c,lg_1,q_80,enc_auto\/7e23fc_fb95331718114959b3a66c78b9ae5972~mv2.jpg\" alt=\"\" style=\"width:424px;height:auto\"\/><figcaption class=\"wp-element-caption\"><strong>Lince ib\u00e9rico<\/strong><\/figcaption><\/figure>\n<\/div>\n\n<div class=\"wp-block-image\">\n<figure class=\"alignleft is-resized\"><img decoding=\"async\" src=\"https:\/\/static.wixstatic.com\/media\/7e23fc_f6f0ca2cc1a140b98530c57de43f326c~mv2.jpg\/v1\/fill\/w_336,h_233,al_c,q_80,usm_0.66_1.00_0.01,enc_auto\/7e23fc_f6f0ca2cc1a140b98530c57de43f326c~mv2.jpg\" alt=\"\" style=\"width:387px;height:auto\"\/><figcaption class=\"wp-element-caption\"><strong>Pareja de mariposas del madro\u00f1o realizando la c\u00f3pula<\/strong><\/figcaption><\/figure>\n<\/div>\n\n<div class=\"wp-block-image\">\n<figure class=\"alignleft is-resized\"><img decoding=\"async\" src=\"https:\/\/static.wixstatic.com\/media\/7e23fc_ec7d4042add94977ad9310a39dfe08fa~mv2.jpg\/v1\/fill\/w_289,h_232,al_c,q_80,usm_0.66_1.00_0.01,enc_auto\/7e23fc_ec7d4042add94977ad9310a39dfe08fa~mv2.jpg\" alt=\"\" style=\"width:427px;height:auto\"\/><figcaption class=\"wp-element-caption\"><strong>Mariposa sobre la flor de la lenguaza (Echium plantagineum)<\/strong><\/figcaption><\/figure>\n<\/div>\n\n\n<p>\u200bLa &nbsp;comunidad de anfibios y reptiles, tambi\u00e9n posee una notable diversidad. Destacan por su singularidad o rareza el &nbsp;trit\u00f3n ib\u00e9rico, la salamandra, el sapo partero ib\u00e9rico, el gal\u00e1pago &nbsp;europeo, el lagarto ocelado y culebras como la de collar, bastarda o de escalera.<br>La bogardilla, uno de los peces que viven en los r\u00edos y &nbsp;embalses del parque Sierra de And\u00fajar, es una especie amenazada que despierta especial &nbsp;inter\u00e9s por existir \u00fanicamente en la provincia de Ja\u00e9n, en las aguas del &nbsp;J\u00e1ndula, Rumblar, Robledo y Guadalquivir.<\/p>\n\n\n<div class=\"wp-block-image\">\n<figure class=\"alignleft size-full is-resized\"><img fetchpriority=\"high\" decoding=\"async\" width=\"310\" height=\"233\" src=\"https:\/\/lugardemarmolejo.es\/wp-content\/uploads\/2024\/04\/image.png\" alt=\"\" class=\"wp-image-648\" style=\"width:383px;height:auto\" srcset=\"https:\/\/lugardemarmolejo.es\/wp-content\/uploads\/2024\/04\/image.png 310w, https:\/\/lugardemarmolejo.es\/wp-content\/uploads\/2024\/04\/image-300x225.png 300w\" sizes=\"(max-width: 310px) 100vw, 310px\" \/><\/figure>\n<\/div>\n\n\n<p><\/p>\n","protected":false},"excerpt":{"rendered":"<p>-Ricardo Fern\u00e1ndez Perales- Fotograf\u00edas: Ricardo Fern\u00e1ndez y Carmelo Bar\u00f3n Ruta circular de dificultad moderada, de 5 km que empieza a la entrada de la Finca de la Dehesilla. A esta se accede desde la carretera por la que discurre el sendero GR-48, a trav\u00e9s de un camino con servidumbre de paso por la finca de [&hellip;]<\/p>\n","protected":false},"author":1,"featured_media":0,"parent":0,"menu_order":0,"comment_status":"closed","ping_status":"closed","template":"","meta":{"footnotes":""},"class_list":["post-645","page","type-page","status-publish","hentry"],"yoast_head":"<!-- This site is optimized with the Yoast SEO plugin v25.2 - https:\/\/yoast.com\/wordpress\/plugins\/seo\/ -->\n<title>Sendero de las Flores - El lugar de Marmolejo<\/title>\n<meta name=\"robots\" content=\"index, follow, max-snippet:-1, max-image-preview:large, max-video-preview:-1\" \/>\n<link rel=\"canonical\" href=\"https:\/\/lugardemarmolejo.es\/?page_id=645\" \/>\n<meta property=\"og:locale\" content=\"es_ES\" \/>\n<meta property=\"og:type\" content=\"article\" \/>\n<meta property=\"og:title\" content=\"Sendero de las Flores - El lugar de Marmolejo\" \/>\n<meta property=\"og:description\" content=\"-Ricardo Fern\u00e1ndez Perales- Fotograf\u00edas: Ricardo Fern\u00e1ndez y Carmelo Bar\u00f3n Ruta circular de dificultad moderada, de 5 km que empieza a la entrada de la Finca de la Dehesilla. A esta se accede desde la carretera por la que discurre el sendero GR-48, a trav\u00e9s de un camino con servidumbre de paso por la finca de [&hellip;]\" \/>\n<meta property=\"og:url\" content=\"https:\/\/lugardemarmolejo.es\/?page_id=645\" \/>\n<meta property=\"og:site_name\" content=\"El lugar de Marmolejo\" \/>\n<meta property=\"article:modified_time\" content=\"2024-04-05T19:29:07+00:00\" \/>\n<meta property=\"og:image\" content=\"https:\/\/static.wixstatic.com\/media\/7e23fc_5c056547cb744f719715331bf2fb493d~mv2.jpg\/v1\/fill\/w_596,h_360,al_c,q_80,usm_0.66_1.00_0.01,enc_auto\/7e23fc_5c056547cb744f719715331bf2fb493d~mv2.jpg\" \/>\n<meta name=\"twitter:card\" content=\"summary_large_image\" \/>\n<meta name=\"twitter:label1\" content=\"Tiempo de lectura\" \/>\n\t<meta name=\"twitter:data1\" content=\"8 minutos\" \/>\n<script type=\"application\/ld+json\" class=\"yoast-schema-graph\">{\"@context\":\"https:\/\/schema.org\",\"@graph\":[{\"@type\":\"WebPage\",\"@id\":\"https:\/\/lugardemarmolejo.es\/?page_id=645\",\"url\":\"https:\/\/lugardemarmolejo.es\/?page_id=645\",\"name\":\"Sendero de las Flores - El lugar de Marmolejo\",\"isPartOf\":{\"@id\":\"https:\/\/lugardemarmolejo.es\/#website\"},\"primaryImageOfPage\":{\"@id\":\"https:\/\/lugardemarmolejo.es\/?page_id=645#primaryimage\"},\"image\":{\"@id\":\"https:\/\/lugardemarmolejo.es\/?page_id=645#primaryimage\"},\"thumbnailUrl\":\"https:\/\/static.wixstatic.com\/media\/7e23fc_5c056547cb744f719715331bf2fb493d~mv2.jpg\/v1\/fill\/w_596,h_360,al_c,q_80,usm_0.66_1.00_0.01,enc_auto\/7e23fc_5c056547cb744f719715331bf2fb493d~mv2.jpg\",\"datePublished\":\"2024-04-04T07:10:57+00:00\",\"dateModified\":\"2024-04-05T19:29:07+00:00\",\"breadcrumb\":{\"@id\":\"https:\/\/lugardemarmolejo.es\/?page_id=645#breadcrumb\"},\"inLanguage\":\"es\",\"potentialAction\":[{\"@type\":\"ReadAction\",\"target\":[\"https:\/\/lugardemarmolejo.es\/?page_id=645\"]}]},{\"@type\":\"ImageObject\",\"inLanguage\":\"es\",\"@id\":\"https:\/\/lugardemarmolejo.es\/?page_id=645#primaryimage\",\"url\":\"https:\/\/static.wixstatic.com\/media\/7e23fc_5c056547cb744f719715331bf2fb493d~mv2.jpg\/v1\/fill\/w_596,h_360,al_c,q_80,usm_0.66_1.00_0.01,enc_auto\/7e23fc_5c056547cb744f719715331bf2fb493d~mv2.jpg\",\"contentUrl\":\"https:\/\/static.wixstatic.com\/media\/7e23fc_5c056547cb744f719715331bf2fb493d~mv2.jpg\/v1\/fill\/w_596,h_360,al_c,q_80,usm_0.66_1.00_0.01,enc_auto\/7e23fc_5c056547cb744f719715331bf2fb493d~mv2.jpg\"},{\"@type\":\"BreadcrumbList\",\"@id\":\"https:\/\/lugardemarmolejo.es\/?page_id=645#breadcrumb\",\"itemListElement\":[{\"@type\":\"ListItem\",\"position\":1,\"name\":\"Portada\",\"item\":\"https:\/\/lugardemarmolejo.es\/\"},{\"@type\":\"ListItem\",\"position\":2,\"name\":\"Sendero de las Flores\"}]},{\"@type\":\"WebSite\",\"@id\":\"https:\/\/lugardemarmolejo.es\/#website\",\"url\":\"https:\/\/lugardemarmolejo.es\/\",\"name\":\"El lugar de Marmolejo\",\"description\":\"\",\"potentialAction\":[{\"@type\":\"SearchAction\",\"target\":{\"@type\":\"EntryPoint\",\"urlTemplate\":\"https:\/\/lugardemarmolejo.es\/?s={search_term_string}\"},\"query-input\":{\"@type\":\"PropertyValueSpecification\",\"valueRequired\":true,\"valueName\":\"search_term_string\"}}],\"inLanguage\":\"es\"}]}<\/script>\n<!-- \/ Yoast SEO plugin. -->","yoast_head_json":{"title":"Sendero de las Flores - El lugar de Marmolejo","robots":{"index":"index","follow":"follow","max-snippet":"max-snippet:-1","max-image-preview":"max-image-preview:large","max-video-preview":"max-video-preview:-1"},"canonical":"https:\/\/lugardemarmolejo.es\/?page_id=645","og_locale":"es_ES","og_type":"article","og_title":"Sendero de las Flores - El lugar de Marmolejo","og_description":"-Ricardo Fern\u00e1ndez Perales- Fotograf\u00edas: Ricardo Fern\u00e1ndez y Carmelo Bar\u00f3n Ruta circular de dificultad moderada, de 5 km que empieza a la entrada de la Finca de la Dehesilla. A esta se accede desde la carretera por la que discurre el sendero GR-48, a trav\u00e9s de un camino con servidumbre de paso por la finca de [&hellip;]","og_url":"https:\/\/lugardemarmolejo.es\/?page_id=645","og_site_name":"El lugar de Marmolejo","article_modified_time":"2024-04-05T19:29:07+00:00","og_image":[{"url":"https:\/\/static.wixstatic.com\/media\/7e23fc_5c056547cb744f719715331bf2fb493d~mv2.jpg\/v1\/fill\/w_596,h_360,al_c,q_80,usm_0.66_1.00_0.01,enc_auto\/7e23fc_5c056547cb744f719715331bf2fb493d~mv2.jpg","type":"","width":"","height":""}],"twitter_card":"summary_large_image","twitter_misc":{"Tiempo de lectura":"8 minutos"},"schema":{"@context":"https:\/\/schema.org","@graph":[{"@type":"WebPage","@id":"https:\/\/lugardemarmolejo.es\/?page_id=645","url":"https:\/\/lugardemarmolejo.es\/?page_id=645","name":"Sendero de las Flores - El lugar de Marmolejo","isPartOf":{"@id":"https:\/\/lugardemarmolejo.es\/#website"},"primaryImageOfPage":{"@id":"https:\/\/lugardemarmolejo.es\/?page_id=645#primaryimage"},"image":{"@id":"https:\/\/lugardemarmolejo.es\/?page_id=645#primaryimage"},"thumbnailUrl":"https:\/\/static.wixstatic.com\/media\/7e23fc_5c056547cb744f719715331bf2fb493d~mv2.jpg\/v1\/fill\/w_596,h_360,al_c,q_80,usm_0.66_1.00_0.01,enc_auto\/7e23fc_5c056547cb744f719715331bf2fb493d~mv2.jpg","datePublished":"2024-04-04T07:10:57+00:00","dateModified":"2024-04-05T19:29:07+00:00","breadcrumb":{"@id":"https:\/\/lugardemarmolejo.es\/?page_id=645#breadcrumb"},"inLanguage":"es","potentialAction":[{"@type":"ReadAction","target":["https:\/\/lugardemarmolejo.es\/?page_id=645"]}]},{"@type":"ImageObject","inLanguage":"es","@id":"https:\/\/lugardemarmolejo.es\/?page_id=645#primaryimage","url":"https:\/\/static.wixstatic.com\/media\/7e23fc_5c056547cb744f719715331bf2fb493d~mv2.jpg\/v1\/fill\/w_596,h_360,al_c,q_80,usm_0.66_1.00_0.01,enc_auto\/7e23fc_5c056547cb744f719715331bf2fb493d~mv2.jpg","contentUrl":"https:\/\/static.wixstatic.com\/media\/7e23fc_5c056547cb744f719715331bf2fb493d~mv2.jpg\/v1\/fill\/w_596,h_360,al_c,q_80,usm_0.66_1.00_0.01,enc_auto\/7e23fc_5c056547cb744f719715331bf2fb493d~mv2.jpg"},{"@type":"BreadcrumbList","@id":"https:\/\/lugardemarmolejo.es\/?page_id=645#breadcrumb","itemListElement":[{"@type":"ListItem","position":1,"name":"Portada","item":"https:\/\/lugardemarmolejo.es\/"},{"@type":"ListItem","position":2,"name":"Sendero de las Flores"}]},{"@type":"WebSite","@id":"https:\/\/lugardemarmolejo.es\/#website","url":"https:\/\/lugardemarmolejo.es\/","name":"El lugar de Marmolejo","description":"","potentialAction":[{"@type":"SearchAction","target":{"@type":"EntryPoint","urlTemplate":"https:\/\/lugardemarmolejo.es\/?s={search_term_string}"},"query-input":{"@type":"PropertyValueSpecification","valueRequired":true,"valueName":"search_term_string"}}],"inLanguage":"es"}]}},"_links":{"self":[{"href":"https:\/\/lugardemarmolejo.es\/index.php?rest_route=\/wp\/v2\/pages\/645","targetHints":{"allow":["GET"]}}],"collection":[{"href":"https:\/\/lugardemarmolejo.es\/index.php?rest_route=\/wp\/v2\/pages"}],"about":[{"href":"https:\/\/lugardemarmolejo.es\/index.php?rest_route=\/wp\/v2\/types\/page"}],"author":[{"embeddable":true,"href":"https:\/\/lugardemarmolejo.es\/index.php?rest_route=\/wp\/v2\/users\/1"}],"replies":[{"embeddable":true,"href":"https:\/\/lugardemarmolejo.es\/index.php?rest_route=%2Fwp%2Fv2%2Fcomments&post=645"}],"version-history":[{"count":2,"href":"https:\/\/lugardemarmolejo.es\/index.php?rest_route=\/wp\/v2\/pages\/645\/revisions"}],"predecessor-version":[{"id":649,"href":"https:\/\/lugardemarmolejo.es\/index.php?rest_route=\/wp\/v2\/pages\/645\/revisions\/649"}],"wp:attachment":[{"href":"https:\/\/lugardemarmolejo.es\/index.php?rest_route=%2Fwp%2Fv2%2Fmedia&parent=645"}],"curies":[{"name":"wp","href":"https:\/\/api.w.org\/{rel}","templated":true}]}}