{"id":548,"date":"2024-01-25T06:25:41","date_gmt":"2024-01-25T06:25:41","guid":{"rendered":"https:\/\/lugardemarmolejo.es\/?page_id=548"},"modified":"2025-06-09T20:27:05","modified_gmt":"2025-06-09T20:27:05","slug":"el-altozano-del-coso-a-finales-del-xix","status":"publish","type":"page","link":"https:\/\/lugardemarmolejo.es\/?page_id=548","title":{"rendered":"El altozano del Coso a finales del XIX"},"content":{"rendered":"\n<h1 class=\"wp-block-heading\"><\/h1>\n\n\n\n<h4 class=\"wp-block-heading\">-Manuel Perales Sol\u00eds-<\/h4>\n\n\n\n<p>Ya nos referimos a esta plaza en el art\u00edculo sobre la casa de los Condes de Villaverde la Alta, edificio de gran empaque que la presidi\u00f3 durante muchos a\u00f1os desde su flanco oriental. Hacia principios del XX, la plaza fue rebautizada como &nbsp;Altozano de los Condes de Villaverde en homenaje al arist\u00f3crata benefactor Teodoro Martel Fern\u00e1ndez de C\u00f3rdoba y su esposa Mar\u00eda Teresa &nbsp;Bernuy, sexta condesa.<br>&nbsp; &nbsp; &nbsp;Tenemos noticias de los inmuebles m\u00e1s importantes que conformaron este espacio urbano gracias a un documento in\u00e9dito que he tenido ocasi\u00f3n de analizar gracias a la generosidad de D. Jos\u00e9 Darnaude &nbsp;y D. Jaime Rodr\u00edguez nietos de D\u00f1a. Catalina Navarro Parras y tataranietos de Jos\u00e9 Domingo Navarro Salcedo, propietario &nbsp;perteneciente a la burgues\u00eda agraria arjonera que acabar\u00eda &nbsp; comprando &nbsp;una parte importante de los bienes, tanto r\u00fasticos como urbanos, de los condes de Villaverde la Alta en nuestro t\u00e9rmino municipal. Se trata de la escritura de compraventa de las 41 fincas (dos de ellas urbanas) que adquiri\u00f3 el tal Jos\u00e9 Domingo Navarro Salcedo, en noviembre de 1903, &nbsp;a los hermanos Agust\u00edn y Leonardo Brocheton y Muguruza, este \u00faltimo banquero de origen vasco afincado en Par\u00eds. Fueron en total unas 14000 plantas (entre olivos viejos y estacas) y una cifra cercana a las 200 hect\u00e1reas de tierra. &nbsp;<\/p>\n\n\n\n<p>Gracias a este documento sabemos que los citados hermanos, seguramente antiguos acreedores del conde consorte, hab\u00edan adquirido gran parte de sus posesiones en Marmolejo &nbsp;en &nbsp;virtud de un acto ejecutoriado de fecha 14 de junio de 1897, dictado por el juzgado de primera instancia del distrito de la Inclusa de Madrid, en el juicio ejecutivo que los Brocheton siguieron &nbsp;contra Teodoro Martel, por esas fechas ya viudo y residente en Madrid. En el lote de propiedades que ambos hermanos &nbsp;hab\u00edan adquirido en pro-indiviso hacia 1897, entraba la actual casa de La Aviadora y un conjunto de 39 fincas de olivar en el pago de Cerrada y de Cala\u00f1as. No as\u00ed una casa en la calle Su\u00e1rez (hoy \u00datica) que era adquirida en su totalidad por Agust\u00edn Brocheton.&nbsp;<br>&nbsp; &nbsp;A se\u00f1alar que entre esas fincas r\u00fasticas &nbsp;se encontraban la caser\u00eda de \u201cLa Marquesa\u201d, con todas las &nbsp;fincas o \u201ccuartos\u201d aleda\u00f1os; la hacienda de La Huerta del R\u00edo y la hacienda del Pino, por citar tan s\u00f3lo algunas de las m\u00e1s conocidas.&nbsp;<br>&nbsp; Nos refiere la escritura que &nbsp;la caser\u00eda de \u201cLa Marquesa\u201d se compon\u00eda de casa principal, molino, bodega, casa para casero, casillas para aceituneros, terrados, pajares y dem\u00e1s dependencias propias de una casa de labor. Lindaba esta caser\u00eda por el norte con el cuarto llamado de \u201cDue\u00f1as\u201d; al Sur con el \u201cPalomar chico\u201d y el \u201ccuarto del Lentisco\u201d; al este con dicho cuarto del \u201cPalomarillo\u201d y al oeste con el cuarto del \u201cSalceg\u00fcelo\u201d. Sabemos, a trav\u00e9s de las actas municipales, que esta caser\u00eda tambi\u00e9n dispuso de oratorio, pues en septiembre de 1899, el Ayuntamiento escrib\u00eda a Agust\u00edn Brocheton para informarse de si estaba interesado en venderles el altar y retablo de la capilla que hab\u00eda en la citada caser\u00eda para la capilla del cementerio de Santa Ana en construcci\u00f3n por esas fechas.<\/p>\n\n\n<div class=\"wp-block-image\">\n<figure class=\"alignleft is-resized\"><img decoding=\"async\" src=\"https:\/\/static.wixstatic.com\/media\/7e23fc_9ff8476369d64774bc212ef595cf25d9.jpg\/v1\/fill\/w_600,h_639,al_c,q_85,usm_0.66_1.00_0.01,enc_auto\/7e23fc_9ff8476369d64774bc212ef595cf25d9.jpg\" alt=\"\" style=\"width:429px;height:auto\"\/><figcaption class=\"wp-element-caption\"><strong>Fachada de la antigua casa solariega de los Condes<br>de Villaverde, actual casa de\u201cLa Aviadora\u201d.<br>Foto: Manuel Perales Sol\u00eds.&nbsp;<\/strong><\/figcaption><\/figure>\n<\/div>\n\n<div class=\"wp-block-image\">\n<figure class=\"alignleft is-resized\"><img decoding=\"async\" src=\"https:\/\/static.wixstatic.com\/media\/7e23fc_c54e2395e4304a7fac797a70fb11cb3e.jpg\/v1\/fill\/w_350,h_417,al_c,lg_1,q_80,enc_auto\/7e23fc_c54e2395e4304a7fac797a70fb11cb3e.jpg\" alt=\"\" style=\"width:384px;height:auto\"\/><figcaption class=\"wp-element-caption\"><strong>Leonardo Domingo Brocheton &nbsp;y Muguruza, sentado sobre un &nbsp;triciclo. Fuente: Jos\u00e9 Luis Jim\u00e9nez<\/strong><\/figcaption><\/figure>\n<\/div>\n\n\n<p><\/p>\n\n\n\n<p><\/p>\n\n\n\n<p>Respecto a la actual casa de \u201cLa Aviadora\u201d en la actual plaza \u201c28 de Febrero\u201d, entendemos que fue la antigua casa solariega de los condes de Villaverde la Alta en Marmolejo. &nbsp;Cuando la adquiere Jos\u00e9 Domingo Navarro Salcedo, es descrita de la siguiente manera por el notario D. Segundo Berasategui, &nbsp;del Colegio Provincial de Guip\u00fazcoa con sede en San Sebasti\u00e1n, ciudad donde tuvo lugar la compra:&nbsp;<em>\u201cUna casa en la plaza del Coso, de un solo piso, compuesta de zag\u00fc\u00e1n, patio con pozo de agua potable, cuadra, cocina, un cuarto que da paso al corral y dos salas, comedor, alcoba y otras dependencias con un granero encima. Linda al frente con &nbsp;la plaza del Coso, por la derecha entrando, con molino de Don Jos\u00e9 Yuste y por el testero (se entiende parte trasera) con huerta de D. Francisco Lesmes. Contiguo a dicha casa existe un molino aceitero, n\u00famero tres de la Plaza del Coso, con cuya casa forma una sola manzana y tiene el mismo n\u00famero, con su correspondiente viga de marca mayor, husillo, pil\u00f3n, ef\u00edgenes (1), rulo de piedra, caldera y dem\u00e1s utensilios para la elaboraci\u00f3n del aceite, con varias tinajas de diferentes cabidas, que componen las de todos los \u00fatiles, 1992 arrobas\u2026.Esta finca, o sea, la casa y el molino aceitero, fue notablemente mejorada con un jard\u00edn y verja; y el molino con una f\u00e1brica de aceite movida a vapor\u201d<\/em>. Evidentemente la casa sufri\u00f3 posteriormente varias reformas en los a\u00f1os que residi\u00f3 en ella el matrimonio D\u00edaz-Navarro.&nbsp;<\/p>\n\n\n\n<p>  Junto a la antigua casa embargada por los Brochet\u00f3n, se situaba en la misma plaza una segunda casa solariega propiedad de Teodoro Martel, conocida como la \u00abCasa del Conde\u00bb en la que residieron sus hijos Federico y Feliciana Martel y Bernuy en sus espor\u00e1dicas visitas a Marmolejo.<\/p>\n\n\n\n<p>A\u00fan dispusieron los condes de Villaverde, hacia el final de la calle Su\u00e1rez, de otra casa de dos plantas que aparece en 1897 a nombre de su hija Rosario Martel. Constaba de ocho habitaciones, con tres balcones de buena rejer\u00eda, hacia la calle Su\u00e1rez y un patio. A la derecha, entrando, lindaba con \u00a0el molino de \u00a0\u201cSanta Teresa\u201d de los mismos condes, bautizado as\u00ed en honor la condesa, Mar\u00eda Teresa Bernuy; hac\u00eda esquina con el Altozano del Coso y prolongaba su fachada por todo el flanco sur de la plaza, frente a la actual casa de la Aviadora. Por la espaldas esta casa de la calle Su\u00e1rez lindaba con el molino del mediano propietario olivarero, Manuel Venceslada. \u00a0En relaci\u00f3n a esta casa la recuerdo de peque\u00f1o, durante el tiempo que fui alumno de primaria en las escuelas de la Casa del Conde, en total semiruina, pero a pesar de su aspecto decr\u00e9pito algo me \u00a0transmit\u00eda haber vivido entre sus muros, gente de alta alcurnia.\u00a0<br>\u00a0 \u00a0Nos dice la escritura de compraventa que en 1903, parte del molino \u00a0se hab\u00eda reconvertido en casa de Administraci\u00f3n de las Aguas Medicinales de Marmolejo (2).\u00a0<em>\u201cEsta casa de la calle Su\u00e1rez la adquiri\u00f3 \u00a0D. Agust\u00edn Brocheton por compra que hizo a Do\u00f1a Rosario Martel y Bernuy, mayor de edad, soltera, espa\u00f1ola residente en Par\u00eds, los cuales estuvieron representados, a saber: el Don Agust\u00edn Domingo Brocheton por su apoderado D. Ram\u00f3n Valle y D\u00edaz, vecino de Marmolejo y la Do\u00f1a Rosario, por el suyo, Don Joaqu\u00edn Gonz\u00e1lez D\u00edaz, vecino de Marmolejo\u201d<\/em>, seg\u00fan una escritura otorgada el 14 de enero de 1897 ante D. Juan Calatrava, notario con residencia \u00a0en Marmolejo.<\/p>\n\n\n\n<p>&nbsp;En relaci\u00f3n a los hermanos Brocheton de doble nacionalidad francesa y espa\u00f1ola, Agust\u00edn Domingo era rentista y viv\u00eda en Par\u00eds; hab\u00eda nacido en &nbsp;San Sebasti\u00e1n en 1822 y fallec\u00eda en &nbsp;Par\u00eds en 1905, &nbsp;dos a\u00f1os despu\u00e9s de producirse la venta de las posesiones adquiridas en 1897 al conde de Villaverde. &nbsp;Colabor\u00f3 con su hermano Leonardo en la difusi\u00f3n de los vinos de Jerez desde su oficina parisina de la rue de Berl\u00edn n\u00famero 32, manteniendo estrechas relaciones con &nbsp;la alta sociedad jerezana, especialmente la vinculada al sector de los vinos de Jerez. Por su parte, Leonardo, a quien representaba su hermano en el acto de compraventa, era un banquero parisino, nacido igualmente en San Sebasti\u00e1n en 1828. El padre de ambos, Juan &nbsp;Luis Brocheton Bonflet, de origen franc\u00e9s, fue un afamado sastre y tratante de telas. Ese fue el motivo por el que Leonardo viaj\u00f3 hasta Jerez para entrevistarse con el sastre Sr. Isla, conociendo &nbsp;de cerca el mundo de sus afamados vinos.&nbsp;<\/p>\n\n\n\n<p>En 1851 comenzaron sus relaciones comerciales con la casa Gonz\u00e1lez Byass difundiendo sus vinos en la Europa continental, especialmente en Rusia. Bien relacionado con el mundo de la pol\u00edtica y de los negocios, nos cuenta la prensa que en el verano de 1887 dio un almuerzo en la isla de Santa Clara (San Sebasti\u00e1n) y entre otras muchas personalidades figuraba el pol\u00edtico republicano Castelar. El sufragio universal se discut\u00eda acaloradamente por aquellos a\u00f1o. Brocheton cre\u00eda que la reina regente no transigir\u00eda con el sufragio universal, y as\u00ed se lo manifest\u00f3 en aquella reuni\u00f3n a Castelar, quien le replic\u00f3 \u201cpues si la reina no firma la ley del sufragio universal, firmar\u00e1 su pasaporte\u201d(3).&nbsp;<br>&nbsp; En 1872 le fue concedida la Cruz de Isabel la Cat\u00f3lica por su apoyo a los negocios industriales de Espa\u00f1a, seg\u00fan recog\u00eda la \u201cCorrespondencia de Espa\u00f1a\u201d en octubre de ese a\u00f1o.&nbsp;<\/p>\n\n\n\n<p>Cuando falleci\u00f3 en 1904 &nbsp;muchos peri\u00f3dicos (4) se hicieron eco de la noticia: &nbsp;<em>\u201cHa sido muy sentida en San &nbsp;Sebasti\u00e1n, como lo ser\u00e1 en el c\u00edrculo de amistades francesas, la muerte de Leonardo Brocheton. Brocheton era un donostierra establecido desde su juventud en Par\u00eds, donde se dedic\u00f3 al comercio de vinos, especialmente a los de Jerez del Sr. Gonz\u00e1lez Byass, cuya marca di\u00f3 a conocer en todo el mundo. Despu\u00e9s mont\u00f3 una importante casa de banca, que hizo muchos negocios con Espa\u00f1a, y \u00faltimamente, ya retirado en parte de la vida activa y casadas sus hijas, gozaba del producto de una buena fortuna, adquirida en largos a\u00f1os de honra y fruct\u00edfero trabajo.&nbsp;<\/em><\/p>\n\n\n<div class=\"wp-block-image\">\n<figure class=\"alignleft is-resized\"><img decoding=\"async\" src=\"https:\/\/static.wixstatic.com\/media\/7e23fc_3a0d70c3aa38459bbb53909db9809a60.jpg\/v1\/fill\/w_600,h_395,al_c,q_80,usm_0.66_1.00_0.01,enc_auto\/7e23fc_3a0d70c3aa38459bbb53909db9809a60.jpg\" alt=\"\" style=\"width:545px;height:auto\"\/><figcaption class=\"wp-element-caption\"><strong>Caser\u00eda de La Marquesa, en el pago de Cerrada, adquirida en 1897 por los hermanos<br>Agust\u00edn y Leonardo Brocheton. En 1903 era comprada por Jos\u00e9 Domingo Navarro Salcedo.<br>Foto: Manuel Perales.<\/strong><\/figcaption><\/figure>\n<\/div>\n\n\n<p>Era el Sr. Brocheton persona de gran inteligencia y que sab\u00eda inspirar simpat\u00edas, figurando entre las personas m\u00e1s conocidas de la colonia espa\u00f1ola de Par\u00eds. De su matrimonio con &nbsp;una se\u00f1ora que llam\u00f3 la atenci\u00f3n en su juventud por su elegancia y hermosura, tuvo cinco hijas, todas las cuales han sido el consuelo de poderle cuidar en sus \u00faltimos momentos\u2026.Brocheton acostumbraba a pasar los veranos en su ciudad natal, donde le ha sorprendido la muerte a consecuencia de un ataque de uremia que no ha podido vencer a sus setenta y tres a\u00f1os&#8230;\u201d<\/p>\n\n\n\n<p>Tambi\u00e9n acostumbraba veranear en San Sebasti\u00e1n su hermano Agust\u00edn, mayor que Leonardo quien unos d\u00edas antes de la muerte del banquero cay\u00f3 gravemente enfermo pero pudo ser trasladado a Par\u00eds, donde pudo recuperarse de su enfermedad.<\/p>\n\n\n\n<p>&nbsp; &nbsp; En cuanto al comprador de los bienes de los Brocheton en Marmolejo, Jos\u00e9 Domingo Navarro Salcedo, pertenec\u00eda a una familia de notables hacendados agr\u00edcolas de Arjona. Era hijo de Francisco Navarro \u00c1lvarez de Sotomayor y de Mar\u00eda de la Paz Salcedo y Cardera. Cas\u00f3 con Catalina Parras Jim\u00e9nez de cuyo matrimonio nacieron varios hijos, entre ellos Francisco que contrajo matrimonio con su prima hermana Ana Parras Santofimia. De dicha uni\u00f3n nacer\u00eda Catalina Navarro Parras, popularmente conocida por \u201cLa Aviadora\u201d por haberse casado con el coronel de aviaci\u00f3n Juan D\u00edaz Criado.<\/p>\n\n\n\n<p><strong>Notas:<\/strong><br>(1) Se refiere a los pies verticales de madera que guiaban a la viga principal. Tambi\u00e9n recib\u00edan el nombre de v\u00edrgenes.<br>(2) En dicho edificio residi\u00f3 el general Federico Ochando Chumilla, presidente de la Sociedad de Aguas Minero-medicinales de Marmolejo, tras el fallecimiento de Luisa Serrano, casado con la sobrina de \u00e9sta, Paz Serrano Navarro.<br>(3) \u201cDiario pol\u00edtico de Salamanca\u201d, del 6 de junio de 1899, n.\u00ba 4255.<br>(4) El peri\u00f3dico jerezano \u201cEl Guadalete\u201d public\u00f3 el mencionado obituario con motivo del fallecimiento de Leonardo Brocheton. Los hermanos Brocheton estuvieron muy vinculados a esta ciudad, al extremo de pasar largas temporadas en su coqueto palacete adquirido a Gonz\u00e1lez Byass, y despu\u00e9s comprado al los Brocheton por el marqu\u00e9s de Bonanza.<\/p>\n\n\n\n<p><strong>Fuentes y bibliograf\u00eda:<\/strong><\/p>\n\n\n\n<p>-Escritura de compraventa a favor de D. Jos\u00e9 Domingo Navarro Salcedo, fechada en San Sebasti\u00e1n a 13 de Noviembre de 1903.<br>-Mart\u00ednez, Ramos, Basilio: \u201cLa familia de Talero en Arjona\u201d. Publicado por el Bolet\u00edn de Estudios Jiennenses.<br>-Jim\u00e9nez, Jos\u00e9 Luis: Biograf\u00eda de Leonardo Brocheton Muguruza, en www.jerezsiempre.com<\/p>\n","protected":false},"excerpt":{"rendered":"<p>-Manuel Perales Sol\u00eds- Ya nos referimos a esta plaza en el art\u00edculo sobre la casa de los Condes de Villaverde la Alta, edificio de gran empaque que la presidi\u00f3 durante muchos a\u00f1os desde su flanco oriental. Hacia principios del XX, la plaza fue rebautizada como &nbsp;Altozano de los Condes de Villaverde en homenaje al arist\u00f3crata [&hellip;]<\/p>\n","protected":false},"author":1,"featured_media":0,"parent":0,"menu_order":0,"comment_status":"closed","ping_status":"closed","template":"","meta":{"footnotes":""},"class_list":["post-548","page","type-page","status-publish","hentry"],"yoast_head":"<!-- This site is optimized with the Yoast SEO plugin v25.2 - https:\/\/yoast.com\/wordpress\/plugins\/seo\/ -->\n<title>El altozano del Coso a finales del XIX - El lugar de Marmolejo<\/title>\n<meta name=\"robots\" content=\"index, follow, max-snippet:-1, max-image-preview:large, max-video-preview:-1\" \/>\n<link rel=\"canonical\" href=\"https:\/\/lugardemarmolejo.es\/?page_id=548\" \/>\n<meta property=\"og:locale\" content=\"es_ES\" \/>\n<meta property=\"og:type\" content=\"article\" \/>\n<meta property=\"og:title\" content=\"El altozano del Coso a finales del XIX - El lugar de Marmolejo\" \/>\n<meta property=\"og:description\" content=\"-Manuel Perales Sol\u00eds- Ya nos referimos a esta plaza en el art\u00edculo sobre la casa de los Condes de Villaverde la Alta, edificio de gran empaque que la presidi\u00f3 durante muchos a\u00f1os desde su flanco oriental. Hacia principios del XX, la plaza fue rebautizada como &nbsp;Altozano de los Condes de Villaverde en homenaje al arist\u00f3crata [&hellip;]\" \/>\n<meta property=\"og:url\" content=\"https:\/\/lugardemarmolejo.es\/?page_id=548\" \/>\n<meta property=\"og:site_name\" content=\"El lugar de Marmolejo\" \/>\n<meta property=\"article:modified_time\" content=\"2025-06-09T20:27:05+00:00\" \/>\n<meta property=\"og:image\" content=\"https:\/\/static.wixstatic.com\/media\/7e23fc_9ff8476369d64774bc212ef595cf25d9.jpg\/v1\/fill\/w_600,h_639,al_c,q_85,usm_0.66_1.00_0.01,enc_auto\/7e23fc_9ff8476369d64774bc212ef595cf25d9.jpg\" \/>\n<meta name=\"twitter:card\" content=\"summary_large_image\" \/>\n<meta name=\"twitter:label1\" content=\"Tiempo de lectura\" \/>\n\t<meta name=\"twitter:data1\" content=\"10 minutos\" \/>\n<script type=\"application\/ld+json\" class=\"yoast-schema-graph\">{\"@context\":\"https:\/\/schema.org\",\"@graph\":[{\"@type\":\"WebPage\",\"@id\":\"https:\/\/lugardemarmolejo.es\/?page_id=548\",\"url\":\"https:\/\/lugardemarmolejo.es\/?page_id=548\",\"name\":\"El altozano del Coso a finales del XIX - El lugar de Marmolejo\",\"isPartOf\":{\"@id\":\"https:\/\/lugardemarmolejo.es\/#website\"},\"primaryImageOfPage\":{\"@id\":\"https:\/\/lugardemarmolejo.es\/?page_id=548#primaryimage\"},\"image\":{\"@id\":\"https:\/\/lugardemarmolejo.es\/?page_id=548#primaryimage\"},\"thumbnailUrl\":\"https:\/\/static.wixstatic.com\/media\/7e23fc_9ff8476369d64774bc212ef595cf25d9.jpg\/v1\/fill\/w_600,h_639,al_c,q_85,usm_0.66_1.00_0.01,enc_auto\/7e23fc_9ff8476369d64774bc212ef595cf25d9.jpg\",\"datePublished\":\"2024-01-25T06:25:41+00:00\",\"dateModified\":\"2025-06-09T20:27:05+00:00\",\"breadcrumb\":{\"@id\":\"https:\/\/lugardemarmolejo.es\/?page_id=548#breadcrumb\"},\"inLanguage\":\"es\",\"potentialAction\":[{\"@type\":\"ReadAction\",\"target\":[\"https:\/\/lugardemarmolejo.es\/?page_id=548\"]}]},{\"@type\":\"ImageObject\",\"inLanguage\":\"es\",\"@id\":\"https:\/\/lugardemarmolejo.es\/?page_id=548#primaryimage\",\"url\":\"https:\/\/static.wixstatic.com\/media\/7e23fc_9ff8476369d64774bc212ef595cf25d9.jpg\/v1\/fill\/w_600,h_639,al_c,q_85,usm_0.66_1.00_0.01,enc_auto\/7e23fc_9ff8476369d64774bc212ef595cf25d9.jpg\",\"contentUrl\":\"https:\/\/static.wixstatic.com\/media\/7e23fc_9ff8476369d64774bc212ef595cf25d9.jpg\/v1\/fill\/w_600,h_639,al_c,q_85,usm_0.66_1.00_0.01,enc_auto\/7e23fc_9ff8476369d64774bc212ef595cf25d9.jpg\"},{\"@type\":\"BreadcrumbList\",\"@id\":\"https:\/\/lugardemarmolejo.es\/?page_id=548#breadcrumb\",\"itemListElement\":[{\"@type\":\"ListItem\",\"position\":1,\"name\":\"Portada\",\"item\":\"https:\/\/lugardemarmolejo.es\/\"},{\"@type\":\"ListItem\",\"position\":2,\"name\":\"El altozano del Coso a finales del XIX\"}]},{\"@type\":\"WebSite\",\"@id\":\"https:\/\/lugardemarmolejo.es\/#website\",\"url\":\"https:\/\/lugardemarmolejo.es\/\",\"name\":\"El lugar de Marmolejo\",\"description\":\"\",\"potentialAction\":[{\"@type\":\"SearchAction\",\"target\":{\"@type\":\"EntryPoint\",\"urlTemplate\":\"https:\/\/lugardemarmolejo.es\/?s={search_term_string}\"},\"query-input\":{\"@type\":\"PropertyValueSpecification\",\"valueRequired\":true,\"valueName\":\"search_term_string\"}}],\"inLanguage\":\"es\"}]}<\/script>\n<!-- \/ Yoast SEO plugin. -->","yoast_head_json":{"title":"El altozano del Coso a finales del XIX - El lugar de Marmolejo","robots":{"index":"index","follow":"follow","max-snippet":"max-snippet:-1","max-image-preview":"max-image-preview:large","max-video-preview":"max-video-preview:-1"},"canonical":"https:\/\/lugardemarmolejo.es\/?page_id=548","og_locale":"es_ES","og_type":"article","og_title":"El altozano del Coso a finales del XIX - El lugar de Marmolejo","og_description":"-Manuel Perales Sol\u00eds- Ya nos referimos a esta plaza en el art\u00edculo sobre la casa de los Condes de Villaverde la Alta, edificio de gran empaque que la presidi\u00f3 durante muchos a\u00f1os desde su flanco oriental. Hacia principios del XX, la plaza fue rebautizada como &nbsp;Altozano de los Condes de Villaverde en homenaje al arist\u00f3crata [&hellip;]","og_url":"https:\/\/lugardemarmolejo.es\/?page_id=548","og_site_name":"El lugar de Marmolejo","article_modified_time":"2025-06-09T20:27:05+00:00","og_image":[{"url":"https:\/\/static.wixstatic.com\/media\/7e23fc_9ff8476369d64774bc212ef595cf25d9.jpg\/v1\/fill\/w_600,h_639,al_c,q_85,usm_0.66_1.00_0.01,enc_auto\/7e23fc_9ff8476369d64774bc212ef595cf25d9.jpg","type":"","width":"","height":""}],"twitter_card":"summary_large_image","twitter_misc":{"Tiempo de lectura":"10 minutos"},"schema":{"@context":"https:\/\/schema.org","@graph":[{"@type":"WebPage","@id":"https:\/\/lugardemarmolejo.es\/?page_id=548","url":"https:\/\/lugardemarmolejo.es\/?page_id=548","name":"El altozano del Coso a finales del XIX - El lugar de Marmolejo","isPartOf":{"@id":"https:\/\/lugardemarmolejo.es\/#website"},"primaryImageOfPage":{"@id":"https:\/\/lugardemarmolejo.es\/?page_id=548#primaryimage"},"image":{"@id":"https:\/\/lugardemarmolejo.es\/?page_id=548#primaryimage"},"thumbnailUrl":"https:\/\/static.wixstatic.com\/media\/7e23fc_9ff8476369d64774bc212ef595cf25d9.jpg\/v1\/fill\/w_600,h_639,al_c,q_85,usm_0.66_1.00_0.01,enc_auto\/7e23fc_9ff8476369d64774bc212ef595cf25d9.jpg","datePublished":"2024-01-25T06:25:41+00:00","dateModified":"2025-06-09T20:27:05+00:00","breadcrumb":{"@id":"https:\/\/lugardemarmolejo.es\/?page_id=548#breadcrumb"},"inLanguage":"es","potentialAction":[{"@type":"ReadAction","target":["https:\/\/lugardemarmolejo.es\/?page_id=548"]}]},{"@type":"ImageObject","inLanguage":"es","@id":"https:\/\/lugardemarmolejo.es\/?page_id=548#primaryimage","url":"https:\/\/static.wixstatic.com\/media\/7e23fc_9ff8476369d64774bc212ef595cf25d9.jpg\/v1\/fill\/w_600,h_639,al_c,q_85,usm_0.66_1.00_0.01,enc_auto\/7e23fc_9ff8476369d64774bc212ef595cf25d9.jpg","contentUrl":"https:\/\/static.wixstatic.com\/media\/7e23fc_9ff8476369d64774bc212ef595cf25d9.jpg\/v1\/fill\/w_600,h_639,al_c,q_85,usm_0.66_1.00_0.01,enc_auto\/7e23fc_9ff8476369d64774bc212ef595cf25d9.jpg"},{"@type":"BreadcrumbList","@id":"https:\/\/lugardemarmolejo.es\/?page_id=548#breadcrumb","itemListElement":[{"@type":"ListItem","position":1,"name":"Portada","item":"https:\/\/lugardemarmolejo.es\/"},{"@type":"ListItem","position":2,"name":"El altozano del Coso a finales del XIX"}]},{"@type":"WebSite","@id":"https:\/\/lugardemarmolejo.es\/#website","url":"https:\/\/lugardemarmolejo.es\/","name":"El lugar de Marmolejo","description":"","potentialAction":[{"@type":"SearchAction","target":{"@type":"EntryPoint","urlTemplate":"https:\/\/lugardemarmolejo.es\/?s={search_term_string}"},"query-input":{"@type":"PropertyValueSpecification","valueRequired":true,"valueName":"search_term_string"}}],"inLanguage":"es"}]}},"_links":{"self":[{"href":"https:\/\/lugardemarmolejo.es\/index.php?rest_route=\/wp\/v2\/pages\/548","targetHints":{"allow":["GET"]}}],"collection":[{"href":"https:\/\/lugardemarmolejo.es\/index.php?rest_route=\/wp\/v2\/pages"}],"about":[{"href":"https:\/\/lugardemarmolejo.es\/index.php?rest_route=\/wp\/v2\/types\/page"}],"author":[{"embeddable":true,"href":"https:\/\/lugardemarmolejo.es\/index.php?rest_route=\/wp\/v2\/users\/1"}],"replies":[{"embeddable":true,"href":"https:\/\/lugardemarmolejo.es\/index.php?rest_route=%2Fwp%2Fv2%2Fcomments&post=548"}],"version-history":[{"count":2,"href":"https:\/\/lugardemarmolejo.es\/index.php?rest_route=\/wp\/v2\/pages\/548\/revisions"}],"predecessor-version":[{"id":876,"href":"https:\/\/lugardemarmolejo.es\/index.php?rest_route=\/wp\/v2\/pages\/548\/revisions\/876"}],"wp:attachment":[{"href":"https:\/\/lugardemarmolejo.es\/index.php?rest_route=%2Fwp%2Fv2%2Fmedia&parent=548"}],"curies":[{"name":"wp","href":"https:\/\/api.w.org\/{rel}","templated":true}]}}