{"id":519,"date":"2023-12-30T12:07:59","date_gmt":"2023-12-30T12:07:59","guid":{"rendered":"https:\/\/lugardemarmolejo.es\/?page_id=519"},"modified":"2023-12-30T12:21:40","modified_gmt":"2023-12-30T12:21:40","slug":"casas-con-valores-ambientales-ii","status":"publish","type":"page","link":"https:\/\/lugardemarmolejo.es\/?page_id=519","title":{"rendered":"Casas con valores ambientales II"},"content":{"rendered":"\n<h1 class=\"wp-block-heading\"><\/h1>\n\n\n\n<h4 class=\"wp-block-heading\">-Manuel Perales Sol\u00eds-<\/h4>\n\n\n\n<p><strong>Hoy traemos a nuestra p\u00e1gina una segunda serie de casas marmoleje\u00f1as con fachadas que presentan valores ambientales por lo que, a mi entender, ser\u00edan merecedoras de tenerlas en cuenta a la hora establecer un cat\u00e1logo de edificios y as\u00ed desterrar esos malos h\u00e1bitos que nos han caracterizado a la hora de afrontar la conservaci\u00f3n de nuestro patrimonio hist\u00f3rico art\u00edstico, pues ha sido siempre habitual la mala pr\u00e1ctica de recurrir a la piqueta destructora para empezar nuevamente de cero, &nbsp;antes que salvar aquello que merec\u00eda la pena preservarse. Por eso creo necesaria desde las instancias locales con competencias sobre nuestro urbanismo la asunci\u00f3n &nbsp;de medidas no solo legales, sino de concienciaci\u00f3n ciudadana, para no devaluar, a\u00fan m\u00e1s de lo que est\u00e1, el legado heredado de nuestros antepasados de manera que podamos revitalizar, entre todos, la est\u00e9tica externa de nuestras calles y de nuestras &nbsp;plazas, en otros tiempos tan valorada por quienes nos visitaban.<\/strong><\/p>\n\n\n<div class=\"wp-block-image\">\n<figure class=\"alignleft is-resized\"><img decoding=\"async\" src=\"https:\/\/static.wixstatic.com\/media\/7e23fc_9a7444dd36354451b8ef0d9c48fa26e9.jpg\/v1\/fill\/w_472,h_319,al_c,q_80,usm_0.66_1.00_0.01,enc_auto\/7e23fc_9a7444dd36354451b8ef0d9c48fa26e9.jpg\" alt=\"\" style=\"width:403px;height:auto\"\/><figcaption class=\"wp-element-caption\"><strong>Casa de don Juan Burlo Orti. Fotos: Manuel Perales<\/strong><\/figcaption><\/figure>\n<\/div>\n\n<div class=\"wp-block-image\">\n<figure class=\"alignright is-resized\"><img decoding=\"async\" src=\"https:\/\/static.wixstatic.com\/media\/7e23fc_ff518f16a9574444adc800616b4b9ec4.jpg\/v1\/fill\/w_485,h_319,al_c,q_80,usm_0.66_1.00_0.01,enc_auto\/7e23fc_ff518f16a9574444adc800616b4b9ec4.jpg\" alt=\"\" style=\"width:411px;height:auto\"\/><figcaption class=\"wp-element-caption\"><strong>Casa de don Juan L\u00f3pez Sagredo. Foto: Manuel Perales<\/strong><\/figcaption><\/figure>\n<\/div>\n\n\n<p><\/p>\n\n\n\n<p>Una de estas casas singulares, quiz\u00e1s atractiva por la antig\u00fcedad de sus muros, es la ubicada en la calle \u00datica, (antigua de Su\u00e1rez y de Le\u00f3n y Llerena) propiedad de la familia Burlo-Orti; en concreto de&nbsp;<strong>don Juan Burlo Orti.<\/strong>&nbsp;En realidad la casa perteneci\u00f3 a sus antepasados, al primer administrador del Balneario, Jos\u00e9 Luis Burlo Balde y a su esposa Josefa G\u00f3nima Gallo, ambos de origen gaditano; luego fue domicilio habitual de su hijo &nbsp;Juan Luis, alcalde durante la dictadura Primo de Rivera, casado con Marina Garc\u00eda del Prado, y finalmente de Jos\u00e9 Burlo Garc\u00eda del Prado y de &nbsp;Socorro Orti Garc\u00eda, nieta del \u201cSabio Andaluz\u201d, Juan Manuel Orti Lara. Se trata de una casa probablemente construida hacia principios del siglo XIX, con muros de mamposter\u00eda irregular en los interiores y de siller\u00eda regular en su fachada, aunque desde hace ya muchos a\u00f1os su paramento exterior, hacia la calle, aparezca encalado. En sus fachadas laterales la casa dispon\u00eda de entradas accesorias para la servidumbre y para los animales de labor, y otra para carruajes que tambi\u00e9n daba acceso a &nbsp;cuadras, pajares y graneros, dada su funci\u00f3n agr\u00edcola derivada del importante patrimonio olivarero y cereal\u00edstico de las mujeres &nbsp;que la habitaron: Marina y Socorro. &nbsp;<\/p>\n\n\n\n<p>&nbsp; Esta casa era vecina frontal de otra ya desaparecida de alto valor ambiental, propiedad del que fuera concejal del Partido Conservador, entre 1922 y 1923, Juan Agudo Medina y posteriormente de su hijo Juan Agudo Perales, &nbsp;titulares de varios predios de cereal y olivar por la zona de la campi\u00f1a.<\/p>\n\n\n\n<p><strong>La casa de don Juan L\u00f3pez Sagredo<\/strong>, en la actualidad de sus herederos, remonta sus or\u00edgenes al siglo XVIII. Perteneci\u00f3 a los antepasados de su t\u00edo Manuel L\u00f3pez de Sagredo y Escolano, gran propietario agr\u00edcola de la localidad que ostentaba el t\u00edtulo pontificio de marqu\u00e9s de Villalbos concedido por el Papa &nbsp;por los servicios y donaciones realizadas a la Iglesia Cat\u00f3lica. Esta casa solariega presenta dos fachadas, la principal hacia la calle Perales y la trasera, o secundaria, a la calle de Los Molinos, &nbsp;utilizada para acceso a corrales, cuadras y molino. Destaca en su fachada principal su puerta y balc\u00f3n central enmarcados en pilastras y dinteles de adobe, as\u00ed como sus dos balcones laterales cuyas plataformas salientes aparecen adornadas en su parte inferior de sugerentes molduras.<\/p>\n\n\n<div class=\"wp-block-image\">\n<figure class=\"alignleft is-resized\"><img decoding=\"async\" src=\"https:\/\/static.wixstatic.com\/media\/7e23fc_c48602f1de6944e3a75833979283e236.jpg\/v1\/fill\/w_399,h_350,al_c,q_80,usm_0.66_1.00_0.01,enc_auto\/7e23fc_c48602f1de6944e3a75833979283e236.jpg\" alt=\"\" style=\"width:417px;height:auto\"\/><figcaption class=\"wp-element-caption\"><strong>Casa de La Aviadora. Foto: Manuel Perales<\/strong><\/figcaption><\/figure>\n<\/div>\n\n<div class=\"wp-block-image\">\n<figure class=\"alignright is-resized\"><img decoding=\"async\" src=\"https:\/\/static.wixstatic.com\/media\/7e23fc_6491d943a72b4295b7491871b344287c.jpg\/v1\/fill\/w_552,h_506,al_c,q_80,usm_0.66_1.00_0.01,enc_auto\/7e23fc_6491d943a72b4295b7491871b344287c.jpg\" alt=\"\" style=\"width:397px;height:auto\"\/><figcaption class=\"wp-element-caption\"><strong>Portada \u00a0de la casa de La Aviadora. Foto: Manuel Perales<\/strong><\/figcaption><\/figure>\n<\/div>\n\n\n<p><\/p>\n\n\n\n<p><strong>La casa de \u201cLa Aviadora\u201d<\/strong>&nbsp;hoy d\u00eda muy reformada aunque no presenta fachada hacia la calle, &nbsp;fue un interesante caser\u00f3n &nbsp;solariego de los antepasados de Catalina Navarro Parra, cuyos escudos lucen en los frontispicios de sus muros. Durante un tiempo vivi\u00f3 en ella el senador vitalicio Eduardo Le\u00f3n y Llerena y su esposa Luisa Serrano, periodo en que fue conocida como \u201cLa Meca\u201d. Durante esos a\u00f1os recalaron en ella &nbsp;ministros, jefes de gobierno, cient\u00edficos y hombres de letras de la Espa\u00f1a del momento, entre ellos, Francisco Serrano Dom\u00ednguez, duque de la Torre, regente de la naci\u00f3n y presidente de la 1\u00aa Rep\u00fablica; C\u00e1novas del Castillo, Sagasta, L\u00f3pez Dom\u00ednguez , Francisco Silvela, etc.&nbsp;<\/p>\n\n\n\n<p>&nbsp;&nbsp;<em>De la historia de este hist\u00f3rico inmueble podemos rastrear algunos datos que personalmente no he podido contrastar, &nbsp;en la biograf\u00eda que el abogado &nbsp;Lorenzo Guerrero Palomo, dedic\u00f3 a uno de sus \u00faltimos moradores, Jos\u00e9 Francisco D\u00edaz Navarro, el popular \u201cJofra\u201d, pintor de los campesinos. Dice as\u00ed: \u201cHe llegado a la que en la actualidad denominan popularmente \u201cLa casa de La aviadora\u201d mansi\u00f3n que a\u00fan conserva en sus frontispicios y bastiones que la forman, escudos nobiliarios de las casas de Navarro, Salcedo y Jabalera. De aquellos navarros que vinieron acompa\u00f1ando al Rey Fernando III el Santo, para la reconquista de Arjona; de los Salcedo, descendientes de Alonso S\u00e1nchez Salcedo que fue Alcaide del castillo de Marmolejo en 1445; y de Gonzalo y los dos llamados Pedro de Salcedo, que murieron peleando en la guerra de San Onofre y Batalla de Lepanto, as\u00ed como sirvi\u00f3 el \u00faltimo al emperador Carlos V, hasta su entrada en el monasterio de Yuste, respectivamente\u2026.Es la casa del aviador la que se\u00f1ala la tradici\u00f3n como la que estuvo Isabel la Cat\u00f3lica pernoctando cuando se dirig\u00eda a la conquista de Granada, y donde los antiguos moradores enlazaron con las casas nobiliarias de Parra, que proced\u00edan de la monta\u00f1a del Valle de Sola, en la que sobresali\u00f3 el escribano y administrador de las alcabalas de Arjona, Arjonilla y Mancha Real en 1645 Don Lucas de la Parra. Casa que une a otra solariega de Arjona y emparentada con los marqueses de Senda Blanca\u2026..Hoy d\u00eda guarda parte de sus reliquias hist\u00f3ricas aunque en el exterior se ha acomodado al gusto meridional con ventanales de soberbia rejer\u00eda, patio andaluz con vetusto pozo, escalera conventual, corredores del Medievo\u2026que trae nostalgia de un pasado glorioso y donde se oyeron latir las \u00faltimas pulsaciones sublimes de la Reconquista Espa\u00f1ola\u201d.<\/em><\/p>\n\n\n\n<p>&nbsp;<strong>La casa del \u201cEstanco de Las Ni\u00f1as\u201d<\/strong>, se encuentra en la calle de Las Parras, curiosamente una de las escasas arterias que no cambiaron de nombre a lo largo de los a\u00f1os, siendo desde sus or\u00edgenes &nbsp;salida natural desde el centro hacia el lugar conocido como el \u201cNavazo\u201d, &nbsp;sitio habitual de descanso de &nbsp;ganados pues all\u00ed proliferaron buenos pastos y espacios alagunados en las temporadas de lluvia. Esta calle fue tambi\u00e9n &nbsp;arteria de comunicaci\u00f3n con la extensa Dehesa del Hormazal a donde era frecuente llevar las ovejas, vacas &nbsp;y cabras para pastar casi a diario.<\/p>\n\n\n<div class=\"wp-block-image\">\n<figure class=\"alignleft is-resized\"><img decoding=\"async\" src=\"https:\/\/static.wixstatic.com\/media\/7e23fc_1201a42bf71b49e8981f5d8d5c308dca.jpg\/v1\/fill\/w_505,h_679,al_c,q_80,usm_0.66_1.00_0.01,enc_auto\/7e23fc_1201a42bf71b49e8981f5d8d5c308dca.jpg\" alt=\"\" style=\"width:438px;height:auto\"\/><figcaption class=\"wp-element-caption\"><strong>Casa del \u201cEstanco de Las ni\u00f1as\u201d, en la calle de Las Parras.<\/strong><br><strong>Foto: Manuel Perales.<\/strong><\/figcaption><\/figure>\n<\/div>\n\n<div class=\"wp-block-image\">\n<figure class=\"alignright is-resized\"><img decoding=\"async\" src=\"https:\/\/static.wixstatic.com\/media\/7e23fc_ad604fdd02fc44378cd0916e8c1ac536.jpg\/v1\/fill\/w_456,h_309,al_c,q_80,usm_0.66_1.00_0.01,enc_auto\/7e23fc_ad604fdd02fc44378cd0916e8c1ac536.jpg\" alt=\"\" style=\"width:376px;height:auto\"\/><figcaption class=\"wp-element-caption\"><strong>Casa de Juan Sol\u00eds el de Las rentas, en calle Hospital.<\/strong><br><strong>Foto: Manuel Perales.<\/strong><\/figcaption><\/figure>\n<\/div>\n\n<div class=\"wp-block-image\">\n<figure class=\"alignright is-resized\"><img decoding=\"async\" src=\"https:\/\/static.wixstatic.com\/media\/7e23fc_ce2b3cfe3a094001b1c1d6e8d78f1bb6.jpg\/v1\/fill\/w_456,h_326,al_c,q_80,usm_0.66_1.00_0.01,enc_auto\/7e23fc_ce2b3cfe3a094001b1c1d6e8d78f1bb6.jpg\" alt=\"\" style=\"width:374px;height:auto\"\/><figcaption class=\"wp-element-caption\"><strong>Casa de Alfonsa Borrego, en calle Hospital.<\/strong><br><strong>Foto: Manuel Perales<\/strong><\/figcaption><\/figure>\n<\/div>\n\n\n<p><\/p>\n\n\n\n<p><strong>Las casas de Alfonsa Borrego y de Juan Sol\u00eds \u201cEl de las rentas\u201d<\/strong>, en la calle del Hospital, &nbsp;fueron edificadas por el promotor de obras y alcalde en 1921, &nbsp;Juan Antonio Gay Colmenero, hacia los a\u00f1os veinte del pasado siglo. Sus fachadas de mamposter\u00eda concertada a base de sillares extra\u00eddos de las canteras locales (1) y su buena rejer\u00eda, le dan a estos dos inmuebles una peculiaridad \u00fanica entre las casas con valores ambientales, si bien la segunda aparece en la actualidad con el muro exterior enfoscado de mortero. Destacan en ambas la rejer\u00eda que adornan sus vanos y unos curiosos dinteles &nbsp;formando arcos escarzanos en sus ventanas inferiores adornados con un friso de piedra rematados con molduras. Este recurso decorativo fue suprimido en su d\u00eda en la casa de Juan Sol\u00eds \u201cEl de las rentas\u201d.&nbsp;<\/p>\n\n\n\n<p>&nbsp; &nbsp;Otra casa interesante aunque de fachada m\u00e1s sencilla y estrecha es la casa n\u00famero 11 de la calle Antonio Alcal\u00e1 Venceslada &nbsp;en la que llaman la atenci\u00f3n las dos ventanas superiores de dise\u00f1o ronde\u00f1o de &nbsp;medidas m\u00e1s reducidas.<\/p>\n\n\n<div class=\"wp-block-image\">\n<figure class=\"alignleft is-resized\"><img decoding=\"async\" src=\"https:\/\/static.wixstatic.com\/media\/7e23fc_7f86d766babd4bc79e4830cb4cc66e4b.jpg\/v1\/fill\/w_452,h_363,al_c,q_80,usm_0.66_1.00_0.01,enc_auto\/7e23fc_7f86d766babd4bc79e4830cb4cc66e4b.jpg\" alt=\"\" style=\"width:383px;height:auto\"\/><figcaption class=\"wp-element-caption\"><strong>Casa n\u00ba 11 de la calle Antonio Alcal\u00e1 Venceslada.<\/strong><br><strong>Foto: Manuel Perales<\/strong><\/figcaption><\/figure>\n<\/div>\n\n<div class=\"wp-block-image\">\n<figure class=\"alignright is-resized\"><img decoding=\"async\" src=\"https:\/\/static.wixstatic.com\/media\/7e23fc_0ad045ea9c674ed89ddddf1c223e3fd1.jpg\/v1\/fill\/w_507,h_363,al_c,q_80,usm_0.66_1.00_0.01,enc_auto\/7e23fc_0ad045ea9c674ed89ddddf1c223e3fd1.jpg\" alt=\"\" style=\"width:428px;height:auto\"\/><figcaption class=\"wp-element-caption\"><strong>Casa del m\u00e9dico \u201cDon Eduardo\u201d. Foto: Manuel Perales.<\/strong><\/figcaption><\/figure>\n<\/div>\n\n\n<p><\/p>\n\n\n\n<p>Muy cerca de ellas se encuentra la del&nbsp;<strong>\u201cM\u00e9dico don Eduardo\u201d,<\/strong>&nbsp;en la misma calle de Antonio Alcal\u00e1; pertenece a ese tipo de casas remodeladas &nbsp;con buen criterio hacia la d\u00e9cada de los 50 del pasado siglo por su propietario el m\u00e9dico turolense, Eduardo Mercader (casado con Mar\u00eda Josefa Lozano) con dise\u00f1os m\u00e1s atrevidos para la \u00e9poca, si bien su fachada sufri\u00f3 posteriormente retoques en los alf\u00e9izares, o vierteaguas, de las ventanas superiores.&nbsp;<\/p>\n\n\n\n<p>&nbsp; &nbsp;En esta misma l\u00ednea m\u00e1s contempor\u00e1nea se dise\u00f1\u00f3 igualmente la casa de&nbsp;<strong>\u201cLa Gabana\u201d<\/strong>, en la calle del Arroyo, obra del constructor andujare\u00f1o Jos\u00e9 Corbella Pen\u00e9, para vivienda particular de Antonia Pastor, la hija del empresario agr\u00edcola Andr\u00e9s Pastor Pe\u00f1a, \u201cGabano\u201d. Aqu\u00ed &nbsp;Jos\u00e9 Corbella &nbsp;opt\u00f3 por rehabilitar un viejo inmueble &nbsp;recreando una fachada de l\u00edneas cl\u00e1sicas pero aplicando a puertas y ventanas, elementos decorativos pre\u00f1ados &nbsp;de evidente contemporaneidad &nbsp;a tono con &nbsp;la arquitectura para uso dom\u00e9stico que Corbella ven\u00eda realizando en And\u00fajar, ciudad de donde era natural. Hoy a este maestro de obras, pues no lleg\u00f3 a finalizar los estudios de arquitectura, se le reconoce su aportaci\u00f3n para la irrupci\u00f3n de la modernidad arquitect\u00f3nica en nuestra regi\u00f3n, especialmente en la ciudad de And\u00fajar donde dej\u00f3 interesant\u00edsimas obras, y en varios pueblos de su comarca &nbsp;pues tambi\u00e9n esta contrastada &nbsp;su intervenci\u00f3n junto a esta casa, en la construcci\u00f3n del Hotel Balneario y en la caser\u00eda del Santo en el Charco del Novillo de Montoro, as\u00ed como varias casas en Arjona y los silos de la ciudad de \u00dabeda (2).<\/p>\n\n\n\n<p><strong>&nbsp;La casa de \u201cDon Julio\u201d<\/strong>, en la plaza de la Constituci\u00f3n, haciendo esquina con Iglesia, continua &nbsp;dando identidad hist\u00f3rica a este rinc\u00f3n de la villa, pues su fachada aparece pr\u00e1cticamente inalterable desde su construcci\u00f3n en pleno siglo XIX. Convertida hoy en un s\u00edmbolo del urbanismo local y en testigo mudo de tantos acontecimientos de nuestra historia contempor\u00e1nea, brind\u00f3 su estampa decimon\u00f3nica a tantas y tantas postales que sirvieron para publicitar la imagen de la villa a toda Espa\u00f1a junto a otro edificio contiguo, ya desaparecido, &nbsp;donde se ubicaba &nbsp;el caf\u00e9 \u201cKomifor\u201d y m\u00e1s tarde el bazar \u201cGran Poder\u201d, en los a\u00f1os de m\u00e1xima pujanza de Marmolejo como estaci\u00f3n balnearia de primer orden.&nbsp;<\/p>\n\n\n\n<p>&nbsp; &nbsp;Perteneci\u00f3 desde finales del XIX a los antepasados de las actuales propietarias do\u00f1a Josefina y do\u00f1a Narcisa Vizca\u00edno, hijas del m\u00e9dico Julio Vizca\u00edno Perales (\u201cDon Julio\u201d), en concreto a los bisabuelos de \u00e9stas, Leandro Romero Mena y Ana Garc\u00eda del Prado Montoro. Durante los a\u00f1os iniciales del veinte, estuvo ubicada en la esquina hacia la plaza, la farmacia de Francisco Garc\u00eda Malo de Molina, hijo pol\u00edtico de Leandro Romero, casado con su hija Narcisa. En la misma puerta de la farmacia tuvo lugar la popular tertulia \u201cLa Aduana\u201d, de la que ya hicimos menci\u00f3n en otro art\u00edculo de esta web. Durante los a\u00f1os centrales del pasado siglo, la casa fue el domicilio habitual de Don Julio y de su mujer Josefina Romero Vega, hija de Jos\u00e9 Romero Garc\u00eda del Prado, funcionario de la Diputaci\u00f3n Provincial de Ja\u00e9n, fallecido en abril de 1920.<\/p>\n\n\n<div class=\"wp-block-image\">\n<figure class=\"alignleft is-resized\"><img decoding=\"async\" src=\"https:\/\/static.wixstatic.com\/media\/7e23fc_b96df52947284231bdf3154d700579a1.jpg\/v1\/fill\/w_432,h_297,al_c,q_80,usm_0.66_1.00_0.01,enc_auto\/7e23fc_b96df52947284231bdf3154d700579a1.jpg\" alt=\"\" style=\"width:415px;height:auto\"\/><figcaption class=\"wp-element-caption\"><strong>Casa de \u201cLa Gabana\u201d en la calle del Arroyo.<\/strong><br><strong>Foto: Manuel Perales.<\/strong><\/figcaption><\/figure>\n<\/div>\n\n<div class=\"wp-block-image\">\n<figure class=\"alignright is-resized\"><img decoding=\"async\" src=\"https:\/\/static.wixstatic.com\/media\/7e23fc_0a9082ace7b34dc3aa2da02b393c7258.jpg\/v1\/fill\/w_353,h_515,al_c,q_80,enc_auto\/7e23fc_0a9082ace7b34dc3aa2da02b393c7258.jpg\" alt=\"\" style=\"width:398px;height:auto\"\/><figcaption class=\"wp-element-caption\"><strong>El maestro de obras Jos\u00e9 Corbella Pen\u00e9 (And\u00fajar, 1891-Madrid, 1959), autor de la casa de La Gabana y del Hotel Balneario de Marmolejo, cuyo proyecto firm\u00f3 el arquitecto Lorenzo Gallego. Foto realizada en 1957, cedida por su nieta D\u00f1a. Mar\u00eda Dolores Gald\u00f3n Corbella.<\/strong><\/figcaption><\/figure>\n<\/div>\n\n<div class=\"wp-block-image\">\n<figure class=\"alignleft is-resized\"><img decoding=\"async\" src=\"https:\/\/static.wixstatic.com\/media\/7e23fc_b261b411e87b49b8b05ca385d6bdadf0.jpg\/v1\/fill\/w_432,h_253,al_c,q_80,usm_0.66_1.00_0.01,enc_auto\/7e23fc_b261b411e87b49b8b05ca385d6bdadf0.jpg\" alt=\"\" style=\"width:416px;height:auto\"\/><figcaption class=\"wp-element-caption\"><strong>Casa de \u201cdon Julio\u201d: fachada a calle de la Iglesia.<\/strong><br><strong>Foto: Manuel Perales.<\/strong><\/figcaption><\/figure>\n<\/div>\n\n\n<p><\/p>\n\n\n<div class=\"wp-block-image\">\n<figure class=\"alignleft is-resized\"><img decoding=\"async\" src=\"https:\/\/static.wixstatic.com\/media\/7e23fc_cba7798c04414bacac7b235622743fae.jpg\/v1\/fill\/w_600,h_409,al_c,q_80,usm_0.66_1.00_0.01,enc_auto\/7e23fc_cba7798c04414bacac7b235622743fae.jpg\" alt=\"\" style=\"width:403px;height:auto\"\/><figcaption class=\"wp-element-caption\"><strong>Casa n\u00famero 63 de la calle Gamonal. Foto: Manuel Perales.<\/strong><\/figcaption><\/figure>\n<\/div>\n\n\n<p>\u00a0Finalmente la casa n\u00famero 63 de la calle Gamonal de la familia de \u201cFrancisco el blanqueaor\u201d, \u00a0representa un ejemplo de la arquitectura desarrollada en la d\u00e9cada de los sesenta del pasado siglo para familias de clase trabajadora con cierto nivel de rentas, similar a la del modelo \u00a0ya analizado en la calle Zapateros n\u00ba 18. Presenta fachada di\u00e1fana de medidas proporcionadas con una correcta distribuci\u00f3n de puertas y ventanas, donde unos sencillos recercos de moldura acanalada, dan un toque de belleza al conjunto, y en la que siempre van a estar presentes \u00a0balcones con pletina habitualmente delgada y discreta en su saliente, y unas \u00a0ventanas inferiores adornadas \u00a0de reja \u00a0sencilla pero magistralmente ejecutada en las herrer\u00edas de la localidad \u00a0por los disc\u00edpulos de viejos \u00a0 maestros herreros como Juan Casado Padilla, Ignacio Palomares Sol\u00eds, Juan Cerezo Pastor o el popularmente conocido \u00a0\u201cPeriquito el Herrero\u201d.<\/p>\n\n\n\n<p><\/p>\n\n\n\n<p><strong>Notas y bibliograf\u00eda:<\/strong><\/p>\n\n\n\n<p>(1) Las canteras m\u00e1s utilizadas para la extracci\u00f3n de sillares de azucare\u00f1a por la calidad de la piedra eran la del \u201cPico de las Angosturas\u201d en el camino del Balneario y la del \u201cArroyo de las Gradillas\u201d. No es descartable la utilizaci\u00f3n de piedra del desaparecido castillo de Marmolejo en la construcci\u00f3n de algunas de estas casas de principios del veinte, sobre todo por la cercan\u00eda al emplazamiento de dicha fortaleza medieval.<\/p>\n\n\n\n<p>(2)&nbsp;<strong>Jos\u00e9 Corbella Pen\u00e9<\/strong>&nbsp;(And\u00fajar, 1891- Madrid,1959), naci\u00f3 dentro de una familia de tradici\u00f3n constructiva; de hecho fue con su padre, maestro de obras en la ciudad, con el que adquiri\u00f3 los primeros conocimientos arquitect\u00f3nicos, aunque estos tomaron verdadera solidez cuando al comienzo de la segunda d\u00e9cada del siglo marcha a la Escuela de Aparejadores de Madrid. All\u00ed estudia dos a\u00f1os y conoce el desarrollo de la arquitectura neo-mud\u00e9jar de la que posteriormente se har\u00e1 eco en algunas de sus construcciones, pero el floreciente panorama arquitect\u00f3nico que empieza a vivir la ciudad y que va parejo al auge de la burgues\u00eda y la oligarqu\u00eda agrarias locales, hace que Corbella vuelva enseguida a la llamada de su padre e inicie su odisea constructiva en la ciudad, aun sin haber terminado el segundo a\u00f1o de carrera de la que se olvidar\u00e1 definitivamente. Su formaci\u00f3n no puede ser considerada exclusivamente te\u00f3rica, sino que hizo de la praxis constructiva su aut\u00e9ntica escuela, y de aqu\u00ed puede derivar el resultado artesanal de gran parte de sus obras. Entre sus obras m\u00e1s destacas en And\u00fajar est\u00e1n: Casa El\u00edas (1916), Capilla de la Virgen de la Cabeza (1918), Casa Rueda (1924), casa Aldehuela (1928), casa Espejo (1929), Vi\u00f1a Gisbert (1932), etc. Es de rese\u00f1ar tambi\u00e9n &nbsp;su intervenci\u00f3n en 1934 en la construcci\u00f3n del cine T\u00edvoli y los pisos aleda\u00f1os (casa Lara), sobre planos del arquitecto Fernando Alzado. Seg\u00fan testimonio de su yerno D. Manuel &nbsp;Gald\u00f3n Gonz\u00e1lez, fue tambi\u00e9n el autor del edificio del Silo de Cereales de \u00dabeda y de varias casas en Arjona. Hombre de vida austera y de gran honestidad profesional tras una primera etapa de residencia en And\u00fajar, se afinc\u00f3 en Madrid junto a su familia (esposa y dos hijas) a partir de la postguerra, manteniendo una actividad profesional muy intensa a caballo entre la capital del reino y la comarca de And\u00fajar. Para las obras realizadas en And\u00fajar, donde mantuvo su almac\u00e9n central en la calle Doctor Fleming, siempre se apoy\u00f3 en el maestro de obras y primo-hermano suyo, Jos\u00e9 Corbella Gonz\u00e1lez, mientras \u00e9l se dedicaba por entero a la direcci\u00f3n de los encargos que recib\u00eda de la comarca y otras poblaciones de la provincia de Ja\u00e9n. Los \u00faltimos a\u00f1os de su vida profesional transcurrieron entre And\u00fajar y Madrid, donde falleci\u00f3 en 1959, tras agravarse su salud como consecuencia de una enfermedad de c\u00e1ncer. Fuentes: Testimonios de su yerno don Manuel Gald\u00f3n Gonz\u00e1lez y de su sobrino don Jos\u00e9 Gonz\u00e1lez de Corbella.<\/p>\n\n\n\n<p>-Guerrero Palomo, Lorenzo: \u201cJofra Pintor de los Campesinos\u201d. Edita: Jos\u00e9 Francisco D\u00edaz Navarro \u201cJofra\u201d. Obra impresa en Tipograf\u00eda \u201cSan Jos\u00e9\u201d de Marmolejo, a\u00f1o de 1970.<\/p>\n\n\n\n<p>-Casuso Quesada, Rafael Antonio: \u201cJos\u00e9 Corbella Pen\u00e9 y la arquitectura contempor\u00e1nea en And\u00fajar\u201d. Edita el Instituto de Estudios Giennenses. Tambi\u00e9n se ha consultado del mismo autor: \u201cEvoluci\u00f3n y cambio en la arquitectura contempor\u00e1nea de And\u00fajar\u201d. Bolet\u00edn del Instituto de Estudios Giennenses, enero\/junio 2002.<\/p>\n\n\n\n<figure class=\"wp-block-gallery has-nested-images columns-default is-cropped wp-block-gallery-1 is-layout-flex wp-block-gallery-is-layout-flex\">\n<figure class=\"wp-block-image size-large\"><img fetchpriority=\"high\" decoding=\"async\" width=\"309\" height=\"447\" data-id=\"522\" src=\"https:\/\/lugardemarmolejo.es\/wp-content\/uploads\/2023\/12\/Casa-de-Alfonsa-Borrego-detalle-ventana-y-balcon.-Foto-Manuel-Perales.webp\" alt=\"\" class=\"wp-image-522\" srcset=\"https:\/\/lugardemarmolejo.es\/wp-content\/uploads\/2023\/12\/Casa-de-Alfonsa-Borrego-detalle-ventana-y-balcon.-Foto-Manuel-Perales.webp 309w, https:\/\/lugardemarmolejo.es\/wp-content\/uploads\/2023\/12\/Casa-de-Alfonsa-Borrego-detalle-ventana-y-balcon.-Foto-Manuel-Perales-207x300.webp 207w\" sizes=\"(max-width: 309px) 100vw, 309px\" \/><figcaption class=\"wp-element-caption\">Casa de Alfonsa Borrego, detalle ventana y balc\u00f3n. Foto Manuel Perales.<\/figcaption><\/figure>\n\n\n\n<figure class=\"wp-block-image size-large\"><img decoding=\"async\" width=\"321\" height=\"447\" data-id=\"526\" src=\"https:\/\/lugardemarmolejo.es\/wp-content\/uploads\/2023\/12\/Casa-de-don-Juan-Lopez-Sagredo-detalle-balcon-principal.-Foto-Manuel-Perales.webp\" alt=\"\" class=\"wp-image-526\" srcset=\"https:\/\/lugardemarmolejo.es\/wp-content\/uploads\/2023\/12\/Casa-de-don-Juan-Lopez-Sagredo-detalle-balcon-principal.-Foto-Manuel-Perales.webp 321w, https:\/\/lugardemarmolejo.es\/wp-content\/uploads\/2023\/12\/Casa-de-don-Juan-Lopez-Sagredo-detalle-balcon-principal.-Foto-Manuel-Perales-215x300.webp 215w\" sizes=\"(max-width: 321px) 100vw, 321px\" \/><figcaption class=\"wp-element-caption\">Casa de don Juan L\u00f3pez Sagredo, detalle balc\u00f3n principal. Foto Manuel Perales.<\/figcaption><\/figure>\n\n\n\n<figure class=\"wp-block-image size-large\"><img decoding=\"async\" width=\"312\" height=\"447\" data-id=\"524\" src=\"https:\/\/lugardemarmolejo.es\/wp-content\/uploads\/2023\/12\/Casa-de-don-Juan-Lopez-Sagredo-detalle-de-la-puerta-principal-hacia-calle-Perales.-Foto-Manuel-Perales.webp\" alt=\"\" class=\"wp-image-524\" srcset=\"https:\/\/lugardemarmolejo.es\/wp-content\/uploads\/2023\/12\/Casa-de-don-Juan-Lopez-Sagredo-detalle-de-la-puerta-principal-hacia-calle-Perales.-Foto-Manuel-Perales.webp 312w, https:\/\/lugardemarmolejo.es\/wp-content\/uploads\/2023\/12\/Casa-de-don-Juan-Lopez-Sagredo-detalle-de-la-puerta-principal-hacia-calle-Perales.-Foto-Manuel-Perales-209x300.webp 209w\" sizes=\"(max-width: 312px) 100vw, 312px\" \/><figcaption class=\"wp-element-caption\">Casa de don Juan L\u00f3pez Sagredo, detalle de la puerta principal hacia calle Perales. Foto Manuel Perales.<\/figcaption><\/figure>\n\n\n\n<figure class=\"wp-block-image size-large\"><img loading=\"lazy\" decoding=\"async\" width=\"658\" height=\"447\" data-id=\"525\" src=\"https:\/\/lugardemarmolejo.es\/wp-content\/uploads\/2023\/12\/Casa-de-don-Juan-Lopez-Sagredo-fachada-a-la-calle-de-Los-Molinos.-Foto-Manuel-Perales.webp\" alt=\"\" class=\"wp-image-525\" srcset=\"https:\/\/lugardemarmolejo.es\/wp-content\/uploads\/2023\/12\/Casa-de-don-Juan-Lopez-Sagredo-fachada-a-la-calle-de-Los-Molinos.-Foto-Manuel-Perales.webp 658w, https:\/\/lugardemarmolejo.es\/wp-content\/uploads\/2023\/12\/Casa-de-don-Juan-Lopez-Sagredo-fachada-a-la-calle-de-Los-Molinos.-Foto-Manuel-Perales-300x204.webp 300w\" sizes=\"(max-width: 658px) 100vw, 658px\" \/><figcaption class=\"wp-element-caption\">Casa de don Juan L\u00f3pez Sagredo, fachada a la calle de Los Molinos. Foto Manuel Perales<\/figcaption><\/figure>\n\n\n\n<figure class=\"wp-block-image size-large\"><img loading=\"lazy\" decoding=\"async\" width=\"656\" height=\"447\" data-id=\"523\" src=\"https:\/\/lugardemarmolejo.es\/wp-content\/uploads\/2023\/12\/Casa-de-La-Gabana-fachada-hacia-calle-San-Julian.-Foto-Manuel-Perales.webp\" alt=\"\" class=\"wp-image-523\" srcset=\"https:\/\/lugardemarmolejo.es\/wp-content\/uploads\/2023\/12\/Casa-de-La-Gabana-fachada-hacia-calle-San-Julian.-Foto-Manuel-Perales.webp 656w, https:\/\/lugardemarmolejo.es\/wp-content\/uploads\/2023\/12\/Casa-de-La-Gabana-fachada-hacia-calle-San-Julian.-Foto-Manuel-Perales-300x204.webp 300w\" sizes=\"(max-width: 656px) 100vw, 656px\" \/><figcaption class=\"wp-element-caption\">Casa de La Gabana, fachada hacia calle San Juli\u00e1n. Foto Manuel Perales.<\/figcaption><\/figure>\n\n\n\n<figure class=\"wp-block-image size-large\"><img loading=\"lazy\" decoding=\"async\" width=\"296\" height=\"447\" data-id=\"527\" src=\"https:\/\/lugardemarmolejo.es\/wp-content\/uploads\/2023\/12\/Detalle-de-la-casa-del-medico-don-Eduardo.-Foto-Manuel-Perales.webp\" alt=\"\" class=\"wp-image-527\" srcset=\"https:\/\/lugardemarmolejo.es\/wp-content\/uploads\/2023\/12\/Detalle-de-la-casa-del-medico-don-Eduardo.-Foto-Manuel-Perales.webp 296w, https:\/\/lugardemarmolejo.es\/wp-content\/uploads\/2023\/12\/Detalle-de-la-casa-del-medico-don-Eduardo.-Foto-Manuel-Perales-199x300.webp 199w\" sizes=\"(max-width: 296px) 100vw, 296px\" \/><figcaption class=\"wp-element-caption\">Detalle de la casa del m\u00e9dico \u201cdon Eduardo\u201d. Foto Manuel Perales.<\/figcaption><\/figure>\n<\/figure>\n","protected":false},"excerpt":{"rendered":"<p>-Manuel Perales Sol\u00eds- Hoy traemos a nuestra p\u00e1gina una segunda serie de casas marmoleje\u00f1as con fachadas que presentan valores ambientales por lo que, a mi entender, ser\u00edan merecedoras de tenerlas en cuenta a la hora establecer un cat\u00e1logo de edificios y as\u00ed desterrar esos malos h\u00e1bitos que nos han caracterizado a la hora de afrontar [&hellip;]<\/p>\n","protected":false},"author":1,"featured_media":0,"parent":0,"menu_order":0,"comment_status":"closed","ping_status":"closed","template":"","meta":{"footnotes":""},"class_list":["post-519","page","type-page","status-publish","hentry"],"yoast_head":"<!-- This site is optimized with the Yoast SEO plugin v25.2 - https:\/\/yoast.com\/wordpress\/plugins\/seo\/ -->\n<title>Casas con valores ambientales II - El lugar de Marmolejo<\/title>\n<meta name=\"robots\" content=\"index, follow, max-snippet:-1, max-image-preview:large, max-video-preview:-1\" \/>\n<link rel=\"canonical\" href=\"https:\/\/lugardemarmolejo.es\/?page_id=519\" \/>\n<meta property=\"og:locale\" content=\"es_ES\" \/>\n<meta property=\"og:type\" content=\"article\" \/>\n<meta property=\"og:title\" content=\"Casas con valores ambientales II - El lugar de Marmolejo\" \/>\n<meta property=\"og:description\" content=\"-Manuel Perales Sol\u00eds- Hoy traemos a nuestra p\u00e1gina una segunda serie de casas marmoleje\u00f1as con fachadas que presentan valores ambientales por lo que, a mi entender, ser\u00edan merecedoras de tenerlas en cuenta a la hora establecer un cat\u00e1logo de edificios y as\u00ed desterrar esos malos h\u00e1bitos que nos han caracterizado a la hora de afrontar [&hellip;]\" \/>\n<meta property=\"og:url\" content=\"https:\/\/lugardemarmolejo.es\/?page_id=519\" \/>\n<meta property=\"og:site_name\" content=\"El lugar de Marmolejo\" \/>\n<meta property=\"article:modified_time\" content=\"2023-12-30T12:21:40+00:00\" \/>\n<meta property=\"og:image\" content=\"https:\/\/static.wixstatic.com\/media\/7e23fc_9a7444dd36354451b8ef0d9c48fa26e9.jpg\/v1\/fill\/w_472,h_319,al_c,q_80,usm_0.66_1.00_0.01,enc_auto\/7e23fc_9a7444dd36354451b8ef0d9c48fa26e9.jpg\" \/>\n<meta name=\"twitter:card\" content=\"summary_large_image\" \/>\n<meta name=\"twitter:label1\" content=\"Tiempo de lectura\" \/>\n\t<meta name=\"twitter:data1\" content=\"17 minutos\" \/>\n<script type=\"application\/ld+json\" class=\"yoast-schema-graph\">{\"@context\":\"https:\/\/schema.org\",\"@graph\":[{\"@type\":\"WebPage\",\"@id\":\"https:\/\/lugardemarmolejo.es\/?page_id=519\",\"url\":\"https:\/\/lugardemarmolejo.es\/?page_id=519\",\"name\":\"Casas con valores ambientales II - El lugar de Marmolejo\",\"isPartOf\":{\"@id\":\"https:\/\/lugardemarmolejo.es\/#website\"},\"primaryImageOfPage\":{\"@id\":\"https:\/\/lugardemarmolejo.es\/?page_id=519#primaryimage\"},\"image\":{\"@id\":\"https:\/\/lugardemarmolejo.es\/?page_id=519#primaryimage\"},\"thumbnailUrl\":\"https:\/\/static.wixstatic.com\/media\/7e23fc_9a7444dd36354451b8ef0d9c48fa26e9.jpg\/v1\/fill\/w_472,h_319,al_c,q_80,usm_0.66_1.00_0.01,enc_auto\/7e23fc_9a7444dd36354451b8ef0d9c48fa26e9.jpg\",\"datePublished\":\"2023-12-30T12:07:59+00:00\",\"dateModified\":\"2023-12-30T12:21:40+00:00\",\"breadcrumb\":{\"@id\":\"https:\/\/lugardemarmolejo.es\/?page_id=519#breadcrumb\"},\"inLanguage\":\"es\",\"potentialAction\":[{\"@type\":\"ReadAction\",\"target\":[\"https:\/\/lugardemarmolejo.es\/?page_id=519\"]}]},{\"@type\":\"ImageObject\",\"inLanguage\":\"es\",\"@id\":\"https:\/\/lugardemarmolejo.es\/?page_id=519#primaryimage\",\"url\":\"https:\/\/static.wixstatic.com\/media\/7e23fc_9a7444dd36354451b8ef0d9c48fa26e9.jpg\/v1\/fill\/w_472,h_319,al_c,q_80,usm_0.66_1.00_0.01,enc_auto\/7e23fc_9a7444dd36354451b8ef0d9c48fa26e9.jpg\",\"contentUrl\":\"https:\/\/static.wixstatic.com\/media\/7e23fc_9a7444dd36354451b8ef0d9c48fa26e9.jpg\/v1\/fill\/w_472,h_319,al_c,q_80,usm_0.66_1.00_0.01,enc_auto\/7e23fc_9a7444dd36354451b8ef0d9c48fa26e9.jpg\"},{\"@type\":\"BreadcrumbList\",\"@id\":\"https:\/\/lugardemarmolejo.es\/?page_id=519#breadcrumb\",\"itemListElement\":[{\"@type\":\"ListItem\",\"position\":1,\"name\":\"Portada\",\"item\":\"https:\/\/lugardemarmolejo.es\/\"},{\"@type\":\"ListItem\",\"position\":2,\"name\":\"Casas con valores ambientales II\"}]},{\"@type\":\"WebSite\",\"@id\":\"https:\/\/lugardemarmolejo.es\/#website\",\"url\":\"https:\/\/lugardemarmolejo.es\/\",\"name\":\"El lugar de Marmolejo\",\"description\":\"\",\"potentialAction\":[{\"@type\":\"SearchAction\",\"target\":{\"@type\":\"EntryPoint\",\"urlTemplate\":\"https:\/\/lugardemarmolejo.es\/?s={search_term_string}\"},\"query-input\":{\"@type\":\"PropertyValueSpecification\",\"valueRequired\":true,\"valueName\":\"search_term_string\"}}],\"inLanguage\":\"es\"}]}<\/script>\n<!-- \/ Yoast SEO plugin. -->","yoast_head_json":{"title":"Casas con valores ambientales II - El lugar de Marmolejo","robots":{"index":"index","follow":"follow","max-snippet":"max-snippet:-1","max-image-preview":"max-image-preview:large","max-video-preview":"max-video-preview:-1"},"canonical":"https:\/\/lugardemarmolejo.es\/?page_id=519","og_locale":"es_ES","og_type":"article","og_title":"Casas con valores ambientales II - El lugar de Marmolejo","og_description":"-Manuel Perales Sol\u00eds- Hoy traemos a nuestra p\u00e1gina una segunda serie de casas marmoleje\u00f1as con fachadas que presentan valores ambientales por lo que, a mi entender, ser\u00edan merecedoras de tenerlas en cuenta a la hora establecer un cat\u00e1logo de edificios y as\u00ed desterrar esos malos h\u00e1bitos que nos han caracterizado a la hora de afrontar [&hellip;]","og_url":"https:\/\/lugardemarmolejo.es\/?page_id=519","og_site_name":"El lugar de Marmolejo","article_modified_time":"2023-12-30T12:21:40+00:00","og_image":[{"url":"https:\/\/static.wixstatic.com\/media\/7e23fc_9a7444dd36354451b8ef0d9c48fa26e9.jpg\/v1\/fill\/w_472,h_319,al_c,q_80,usm_0.66_1.00_0.01,enc_auto\/7e23fc_9a7444dd36354451b8ef0d9c48fa26e9.jpg","type":"","width":"","height":""}],"twitter_card":"summary_large_image","twitter_misc":{"Tiempo de lectura":"17 minutos"},"schema":{"@context":"https:\/\/schema.org","@graph":[{"@type":"WebPage","@id":"https:\/\/lugardemarmolejo.es\/?page_id=519","url":"https:\/\/lugardemarmolejo.es\/?page_id=519","name":"Casas con valores ambientales II - El lugar de Marmolejo","isPartOf":{"@id":"https:\/\/lugardemarmolejo.es\/#website"},"primaryImageOfPage":{"@id":"https:\/\/lugardemarmolejo.es\/?page_id=519#primaryimage"},"image":{"@id":"https:\/\/lugardemarmolejo.es\/?page_id=519#primaryimage"},"thumbnailUrl":"https:\/\/static.wixstatic.com\/media\/7e23fc_9a7444dd36354451b8ef0d9c48fa26e9.jpg\/v1\/fill\/w_472,h_319,al_c,q_80,usm_0.66_1.00_0.01,enc_auto\/7e23fc_9a7444dd36354451b8ef0d9c48fa26e9.jpg","datePublished":"2023-12-30T12:07:59+00:00","dateModified":"2023-12-30T12:21:40+00:00","breadcrumb":{"@id":"https:\/\/lugardemarmolejo.es\/?page_id=519#breadcrumb"},"inLanguage":"es","potentialAction":[{"@type":"ReadAction","target":["https:\/\/lugardemarmolejo.es\/?page_id=519"]}]},{"@type":"ImageObject","inLanguage":"es","@id":"https:\/\/lugardemarmolejo.es\/?page_id=519#primaryimage","url":"https:\/\/static.wixstatic.com\/media\/7e23fc_9a7444dd36354451b8ef0d9c48fa26e9.jpg\/v1\/fill\/w_472,h_319,al_c,q_80,usm_0.66_1.00_0.01,enc_auto\/7e23fc_9a7444dd36354451b8ef0d9c48fa26e9.jpg","contentUrl":"https:\/\/static.wixstatic.com\/media\/7e23fc_9a7444dd36354451b8ef0d9c48fa26e9.jpg\/v1\/fill\/w_472,h_319,al_c,q_80,usm_0.66_1.00_0.01,enc_auto\/7e23fc_9a7444dd36354451b8ef0d9c48fa26e9.jpg"},{"@type":"BreadcrumbList","@id":"https:\/\/lugardemarmolejo.es\/?page_id=519#breadcrumb","itemListElement":[{"@type":"ListItem","position":1,"name":"Portada","item":"https:\/\/lugardemarmolejo.es\/"},{"@type":"ListItem","position":2,"name":"Casas con valores ambientales II"}]},{"@type":"WebSite","@id":"https:\/\/lugardemarmolejo.es\/#website","url":"https:\/\/lugardemarmolejo.es\/","name":"El lugar de Marmolejo","description":"","potentialAction":[{"@type":"SearchAction","target":{"@type":"EntryPoint","urlTemplate":"https:\/\/lugardemarmolejo.es\/?s={search_term_string}"},"query-input":{"@type":"PropertyValueSpecification","valueRequired":true,"valueName":"search_term_string"}}],"inLanguage":"es"}]}},"_links":{"self":[{"href":"https:\/\/lugardemarmolejo.es\/index.php?rest_route=\/wp\/v2\/pages\/519","targetHints":{"allow":["GET"]}}],"collection":[{"href":"https:\/\/lugardemarmolejo.es\/index.php?rest_route=\/wp\/v2\/pages"}],"about":[{"href":"https:\/\/lugardemarmolejo.es\/index.php?rest_route=\/wp\/v2\/types\/page"}],"author":[{"embeddable":true,"href":"https:\/\/lugardemarmolejo.es\/index.php?rest_route=\/wp\/v2\/users\/1"}],"replies":[{"embeddable":true,"href":"https:\/\/lugardemarmolejo.es\/index.php?rest_route=%2Fwp%2Fv2%2Fcomments&post=519"}],"version-history":[{"count":2,"href":"https:\/\/lugardemarmolejo.es\/index.php?rest_route=\/wp\/v2\/pages\/519\/revisions"}],"predecessor-version":[{"id":528,"href":"https:\/\/lugardemarmolejo.es\/index.php?rest_route=\/wp\/v2\/pages\/519\/revisions\/528"}],"wp:attachment":[{"href":"https:\/\/lugardemarmolejo.es\/index.php?rest_route=%2Fwp%2Fv2%2Fmedia&parent=519"}],"curies":[{"name":"wp","href":"https:\/\/api.w.org\/{rel}","templated":true}]}}