{"id":468,"date":"2023-11-29T12:43:30","date_gmt":"2023-11-29T12:43:30","guid":{"rendered":"https:\/\/lugardemarmolejo.es\/?page_id=468"},"modified":"2024-08-03T10:03:11","modified_gmt":"2024-08-03T10:03:11","slug":"patrimonio-arquitectonico-desaparecido-de-marmolejo","status":"publish","type":"page","link":"https:\/\/lugardemarmolejo.es\/?page_id=468","title":{"rendered":"Patrimonio arquitect\u00f3nico desaparecido de Marmolejo"},"content":{"rendered":"\n<h1 class=\"wp-block-heading\"><\/h1>\n\n\n\n<h4 class=\"wp-block-heading\">-Manuel Perales Sol\u00eds-<\/h4>\n\n\n<div class=\"wp-block-image\">\n<figure class=\"alignleft is-resized\"><img decoding=\"async\" src=\"https:\/\/static.wixstatic.com\/media\/7e23fc_954bbba07751036647355655e7cc6c47.jpg\/v1\/fill\/w_426,h_533,al_c,q_80,usm_0.66_1.00_0.01,enc_auto\/7e23fc_954bbba07751036647355655e7cc6c47.jpg\" alt=\"\" style=\"width:426px;height:auto\"\/><figcaption class=\"wp-element-caption\"><strong>Casa de Do\u00f1a Paca Cerrillo. Foto Manuel Perales<\/strong><\/figcaption><\/figure>\n<\/div>\n\n\n<p><strong>\u00a0La casa de Do\u00f1a Paca Cerrillo:<\/strong><\/p>\n\n\n\n<p>Esta casa de presencia palaciega y arm\u00f3nica fachada, perteneci\u00f3 a Narciso Garc\u00eda del Prado \u201cDon Narciso\u201d, gran propietario agr\u00edcola local que ocup\u00f3 el cargo de Alcalde desde febrero&nbsp; 1930 hasta noviembre de ese mismo a\u00f1o. Estuvo casado con Margarita Cerrillo Garc\u00eda del Prado, hermana del m\u00e9dico Miguel Cerrillo, con la que no lleg\u00f3 a tener descendencia, pasando parte de sus bienes, entre ellos esta magn\u00edfica casa, a su cu\u00f1ada Francisca Cerrillo, popularmente conocida como \u201cDo\u00f1a Paca\u201d. Desaparecida hacia 1986, la casa se ubicaba en la calle Granados, sobre el mismo solar que hoy ocupa el edificio donde se alberga Correos y el Banco Popular. Era inconfundible su torre-mirador de cristal de vidrio transparente, con piezas azuladas, visible desde cualquier punto de la localidad.<\/p>\n\n\n\n<p><\/p>\n\n\n\n<p><\/p>\n\n\n\n<p><strong>El Hotel Central:\u200b<\/strong><\/p>\n\n\n\n<p><br>Este bello edificio propiedad del industrial hostelero Pedro Lozano Mu\u00f1oz en los a\u00f1os iniciales del pasado siglo, desapareci\u00f3 en 1986. Fue utilizado durante la Guerra Civil para alojamiento de las tropas republicanas. Tras la contienda ser\u00eda remozado por su due\u00f1a Petra Lozano P\u00e9rez, hija de Pedro. La fotograf\u00eda que mostramos, visualiza las \u00faltimas reformas\u00a0 sobre su fachada en\u00a0 un di\u00e1fano estilo regionalista, realizadas por un arquitecto sevillano, amigo personal de Petra, que sol\u00eda hospedarse en este hotel durante las temporadas de aguas. Dichas reformas se hicieron en la d\u00e9cada de los 50 del pasado siglo.<\/p>\n\n\n\n<figure class=\"wp-block-image\"><img decoding=\"async\" src=\"https:\/\/static.wixstatic.com\/media\/7e23fc_db6bd75605e99c5916edab0778e24a44.jpg\/v1\/fill\/w_899,h_595,al_c,q_85,enc_auto\/7e23fc_db6bd75605e99c5916edab0778e24a44.jpg\" alt=\"\"\/><figcaption class=\"wp-element-caption\"><strong>&nbsp;&nbsp;Hotel Central. Foto: Juan de Dios L\u00f3pez.<\/strong><\/figcaption><\/figure>\n\n\n\n<p><\/p>\n\n\n\n<p><\/p>\n\n\n\n<p><strong>&nbsp;Casa del sastre Don Antonio de la Fuente:<\/strong><\/p>\n\n\n\n<p>&nbsp;Esta antigua casa del siglo XVIII, estaba situada en la calle Su\u00e1rez (hoy \u00datica). Dispon\u00eda de una bella rejer\u00eda y ventanales rematados de guardapolvos, amplios patios y corrales con frutales (naranjos, limoneros, parras, etc.). Su desaparici\u00f3n podemos situarla a comienzos de la d\u00e9cada de los 80 del pasado siglo. Anteriormente a ser adquirida por \u201cEl sastre\u201d para residencia de sus hermanas, perteneci\u00f3 a Francisco Torralbo Molina conocido popularmente por \u201cPaquito Torralbo\u201d. Este hombre fue un mediano hacendado agr\u00edcola que ocup\u00f3 puesto de concejal entre 1920 a 1921. Era soltero y tuvo como administrador de su considerable patrimonio a Andr\u00e9s Pastor Pe\u00f1a; dispuso de molino de aceite en la misma calle Su\u00e1rez, unos metros m\u00e1s arriba de esta casa.<\/p>\n\n\n\n<p><\/p>\n\n\n<div class=\"wp-block-image\">\n<figure class=\"aligncenter size-full\"><img fetchpriority=\"high\" decoding=\"async\" width=\"743\" height=\"420\" src=\"https:\/\/lugardemarmolejo.es\/wp-content\/uploads\/2023\/11\/image.png\" alt=\"\" class=\"wp-image-469\" srcset=\"https:\/\/lugardemarmolejo.es\/wp-content\/uploads\/2023\/11\/image.png 743w, https:\/\/lugardemarmolejo.es\/wp-content\/uploads\/2023\/11\/image-300x170.png 300w\" sizes=\"(max-width: 743px) 100vw, 743px\" \/><figcaption class=\"wp-element-caption\"><strong>Ambas fotograf\u00edas se corresponden con&nbsp;Casa del Sastre Don Antonio de la Fuente.<\/strong><\/figcaption><\/figure>\n<\/div>\n\n\n<p class=\"has-text-align-center\"><\/p>\n\n\n\n<p><strong>Fuente:&nbsp;Manuel Perales Sol\u00eds<\/strong><\/p>\n\n\n<div class=\"wp-block-image\">\n<figure class=\"alignleft\"><img decoding=\"async\" src=\"https:\/\/static.wixstatic.com\/media\/7e23fc_29e3213b065090f9ba824393149569ac.jpg\/v1\/fill\/w_521,h_384,al_c,q_80,usm_0.66_1.00_0.01,enc_auto\/7e23fc_29e3213b065090f9ba824393149569ac.jpg\" alt=\"\"\/><figcaption class=\"wp-element-caption\"><strong>Antigua ermita del Santo Cristo, edificada en fechas posteriores a 1910.<br>Foto de Juan de Dios L\u00f3pez.<\/strong><\/figcaption><\/figure>\n<\/div>\n\n\n<p><strong>Ermita del Santo Cristo:<\/strong><\/p>\n\n\n\n<p>Su origen hay que localizarlo en un antiguo Calvario existente en este lugar, que acab\u00f3 convirti\u00e9ndose&nbsp; en ermita en fechas posteriores a 1910. En el diario escrito entre 1908-1910, por&nbsp; la ag\u00fcista malague\u00f1a Enriqueta Raggio (*) se describ\u00eda a este lugar como \u201cel Calvario\u201d, punto final de un v\u00eda crucis existente al final de la calle del&nbsp; mismo nombre y que era el inicio del camino hacia los manantiales, aunque en su testimonio&nbsp; nos dice&nbsp; \u201cque las cruces estaban en mal estado, faltando algunas de ellas\u201d.<\/p>\n\n\n\n<p>&nbsp; Este lugar del Santo Cristo (o Calvario) nos lo describe en su diario (d\u00eda 16 de octubre de 1910) con motivo de uno de sus paseos matutinos hacia el Balneario: \u201cMe levant\u00e9 muy temprano y a las seis fui al Manantial con Juanita, pues Gracia estaba algo echada a perder y no hab\u00eda querido ir. Con motivo de encontrarnos todas las cabras mochas ven\u00edamos hablando de las de nuestra tierra que ten\u00edan hermosos cuernos. Juanita me cont\u00f3 que una vez le hab\u00edan regalado una chivita y que de aquella sola hab\u00edan reunido una gran piara lo menos de seis u ocho. Al pasar frente al Calvario dije a Juanita que si no le contrariaba detenerse unos diez minutos, ver\u00edamos lo que all\u00ed hab\u00eda. Atravesamos el camino y entrando en una especie de plazoleta rodeada de poyos, en su frente, en un hueco del muro que tiene un tejado para preservarlo de las lluvias, hay &nbsp;una &nbsp;especie &nbsp;de &nbsp;capilla &nbsp;con &nbsp;un &nbsp;Se\u00f1or &nbsp;Crucificado &nbsp;de &nbsp;talla, al&nbsp;<\/p>\n\n\n\n<p><\/p>\n\n\n\n<p>parecer antiguo. A trav\u00e9s de un cristal que tiene, no muy limpio, no pudimos contemplarlo bien y nos cost\u00f3 trabajo leer, en un cuadrito colocado a sus pies, las indulgencias que el Obispo de Ja\u00e9n conced\u00eda a los que rezaren un Credo ante la imagen. Nos alcanzaron cuando sal\u00edamos del Calvario, Gracia y Paulina L\u00f3pez que nos preguntaron qu\u00e9 hac\u00edamos en aquel lado del camino a lo que contest\u00f3 Juanita: Venimos de rezarle un Credo al Se\u00f1or; y yo a\u00f1ad\u00ed: Y de ganar las indulgencias concedidas por el Obispo. Verdaderamente parece imposible que yendo a Marmolejo tanta gente religiosa y devota&nbsp; uno y otro a\u00f1os, no se les hubiese ocurrido a ninguno ni por curiosidad ni devoci\u00f3n ver lo que hab\u00eda en el Calvario\u201d.<\/p>\n\n\n\n<p>\ufeff<\/p>\n\n\n\n<p><strong>(*) Enrique Mapelli:<\/strong> \u201cDiario de Enriqueta Raggio\u201d. Edici\u00f3n \u00c1ngel Cafarena. M\u00e1laga 1969.<\/p>\n","protected":false},"excerpt":{"rendered":"<p>-Manuel Perales Sol\u00eds- \u00a0La casa de Do\u00f1a Paca Cerrillo: Esta casa de presencia palaciega y arm\u00f3nica fachada, perteneci\u00f3 a Narciso Garc\u00eda del Prado \u201cDon Narciso\u201d, gran propietario agr\u00edcola local que ocup\u00f3 el cargo de Alcalde desde febrero&nbsp; 1930 hasta noviembre de ese mismo a\u00f1o. Estuvo casado con Margarita Cerrillo Garc\u00eda del Prado, hermana del m\u00e9dico [&hellip;]<\/p>\n","protected":false},"author":1,"featured_media":0,"parent":0,"menu_order":0,"comment_status":"closed","ping_status":"closed","template":"","meta":{"footnotes":""},"class_list":["post-468","page","type-page","status-publish","hentry"],"yoast_head":"<!-- This site is optimized with the Yoast SEO plugin v25.2 - https:\/\/yoast.com\/wordpress\/plugins\/seo\/ -->\n<title>Patrimonio arquitect\u00f3nico desaparecido de Marmolejo - El lugar de Marmolejo<\/title>\n<meta name=\"robots\" content=\"index, follow, max-snippet:-1, max-image-preview:large, max-video-preview:-1\" \/>\n<link rel=\"canonical\" href=\"https:\/\/lugardemarmolejo.es\/?page_id=468\" \/>\n<meta property=\"og:locale\" content=\"es_ES\" \/>\n<meta property=\"og:type\" content=\"article\" \/>\n<meta property=\"og:title\" content=\"Patrimonio arquitect\u00f3nico desaparecido de Marmolejo - El lugar de Marmolejo\" \/>\n<meta property=\"og:description\" content=\"-Manuel Perales Sol\u00eds- \u00a0La casa de Do\u00f1a Paca Cerrillo: Esta casa de presencia palaciega y arm\u00f3nica fachada, perteneci\u00f3 a Narciso Garc\u00eda del Prado \u201cDon Narciso\u201d, gran propietario agr\u00edcola local que ocup\u00f3 el cargo de Alcalde desde febrero&nbsp; 1930 hasta noviembre de ese mismo a\u00f1o. Estuvo casado con Margarita Cerrillo Garc\u00eda del Prado, hermana del m\u00e9dico [&hellip;]\" \/>\n<meta property=\"og:url\" content=\"https:\/\/lugardemarmolejo.es\/?page_id=468\" \/>\n<meta property=\"og:site_name\" content=\"El lugar de Marmolejo\" \/>\n<meta property=\"article:modified_time\" content=\"2024-08-03T10:03:11+00:00\" \/>\n<meta property=\"og:image\" content=\"https:\/\/static.wixstatic.com\/media\/7e23fc_954bbba07751036647355655e7cc6c47.jpg\/v1\/fill\/w_426,h_533,al_c,q_80,usm_0.66_1.00_0.01,enc_auto\/7e23fc_954bbba07751036647355655e7cc6c47.jpg\" \/>\n<meta name=\"twitter:card\" content=\"summary_large_image\" \/>\n<meta name=\"twitter:label1\" content=\"Tiempo de lectura\" \/>\n\t<meta name=\"twitter:data1\" content=\"5 minutos\" \/>\n<script type=\"application\/ld+json\" class=\"yoast-schema-graph\">{\"@context\":\"https:\/\/schema.org\",\"@graph\":[{\"@type\":\"WebPage\",\"@id\":\"https:\/\/lugardemarmolejo.es\/?page_id=468\",\"url\":\"https:\/\/lugardemarmolejo.es\/?page_id=468\",\"name\":\"Patrimonio arquitect\u00f3nico desaparecido de Marmolejo - El lugar de Marmolejo\",\"isPartOf\":{\"@id\":\"https:\/\/lugardemarmolejo.es\/#website\"},\"primaryImageOfPage\":{\"@id\":\"https:\/\/lugardemarmolejo.es\/?page_id=468#primaryimage\"},\"image\":{\"@id\":\"https:\/\/lugardemarmolejo.es\/?page_id=468#primaryimage\"},\"thumbnailUrl\":\"https:\/\/static.wixstatic.com\/media\/7e23fc_954bbba07751036647355655e7cc6c47.jpg\/v1\/fill\/w_426,h_533,al_c,q_80,usm_0.66_1.00_0.01,enc_auto\/7e23fc_954bbba07751036647355655e7cc6c47.jpg\",\"datePublished\":\"2023-11-29T12:43:30+00:00\",\"dateModified\":\"2024-08-03T10:03:11+00:00\",\"breadcrumb\":{\"@id\":\"https:\/\/lugardemarmolejo.es\/?page_id=468#breadcrumb\"},\"inLanguage\":\"es\",\"potentialAction\":[{\"@type\":\"ReadAction\",\"target\":[\"https:\/\/lugardemarmolejo.es\/?page_id=468\"]}]},{\"@type\":\"ImageObject\",\"inLanguage\":\"es\",\"@id\":\"https:\/\/lugardemarmolejo.es\/?page_id=468#primaryimage\",\"url\":\"https:\/\/static.wixstatic.com\/media\/7e23fc_954bbba07751036647355655e7cc6c47.jpg\/v1\/fill\/w_426,h_533,al_c,q_80,usm_0.66_1.00_0.01,enc_auto\/7e23fc_954bbba07751036647355655e7cc6c47.jpg\",\"contentUrl\":\"https:\/\/static.wixstatic.com\/media\/7e23fc_954bbba07751036647355655e7cc6c47.jpg\/v1\/fill\/w_426,h_533,al_c,q_80,usm_0.66_1.00_0.01,enc_auto\/7e23fc_954bbba07751036647355655e7cc6c47.jpg\"},{\"@type\":\"BreadcrumbList\",\"@id\":\"https:\/\/lugardemarmolejo.es\/?page_id=468#breadcrumb\",\"itemListElement\":[{\"@type\":\"ListItem\",\"position\":1,\"name\":\"Portada\",\"item\":\"https:\/\/lugardemarmolejo.es\/\"},{\"@type\":\"ListItem\",\"position\":2,\"name\":\"Patrimonio arquitect\u00f3nico desaparecido de Marmolejo\"}]},{\"@type\":\"WebSite\",\"@id\":\"https:\/\/lugardemarmolejo.es\/#website\",\"url\":\"https:\/\/lugardemarmolejo.es\/\",\"name\":\"El lugar de Marmolejo\",\"description\":\"\",\"potentialAction\":[{\"@type\":\"SearchAction\",\"target\":{\"@type\":\"EntryPoint\",\"urlTemplate\":\"https:\/\/lugardemarmolejo.es\/?s={search_term_string}\"},\"query-input\":{\"@type\":\"PropertyValueSpecification\",\"valueRequired\":true,\"valueName\":\"search_term_string\"}}],\"inLanguage\":\"es\"}]}<\/script>\n<!-- \/ Yoast SEO plugin. -->","yoast_head_json":{"title":"Patrimonio arquitect\u00f3nico desaparecido de Marmolejo - El lugar de Marmolejo","robots":{"index":"index","follow":"follow","max-snippet":"max-snippet:-1","max-image-preview":"max-image-preview:large","max-video-preview":"max-video-preview:-1"},"canonical":"https:\/\/lugardemarmolejo.es\/?page_id=468","og_locale":"es_ES","og_type":"article","og_title":"Patrimonio arquitect\u00f3nico desaparecido de Marmolejo - El lugar de Marmolejo","og_description":"-Manuel Perales Sol\u00eds- \u00a0La casa de Do\u00f1a Paca Cerrillo: Esta casa de presencia palaciega y arm\u00f3nica fachada, perteneci\u00f3 a Narciso Garc\u00eda del Prado \u201cDon Narciso\u201d, gran propietario agr\u00edcola local que ocup\u00f3 el cargo de Alcalde desde febrero&nbsp; 1930 hasta noviembre de ese mismo a\u00f1o. Estuvo casado con Margarita Cerrillo Garc\u00eda del Prado, hermana del m\u00e9dico [&hellip;]","og_url":"https:\/\/lugardemarmolejo.es\/?page_id=468","og_site_name":"El lugar de Marmolejo","article_modified_time":"2024-08-03T10:03:11+00:00","og_image":[{"url":"https:\/\/static.wixstatic.com\/media\/7e23fc_954bbba07751036647355655e7cc6c47.jpg\/v1\/fill\/w_426,h_533,al_c,q_80,usm_0.66_1.00_0.01,enc_auto\/7e23fc_954bbba07751036647355655e7cc6c47.jpg","type":"","width":"","height":""}],"twitter_card":"summary_large_image","twitter_misc":{"Tiempo de lectura":"5 minutos"},"schema":{"@context":"https:\/\/schema.org","@graph":[{"@type":"WebPage","@id":"https:\/\/lugardemarmolejo.es\/?page_id=468","url":"https:\/\/lugardemarmolejo.es\/?page_id=468","name":"Patrimonio arquitect\u00f3nico desaparecido de Marmolejo - El lugar de Marmolejo","isPartOf":{"@id":"https:\/\/lugardemarmolejo.es\/#website"},"primaryImageOfPage":{"@id":"https:\/\/lugardemarmolejo.es\/?page_id=468#primaryimage"},"image":{"@id":"https:\/\/lugardemarmolejo.es\/?page_id=468#primaryimage"},"thumbnailUrl":"https:\/\/static.wixstatic.com\/media\/7e23fc_954bbba07751036647355655e7cc6c47.jpg\/v1\/fill\/w_426,h_533,al_c,q_80,usm_0.66_1.00_0.01,enc_auto\/7e23fc_954bbba07751036647355655e7cc6c47.jpg","datePublished":"2023-11-29T12:43:30+00:00","dateModified":"2024-08-03T10:03:11+00:00","breadcrumb":{"@id":"https:\/\/lugardemarmolejo.es\/?page_id=468#breadcrumb"},"inLanguage":"es","potentialAction":[{"@type":"ReadAction","target":["https:\/\/lugardemarmolejo.es\/?page_id=468"]}]},{"@type":"ImageObject","inLanguage":"es","@id":"https:\/\/lugardemarmolejo.es\/?page_id=468#primaryimage","url":"https:\/\/static.wixstatic.com\/media\/7e23fc_954bbba07751036647355655e7cc6c47.jpg\/v1\/fill\/w_426,h_533,al_c,q_80,usm_0.66_1.00_0.01,enc_auto\/7e23fc_954bbba07751036647355655e7cc6c47.jpg","contentUrl":"https:\/\/static.wixstatic.com\/media\/7e23fc_954bbba07751036647355655e7cc6c47.jpg\/v1\/fill\/w_426,h_533,al_c,q_80,usm_0.66_1.00_0.01,enc_auto\/7e23fc_954bbba07751036647355655e7cc6c47.jpg"},{"@type":"BreadcrumbList","@id":"https:\/\/lugardemarmolejo.es\/?page_id=468#breadcrumb","itemListElement":[{"@type":"ListItem","position":1,"name":"Portada","item":"https:\/\/lugardemarmolejo.es\/"},{"@type":"ListItem","position":2,"name":"Patrimonio arquitect\u00f3nico desaparecido de Marmolejo"}]},{"@type":"WebSite","@id":"https:\/\/lugardemarmolejo.es\/#website","url":"https:\/\/lugardemarmolejo.es\/","name":"El lugar de Marmolejo","description":"","potentialAction":[{"@type":"SearchAction","target":{"@type":"EntryPoint","urlTemplate":"https:\/\/lugardemarmolejo.es\/?s={search_term_string}"},"query-input":{"@type":"PropertyValueSpecification","valueRequired":true,"valueName":"search_term_string"}}],"inLanguage":"es"}]}},"_links":{"self":[{"href":"https:\/\/lugardemarmolejo.es\/index.php?rest_route=\/wp\/v2\/pages\/468","targetHints":{"allow":["GET"]}}],"collection":[{"href":"https:\/\/lugardemarmolejo.es\/index.php?rest_route=\/wp\/v2\/pages"}],"about":[{"href":"https:\/\/lugardemarmolejo.es\/index.php?rest_route=\/wp\/v2\/types\/page"}],"author":[{"embeddable":true,"href":"https:\/\/lugardemarmolejo.es\/index.php?rest_route=\/wp\/v2\/users\/1"}],"replies":[{"embeddable":true,"href":"https:\/\/lugardemarmolejo.es\/index.php?rest_route=%2Fwp%2Fv2%2Fcomments&post=468"}],"version-history":[{"count":3,"href":"https:\/\/lugardemarmolejo.es\/index.php?rest_route=\/wp\/v2\/pages\/468\/revisions"}],"predecessor-version":[{"id":712,"href":"https:\/\/lugardemarmolejo.es\/index.php?rest_route=\/wp\/v2\/pages\/468\/revisions\/712"}],"wp:attachment":[{"href":"https:\/\/lugardemarmolejo.es\/index.php?rest_route=%2Fwp%2Fv2%2Fmedia&parent=468"}],"curies":[{"name":"wp","href":"https:\/\/api.w.org\/{rel}","templated":true}]}}