{"id":448,"date":"2023-11-06T16:37:38","date_gmt":"2023-11-06T16:37:38","guid":{"rendered":"https:\/\/lugardemarmolejo.es\/?page_id=448"},"modified":"2023-11-06T16:38:48","modified_gmt":"2023-11-06T16:38:48","slug":"448-2","status":"publish","type":"page","link":"https:\/\/lugardemarmolejo.es\/?page_id=448","title":{"rendered":"Alfonsa, mi vecina octogenaria del Charco del Novillo"},"content":{"rendered":"\n<h1 class=\"wp-block-heading\"><\/h1>\n\n\n\n<h1 class=\"wp-block-heading\">\u200b<\/h1>\n\n\n\n<h4 class=\"wp-block-heading\">-Juan Rela\u00f1o Moyano- (1)<\/h4>\n\n\n\n<p>Este breve pero entra\u00f1able texto de caracteres casi po\u00e9ticos, sali\u00f3 publicado en el programa de la Feria de Marmolejo correspondiente al a\u00f1o 2019. Con la autorizaci\u00f3n previa del autor, he decidido reproducirlo en esta p\u00e1gina web, porque en breves, pero densas l\u00edneas, encierra interesantes pinceladas de los valores &nbsp;y modos de vida de los prototipos humanos, en este caso una mujer, m\u00e1s aut\u00e9nticos y nobles de nuestra tierra.&nbsp;<\/p>\n\n\n<div class=\"wp-block-image\">\n<figure class=\"alignleft\"><img decoding=\"async\" src=\"https:\/\/static.wixstatic.com\/media\/7e23fc_76a0638f74754e89bf205b2768b1368b~mv2.jpg\/v1\/fill\/w_529,h_389,al_c,q_80,usm_0.66_1.00_0.01,enc_auto\/Juan%20Rela%C3%B1o%20y%20Alfonsa.jpg\" alt=\"Juan Rela\u00f1o y Alfonsa.jpg\"\/><figcaption class=\"wp-element-caption\"><strong>Juan Rela\u00f1o Moyano con Alfonsa Perales Cachinero<\/strong><\/figcaption><\/figure>\n<\/div>\n\n\n<p><\/p>\n\n\n\n<p>&nbsp;\u201cPOSEE UN LIBRO ESCRITO EN RENGLONES TATUADOS DE ARRUGAS EN SU ROSTRO. NO CONOCE UN LIFTING, PERO EL VIENTO DE LA SIERRA CURTI\u00d3 EN LOS INVIERNOS SU SONRISA DESPEINADA.<\/p>\n\n\n\n<p><br>ALFONSA HUELE A TOMILLO, JAB\u00d3N DE PIEDRA Y BARRANCO. A CUNETAS, A ESTRAPERLO Y \u201cJUILES\u201d.<\/p>\n\n\n\n<p>\u200b<\/p>\n\n\n\n<p>LA MIRADA BRILLANTE, RETANTE, COMO BOCA DE CARBONERA Y CLAVADA AL GOZNE DE LA PUERTA ENTREABIERTA A LA VIDA.<\/p>\n\n\n\n<p>PERDIDA EN OTRO TIEMPO. CON LA DULZURA DE LAS CLAVIJAS DEL RELOJ QUE ESTALLAN EN EL ENGRANAJE INTERNO, A OTRO RITMO, EN OTRA DIMENSI\u00d3N. DEMENCIA ACTUAL, LUCIDEZ PRET\u00c9RITA.<\/p>\n\n\n\n<p>\u200b<\/p>\n\n\n\n<p>ALFONSA ENAMORADA, AGRADECE A LA VIDA. MALDICE A LA MUERTE LADRONA DE SUS DOS HIJOS, TAN TEMPRANO.<\/p>\n\n\n\n<p>BENDICE A SUS BIZNIETOS Y AMAMANTA ESTE A\u00d1O (M\u00c1S QUE NUNCA) A LA PEQUE\u00d1A CERVATILLA. MADRE SIEMPRE.<\/p>\n\n\n\n<p>SU PATRIA ES EL MOLINO ACEITERO DE \u201cLAS ABOG\u00c1S\u201d, EL BARRANCO DE LOS CRESPOS, EL CERRO DE LA SIERPE.<br>SU BANDERA LA ROPA DE MIL COLORES TENDIDA AL VIENTO SOLANO, ONDEANDO RECUERDOS.<\/p>\n\n\n\n<p>\u200b<\/p>\n\n\n\n<p>ME COMENTA QUE NO QUIERE BAJAR AL PUEBLO. QUE LE GUSTA EL SILENCIO DEL MONTE. POCO HA BAJADO, \u00bfPARA QU\u00c9 AHORA? SU MIRADA BRILLA A\u00daN M\u00c1S Y ME SONRIE. LE ENTIENDO.<\/p>\n\n\n\n<p>ALFONSA ME MIRA COMO AUN NIETO Y YO COMO A LA ABUELA QUE NUNCA CONOC\u00cd. ME HABLA Y NO S\u00c9 SI LA ESCUCHO: LA ESCUCHO Y NO SABE SI ME HABLA. PERO NUNCA NOS DESPEDIMOS. AL TIEMPO DE IRME, CADA VEZ, ME COGE LAS MANOS CON CALIDEZ SUSURRANDO\u2026.\u201dNO TE VAYAS A\u00daN, TE CUENTO DE CUANDO LOS LOBOS NOS QUITARON LAS OVEJAS POR DEBAJO DE LA FUENTE DE LOS PERROS\u201d.<\/p>\n\n\n\n<p>\u200b<\/p>\n\n\n\n<p>Y SIEMPRE ME CONVENCE. LAS CLAVIJAS DEL RELOJ VUELVEN A ESTALLAR, LA MIRADA BRILLA, EL OLOR LIMPIO A JAB\u00d3N DE PIEDRA Y TOMILLO; LA DULZURA DEL LIBRO DE SU ROSTRO. LA CERVATILLA VUELVE A TENER HAMBRE. -\u00bfPARA QUE BAJAR?; MURMURA Y SONRIE.<\/p>\n\n\n<div class=\"wp-block-image\">\n<figure class=\"alignleft is-resized\"><img decoding=\"async\" src=\"https:\/\/static.wixstatic.com\/media\/7e23fc_1fc0b32bccae4eda95acc34efee3fb5b~mv2.jpg\/v1\/fill\/w_482,h_317,al_c,q_80,usm_0.66_1.00_0.01,enc_auto\/Las%20Abogadas.jpg\" alt=\"Las Abogadas.jpg\" style=\"aspect-ratio:1.5205047318611988;width:418px;height:auto\"\/><figcaption class=\"wp-element-caption\"><strong>Torre de Prensado del Molino de Las Abogadas. Foto: Manuel Perales (1988)<\/strong><\/figcaption><\/figure>\n<\/div>\n\n<div class=\"wp-block-image\">\n<figure class=\"alignright is-resized\"><img decoding=\"async\" src=\"https:\/\/static.wixstatic.com\/media\/7e23fc_bba1c04ed1474912b4f2192cf9f3bbd4~mv2.jpg\/v1\/fill\/w_456,h_317,al_c,q_80,usm_0.66_1.00_0.01,enc_auto\/Caser%C3%ADa%20de%20Las%20Abogadas.jpg\" alt=\"Caser\u00eda de Las Abogadas.jpg\" style=\"aspect-ratio:1.4384858044164037;width:396px;height:auto\"\/><figcaption class=\"wp-element-caption\"><strong>Caser\u00eda de Las Abogadas (acuarela). &nbsp;Fuente: Bartolom\u00e9 M\u00e1rquez Delgado.<\/strong><\/figcaption><\/figure>\n<\/div>\n\n\n<p><\/p>\n\n\n\n<p><strong>Notas biogr\u00e1ficas sobre Alfonsa y su familia:<\/strong><br>&nbsp;Alfonsa Perales Cachinero, la vecina octogenaria del Charco del Novillo, de la que nos habla Juan Rela\u00f1o, &nbsp;cumplir\u00e1 en breve 89 a\u00f1os. Naci\u00f3 en 1932 en la Venta de Azuel (Carde\u00f1a), en el seno de una familia de jornaleros de la dehesa serrana, que a\u00f1os despu\u00e9s marcharon &nbsp;a vivir a La Venta del Charco, para recalar, definitivamente, en el Charco del Novillo montore\u00f1o, donde el &nbsp;padre trabajar\u00eda en la finca de Los Crespos y espor\u00e1dicamente durante los inviernos, en el molino de las Prensas. All\u00ed, el resto de la familia se empe\u00f1aba, igualmente, &nbsp;en las distintas &nbsp;faneguer\u00edas de este latifundio durante la recolecci\u00f3n de las aceitunas.<\/p>\n\n\n\n<p><br>&nbsp; El padre de Alfonsa, Juan Perales Lozano, era natural de Marmolejo y la madre, Ana Cachinero Valverde, &nbsp;de la venta de Azuel. Fue, precisamente, &nbsp;en &nbsp;las Prensas, donde Alfonsa conoci\u00f3 a su futuro esposo, Daniel Nieves Ruz, joven marmoleje\u00f1o que junto a su familia acud\u00eda los inviernos a la finca vecina de Belloteros para recoger las aceitunas. &nbsp;Su padre era Daniel Nieves Barrag\u00e1n, natural de Marmolejo, pero con residencia en el poblado de San Juli\u00e1n desde que comprara una parcela al Instituto Nacional de Colonizaci\u00f3n. La madre, Otilia Ruz Espigares proced\u00eda de Guadix, miembro de una de las tantas familias que emigraron por esos a\u00f1os desde el altiplano granadino.<\/p>\n\n\n\n<p><br>&nbsp; &nbsp;En los ratos de lagareo o de animadas botijuelas de las faneguer\u00edas de Las Prensas, &nbsp;Daniel y otros j\u00f3venes de los entornos, &nbsp;acud\u00edan a esta finca de los Mouta y Miranda de Grado, &nbsp;para divertirse y entablar relaciones con el nutrido n\u00famero de muchachas aceituneras que integraban las cuadrillas. &nbsp;El joven Daniel sab\u00eda tocar muy bien la bandurria y el acorde\u00f3n, por lo que se erig\u00eda en personaje imprescindible en la animaci\u00f3n musical de estos ratos de asueto, en los que acab\u00f3 &nbsp;surgiendo el flechazo con Alfonsa.<\/p>\n\n\n\n<p><br>&nbsp; Se casaron en 1954 y tuvieron &nbsp;6 hijos (Daniel, Ana, Juan, Otilia, Mar\u00eda Isabel y Antonia). El matrimonio continu\u00f3 &nbsp;viviendo en Los Crespos &nbsp;durante unos a\u00f1os, finca que llevaron en arrendamiento hasta el comienzo de la d\u00e9cada de los ochenta en que deciden &nbsp;arrendar la &nbsp;cercana hacienda de \u201cLas Abogadas\u201d. Alg\u00fan tiempo despu\u00e9s la adquir\u00edan en propiedad a la montore\u00f1a &nbsp;Mar\u00eda Luisa L\u00f3pez Madue\u00f1o (2), &nbsp;quien la hab\u00eda recibido en herencia de su madre, &nbsp;Luc\u00eda Madue\u00f1o, propietaria de esta finca desde los a\u00f1os de postguerra.<\/p>\n\n\n\n<p><br>&nbsp;El esfuerzo de muchos a\u00f1os de duro trabajo en los olivares del Charco del Novillo y durante varios veranos, de la familia al completo, en la vendimia francesa, hicieron posible &nbsp;dejar el estatus &nbsp;de arrendatarios para convertirse en &nbsp;due\u00f1os de m\u00e1s de 6000 olivos. All\u00ed establecieron definitivamente su hogar, &nbsp;en este &nbsp;bello lugar cercano al Yeguas, &nbsp;lindero con los arroyos de la Palma y del Mosquil.&nbsp;<\/p>\n\n\n<div class=\"wp-block-image\">\n<figure class=\"alignleft is-resized\"><img decoding=\"async\" src=\"https:\/\/static.wixstatic.com\/media\/7e23fc_8b56f219848f4df9a6ff59513330ac99~mv2.jpg\/v1\/fill\/w_381,h_257,al_c,q_80,usm_0.66_1.00_0.01,enc_auto\/Alfonsa%20Perales%20y%20Daniel%20Nieves.jpg\" alt=\"Alfonsa Perales y Daniel Nieves.jpg\" style=\"aspect-ratio:1.482490272373541;width:422px;height:auto\"\/><figcaption class=\"wp-element-caption\"><strong>Alfonsa Perales y su esposo Daniel Nieves. Fuente: familia de Alfonsa Perales<\/strong><\/figcaption><\/figure>\n<\/div>\n\n<div class=\"wp-block-image\">\n<figure class=\"alignright is-resized\"><img decoding=\"async\" src=\"https:\/\/static.wixstatic.com\/media\/7e23fc_fed50a2e796946d2a2bd7da78c48de43~mv2.jpg\/v1\/fill\/w_383,h_279,al_c,q_80,usm_0.66_1.00_0.01,enc_auto\/Padres%20de%20Alfonsa%20Perales.jpg\" alt=\"Padres de Alfonsa Perales.jpg\" style=\"aspect-ratio:1.3727598566308243;width:391px;height:auto\"\/><figcaption class=\"wp-element-caption\"><strong>Ana Cachinero Valverde y Juan Perales Lozano, padres de Alfonsa. Fuente: familia de Alfonsa Perales.<\/strong><\/figcaption><\/figure>\n<\/div>\n\n\n<p><\/p>\n\n\n<div class=\"wp-block-image\">\n<figure class=\"alignleft\"><img decoding=\"async\" src=\"https:\/\/static.wixstatic.com\/media\/7e23fc_b220c056e3ca4457bccc4bdc25a70143~mv2.jpg\/v1\/fill\/w_516,h_335,al_c,q_80,usm_0.66_1.00_0.01,enc_auto\/Padres%20de%20Daniel%20Nieves.jpg\" alt=\"Padres de Daniel Nieves.jpg\"\/><figcaption class=\"wp-element-caption\"><strong>Otilia Ruz Espigares y Daniel Nieves Barrag\u00e1n, padres de Daniel Nieves. Fuente: familia de Alfonsa Perales.<\/strong><\/figcaption><\/figure>\n<\/div>\n\n\n<p>&nbsp; La caser\u00eda de Las Abogadas, seg\u00fan nos cuenta Manuel Criado Hoyo en sus \u201cApuntes para la Historia de la ciudad de Montoro\u201d, estuvo dotada de molino de aceite, datado a finales del XVIII, &nbsp;del que a\u00fan podemos admirar &nbsp;su bella y esbelta &nbsp;torre que serv\u00eda de contrapeso a la pesada viga de la almazara. Este elemento arquitect\u00f3nico funcional, \u00fanico en su g\u00e9nero por el peculiar &nbsp;rebaje de la cubierta en su flanco noroccidental, a\u00fan conserva su veleta original y sus singulares perinolas en &nbsp;los v\u00e9rtices superiores. Su presencia en este lugar le debe mucho a la inteligencia de Daniel quien ante una oferta de compra para ubicarla en &nbsp;Villa del R\u00edo, dio &nbsp;su &nbsp;no por respuesta, alegando que \u201cya que las personas antiguas &nbsp;se hab\u00edan esmerado de tal forma en su bella ejecuci\u00f3n en este lugar, &nbsp;hab\u00eda de respetarse aquel &nbsp;digno empe\u00f1o\u201d.<\/p>\n\n\n\n<p>\u200b<\/p>\n\n\n\n<p><\/p>\n\n\n\n<p><\/p>\n\n\n\n<p><\/p>\n\n\n\n<p><strong>Notas:<\/strong><br>(1) Juan Rela\u00f1o Moyano, natural de Villa del R\u00edo, es bi\u00f3logo de profesi\u00f3n. Reside en el Charco del Novillo en perfecta armon\u00eda con sus lugare\u00f1os, a los que considera sus vecinos.<br>(2) Mar\u00eda Luisa L\u00f3pez Madue\u00f1o, contrajo matrimonio con el abogado &nbsp;Juan Ram\u00f3n Iglesias Sergal. Era hija del montore\u00f1o &nbsp;Mariano L\u00f3pez Ca\u00f1as, secretario de juzgado fallecido durante la Guerra Civil &nbsp;y de Luc\u00eda Madue\u00f1o Gonz\u00e1lez .<\/p>\n\n\n\n<p><\/p>\n","protected":false},"excerpt":{"rendered":"<p>\u200b -Juan Rela\u00f1o Moyano- (1) Este breve pero entra\u00f1able texto de caracteres casi po\u00e9ticos, sali\u00f3 publicado en el programa de la Feria de Marmolejo correspondiente al a\u00f1o 2019. Con la autorizaci\u00f3n previa del autor, he decidido reproducirlo en esta p\u00e1gina web, porque en breves, pero densas l\u00edneas, encierra interesantes pinceladas de los valores &nbsp;y modos [&hellip;]<\/p>\n","protected":false},"author":1,"featured_media":0,"parent":0,"menu_order":0,"comment_status":"closed","ping_status":"closed","template":"","meta":{"footnotes":""},"class_list":["post-448","page","type-page","status-publish","hentry"],"yoast_head":"<!-- This site is optimized with the Yoast SEO plugin v25.2 - https:\/\/yoast.com\/wordpress\/plugins\/seo\/ -->\n<title>Alfonsa, mi vecina octogenaria del Charco del Novillo - El lugar de Marmolejo<\/title>\n<meta name=\"robots\" content=\"index, follow, max-snippet:-1, max-image-preview:large, max-video-preview:-1\" \/>\n<link rel=\"canonical\" href=\"https:\/\/lugardemarmolejo.es\/?page_id=448\" \/>\n<meta property=\"og:locale\" content=\"es_ES\" \/>\n<meta property=\"og:type\" content=\"article\" \/>\n<meta property=\"og:title\" content=\"Alfonsa, mi vecina octogenaria del Charco del Novillo - El lugar de Marmolejo\" \/>\n<meta property=\"og:description\" content=\"\u200b -Juan Rela\u00f1o Moyano- (1) Este breve pero entra\u00f1able texto de caracteres casi po\u00e9ticos, sali\u00f3 publicado en el programa de la Feria de Marmolejo correspondiente al a\u00f1o 2019. Con la autorizaci\u00f3n previa del autor, he decidido reproducirlo en esta p\u00e1gina web, porque en breves, pero densas l\u00edneas, encierra interesantes pinceladas de los valores &nbsp;y modos [&hellip;]\" \/>\n<meta property=\"og:url\" content=\"https:\/\/lugardemarmolejo.es\/?page_id=448\" \/>\n<meta property=\"og:site_name\" content=\"El lugar de Marmolejo\" \/>\n<meta property=\"article:modified_time\" content=\"2023-11-06T16:38:48+00:00\" \/>\n<meta property=\"og:image\" content=\"https:\/\/static.wixstatic.com\/media\/7e23fc_76a0638f74754e89bf205b2768b1368b~mv2.jpg\/v1\/fill\/w_529,h_389,al_c,q_80,usm_0.66_1.00_0.01,enc_auto\/Juan%20Rela%C3%B1o%20y%20Alfonsa.jpg\" \/>\n<meta name=\"twitter:card\" content=\"summary_large_image\" \/>\n<meta name=\"twitter:label1\" content=\"Tiempo de lectura\" \/>\n\t<meta name=\"twitter:data1\" content=\"7 minutos\" \/>\n<script type=\"application\/ld+json\" class=\"yoast-schema-graph\">{\"@context\":\"https:\/\/schema.org\",\"@graph\":[{\"@type\":\"WebPage\",\"@id\":\"https:\/\/lugardemarmolejo.es\/?page_id=448\",\"url\":\"https:\/\/lugardemarmolejo.es\/?page_id=448\",\"name\":\"Alfonsa, mi vecina octogenaria del Charco del Novillo - El lugar de Marmolejo\",\"isPartOf\":{\"@id\":\"https:\/\/lugardemarmolejo.es\/#website\"},\"primaryImageOfPage\":{\"@id\":\"https:\/\/lugardemarmolejo.es\/?page_id=448#primaryimage\"},\"image\":{\"@id\":\"https:\/\/lugardemarmolejo.es\/?page_id=448#primaryimage\"},\"thumbnailUrl\":\"https:\/\/static.wixstatic.com\/media\/7e23fc_76a0638f74754e89bf205b2768b1368b~mv2.jpg\/v1\/fill\/w_529,h_389,al_c,q_80,usm_0.66_1.00_0.01,enc_auto\/Juan%20Rela%C3%B1o%20y%20Alfonsa.jpg\",\"datePublished\":\"2023-11-06T16:37:38+00:00\",\"dateModified\":\"2023-11-06T16:38:48+00:00\",\"breadcrumb\":{\"@id\":\"https:\/\/lugardemarmolejo.es\/?page_id=448#breadcrumb\"},\"inLanguage\":\"es\",\"potentialAction\":[{\"@type\":\"ReadAction\",\"target\":[\"https:\/\/lugardemarmolejo.es\/?page_id=448\"]}]},{\"@type\":\"ImageObject\",\"inLanguage\":\"es\",\"@id\":\"https:\/\/lugardemarmolejo.es\/?page_id=448#primaryimage\",\"url\":\"https:\/\/static.wixstatic.com\/media\/7e23fc_76a0638f74754e89bf205b2768b1368b~mv2.jpg\/v1\/fill\/w_529,h_389,al_c,q_80,usm_0.66_1.00_0.01,enc_auto\/Juan%20Rela%C3%B1o%20y%20Alfonsa.jpg\",\"contentUrl\":\"https:\/\/static.wixstatic.com\/media\/7e23fc_76a0638f74754e89bf205b2768b1368b~mv2.jpg\/v1\/fill\/w_529,h_389,al_c,q_80,usm_0.66_1.00_0.01,enc_auto\/Juan%20Rela%C3%B1o%20y%20Alfonsa.jpg\"},{\"@type\":\"BreadcrumbList\",\"@id\":\"https:\/\/lugardemarmolejo.es\/?page_id=448#breadcrumb\",\"itemListElement\":[{\"@type\":\"ListItem\",\"position\":1,\"name\":\"Portada\",\"item\":\"https:\/\/lugardemarmolejo.es\/\"},{\"@type\":\"ListItem\",\"position\":2,\"name\":\"Alfonsa, mi vecina octogenaria del Charco del Novillo\"}]},{\"@type\":\"WebSite\",\"@id\":\"https:\/\/lugardemarmolejo.es\/#website\",\"url\":\"https:\/\/lugardemarmolejo.es\/\",\"name\":\"El lugar de Marmolejo\",\"description\":\"\",\"potentialAction\":[{\"@type\":\"SearchAction\",\"target\":{\"@type\":\"EntryPoint\",\"urlTemplate\":\"https:\/\/lugardemarmolejo.es\/?s={search_term_string}\"},\"query-input\":{\"@type\":\"PropertyValueSpecification\",\"valueRequired\":true,\"valueName\":\"search_term_string\"}}],\"inLanguage\":\"es\"}]}<\/script>\n<!-- \/ Yoast SEO plugin. -->","yoast_head_json":{"title":"Alfonsa, mi vecina octogenaria del Charco del Novillo - El lugar de Marmolejo","robots":{"index":"index","follow":"follow","max-snippet":"max-snippet:-1","max-image-preview":"max-image-preview:large","max-video-preview":"max-video-preview:-1"},"canonical":"https:\/\/lugardemarmolejo.es\/?page_id=448","og_locale":"es_ES","og_type":"article","og_title":"Alfonsa, mi vecina octogenaria del Charco del Novillo - El lugar de Marmolejo","og_description":"\u200b -Juan Rela\u00f1o Moyano- (1) Este breve pero entra\u00f1able texto de caracteres casi po\u00e9ticos, sali\u00f3 publicado en el programa de la Feria de Marmolejo correspondiente al a\u00f1o 2019. Con la autorizaci\u00f3n previa del autor, he decidido reproducirlo en esta p\u00e1gina web, porque en breves, pero densas l\u00edneas, encierra interesantes pinceladas de los valores &nbsp;y modos [&hellip;]","og_url":"https:\/\/lugardemarmolejo.es\/?page_id=448","og_site_name":"El lugar de Marmolejo","article_modified_time":"2023-11-06T16:38:48+00:00","og_image":[{"url":"https:\/\/static.wixstatic.com\/media\/7e23fc_76a0638f74754e89bf205b2768b1368b~mv2.jpg\/v1\/fill\/w_529,h_389,al_c,q_80,usm_0.66_1.00_0.01,enc_auto\/Juan%20Rela%C3%B1o%20y%20Alfonsa.jpg","type":"","width":"","height":""}],"twitter_card":"summary_large_image","twitter_misc":{"Tiempo de lectura":"7 minutos"},"schema":{"@context":"https:\/\/schema.org","@graph":[{"@type":"WebPage","@id":"https:\/\/lugardemarmolejo.es\/?page_id=448","url":"https:\/\/lugardemarmolejo.es\/?page_id=448","name":"Alfonsa, mi vecina octogenaria del Charco del Novillo - El lugar de Marmolejo","isPartOf":{"@id":"https:\/\/lugardemarmolejo.es\/#website"},"primaryImageOfPage":{"@id":"https:\/\/lugardemarmolejo.es\/?page_id=448#primaryimage"},"image":{"@id":"https:\/\/lugardemarmolejo.es\/?page_id=448#primaryimage"},"thumbnailUrl":"https:\/\/static.wixstatic.com\/media\/7e23fc_76a0638f74754e89bf205b2768b1368b~mv2.jpg\/v1\/fill\/w_529,h_389,al_c,q_80,usm_0.66_1.00_0.01,enc_auto\/Juan%20Rela%C3%B1o%20y%20Alfonsa.jpg","datePublished":"2023-11-06T16:37:38+00:00","dateModified":"2023-11-06T16:38:48+00:00","breadcrumb":{"@id":"https:\/\/lugardemarmolejo.es\/?page_id=448#breadcrumb"},"inLanguage":"es","potentialAction":[{"@type":"ReadAction","target":["https:\/\/lugardemarmolejo.es\/?page_id=448"]}]},{"@type":"ImageObject","inLanguage":"es","@id":"https:\/\/lugardemarmolejo.es\/?page_id=448#primaryimage","url":"https:\/\/static.wixstatic.com\/media\/7e23fc_76a0638f74754e89bf205b2768b1368b~mv2.jpg\/v1\/fill\/w_529,h_389,al_c,q_80,usm_0.66_1.00_0.01,enc_auto\/Juan%20Rela%C3%B1o%20y%20Alfonsa.jpg","contentUrl":"https:\/\/static.wixstatic.com\/media\/7e23fc_76a0638f74754e89bf205b2768b1368b~mv2.jpg\/v1\/fill\/w_529,h_389,al_c,q_80,usm_0.66_1.00_0.01,enc_auto\/Juan%20Rela%C3%B1o%20y%20Alfonsa.jpg"},{"@type":"BreadcrumbList","@id":"https:\/\/lugardemarmolejo.es\/?page_id=448#breadcrumb","itemListElement":[{"@type":"ListItem","position":1,"name":"Portada","item":"https:\/\/lugardemarmolejo.es\/"},{"@type":"ListItem","position":2,"name":"Alfonsa, mi vecina octogenaria del Charco del Novillo"}]},{"@type":"WebSite","@id":"https:\/\/lugardemarmolejo.es\/#website","url":"https:\/\/lugardemarmolejo.es\/","name":"El lugar de Marmolejo","description":"","potentialAction":[{"@type":"SearchAction","target":{"@type":"EntryPoint","urlTemplate":"https:\/\/lugardemarmolejo.es\/?s={search_term_string}"},"query-input":{"@type":"PropertyValueSpecification","valueRequired":true,"valueName":"search_term_string"}}],"inLanguage":"es"}]}},"_links":{"self":[{"href":"https:\/\/lugardemarmolejo.es\/index.php?rest_route=\/wp\/v2\/pages\/448","targetHints":{"allow":["GET"]}}],"collection":[{"href":"https:\/\/lugardemarmolejo.es\/index.php?rest_route=\/wp\/v2\/pages"}],"about":[{"href":"https:\/\/lugardemarmolejo.es\/index.php?rest_route=\/wp\/v2\/types\/page"}],"author":[{"embeddable":true,"href":"https:\/\/lugardemarmolejo.es\/index.php?rest_route=\/wp\/v2\/users\/1"}],"replies":[{"embeddable":true,"href":"https:\/\/lugardemarmolejo.es\/index.php?rest_route=%2Fwp%2Fv2%2Fcomments&post=448"}],"version-history":[{"count":2,"href":"https:\/\/lugardemarmolejo.es\/index.php?rest_route=\/wp\/v2\/pages\/448\/revisions"}],"predecessor-version":[{"id":452,"href":"https:\/\/lugardemarmolejo.es\/index.php?rest_route=\/wp\/v2\/pages\/448\/revisions\/452"}],"wp:attachment":[{"href":"https:\/\/lugardemarmolejo.es\/index.php?rest_route=%2Fwp%2Fv2%2Fmedia&parent=448"}],"curies":[{"name":"wp","href":"https:\/\/api.w.org\/{rel}","templated":true}]}}