{"id":442,"date":"2023-11-06T16:28:42","date_gmt":"2023-11-06T16:28:42","guid":{"rendered":"https:\/\/lugardemarmolejo.es\/?page_id=442"},"modified":"2023-11-06T16:28:42","modified_gmt":"2023-11-06T16:28:42","slug":"rincones-del-charco-novillo-caserias-de-los-millones-y-la-garabitera","status":"publish","type":"page","link":"https:\/\/lugardemarmolejo.es\/?page_id=442","title":{"rendered":"Rincones del Charco Novillo: Caser\u00edas de los Millones y la Garabitera"},"content":{"rendered":"\n<h1 class=\"wp-block-heading\"><\/h1>\n\n\n\n<h4 class=\"wp-block-heading\">-Manuel Perales Sol\u00eds-<\/h4>\n\n\n\n<h4 class=\"wp-block-heading\">\u200b<\/h4>\n\n\n\n<p>Localizamos estas caser\u00edas ribere\u00f1as al Guadalquivir, en la misma ladera dominada por la impresionante arquitectura de San Camilo de Lelis. Estos parajes ubicados aguas abajo de la desembocadura del Yeguas, forman parte del &nbsp;Charco Novillo de Montoro, aunque &nbsp;ya lim\u00edtrofes con el pago de Cerrada &nbsp;del t\u00e9rmino municipal de Marmolejo.<br>&nbsp; &nbsp;La proximidad de fincas tan importantes como los Millones, San Camilo y La Garabitera, propici\u00f3 que durante finales del XIX y el primer tercio del XX, se tratase de una zona de boyante actividad agr\u00edcola vinculada fundamentalmente al cultivo del olivar y a la extracci\u00f3n del aceite en los molinos de viga de la zona. No en balde, cada una de las &nbsp;haciendas citadas, contaban con extens\u00edsimas plantaciones de olivar, siendo de todas ellas la de San Camilo, la de mayor n\u00famero de plantas (1).<\/p>\n\n\n\n<p>\u200b<\/p>\n\n\n\n<p>&nbsp;Los moradores de estos parajes: caseros, muleros, y braceros en general, se relacionaban entre s\u00ed a trav\u00e9s de viejos caminos y trochas disponiendo de peque\u00f1os huertos en terrenos cedidos por los propietarios, donde produc\u00edan parte de los elementos b\u00e1sicos de su dieta alimenticia. Concretamente en los Millones existi\u00f3 una huerta con naranjos, limoneros e higueras, regada gracias a la generosidad de un antiguo manantial de agua situado por debajo de la caser\u00eda. Tambi\u00e9n la f\u00e9rtil vega que discurre a lo largo de la ribera del rio, proporcion\u00f3 amplios espacios de sembrado para cereales y leguminosas, y hacia la d\u00e9cada de los cincuenta del pasado siglo, se dot\u00f3 de una importante acequia para el regad\u00edo, utilizando las aguas del rio Guadalquivir.&nbsp;<\/p>\n\n\n<div class=\"wp-block-image\">\n<figure class=\"alignleft is-resized\"><img decoding=\"async\" src=\"https:\/\/static.wixstatic.com\/media\/7e23fc_6a3b642eb2e14ce78220f227a7a1de4e~mv2.jpg\/v1\/fill\/w_468,h_517,al_c,q_80,usm_0.66_1.00_0.01,enc_auto\/FOTO%201.jpg\" alt=\"FOTO 1.jpg\" style=\"aspect-ratio:0.9052224371373307;width:398px;height:auto\"\/><figcaption class=\"wp-element-caption\"><strong>Caser\u00eda y molino de San Camilo de Lelis. Dibujo de Robles.<\/strong><\/figcaption><\/figure>\n<\/div>\n\n<div class=\"wp-block-image\">\n<figure class=\"alignright is-resized\"><img decoding=\"async\" src=\"https:\/\/static.wixstatic.com\/media\/7e23fc_64b24771f71f48c0949083eef6991f53~mv2.jpg\/v1\/fill\/w_501,h_517,al_c,q_80,usm_0.66_1.00_0.01,enc_auto\/FOTO%202.jpg\" alt=\"FOTO 2.jpg\" style=\"aspect-ratio:0.9690522243713733;width:410px;height:auto\"\/><figcaption class=\"wp-element-caption\"><strong>Panor\u00e1mica del Charco del Novillo con caser\u00eda de los Millones y San Camilo (arriba). Fotograf\u00eda tomada en 1980 desde las laderas de Breta\u00f1a en el pago de La Aragonesa. Fuente: Manuel Perales Sol\u00eds.<\/strong><\/figcaption><\/figure>\n<\/div>\n\n\n<p><\/p>\n\n\n\n<p>&nbsp;Manantiales y alcobillas abundaron, igualmente, en este pago de olivar serrano montore\u00f1o. Lo fueron, la mayor\u00eda de las veces, de aguas finas y abundantes garantizando el riego de huertos y las necesidades de consumo dom\u00e9stico de las familias jornaleras de la zona. Muchos \u201cse\u00f1oritos\u201d se abastecieron de estos huertos e hicieron transportar &nbsp;las aguas de sus manantiales para &nbsp;consumo dom\u00e9stico, utilizando las t\u00edpicas c\u00e1ntaras de barro que le eran servidas por los mismos caseros y muleros cuando viajaban hasta Montoro &nbsp;para proveerse del ato necesario para pasar &nbsp;largas temporadas en el campo.&nbsp;<br>&nbsp; Delante de la caser\u00eda de Los Millones discurr\u00eda (y a\u00fan lo hace) el camino de Montoro a Marmolejo, antiguo vered\u00f3n enlosado de piedra molinaza, cercado de monte, &nbsp;con caracter\u00edsticas similares a las viejas calzadas romanas y al resto de caminos que conformaban la densa red de comunicaciones del Charco del Novillo. Recientemente este viejo camino ha sido rehabilitado y convertido en un tramo del GR-48.&nbsp;<br>&nbsp; Los viejos caminos y veredas conformaron el singular sistema viario de la sierra olivarera, permitiendo el trasiego de los obreros para llegar a sus tajos, am\u00e9n de facilitar las relaciones sociales entre las parejas de j\u00f3venes jornaleros cuando terminaban las tareas agr\u00edcolas a la ca\u00edda de la tarde. Tambi\u00e9n la afluencia a las fiestas se realizaron utilizando las viejas veredas, siempre &nbsp;concurridas y transitadas por los lugare\u00f1os y gentes de otros pagos m\u00e1s lejanos, desde donde acud\u00edan para participar en los populares lagareos de estas caser\u00edas. Entonces, las distintas faneger\u00edas o cuadrillas de aceituneros, aprovechaban para entonar bellas canciones, con ayuda de guitarras y acordeones, al tiempo que empalillaban &nbsp;divertidos bailes y ruedas colectivas en las que participaban j\u00f3venes y mayores. Estribillos como el tarareado por la faneguer\u00eda del Molino del Rinc\u00f3n, fueron de uso frecuente en las coplillas de raiz popular:<br>&nbsp;<br>&nbsp; &nbsp; &nbsp; &nbsp; &nbsp; &nbsp; &nbsp; &nbsp; &nbsp; &nbsp; &nbsp; &nbsp; &nbsp; &nbsp; &nbsp; &nbsp; &nbsp; \u201cLa faneguer\u00eda que ve\u00e1is<br>&nbsp; &nbsp; &nbsp; &nbsp; &nbsp; &nbsp; &nbsp; &nbsp; &nbsp; &nbsp; &nbsp; &nbsp; &nbsp; &nbsp; &nbsp; &nbsp; &nbsp; que tiene un acorde\u00f3n<br>&nbsp; &nbsp; &nbsp; &nbsp; &nbsp; &nbsp; &nbsp; &nbsp; &nbsp; &nbsp; &nbsp; &nbsp; &nbsp; &nbsp; &nbsp; &nbsp; &nbsp; &nbsp;esa es la faneguer\u00eda<br>&nbsp; &nbsp; &nbsp; &nbsp; &nbsp; &nbsp; &nbsp; &nbsp; &nbsp; &nbsp; &nbsp; &nbsp; &nbsp; &nbsp; &nbsp; &nbsp; &nbsp; &nbsp;del molino del Rinc\u00f3n\u201d.<\/p>\n\n\n\n<p>\u200b<\/p>\n\n\n\n<p>Los rojos y el casero de los Millones:<\/p>\n\n\n\n<p>&nbsp; &nbsp; En los a\u00f1os posteriores a la Guerra Civil el casero de los Millones ven\u00eda observando que le hurtaban con frecuencia las naranjas del huerto. Un d\u00eda se dispuso a averiguar qui\u00e9nes eran los asiduos ladrones pues sospechaba de los hijos de los aceituneros alojados en San Camilo, pero cual ser\u00eda su sorpresa al comprobar que estaba ante la presencia de un grupo de hombres pertrechados de subfusiles y pellizas y acompa\u00f1ados de sus respectivas caballer\u00edas. Apreci\u00f3 que empezaban a recoger naranjas y a meterlas en las alforjas que portaban sobre los mulos. Aquel hombre trat\u00f3 de imped\u00edrselo pero, finalmente, desisti\u00f3 en el intento al ver que solo trataban proveerse de alimentos. &nbsp;Cuando el casero intuy\u00f3 el peligro que pod\u00eda correr se limit\u00f3 a obedecer las instrucciones que le dieron. \u201cSi colaboraba y les ayudaba a llenar los sacos, su vida no correr\u00eda peligro alguno\u201d. &nbsp; En los d\u00edas sucesivos aquel casero supo que los enigm\u00e1ticos personajes pertenec\u00edan al grupo de huidos republicanos &nbsp;(Jubiles) que andaban refugiados en la caser\u00eda de la Fresnedilla de Marmolejo, cuatro kil\u00f3metros m\u00e1s arriba, sobre el mismo cauce del Guadalquivir.<br>&nbsp; &nbsp; &nbsp;Abastecidos de naranjas abandonaron los Millones tomando direcci\u00f3n hacia la Boca del R\u00edo &nbsp;evitando, de este modo, toparse con La Garabitera, propiedad del marmoleje\u00f1o Alfonso Jurado Lozano, donde &nbsp;se encontraban varias familias de aceituneros empe\u00f1adas en la recolecci\u00f3n de las aceitunas. No era aconsejable levantar sospechas pues su base log\u00edstica, en la cercana Fresnadilla, todav\u00eda era lugar seguro gracias a la colaboraci\u00f3n del arrendatario &nbsp;de la finca, Manuel Mart\u00ednez y su familia.<br>&nbsp; &nbsp;En fechas inmediatas a este suceso, diversos &nbsp;testimonios hablan de nuevos robos o de \u201cacciones de aprovisionamiento\u201d en la misma &nbsp;Garabitera, y del secuestro del hijo del due\u00f1o, Pedro Jurado, en la cercana hacienda de la Boca del Rio de donde finalmente pudo escapar tras forzar la puerta cuando constat\u00f3 que el vigilante dejado por la partida se hab\u00eda marchado al cabo de un buen &nbsp;rato. El joven Pedro Jurado, primog\u00e9nito de la familia Jurado-Fern\u00e1ndez, hab\u00eda nacido en Marmolejo en 1911, y se encontraba por esos d\u00edas ayudando a su padre y hermanos en las labores de arancia de las fincas de Los Fieros y La Garabitera donde resid\u00edan durante largas temporadas.<br>&nbsp; En la d\u00e9cada de los sesenta del pasado siglo, march\u00f3 a vivir a los Millones, un nuevo propietario, D. Pedro Ortega Quesada, quien &nbsp;adquiri\u00f3 &nbsp;sus m\u00e1s de 4000 olivos, con caser\u00eda y tierras de regad\u00edo ribere\u00f1as al Guadalquivir, tras vender gran parte del patrimonio que pose\u00eda en la campi\u00f1a marmoleje\u00f1a. &nbsp;Hab\u00eda nacido en Marmolejo, en el seno de una familia numerosa formada por nueve varones y cuatro hembras. El menor de los trece (Alfonso) fue apadrinado por el rey Alfonso XIII, &nbsp;y con ese mismo apelativo fue conocido entre sus coet\u00e1neos. Pedro &nbsp;residi\u00f3 largos a\u00f1os en esta caser\u00eda, pr\u00e1cticamente hasta su muerte, en que se hicieron cargo de la finca sus herederos.&nbsp;<\/p>\n\n\n<div class=\"wp-block-image\">\n<figure class=\"alignleft\"><img decoding=\"async\" src=\"https:\/\/static.wixstatic.com\/media\/7e23fc_c6277079e70b4b9e9b24f1de0217b611~mv2.jpg\/v1\/fill\/w_438,h_358,al_c,q_80,usm_0.66_1.00_0.01,enc_auto\/FOTO%203.jpg\" alt=\"FOTO 3.jpg\"\/><figcaption class=\"wp-element-caption\"><strong>Pedro Ortega Quesada,\u00a0de ni\u00f1o (izquierda junto al perro), acompa\u00f1ado de sus padres, Jos\u00e9 y Mar\u00eda de la Capilla, y de todos\/as sus hermanos\/as.\u00a0 Archivo: Manuel Perales Sol\u00eds.<\/strong><\/figcaption><\/figure>\n<\/div>\n\n\n<p>Unos a\u00f1os antes de la adquisici\u00f3n por don Pedro Ortega, probablemente hacia la d\u00e9cada de los cincuenta, y siempre seg\u00fan el testimonio del montore\u00f1o don Pedro Yedres, vecino del Charco del Novillo, ocurrir\u00eda en esta hacienda de Los Millones un suceso nunca aclarado: la muerte en extra\u00f1as circunstancias de dos hermanos que trabajaban en la finca, siendo encontrados sus cad\u00e1veres en el interior de la caser\u00eda, tras varios d\u00edas de echarse en falta su presencia por la zona.<\/p>\n\n\n\n<p>\u200b<\/p>\n\n\n\n<p>&nbsp;<strong>Caser\u00eda de La Garabitera &nbsp;en la utop\u00eda socialista de Esteban Beltr\u00e1n:<\/strong><\/p>\n\n\n\n<p><strong>\u200b<\/strong><\/p>\n\n\n\n<p>&nbsp; Pr\u00f3xima a los Millones se encuentra La Garabitera, caser\u00eda de construcci\u00f3n singular, con molino de aceite de viga y torre de prensado, vinculada al recuerdo del intelectual montore\u00f1o Esteban Beltr\u00e1n pues ser\u00e1 en este bello lugar, entre r\u00edos, donde Beltr\u00e1n Morales &nbsp;intent\u00f3 plasmar su utop\u00eda socialista-republicana, ense\u00f1ando a la clase jornalera montore\u00f1a y andaluza en su obra literaria \u201cManol\u00edn\u201d, el camino para salir de la postergaci\u00f3n con iniciativas como la socializaci\u00f3n del campo.<\/p>\n\n\n\n<p><br>&nbsp; Esta finca, de casi veinte mil plantas, &nbsp;totalmente montuosa, &nbsp;se encuentra rodeada por el r\u00edo Guadalquivir y su afluente el Yeg\u00fcas. Dentro de su extenso per\u00edmetro contaba con varias caser\u00edas como la de Los Fieros (restaurada recientemente), La Herradurilla Alta y la Herradurilla Baja, actualmente en estado de ruina.&nbsp;<br>&nbsp; &nbsp;La sociedad cooperativa de obreros del campo, concebida en la utop\u00eda socialista de Beltr\u00e1n, integraba 4.000 montore\u00f1os. \u00c9stos deciden en asamblea celebrada en el Centro Obrero adquirir la finca de olivar llamada la Garabitera y la dehesa montuosa que linda con ella y con el r\u00edo de las Yeguas y el Guadalquivir.<\/p>\n\n\n\n<p><em>\u201cEstas dos fincas, -dice el Presidente de la cooperativa dirigi\u00e9ndose a los asociados- las enajenan sus due\u00f1os porque no le sacan producto. Nosotros s\u00ed se lo sacar\u00edamos trabajando nosotros mismos en ellas, que es lo que su due\u00f1o actual no hace.<br>&nbsp; Estas fincas se pueden adquirir a plazos por 20.000 duros, o al contado por 15.000.<br>Estas fincas adquiridas por nosotros, ser\u00edan el principio de nuestra prosperidad, pero\u2026esa cantidad os parecer\u00e1 a vosotros enorme &nbsp;porque no tenemos mil pesetas ahorradas. Pero yo os digo que las podemos tener reunidas ma\u00f1ana mismo si queremos.<br>-\u00a1C\u00f3mo! \u00a1c\u00f3mo! \u00bfde qu\u00e9 manera se har\u00e1 ese milagro? preguntaron uno emocionados y otros dudosos.<br>-Es muy f\u00e1cil esto que digo y sin necesidad de milagros, pues los milagros que la religi\u00f3n nos cuenta no han existido nunca. Escuchadme y ver\u00e9is c\u00f3mo se puede conseguir esto que yo propongo: somos cuatro mil asociados; todos estamos trabajando en esta \u00e9poca y todos podemos hacer un anticipo de cinco duros para este objeto y ma\u00f1ana mismo o el domingo pr\u00f3ximo, podemos tener depositados en el Banco los 20.000 duros que necesitamos.<br>&nbsp; Un murmullo prolongado como de una colmena agitada se oy\u00f3 en la sala.<br>&nbsp; Aquel pensamiento atrevido y grandioso, expresado con la sencillez que lo hizo el Presidente, caus\u00f3 en los asociados una impresi\u00f3n variada, seg\u00fan el temperamento de cada cual.<br>&nbsp; Pasado un &nbsp;rato el Presidente pregunt\u00f3 con &nbsp;rostro alegre. \u00bfQu\u00e9 os parece mi plan?.<br>-\u00a1Bueno, bueno! gritaron muchas voces con entusiasmo.<br>-Eso es imposible, eso es irrealizable, dijeron algunos en tono bajo, como desalentados.<br>-Pido la palabra \u2013dijo Fernando.<br>-Concedida \u2013repuso el Presidente.<br>&nbsp;-Compa\u00f1eros y amigos: lo que ha propuesto el Presidente es bueno y es realizable. Lo imposible no existe en esta clase de asuntos cuando hay fe en una cosa.<br>&nbsp; Es tan grandioso el pensamiento en medio de su sencillez, que a unos les parece mentira o imposible tambi\u00e9n que hayamos estado tiempo sin realizarlo.<br>&nbsp; Lo mismo nos sucedi\u00f3 cuando nos asociamos en la forma que lo estamos hoy.<br>&nbsp; Much\u00edsimos de vosotros aleg\u00e1bais no pod\u00edais dar o pagar una peseta de cuota mensual, y sin embargo, tir\u00e1bais cinco en copas o en juegos o en vicios y tonter\u00edas.<br>&nbsp; La luz se hizo en vuestros cerebros poco a poco, y convencidos de que asociados valemos mucho, nos asociamos y a todos nos va muy bien y nos sale m\u00e1s barato que estando separados y desunidos\u2026\u201d.<\/em><\/p>\n\n\n\n<p>Principios como estos de solidaridad y cooperativismo agrario son los que abundan en la obra de Esteban Beltr\u00e1n. Su proyecci\u00f3n en la sociedad cordobesa de su tiempo fue importante e influy\u00f3 decididamente en las consciencias de muchos jornaleros del campo a trav\u00e9s de la difusi\u00f3n de sus escritos.<br>&nbsp; &nbsp;En relaci\u00f3n al hecho de que la finca estaba ya en venta cuando la Sociedad Obrera decide adquirirla, es un dato que puede corresponder con la realidad, y que en conocimiento de Beltr\u00e1n, decidiera usarlo en su argumentaci\u00f3n. Adem\u00e1s por el estado de abandono en que se encontraba, su escasa productividad, y la enorme extensi\u00f3n de la misma, todo apunta a que pudiese pertenecer a alguna familia nobiliaria absentista de la zona. &nbsp;<br>&nbsp; Hacia &nbsp;la d\u00e9cada de los veinte del pasado siglo la caser\u00eda de La Garabitera ya pertenec\u00eda al marmoleje\u00f1o Alfonso Jurado Lozano (1870-1949) miembro de una familia de pr\u00f3speros hortelanos (2). A\u00fan joven, este hombre dej\u00f3 el trabajo en la huerta de su padre para dedicarse a la recaudaci\u00f3n de los impuestos municipales sobre el consumo.<\/p>\n\n\n<div class=\"wp-block-image\">\n<figure class=\"alignright is-resized\"><img decoding=\"async\" src=\"https:\/\/static.wixstatic.com\/media\/7e23fc_eba52b57409c4c798f6a6a1628feb99c~mv2.jpg\/v1\/fill\/w_372,h_532,al_c,q_80,usm_0.66_1.00_0.01,enc_auto\/FOTO%205.jpg\" alt=\"FOTO 5.jpg\" style=\"aspect-ratio:0.6992481203007519;width:273px;height:auto\"\/><figcaption class=\"wp-element-caption\"><strong>Alfonso Jurado Lozano (870-1949). En esta fotograf\u00eda realizada hacia 1924, en el patio de su casa de la calle del Arroyo, le vemos junto a su esposa Encarnaci\u00f3n Fern\u00e1ndez Pedrajas y sus hijos\/a: Jos\u00e9 ( de pie, izquierda), Pedro, Manuel y Juana.<br>Fuente: Pedro Jurado Fern\u00e1ndez.<\/strong><\/figcaption><\/figure>\n<\/div>\n\n<div class=\"wp-block-image\">\n<figure class=\"alignright is-resized\"><img decoding=\"async\" src=\"https:\/\/static.wixstatic.com\/media\/7e23fc_829dc3d0142b4d37bfe9ba1532181b3d~mv2.png\/v1\/fill\/w_352,h_230,al_c,lg_1,q_85,enc_auto\/FOTO%204.png\" alt=\"FOTO 4.png\" style=\"aspect-ratio:1.5304347826086957;width:323px;height:auto\"\/><figcaption class=\"wp-element-caption\"><strong>Caser\u00eda de La Garabitera en el t\u00e9rmino municipal de Montoro, junto a la desembocadura del rio Yeguas. Fuente: Consejer\u00eda de Fomento y Vivienda de la Junta de Andaluc\u00eda.<\/strong><\/figcaption><\/figure>\n<\/div>\n\n\n<p>&nbsp;De car\u00e1cter sociable y esp\u00edritu liberal su ansiado sue\u00f1o de proveer a cada uno de sus hijos de un patrimonio de 2.000 olivos se ver\u00eda hartamente recompensado pues hacia 1930 ya era propietario de m\u00e1s de 16.000 en las fincas de la Herradurilla y La Garabitera y arrendatario de la finca lim\u00edtrofe de los Fieros.<\/p>\n\n\n\n<p>\u200b<\/p>\n\n\n\n<p>Hacia 1942-43, en plena recolecci\u00f3n de las aceitunas tuvo lugar en esta caser\u00eda un suceso parecido al que ocurriera en Los Millones unos meses antes. Llegaron un grupo de huidos republicanos buscando provisiones de alimentos, justo en el momento en que se encontraba presente el due\u00f1o de la finca que pudo pasar desapercibido como un trabajador m\u00e1s. Preguntaron por el propietario pero el capataz , Juan Soriano Moyano \u201cPallollo\u201d, sali\u00f3 al quite diciendo: \u201cEl due\u00f1o no se encuentra aqu\u00ed en estos momentos\u201d. A lo que los huidos preguntaron: \u00bfY usted qui\u00e9n es? &nbsp;Contest\u00f3 el capataz: \u201cYo soy el encargao, el capataz y el guarda juramentao\u201d. -\u201cPues entonces usted que ostenta tantos cargos va a ser quien nos prepare un poco de aceite, harina y garbanzos\u201d. Y efectivamente as\u00ed lo hizo sin mediar m\u00e1s palabras entre ellos. &nbsp;Cargadas sus caballer\u00edas aquellos hombres abandonaron la Garabitera, remontando Guadalquivir arriba.<br>&nbsp; &nbsp; Todos los lugares nombrados se encuentran en torno al itinerario conocido como GR-48.Tr\u00e1s pasar por la Garabitera el camino contin\u00faa por el cauce del Yeguas, para adentrarse en tierras marmoleje\u00f1as a trav\u00e9s del vado de Mariquita \u201cLa Salvaora\u201d, llamado as\u00ed por ser el lugar elegido por esta marmoleje\u00f1a para lavar las ropas de los hoteles donde se hospedaba la numerosa colonia de ag\u00fcistas. Desde aqu\u00ed al puente de Marmolejo restan unos ocho kil\u00f3metros aproximadamente.<\/p>\n\n\n\n<p><br><strong>Notas:<\/strong><\/p>\n\n\n\n<p>(1) La caser\u00eda de San Camilo de Lelis, fue mandada edificar por el primer marqu\u00e9s de Monteolivar, Don F\u00e9lix de los Monteros y Aliaga, finalizando sus obras en 1775. En su iglesia estaban enterrados los restos del tercer marqu\u00e9s de Monteolivar, don Juan Manuel Espinosa de los Monteros y Aliaga (n.1800-m.1879). En 1887 su hijo Manuel Espinosa de Los Monteros y Angioletti solicit\u00f3 el traslado de dichos restos a la ciudad de Bujalance a otra capilla propiedad del marqu\u00e9s.<\/p>\n\n\n\n<p>(2) Seg\u00fan el testimonio aportado por su hijo Pedro, en marzo de 2001, Alfonso Jurado Lozano (1870-1949) fue miembro de una familia de pr\u00f3speros hortelanos marmoleje\u00f1os. Dej\u00f3 el trabajo en la huerta de su padre, junto al camino del Cementerio Nuevo, para dedicarse a la recaudaci\u00f3n de los impuestos municipales sobre el consumo, oficio &nbsp;que hab\u00eda recomendado un t\u00edo suyo apodado \u201cGorri\u00f3n\u201d. De car\u00e1cter sociable y esp\u00edritu liberal su ansiado sue\u00f1o de proveer a cada uno de sus hijos de un patrimonio de 2.000 olivos, se ver\u00eda hartamente recompensado pues hacia 1930 ya era propietario de m\u00e1s de 16.000 plantas, en las fincas montore\u00f1as de la Herradurilla, y la Garabitera. Tambi\u00e9n fue arrendatario de la finca de Los Fieros, as\u00ed como de 1100 fanegas de tierra calma en el Cortijo de San Juli\u00e1n propiedad del duque del Infantado. Adem\u00e1s compagin\u00f3 estas actividades con las de tratante de ganado.<\/p>\n\n\n\n<p><br><strong>&nbsp; Fuentes y Bibliograf\u00eda:<\/strong><\/p>\n\n\n\n<p>-Testimonios de D. Alfonso Merino G\u00f3mez, trabajador varios a\u00f1os en la finca de La Garabitera.<br>-Testimonios aportados por D. Pedro Jurado Fern\u00e1ndez, hijo del due\u00f1o de la Garabitera hacia 1930.<br>-Testimonios del montore\u00f1o con residencia en el Charco Novillo D. Pedro Yedres.<br>-Perales Sol\u00eds, Manuel: \u201cLa villa de Marmolejo en el reinado de Alfonso XIII: 1900-1931\u201d.<br>-Testimonios aportados por el montore\u00f1o Bartolom\u00e9 M\u00e1rquez Delgado, erudito y profesor, largos a\u00f1os, en el Instituto de Formaci\u00f3n &nbsp;Profesional de Montoro, hoy IES \u201cAntonio Gal\u00e1n Acosta\u201d.<br>-Diario C\u00f3rdoba del 3 de junio de 1879.<br>-Beltr\u00e1n Morales, Esteban: \u201cSocialismo Agr\u00edcola\u201d (Segunda parte del Manol\u00edn). Editora Nacional. Madrid 1979. Libro prologado por Antonio Mar\u00eda Calero Amor.<br>-Cantizani Oliva, Juan, y C\u00f3rdoba Estepa, Gregorio: \u201cCortijos, haciendas y lagares\u201d (Provincia de C\u00f3rdoba). Edita: Consejer\u00eda de Fomento y Vivienda de la Junta de Andaluc\u00eda. A\u00f1o 2006.<\/p>\n","protected":false},"excerpt":{"rendered":"<p>-Manuel Perales Sol\u00eds- \u200b Localizamos estas caser\u00edas ribere\u00f1as al Guadalquivir, en la misma ladera dominada por la impresionante arquitectura de San Camilo de Lelis. Estos parajes ubicados aguas abajo de la desembocadura del Yeguas, forman parte del &nbsp;Charco Novillo de Montoro, aunque &nbsp;ya lim\u00edtrofes con el pago de Cerrada &nbsp;del t\u00e9rmino municipal de Marmolejo.&nbsp; &nbsp;La [&hellip;]<\/p>\n","protected":false},"author":1,"featured_media":0,"parent":0,"menu_order":0,"comment_status":"closed","ping_status":"closed","template":"","meta":{"footnotes":""},"class_list":["post-442","page","type-page","status-publish","hentry"],"yoast_head":"<!-- This site is optimized with the Yoast SEO plugin v25.2 - https:\/\/yoast.com\/wordpress\/plugins\/seo\/ -->\n<title>Rincones del Charco Novillo: Caser\u00edas de los Millones y la Garabitera - El lugar de Marmolejo<\/title>\n<meta name=\"robots\" content=\"index, follow, max-snippet:-1, max-image-preview:large, max-video-preview:-1\" \/>\n<link rel=\"canonical\" href=\"https:\/\/lugardemarmolejo.es\/?page_id=442\" \/>\n<meta property=\"og:locale\" content=\"es_ES\" \/>\n<meta property=\"og:type\" content=\"article\" \/>\n<meta property=\"og:title\" content=\"Rincones del Charco Novillo: Caser\u00edas de los Millones y la Garabitera - El lugar de Marmolejo\" \/>\n<meta property=\"og:description\" content=\"-Manuel Perales Sol\u00eds- \u200b Localizamos estas caser\u00edas ribere\u00f1as al Guadalquivir, en la misma ladera dominada por la impresionante arquitectura de San Camilo de Lelis. Estos parajes ubicados aguas abajo de la desembocadura del Yeguas, forman parte del &nbsp;Charco Novillo de Montoro, aunque &nbsp;ya lim\u00edtrofes con el pago de Cerrada &nbsp;del t\u00e9rmino municipal de Marmolejo.&nbsp; &nbsp;La [&hellip;]\" \/>\n<meta property=\"og:url\" content=\"https:\/\/lugardemarmolejo.es\/?page_id=442\" \/>\n<meta property=\"og:site_name\" content=\"El lugar de Marmolejo\" \/>\n<meta property=\"og:image\" content=\"https:\/\/static.wixstatic.com\/media\/7e23fc_6a3b642eb2e14ce78220f227a7a1de4e~mv2.jpg\/v1\/fill\/w_468,h_517,al_c,q_80,usm_0.66_1.00_0.01,enc_auto\/FOTO%201.jpg\" \/>\n<meta name=\"twitter:card\" content=\"summary_large_image\" \/>\n<meta name=\"twitter:label1\" content=\"Tiempo de lectura\" \/>\n\t<meta name=\"twitter:data1\" content=\"14 minutos\" \/>\n<script type=\"application\/ld+json\" class=\"yoast-schema-graph\">{\"@context\":\"https:\/\/schema.org\",\"@graph\":[{\"@type\":\"WebPage\",\"@id\":\"https:\/\/lugardemarmolejo.es\/?page_id=442\",\"url\":\"https:\/\/lugardemarmolejo.es\/?page_id=442\",\"name\":\"Rincones del Charco Novillo: Caser\u00edas de los Millones y la Garabitera - El lugar de Marmolejo\",\"isPartOf\":{\"@id\":\"https:\/\/lugardemarmolejo.es\/#website\"},\"primaryImageOfPage\":{\"@id\":\"https:\/\/lugardemarmolejo.es\/?page_id=442#primaryimage\"},\"image\":{\"@id\":\"https:\/\/lugardemarmolejo.es\/?page_id=442#primaryimage\"},\"thumbnailUrl\":\"https:\/\/static.wixstatic.com\/media\/7e23fc_6a3b642eb2e14ce78220f227a7a1de4e~mv2.jpg\/v1\/fill\/w_468,h_517,al_c,q_80,usm_0.66_1.00_0.01,enc_auto\/FOTO%201.jpg\",\"datePublished\":\"2023-11-06T16:28:42+00:00\",\"breadcrumb\":{\"@id\":\"https:\/\/lugardemarmolejo.es\/?page_id=442#breadcrumb\"},\"inLanguage\":\"es\",\"potentialAction\":[{\"@type\":\"ReadAction\",\"target\":[\"https:\/\/lugardemarmolejo.es\/?page_id=442\"]}]},{\"@type\":\"ImageObject\",\"inLanguage\":\"es\",\"@id\":\"https:\/\/lugardemarmolejo.es\/?page_id=442#primaryimage\",\"url\":\"https:\/\/static.wixstatic.com\/media\/7e23fc_6a3b642eb2e14ce78220f227a7a1de4e~mv2.jpg\/v1\/fill\/w_468,h_517,al_c,q_80,usm_0.66_1.00_0.01,enc_auto\/FOTO%201.jpg\",\"contentUrl\":\"https:\/\/static.wixstatic.com\/media\/7e23fc_6a3b642eb2e14ce78220f227a7a1de4e~mv2.jpg\/v1\/fill\/w_468,h_517,al_c,q_80,usm_0.66_1.00_0.01,enc_auto\/FOTO%201.jpg\"},{\"@type\":\"BreadcrumbList\",\"@id\":\"https:\/\/lugardemarmolejo.es\/?page_id=442#breadcrumb\",\"itemListElement\":[{\"@type\":\"ListItem\",\"position\":1,\"name\":\"Portada\",\"item\":\"https:\/\/lugardemarmolejo.es\/\"},{\"@type\":\"ListItem\",\"position\":2,\"name\":\"Rincones del Charco Novillo: Caser\u00edas de los Millones y la Garabitera\"}]},{\"@type\":\"WebSite\",\"@id\":\"https:\/\/lugardemarmolejo.es\/#website\",\"url\":\"https:\/\/lugardemarmolejo.es\/\",\"name\":\"El lugar de Marmolejo\",\"description\":\"\",\"potentialAction\":[{\"@type\":\"SearchAction\",\"target\":{\"@type\":\"EntryPoint\",\"urlTemplate\":\"https:\/\/lugardemarmolejo.es\/?s={search_term_string}\"},\"query-input\":{\"@type\":\"PropertyValueSpecification\",\"valueRequired\":true,\"valueName\":\"search_term_string\"}}],\"inLanguage\":\"es\"}]}<\/script>\n<!-- \/ Yoast SEO plugin. -->","yoast_head_json":{"title":"Rincones del Charco Novillo: Caser\u00edas de los Millones y la Garabitera - El lugar de Marmolejo","robots":{"index":"index","follow":"follow","max-snippet":"max-snippet:-1","max-image-preview":"max-image-preview:large","max-video-preview":"max-video-preview:-1"},"canonical":"https:\/\/lugardemarmolejo.es\/?page_id=442","og_locale":"es_ES","og_type":"article","og_title":"Rincones del Charco Novillo: Caser\u00edas de los Millones y la Garabitera - El lugar de Marmolejo","og_description":"-Manuel Perales Sol\u00eds- \u200b Localizamos estas caser\u00edas ribere\u00f1as al Guadalquivir, en la misma ladera dominada por la impresionante arquitectura de San Camilo de Lelis. Estos parajes ubicados aguas abajo de la desembocadura del Yeguas, forman parte del &nbsp;Charco Novillo de Montoro, aunque &nbsp;ya lim\u00edtrofes con el pago de Cerrada &nbsp;del t\u00e9rmino municipal de Marmolejo.&nbsp; &nbsp;La [&hellip;]","og_url":"https:\/\/lugardemarmolejo.es\/?page_id=442","og_site_name":"El lugar de Marmolejo","og_image":[{"url":"https:\/\/static.wixstatic.com\/media\/7e23fc_6a3b642eb2e14ce78220f227a7a1de4e~mv2.jpg\/v1\/fill\/w_468,h_517,al_c,q_80,usm_0.66_1.00_0.01,enc_auto\/FOTO%201.jpg","type":"","width":"","height":""}],"twitter_card":"summary_large_image","twitter_misc":{"Tiempo de lectura":"14 minutos"},"schema":{"@context":"https:\/\/schema.org","@graph":[{"@type":"WebPage","@id":"https:\/\/lugardemarmolejo.es\/?page_id=442","url":"https:\/\/lugardemarmolejo.es\/?page_id=442","name":"Rincones del Charco Novillo: Caser\u00edas de los Millones y la Garabitera - El lugar de Marmolejo","isPartOf":{"@id":"https:\/\/lugardemarmolejo.es\/#website"},"primaryImageOfPage":{"@id":"https:\/\/lugardemarmolejo.es\/?page_id=442#primaryimage"},"image":{"@id":"https:\/\/lugardemarmolejo.es\/?page_id=442#primaryimage"},"thumbnailUrl":"https:\/\/static.wixstatic.com\/media\/7e23fc_6a3b642eb2e14ce78220f227a7a1de4e~mv2.jpg\/v1\/fill\/w_468,h_517,al_c,q_80,usm_0.66_1.00_0.01,enc_auto\/FOTO%201.jpg","datePublished":"2023-11-06T16:28:42+00:00","breadcrumb":{"@id":"https:\/\/lugardemarmolejo.es\/?page_id=442#breadcrumb"},"inLanguage":"es","potentialAction":[{"@type":"ReadAction","target":["https:\/\/lugardemarmolejo.es\/?page_id=442"]}]},{"@type":"ImageObject","inLanguage":"es","@id":"https:\/\/lugardemarmolejo.es\/?page_id=442#primaryimage","url":"https:\/\/static.wixstatic.com\/media\/7e23fc_6a3b642eb2e14ce78220f227a7a1de4e~mv2.jpg\/v1\/fill\/w_468,h_517,al_c,q_80,usm_0.66_1.00_0.01,enc_auto\/FOTO%201.jpg","contentUrl":"https:\/\/static.wixstatic.com\/media\/7e23fc_6a3b642eb2e14ce78220f227a7a1de4e~mv2.jpg\/v1\/fill\/w_468,h_517,al_c,q_80,usm_0.66_1.00_0.01,enc_auto\/FOTO%201.jpg"},{"@type":"BreadcrumbList","@id":"https:\/\/lugardemarmolejo.es\/?page_id=442#breadcrumb","itemListElement":[{"@type":"ListItem","position":1,"name":"Portada","item":"https:\/\/lugardemarmolejo.es\/"},{"@type":"ListItem","position":2,"name":"Rincones del Charco Novillo: Caser\u00edas de los Millones y la Garabitera"}]},{"@type":"WebSite","@id":"https:\/\/lugardemarmolejo.es\/#website","url":"https:\/\/lugardemarmolejo.es\/","name":"El lugar de Marmolejo","description":"","potentialAction":[{"@type":"SearchAction","target":{"@type":"EntryPoint","urlTemplate":"https:\/\/lugardemarmolejo.es\/?s={search_term_string}"},"query-input":{"@type":"PropertyValueSpecification","valueRequired":true,"valueName":"search_term_string"}}],"inLanguage":"es"}]}},"_links":{"self":[{"href":"https:\/\/lugardemarmolejo.es\/index.php?rest_route=\/wp\/v2\/pages\/442","targetHints":{"allow":["GET"]}}],"collection":[{"href":"https:\/\/lugardemarmolejo.es\/index.php?rest_route=\/wp\/v2\/pages"}],"about":[{"href":"https:\/\/lugardemarmolejo.es\/index.php?rest_route=\/wp\/v2\/types\/page"}],"author":[{"embeddable":true,"href":"https:\/\/lugardemarmolejo.es\/index.php?rest_route=\/wp\/v2\/users\/1"}],"replies":[{"embeddable":true,"href":"https:\/\/lugardemarmolejo.es\/index.php?rest_route=%2Fwp%2Fv2%2Fcomments&post=442"}],"version-history":[{"count":1,"href":"https:\/\/lugardemarmolejo.es\/index.php?rest_route=\/wp\/v2\/pages\/442\/revisions"}],"predecessor-version":[{"id":443,"href":"https:\/\/lugardemarmolejo.es\/index.php?rest_route=\/wp\/v2\/pages\/442\/revisions\/443"}],"wp:attachment":[{"href":"https:\/\/lugardemarmolejo.es\/index.php?rest_route=%2Fwp%2Fv2%2Fmedia&parent=442"}],"curies":[{"name":"wp","href":"https:\/\/api.w.org\/{rel}","templated":true}]}}