{"id":436,"date":"2023-11-06T15:55:53","date_gmt":"2023-11-06T15:55:53","guid":{"rendered":"https:\/\/lugardemarmolejo.es\/?page_id=436"},"modified":"2023-11-06T15:55:53","modified_gmt":"2023-11-06T15:55:53","slug":"cortijos-en-torno-a-la-general-vieja-las-mercedes","status":"publish","type":"page","link":"https:\/\/lugardemarmolejo.es\/?page_id=436","title":{"rendered":"Cortijos en torno a la General Vieja: Las Mercedes"},"content":{"rendered":"\n<h1 class=\"wp-block-heading\"><\/h1>\n\n\n\n<h4 class=\"wp-block-heading\">-Manuel Perales Sol\u00eds-<\/h4>\n\n\n\n<p>El &nbsp;antiguo arrecife o viejo camino de Andaluc\u00eda, &nbsp;circula paralelamente a la l\u00ednea de nuestro t\u00e9rmino municipal desde la<strong>&nbsp;cuesta del Montecillo<\/strong>&nbsp;hasta pr\u00e1cticamente la de&nbsp;<strong>Peralta<\/strong>&nbsp;pr\u00f3xima a la amplia vega de Villa del R\u00edo. En torno a esta carretera siempre sosegada y tranquila, incluso desde los a\u00f1os que soportaba el tr\u00e1nsito de los veh\u00edculos que desde Andaluc\u00eda marchaban hacia Castilla y viceversa, iremos &nbsp;descubriendo una serie de interesantes cortijos &nbsp;ubicados en esta campi\u00f1a desde el siglo XVIII. Algunos como el de&nbsp;<strong>La Fuente La Pe\u00f1a<\/strong>, sobre el salado de Arjona; &nbsp;<strong>Santa Cecilia y Garbanceros<\/strong>&nbsp;en el t\u00e9rmino de Marmolejo ya analizados en esta p\u00e1gina;<strong>&nbsp;Los Cipreses<\/strong>&nbsp;&nbsp;en el t\u00e9rmino de Arjonilla, a la derecha de la carretera, pr\u00f3ximo a la gran curva que &nbsp;corrige el rumbo hacia el oeste &nbsp;camino de Lopera y Villa del R\u00edo;&nbsp;<strong>San Juan, San Fernando y Valcargao<\/strong>, en el t\u00e9rmino de Lopera, &nbsp;nos van saliendo al paso con su arquitectura &nbsp;andaluza de aspecto monumental pero de trazos sencillos.&nbsp;<\/p>\n\n\n\n<p>Si en sus or\u00edgenes estas casas de campo acogieron a una nutrida poblaci\u00f3n de familias de trabajadores del campo (segadores, aceituneros, muleros y ga\u00f1anes) erigi\u00e9ndose en aut\u00e9nticos centros productivos agr\u00edcolas de naturaleza cerealista, e incluso vitivin\u00edcola (a\u00fan nos abordan en el camino las vi\u00f1as de<strong>&nbsp;Bodegas Herruzo&nbsp;<\/strong>de Lopera) &nbsp;sin embargo, muchas de ellas han quedado abandonadas a su suerte, sin personas que las habiten, y solo sirven en nuestros d\u00edas como centro log\u00edstico a las nuevas explotaciones olivareras que fueron surgiendo desde mediados del pasado siglo, o a lo sumo &nbsp;para guardar maquinaria agr\u00edcola y aperos de labranza durante la recolecci\u00f3n de las aceitunas. En algunos cortijos, como el que ahora nos ocupa, se instalaron molinos de aceite para la molturaci\u00f3n de las aceitunas adapt\u00e1ndose as\u00ed &nbsp;a los cambios en el modelo productivo.&nbsp;<\/p>\n\n\n<div class=\"wp-block-image\">\n<figure class=\"alignleft is-resized\"><img decoding=\"async\" src=\"https:\/\/static.wixstatic.com\/media\/7e23fc_af1f5f151d5d4ca9b138bcb7739ed778.jpg\/v1\/fill\/w_600,h_389,al_c,q_80,usm_0.66_1.00_0.01,enc_auto\/7e23fc_af1f5f151d5d4ca9b138bcb7739ed778.jpg\" alt=\"\" style=\"aspect-ratio:1.5424164524421593;width:556px;height:auto\"\/><figcaption class=\"wp-element-caption\"><strong>Cortijo de \u00a0Las Mercedes: vista parcial del patio. Fuente: Gema Florido Trujillo<\/strong><\/figcaption><\/figure>\n<\/div>\n\n<div class=\"wp-block-image\">\n<figure class=\"alignleft\"><img decoding=\"async\" src=\"https:\/\/static.wixstatic.com\/media\/7e23fc_38b21f207d10413cb2c3ef348497786f.jpg\/v1\/fill\/w_403,h_508,al_c,lg_1,q_80,enc_auto\/7e23fc_38b21f207d10413cb2c3ef348497786f.jpg\" alt=\"\"\/><figcaption class=\"wp-element-caption\"><strong>Cortijo \u00a0de \u00a0Las Mercedes: Portada. Fuente: Gema Florido Trujillo.<\/strong><\/figcaption><\/figure>\n<\/div>\n\n\n<p>&nbsp;Una vez superado el cruce de Lopera, a la derecha, en el extremo norte del t\u00e9rmino de Arjona que se aproxima hasta el de Marmolejo por estos lares, se encuentra el cortijo de&nbsp;<strong>Las Mercedes,<\/strong>&nbsp;a unos escasos mil metros de&nbsp;<strong>La General &nbsp;Vieja.<\/strong>&nbsp;Tambi\u00e9n se puede llegar a \u00e9l desde un viejo camino de herradura paralelo a esta carretera &nbsp;que anta\u00f1o &nbsp;ascend\u00eda desde la&nbsp;<strong>vega de Ropero&nbsp;<\/strong>a trav\u00e9s de Garbanceros &nbsp;buscando direcci\u00f3n a Lopera pero evitando &nbsp;la curva del cortijo de Los Cipreses. Este camino se encuentra actualmente cortado por un &nbsp;arroyo cercano a Las Mercedes, bastante profundizado por efecto de la erosi\u00f3n, donde en otros tiempos hubo frondosa vegetaci\u00f3n de \u00e1lamos, ca\u00f1as e higueras y probablemente un abundante manantial con el que mantener huertos de verano.<\/p>\n\n\n\n<p>&nbsp;Nos dice Gema &nbsp;Florido Trujillo (1) &nbsp;que las tierras de las Mercedes, cercanas al valle del Guadalquivir, y con una extensi\u00f3n en torno a las 180 Has, se dedicaban antiguamente a la producci\u00f3n de aceituna de almazara y de cereales, cultivos repartidos seg\u00fan las distintas caracter\u00edsticas &nbsp;de los suelos que, seg\u00fan zonas, van desde calizas hasta arcillas o arenas. Pero en la actualidad por un proceso de ventas, la extensi\u00f3n se ha reducido a unas 60 Has y el olivar se encuentra consolidado como monocultivo. Seg\u00fan demuestran los abundantes restos arqueol\u00f3gicos en los alrededores (sobre todo de \u00e9poca romana), Las Mercedes se enclava en un paraje poblado desde muy antiguo. La construcci\u00f3n del actual caser\u00edo debi\u00f3 de realizarse a principios del siglo XX.&nbsp;<\/p>\n\n\n\n<p>&nbsp; Aunque de moderadas dimensiones, el cortijo constituye un completo ejemplo de casa olivarera tradicional, distribuida en dos bloques dispuestos en L y cerrados por un patio delantero. A \u00e9ste se accede por una portada monumental, realizada en ladrillo sobre impostas en resalte y bajo un remate superior que, sin duda alguna, es el elemento m\u00e1s valioso de todo el edificio desde el punto de vista formal. Dentro del recinto encontramos la vivienda principal de los propietarios frente al arco de entrada, la vivienda de los obreros, a su izquierda y la cocina a la que se accede desde una puerta protegida por un tejaroz (alero tejado sobre una portada). Otro cuerpo de la caser\u00eda lo constituyen las dependencias industriales (almazara) y ganaderas. Desde el punto de vista formal no hay en el cortijo de Las Mercedes grandes alardes decorativos, quiz\u00e1s a excepci\u00f3n de la portada exterior ya mencionada. A\u00fan as\u00ed el cuidado de todos los elementos exteriores es evidente, siendo de destacar la disposici\u00f3n ordenada de los huecos y la formalizaci\u00f3n de las puertas de entrada a diferentes dependencias, bajo tejaroces, fajadas con sillares de piedra o rematadas con dinteles sobrepuestos de ladrillo visto, soluciones de general sobriedad pero que dan al edificio cierta prestancia.<\/p>\n\n\n\n<p><\/p>\n\n\n\n<h6 class=\"wp-block-heading\">El entorno de las Mercedes<\/h6>\n\n\n\n<p><img decoding=\"async\" src=\"https:\/\/static.wixstatic.com\/media\/7e23fc_4df526905b5140679211b35983f0266d.jpg\/v1\/fill\/w_177,h_180,al_c,q_80,usm_0.66_1.00_0.01,enc_auto\/7e23fc_4df526905b5140679211b35983f0266d.jpg\" alt=\"\"><\/p>\n\n\n\n<p>Paisaje de las vi\u00f1as de Bodegas Herruzo de Lopera en torno a La General Vieja en las cercan\u00edas del cortijo de Las Mercedes, finca Las Cuarenta. Foto: Ricardo Fern\u00e1ndez Perales<\/p>\n\n\n\n<p>.<img decoding=\"async\" src=\"https:\/\/static.wixstatic.com\/media\/7e23fc_142bedf6d181400ba0ad99a87ae50889.jpg\/v1\/fill\/w_177,h_180,al_c,q_80,usm_0.66_1.00_0.01,enc_auto\/7e23fc_142bedf6d181400ba0ad99a87ae50889.jpg\" alt=\"\"><\/p>\n\n\n\n<p>Paisaje en torno a La General Vieja de vi\u00f1as y olivar, con Porcuna al fondo. Foto: Ricardo Fern\u00e1ndez Perales.<\/p>\n\n\n\n<p><img decoding=\"async\" src=\"https:\/\/static.wixstatic.com\/media\/7e23fc_9d83e8338e424287bc1b0144837189f2.jpg\/v1\/fill\/w_177,h_180,al_c,q_80,usm_0.66_1.00_0.01,enc_auto\/7e23fc_9d83e8338e424287bc1b0144837189f2.jpg\" alt=\"\"><\/p>\n\n\n\n<p>Cortijo de Los Cipreses. Foto: Ricardo Fern\u00e1ndez Perales.<\/p>\n\n\n\n<p><img decoding=\"async\" src=\"https:\/\/static.wixstatic.com\/media\/7e23fc_6a41adad58e04e54a68ece40c45d60c9.jpg\/v1\/fill\/w_177,h_180,al_c,q_80,usm_0.66_1.00_0.01,enc_auto\/7e23fc_6a41adad58e04e54a68ece40c45d60c9.jpg\" alt=\"\"><\/p>\n\n\n\n<p>Olivares y caser\u00eda de Garbanceros con Sierra Morena de fondo (T\u00e9rmino municipal de Marmolejo, junto a La General Vieja). Foto: Ricardo Fern\u00e1ndez Perales.<\/p>\n\n\n\n<p><img decoding=\"async\" src=\"https:\/\/static.wixstatic.com\/media\/7e23fc_8fab7df7aafd4b8b9f3418e69a0b8324.jpg\/v1\/fill\/w_177,h_180,al_c,q_80,usm_0.66_1.00_0.01,enc_auto\/7e23fc_8fab7df7aafd4b8b9f3418e69a0b8324.jpg\" alt=\"\"><\/p>\n\n\n\n<p>Cortijo de Los Cipreses (T\u00e9rmino de Arjonilla, junto a La General Vieja). Foto: Ricardo Fern\u00e1ndez Perales.<\/p>\n","protected":false},"excerpt":{"rendered":"<p>-Manuel Perales Sol\u00eds- El &nbsp;antiguo arrecife o viejo camino de Andaluc\u00eda, &nbsp;circula paralelamente a la l\u00ednea de nuestro t\u00e9rmino municipal desde la&nbsp;cuesta del Montecillo&nbsp;hasta pr\u00e1cticamente la de&nbsp;Peralta&nbsp;pr\u00f3xima a la amplia vega de Villa del R\u00edo. En torno a esta carretera siempre sosegada y tranquila, incluso desde los a\u00f1os que soportaba el tr\u00e1nsito de los veh\u00edculos [&hellip;]<\/p>\n","protected":false},"author":1,"featured_media":0,"parent":0,"menu_order":0,"comment_status":"closed","ping_status":"closed","template":"","meta":{"footnotes":""},"class_list":["post-436","page","type-page","status-publish","hentry"],"yoast_head":"<!-- This site is optimized with the Yoast SEO plugin v25.2 - https:\/\/yoast.com\/wordpress\/plugins\/seo\/ -->\n<title>Cortijos en torno a la General Vieja: Las Mercedes - El lugar de Marmolejo<\/title>\n<meta name=\"robots\" content=\"index, follow, max-snippet:-1, max-image-preview:large, max-video-preview:-1\" \/>\n<link rel=\"canonical\" href=\"https:\/\/lugardemarmolejo.es\/?page_id=436\" \/>\n<meta property=\"og:locale\" content=\"es_ES\" \/>\n<meta property=\"og:type\" content=\"article\" \/>\n<meta property=\"og:title\" content=\"Cortijos en torno a la General Vieja: Las Mercedes - El lugar de Marmolejo\" \/>\n<meta property=\"og:description\" content=\"-Manuel Perales Sol\u00eds- El &nbsp;antiguo arrecife o viejo camino de Andaluc\u00eda, &nbsp;circula paralelamente a la l\u00ednea de nuestro t\u00e9rmino municipal desde la&nbsp;cuesta del Montecillo&nbsp;hasta pr\u00e1cticamente la de&nbsp;Peralta&nbsp;pr\u00f3xima a la amplia vega de Villa del R\u00edo. En torno a esta carretera siempre sosegada y tranquila, incluso desde los a\u00f1os que soportaba el tr\u00e1nsito de los veh\u00edculos [&hellip;]\" \/>\n<meta property=\"og:url\" content=\"https:\/\/lugardemarmolejo.es\/?page_id=436\" \/>\n<meta property=\"og:site_name\" content=\"El lugar de Marmolejo\" \/>\n<meta property=\"og:image\" content=\"https:\/\/static.wixstatic.com\/media\/7e23fc_af1f5f151d5d4ca9b138bcb7739ed778.jpg\/v1\/fill\/w_600,h_389,al_c,q_80,usm_0.66_1.00_0.01,enc_auto\/7e23fc_af1f5f151d5d4ca9b138bcb7739ed778.jpg\" \/>\n<meta name=\"twitter:card\" content=\"summary_large_image\" \/>\n<meta name=\"twitter:label1\" content=\"Tiempo de lectura\" \/>\n\t<meta name=\"twitter:data1\" content=\"6 minutos\" \/>\n<script type=\"application\/ld+json\" class=\"yoast-schema-graph\">{\"@context\":\"https:\/\/schema.org\",\"@graph\":[{\"@type\":\"WebPage\",\"@id\":\"https:\/\/lugardemarmolejo.es\/?page_id=436\",\"url\":\"https:\/\/lugardemarmolejo.es\/?page_id=436\",\"name\":\"Cortijos en torno a la General Vieja: Las Mercedes - El lugar de Marmolejo\",\"isPartOf\":{\"@id\":\"https:\/\/lugardemarmolejo.es\/#website\"},\"primaryImageOfPage\":{\"@id\":\"https:\/\/lugardemarmolejo.es\/?page_id=436#primaryimage\"},\"image\":{\"@id\":\"https:\/\/lugardemarmolejo.es\/?page_id=436#primaryimage\"},\"thumbnailUrl\":\"https:\/\/static.wixstatic.com\/media\/7e23fc_af1f5f151d5d4ca9b138bcb7739ed778.jpg\/v1\/fill\/w_600,h_389,al_c,q_80,usm_0.66_1.00_0.01,enc_auto\/7e23fc_af1f5f151d5d4ca9b138bcb7739ed778.jpg\",\"datePublished\":\"2023-11-06T15:55:53+00:00\",\"breadcrumb\":{\"@id\":\"https:\/\/lugardemarmolejo.es\/?page_id=436#breadcrumb\"},\"inLanguage\":\"es\",\"potentialAction\":[{\"@type\":\"ReadAction\",\"target\":[\"https:\/\/lugardemarmolejo.es\/?page_id=436\"]}]},{\"@type\":\"ImageObject\",\"inLanguage\":\"es\",\"@id\":\"https:\/\/lugardemarmolejo.es\/?page_id=436#primaryimage\",\"url\":\"https:\/\/static.wixstatic.com\/media\/7e23fc_af1f5f151d5d4ca9b138bcb7739ed778.jpg\/v1\/fill\/w_600,h_389,al_c,q_80,usm_0.66_1.00_0.01,enc_auto\/7e23fc_af1f5f151d5d4ca9b138bcb7739ed778.jpg\",\"contentUrl\":\"https:\/\/static.wixstatic.com\/media\/7e23fc_af1f5f151d5d4ca9b138bcb7739ed778.jpg\/v1\/fill\/w_600,h_389,al_c,q_80,usm_0.66_1.00_0.01,enc_auto\/7e23fc_af1f5f151d5d4ca9b138bcb7739ed778.jpg\"},{\"@type\":\"BreadcrumbList\",\"@id\":\"https:\/\/lugardemarmolejo.es\/?page_id=436#breadcrumb\",\"itemListElement\":[{\"@type\":\"ListItem\",\"position\":1,\"name\":\"Portada\",\"item\":\"https:\/\/lugardemarmolejo.es\/\"},{\"@type\":\"ListItem\",\"position\":2,\"name\":\"Cortijos en torno a la General Vieja: Las Mercedes\"}]},{\"@type\":\"WebSite\",\"@id\":\"https:\/\/lugardemarmolejo.es\/#website\",\"url\":\"https:\/\/lugardemarmolejo.es\/\",\"name\":\"El lugar de Marmolejo\",\"description\":\"\",\"potentialAction\":[{\"@type\":\"SearchAction\",\"target\":{\"@type\":\"EntryPoint\",\"urlTemplate\":\"https:\/\/lugardemarmolejo.es\/?s={search_term_string}\"},\"query-input\":{\"@type\":\"PropertyValueSpecification\",\"valueRequired\":true,\"valueName\":\"search_term_string\"}}],\"inLanguage\":\"es\"}]}<\/script>\n<!-- \/ Yoast SEO plugin. -->","yoast_head_json":{"title":"Cortijos en torno a la General Vieja: Las Mercedes - El lugar de Marmolejo","robots":{"index":"index","follow":"follow","max-snippet":"max-snippet:-1","max-image-preview":"max-image-preview:large","max-video-preview":"max-video-preview:-1"},"canonical":"https:\/\/lugardemarmolejo.es\/?page_id=436","og_locale":"es_ES","og_type":"article","og_title":"Cortijos en torno a la General Vieja: Las Mercedes - El lugar de Marmolejo","og_description":"-Manuel Perales Sol\u00eds- El &nbsp;antiguo arrecife o viejo camino de Andaluc\u00eda, &nbsp;circula paralelamente a la l\u00ednea de nuestro t\u00e9rmino municipal desde la&nbsp;cuesta del Montecillo&nbsp;hasta pr\u00e1cticamente la de&nbsp;Peralta&nbsp;pr\u00f3xima a la amplia vega de Villa del R\u00edo. En torno a esta carretera siempre sosegada y tranquila, incluso desde los a\u00f1os que soportaba el tr\u00e1nsito de los veh\u00edculos [&hellip;]","og_url":"https:\/\/lugardemarmolejo.es\/?page_id=436","og_site_name":"El lugar de Marmolejo","og_image":[{"url":"https:\/\/static.wixstatic.com\/media\/7e23fc_af1f5f151d5d4ca9b138bcb7739ed778.jpg\/v1\/fill\/w_600,h_389,al_c,q_80,usm_0.66_1.00_0.01,enc_auto\/7e23fc_af1f5f151d5d4ca9b138bcb7739ed778.jpg","type":"","width":"","height":""}],"twitter_card":"summary_large_image","twitter_misc":{"Tiempo de lectura":"6 minutos"},"schema":{"@context":"https:\/\/schema.org","@graph":[{"@type":"WebPage","@id":"https:\/\/lugardemarmolejo.es\/?page_id=436","url":"https:\/\/lugardemarmolejo.es\/?page_id=436","name":"Cortijos en torno a la General Vieja: Las Mercedes - El lugar de Marmolejo","isPartOf":{"@id":"https:\/\/lugardemarmolejo.es\/#website"},"primaryImageOfPage":{"@id":"https:\/\/lugardemarmolejo.es\/?page_id=436#primaryimage"},"image":{"@id":"https:\/\/lugardemarmolejo.es\/?page_id=436#primaryimage"},"thumbnailUrl":"https:\/\/static.wixstatic.com\/media\/7e23fc_af1f5f151d5d4ca9b138bcb7739ed778.jpg\/v1\/fill\/w_600,h_389,al_c,q_80,usm_0.66_1.00_0.01,enc_auto\/7e23fc_af1f5f151d5d4ca9b138bcb7739ed778.jpg","datePublished":"2023-11-06T15:55:53+00:00","breadcrumb":{"@id":"https:\/\/lugardemarmolejo.es\/?page_id=436#breadcrumb"},"inLanguage":"es","potentialAction":[{"@type":"ReadAction","target":["https:\/\/lugardemarmolejo.es\/?page_id=436"]}]},{"@type":"ImageObject","inLanguage":"es","@id":"https:\/\/lugardemarmolejo.es\/?page_id=436#primaryimage","url":"https:\/\/static.wixstatic.com\/media\/7e23fc_af1f5f151d5d4ca9b138bcb7739ed778.jpg\/v1\/fill\/w_600,h_389,al_c,q_80,usm_0.66_1.00_0.01,enc_auto\/7e23fc_af1f5f151d5d4ca9b138bcb7739ed778.jpg","contentUrl":"https:\/\/static.wixstatic.com\/media\/7e23fc_af1f5f151d5d4ca9b138bcb7739ed778.jpg\/v1\/fill\/w_600,h_389,al_c,q_80,usm_0.66_1.00_0.01,enc_auto\/7e23fc_af1f5f151d5d4ca9b138bcb7739ed778.jpg"},{"@type":"BreadcrumbList","@id":"https:\/\/lugardemarmolejo.es\/?page_id=436#breadcrumb","itemListElement":[{"@type":"ListItem","position":1,"name":"Portada","item":"https:\/\/lugardemarmolejo.es\/"},{"@type":"ListItem","position":2,"name":"Cortijos en torno a la General Vieja: Las Mercedes"}]},{"@type":"WebSite","@id":"https:\/\/lugardemarmolejo.es\/#website","url":"https:\/\/lugardemarmolejo.es\/","name":"El lugar de Marmolejo","description":"","potentialAction":[{"@type":"SearchAction","target":{"@type":"EntryPoint","urlTemplate":"https:\/\/lugardemarmolejo.es\/?s={search_term_string}"},"query-input":{"@type":"PropertyValueSpecification","valueRequired":true,"valueName":"search_term_string"}}],"inLanguage":"es"}]}},"_links":{"self":[{"href":"https:\/\/lugardemarmolejo.es\/index.php?rest_route=\/wp\/v2\/pages\/436","targetHints":{"allow":["GET"]}}],"collection":[{"href":"https:\/\/lugardemarmolejo.es\/index.php?rest_route=\/wp\/v2\/pages"}],"about":[{"href":"https:\/\/lugardemarmolejo.es\/index.php?rest_route=\/wp\/v2\/types\/page"}],"author":[{"embeddable":true,"href":"https:\/\/lugardemarmolejo.es\/index.php?rest_route=\/wp\/v2\/users\/1"}],"replies":[{"embeddable":true,"href":"https:\/\/lugardemarmolejo.es\/index.php?rest_route=%2Fwp%2Fv2%2Fcomments&post=436"}],"version-history":[{"count":1,"href":"https:\/\/lugardemarmolejo.es\/index.php?rest_route=\/wp\/v2\/pages\/436\/revisions"}],"predecessor-version":[{"id":437,"href":"https:\/\/lugardemarmolejo.es\/index.php?rest_route=\/wp\/v2\/pages\/436\/revisions\/437"}],"wp:attachment":[{"href":"https:\/\/lugardemarmolejo.es\/index.php?rest_route=%2Fwp%2Fv2%2Fmedia&parent=436"}],"curies":[{"name":"wp","href":"https:\/\/api.w.org\/{rel}","templated":true}]}}