{"id":420,"date":"2023-11-06T15:08:12","date_gmt":"2023-11-06T15:08:12","guid":{"rendered":"https:\/\/lugardemarmolejo.es\/?page_id=420"},"modified":"2023-11-06T15:08:13","modified_gmt":"2023-11-06T15:08:13","slug":"la-caseria-de-escalera-y-sus-leyendas","status":"publish","type":"page","link":"https:\/\/lugardemarmolejo.es\/?page_id=420","title":{"rendered":"La Caser\u00eda de Escalera y sus leyendas"},"content":{"rendered":"\n<h1 class=\"wp-block-heading\"><\/h1>\n\n\n\n<h4 class=\"wp-block-heading\">-Manuel Perales Sol\u00eds-<\/h4>\n\n\n\n<p>Hacia 1989 un grupo de marmoleje\u00f1os publicaron un folleto conmemorativo sobre la celebraci\u00f3n de lo que se denomin\u00f3 como \u201cRomer\u00eda Cultural de Escalera y San Camilo de Lelis\u201d. &nbsp;Dicha iniciativa no era otra cosa que una incursi\u00f3n a pie por estos parajes del olivar serrano que ya se ven\u00eda realizando desde 1974. En dicho folleto se hac\u00eda una breve descripci\u00f3n de la caser\u00eda de Escalera y de los lugares por donde discurr\u00eda la ruta. Dec\u00eda as\u00ed:&nbsp;<em>\u201cLa romer\u00eda de Escalera tiene sus or\u00edgenes all\u00e1 por a\u00f1o de 1974 coincidiendo con la celebraci\u00f3n de las ferias de And\u00fajar y Villa del R\u00edo y finalizada, ya, la de Marmolejo, cuando \u00e9sta se celebraba por Septiembre. Su sentido \u00faltimo, m\u00e1s profundo, guarda relaci\u00f3n con la atracci\u00f3n de un grupo de marmoleje\u00f1os por los valores intr\u00ednsecos tanto culturales como paisaj\u00edsticos, de la vecina comarca serrano-olivarera del \u201cCharco de San Sebasti\u00e1n\u201d, geogr\u00e1ficamente enmarcada en el tri\u00e1ngulo natural comprendido entre Villa del R\u00edo, Marmolejo y Montoro, aunque si bien, en su totalidad, en el t\u00e9rmino municipal de esta \u00faltima. El nombre de Escalera no es otra cosa que la acepci\u00f3n topon\u00edmica que recibe una de las m\u00e1s singulares caser\u00edas de esa comarca cuya arquitectura, todav\u00eda hoy, representa una importante muestra del neocl\u00e1sico andaluz del siglo XIX, confundido con elementos de la m\u00e1s genuina tradici\u00f3n arquitect\u00f3nica popular. Se trata, en definitiva, de un amplio complejo integrado por diferentes espacios constitutivos de una interesant\u00edsima unidad estructural formada por f\u00e1brica de aceite, capilla y viviendas\u2026 El recorrido discurre por la vasta comarca de olivar serrano distinguida por toda una serie de rincones paisaj\u00edsticos altamente reconfortantes para cualquier amante de la naturaleza\u2026\u201d.<\/em><\/p>\n\n\n<div class=\"wp-block-image\">\n<figure class=\"alignleft is-resized\"><img decoding=\"async\" src=\"https:\/\/static.wixstatic.com\/media\/7e23fc_7c021035eb764b36b38c736dd9ebe4e9.jpg\/v1\/fill\/w_486,h_426,al_c,lg_1,q_80,enc_auto\/7e23fc_7c021035eb764b36b38c736dd9ebe4e9.jpg\" alt=\"\" style=\"aspect-ratio:1.1408450704225352;width:412px;height:auto\"\/><figcaption class=\"wp-element-caption\"><strong>Caser\u00eda de Escalera en el Charco del Novillo de Montoro. Dibujo de Robles.<\/strong><\/figcaption><\/figure>\n<\/div>\n\n<div class=\"wp-block-image\">\n<figure class=\"alignright is-resized\"><img decoding=\"async\" src=\"https:\/\/static.wixstatic.com\/media\/7e23fc_1ee2dda5251c489fb947956fde3dbb40.jpg\/v1\/fill\/w_461,h_421,al_c,q_80,usm_0.66_1.00_0.01,enc_auto\/7e23fc_1ee2dda5251c489fb947956fde3dbb40.jpg\" alt=\"\" style=\"aspect-ratio:1.0950118764845607;width:401px;height:auto\"\/><figcaption class=\"wp-element-caption\"><strong>Ruinas del Molino de viga de Escalera la Vieja,antigua caser\u00eda pr\u00f3xima a la actual Escalera. Foto: Manuel Perales.<\/strong><\/figcaption><\/figure>\n<\/div>\n\n\n<p><\/p>\n\n\n\n<p>&nbsp;A continuaci\u00f3n el art\u00edstico folleto pasaba a relatar los puntos m\u00e1s importantes del camino, a saber: Huerta del R\u00edo y Nacimiento, Caser\u00eda del Ca\u00f1uelo, paso del Yeguas por el vado de Mariquita La Salvaora, caser\u00eda de la Herradurilla, caser\u00eda de San Camilo de Lelis y finalmente Escalera. El recorrido de vuelta se hac\u00eda a trav\u00e9s de la carretera de Carde\u00f1a en direcci\u00f3n al ventorrillo de La Luz, ermita del Santo, arroyo del Santo, descenso al Yeguas por la caser\u00eda de la Palma, subida al antiguo carril de La Herradura y finalmente carretera comarcal 420, hasta Marmolejo.<\/p>\n\n\n\n<p>En relaci\u00f3n a la caser\u00eda de Escalera se dec\u00eda:&nbsp;<em>\u201cRecinto del siglo XIX, formado por iglesia de fachada neocl\u00e1sica, viejo molino de aceite de viga y vivienda para los se\u00f1ores y personal operario. Dicen que perteneci\u00f3 a los antiguos condes de Villaverde, cuyos restos se hallaban enterrados, al parecer, en enormes sepulcros de m\u00e1rmol rojizo, que hallaban acople en los \u00e1ngulos de la planta. La capilla, elemento m\u00e1s importe del conjunto monumental, presenta una fachada del m\u00e1s puro estilo neocl\u00e1sico constituida de front\u00f3n (1) y pilastras cl\u00e1sicas. En el interior presenta planta de sal\u00f3n, encontr\u00e1ndose tras el presbiterio una reducida sacrist\u00eda. Sobre el altar mayor, una hornacina debi\u00f3 de albergar la imagen a cuya advocaci\u00f3n estuvo consagrada la iglesia. La caser\u00eda: tiene como elemento m\u00e1s curioso a destacar, la espada\u00f1a de la entrada, situada sobre el vano de la puerta que daba acceso al patio principal. Esta espada\u00f1a tiene dos cuerpos: el inferior, mucho m\u00e1s ancho, con dos vanos para campanas y el superior bastante m\u00e1s estrecho con un solo vano para esquil\u00f3n. El segundo cuerpo esta rematado por un frontoncillo barroco cuyo perfil aporta gran belleza al horizonte paisaj\u00edstico del Charco Novillo<\/em>\u201d. &nbsp;<\/p>\n\n\n<div class=\"wp-block-image\">\n<figure class=\"aligncenter\"><img decoding=\"async\" src=\"https:\/\/static.wixstatic.com\/media\/7e23fc_06f6d7ef124c4bafb576e94996a2c729.jpg\/v1\/fill\/w_956,h_306,al_c,q_80,usm_0.66_1.00_0.01,enc_auto\/7e23fc_06f6d7ef124c4bafb576e94996a2c729.jpg\" alt=\"\"\/><figcaption class=\"wp-element-caption\"><strong>Distintos aspectos de la caser\u00eda de Escalera en 1987 antes de su restauraci\u00f3n. Fuente: Jorge Morales Sede\u00f1o.<\/strong><\/figcaption><\/figure>\n<\/div>\n\n\n<p><\/p>\n\n\n\n<p>Hasta aqu\u00ed la rese\u00f1a del in\u00e9dito folleto que se limitaba a describir lo que hasta aquellas fechas hab\u00eda trascendido de tan singular caser\u00eda. En la actualidad, gracias al estudio realizado por Gema Florido Trujillo (2), disponemos de datos descriptivos de Escalera recogidos en una escritura notarial fechada en 1868 que los actuales due\u00f1os de la caser\u00eda le facilitaron para la elaboraci\u00f3n de su estudio \u201cHabitat rural y gran explotaci\u00f3n en la Depresi\u00f3n del Guadalquivir\u201d. En ella se dice lo siguiente:&nbsp;<em>\u201cCaser\u00edo, molino aceitero, Capillas y pozos que radican dentro de la posesi\u00f3n llamada \u201cEscalera\u201d que radica en la Sierra de este t\u00e9rmino, pago del Charco del Novillo..: el Caser\u00edo tiene una fachada al sur y comprende una superficie de tres mil cuatrocientos metros y trece dec\u00edmetros cuadrados, distribuidos en casa principal, molino aceitero y cortijo, una antigua capilla, su oratorio formando parte del caser\u00edo principal y un pante\u00f3n familiar de m\u00e1s reciente construcci\u00f3n aislado del resto de la edificaci\u00f3n por un jardincito y puesto en comunicaci\u00f3n por una galer\u00eda interior; dicha casa-cortijo y pante\u00f3n tienen seis puertas independientes a la fachada; la casa consta de piso bajo y principal, distribuy\u00e9ndose el primero de patio principal formado por dos cruj\u00edas laterales y otras dos al fondo, en la cruj\u00eda de la derecha se encuentra un paso al departamento del molino, horno, cuarto dormitorio y cocina del caser\u00edo, en la de la izquierda, paso a un sal\u00f3n de baile, dos cuadras para cinco plazas cada una y antigua Capilla al fondo y contigua a esta, la casa del Capell\u00e1n que se compone de cinco departamentos comunicados entre si; portal, un cuarto, a la derecha y un despacho a la izquierda, bodega y escalera al fondo, en la meseta de esta hay una escalera de bajada a las despensas y saladeros. El piso principal consta de galer\u00eda de desembarco de la escalera y un cuarto retrete, y escalera para una c\u00e1mara y una despencilla, una espaciosa galer\u00eda cerrada que da al patio principal y en ella entrada al comedor, dos despensas, dos dormitorios y excusado; sobre la cruj\u00eda de la derecha, galer\u00eda cerrada, cocina, paso antesala, alcoba, dormitorio principal y un cuarto; sobre la cruj\u00eda de la izquierda, pasillo y al frente excusado y dos dormitorios tribuna con sus correspondientes ventanas a la antigua capilla, sala de paso con escalera, otra sala de paso con dos c\u00e1maras y rampas al sal\u00f3n principal con cuatro gabinetes o dormitorios, teniendo el \u00faltimo puerta a la escalera del patio, a la bajada de la rampa est\u00e1 la puerta y \u00e1 la izquierda hay un pasillo para la antigua capilla y al frente una galer\u00eda que comunica con las dependencias del nuevo pante\u00f3n que son la sacrist\u00eda y la sacrist\u00eda y la nueva capilla. El molino de aceite con su entrada independiente \u00e1 la fachada, consta de patio con escalera a un saguisami y tres atrojes, al fondo departamento de molienda, con alfarge(3), piedra, dos vigas, dos pozuelos, caldera, una peque\u00f1a bodega con ocho tinajas cuadradas y otra bodega con veintiocho tinajas; en el mismo patio colgadizo con dos pilas para lavar, corralillo con alpechinera y puerta de entrada \u00e1 la casa cortijo. Este se compone de fachada con cuadra para trece plazas y pajar sobre ella, otra cuadra para nueve plazas y cuarto, \u00e1 la izquierda tinao(4) con veinticinco pesebreras y pajar sobre \u00e9l; al fondo tahona, bodega con siete tinajas, cuarto amasadero, con c\u00e1maras sobre las primeras dependencias, horno, gallinero y cuadra para nueve plazas. Delante del caser\u00edo descrito, existe una gran explanada con jard\u00edn y sube \u00e1 esta por dos rampas laterales, en una superficie de tres mil setecientos sesenta y nueve metros y sesenta y cinco dec\u00edmetros cuadrados. Al lado Norte del Caser\u00edo y \u00e1 ciento catorce metros de distancia, se encuentra un pozo de tres metros de di\u00e1metro por doce de profundidad cuyas aguas se dirigen al molino por medio de un acueducto que mide de longitud ciento cuarenta y nueve metros teniendo una altura en el pozo de tres metros y cincuenta cent\u00edmetros y concluyendo en la superficie del terreno. Al mismo lado Norte hay otro pozo de cincuenta y cuatro metros de distancia con un acueducto que conduce las aguas al molino\u201d. &nbsp;<\/em><\/p>\n\n\n<div class=\"wp-block-image\">\n<figure class=\"alignleft is-resized\"><img decoding=\"async\" src=\"https:\/\/static.wixstatic.com\/media\/7e23fc_95608b26e0f04deabfc6b41c9484bcaf.jpg\/v1\/fill\/w_210,h_257,al_c,lg_1,q_80,enc_auto\/7e23fc_95608b26e0f04deabfc6b41c9484bcaf.jpg\" alt=\"\" style=\"aspect-ratio:0.8171206225680934;width:322px;height:auto\"\/><figcaption class=\"wp-element-caption\"><strong>Francisco de Paula Bernuy y Aguayo, quinto conde de Villaverde la Alta y octavo marqu\u00e9s de Benamej\u00ed, mand\u00f3 construir la iglesia de Escalera hacia mediados del siglo XIX. En dicho templo fue enterrado en 1866 junto a los sepulcros de sus padres y de la primera condesa de Villaverde la Alta. Fuente: Geneall.net.<\/strong><\/figcaption><\/figure>\n<\/div>\n\n\n<p>&nbsp;En un documentado art\u00edculo sobre Escalera publicado por el montore\u00f1o Pedro Majuelos Martos (5) se profundizaba sobre el origen e historia de tan singular caser\u00eda del Charco Novillo. Al parecer desde fechas anteriores a la elaboraci\u00f3n del Catastro del Marqu\u00e9s de la Ensenada, hacia 1752, ya se ten\u00eda constancia de que el propietario Francisco del Castillo y Escalera dispon\u00eda de varios molinos de aceite en la zona del Charco Novillo. Uno de ellos de cuatro vigas en la caser\u00eda de Escalera como as\u00ed lo confirma Ram\u00edrez y las Casas Deza en su obra \u201cCorograf\u00eda Hist\u00f3rico-Estad\u00edstica de la provincia y obispado de C\u00f3rdoba\u201d. Muy probablemente este molino fuera el conocido como \u201cEscalera la Vieja\u201d, antigua caser\u00eda con molino de viga ubicada cerca de la actual Escalera. De ella s\u00f3lo quedan sus ruinas y el viejo torre\u00f3n de su molino dando vistas hacia el valle del Corcom\u00e9.<\/p>\n\n\n\n<p>A\u00f1os m\u00e1s tarde -siguiendo al mismo autor-&nbsp;<em>\u201clos marqueses de Benamej\u00ed acced\u00edan a esta propiedad a trav\u00e9s del matrimonio del s\u00e9ptimo marqu\u00e9s Juan Bautista Bernuy y Balda con Mar\u00eda del Carmen Aguayo Aguayo, nieta y heredera de D\u00f1a. Mariana del Castillo y Escalera Camacho, primera condesa de Villaverde la Alta. Do\u00f1a Mariana contrajo matrimonio con don Juan de Aguayo y Manrique y en 1758 le fue concedido el t\u00edtulo de condesa de Villaverde la Alta\u201d<\/em>&nbsp;(6).<\/p>\n\n\n\n<p>Del matrimonio entre Juan Bautista Bernuy y Mar\u00eda del Carmen Aguayo nacer\u00eda Francisco de Paula Bernuy, octavo marqu\u00e9s de Benamej\u00ed y quinto conde de Villaverde la Alta. A \u00e9l se debe la construcci\u00f3n de la iglesia de Escalera hacia mediados del siglo XIX, pues su idea era la de ser enterrado en ella junto a sus padres y la primera condesa de Villaverde a la hora de su muerte. Y as\u00ed se hizo: en la madrugada del 3 de abril de 1866 su cuerpo era trasladado desde la iglesia parroquial de Santiago en C\u00f3rdoba, hasta su hacienda de Escalera seg\u00fan inform\u00f3 el \u201cDiario C\u00f3rdoba\u201d del d\u00eda cuatro.<\/p>\n\n\n\n<p>&nbsp;En \u00e9poca de Alfonso XIII, Escalera pas\u00f3 a ser propiedad, por un corto espacio de tiempo, del marqu\u00e9s de Viana, traslad\u00e1ndose entonces los cuerpos de los marqueses de Benamej\u00ed al cementerio p\u00fablico de Villa del R\u00edo.<\/p>\n\n\n\n<p>En el trasfondo de este cambio de titularidad pudo estar al declive econ\u00f3mico en que con toda probabilidad debi\u00f3 de entrar la casa de Villaverde a principios del XX, por razones que no alcanzamos a comprender, pero que tendr\u00edan relaci\u00f3n con la mala administraci\u00f3n y cierta vida relajada de sus due\u00f1os, situaci\u00f3n que conduce no solo a la p\u00e9rdida de Escalera sino, por ejemplo, a la venta paulatina de sus propiedades en Marmolejo y de su casa solariega de la plaza de Los Condes, que pasa a final de la d\u00e9cada de los veinte, a titularidad del industrial hostelero Pedro Perales Dom\u00ednguez \u201cPeriquito Semana\u201d, due\u00f1o de varias posesiones r\u00fasticas en el Charco Novillo.<\/p>\n\n\n\n<p>Otros testimonios de personas m\u00e1s antiguas, nacidas a finales del XIX, situaron en Escalera el lugar de recreo preferido por sus due\u00f1os para entregarse a largas sesiones de vicio y juego. En ocasiones estas reuniones acababan en ri\u00f1as y peleas entre los invitados a las mismas, casi siempre, pertenecientes al estatus noble y burgu\u00e9s. El proceso de declive econ\u00f3mico de la casa de Villaverde parece coincidir con los \u00faltimos titulares de la casa, es decir Mar\u00eda Teresa Bernuy, sexta condesa y su hijo Federico Martel y Bernuy, s\u00e9ptimo conde (7).<\/p>\n\n\n\n<p>&nbsp;En relaci\u00f3n a los famosos \u201ccr\u00edmenes de Escalera\u201d traigo a colaci\u00f3n un breve p\u00e1rrafo publicado por la Asociaci\u00f3n Cultural de Escalera, fechado en 1986 donde se pretende escudri\u00f1ar las causas de estos sucesos:&nbsp;<em>\u201cEscalera fue en el siglo XIX una caser\u00eda con intensa vida social. All\u00ed ten\u00edan lugar fiestas, encuentros y actos sociales de alto post\u00edn, que muchas veces terminaron en ri\u00f1as y deleznables peleas con resultado de muerte, fruto de la tensi\u00f3n a la que se llegaba tras largas jornadas de juego y apuestas millonarias\u201d. Estos sucesos trascendieron a la comarca y con el paso de los a\u00f1os fueron conocidos como \u201clos cr\u00edmenes de Escalera\u201d.<\/em><\/p>\n\n\n\n<p>Referente a los sepulcros existentes en la capilla-pante\u00f3n de Escalera, en su d\u00eda albergaron los cuerpos del s\u00e9ptimo marqu\u00e9s de Benamej\u00ed, Juan Bautista Bernuy y Balda, fallecido el 17 de octubre de 1809; Mar\u00eda del Carmen Aguayo y Aguayo, 4\u00aa condesa de Villaverde la Alta y esposa del anterior, fallecida el 10 de enero de 1851; Francisco de Paula Bernuy y Aguayo, octavo marqu\u00e9s de Benamej\u00ed y 5\u00ba conde de Villaverde la Alta, fallecido el 29 de marzo de 1866. Finalmente el sepulcro perteneciente a la esposa de \u00e9ste \u00faltimo Feliciana Coca P\u00e9rez, nacida en Bujalance. Esta mujer no pertenec\u00eda al estado noble, pero mantuvo una larga relaci\u00f3n con el octavo marqu\u00e9s con el que tuvo varios hijos. El marqu\u00e9s contrajo matrimonio con ella \u201cin articulo mortis\u201d para as\u00ed poder reconocer los hijos habidos en la pareja. Esto caus\u00f3 alg\u00fan que otro revuelo dentro del estamento nobiliario y especialmente en la familia Bernuy.<\/p>\n\n\n\n<p>Posteriormente a la propiedad de la casa de Viana, la finca fue vendida hasta pasar a los actuales propietarios que son los que han acometido la restauraci\u00f3n de la capilla, declarada monumento Hist\u00f3rico-art\u00edstico.<\/p>\n\n\n<div class=\"wp-block-image\">\n<figure class=\"alignleft is-resized\"><img decoding=\"async\" src=\"https:\/\/static.wixstatic.com\/media\/7e23fc_54b834033017451fab463fbfa4e1fc21.jpg\/v1\/fill\/w_396,h_526,al_c,q_80,usm_0.66_1.00_0.01,enc_auto\/7e23fc_54b834033017451fab463fbfa4e1fc21.jpg\" alt=\"\" style=\"aspect-ratio:0.752851711026616;width:366px;height:auto\"\/><figcaption class=\"wp-element-caption\"><strong>Puerta principal de la caser\u00eda Escalera con su singular espada\u00f1a de dos cuerpos. Foto: Manuel Perales.<\/strong><\/figcaption><\/figure>\n<\/div>\n\n<div class=\"wp-block-image\">\n<figure class=\"alignright is-resized\"><img decoding=\"async\" src=\"https:\/\/static.wixstatic.com\/media\/7e23fc_fb6098e26690451fb11b74efaeb71c21.jpg\/v1\/fill\/w_396,h_536,al_c,q_80,usm_0.66_1.00_0.01,enc_auto\/7e23fc_fb6098e26690451fb11b74efaeb71c21.jpg\" alt=\"\" style=\"aspect-ratio:0.7388059701492538;width:358px;height:auto\"\/><figcaption class=\"wp-element-caption\"><strong>Fachada de la iglesia de Escalera antes de ser restaurada. Foto Manuel Perales.<\/strong><\/figcaption><\/figure>\n<\/div>\n\n<div class=\"wp-block-image\">\n<figure class=\"aligncenter is-resized\"><img decoding=\"async\" src=\"https:\/\/static.wixstatic.com\/media\/7e23fc_fafe5b7f729348bc9eac3f38ad7b395b.jpg\/v1\/fill\/w_858,h_481,al_c,q_85,enc_auto\/7e23fc_fafe5b7f729348bc9eac3f38ad7b395b.jpg\" alt=\"\" style=\"aspect-ratio:1.7837837837837838;width:838px;height:auto\"\/><figcaption class=\"wp-element-caption\"><strong>Fachada principal de la caser\u00eda de Escalera. Foto: Manuel Perales<\/strong><\/figcaption><\/figure>\n<\/div>\n\n\n<p><em><strong>La leyenda del gato de Escalera:<\/strong><\/em><\/p>\n\n\n\n<p>Para mucha gente de anta\u00f1o la caser\u00eda proyect\u00f3 una imagen de lugar misterioso y rom\u00e1ntico, y probablemente a ello contribuyera la presencia de las sepulturas de los condes de Villaverde en su capilla-pante\u00f3n y la referida vida social que a largo del XIX desarrollaron sus due\u00f1os en las estancias de la caser\u00eda. El hecho es que desde antiguo proliferaron historias y leyendas de lugare\u00f1os temerosos de vivir en las estancias del cortijo por miedo a ser testigos de tan difundidos fen\u00f3menos extra\u00f1os. Se trataba de prejuicios que anidaban en la propia imaginaci\u00f3n de aquellas gentes de campo y que narraban a familiares y amigos en las largas noches de invierno. Evidentemente nada m\u00e1s lejos de la realidad pues hablamos de una de las creaciones arquitect\u00f3nicas m\u00e1s bellas del Charco Novillo ubicada sobre una alegre atalaya con espectaculares vistas al valle del Guadalquivir y la campi\u00f1a cordobesa.<\/p>\n\n\n\n<p>Una de esas leyendas la o\u00ed narrar hace ya algunos a\u00f1os y la transcribo tan como la escuch\u00e9 de boca de un hombre de campo que ya no est\u00e1 entre nosotros (8): &nbsp;<em>\u201cCuentan que Escalera era una de las caser\u00edas m\u00e1s monumentales del Charco Novillo, cercana al valle del Corcom\u00e9. Su nombre se lo deb\u00eda al apellido de uno de sus antiguos due\u00f1os, pues su construcci\u00f3n proced\u00eda de muy antiguo, probablemente de la segunda mitad del siglo XVIII. Pues bien, dicen que hacia principios de siglo XX era conocida tambi\u00e9n como la \u201ccaser\u00eda del miedo\u201d por los lugare\u00f1os del Charco del Novillo. Incluso tal fama se hab\u00eda extendido a las poblaciones de sus alrededores como Montoro, Marmolejo y Villa del R\u00edo, por lo que cada vez resultaba m\u00e1s dif\u00edcil encontrar caseros que quisieran irse a vivir all\u00ed. Los que iban, tarde o temprano, acababan abandonando la caser\u00eda presos del p\u00e1nico y la desolaci\u00f3n producida por extra\u00f1os fen\u00f3menos ocurridos, al parecer, durante las largas noches de invierno y de los que no lograban sobreponerse en bastante tiempo.<\/em><\/p>\n\n\n<div class=\"wp-block-image\">\n<figure class=\"alignleft is-resized\"><img decoding=\"async\" src=\"https:\/\/static.wixstatic.com\/media\/7e23fc_92873ad3f7b54e069bf83a57cc48f932.jpg\/v1\/fill\/w_521,h_446,al_c,q_80,usm_0.66_1.00_0.01,enc_auto\/7e23fc_92873ad3f7b54e069bf83a57cc48f932.jpg\" alt=\"\" style=\"aspect-ratio:1.1681614349775784;width:415px;height:auto\"\/><figcaption class=\"wp-element-caption\"><strong>La monumental Escalera en el Charco del Novillo. El pueblo del fondo es Arjonilla. Foto realizada desde el pago de La Encarnada por Ricardo Fern\u00e1ndez Perales.<\/strong><\/figcaption><\/figure>\n<\/div>\n\n\n<p><em>En cierta ocasi\u00f3n un montore\u00f1o que hab\u00eda quedado sin trabajo y que era dado a presumir p\u00fablicamente de no conocer el miedo, haciendo caso omiso a las historias que se contaban, convino con los se\u00f1ores de Escalera marchar all\u00ed de casero. Se dispon\u00eda este hombre a desterrar de una vez para siempre los injustos juicios de las gentes, convencido de que no eran otra cosa que maquinaciones mal intencionadas para vengarse de antiguas rencillas con los due\u00f1os o capataces de la finca.<\/em><\/p>\n\n\n\n<p><em>Por tanto el valiente casero, del que no ha trascendido su nombre, cogi\u00f3 al d\u00eda siguiente sus enseres personales y una surtida provisi\u00f3n de alimentos y march\u00f3 para Escalera con su borrica cuando ya ca\u00eda la tarde. Tras descargar el jumento y llegada la hora de la cena, empez\u00f3 a preparar unas pocas sardinas para cenar junto a un buen vaso de vino. Encendi\u00f3 el fuego, limpi\u00f3 las sardinas y las puso a asar en la sart\u00e9n. Estando ocupado en estos menesteres, vio como se acercaba un gato que merodeaba por all\u00ed y adivinando las intenciones del felino, cogi\u00f3 presto la paleta y le asest\u00f3 con contundencia un paletazo al desdichado sobre la cabeza. El animal sali\u00f3 despavorido escaleras arriba con la cabeza malherida al tiempo que daba agudos maullidos de dolor.<\/em><\/p>\n\n\n\n<p><em>Pasado aquel inesperado chasco, continu\u00f3 el casero asando las sardinas cuando al poco rato vio de nuevo que el gato bajaba las escaleras pero, esta vez, con una venda sobre la cabeza. Nervioso y con la respiraci\u00f3n entrecortada, tan seguro como estaba de que all\u00ed no hab\u00eda m\u00e1s ser racional que \u00e9l, empez\u00f3 a ponerse nervioso y mirando hacia el reloj se pregunt\u00f3 en voz alta: \u00bfQu\u00e9 hora ser\u00e1?. A lo que respondi\u00f3 una voz ronca y grave desde el hueco de la escalera: \u00a1Las diez menos cuarto!&#8230;!Pues sepa usted -contest\u00f3 el casero- que a las diez en punto estoy en Montoro!.<\/em><\/p>\n\n\n\n<p><em>Y as\u00ed march\u00f3 de all\u00ed, presto y aterrado, aquel \u201cvaliente\u201d montore\u00f1o que nunca m\u00e1s volvi\u00f3 por Escalera ni por sus aleda\u00f1os\u201d<\/em>.<\/p>\n\n\n\n<p><\/p>\n\n\n<div class=\"wp-block-image\">\n<figure class=\"aligncenter\"><img decoding=\"async\" src=\"https:\/\/static.wixstatic.com\/media\/7e23fc_1643ab2b83c74a718725d17304f57632.jpg\/v1\/fill\/w_768,h_368,al_c,lg_1,q_80,enc_auto\/7e23fc_1643ab2b83c74a718725d17304f57632.jpg\" alt=\"\"\/><figcaption class=\"wp-element-caption\"><strong>La ciudad de Montoro a orillas del Guadalquivir. Foto: Tom\u00e1s Coronado\u00a0 \u00a0\u00a0<\/strong><\/figcaption><\/figure>\n<\/div>\n\n\n<p><\/p>\n\n\n\n<p><strong>Notas y Bibliograf\u00eda:<\/strong><\/p>\n\n\n\n<p>(1)Este front\u00f3n se encuentra adornado con el escudo armas de la familia Bernuy, marqueses de Benamej\u00ed. La iglesia-pante\u00f3n debi\u00f3 de edificarse entre los a\u00f1os 60 del siglo XIX.<\/p>\n\n\n\n<p>(2)Florido Trujillo, Gema: \u201cHabitat Rural y Gran Explotaci\u00f3n en la Depresi\u00f3n del Guadalquivir\u201d Edita: Consejer\u00eda de Obras P\u00fablicas y Transportes. Sevilla 1996.<\/p>\n\n\n\n<p>(3) Piedra base del molino de aceite<\/p>\n\n\n\n<p>(4) Cobertizo para el ganado<\/p>\n\n\n\n<p>(5)Majuelos Martos, Pedro: Art\u00edculo publicado en la p\u00e1gina web blog.centauromontoro.com.<\/p>\n\n\n\n<p>(6) Seg\u00fan Fernando Gonz\u00e1lez Doria en \u201cDiccionario Her\u00e1ldico y Nobiliario de los reinos de Espa\u00f1a\u201d, se concedi\u00f3 por primera vez este t\u00edtulo el 18 de diciembre de 1957 a Do\u00f1a Mariana del Castillo y Escalera. Desde 1936 don Teodoro Martel y Olivares Bernuy y Ballivi\u00e1n, ostenta el t\u00edtulo de VIII conde. El 5 de mayo de 1979, se expidi\u00f3 Real carta de sucesi\u00f3n a favor del marqu\u00e9s de Villaverde de Aguayo.<\/p>\n\n\n\n<p>(7) La casa de Villaverde la Alta, dispon\u00edan de casa solariega en Marmolejo, en la plaza de los Condes del mismo nombre. Precisamente la sexta condesa, Mar\u00eda Teresa Bernuy casada con Teodoro Martel, sufragaron en 1887 las obras de restauraci\u00f3n y adecentamiento de la iglesia de Jes\u00fas. Sin embargo su hijo, Federico Martel y Bernuy, s\u00e9ptimo conde, hubo de poner a la venta la casa del Conde que fue adquirida por Pedro Perales Semana \u201cPeriquito Semana\u201d. Perales Sol\u00eds, Manuel: \u201cLa villa de Marmolejo en el Reinado de Alfonso XIII\u201d. Marmolejo 2002. En relaci\u00f3n a los cr\u00edmenes de Escalera, estas narraciones, quiz\u00e1s no exentas de cierto halo de leyenda, las o\u00ed referir en la casa de mis abuelos maternos desde muy peque\u00f1ito.<\/p>\n\n\n\n<p>(8) Vieja leyenda narrada por el marmoleje\u00f1o Alfonso Merino G\u00f3mez (n.1921-m.2008), jornalero y mulero muchos a\u00f1os en las fincas de olivar serrano, cercanas al Yeguas, de Do\u00f1a Catalina Navarro Parra \u201cLa aviadora\u201d. Estos chascarrillos eran contados a los j\u00f3venes y ni\u00f1os por los jornaleros m\u00e1s mayores al calor de la lumbre de la caser\u00eda del Ca\u00f1uelo del pago de Cerrada de Marmolejo. &nbsp;<\/p>\n","protected":false},"excerpt":{"rendered":"<p>-Manuel Perales Sol\u00eds- Hacia 1989 un grupo de marmoleje\u00f1os publicaron un folleto conmemorativo sobre la celebraci\u00f3n de lo que se denomin\u00f3 como \u201cRomer\u00eda Cultural de Escalera y San Camilo de Lelis\u201d. &nbsp;Dicha iniciativa no era otra cosa que una incursi\u00f3n a pie por estos parajes del olivar serrano que ya se ven\u00eda realizando desde 1974. [&hellip;]<\/p>\n","protected":false},"author":1,"featured_media":0,"parent":0,"menu_order":0,"comment_status":"closed","ping_status":"closed","template":"","meta":{"footnotes":""},"class_list":["post-420","page","type-page","status-publish","hentry"],"yoast_head":"<!-- This site is optimized with the Yoast SEO plugin v25.2 - https:\/\/yoast.com\/wordpress\/plugins\/seo\/ -->\n<title>La Caser\u00eda de Escalera y sus leyendas - El lugar de Marmolejo<\/title>\n<meta name=\"robots\" content=\"index, follow, max-snippet:-1, max-image-preview:large, max-video-preview:-1\" \/>\n<link rel=\"canonical\" href=\"https:\/\/lugardemarmolejo.es\/?page_id=420\" \/>\n<meta property=\"og:locale\" content=\"es_ES\" \/>\n<meta property=\"og:type\" content=\"article\" \/>\n<meta property=\"og:title\" content=\"La Caser\u00eda de Escalera y sus leyendas - El lugar de Marmolejo\" \/>\n<meta property=\"og:description\" content=\"-Manuel Perales Sol\u00eds- Hacia 1989 un grupo de marmoleje\u00f1os publicaron un folleto conmemorativo sobre la celebraci\u00f3n de lo que se denomin\u00f3 como \u201cRomer\u00eda Cultural de Escalera y San Camilo de Lelis\u201d. &nbsp;Dicha iniciativa no era otra cosa que una incursi\u00f3n a pie por estos parajes del olivar serrano que ya se ven\u00eda realizando desde 1974. [&hellip;]\" \/>\n<meta property=\"og:url\" content=\"https:\/\/lugardemarmolejo.es\/?page_id=420\" \/>\n<meta property=\"og:site_name\" content=\"El lugar de Marmolejo\" \/>\n<meta property=\"article:modified_time\" content=\"2023-11-06T15:08:13+00:00\" \/>\n<meta property=\"og:image\" content=\"https:\/\/static.wixstatic.com\/media\/7e23fc_7c021035eb764b36b38c736dd9ebe4e9.jpg\/v1\/fill\/w_486,h_426,al_c,lg_1,q_80,enc_auto\/7e23fc_7c021035eb764b36b38c736dd9ebe4e9.jpg\" \/>\n<meta name=\"twitter:card\" content=\"summary_large_image\" \/>\n<meta name=\"twitter:label1\" content=\"Tiempo de lectura\" \/>\n\t<meta name=\"twitter:data1\" content=\"17 minutos\" \/>\n<script type=\"application\/ld+json\" class=\"yoast-schema-graph\">{\"@context\":\"https:\/\/schema.org\",\"@graph\":[{\"@type\":\"WebPage\",\"@id\":\"https:\/\/lugardemarmolejo.es\/?page_id=420\",\"url\":\"https:\/\/lugardemarmolejo.es\/?page_id=420\",\"name\":\"La Caser\u00eda de Escalera y sus leyendas - El lugar de Marmolejo\",\"isPartOf\":{\"@id\":\"https:\/\/lugardemarmolejo.es\/#website\"},\"primaryImageOfPage\":{\"@id\":\"https:\/\/lugardemarmolejo.es\/?page_id=420#primaryimage\"},\"image\":{\"@id\":\"https:\/\/lugardemarmolejo.es\/?page_id=420#primaryimage\"},\"thumbnailUrl\":\"https:\/\/static.wixstatic.com\/media\/7e23fc_7c021035eb764b36b38c736dd9ebe4e9.jpg\/v1\/fill\/w_486,h_426,al_c,lg_1,q_80,enc_auto\/7e23fc_7c021035eb764b36b38c736dd9ebe4e9.jpg\",\"datePublished\":\"2023-11-06T15:08:12+00:00\",\"dateModified\":\"2023-11-06T15:08:13+00:00\",\"breadcrumb\":{\"@id\":\"https:\/\/lugardemarmolejo.es\/?page_id=420#breadcrumb\"},\"inLanguage\":\"es\",\"potentialAction\":[{\"@type\":\"ReadAction\",\"target\":[\"https:\/\/lugardemarmolejo.es\/?page_id=420\"]}]},{\"@type\":\"ImageObject\",\"inLanguage\":\"es\",\"@id\":\"https:\/\/lugardemarmolejo.es\/?page_id=420#primaryimage\",\"url\":\"https:\/\/static.wixstatic.com\/media\/7e23fc_7c021035eb764b36b38c736dd9ebe4e9.jpg\/v1\/fill\/w_486,h_426,al_c,lg_1,q_80,enc_auto\/7e23fc_7c021035eb764b36b38c736dd9ebe4e9.jpg\",\"contentUrl\":\"https:\/\/static.wixstatic.com\/media\/7e23fc_7c021035eb764b36b38c736dd9ebe4e9.jpg\/v1\/fill\/w_486,h_426,al_c,lg_1,q_80,enc_auto\/7e23fc_7c021035eb764b36b38c736dd9ebe4e9.jpg\"},{\"@type\":\"BreadcrumbList\",\"@id\":\"https:\/\/lugardemarmolejo.es\/?page_id=420#breadcrumb\",\"itemListElement\":[{\"@type\":\"ListItem\",\"position\":1,\"name\":\"Portada\",\"item\":\"https:\/\/lugardemarmolejo.es\/\"},{\"@type\":\"ListItem\",\"position\":2,\"name\":\"La Caser\u00eda de Escalera y sus leyendas\"}]},{\"@type\":\"WebSite\",\"@id\":\"https:\/\/lugardemarmolejo.es\/#website\",\"url\":\"https:\/\/lugardemarmolejo.es\/\",\"name\":\"El lugar de Marmolejo\",\"description\":\"\",\"potentialAction\":[{\"@type\":\"SearchAction\",\"target\":{\"@type\":\"EntryPoint\",\"urlTemplate\":\"https:\/\/lugardemarmolejo.es\/?s={search_term_string}\"},\"query-input\":{\"@type\":\"PropertyValueSpecification\",\"valueRequired\":true,\"valueName\":\"search_term_string\"}}],\"inLanguage\":\"es\"}]}<\/script>\n<!-- \/ Yoast SEO plugin. -->","yoast_head_json":{"title":"La Caser\u00eda de Escalera y sus leyendas - El lugar de Marmolejo","robots":{"index":"index","follow":"follow","max-snippet":"max-snippet:-1","max-image-preview":"max-image-preview:large","max-video-preview":"max-video-preview:-1"},"canonical":"https:\/\/lugardemarmolejo.es\/?page_id=420","og_locale":"es_ES","og_type":"article","og_title":"La Caser\u00eda de Escalera y sus leyendas - El lugar de Marmolejo","og_description":"-Manuel Perales Sol\u00eds- Hacia 1989 un grupo de marmoleje\u00f1os publicaron un folleto conmemorativo sobre la celebraci\u00f3n de lo que se denomin\u00f3 como \u201cRomer\u00eda Cultural de Escalera y San Camilo de Lelis\u201d. &nbsp;Dicha iniciativa no era otra cosa que una incursi\u00f3n a pie por estos parajes del olivar serrano que ya se ven\u00eda realizando desde 1974. [&hellip;]","og_url":"https:\/\/lugardemarmolejo.es\/?page_id=420","og_site_name":"El lugar de Marmolejo","article_modified_time":"2023-11-06T15:08:13+00:00","og_image":[{"url":"https:\/\/static.wixstatic.com\/media\/7e23fc_7c021035eb764b36b38c736dd9ebe4e9.jpg\/v1\/fill\/w_486,h_426,al_c,lg_1,q_80,enc_auto\/7e23fc_7c021035eb764b36b38c736dd9ebe4e9.jpg","type":"","width":"","height":""}],"twitter_card":"summary_large_image","twitter_misc":{"Tiempo de lectura":"17 minutos"},"schema":{"@context":"https:\/\/schema.org","@graph":[{"@type":"WebPage","@id":"https:\/\/lugardemarmolejo.es\/?page_id=420","url":"https:\/\/lugardemarmolejo.es\/?page_id=420","name":"La Caser\u00eda de Escalera y sus leyendas - El lugar de Marmolejo","isPartOf":{"@id":"https:\/\/lugardemarmolejo.es\/#website"},"primaryImageOfPage":{"@id":"https:\/\/lugardemarmolejo.es\/?page_id=420#primaryimage"},"image":{"@id":"https:\/\/lugardemarmolejo.es\/?page_id=420#primaryimage"},"thumbnailUrl":"https:\/\/static.wixstatic.com\/media\/7e23fc_7c021035eb764b36b38c736dd9ebe4e9.jpg\/v1\/fill\/w_486,h_426,al_c,lg_1,q_80,enc_auto\/7e23fc_7c021035eb764b36b38c736dd9ebe4e9.jpg","datePublished":"2023-11-06T15:08:12+00:00","dateModified":"2023-11-06T15:08:13+00:00","breadcrumb":{"@id":"https:\/\/lugardemarmolejo.es\/?page_id=420#breadcrumb"},"inLanguage":"es","potentialAction":[{"@type":"ReadAction","target":["https:\/\/lugardemarmolejo.es\/?page_id=420"]}]},{"@type":"ImageObject","inLanguage":"es","@id":"https:\/\/lugardemarmolejo.es\/?page_id=420#primaryimage","url":"https:\/\/static.wixstatic.com\/media\/7e23fc_7c021035eb764b36b38c736dd9ebe4e9.jpg\/v1\/fill\/w_486,h_426,al_c,lg_1,q_80,enc_auto\/7e23fc_7c021035eb764b36b38c736dd9ebe4e9.jpg","contentUrl":"https:\/\/static.wixstatic.com\/media\/7e23fc_7c021035eb764b36b38c736dd9ebe4e9.jpg\/v1\/fill\/w_486,h_426,al_c,lg_1,q_80,enc_auto\/7e23fc_7c021035eb764b36b38c736dd9ebe4e9.jpg"},{"@type":"BreadcrumbList","@id":"https:\/\/lugardemarmolejo.es\/?page_id=420#breadcrumb","itemListElement":[{"@type":"ListItem","position":1,"name":"Portada","item":"https:\/\/lugardemarmolejo.es\/"},{"@type":"ListItem","position":2,"name":"La Caser\u00eda de Escalera y sus leyendas"}]},{"@type":"WebSite","@id":"https:\/\/lugardemarmolejo.es\/#website","url":"https:\/\/lugardemarmolejo.es\/","name":"El lugar de Marmolejo","description":"","potentialAction":[{"@type":"SearchAction","target":{"@type":"EntryPoint","urlTemplate":"https:\/\/lugardemarmolejo.es\/?s={search_term_string}"},"query-input":{"@type":"PropertyValueSpecification","valueRequired":true,"valueName":"search_term_string"}}],"inLanguage":"es"}]}},"_links":{"self":[{"href":"https:\/\/lugardemarmolejo.es\/index.php?rest_route=\/wp\/v2\/pages\/420","targetHints":{"allow":["GET"]}}],"collection":[{"href":"https:\/\/lugardemarmolejo.es\/index.php?rest_route=\/wp\/v2\/pages"}],"about":[{"href":"https:\/\/lugardemarmolejo.es\/index.php?rest_route=\/wp\/v2\/types\/page"}],"author":[{"embeddable":true,"href":"https:\/\/lugardemarmolejo.es\/index.php?rest_route=\/wp\/v2\/users\/1"}],"replies":[{"embeddable":true,"href":"https:\/\/lugardemarmolejo.es\/index.php?rest_route=%2Fwp%2Fv2%2Fcomments&post=420"}],"version-history":[{"count":1,"href":"https:\/\/lugardemarmolejo.es\/index.php?rest_route=\/wp\/v2\/pages\/420\/revisions"}],"predecessor-version":[{"id":421,"href":"https:\/\/lugardemarmolejo.es\/index.php?rest_route=\/wp\/v2\/pages\/420\/revisions\/421"}],"wp:attachment":[{"href":"https:\/\/lugardemarmolejo.es\/index.php?rest_route=%2Fwp%2Fv2%2Fmedia&parent=420"}],"curies":[{"name":"wp","href":"https:\/\/api.w.org\/{rel}","templated":true}]}}