{"id":379,"date":"2023-10-16T14:20:33","date_gmt":"2023-10-16T14:20:33","guid":{"rendered":"https:\/\/lugardemarmolejo.es\/?page_id=379"},"modified":"2023-10-16T14:20:33","modified_gmt":"2023-10-16T14:20:33","slug":"rincones-de-nuestro-termino-la-casilla-de-goyete-y-la-familia-alferez-alcala","status":"publish","type":"page","link":"https:\/\/lugardemarmolejo.es\/?page_id=379","title":{"rendered":"Rincones de nuestro t\u00e9rmino: la Casilla de Goyete y la Familia Alf\u00e9rez-Alcal\u00e1"},"content":{"rendered":"\n<p><\/p>\n\n\n\n<p><strong>\u00a0Apuntes de Jos\u00e9 Alf\u00e9rez Alcal\u00e1 (q.e.p.d.).<\/strong><\/p>\n\n\n\n<p>\u200b<\/p>\n\n\n\n<p>\ufeffPara llegar a este bello rinc\u00f3n del pago de Cerrada podemos hacerlo a pie a trav\u00e9s del antiguo camino de carne que un\u00eda Marmolejo con Montoro tomando&nbsp; la ribera derecha del Guadalquivir a la altura de&nbsp;\u201cLos Ventorrillos\u201d&nbsp;(conocidos antiguamente por \u201cHuertos del Lobo\u201d). El camino nos llevar\u00e1 por la&nbsp;\u201cHuerta del R\u00edo\u201d&nbsp;y al llegar a la desembocadura del arroyo de La Marquesa&nbsp; haremos el ascenso por el antiguo&nbsp;\u201cVered\u00f3n del Recoche\u201d&nbsp;que, flanqueado de romeros, lentiscos, madreselvas, cornicabras y aladiernos, atraviesa el gran meandro de la&nbsp;\u201cDehesa Cerrada\u201d&nbsp;y nos conduce de nuevo&nbsp; hasta la ribera del r\u00edo a la altura de la&nbsp;Huerta del Carmen&nbsp;y la casilla objeto de nuestro inter\u00e9s. Llegado a este lugar, anta\u00f1o descansadero y abrevadero para los ganados que transitaban este viejo cordel, el camino contin\u00faa r\u00edo abajo&nbsp; buscando el vado del Yeguas&nbsp; a la altura de la&nbsp;\u201cBoca del R\u00edo\u201d, donde ya penetra en tierras montore\u00f1as.<\/p>\n\n\n<div class=\"wp-block-image\">\n<figure class=\"aligncenter is-resized\"><img decoding=\"async\" src=\"https:\/\/static.wixstatic.com\/media\/7e23fc_e94d91f63954fb24a4c8a9b78b583f29.jpg\/v1\/fill\/w_956,h_371,al_c,q_80,usm_0.66_1.00_0.01,enc_auto\/7e23fc_e94d91f63954fb24a4c8a9b78b583f29.jpg\" alt=\"\" style=\"aspect-ratio:2.5768194070080863;width:832px;height:auto\"\/><figcaption class=\"wp-element-caption\"><strong>Ribera del Guadalquivir, en la zona cercana al Recoche, con las casillas de la familia Alf\u00e9rez-Alcal\u00e1, al fondo,\u00a0 y\u00a0 la casilla construida por la familia de Goyete.<\/strong><\/figcaption><\/figure>\n<\/div>\n\n\n<p><\/p>\n\n\n\n<p>La casilla es de una sola planta y presenta un contrafuerte muy singular para el reforzamiento del muro de fachada.&nbsp; Su primer due\u00f1o conocido fue un anciano al que llamaban \u201cGoyete\u201d; era ciego y viv\u00eda all\u00ed con su mujer y una hija que cas\u00f3 con un porquero que trabajaba al cuido de las piaras de cochinos en la cercana finca de Los M\u00e1rtires.<br>&nbsp;&nbsp; Este hombre la vendi\u00f3 a una familia de Marmolejo que hacia 1948 se ver\u00edan obligados a venderla para saldar una deuda. Fue entonces cuando la adquiri\u00f3 el loperano Jos\u00e9 Alf\u00e9rez Barbosa y su mujer Catalina Alcal\u00e1 Alcal\u00e1 mediante el procedimiento de subasta para la que concurrieron a la vecina ciudad de And\u00fajar.<br>&nbsp;&nbsp; El matrimonio Alf\u00e9rez-Alcal\u00e1 llevaba consigo siete hijos: Jos\u00e9, Benita, Manolo, Antonio, Juan, Benito y Catalina. Toda la familia al completo march\u00f3 a vivir a la casilla desde Lopera el mismo a\u00f1o de la compra.<br>&nbsp;&nbsp; Jos\u00e9 Alf\u00e9rez era muy conocido en Lopera por su compromiso pol\u00edtico y social con el Partido Socialista y la UGT.&nbsp; Pertenec\u00eda a la Sociedad Obrera de Oficios varios \u201cLa Defensa del Obrero\u201d&nbsp; y all\u00ed acud\u00eda cada noche para hablar con los compa\u00f1eros y leer los peri\u00f3dicos y folletos informativos.&nbsp;<\/p>\n\n\n<div class=\"wp-block-image\">\n<figure class=\"alignleft is-resized\"><img decoding=\"async\" src=\"https:\/\/static.wixstatic.com\/media\/7e23fc_3561d18c9fe8d88d4e9d43ccb15cd9bb.jpg\/v1\/fill\/w_606,h_356,al_c,lg_1,q_80,enc_auto\/7e23fc_3561d18c9fe8d88d4e9d43ccb15cd9bb.jpg\" alt=\"\" style=\"aspect-ratio:1.702247191011236;width:514px;height:auto\"\/><figcaption class=\"wp-element-caption\"><strong>Jos\u00e9 Alf\u00e9rez Barbosa y Catalina Alcal\u00e1 Alcal\u00e1. Foto cedida por su hijo Jos\u00e9 Alf\u00e9rez Alcal\u00e1 (q.e.p.d.).<\/strong><\/figcaption><\/figure>\n<\/div>\n\n\n<p><\/p>\n\n\n\n<p>&nbsp;Dispon\u00eda de un aceptable patrimonio heredado de una t\u00eda suya&nbsp; que le permitir\u00eda vivir con cierto desahogo. Pero todo cambi\u00f3 a partir de la guerra, ya que ser\u00eda hecho preso por las tropas de Franco pasando 6 a\u00f1os en la c\u00e1rcel de Ja\u00e9n. Su mujer hubo entonces de hacerse cargo de las tierras: 2000 olivos y 9 fanegas de tierra calma. A pesar de ese aceptable patrimonio, los tiempos eran dif\u00edciles y a su salida de la c\u00e1rcel,&nbsp; los problemas econ\u00f3micos y siete hijos a su cargo, le llevaron a malvender lo que ten\u00eda y adquirir, a cambio, esta peque\u00f1a finca en el t\u00e9rmino municipal de Marmolejo junto al Guadalquivir.<\/p>\n\n\n\n<p><\/p>\n\n\n\n<p>&nbsp;Cuando llegaron a\u00fan viv\u00eda all\u00ed&nbsp; la hija del antiguo due\u00f1o que se fue a vivir a una choza construida cerca del viejo camino del Recoche. Esta segunda casilla a\u00fan perdura ya bastante reformada.<\/p>\n\n\n<div class=\"wp-block-image\">\n<figure class=\"alignright is-resized\"><img decoding=\"async\" src=\"https:\/\/static.wixstatic.com\/media\/7e23fc_3976b2e3982d7dd3ec0ed3eb66d67cdd.jpg\/v1\/fill\/w_396,h_396,al_c,lg_1,q_80,enc_auto\/7e23fc_3976b2e3982d7dd3ec0ed3eb66d67cdd.jpg\" alt=\"\" style=\"aspect-ratio:1;width:283px;height:auto\"\/><figcaption class=\"wp-element-caption\"><strong>Jos\u00e9 Alf\u00e9rez Alcal\u00e1<\/strong><\/figcaption><\/figure>\n<\/div>\n\n\n<p>&nbsp;&nbsp; Como las cosechas de la finca (unos setecientos olivos en la ribera del Guadalquivir, la mitad en abrupta ladera) no daban para tanto, Jos\u00e9 se vio obligado a trabajar de calero para Catalina Navarro Parra \u201cla Aviadora\u201d en la calera que ten\u00eda en la finca de La Marquesa. Tambi\u00e9n dispuso de un peque\u00f1o huerto familiar pues en aquellos a\u00f1os afloraban manantialillos de la ladera trasera a la casa con los que pudieron sacar la huerta de verano y de invierno.&nbsp;<\/p>\n\n\n\n<p><br>&nbsp;&nbsp; Hacia el final de la d\u00e9cada de los sesenta Jos\u00e9 enferm\u00f3 s\u00fabitamente. Un d\u00eda ya muy grave tuvieron que llevarlo hasta el coche del taxista marmoleje\u00f1o, Alcal\u00e1, que fue a recogerlo a la finca de Los M\u00e1rtires. Desde la casilla hasta el cortijo de Los M\u00e1rtires tuvieron que portarlo sobre&nbsp; una escalera de madera haciendo las veces de camilla. Se lo llevaron a su pueblo natal, a su antigua casa, y all\u00ed muri\u00f3&nbsp; en las horas siguientes.<br>&nbsp;&nbsp; Tras la muerte, la viuda decide venirse a Marmolejo a una casa que hab\u00edan comprado en la calle Zapateros. Catalina muri\u00f3 hacia 1976. Sus restos y los de su esposo yacen en el cementerio de Lopera.<\/p>\n\n\n\n<p>\ufeff<\/p>\n\n\n\n<p>\ufeffEl hijo mayor de ellos, Jos\u00e9 Alf\u00e9rez Alcal\u00e1,&nbsp; quien me facilit\u00f3 estos breves apuntes sobre su familia, nos dej\u00f3 hace un tiempo tras una larga enfermedad pero siempre conservar\u00e9 de \u00e9l un recuerdo grato de persona sencilla y honesta.<\/p>\n\n\n<div class=\"wp-block-image\">\n<figure class=\"aligncenter is-resized\"><img decoding=\"async\" src=\"https:\/\/static.wixstatic.com\/media\/7e23fc_788bc5905dc204cdf1014fe19878ee32.jpg\/v1\/fill\/w_956,h_366,al_c,q_80,usm_0.66_1.00_0.01,enc_auto\/7e23fc_788bc5905dc204cdf1014fe19878ee32.jpg\" alt=\"\" style=\"aspect-ratio:2.612021857923497;width:810px;height:auto\"\/><figcaption class=\"wp-element-caption\"><strong>El antiguo vered\u00f3n del Recoche, sirvi\u00f3\u00a0 para el tr\u00e1nsito de los ganados y paso de jornaleros y muleros en busca de sus tajos en el pago de Cerrada. Tambi\u00e9n fue v\u00eda de comunicaci\u00f3n entre Marmolejo y Villa del R\u00edo, por la Aragonesa, y con Montoro, a trav\u00e9s de la ribera del Guadalquivir.<\/strong><\/figcaption><\/figure>\n<\/div>\n\n\n<p><\/p>\n","protected":false},"excerpt":{"rendered":"<p>\u00a0Apuntes de Jos\u00e9 Alf\u00e9rez Alcal\u00e1 (q.e.p.d.). \u200b \ufeffPara llegar a este bello rinc\u00f3n del pago de Cerrada podemos hacerlo a pie a trav\u00e9s del antiguo camino de carne que un\u00eda Marmolejo con Montoro tomando&nbsp; la ribera derecha del Guadalquivir a la altura de&nbsp;\u201cLos Ventorrillos\u201d&nbsp;(conocidos antiguamente por \u201cHuertos del Lobo\u201d). El camino nos llevar\u00e1 por la&nbsp;\u201cHuerta [&hellip;]<\/p>\n","protected":false},"author":1,"featured_media":0,"parent":0,"menu_order":0,"comment_status":"closed","ping_status":"closed","template":"","meta":{"footnotes":""},"class_list":["post-379","page","type-page","status-publish","hentry"],"yoast_head":"<!-- This site is optimized with the Yoast SEO plugin v25.2 - https:\/\/yoast.com\/wordpress\/plugins\/seo\/ -->\n<title>Rincones de nuestro t\u00e9rmino: la Casilla de Goyete y la Familia Alf\u00e9rez-Alcal\u00e1 - El lugar de Marmolejo<\/title>\n<meta name=\"robots\" content=\"index, follow, max-snippet:-1, max-image-preview:large, max-video-preview:-1\" \/>\n<link rel=\"canonical\" href=\"https:\/\/lugardemarmolejo.es\/?page_id=379\" \/>\n<meta property=\"og:locale\" content=\"es_ES\" \/>\n<meta property=\"og:type\" content=\"article\" \/>\n<meta property=\"og:title\" content=\"Rincones de nuestro t\u00e9rmino: la Casilla de Goyete y la Familia Alf\u00e9rez-Alcal\u00e1 - El lugar de Marmolejo\" \/>\n<meta property=\"og:description\" content=\"\u00a0Apuntes de Jos\u00e9 Alf\u00e9rez Alcal\u00e1 (q.e.p.d.). \u200b \ufeffPara llegar a este bello rinc\u00f3n del pago de Cerrada podemos hacerlo a pie a trav\u00e9s del antiguo camino de carne que un\u00eda Marmolejo con Montoro tomando&nbsp; la ribera derecha del Guadalquivir a la altura de&nbsp;\u201cLos Ventorrillos\u201d&nbsp;(conocidos antiguamente por \u201cHuertos del Lobo\u201d). El camino nos llevar\u00e1 por la&nbsp;\u201cHuerta [&hellip;]\" \/>\n<meta property=\"og:url\" content=\"https:\/\/lugardemarmolejo.es\/?page_id=379\" \/>\n<meta property=\"og:site_name\" content=\"El lugar de Marmolejo\" \/>\n<meta property=\"og:image\" content=\"https:\/\/static.wixstatic.com\/media\/7e23fc_e94d91f63954fb24a4c8a9b78b583f29.jpg\/v1\/fill\/w_956,h_371,al_c,q_80,usm_0.66_1.00_0.01,enc_auto\/7e23fc_e94d91f63954fb24a4c8a9b78b583f29.jpg\" \/>\n<meta name=\"twitter:card\" content=\"summary_large_image\" \/>\n<meta name=\"twitter:label1\" content=\"Tiempo de lectura\" \/>\n\t<meta name=\"twitter:data1\" content=\"5 minutos\" \/>\n<script type=\"application\/ld+json\" class=\"yoast-schema-graph\">{\"@context\":\"https:\/\/schema.org\",\"@graph\":[{\"@type\":\"WebPage\",\"@id\":\"https:\/\/lugardemarmolejo.es\/?page_id=379\",\"url\":\"https:\/\/lugardemarmolejo.es\/?page_id=379\",\"name\":\"Rincones de nuestro t\u00e9rmino: la Casilla de Goyete y la Familia Alf\u00e9rez-Alcal\u00e1 - El lugar de Marmolejo\",\"isPartOf\":{\"@id\":\"https:\/\/lugardemarmolejo.es\/#website\"},\"primaryImageOfPage\":{\"@id\":\"https:\/\/lugardemarmolejo.es\/?page_id=379#primaryimage\"},\"image\":{\"@id\":\"https:\/\/lugardemarmolejo.es\/?page_id=379#primaryimage\"},\"thumbnailUrl\":\"https:\/\/static.wixstatic.com\/media\/7e23fc_e94d91f63954fb24a4c8a9b78b583f29.jpg\/v1\/fill\/w_956,h_371,al_c,q_80,usm_0.66_1.00_0.01,enc_auto\/7e23fc_e94d91f63954fb24a4c8a9b78b583f29.jpg\",\"datePublished\":\"2023-10-16T14:20:33+00:00\",\"breadcrumb\":{\"@id\":\"https:\/\/lugardemarmolejo.es\/?page_id=379#breadcrumb\"},\"inLanguage\":\"es\",\"potentialAction\":[{\"@type\":\"ReadAction\",\"target\":[\"https:\/\/lugardemarmolejo.es\/?page_id=379\"]}]},{\"@type\":\"ImageObject\",\"inLanguage\":\"es\",\"@id\":\"https:\/\/lugardemarmolejo.es\/?page_id=379#primaryimage\",\"url\":\"https:\/\/static.wixstatic.com\/media\/7e23fc_e94d91f63954fb24a4c8a9b78b583f29.jpg\/v1\/fill\/w_956,h_371,al_c,q_80,usm_0.66_1.00_0.01,enc_auto\/7e23fc_e94d91f63954fb24a4c8a9b78b583f29.jpg\",\"contentUrl\":\"https:\/\/static.wixstatic.com\/media\/7e23fc_e94d91f63954fb24a4c8a9b78b583f29.jpg\/v1\/fill\/w_956,h_371,al_c,q_80,usm_0.66_1.00_0.01,enc_auto\/7e23fc_e94d91f63954fb24a4c8a9b78b583f29.jpg\"},{\"@type\":\"BreadcrumbList\",\"@id\":\"https:\/\/lugardemarmolejo.es\/?page_id=379#breadcrumb\",\"itemListElement\":[{\"@type\":\"ListItem\",\"position\":1,\"name\":\"Portada\",\"item\":\"https:\/\/lugardemarmolejo.es\/\"},{\"@type\":\"ListItem\",\"position\":2,\"name\":\"Rincones de nuestro t\u00e9rmino: la Casilla de Goyete y la Familia Alf\u00e9rez-Alcal\u00e1\"}]},{\"@type\":\"WebSite\",\"@id\":\"https:\/\/lugardemarmolejo.es\/#website\",\"url\":\"https:\/\/lugardemarmolejo.es\/\",\"name\":\"El lugar de Marmolejo\",\"description\":\"\",\"potentialAction\":[{\"@type\":\"SearchAction\",\"target\":{\"@type\":\"EntryPoint\",\"urlTemplate\":\"https:\/\/lugardemarmolejo.es\/?s={search_term_string}\"},\"query-input\":{\"@type\":\"PropertyValueSpecification\",\"valueRequired\":true,\"valueName\":\"search_term_string\"}}],\"inLanguage\":\"es\"}]}<\/script>\n<!-- \/ Yoast SEO plugin. -->","yoast_head_json":{"title":"Rincones de nuestro t\u00e9rmino: la Casilla de Goyete y la Familia Alf\u00e9rez-Alcal\u00e1 - El lugar de Marmolejo","robots":{"index":"index","follow":"follow","max-snippet":"max-snippet:-1","max-image-preview":"max-image-preview:large","max-video-preview":"max-video-preview:-1"},"canonical":"https:\/\/lugardemarmolejo.es\/?page_id=379","og_locale":"es_ES","og_type":"article","og_title":"Rincones de nuestro t\u00e9rmino: la Casilla de Goyete y la Familia Alf\u00e9rez-Alcal\u00e1 - El lugar de Marmolejo","og_description":"\u00a0Apuntes de Jos\u00e9 Alf\u00e9rez Alcal\u00e1 (q.e.p.d.). \u200b \ufeffPara llegar a este bello rinc\u00f3n del pago de Cerrada podemos hacerlo a pie a trav\u00e9s del antiguo camino de carne que un\u00eda Marmolejo con Montoro tomando&nbsp; la ribera derecha del Guadalquivir a la altura de&nbsp;\u201cLos Ventorrillos\u201d&nbsp;(conocidos antiguamente por \u201cHuertos del Lobo\u201d). El camino nos llevar\u00e1 por la&nbsp;\u201cHuerta [&hellip;]","og_url":"https:\/\/lugardemarmolejo.es\/?page_id=379","og_site_name":"El lugar de Marmolejo","og_image":[{"url":"https:\/\/static.wixstatic.com\/media\/7e23fc_e94d91f63954fb24a4c8a9b78b583f29.jpg\/v1\/fill\/w_956,h_371,al_c,q_80,usm_0.66_1.00_0.01,enc_auto\/7e23fc_e94d91f63954fb24a4c8a9b78b583f29.jpg","type":"","width":"","height":""}],"twitter_card":"summary_large_image","twitter_misc":{"Tiempo de lectura":"5 minutos"},"schema":{"@context":"https:\/\/schema.org","@graph":[{"@type":"WebPage","@id":"https:\/\/lugardemarmolejo.es\/?page_id=379","url":"https:\/\/lugardemarmolejo.es\/?page_id=379","name":"Rincones de nuestro t\u00e9rmino: la Casilla de Goyete y la Familia Alf\u00e9rez-Alcal\u00e1 - El lugar de Marmolejo","isPartOf":{"@id":"https:\/\/lugardemarmolejo.es\/#website"},"primaryImageOfPage":{"@id":"https:\/\/lugardemarmolejo.es\/?page_id=379#primaryimage"},"image":{"@id":"https:\/\/lugardemarmolejo.es\/?page_id=379#primaryimage"},"thumbnailUrl":"https:\/\/static.wixstatic.com\/media\/7e23fc_e94d91f63954fb24a4c8a9b78b583f29.jpg\/v1\/fill\/w_956,h_371,al_c,q_80,usm_0.66_1.00_0.01,enc_auto\/7e23fc_e94d91f63954fb24a4c8a9b78b583f29.jpg","datePublished":"2023-10-16T14:20:33+00:00","breadcrumb":{"@id":"https:\/\/lugardemarmolejo.es\/?page_id=379#breadcrumb"},"inLanguage":"es","potentialAction":[{"@type":"ReadAction","target":["https:\/\/lugardemarmolejo.es\/?page_id=379"]}]},{"@type":"ImageObject","inLanguage":"es","@id":"https:\/\/lugardemarmolejo.es\/?page_id=379#primaryimage","url":"https:\/\/static.wixstatic.com\/media\/7e23fc_e94d91f63954fb24a4c8a9b78b583f29.jpg\/v1\/fill\/w_956,h_371,al_c,q_80,usm_0.66_1.00_0.01,enc_auto\/7e23fc_e94d91f63954fb24a4c8a9b78b583f29.jpg","contentUrl":"https:\/\/static.wixstatic.com\/media\/7e23fc_e94d91f63954fb24a4c8a9b78b583f29.jpg\/v1\/fill\/w_956,h_371,al_c,q_80,usm_0.66_1.00_0.01,enc_auto\/7e23fc_e94d91f63954fb24a4c8a9b78b583f29.jpg"},{"@type":"BreadcrumbList","@id":"https:\/\/lugardemarmolejo.es\/?page_id=379#breadcrumb","itemListElement":[{"@type":"ListItem","position":1,"name":"Portada","item":"https:\/\/lugardemarmolejo.es\/"},{"@type":"ListItem","position":2,"name":"Rincones de nuestro t\u00e9rmino: la Casilla de Goyete y la Familia Alf\u00e9rez-Alcal\u00e1"}]},{"@type":"WebSite","@id":"https:\/\/lugardemarmolejo.es\/#website","url":"https:\/\/lugardemarmolejo.es\/","name":"El lugar de Marmolejo","description":"","potentialAction":[{"@type":"SearchAction","target":{"@type":"EntryPoint","urlTemplate":"https:\/\/lugardemarmolejo.es\/?s={search_term_string}"},"query-input":{"@type":"PropertyValueSpecification","valueRequired":true,"valueName":"search_term_string"}}],"inLanguage":"es"}]}},"_links":{"self":[{"href":"https:\/\/lugardemarmolejo.es\/index.php?rest_route=\/wp\/v2\/pages\/379","targetHints":{"allow":["GET"]}}],"collection":[{"href":"https:\/\/lugardemarmolejo.es\/index.php?rest_route=\/wp\/v2\/pages"}],"about":[{"href":"https:\/\/lugardemarmolejo.es\/index.php?rest_route=\/wp\/v2\/types\/page"}],"author":[{"embeddable":true,"href":"https:\/\/lugardemarmolejo.es\/index.php?rest_route=\/wp\/v2\/users\/1"}],"replies":[{"embeddable":true,"href":"https:\/\/lugardemarmolejo.es\/index.php?rest_route=%2Fwp%2Fv2%2Fcomments&post=379"}],"version-history":[{"count":1,"href":"https:\/\/lugardemarmolejo.es\/index.php?rest_route=\/wp\/v2\/pages\/379\/revisions"}],"predecessor-version":[{"id":380,"href":"https:\/\/lugardemarmolejo.es\/index.php?rest_route=\/wp\/v2\/pages\/379\/revisions\/380"}],"wp:attachment":[{"href":"https:\/\/lugardemarmolejo.es\/index.php?rest_route=%2Fwp%2Fv2%2Fmedia&parent=379"}],"curies":[{"name":"wp","href":"https:\/\/api.w.org\/{rel}","templated":true}]}}