{"id":351,"date":"2023-09-27T13:46:02","date_gmt":"2023-09-27T13:46:02","guid":{"rendered":"https:\/\/lugardemarmolejo.es\/?page_id=351"},"modified":"2023-09-27T13:46:02","modified_gmt":"2023-09-27T13:46:02","slug":"la-maestra-dona-adela1898-1980","status":"publish","type":"page","link":"https:\/\/lugardemarmolejo.es\/?page_id=351","title":{"rendered":"La maestra \u00abDo\u00f1a Adela\u00bb(1898-1980)"},"content":{"rendered":"\n<h1 class=\"wp-block-heading\"><\/h1>\n\n\n\n<h5 class=\"wp-block-heading\"><strong>-Manuel Perales Sol\u00eds-<\/strong><\/h5>\n\n\n\n<p>Antes de referirme a esta maestra que pas\u00f3 por Marmolejo en unos momentos de enorme trascendencia hist\u00f3rica para nuestro pa\u00eds, me voy a permitir plasmar el breve pero certero an\u00e1lisis que el profesor &nbsp;Manuel Tirado Guevara &nbsp;dedic\u00f3 a los maestros y maestras comprometidos con el proyecto educativo de la 2\u00aa Rep\u00fablica y que, sin duda alguna, me parece adecuado pre\u00e1mbulo, al recuerdo de esta mujer &nbsp;que ense\u00f1\u00f3 conocimientos y valores democr\u00e1ticos a la generaci\u00f3n de marmoleje\u00f1as que nos precedieron. Dice as\u00ed:<br>&nbsp;&nbsp;<em>\u201cEn la primavera, el \u00e1nade salvaje vuelve a su tierra para las nupcias. Nada ni nadie lo podr\u00e1 detener. Si le cortan las alas, ir\u00e1 a nado. Si le cortan las patas, se impulsar\u00e1 con el pico, como un remo en &nbsp;la corriente. Ese viaje es su raz\u00f3n de ser. En el oto\u00f1o de mi vida, yo deber\u00eda ser un esc\u00e9ptico. Y en cierto modo lo soy. El lobo nunca dormir\u00e1 en la misma cama con el cordero. Pero de algo estoy seguro: si conseguimos que una generaci\u00f3n, una sola generaci\u00f3n crezca libre en Espa\u00f1a ya nadie les podr\u00e1 arrancar nunca la libertad. Nadie les podr\u00e1 robar ese Tesoro\u201d.&nbsp;<br>Este peque\u00f1o y a la vez clarividente p\u00e1rrafo est\u00e1 sacado de la genial pel\u00edcula \u201cLa lengua de las mariposas\u201d de Jos\u00e9 Luis Cuerda, donde el maestro, esboza frente a los padres y el alumnado una idea de la educaci\u00f3n que impregna la filosof\u00eda educativa de la Segunda Rep\u00fablica espa\u00f1ola y que no es otra que la educaci\u00f3n hace a los hombres y mujeres seres libres dif\u00edciles de manejar por el poder establecido. Por esta raz\u00f3n la educaci\u00f3n fue uno de los pilares fundamentales de la pol\u00edtica de la Rep\u00fablica, sustentado, sin ning\u00fan g\u00e9nero de dudas, por los que se dieron en llamar \u201clas luces de la Rep\u00fablica\u201d, los maestros y maestras que en &nbsp;la mayor\u00eda de los casos defendieron este ideal en peque\u00f1os &nbsp;pueblos donde la educaci\u00f3n estaba abandonada en manos de la Iglesia Cat\u00f3lica, creyendo que educar en valores y en libertad, sin trabas religiosas, iba a servir de motor de cambio social sin parang\u00f3n en la historia de nuestro pa\u00eds.\u201d&nbsp;<\/em><\/p>\n\n\n\n<p><em>&nbsp; &nbsp;Pero esa labor, casi siempre callada, no fue f\u00e1cil y para muchos docentes, tuvo un elevado coste personal, pues la mayor\u00eda de las veces (continua la cita) \u201ctuvieron que luchar contra los caciques de turno, que aunque \u201cacallados moment\u00e1neamente\u201d por la legalidad vigente, nunca dejaron de poner trabas a todo lo que oliera a un peque\u00f1o soplo de libertad de las clases humildes. Y por supuesto, las trabas tambi\u00e9n que impon\u00eda la Iglesia Cat\u00f3lica, que si bien perdi\u00f3 much\u00edsima influencia en lo que a educaci\u00f3n se refiere durante este periodo, nunca se resign\u00f3 a no ser la encargada de la educaci\u00f3n en nuestro pa\u00eds y uso toda su influencia y todo su \u201cpoder\u201d sobre el pueblo llano para tratar de poner trabas a esta renovaci\u00f3n pedag\u00f3gica que hab\u00eda comenzado con la Instituci\u00f3n Libre de Ense\u00f1anza y que durante la Rep\u00fablica tuvo su mayor auge gracias a pol\u00edticos como Marcelino Domingo y Fernando de los R\u00edos, que ocuparon la cartera de Instrucci\u00f3n P\u00fablica, y a Rodolfo Llopis, director general de Primera Ense\u00f1anza (1).<\/em><\/p>\n\n\n\n<p>&nbsp;La maestra &nbsp;<strong>Adela Albend\u00edn Ortega<\/strong>, \u201cDo\u00f1a Adela\u201d, hab\u00eda nacido el 24 de julio de 1898 en Castro del R\u00edo (C\u00f3rdoba). Su padre era Sebasti\u00e1n Albend\u00edn Caballero, un guardia civil de ideas progresistas, de la cercana localidad de Do\u00f1a Menc\u00eda, destinado por esos a\u00f1os en Castro del R\u00edo. Su talante liberal supo transmitirlo a sus hijos as\u00ed como el aprecio hacia &nbsp;valores como la libertad y la justicia social. La madre, Matilde Ortega y de la Chica, era natural de Baena y a ese municipio cercano a Castro, parece que se retiraron a vivir tras la jubilaci\u00f3n de Sebasti\u00e1n, con una asignaci\u00f3n mensual de 28,13 pesetas por sus a\u00f1os de servicio, suplementada con una peque\u00f1a pensi\u00f3n vitalicia consecuencia de ostentar una Cruz al M\u00e9rito Militar (2). No obstante la familia tuvo que mantener vivienda en Castro pues en a\u00f1os posteriores su hija Adela aparece domiciliada all\u00ed, como as\u00ed lo declaraba en una de sus peticiones de interinidad para cubrir vacantes en &nbsp;agosto de 1924.<br>&nbsp; Sebasti\u00e1n y Matilde tuvieron cuatro hijos; Estrella, Eduardo, maestro de primaria, &nbsp;Herminia y Adela. Estrella se cas\u00f3 y tuvo dos hijos (3); el var\u00f3n fue destinado, tras diferentes destinos por la provincia de C\u00f3rdoba, &nbsp;al campo de N\u00edjar (Almer\u00eda), a la aldea de Pozo de los Frailes y all\u00ed &nbsp;ejercer\u00eda como docente al tiempo que colaboraba como corresponsal de la zona con el \u201cDiario de Almer\u00eda\u201d, labor por la que obtuvo el reconocimiento del peri\u00f3dico en m\u00e1s de una ocasi\u00f3n. &nbsp;Al finalizar la guerra fue depurado por sus simpat\u00edas republicanas, a pesar de los intentos solidarios de los &nbsp;vecinos del Pozo de los Frailes para evitarlo.<br>&nbsp; &nbsp;En mayo de 1914 su hermana Adela, solicitaba el ingreso en la Normal de Maestras de C\u00f3rdoba, obteniendo la titulaci\u00f3n de Maestra de Primaria en 1919. Los primeros a\u00f1os de su magisterio como interina transcurrieron por pueblos de la provincia de C\u00f3rdoba y, siempre, al lado de Herminia, soltera, que la acompa\u00f1\u00f3 a los diferentes destinos que tuvo. En mayo de 1924, aparec\u00eda residiendo en Espiel y solicitaba, en r\u00e9gimen interino, una vacante en Pueblonuevo. Sin embargo en agosto de ese mismo a\u00f1o la vemos solicitar una plaza de interina desde Castro del R\u00edo. \u00c9sta vez le asignaron una escuela en &nbsp;El Hoyo, cerca de B\u00e9lmez (C\u00f3rdoba), puesto al que renunciaba en noviembre para preparar sus oposiciones.<br>&nbsp;<\/p>\n\n\n<div class=\"wp-block-image\">\n<figure class=\"alignleft is-resized\"><img fetchpriority=\"high\" decoding=\"async\" src=\"https:\/\/static.wixstatic.com\/media\/7e23fc_2cb8d12fb0b142b080471196c43ed0ba~mv2.jpg\/v1\/fill\/w_600,h_307,al_c,q_80,usm_0.66_1.00_0.01,enc_auto\/Foto%20articulo%201.jpg\" alt=\"Foto articulo 1.jpg\" style=\"width:531px;height:271px\" width=\"531\" height=\"271\"\/><\/figure>\n<\/div>\n\n\n<p>Su primer destino como funcionaria, lo obten\u00eda en la peque\u00f1a aldea de Lousada, comarca de Abad\u00edn (Lugo), aunque no hay certeza de que llegase a posesionarse del mismo. En 1927 le asignaban &nbsp;la Escuela de Ni\u00f1as de la Haba, en la provincia de Badajoz. Sin embargo en diciembre de 1930 el \u201cSuplemento de La Escuela Espa\u00f1ola\u201d nos da cuenta de su traslado desde &nbsp;La Haba (Badajoz) hasta Marmolejo para ejercer su magisterio entre 1930 y agosto de 1934, pues a partir de octubre &nbsp;comenzar\u00eda el curso 1934\/1935 en Pe\u00f1arroya-Pueblonuevo con plaza en propiedad.&nbsp;<\/p>\n\n\n\n<p>&nbsp; &nbsp;En Marmolejo, por esos a\u00f1os, se viv\u00edan momentos de alta tensi\u00f3n pol\u00edtica y social desde la destituci\u00f3n gubernativa de la corporaci\u00f3n socialista y su sustituci\u00f3n por una de mayor\u00eda radical- republicana en marzo de 1933. La Huelga de Campesinos, del cinco de junio del treinta y cuatro, &nbsp;convocada por la UGT para exigir medidas que paliaran la situaci\u00f3n &nbsp;angustiosa de los jornaleros del campo, hab\u00eda llevado a varios dirigentes obreros y afiliados socialistas a la c\u00e1rcel de Ja\u00e9n. El clima social estaba, tambi\u00e9n, muy enrarecido en toda Espa\u00f1a desde &nbsp;que el gobierno lerrouxista de Madrid contemplara la posibilidad de meter en el Consejo de Ministros a la derecha m\u00e1s extrema representada por la CEDA, posibilidad que rechazaba frontalmente la izquierda que acabar\u00eda convocando la huelga general en todo el pa\u00eds.&nbsp;<\/p>\n\n\n\n<p><strong>Grupos escolares \u201cPablo Iglesias\u201d, inaugurados en la 2\u00aa Rep\u00fablica (1931). &nbsp; &nbsp;&nbsp;<\/strong><\/p>\n\n\n\n<p>El Gobierno &nbsp;reaccion\u00f3, &nbsp;tomando medidas represivas frente a las organizaciones obreras y prohibiendo, incluso, el reparto de peri\u00f3dicos obreros como el emblem\u00e1tico &nbsp;\u201cEl Socialista\u201d, muy leido por los jornaleros afiliados al Centro Instructivo Obrero marmoleje\u00f1o, y que el jefe de correos, Jos\u00e9 Torres Buena\u00f1o (4), se las ingeniaba para distribuir burlando la orden gubernativa, hecho que molest\u00f3 especialmente a la derecha local &nbsp;que lo denunciaba en el diario \u201cLa Voz\u201d de C\u00f3rdoba mediante el seud\u00f3nimo DICK, en su sat\u00edrica columna \u201cLa Postalilla\u201d: \u201cEse tal Torres Buena\u00f1o, Jefe de Correos de Marmolejo, no escarmienta. Su rostro de uralita no ha sufrido la menor alteraci\u00f3n, no obstante nuestras denuncias pasadas. Ese marxista -que se lava la cara con \u201cSidol\u201d- sigue haciendo gafuras; alguna tan grave como \u00e9sta que denunciamos, y que saborear\u00e1 el lector. Llega una orden de recogida de \u201cEl Socialista\u201d. Naturalmente las autoridades se dirigen a secuestrar los paquetes. Pero acontece que el coche-ambulancia de Correos recoge apresuradamente los paquetes. Y unos ciudadanos ajenos al cuerpo, que ocupan el coche-ambulancia, los arrojan por la ventanilla opuesta, hurt\u00e1ndolos as\u00ed a la pesquisa de las autoridades. Esto es intolerable. Se puede ser socialista, como lo es el Jefe de Correos aludido y cumplir con su deber de funcionario. Lo que no se puede hacer es burlar las \u00f3rdenes del Gobierno acerca de la recogida de peri\u00f3dicos, y mucho menos, introducir en el coche de Correos a personas absolutamente ajenas al servicio. Es preciso depurar esos hechos y que el se\u00f1or Torres Buena\u00f1o siga con su cara de cemento. Pero que no introduzca algarines en el coche ambulancia, bajo pretexto alguno. A lo mejor se pierde un pliego\u201d.<\/p>\n\n\n\n<p>&nbsp; Torres Bue\u00f1ano se vio obligado a pedir traslado al Pais Vasco tras la represi\u00f3n de los huelguistas del seis de octubre, hecho del que se hizo eco el diario \u201cLa Voz\u201d a trav\u00e9s de una nota de prensa, con tono sat\u00edrico, que remit\u00eda el alcalde lerrouxista Carlos S\u00e1nchez Sol\u00eds:&nbsp;<em>\u201cNuestra m\u00e1s entusiasta como cordial felicitaci\u00f3n al exoficial de Correos de esta Estafeta don Jos\u00e9 Torres Mala\u00f1o, por su ansiado traslado de este pueblo al de Mondrag\u00f3n, a donde tantos y fervientes deseos ten\u00eda de alejarse, dese\u00e1ndole en aquel hospitalario pueblo el mayor \u00e9xito en la carrera que con tan buenos auspicios comenz\u00f3 en el nuestro\u201d.<\/em><\/p>\n\n\n\n<p>&nbsp; Tampoco &nbsp;escap\u00f3 del juicio de \u201cLa Postalilla\u201d, en un ambiente, ciertamente, enrarecido, propicio para la cr\u00edtica m\u00e1s corrosiva, &nbsp;Francisco de Urquia y Garc\u00eda-Junco, secretario del Ayuntamiento desde 1930, ahora cuestionado por la derecha local por su complicidad con los socialistas:&nbsp;<em>\u201cDesde luego, que se equivoc\u00f3 el general Saro al enchufar a don Francisco de Urqu\u00eda en el cargo de secretario municipal de Marmolejo. Porque Urqu\u00eda era m\u00e1s mon\u00e1rquico que Topete. Pero, amigo m\u00edo, llegaron los socialistas, y aqu\u00ed tienen ustedes a Don Paco predicando el reparto y la atomizaci\u00f3n de la propiedad. Y el caso es que el mocito predica con el ejemplo. Adem\u00e1s de Secretario, por lo que recibe su buena soldada, desempe\u00f1\u00f3 tambi\u00e9n el cargo de Interventor alg\u00fan tiempo, remunerado con dos mil leandras. Desapareci\u00f3 el cargo segundo; pero no desaparecieron los dos mil del ala, que sigue cobrando con una aplicaci\u00f3n edificante. El Gobernador de Ja\u00e9n no debe conocer seguramente este caso, que presta a la cara del tal, dureza de pedernal. Claro, as\u00ed hay playas, viajes y diversiones. El a\u00f1o pasado lo vimos retratado en \u201cMundo Gr\u00e1fico\u201d en un concurso de nataci\u00f3n en Santander. El se\u00f1or Urqu\u00eda nada maravillosamente entre dos aguas. M\u00e1s tarde recorri\u00f3 Sierra Morena, extasi\u00e1ndose en las inmortales cuevas que albergaron a los bandidos generosos. Pero esto tiene sus quiebras. Seg\u00fan nuestras noticias, anda por ah\u00ed una partida de 12.000 pesetas, cuyo registro de ingreso no aparece en libro alguno. El Juzgado entiende en el asunto. Pero don Paco, se queda tan tranquilo, y cada vez que le echan &nbsp;en cara su cara-dura, exclama: -Para eso soy pariente de los ex-ministros Barn\u00e9s. A mi plin. Veremos si ese parentesco con los \u201chermanos Bienvenida\u201d de la pol\u00edtica, le sirve en el Juzgado. Sospechamos que no\u201d(5).<\/em><br>&nbsp;<\/p>\n\n\n\n<p>&nbsp; &nbsp; &nbsp;Cuando do\u00f1a Adela llega a Marmolejo a principios de 1931 el panorama a\u00fan era bien distinto y se vislumbraba en el horizonte un futuro prometedor para el pa\u00eds con la Rep\u00fablica naciente. La paz social, aunque fr\u00e1gil, a\u00fan no estaba rota y curiosamente, como nos dice \u201cLa Voz\u201d, las se\u00f1oras de Urqu\u00eda y de Buena\u00f1o, compart\u00edan baile de carnaval, en marzo del &nbsp;treinta y tres, junto a las esposas de los m\u00e1ximos dirigentes del Partido Radical y otras damas pertenecientes a la peque\u00f1a burgues\u00eda local.<\/p>\n\n\n\n<p>&nbsp; &nbsp; &nbsp;En lo concerniente al plano educativo, se estaban produciendo mejoras sustanciales al entrar en servicio el mod\u00e9lico Grupo de &nbsp;\u201cLos Escolares\u201d del Ejido de la Estaci\u00f3n que el alcalde Juan Luis Burlo hab\u00eda impulsado durante su mandato en la etapa primoriverista (1925-1930). &nbsp;Las \u00faltimas gestiones, sin embargo, para su definitiva culminaci\u00f3n y apertura, las hab\u00eda llevado a cabo la corporaci\u00f3n socialista salida de las elecciones de abril de 1931, momento hist\u00f3rico vivido, por cierto, por la maestra en la villa de las aguas. &nbsp;<br>&nbsp; &nbsp;Aquel bello y funcional edificio, ubicado junto al Paseo de La Libertad, hab\u00eda sido proyectado por el arquitecto provincial Luis Berges Mart\u00ednez y constaba de tres aulas para ni\u00f1as y tres para ni\u00f1os, as\u00ed como &nbsp;de dos despachos, que con los a\u00f1os se convirtieron igualmente en aulas, m\u00e1s una peque\u00f1a biblioteca (V\u00e9ase en esta misma web: \u201cPatrimonio arquitect\u00f3nico desaparecido 5\u201d). Se acababa con esta dign\u00edsima obra, lamentablemente desaparecida, con la dispersi\u00f3n &nbsp;y la precariedad en que se encontraban, hasta entonces, los edificios destinados a colegios de primaria, situaci\u00f3n que ya preocupaba a la corporaci\u00f3n municipal presidida por el liberal Juan Antonio Gay Colmenero en 1921, cuando propon\u00eda:&nbsp;<em>\u201cProveer de locales escuelas a esta villa por no reunir (los existentes) condiciones de higiene ni capacidad suficiente el \u00fanico que posee el municipio, ni los que tiene arrendados, d\u00e1ndose el caso de no poder admitir los maestros m\u00e1s ni\u00f1os en matr\u00edcula, con grave da\u00f1o de la instrucci\u00f3n p\u00fablica y de la salud de los propios ni\u00f1os\u2026.por estar materialmente hacinados, careciendo del aire, luz, y de todas las condiciones que la pedagog\u00eda moderna exige\u201d.<\/em><\/p>\n\n\n\n<p>En su nuevo destino en Pe\u00f1arroya, donde se ubica en la calle Nicol\u00e1s Salmer\u00f3n, junto al establecimiento \u201cEl Metro\u201d, no le iba a resultar indiferente la vida pol\u00edtica y social de la localidad debiendo &nbsp;de mantener contactos con afiliados de Izquierda Republicana pues el testimonio de su hijo, Francisco Vi\u00f1as, y la documentaci\u00f3n consultada, confirman la participaci\u00f3n de Adela en un acto p\u00fablico de dicho partido en el que interven\u00eda el futuro ministro de Instrucci\u00f3n P\u00fablica, Marcelino Domingo en el teatro Zorrilla de la localidad. El diario \u201cLa Libertad\u201d, del jueves nueve de enero de 1936, daba cuenta de la intervenci\u00f3n de Marcelino Domingo (6) y de la copa de vino de honor con la que los maestros y maestras de la localidad obsequiaban al futuro ministro de Instrucci\u00f3n P\u00fablica tras las elecciones que ganara el Frente Popular.<br>&nbsp; De los asistentes a dicho acto debieron de tomar buena nota las fuerzas de la derecha local, pues una vez consumado el triunfo de los \u201cnacionales\u201d en la capital y la zona norte de C\u00f3rdoba, servir\u00eda de excusa perfecta para proceder a la persecuci\u00f3n de la docente y a la apertura de expediente informativo &nbsp;por parte del Gobierno Militar de C\u00f3rdoba. El derecho a la discrepancia y a la libertad de opini\u00f3n y el compromiso con la Rep\u00fablica evidentemente no tendr\u00eda cabida en el nuevo r\u00e9gimen victorioso, y como &nbsp;en el caso de Adela, &nbsp;y de much\u00edsima m\u00e1s gente de la izquierda, iba a tener un alto coste personal.<br>&nbsp; &nbsp; Esa persecuci\u00f3n por motivos ideol\u00f3gicos comenzaba nada m\u00e1s ocupar las fuerzas franquistas la capital cordobesa. El primer informe requerido por las autoridades educativas &nbsp;sobre Adela Albend\u00edn, llegaba desde Pe\u00f1arroya en noviembre de 1936, &nbsp;firmado por el brigada de puesto. En el mismo se la vinculaba a los \u201cpartidos extremistas\u201d y la declaraban \u201cno adicta al actual movimiento Pro-Espa\u00f1a\u201d. Dos meses despu\u00e9s (enero de 1937) y a petici\u00f3n del Presidente de la Comisi\u00f3n Depuradora de Instrucci\u00f3n P\u00fablica, &nbsp;el profesor y alcalde de Cabra, \u00c1ngel Cruz Rueda, el Ayuntamiento de Pe\u00f1arroya-Pueblonuevo &nbsp;informaba sobre la conducta profesional, social y particular observada en la maestra, diciendo \u201cque bajo todos sus aspectos era de tendencia marcadamente izquierdista, huyendo de esta poblaci\u00f3n antes de ser tomada por el Ej\u00e9rcito libertador de Espa\u00f1a\u201d. &nbsp;En los mismos t\u00e9rminos se expresaba el informe enviado por el cura p\u00e1rroco de Pe\u00f1arroya:&nbsp;<em>\u201cDo\u00f1a Adela Albend\u00edn Ortega.-Conducta profesional, buena; Conducta social, Republicana antigua; Conducta particular, buena; Actuaci\u00f3n pol\u00edtica, simpatizante de izquierdas; Actuaci\u00f3n religiosa, casi negativa.\u201d<\/em><\/p>\n\n\n\n<p>&nbsp; &nbsp; Finalmente el informe de cinco de mayo de 1939 del cabo de la Guardia Civil de Pe\u00f1arroya, Manuel Izquierdo Hidalgo, dirigido al Jefe de la Secci\u00f3n Administrativa de 1\u00ba Ense\u00f1anza de C\u00f3rdoba, dec\u00eda: \u201c<em>Tengo el honor de participar a V. que seg\u00fan resulta de los informes adquiridos, dicha se\u00f1ora perteneci\u00f3 a la Asociaci\u00f3n Trabajadores de la Ense\u00f1anza; asisti\u00f3 en Enero de 1936 al vino de honor dado a Marcelino Domingo, que fue Ministro de la funesta Rep\u00fablica. Abrigaba ideas izquierdistas, siendo gran simpatizante de Aza\u00f1a, no obstante observ\u00f3 buena conducta y cumpli\u00f3 bien con su profesi\u00f3n y, aunque de tarde en tarde, se la ve\u00eda concurrir a misa\u201d.<\/em><\/p>\n\n\n\n<p>&nbsp; &nbsp;El doce de octubre de 1936 se produc\u00eda la evacuaci\u00f3n de Pe\u00f1arroya y ante la inminente ocupaci\u00f3n por las tropas de Queipo de Llano, Adela fijaba su residencia en Puertollano, todav\u00eda en poder de la Rep\u00fablica. En esta poblaci\u00f3n se le nombra maestra provisional de la Secci\u00f3n de la Escuela Graduada \u201cConcepci\u00f3n Arenal\u201d hasta el final de la guerra. Durante esta corta etapa vive en la calle Cruces n \u00ba 21; conoce al ferroviario Francisco Vi\u00f1as Paz con quien contrae matrimonio civil el 24 de diciembre de 1937 (7). Tan solo unos d\u00edas antes de que el ej\u00e9rcito sublevado entrara en esa localidad, nac\u00eda el peque\u00f1o Francisco, \u00fanico hijo del matrimonio.<\/p>\n\n\n\n<p>&nbsp;Pero los temores de la pareja se confirman &nbsp;y apenas unas fechas despu\u00e9s de la finalizaci\u00f3n de la guerra, &nbsp;Adela era detenida &nbsp;y recluida en la prisi\u00f3n provincial de Ciudad Real. Se le imputaba el delito de \u201cAuxilio de la Rebeli\u00f3n\u201d y la condenaban a&nbsp;<strong>seis a\u00f1os y un d\u00eda de prisi\u00f3n,<\/strong>&nbsp;tiempo que ha de cumplir hasta el diez de febrero del cuarenta y dos en que obtiene la libertad condicional&nbsp;<strong>\u201ccon &nbsp;destierro\u201d a la localidad toledana del Almonacid\u201d<\/strong>. De nada le hab\u00eda servido su buena predisposici\u00f3n al personarse, el 20 de abril de 1939, ante las autoridades civiles y militares de Pe\u00f1arroya y &nbsp;de Primera Ense\u00f1anza de la provincia de C\u00f3rdoba, solicitando de nuevo, su rehabilitaci\u00f3n en la escuela de Pe\u00f1arroya con el respaldo de diversos testimonios favorables de personas \u201cfiables\u201d para el nuevo regimen.<br>&nbsp; &nbsp; &nbsp;Comenzaba as\u00ed una nueva etapa obligada a deambular por diferentes destinos, y aunque pronto recuperar\u00eda el ejercicio de la docencia, sus antecedentes pol\u00edticos provocaban su depuraci\u00f3n como maestra y la suspensi\u00f3n en el ejercicio de la actividad docente en Pe\u00f1arroya. Los motivos: \u201cPertenecer a partidos extremistas\u201d y \u201cHaber abandonado su destino para huir con los rojos\u201d. As\u00ed se lo transmit\u00eda, Saturnino L\u00f3pez, Delegado de la Comisi\u00f3n Superior de Expedientes de Depuraci\u00f3n del Magisterio de la provincia de C\u00f3rdoba, el 12 de julio de 1943.&nbsp;<br>&nbsp; &nbsp;Un mes m\u00e1s tarde Adela se defend\u00eda presentando ante la Comisi\u00f3n &nbsp;Superior el siguiente pliego de descargos desde Almonacid (Toledo), donde hab\u00eda fijado residencia tras su salida de prisi\u00f3n:&nbsp;<em>\u201cAdela Albend\u00edn Ortega, Maestra de la escuela Nacional n.\u00ba 3 de Pe\u00f1arroya-Pueblonuevo, pendiente de depuraci\u00f3n tiene el honor de comunicar a V.I. en &nbsp;contestaci\u00f3n al escrito recibido con fecha 5 del actual, la siguiente declaraci\u00f3n: 1\u00ba.-No es cierto haya pertenecido a partido pol\u00edtico alguno y por ello no puede haber quien lo justifique. 2\u00ba.-Sal\u00ed de mi residencia por miedo a la aviaci\u00f3n, si\u00e9ndome imposible regresar despu\u00e9s.&nbsp;<br>&nbsp; Los documentos que me recomienda aporte para mi defensa, le manifiesto los envi\u00e9 en marzo del pasado a\u00f1o unidos a la declaraci\u00f3n jurada. Firmado en Almonacid de Toledo, el 9 de agosto de 1943\u201d.<\/em><br>&nbsp;<\/p>\n\n\n<div class=\"wp-block-image\">\n<figure class=\"alignleft is-resized\"><img decoding=\"async\" src=\"https:\/\/static.wixstatic.com\/media\/7e23fc_ed51fa9f52f14bf284a9ee5815dd42d2~mv2_d_3096_4128_s_4_2.png\/v1\/fill\/w_344,h_458,al_c,q_85,usm_0.66_1.00_0.01,enc_auto\/Foto%20articulo%202.png\" alt=\"Foto articulo 2.png\" style=\"width:276px;height:368px\" width=\"276\" height=\"368\"\/><figcaption class=\"wp-element-caption\"><strong>La maestra de primaria Adela Albend\u00edn Ortega (1898-1980). Fuente: Francisco Vi\u00f1as Albend\u00edn.<\/strong><\/figcaption><\/figure>\n<\/div>\n\n<div class=\"wp-block-image\">\n<figure class=\"alignleft is-resized\"><img decoding=\"async\" src=\"https:\/\/static.wixstatic.com\/media\/7e23fc_46b4d0f8203e4d8db865381de1eccbf8~mv2_d_3096_4128_s_4_2.png\/v1\/fill\/w_344,h_458,al_c,q_85,usm_0.66_1.00_0.01,enc_auto\/Foto%20articulo%203.png\" alt=\"Foto articulo 3.png\" style=\"width:276px;height:368px\" width=\"276\" height=\"368\"\/><figcaption class=\"wp-element-caption\"><strong>La maestra \u201cDo\u00f1a Adela\u201d, tras su jubilaci\u00f3n en C\u00f3rdoba. Fuente: Francisco Vi\u00f1as<\/strong><\/figcaption><\/figure>\n<\/div>\n\n\n<p>En enero de 1944 volv\u00eda definitivamente a la docencia y era autorizada por el Servicio de Libertad Vigilada del Ministerio de Justicia, para trasladarse &nbsp;a Villanueva del Rey (C\u00f3rdoba) a la Escuela Nacional de P\u00e1rvulos. En el oficio firmado por el Subdirector General, &nbsp;se le conminaba a realizar su presentaci\u00f3n ante la Junta Local de Libertad Vigilada de esa localidad, que habr\u00eda de ejercer &nbsp;la tutela y control sobre los movimientos de la maestra.&nbsp;<\/p>\n\n\n\n<p>&nbsp; &nbsp;Tras la nueva adversidad que supone la muerte de su esposo (noviembre de 1944), continua su labor en un nuevo destino en Bujalance, en la \u201cEscuela n\u00ba 1 de Ni\u00f1as\u201d, pero por poco tiempo, pues era cesada &nbsp;y &nbsp;trasladada, nuevamente, a Villanueva del Rey en calidad de desterrada. All\u00ed le llegaba la Liberaci\u00f3n Definitiva comunicada, el 17 de junio de 1946, por el Sargento comandante del Puesto de Villanueva del Rey, Sebasti\u00e1n Fern\u00e1ndez Garc\u00eda. &nbsp;Este escrito, con origen en el Comandante Juez del Juzgado Militar Permanente, Secretar\u00eda \u201cA\u201d Ejecutorias de C\u00e1ceres, dice as\u00ed:&nbsp;<em>\u201cSeg\u00fan me comunica la Delegaci\u00f3n Administrativa de Ense\u00f1anza Primaria, en escrito de fecha 22 del actual, la Maestra Nacional Do\u00f1a Adela Alvendin Ortega, se encuentra destinada en la escuela de P\u00e1rvulos de esa localidad.<\/em><\/p>\n\n\n\n<p><em>Ruego a V. notifique en legal forma a dicha se\u00f1ora, que en la causa n\u00famero 773\/40, que se le sigue por el delito de EXITACI\u00d3N A LA REBELI\u00d3N, ha sido condenada a la pena definitiva de SEIS A\u00d1OS Y UN D\u00cdA DE PRISI\u00d3N MAYOR, la cual deja extinguida el d\u00eda 31 de Agosto del a\u00f1o actual; dicha notificaci\u00f3n una vez firmada por la mencionada penada, me la devolver\u00e1 a este Juzgado a la mayor brevedad posible para su uni\u00f3n a la expresada causa\u201d. Firmado el Sargento Comandante del Puesto de Villanueva del Rey\u201d. En el enterado y debajo de su firma Adela manifestaba su disconformidad con la siguiente frase: \u201cEsto es una calumnia; yo solo me dediqu\u00e9 a mi labor escolar siempre\u201d.&nbsp;<\/em><\/p>\n\n\n\n<p>Precisamente &nbsp;los primeros recuerdos de su hijo Francisco son de este peque\u00f1o pueblo de la sierra cordobesa, con su madre y la t\u00eda Herminia, quien se ocupaba de las tareas de la casa y de ense\u00f1arle a escribir y hacer cuentas antes del ir a la escuela. Fueron para \u00e9l unos a\u00f1os no excesivamente alegres, condicionados por la tragedia familiar y la sensaci\u00f3n de vivir como perseguidos. En Villanueva estudia hasta tercero de bachiller elemental con un maestro que lo prepara para examinarse por libre en el Instituto de C\u00f3rdoba. Gracias a la condici\u00f3n de hu\u00e9rfano de ferroviario, puede terminar el bachillerato superior en Madrid en el Colegio de Hu\u00e9rfanos de Ferroviarios. Luego durante los veranos, las vacaciones en Villanueva con su madre y la t\u00eda Herminia. Con la ayuda de una beca del Colegio de Hu\u00e9rfanos cursa estudios de Perito Industrial y, m\u00e1s tarde, por su cuenta, Ingenier\u00eda Industrial, entrando a trabajar en el Departamento T\u00e9cnico de RENFE donde participa en &nbsp;diferentes Comisiones T\u00e9cnicas Ferroviarias en el \u00e1mbito europeo.<\/p>\n\n\n\n<p>&nbsp; &nbsp;Finalmente, superada la etapa &nbsp;de destierro profesional, Adela conseguir\u00eda, al fin, su anhelado destino &nbsp;en &nbsp;C\u00f3rdoba, en la barriada de Villarrubia, sobreponi\u00e9ndose poco a poco a las secuelas de esos a\u00f1os de ostracismo y falta de libertad aunque, eso s\u00ed, nunca le faltar\u00eda el cari\u00f1o de sus alumnas y de las familias trabajadoras de su entorno. Tras su jubilaci\u00f3n en 1963 residi\u00f3 en la capital cordobesa &nbsp;pero, finalmente, la enfermedad le oblig\u00f3 a marchar a Madrid junto a su hijo. All\u00ed falleci\u00f3 el 15 de octubre de 1980. Sus restos reposan en la ciudad de los califas.&nbsp;<\/p>\n\n\n\n<p>&nbsp; &nbsp;Su labor docente, a pesar de tantas dificultades, hab\u00eda merecido la pena pues una generaci\u00f3n de marmoleje\u00f1as, entre las que incluyo a mi madre Angelina, me dieron testimonio, hace ya alg\u00fan tiempo, del amor y dedicaci\u00f3n que esta maestra profes\u00f3 siempre hacia sus disc\u00edpulas.<\/p>\n\n\n\n<p>&nbsp;<strong>Notas:<\/strong><\/p>\n\n\n\n<p>(1) Profesor de Lengua y Literatura del IES \u201cJos\u00e9 Caballero\u201d de Huelva. P\u00e1rrafo extra\u00eddo de su art\u00edculo \u201cMaestros y maestras, luces de la Rep\u00fablica\u201d, publicado en \u201cNueva Revoluci\u00f3n\u201d periodismo alternativo. &nbsp;En la Constituci\u00f3n de 1931, se reconoc\u00eda que la educaci\u00f3n y la cultura son atribuci\u00f3n esencial del Estado que la prestar\u00e1 mediante instituciones educativas enlazadas por el sistema de escuela unificada. Se establec\u00eda que la ense\u00f1anza primaria ser\u00eda gratuita y obligatoria, y se legislar\u00eda en el sentido de facilitar a los espa\u00f1oles econ\u00f3micamente necesitados el acceso a todos los grados de ense\u00f1anza, a fin de que nadie se vea condicionado m\u00e1s que por la aptitud y la vocaci\u00f3n. La ense\u00f1anza ser\u00eda laica, y har\u00e1 del trabajo el eje de su actividad metodolog\u00edca inspir\u00e1ndose siempre en ideales de solidaridad humana.<\/p>\n\n\n\n<p>(2) As\u00ed consta en la Real Orden de 21 de enero de 1904, de la que da cuenta el \u201cDiario Oficial del Ministerio de Guerra\u201d, del 22 de abril de 1904. A\u00f1o XVII, n\u00ba 88, p\u00e1gina 165.<\/p>\n\n\n\n<p>(3) Estrella Albend\u00edn Ortega tuvo dos hijos, Alfredo y Amelia Fern\u00e1ndez Albend\u00edn. Alfredo, prestigioso m\u00e9dico neum\u00f3logo, se exili\u00f3 a Venezuela, se cas\u00f3 con Alicia Quintero Godoy, pero no tuvieron descendencia. All\u00ed hizo fortuna y regres\u00f3 a Madrid entre 1970 y 1986 en que falleci\u00f3. Por su parte Amelia se hizo farmac\u00e9utica y se estableci\u00f3 en La Bobadilla de Alcaudete (Ja\u00e9n). Testimonio de Francisco Vi\u00f1as Albend\u00edn.<\/p>\n\n\n\n<p>(4) Jos\u00e9 Torres Buena\u00f1o era natural de Martos. Llevaba en Marmolejo, como Jefe de Correos, desde 1919 muy implicado siempre en la vida social y pol\u00edtica de la localidad. Pertenec\u00eda al Partido Socialista desde los primeros a\u00f1os de andadura del partido en la villa. Compaginaba su puesto de funcionario de correos con la gesti\u00f3n de una corresponsal\u00eda del Banco Urquijo hacia 1925. En 1931 era delegado del Banco Popular de los Previsores del Porvenir, adscrito a la Sucursal de \u00e9ste en Ja\u00e9n. Tras la jornada revolucionaria del 6 de octubre en Marmolejo fue trasladado a Mondrag\u00f3n por presiones de las autoridades locales (Diario \u201cLa Voz\u201d de C\u00f3rdoba, de 21-11-1934). Hacia 1936 ten\u00eda 43 a\u00f1os e ingres\u00f3 en la logia mas\u00f3nica Alonso Quijano con el nombre simb\u00f3lico de Justiniano. (Fuente: \u201cAnuario del Comercio, de Bailly Bailliere: Banqueros y bancos durante la vigencia de la Ley Camb\u00f3, 1922-1946\u201d Autores: Victoria Patxot y Enrique Jim\u00e9nez Arnau).<\/p>\n\n\n\n<p>(5) Diario \u201cLa Voz\u201d de C\u00f3rdoba, n.\u00ba 5341, del 20 de Septiembre de 1934. \u201cLa Voz\u201d fue el \u00f3rgano oficial de expresi\u00f3n, en la provincia de C\u00f3rdoba, del Partido Radical de Alejandro Lerroux. El corresponsal de \u201cLa Voz\u201d en Marmolejo fue Jos\u00e9 Guti\u00e9rrez Alcal\u00e1, miembro, en un primer momento, del Partido Radical. M\u00e1s tarde, Guti\u00e9rrez, evolucion\u00f3 hacia posiciones m\u00e1s de centro, incluso de centro-izquierda, afili\u00e1ndose a Uni\u00f3n Republicana partido impulsado por el sevillano Diego Mart\u00ednez Barrio del que lleg\u00f3 a ser su secretario particular. Al final de la guerra Jos\u00e9 Guti\u00e9rrez mantuvo su compromiso con el r\u00e9gimen republicano, sufriendo c\u00e1rcel durante la postguerra.<\/p>\n\n\n\n<p>(6) Marcelino Domingo hab\u00eda sido ya ministro de Instrucci\u00f3n P\u00fablica en 1931, y volver\u00eda a hacerlo en febrero de 1936, tras el triunfo del Frente Popular. Seg\u00fan el diario \u201cLa Libertad\u201d, Marcelino Domingo \u201cse refiri\u00f3 a su labor al frente del Ministerio de Instrucci\u00f3n P\u00fablica (en 1931), y expuso su programa de ense\u00f1anza que no pudo acabar porque las derechas asaltaron el poder. El signo de las derechas -dijo- es el retroceso. Ellos dicen que nosotros somos el caos, pero quienes lo son en realidad son ellos. Estoy seguro del triunfo de las izquierdas, pero para vencer debemos de estar todos unidos y luchar con serenidad, disciplina y firmeza. As\u00ed salvaremos a Espa\u00f1a y a la Rep\u00fablica\u201d &nbsp;(Diario \u201cLa Libertad\u201d del jueves 9 de enero de 1936).<\/p>\n\n\n\n<p>(7) Francisco Vi\u00f1as Paz era natural de Fuente del Arco, provincia de Badajoz. Cuando conoce a Adela Albend\u00edn ya estaba divorciado de su primer esposa, Rosario Calle Villalva natural de Fuente del Arco. El matrimonio civil de Adela y Francisco fue anulado por la Dictadura, en base a las \u00f3rdenes del Ministerio de Justicia de diez de mayo y doce de agosto de 1938, seg\u00fan consta en certificado del Registro Civil de Puertollano de fecha 12 de noviembre de 1942.<\/p>\n\n\n\n<p><strong>Fuentes y Bibliograf\u00eda:<\/strong><\/p>\n\n\n\n<p>-Archivo General de Alcal\u00e1 de Henares.<br>-Archivo de la Facultad de Ciencias de la Educaci\u00f3n de C\u00f3rdoba. Mi agradecimiento a la bibliotecaria Do\u00f1a Francisca Morales Sillero.&nbsp;<br>-Documentaci\u00f3n personal de Adela Albend\u00edn Ortega en poder de su hijo Francisco Vi\u00f1as Albend\u00edn, al cual quedo enormemente agradecido pues sin su colaboraci\u00f3n, esta rese\u00f1a biogr\u00e1fica sobre su madre, no habr\u00eda sido posible.<br>-Registro Civil de Madrid; Distrito Hospital. Hoja de defunci\u00f3n de Adela Albend\u00edn Ortega.<br>-Registro Civil de Castro del R\u00edo. Mi agradecimiento a D\u00f1a. Juana Mar\u00eda Mar\u00edn.<br>-Anuario Regional de la regi\u00f3n Andaluza y Norte de Espa\u00f1a y de \u00c1frica\u201d, 2\u00ba edici\u00f3n. A\u00f1o 1932. Edita Anuarios Regionales de Espa\u00f1a. Madrid.<br>-Centro Documental de la Memoria Hist\u00f3rica: Delegaci\u00f3n Nacional de Servicios Documentales de la Presidencia del Gobierno.<br>-\u201dEl Magisterio Espa\u00f1ol\u201d, varios n\u00fameros.<br>-Diario \u201cEl Defensor de C\u00f3rdoba\u201d, de 14-8-1934 y 25-5-1935<br>-El \u201cMagisterio cordob\u00e9s\u201d, n\u00ba 271, de 30 de mayo de 1935.<br>-Suplemento a La Escuela Moderna, del d\u00eda 17 de diciembre de 1930.<br>-\u201cEl Magisterio Espa\u00f1ol\u201d, varios n\u00fameros.<br>-\u201cLa Voz\u201d de C\u00f3rdoba, de 7 de mayo de 1924.<br>-\u201cDiario C\u00f3rdoba\u201d, varios n\u00fameros.<br>-Revista \u201cEscuela Espa\u00f1ola\u201d, a\u00f1o XXII, n\u00ba 1131, de 24 de junio de 1962<br>-Bolet\u00edn Oficial del Estado, n\u00ba 239 de 6 de octubre de 1959.<br>-\u201dTodos los Nombres\u201d, FETE\/UGT.<br>-Diario de Almer\u00eda, n\u00ba 4912, de 24 de marzo de 1929.<br>-Barrag\u00e1n Moriana, Antonio: \u201dEl exilio republicano (C\u00f3rdoba): historia y memoria\u201d. Publicado en Diario C\u00f3rdoba el 18 de juliio de 2013.<\/p>\n","protected":false},"excerpt":{"rendered":"<p>-Manuel Perales Sol\u00eds- Antes de referirme a esta maestra que pas\u00f3 por Marmolejo en unos momentos de enorme trascendencia hist\u00f3rica para nuestro pa\u00eds, me voy a permitir plasmar el breve pero certero an\u00e1lisis que el profesor &nbsp;Manuel Tirado Guevara &nbsp;dedic\u00f3 a los maestros y maestras comprometidos con el proyecto educativo de la 2\u00aa Rep\u00fablica y [&hellip;]<\/p>\n","protected":false},"author":1,"featured_media":0,"parent":0,"menu_order":0,"comment_status":"closed","ping_status":"closed","template":"","meta":{"footnotes":""},"class_list":["post-351","page","type-page","status-publish","hentry"],"yoast_head":"<!-- This site is optimized with the Yoast SEO plugin v25.2 - https:\/\/yoast.com\/wordpress\/plugins\/seo\/ -->\n<title>La maestra &quot;Do\u00f1a Adela&quot;(1898-1980) - El lugar de Marmolejo<\/title>\n<meta name=\"robots\" content=\"index, follow, max-snippet:-1, max-image-preview:large, max-video-preview:-1\" \/>\n<link rel=\"canonical\" href=\"https:\/\/lugardemarmolejo.es\/?page_id=351\" \/>\n<meta property=\"og:locale\" content=\"es_ES\" \/>\n<meta property=\"og:type\" content=\"article\" \/>\n<meta property=\"og:title\" content=\"La maestra &quot;Do\u00f1a Adela&quot;(1898-1980) - El lugar de Marmolejo\" \/>\n<meta property=\"og:description\" content=\"-Manuel Perales Sol\u00eds- Antes de referirme a esta maestra que pas\u00f3 por Marmolejo en unos momentos de enorme trascendencia hist\u00f3rica para nuestro pa\u00eds, me voy a permitir plasmar el breve pero certero an\u00e1lisis que el profesor &nbsp;Manuel Tirado Guevara &nbsp;dedic\u00f3 a los maestros y maestras comprometidos con el proyecto educativo de la 2\u00aa Rep\u00fablica y [&hellip;]\" \/>\n<meta property=\"og:url\" content=\"https:\/\/lugardemarmolejo.es\/?page_id=351\" \/>\n<meta property=\"og:site_name\" content=\"El lugar de Marmolejo\" \/>\n<meta property=\"og:image\" content=\"https:\/\/static.wixstatic.com\/media\/7e23fc_2cb8d12fb0b142b080471196c43ed0ba~mv2.jpg\/v1\/fill\/w_600,h_307,al_c,q_80,usm_0.66_1.00_0.01,enc_auto\/Foto%20articulo%201.jpg\" \/>\n<meta name=\"twitter:card\" content=\"summary_large_image\" \/>\n<meta name=\"twitter:label1\" content=\"Tiempo de lectura\" \/>\n\t<meta name=\"twitter:data1\" content=\"26 minutos\" \/>\n<script type=\"application\/ld+json\" class=\"yoast-schema-graph\">{\"@context\":\"https:\/\/schema.org\",\"@graph\":[{\"@type\":\"WebPage\",\"@id\":\"https:\/\/lugardemarmolejo.es\/?page_id=351\",\"url\":\"https:\/\/lugardemarmolejo.es\/?page_id=351\",\"name\":\"La maestra \\\"Do\u00f1a Adela\\\"(1898-1980) - El lugar de Marmolejo\",\"isPartOf\":{\"@id\":\"https:\/\/lugardemarmolejo.es\/#website\"},\"primaryImageOfPage\":{\"@id\":\"https:\/\/lugardemarmolejo.es\/?page_id=351#primaryimage\"},\"image\":{\"@id\":\"https:\/\/lugardemarmolejo.es\/?page_id=351#primaryimage\"},\"thumbnailUrl\":\"https:\/\/static.wixstatic.com\/media\/7e23fc_2cb8d12fb0b142b080471196c43ed0ba~mv2.jpg\/v1\/fill\/w_600,h_307,al_c,q_80,usm_0.66_1.00_0.01,enc_auto\/Foto%20articulo%201.jpg\",\"datePublished\":\"2023-09-27T13:46:02+00:00\",\"breadcrumb\":{\"@id\":\"https:\/\/lugardemarmolejo.es\/?page_id=351#breadcrumb\"},\"inLanguage\":\"es\",\"potentialAction\":[{\"@type\":\"ReadAction\",\"target\":[\"https:\/\/lugardemarmolejo.es\/?page_id=351\"]}]},{\"@type\":\"ImageObject\",\"inLanguage\":\"es\",\"@id\":\"https:\/\/lugardemarmolejo.es\/?page_id=351#primaryimage\",\"url\":\"https:\/\/static.wixstatic.com\/media\/7e23fc_2cb8d12fb0b142b080471196c43ed0ba~mv2.jpg\/v1\/fill\/w_600,h_307,al_c,q_80,usm_0.66_1.00_0.01,enc_auto\/Foto%20articulo%201.jpg\",\"contentUrl\":\"https:\/\/static.wixstatic.com\/media\/7e23fc_2cb8d12fb0b142b080471196c43ed0ba~mv2.jpg\/v1\/fill\/w_600,h_307,al_c,q_80,usm_0.66_1.00_0.01,enc_auto\/Foto%20articulo%201.jpg\"},{\"@type\":\"BreadcrumbList\",\"@id\":\"https:\/\/lugardemarmolejo.es\/?page_id=351#breadcrumb\",\"itemListElement\":[{\"@type\":\"ListItem\",\"position\":1,\"name\":\"Portada\",\"item\":\"https:\/\/lugardemarmolejo.es\/\"},{\"@type\":\"ListItem\",\"position\":2,\"name\":\"La maestra \u00abDo\u00f1a Adela\u00bb(1898-1980)\"}]},{\"@type\":\"WebSite\",\"@id\":\"https:\/\/lugardemarmolejo.es\/#website\",\"url\":\"https:\/\/lugardemarmolejo.es\/\",\"name\":\"El lugar de Marmolejo\",\"description\":\"\",\"potentialAction\":[{\"@type\":\"SearchAction\",\"target\":{\"@type\":\"EntryPoint\",\"urlTemplate\":\"https:\/\/lugardemarmolejo.es\/?s={search_term_string}\"},\"query-input\":{\"@type\":\"PropertyValueSpecification\",\"valueRequired\":true,\"valueName\":\"search_term_string\"}}],\"inLanguage\":\"es\"}]}<\/script>\n<!-- \/ Yoast SEO plugin. -->","yoast_head_json":{"title":"La maestra \"Do\u00f1a Adela\"(1898-1980) - El lugar de Marmolejo","robots":{"index":"index","follow":"follow","max-snippet":"max-snippet:-1","max-image-preview":"max-image-preview:large","max-video-preview":"max-video-preview:-1"},"canonical":"https:\/\/lugardemarmolejo.es\/?page_id=351","og_locale":"es_ES","og_type":"article","og_title":"La maestra \"Do\u00f1a Adela\"(1898-1980) - El lugar de Marmolejo","og_description":"-Manuel Perales Sol\u00eds- Antes de referirme a esta maestra que pas\u00f3 por Marmolejo en unos momentos de enorme trascendencia hist\u00f3rica para nuestro pa\u00eds, me voy a permitir plasmar el breve pero certero an\u00e1lisis que el profesor &nbsp;Manuel Tirado Guevara &nbsp;dedic\u00f3 a los maestros y maestras comprometidos con el proyecto educativo de la 2\u00aa Rep\u00fablica y [&hellip;]","og_url":"https:\/\/lugardemarmolejo.es\/?page_id=351","og_site_name":"El lugar de Marmolejo","og_image":[{"url":"https:\/\/static.wixstatic.com\/media\/7e23fc_2cb8d12fb0b142b080471196c43ed0ba~mv2.jpg\/v1\/fill\/w_600,h_307,al_c,q_80,usm_0.66_1.00_0.01,enc_auto\/Foto%20articulo%201.jpg","type":"","width":"","height":""}],"twitter_card":"summary_large_image","twitter_misc":{"Tiempo de lectura":"26 minutos"},"schema":{"@context":"https:\/\/schema.org","@graph":[{"@type":"WebPage","@id":"https:\/\/lugardemarmolejo.es\/?page_id=351","url":"https:\/\/lugardemarmolejo.es\/?page_id=351","name":"La maestra \"Do\u00f1a Adela\"(1898-1980) - El lugar de Marmolejo","isPartOf":{"@id":"https:\/\/lugardemarmolejo.es\/#website"},"primaryImageOfPage":{"@id":"https:\/\/lugardemarmolejo.es\/?page_id=351#primaryimage"},"image":{"@id":"https:\/\/lugardemarmolejo.es\/?page_id=351#primaryimage"},"thumbnailUrl":"https:\/\/static.wixstatic.com\/media\/7e23fc_2cb8d12fb0b142b080471196c43ed0ba~mv2.jpg\/v1\/fill\/w_600,h_307,al_c,q_80,usm_0.66_1.00_0.01,enc_auto\/Foto%20articulo%201.jpg","datePublished":"2023-09-27T13:46:02+00:00","breadcrumb":{"@id":"https:\/\/lugardemarmolejo.es\/?page_id=351#breadcrumb"},"inLanguage":"es","potentialAction":[{"@type":"ReadAction","target":["https:\/\/lugardemarmolejo.es\/?page_id=351"]}]},{"@type":"ImageObject","inLanguage":"es","@id":"https:\/\/lugardemarmolejo.es\/?page_id=351#primaryimage","url":"https:\/\/static.wixstatic.com\/media\/7e23fc_2cb8d12fb0b142b080471196c43ed0ba~mv2.jpg\/v1\/fill\/w_600,h_307,al_c,q_80,usm_0.66_1.00_0.01,enc_auto\/Foto%20articulo%201.jpg","contentUrl":"https:\/\/static.wixstatic.com\/media\/7e23fc_2cb8d12fb0b142b080471196c43ed0ba~mv2.jpg\/v1\/fill\/w_600,h_307,al_c,q_80,usm_0.66_1.00_0.01,enc_auto\/Foto%20articulo%201.jpg"},{"@type":"BreadcrumbList","@id":"https:\/\/lugardemarmolejo.es\/?page_id=351#breadcrumb","itemListElement":[{"@type":"ListItem","position":1,"name":"Portada","item":"https:\/\/lugardemarmolejo.es\/"},{"@type":"ListItem","position":2,"name":"La maestra \u00abDo\u00f1a Adela\u00bb(1898-1980)"}]},{"@type":"WebSite","@id":"https:\/\/lugardemarmolejo.es\/#website","url":"https:\/\/lugardemarmolejo.es\/","name":"El lugar de Marmolejo","description":"","potentialAction":[{"@type":"SearchAction","target":{"@type":"EntryPoint","urlTemplate":"https:\/\/lugardemarmolejo.es\/?s={search_term_string}"},"query-input":{"@type":"PropertyValueSpecification","valueRequired":true,"valueName":"search_term_string"}}],"inLanguage":"es"}]}},"_links":{"self":[{"href":"https:\/\/lugardemarmolejo.es\/index.php?rest_route=\/wp\/v2\/pages\/351","targetHints":{"allow":["GET"]}}],"collection":[{"href":"https:\/\/lugardemarmolejo.es\/index.php?rest_route=\/wp\/v2\/pages"}],"about":[{"href":"https:\/\/lugardemarmolejo.es\/index.php?rest_route=\/wp\/v2\/types\/page"}],"author":[{"embeddable":true,"href":"https:\/\/lugardemarmolejo.es\/index.php?rest_route=\/wp\/v2\/users\/1"}],"replies":[{"embeddable":true,"href":"https:\/\/lugardemarmolejo.es\/index.php?rest_route=%2Fwp%2Fv2%2Fcomments&post=351"}],"version-history":[{"count":1,"href":"https:\/\/lugardemarmolejo.es\/index.php?rest_route=\/wp\/v2\/pages\/351\/revisions"}],"predecessor-version":[{"id":352,"href":"https:\/\/lugardemarmolejo.es\/index.php?rest_route=\/wp\/v2\/pages\/351\/revisions\/352"}],"wp:attachment":[{"href":"https:\/\/lugardemarmolejo.es\/index.php?rest_route=%2Fwp%2Fv2%2Fmedia&parent=351"}],"curies":[{"name":"wp","href":"https:\/\/api.w.org\/{rel}","templated":true}]}}