{"id":338,"date":"2023-09-20T13:46:36","date_gmt":"2023-09-20T13:46:36","guid":{"rendered":"https:\/\/lugardemarmolejo.es\/?page_id=338"},"modified":"2023-09-20T13:46:36","modified_gmt":"2023-09-20T13:46:36","slug":"desde-el-taller-al-encuentro","status":"publish","type":"page","link":"https:\/\/lugardemarmolejo.es\/?page_id=338","title":{"rendered":"Desde el taller, al encuentro:"},"content":{"rendered":"\n<h1 class=\"wp-block-heading\"><\/h1>\n\n\n\n<h4 class=\"wp-block-heading\"><strong>\u00abPaisajes y Espejos\u00bb<\/strong><\/h4>\n\n\n\n<p>El pr\u00f3ximo 11 de abril (s\u00e1bado) presentar\u00e1 en Marmolejo su libro de poes\u00edas \u201cPaisajes y Espejos\u201d, nuestro paisano, Mariano Jurado Arcos. La hora ser\u00e1 a las 7 de la tarde y el lugar del acto previsiblemente la Casa de la Cultura. El autor, a trav\u00e9s de esta p\u00e1gina web, donde en ocasiones ha colaborado, nos hace extensible su invitaci\u00f3n para todo aquel marmoleje\u00f1o y marmoleje\u00f1a que quiera acercarse a conocer este \u201cPaisajes y Espejos\u201d. Junto a Mariano estar\u00e1 tambi\u00e9n &nbsp;un nutrido grupo de amigos y compa\u00f1eros de Aldaia (Valencia), localidad donde reside, que se desplazar\u00e1n para arroparle en este su bautizo po\u00e9tico. De seguro que viviremos una entra\u00f1able jornada de convivencia entre marmoleje\u00f1os\/as y valencianos\/as, unidos en esta ocasi\u00f3n por la poes\u00eda de un paisano que jam\u00e1s renunci\u00f3 a perder su alma de andaluz nacido y criado &nbsp;junto al Guadalquivir. &nbsp;<\/p>\n\n\n\n<p>As\u00ed se nos presenta el autor en la solapa del libro:&nbsp;<\/p>\n\n\n\n<p>&nbsp; &nbsp; &nbsp; &nbsp; &nbsp; &nbsp; &nbsp; &nbsp; Nacido en Marmolejo, hijo de labradores&#8230;.<\/p>\n\n\n\n<p>&nbsp; &nbsp; &nbsp; &nbsp; &nbsp; &nbsp; &nbsp; &nbsp; honrados, buenos.<\/p>\n\n\n\n<p>&nbsp; &nbsp; &nbsp; &nbsp; &nbsp; &nbsp; &nbsp; &nbsp; Apegado al pueblo.<\/p>\n\n\n\n<p>&nbsp; &nbsp; &nbsp; &nbsp; &nbsp; &nbsp; &nbsp; &nbsp; Valenciano de elecci\u00f3n, &#8211; 2\/3 de mi vida-<\/p>\n\n\n\n<p>&nbsp; &nbsp; &nbsp; &nbsp; &nbsp; &nbsp; &nbsp; &nbsp; practicante, agradecido, contento.<\/p>\n\n\n\n<p>&nbsp; &nbsp; &nbsp; &nbsp; &nbsp; &nbsp; &nbsp; &nbsp; De andaluz el resto&#8230;<\/p>\n\n\n<div class=\"wp-block-image\">\n<figure class=\"alignright is-resized\"><img fetchpriority=\"high\" decoding=\"async\" src=\"https:\/\/static.wixstatic.com\/media\/7e23fc_5cd9d82584a14cd89336a91b425361cc.jpg\/v1\/fill\/w_277,h_372,al_c,q_80,usm_0.66_1.00_0.01,enc_auto\/7e23fc_5cd9d82584a14cd89336a91b425361cc.jpg\" alt=\"\" style=\"width:365px;height:490px\" width=\"365\" height=\"490\"\/><\/figure>\n<\/div>\n\n\n<p>&nbsp; &nbsp; &nbsp; &nbsp; &nbsp; &nbsp; &nbsp; &nbsp; La SAFA me dio un oficio:<\/p>\n\n\n\n<p>&nbsp; &nbsp; &nbsp; &nbsp; &nbsp; &nbsp; &nbsp; &nbsp; (Maestro Industrial Mec\u00e1nico), y formaci\u00f3n<\/p>\n\n\n\n<p>&nbsp; &nbsp; &nbsp; &nbsp; &nbsp; &nbsp; &nbsp; &nbsp; humana, valores, libertad, respeto&#8230;<\/p>\n\n\n\n<p>&nbsp; &nbsp; &nbsp; &nbsp; &nbsp; &nbsp; &nbsp; &nbsp; La vida mis padres, y vivirla: la familia,<\/p>\n\n\n\n<p>&nbsp; &nbsp; &nbsp; &nbsp; &nbsp; &nbsp; &nbsp; &nbsp; amigos y compa\u00f1eros.<\/p>\n\n\n\n<p>&nbsp; &nbsp; &nbsp; &nbsp; &nbsp; &nbsp; &nbsp; &nbsp; La suerte trabajada&#8230;hizo el resto.<\/p>\n\n\n\n<p>&nbsp; &nbsp; &nbsp; &nbsp; &nbsp; &nbsp; &nbsp; &nbsp; Inquieto luchador<\/p>\n\n\n\n<p>&nbsp; &nbsp; &nbsp; &nbsp; &nbsp; &nbsp; &nbsp; &nbsp; por un mundo m\u00e1s justo,<\/p>\n\n\n\n<p>&nbsp; &nbsp; &nbsp; &nbsp; &nbsp; &nbsp; &nbsp; &nbsp; por la cultura, base de todo progreso.<\/p>\n\n\n\n<p>&nbsp; &nbsp; &nbsp; &nbsp; &nbsp; &nbsp; &nbsp; &nbsp; Lo de \u201cescribidor\u201d es nuevo,<\/p>\n\n\n\n<p>&nbsp; &nbsp; &nbsp; &nbsp; &nbsp; &nbsp; &nbsp; &nbsp; y es viejo&#8230;el deseo<\/p>\n\n\n\n<p>&nbsp; &nbsp; &nbsp; &nbsp; &nbsp; &nbsp; &nbsp; &nbsp; de comunicar sentimientos.<\/p>\n\n\n\n<p>&nbsp; &nbsp; &nbsp; &nbsp; &nbsp; &nbsp; &nbsp; &nbsp; Ahora, frente al espejo:<\/p>\n\n\n\n<p>&nbsp; &nbsp; &nbsp; &nbsp; &nbsp; &nbsp; &nbsp; &nbsp; recuerdos, paisajes, poemas y versos.<\/p>\n\n\n\n<p>&nbsp; &nbsp; &nbsp; &nbsp; &nbsp; &nbsp; &nbsp; &nbsp; !Quien lo dir\u00eda!&#8230;<\/p>\n\n\n\n<p>&nbsp; &nbsp; &nbsp; &nbsp; &nbsp; &nbsp; &nbsp; &nbsp; Marianillo, !hijo de jornaleros!&#8230;<\/p>\n\n\n\n<p>&nbsp; &nbsp; &nbsp; &nbsp; &nbsp; &nbsp; &nbsp; &nbsp; escribiendo poes\u00eda,<\/p>\n\n\n\n<p>&nbsp; &nbsp; &nbsp; &nbsp; &nbsp; &nbsp; &nbsp; &nbsp; de su gente, de su pueblo.<\/p>\n\n\n\n<p>&nbsp; &nbsp; &nbsp; &nbsp; &nbsp; &nbsp; &nbsp; &nbsp; Con vuestro permiso.<\/p>\n\n\n\n<p>&nbsp; &nbsp; &nbsp; &nbsp; &nbsp; &nbsp; &nbsp; &nbsp; Con cari\u00f1o y respeto,<\/p>\n\n\n\n<p>&nbsp; &nbsp; &nbsp; &nbsp; &nbsp; &nbsp; &nbsp; &nbsp; empujado por afectos,<\/p>\n\n\n\n<p>&nbsp; &nbsp; &nbsp; &nbsp; &nbsp; &nbsp; &nbsp; &nbsp; para vosotros: es nuestro.<\/p>\n\n\n\n<p>Adentr\u00e9monos por &nbsp;un momento en Paisajes y Espejos a trav\u00e9s del pr\u00f3logo de Pilar P\u00e9rez Pacheco:<\/p>\n\n\n\n<p>&nbsp;<em>\u201cSi hubiera que resumir el poemario Paisajes y espejos podr\u00edan bastar estos pocos versos.<\/em><\/p>\n\n\n\n<p><em>En los poemas \u201cEscribiendo\u201d, \u201cEntre hierros y palabras\u201d y \u201cEscribir\u201d el autor define su po\u00e9tica, una po\u00e9tica de verso corto y desnudo, sin concesiones a adjetivos que hermoseen falsamente la dura realidad de los humildes, sin palabras amables que disfracen las injustas secuelas de la guerra, de la desigualdad; sin figuras ret\u00f3ricas ni s\u00edmbolos, sin apenas comparaciones o met\u00e1foras. Y, sin otro objetivo que el de honrar a su gente y a su pueblo, de rendirles un sincero homenaje desde la libertad del verso libre y sin ataduras, este \u201chijo de jornaleros\u201d \u2014orgulloso de su origen\u2014 va reescribiendo lo escrito, profundizando en los conceptos con su particular mec\u00e1nica creadora, hasta alumbrar las emociones de un pu\u00f1ado de \u201ctornillos sueltos\u201d; unos versos que, seg\u00fan \u00e9l mismo dice, se fraguan en la lectura, los sue\u00f1os, los recuerdos\u2026 en definitiva, en lo que ha ido conformando su vida.<\/em><\/p>\n\n\n\n<p><em>Una poes\u00eda de pocos colores, pero absolutos: el negro y el blanco para expresar las dudas. Negro para el luto (sobre el alma blanca), para el miedo, para el silencio, para el llanto, para el agua estancada del pozo. El blanco para la luna, la honradez, para el alma en luto, para el papel en blanco, para las tapias del camposanto que albergan amapolas rojo sangre. Para el atardecer, anaranjados y malvas.<\/em><\/p>\n\n\n\n<p><em>Imprescindible la huella imperecedera del pasado cotidiano, conformador del presente. Evocaci\u00f3n o sue\u00f1o de juegos felices en el campo, de ba\u00f1os en el r\u00edo, de meriendas sencillas. Memoria de los rincones entra\u00f1ables de la ni\u00f1ez: el portal, la alacena, el patio. Poderosas sensaciones que perduran en el ni\u00f1o hecho hombre: la tierra, el agua, el viento, el amanecer, el atardecer, la noche; el abrigo de la calidez de las manos amorosas, el ejemplo callado del padre siempre en el tajo\u2026<\/em><\/p>\n\n\n\n<p><em>Como posible consecuencia de sus lecturas, cierto poso horaciano cuando invita a \u201cdisfrutar de la vida \/ del fugaz tiempo\u201d desde la sencillez de las cosas peque\u00f1as; cuando acusa la fugacidad del tiempo \u201cya es pasado \/ lo que escribo\u201d; o cuando se demora en los detalles de una naturaleza arc\u00e1dica, que lamenta profanada por alguna oscura humanidad.<\/em><\/p>\n\n\n\n<p><em>Quiz\u00e1s tambi\u00e9n, ciertos tintes machadianos en el retrato que preside la casa; al subrayar que el \u00fanico tiempo que cuenta es el vivido la \u201cvida vivida\u201d y, sobre todo, en los espejos, ya desde el t\u00edtulo mismo. Superficies que no siempre reflejan, met\u00e1fora de sentimientos rotos, de profundas aguas negras; el espejo inclinado del portal que ofrece una imagen turbia, elevada; espejo como lugar donde mirarse de frente, hacia adentro, de dentro a fuera para entender las dudas, para entenderse y poder expresar pensamientos y expresarse, con la palabra \u201cJuegos de espejos, \/ reflejos, contrastes\u2026\/ estado de \u00e1nimo, destellos\u201d.<\/em><\/p>\n\n\n\n<p><em>Aunque, sin duda, el eje vertebrador de la obra es el hombre. El hombre derrotado, sometido, dominado, empobrecido, callado, esforzado; el hombre pegado por su blusa al sudor de la miseria. Pero tambi\u00e9n el hombre superior, luchador, idealista, honrado, ejemplar, \u00e9tico, universal. El hombre nuevo, el hombre bueno en comuni\u00f3n con el hombre como la \u00fanica forma de reivindicarse, como el \u00fanico camino verdadero para la vida \u201cEl reto: \/ vivir la vida dignamente. \/ Todos\u201d.<\/em><\/p>\n\n\n\n<p><em>Y junto al hombre, la mujer. Mujer amor, compa\u00f1era y apoyo; mujer siempre madre en un eterno parto de vida, mujer esfuerzo y cari\u00f1o y sosiego.<\/em><\/p>\n\n\n\n<p><em>El mar, que act\u00faa de puente entre aquel verde de olivos y aceite del pasado, y su proyecci\u00f3n azul mediterr\u00e1nea del presente. Un mar que posiblemente determina un aspecto nuevo en la mirada del autor; una mirada de ternura y esperanza en los ojos de sus nietas, en su proyecto de futuro.<\/em><\/p>\n\n\n\n<p><em>Esta es la obra de un poeta sencillo que va desgranando versos muy personales, versos de tierra y agua. Unos nacidos de las vivencias y madurados en el recuerdo; otros, gritos callados de rebeld\u00eda, y en todos, el af\u00e1n de llegar a la ra\u00edz para no traicionar lo sincero, lo aut\u00e9ntico.<\/em><\/p>\n\n\n\n<p><em>Parafraseando al autor, quiz\u00e1s no sea un hombre de letras, pero en Paisajes y espejos ha sabido hilvanar con precisi\u00f3n y belleza las palabras para tocar las emociones que, a fin de cuentas, es la misi\u00f3n del poeta. Un poeta \u201cAl filo entre ayer y ma\u00f1ana. \/ Vivo\u201d.&nbsp;<\/em><\/p>\n\n\n\n<p><strong>La noche m\u00e1s corta<\/strong><\/p>\n\n\n\n<p>&nbsp; &nbsp; &nbsp; &nbsp; &nbsp; &nbsp; &nbsp; &nbsp;Largas horas al sol.<\/p>\n\n\n\n<p>&nbsp; &nbsp; &nbsp; &nbsp; &nbsp; &nbsp; &nbsp; Sol, trabajo necesario.<\/p>\n\n\n\n<p>&nbsp; &nbsp; &nbsp; &nbsp; &nbsp; &nbsp; &nbsp; Juntos los trabajos, todos,<\/p>\n\n\n\n<p>&nbsp; &nbsp; &nbsp; &nbsp; &nbsp; &nbsp; &nbsp; no llegan a un m\u00edsero salario.<\/p>\n\n\n\n<p>&nbsp; &nbsp; &nbsp; &nbsp; &nbsp; &nbsp; &nbsp; D\u00eda largo, del \u201cse\u00f1orito\u201d&#8230;migajas\u201d.<\/p>\n\n\n\n<p>&nbsp; &nbsp; &nbsp; &nbsp; &nbsp; &nbsp; &nbsp;Corta noche. Hijos, marido o casa&#8230;<\/p>\n\n\n\n<p>\u00a0 \u00a0 \u00a0 \u00a0 \u00a0 \u00a0 \u00a0d\u00eda y noche, milagros.<\/p>\n\n\n<div class=\"wp-block-image\">\n<figure class=\"alignright size-full is-resized\"><img decoding=\"async\" src=\"https:\/\/lugardemarmolejo.es\/wp-content\/uploads\/2023\/09\/image.png\" alt=\"\" class=\"wp-image-339\" style=\"width:503px;height:344px\" width=\"503\" height=\"344\"\/><\/figure>\n<\/div>\n\n\n<p>&nbsp; &nbsp; &nbsp; &nbsp; &nbsp; &nbsp; &nbsp;Ternura de madre sale. Cansado el cuerpo.<\/p>\n\n\n\n<p>&nbsp; &nbsp; &nbsp; &nbsp; &nbsp; &nbsp; &nbsp;Vidas y futuro amamanta.<\/p>\n\n\n\n<p>&nbsp; &nbsp; &nbsp; &nbsp; &nbsp; &nbsp; &nbsp;Para los consejos, horas faltan.<\/p>\n\n\n\n<p>&nbsp; &nbsp; &nbsp; &nbsp; &nbsp; &nbsp; &nbsp;Aligera odios, (despu\u00e9s de la guerra).<\/p>\n\n\n\n<p>&nbsp; &nbsp; &nbsp; &nbsp; &nbsp; &nbsp; &nbsp;Entre \u201cmalos y buenos\u201d.<\/p>\n\n\n\n<p>&nbsp; &nbsp; &nbsp; &nbsp; &nbsp; &nbsp; &nbsp;Reflexi\u00f3n serena, r\u00ede, canta.<\/p>\n\n\n\n<p>&nbsp; &nbsp; &nbsp; &nbsp; &nbsp; &nbsp; &nbsp;D\u00eda a d\u00eda,<\/p>\n\n\n\n<p>&nbsp; &nbsp; &nbsp; &nbsp; &nbsp; &nbsp; &nbsp;su vida en nosotros gasta.<\/p>\n\n\n\n<p>&nbsp; &nbsp; &nbsp; &nbsp; &nbsp; &nbsp; &nbsp;Pesada carga&#8230;<\/p>\n\n\n\n<p>&nbsp; &nbsp; &nbsp; &nbsp; &nbsp; &nbsp; &nbsp;con amor y embeleso, aligerada.<\/p>\n\n\n\n<p>&nbsp; &nbsp; &nbsp; &nbsp; &nbsp; &nbsp; &nbsp;Alumbrar cuatro hijos.<\/p>\n\n\n\n<p>&nbsp; &nbsp; &nbsp; &nbsp; &nbsp; &nbsp; &nbsp;Dar luz y vida&#8230;<\/p>\n\n\n\n<p>&nbsp; &nbsp; &nbsp; &nbsp; &nbsp; &nbsp; &nbsp;hasta el \u00faltimo suspiro.<\/p>\n\n\n\n<p>&nbsp; &nbsp; &nbsp; &nbsp; &nbsp; &nbsp; &nbsp;Cada d\u00eda, cada noche, de madrugada&#8230;<\/p>\n\n\n\n<p>&nbsp; &nbsp; &nbsp; &nbsp; &nbsp; &nbsp; &nbsp;Sigue haci\u00e9ndolo,<\/p>\n\n\n\n<p>&nbsp; &nbsp; &nbsp; &nbsp; &nbsp; &nbsp; &nbsp;Ahora junto al \u201cnene\u201d.<\/p>\n\n\n\n<p>&nbsp; &nbsp; &nbsp; &nbsp; &nbsp; &nbsp; &nbsp;Feliz.<\/p>\n\n\n\n<p>&nbsp; &nbsp; &nbsp; &nbsp; &nbsp; &nbsp; &nbsp;Contenta. Descansa.<\/p>\n\n\n\n<p><strong>&nbsp; &nbsp; &nbsp; &nbsp; &nbsp; &nbsp; &nbsp;La siesta<\/strong><\/p>\n\n\n\n<p>&nbsp; &nbsp; &nbsp; &nbsp; &nbsp; &nbsp; &nbsp;A plomo, el sol cae.<\/p>\n\n\n\n<p>&nbsp; &nbsp; &nbsp; &nbsp; &nbsp; &nbsp; &nbsp;Los almajos ruedan,<\/p>\n\n\n\n<p>&nbsp; &nbsp; &nbsp; &nbsp; &nbsp; &nbsp; &nbsp;por el solano empujados. Solos.<\/p>\n\n\n\n<p>&nbsp; &nbsp; &nbsp; &nbsp; &nbsp; &nbsp; &nbsp;La chicharra, cansina.<\/p>\n\n\n\n<p>&nbsp; &nbsp; &nbsp; &nbsp; &nbsp; &nbsp; &nbsp;Desde el olivo,<\/p>\n\n\n\n<p>&nbsp; &nbsp; &nbsp; &nbsp; &nbsp; &nbsp; &nbsp;hace su preg\u00f3n. Avisa.<\/p>\n\n\n\n<p>&nbsp; &nbsp; &nbsp; &nbsp; &nbsp; &nbsp; La rana entre ca\u00f1as y ovas.<\/p>\n\n\n\n<p>&nbsp; &nbsp; &nbsp; &nbsp; &nbsp; &nbsp; En la alberca canta&#8230;<\/p>\n\n\n\n<p>&nbsp; &nbsp; &nbsp; &nbsp; &nbsp; &nbsp; al oir pasos, no opina. Calla.<\/p>\n\n\n\n<p>&nbsp; &nbsp; &nbsp; &nbsp; &nbsp; &nbsp; El jornalero, azada al hombro,&nbsp;<\/p>\n\n\n\n<p>&nbsp; &nbsp; &nbsp; &nbsp; &nbsp; &nbsp; calado el sombrero de paja&#8230;<\/p>\n\n\n\n<p>&nbsp; &nbsp; &nbsp; &nbsp; &nbsp; &nbsp; blusa de salitre. Quemado, anda.<\/p>\n\n\n\n<p>&nbsp; &nbsp; &nbsp; &nbsp; &nbsp; &nbsp; &nbsp;Busca la sombra,<\/p>\n\n\n\n<p>&nbsp; &nbsp; &nbsp; &nbsp; &nbsp; &nbsp; &nbsp;las gruesas paredes de tierra.<\/p>\n\n\n\n<p>&nbsp; &nbsp; &nbsp; &nbsp; &nbsp; &nbsp; &nbsp;Refugio blanqueado. Su casa.<\/p>\n\n\n\n<p>&nbsp; &nbsp; &nbsp; &nbsp; &nbsp; &nbsp; &nbsp;El suelo, guijas de canto.<\/p>\n\n\n\n<p>&nbsp; &nbsp; &nbsp; &nbsp; &nbsp; &nbsp; &nbsp;Dibujado entre ladrillos de barro.<\/p>\n\n\n\n<p>&nbsp; &nbsp; &nbsp; &nbsp; &nbsp; &nbsp; &nbsp;Al fondo: el botijo fresco, sudado&#8230;la sed calma.<\/p>\n\n\n\n<p>&nbsp; &nbsp; &nbsp; &nbsp; &nbsp; &nbsp; &nbsp;El agua del pozo refresca,<\/p>\n\n\n\n<p>&nbsp; &nbsp; &nbsp; &nbsp; &nbsp; &nbsp; &nbsp;el salitre a pu\u00f1ados quita.<\/p>\n\n\n\n<p>&nbsp; &nbsp; &nbsp; &nbsp; &nbsp; &nbsp; &nbsp;Camastro en tierra. Pausa. Sue\u00f1o so\u00f1ado.<\/p>\n\n\n\n<p>&nbsp; &nbsp; &nbsp; &nbsp; &nbsp; &nbsp; &nbsp;Alivio, descanso&#8230;todo cerrado.<\/p>\n\n\n\n<p>&nbsp; &nbsp; &nbsp; &nbsp; &nbsp; &nbsp; &nbsp;Que afloje el sol espera.<\/p>\n\n\n\n<p>&nbsp; &nbsp; &nbsp; &nbsp; &nbsp; &nbsp; &nbsp;Que gire el viento. Que el fuego apague.<\/p>\n\n\n\n<p>&nbsp; &nbsp; &nbsp; &nbsp; &nbsp; &nbsp; &nbsp;No quiere siestas. Sue\u00f1a otra vida.<\/p>\n","protected":false},"excerpt":{"rendered":"<p>\u00abPaisajes y Espejos\u00bb El pr\u00f3ximo 11 de abril (s\u00e1bado) presentar\u00e1 en Marmolejo su libro de poes\u00edas \u201cPaisajes y Espejos\u201d, nuestro paisano, Mariano Jurado Arcos. La hora ser\u00e1 a las 7 de la tarde y el lugar del acto previsiblemente la Casa de la Cultura. El autor, a trav\u00e9s de esta p\u00e1gina web, donde en ocasiones [&hellip;]<\/p>\n","protected":false},"author":1,"featured_media":0,"parent":0,"menu_order":0,"comment_status":"closed","ping_status":"closed","template":"","meta":{"footnotes":""},"class_list":["post-338","page","type-page","status-publish","hentry"],"yoast_head":"<!-- This site is optimized with the Yoast SEO plugin v25.2 - https:\/\/yoast.com\/wordpress\/plugins\/seo\/ -->\n<title>Desde el taller, al encuentro: - El lugar de Marmolejo<\/title>\n<meta name=\"robots\" content=\"index, follow, max-snippet:-1, max-image-preview:large, max-video-preview:-1\" \/>\n<link rel=\"canonical\" href=\"https:\/\/lugardemarmolejo.es\/?page_id=338\" \/>\n<meta property=\"og:locale\" content=\"es_ES\" \/>\n<meta property=\"og:type\" content=\"article\" \/>\n<meta property=\"og:title\" content=\"Desde el taller, al encuentro: - El lugar de Marmolejo\" \/>\n<meta property=\"og:description\" content=\"\u00abPaisajes y Espejos\u00bb El pr\u00f3ximo 11 de abril (s\u00e1bado) presentar\u00e1 en Marmolejo su libro de poes\u00edas \u201cPaisajes y Espejos\u201d, nuestro paisano, Mariano Jurado Arcos. La hora ser\u00e1 a las 7 de la tarde y el lugar del acto previsiblemente la Casa de la Cultura. El autor, a trav\u00e9s de esta p\u00e1gina web, donde en ocasiones [&hellip;]\" \/>\n<meta property=\"og:url\" content=\"https:\/\/lugardemarmolejo.es\/?page_id=338\" \/>\n<meta property=\"og:site_name\" content=\"El lugar de Marmolejo\" \/>\n<meta property=\"og:image\" content=\"https:\/\/static.wixstatic.com\/media\/7e23fc_5cd9d82584a14cd89336a91b425361cc.jpg\/v1\/fill\/w_277,h_372,al_c,q_80,usm_0.66_1.00_0.01,enc_auto\/7e23fc_5cd9d82584a14cd89336a91b425361cc.jpg\" \/>\n<meta name=\"twitter:card\" content=\"summary_large_image\" \/>\n<meta name=\"twitter:label1\" content=\"Tiempo de lectura\" \/>\n\t<meta name=\"twitter:data1\" content=\"10 minutos\" \/>\n<script type=\"application\/ld+json\" class=\"yoast-schema-graph\">{\"@context\":\"https:\/\/schema.org\",\"@graph\":[{\"@type\":\"WebPage\",\"@id\":\"https:\/\/lugardemarmolejo.es\/?page_id=338\",\"url\":\"https:\/\/lugardemarmolejo.es\/?page_id=338\",\"name\":\"Desde el taller, al encuentro: - El lugar de Marmolejo\",\"isPartOf\":{\"@id\":\"https:\/\/lugardemarmolejo.es\/#website\"},\"primaryImageOfPage\":{\"@id\":\"https:\/\/lugardemarmolejo.es\/?page_id=338#primaryimage\"},\"image\":{\"@id\":\"https:\/\/lugardemarmolejo.es\/?page_id=338#primaryimage\"},\"thumbnailUrl\":\"https:\/\/static.wixstatic.com\/media\/7e23fc_5cd9d82584a14cd89336a91b425361cc.jpg\/v1\/fill\/w_277,h_372,al_c,q_80,usm_0.66_1.00_0.01,enc_auto\/7e23fc_5cd9d82584a14cd89336a91b425361cc.jpg\",\"datePublished\":\"2023-09-20T13:46:36+00:00\",\"breadcrumb\":{\"@id\":\"https:\/\/lugardemarmolejo.es\/?page_id=338#breadcrumb\"},\"inLanguage\":\"es\",\"potentialAction\":[{\"@type\":\"ReadAction\",\"target\":[\"https:\/\/lugardemarmolejo.es\/?page_id=338\"]}]},{\"@type\":\"ImageObject\",\"inLanguage\":\"es\",\"@id\":\"https:\/\/lugardemarmolejo.es\/?page_id=338#primaryimage\",\"url\":\"https:\/\/static.wixstatic.com\/media\/7e23fc_5cd9d82584a14cd89336a91b425361cc.jpg\/v1\/fill\/w_277,h_372,al_c,q_80,usm_0.66_1.00_0.01,enc_auto\/7e23fc_5cd9d82584a14cd89336a91b425361cc.jpg\",\"contentUrl\":\"https:\/\/static.wixstatic.com\/media\/7e23fc_5cd9d82584a14cd89336a91b425361cc.jpg\/v1\/fill\/w_277,h_372,al_c,q_80,usm_0.66_1.00_0.01,enc_auto\/7e23fc_5cd9d82584a14cd89336a91b425361cc.jpg\"},{\"@type\":\"BreadcrumbList\",\"@id\":\"https:\/\/lugardemarmolejo.es\/?page_id=338#breadcrumb\",\"itemListElement\":[{\"@type\":\"ListItem\",\"position\":1,\"name\":\"Portada\",\"item\":\"https:\/\/lugardemarmolejo.es\/\"},{\"@type\":\"ListItem\",\"position\":2,\"name\":\"Desde el taller, al encuentro:\"}]},{\"@type\":\"WebSite\",\"@id\":\"https:\/\/lugardemarmolejo.es\/#website\",\"url\":\"https:\/\/lugardemarmolejo.es\/\",\"name\":\"El lugar de Marmolejo\",\"description\":\"\",\"potentialAction\":[{\"@type\":\"SearchAction\",\"target\":{\"@type\":\"EntryPoint\",\"urlTemplate\":\"https:\/\/lugardemarmolejo.es\/?s={search_term_string}\"},\"query-input\":{\"@type\":\"PropertyValueSpecification\",\"valueRequired\":true,\"valueName\":\"search_term_string\"}}],\"inLanguage\":\"es\"}]}<\/script>\n<!-- \/ Yoast SEO plugin. -->","yoast_head_json":{"title":"Desde el taller, al encuentro: - El lugar de Marmolejo","robots":{"index":"index","follow":"follow","max-snippet":"max-snippet:-1","max-image-preview":"max-image-preview:large","max-video-preview":"max-video-preview:-1"},"canonical":"https:\/\/lugardemarmolejo.es\/?page_id=338","og_locale":"es_ES","og_type":"article","og_title":"Desde el taller, al encuentro: - El lugar de Marmolejo","og_description":"\u00abPaisajes y Espejos\u00bb El pr\u00f3ximo 11 de abril (s\u00e1bado) presentar\u00e1 en Marmolejo su libro de poes\u00edas \u201cPaisajes y Espejos\u201d, nuestro paisano, Mariano Jurado Arcos. La hora ser\u00e1 a las 7 de la tarde y el lugar del acto previsiblemente la Casa de la Cultura. El autor, a trav\u00e9s de esta p\u00e1gina web, donde en ocasiones [&hellip;]","og_url":"https:\/\/lugardemarmolejo.es\/?page_id=338","og_site_name":"El lugar de Marmolejo","og_image":[{"url":"https:\/\/static.wixstatic.com\/media\/7e23fc_5cd9d82584a14cd89336a91b425361cc.jpg\/v1\/fill\/w_277,h_372,al_c,q_80,usm_0.66_1.00_0.01,enc_auto\/7e23fc_5cd9d82584a14cd89336a91b425361cc.jpg","type":"","width":"","height":""}],"twitter_card":"summary_large_image","twitter_misc":{"Tiempo de lectura":"10 minutos"},"schema":{"@context":"https:\/\/schema.org","@graph":[{"@type":"WebPage","@id":"https:\/\/lugardemarmolejo.es\/?page_id=338","url":"https:\/\/lugardemarmolejo.es\/?page_id=338","name":"Desde el taller, al encuentro: - El lugar de Marmolejo","isPartOf":{"@id":"https:\/\/lugardemarmolejo.es\/#website"},"primaryImageOfPage":{"@id":"https:\/\/lugardemarmolejo.es\/?page_id=338#primaryimage"},"image":{"@id":"https:\/\/lugardemarmolejo.es\/?page_id=338#primaryimage"},"thumbnailUrl":"https:\/\/static.wixstatic.com\/media\/7e23fc_5cd9d82584a14cd89336a91b425361cc.jpg\/v1\/fill\/w_277,h_372,al_c,q_80,usm_0.66_1.00_0.01,enc_auto\/7e23fc_5cd9d82584a14cd89336a91b425361cc.jpg","datePublished":"2023-09-20T13:46:36+00:00","breadcrumb":{"@id":"https:\/\/lugardemarmolejo.es\/?page_id=338#breadcrumb"},"inLanguage":"es","potentialAction":[{"@type":"ReadAction","target":["https:\/\/lugardemarmolejo.es\/?page_id=338"]}]},{"@type":"ImageObject","inLanguage":"es","@id":"https:\/\/lugardemarmolejo.es\/?page_id=338#primaryimage","url":"https:\/\/static.wixstatic.com\/media\/7e23fc_5cd9d82584a14cd89336a91b425361cc.jpg\/v1\/fill\/w_277,h_372,al_c,q_80,usm_0.66_1.00_0.01,enc_auto\/7e23fc_5cd9d82584a14cd89336a91b425361cc.jpg","contentUrl":"https:\/\/static.wixstatic.com\/media\/7e23fc_5cd9d82584a14cd89336a91b425361cc.jpg\/v1\/fill\/w_277,h_372,al_c,q_80,usm_0.66_1.00_0.01,enc_auto\/7e23fc_5cd9d82584a14cd89336a91b425361cc.jpg"},{"@type":"BreadcrumbList","@id":"https:\/\/lugardemarmolejo.es\/?page_id=338#breadcrumb","itemListElement":[{"@type":"ListItem","position":1,"name":"Portada","item":"https:\/\/lugardemarmolejo.es\/"},{"@type":"ListItem","position":2,"name":"Desde el taller, al encuentro:"}]},{"@type":"WebSite","@id":"https:\/\/lugardemarmolejo.es\/#website","url":"https:\/\/lugardemarmolejo.es\/","name":"El lugar de Marmolejo","description":"","potentialAction":[{"@type":"SearchAction","target":{"@type":"EntryPoint","urlTemplate":"https:\/\/lugardemarmolejo.es\/?s={search_term_string}"},"query-input":{"@type":"PropertyValueSpecification","valueRequired":true,"valueName":"search_term_string"}}],"inLanguage":"es"}]}},"_links":{"self":[{"href":"https:\/\/lugardemarmolejo.es\/index.php?rest_route=\/wp\/v2\/pages\/338","targetHints":{"allow":["GET"]}}],"collection":[{"href":"https:\/\/lugardemarmolejo.es\/index.php?rest_route=\/wp\/v2\/pages"}],"about":[{"href":"https:\/\/lugardemarmolejo.es\/index.php?rest_route=\/wp\/v2\/types\/page"}],"author":[{"embeddable":true,"href":"https:\/\/lugardemarmolejo.es\/index.php?rest_route=\/wp\/v2\/users\/1"}],"replies":[{"embeddable":true,"href":"https:\/\/lugardemarmolejo.es\/index.php?rest_route=%2Fwp%2Fv2%2Fcomments&post=338"}],"version-history":[{"count":1,"href":"https:\/\/lugardemarmolejo.es\/index.php?rest_route=\/wp\/v2\/pages\/338\/revisions"}],"predecessor-version":[{"id":340,"href":"https:\/\/lugardemarmolejo.es\/index.php?rest_route=\/wp\/v2\/pages\/338\/revisions\/340"}],"wp:attachment":[{"href":"https:\/\/lugardemarmolejo.es\/index.php?rest_route=%2Fwp%2Fv2%2Fmedia&parent=338"}],"curies":[{"name":"wp","href":"https:\/\/api.w.org\/{rel}","templated":true}]}}