{"id":293,"date":"2023-08-13T11:07:18","date_gmt":"2023-08-13T11:07:18","guid":{"rendered":"https:\/\/lugardemarmolejo.es\/?page_id=293"},"modified":"2023-08-14T08:04:55","modified_gmt":"2023-08-14T08:04:55","slug":"vicente-orti-y-criado-medico-y-alcalde-de-marmolejo-en-el-siglo-xix","status":"publish","type":"page","link":"https:\/\/lugardemarmolejo.es\/?page_id=293","title":{"rendered":"Vicente Orti y Criado: M\u00e9dico y Alcalde de Marmolejo en el siglo XIX"},"content":{"rendered":"\n<h1 class=\"wp-block-heading\"><\/h1>\n\n\n\n<h4 class=\"wp-block-heading\"><strong>-Manuel Perales Sol\u00eds-<\/strong><\/h4>\n\n\n\n<p>En el Bolet\u00edn de la Real Academia de C\u00f3rdoba de Ciencias, Bellas Artes y Nobles Artes, se public\u00f3 en 1971, una rese\u00f1a biogr\u00e1fica del que fuera m\u00e9dico director de las Aguas Minerales de Marmolejo entre los a\u00f1os de 1817 a 1867. Esta rese\u00f1a iba incluida dentro de un estudio m\u00e1s amplio denominado \u201cEl apellido Orti en la Historia y la Cultura\u201d, en el que se analizaban los miembros m\u00e1s destacados de esta saga en sus diferentes ramas: la italiana, la valenciana y aragonesa y finalmente la andaluza, deteni\u00e9ndose en esta \u00faltima en los ascendientes directos del autor del citado estudio, el historiador cordob\u00e9s, Miguel \u00c1ngel Orti Belmonte (1), biznieto de Vicente Orti y Criado, personaje vinculado durante a\u00f1os a Marmolejo, pues aqu\u00ed ejerci\u00f3 como M\u00e9dico-director de las Aguas, llegando incluso a ostentar distintas responsabilidades municipales en el periodo de Regencia de Mar\u00eda Cristina de Borb\u00f3n.<\/p>\n\n\n\n<p>Nos refiere Miguel \u00c1ngel Orti Belmonte que en fecha incierta seg\u00fan la tradici\u00f3n de su familia, hacia la segunda mitad del siglo dieciocho, lleg\u00f3 de Valencia a Castro del R\u00edo (C\u00f3rdoba) su tatarabuelo Vicente Orti, localidad donde ejerci\u00f3 como m\u00e9dico y cas\u00f3 con una dama de distinguida familia, de apellido Criado. Del matrimonio nacer\u00eda Vicente Orti y Criado.<\/p>\n\n\n\n<p>La primera noticia documentada, pues la Guerra Civil destruy\u00f3 los archivos de Castro del R\u00edo le impidi\u00f3 aclarar los a\u00f1os de su vida en esta localidad de la campi\u00f1a cordobesa, se la proporcion\u00f3 el dictamen de fecha 28 de diciembre de 1813, de las Cortes de C\u00e1diz respondiendo a la solicitud presentada por Vicente Orti y Criado, vecino de Castro del R\u00edo, solicitando se dignasen a declarar valido su t\u00edtulo de Bachiller en Medicina y Cirujano, obtenido en la Universidad de Osuna, durante la dominaci\u00f3n francesa en dicha ciudad, y que hab\u00eda sido rechazada su validez por el Tribunal ProtoMedicato. Se acordaba con un largo informe su validez seg\u00fan consta en el Diario de Sesiones de las Cortes Generales Extraordinarias celebradas entre 1810 a 1813.<\/p>\n\n\n<div class=\"wp-block-image\">\n<figure class=\"alignleft is-resized\"><img fetchpriority=\"high\" decoding=\"async\" src=\"https:\/\/static.wixstatic.com\/media\/7e23fc_3edfe355a7730582452e0b2d4f8044d7.jpg\/v1\/fill\/w_501,h_346,al_c,q_80,usm_0.66_1.00_0.01,enc_auto\/7e23fc_3edfe355a7730582452e0b2d4f8044d7.jpg\" alt=\"\" style=\"width:425px;height:294px\" width=\"425\" height=\"294\"\/><figcaption class=\"wp-element-caption\"><strong>Castro del R\u00edo (C\u00f3rdoba) localidad donde naci\u00f3 Vicente Orti Criado.<\/strong><\/figcaption><\/figure>\n<\/div>\n\n\n<p>Al a\u00f1o siguiente obtuvo destino de m\u00e9dico titular por aclamaci\u00f3n en la villa de la Rambla (C\u00f3rdoba) y public\u00f3 su primer trabajo cient\u00edfico sobre el \u201cAbuso de las sangr\u00edas\u201d, impreso en C\u00f3rdoba en la Imprenta Real (1814).<\/p>\n\n\n\n<p>En 1817 obten\u00eda por oposici\u00f3n la plaza de director de las Aguas minerales de Marmolejo, siendo nombrado por el rey Fernando VII para tal fin. Disfrut\u00f3 por ley del goce del Fuero de Criados de la Casa Real, raz\u00f3n por la cual cuando fue propuesto el 22 de febrero de 1833 para desempe\u00f1ar el cargo p\u00fablico de S\u00edndico Personero del Ayuntamiento de Marmolejo (2), alegar\u00eda estar excusado para ejercer puestos de responsabilidad pol\u00edtica, aunque a\u00f1os despu\u00e9s le veremos implicado en la gobernaci\u00f3n del municipio en los dif\u00edciles a\u00f1os de la primera guerra Carlista, sirviendo a la causa liberal encarnada en la reina ni\u00f1a Isabel II.<\/p>\n\n\n\n<p>Desde 1817 hasta 1867, Vicente Orti y Criado vivi\u00f3 en Marmolejo, simultaneando la direcci\u00f3n facultativa de las Aguas Minerales con la plaza de m\u00e9dico titular de la villa, escribiendo durante esos a\u00f1os multitud de memorias y dict\u00e1menes, algunos de los cuales fueron publicadas en el peri\u00f3dico de la Real Academia de Medicina de C\u00e1diz; otras est\u00e1n manuscritas en bibliotecas cient\u00edficas de Sevilla y Madrid; casi todas constan en la Biblioteca Hidrol\u00f3gica M\u00e9dico Espa\u00f1ola, del doctor Mart\u00ednez Reguera.<\/p>\n\n\n\n<p>Anastasio Chinchilla, en su \u201cHistoria General de la Medicina Espa\u00f1ola\u201d le dedic\u00f3 tres p\u00e1ginas a su biograf\u00eda m\u00e9dica y en la Bibliograf\u00eda Hidrol\u00f3gica M\u00e9dica Espa\u00f1ola se hace menci\u00f3n muy honor\u00edfica de Vicente Orti y Criado en estos t\u00e9rminos:&nbsp;<em>\u201cAnaliz\u00f3 las aguas de Marmolejo, que estando bajo su direcci\u00f3n, cuyo uso y forma estudi\u00f3 considerablemente con su buena asistencia y con sus escritos, cit\u00e1ndose entre otros tres Memorias cuyo extracto hizo y aprob\u00f3 la Academia de Sevilla\u201d.<\/em><\/p>\n\n\n\n<p>Entre sus trabajos m\u00e1s importantes le debemos el \u201cExamen filos\u00f3fico sobre la naturaleza y aplicaci\u00f3n terap\u00e9utica de las aguas minerales del Marmolejo. A\u00f1o 1841\u201d. Tambi\u00e9n se conservan en la biblioteca de la Universidad Complutense las Memorias sobre las Aguas minerales de Marmolejo de los a\u00f1os de 1848, 1860 y 1861.<\/p>\n\n\n\n<p>&nbsp; Contrajo matrimonio con Marina de Lara, de familia acomodada iliturgitana de cuyo matrimonio nacieron tres varones y cuatro hembras: Vicente, m\u00e9dico, que ejerci\u00f3 en And\u00fajar, Marmolejo y C\u00f3rdoba, donde finalmente se instal\u00f3 y contrajo matrimonio con Dolores Mu\u00f1oz Gassin; Juan Manuel, fil\u00f3sofo y catedr\u00e1tico de Metaf\u00edsica en la Universidad Central de Madrid; Josefa, madre de Jos\u00e9 y Juan Manuel Alcal\u00e1 Orti, y abuela del escritor Antonio Alcal\u00e1 Venceslada; Antonio, Alfonso, Clara y Juana Orti y Lara, esta \u00faltima religiosa.<\/p>\n\n\n<div class=\"wp-block-image\">\n<figure class=\"alignright is-resized\"><img decoding=\"async\" src=\"https:\/\/static.wixstatic.com\/media\/7e23fc_cde34fc43c452f55649b72f66791f351.jpg\/v1\/fill\/w_396,h_556,al_c,lg_1,q_80,enc_auto\/7e23fc_cde34fc43c452f55649b72f66791f351.jpg\" alt=\"\" style=\"width:340px;height:477px\" width=\"340\" height=\"477\"\/><figcaption class=\"wp-element-caption\"><strong>El fil\u00f3sofo y escritor Juan Manuel Orti y Lara (1926-1904), fue hijo del m\u00e9dico Vicente Orti Criado. Fuente: Miguel \u00c1ngel Orti Belmonte.<\/strong><\/figcaption><\/figure>\n<\/div>\n\n\n<p>La figura de este humilde m\u00e9dico fue adquiriendo especial notoriedad entre los marmoleje\u00f1os: en 1833 era propuesto para el cargo de S\u00edndico Personero del Com\u00fan; en enero de 1834 integr\u00f3 la Junta de Sanidad municipal, ejerciendo de Secretario de la misma, debiendo de hacer frente a la terrible epidemia de c\u00f3lera morbo que asol\u00f3 la poblaci\u00f3n desde principios del verano con un resultado de m\u00e1s de 200 personas fallecidas, circunstancias dram\u00e1ticas agravadas a\u00fan m\u00e1s por la falta total de cosechas de granos y de aceituna que llev\u00f3 el hambre y la miseria a casi toda la poblaci\u00f3n. El informe del Alcalde Bartolom\u00e9 Serrano Ruiz dirigido al Gobernador Civil har\u00eda menci\u00f3n a tan tristes circunstancias:&nbsp;<em>\u201cEn una poblaci\u00f3n como \u00e9sta de 2000 habitantes, el c\u00f3lera morbo podr\u00e1 atacar ocasionando la muerte a 200 personas&#8230;El hambre en la misma ataca, por lo menos, a 1950 personas, cuasi todos pertenecen a la clase de pobres, mendigos, jornaleros pobres, artesanos y propietarios en peque\u00f1o, que todos perecen por falta de recursos para cubrir sus principales atenciones&#8230;La cosecha de granos ha sido nula, encontr\u00e1ndose los ejidos donde se verifica la saca (del grano) tan limpios como a fines de septiembre en a\u00f1os abundantes. La cosecha de aceituna pendiente es tambi\u00e9n nula. Por todos estos hechos desgraciados el hambre est\u00e1 a la vista y causando ya sus efectos. El hambre ha de ser causa que aumente los funestos progresos del c\u00f3lera y en la proporci\u00f3n que aumente la miseria han de aumentar los hechos criminales..\u201d(3).<\/em><\/p>\n\n\n\n<p>En septiembre de 1834 se le eleg\u00eda como regidor 1\u00ba (concejal) y en diciembre de 1835 se le nombraba Sindico Procurador para hacerse cargo de la Beneficencia Municipal. Durante los a\u00f1os de 1837 y 1838 como alcalde liberal moderado de tendencia pro-isabelina, le toc\u00f3 lidiar durante este periodo turbulento de la Regencia de Mar\u00eda Cristina de Borb\u00f3n, con los envites de las partidas carlistas comandadas por Orejita y Pe\u00f1uelas, siendo Vicente Orti una v\u00edctima m\u00e1s de la violencia de estas partidas. En la madrugada del d\u00eda 10 de febrero de 1838, fue secuestrado y posteriormente sometido a extorsi\u00f3n teniendo que obtener su liberaci\u00f3n con bienes de su propio pecunio. As\u00ed narr\u00f3 la noticia la Estafeta de Madrid:&nbsp;<em>\u201cEn la madrugada del 10, las facciones de Orejita y Pe\u00f1uelas con la fuerza de 400 hombres asaltaron la villa de Marmolejo, m\u00e1s los nacionales y paisanos que el primer Alcalde constitucional ten\u00eda ya preparados, les prestaron la m\u00e1s vigorosa resistencia. Lo d\u00e9bil de las fortificaciones, lo extenso del c\u00edrculo del pueblo y la copiosa lluvia facilit\u00f3 a los enemigos introducirse en las calles extremas robando y asolando cuanto encontraban, penetrando algunos grupos a lo interior hasta la l\u00ednea de defensa establecida en la plaza desde la que se les hizo un fuego viv\u00edsimo que pudo contenerlos. El Alcalde primero acud\u00eda a todas partes dando sus disposiciones con el mayor valor; y habiendo ido a reforzar un punto que trataban de flanquear los enemigos, tuvo la desgracia de caer prisionero. A pesar de este contratiempo continu\u00f3 vigorosamente la defensa, hasta que cansada la canalla, viendo el denuedo con que se les resist\u00eda, y que les era imposible penetrar en el centro del pueblo, se retiraron dejando tres muertos y varios heridos, y llev\u00e1ndose al citado Alcalde primero, Don Vicente Orti.<\/em><\/p>\n\n\n\n<p><\/p>\n\n\n\n<p><em>Tanto en la parte de la poblaci\u00f3n que ocuparon, como en los inmediatos caser\u00edos, han destruido, robado y aniquilado cuanto hallaron. Caballer\u00edas, alhajas, ropas, dineros, nada ha escapado de su rapacidad. El Alcalde, despu\u00e9s de mil peligros, consigui\u00f3 rescatarse mediante una cantidad considerable. Se ha dispuesto que la Milicia Nacional y las partidas de tropas se sit\u00faen en puntos convenientes para proteger a estos pueblos. La Milicia Nacional de Marmolejo ha cumplido su deber defendiendo sus hogares con el mayor denuedo. Es digna de elogio la conducta del Alcalde primero constitucional a cuya acertada disposici\u00f3n y decisi\u00f3n se debe principalmente tan brillante suceso, y que sacrificando parte de su fortuna y exponiendo su vida ha sabido acreditar su patriotismo y su amor a la causa nacional\u201d.<\/em><\/p>\n\n\n\n<p>A partir de 1867, seg\u00fan su biznieto, deja la direcci\u00f3n de las Aguas de Marmolejo y, a partir de ah\u00ed, carecemos de noticias sobre los \u00faltimos a\u00f1os de su vida. Muy probablemente marchase a vivir a And\u00fajar, de donde era su esposa, y en la que sabemos resid\u00eda espor\u00e1dicamente, al menos desde 1846 (4), fuera de la temporada de aguas, o bien marchar\u00eda definitivamente a Castro del R\u00edo donde pose\u00eda el patrimonio familiar heredado de sus padres, y a donde regresaba siempre que necesitaba reponer su salud, o tomar un descanso en los quehaceres cotidianos, seg\u00fan he visto reflejado en las actas capitulares del Ayuntamiento de Marmolejo.<\/p>\n\n\n<div class=\"wp-block-image\">\n<figure class=\"alignleft is-resized\"><img decoding=\"async\" src=\"https:\/\/static.wixstatic.com\/media\/7e23fc_a813805c96ae50a2e29ac5f278e5af16.jpg\/v1\/fill\/w_371,h_541,al_c,q_80,usm_0.66_1.00_0.01,enc_auto\/7e23fc_a813805c96ae50a2e29ac5f278e5af16.jpg\" alt=\"\" style=\"width:266px;height:388px\" width=\"266\" height=\"388\"\/><figcaption class=\"wp-element-caption\"><strong>Vicente Orti\u00a0Mu\u00f1oz, nacido en And\u00fajar en 1857, aunque criado en Marmolejo, fue hijo de Vicente Orti Lara el mayor del matrimonio entre Vicente Orti y Criado y Mar\u00eda de Lara. Ejerci\u00f3 con \u00e9xito la medicina en C\u00f3rdoba ciudad en la que falleci\u00f3 en 1919. En su juventud se adhiri\u00f3 la causa carlista y junto a su padre Vicente Orti Lara y su hermano Miguel \u00c1ngel, luch\u00f3 en los frentes del norte con las fuerzas de don Carlos (Carlos VII) entre 1872 y 1876. Fuente: Miguel \u00c1ngel Orti Belmonte.<\/strong><\/figcaption><\/figure>\n<\/div>\n\n\n<p>Entre sus descendientes menos conocidos en nuestro \u00e1mbito local, encontramos a su hijo Vicente Orti y Lara, tambi\u00e9n m\u00e9dico, cuya infancia y juventud discurri\u00f3 en Marmolejo. Ejerci\u00f3 la medicina en And\u00fajar, Marmolejo y finalmente en C\u00f3rdoba. Nos dice Orti Belmonte, su nieto, que fue un gran m\u00e9dico, el primero que us\u00f3 el cloroformo en C\u00f3rdoba en las operaciones quir\u00fargicas. La tradici\u00f3n de la familia dice que unos cuantos m\u00e9dicos estaban enfrente de la casa de aquel enfermo, esperando la noticia de su muerte, cosa que no sucedi\u00f3. Mantuvo discusiones cient\u00edficas en art\u00edculos en el \u201cDiario de C\u00f3rdoba\u201d. Fue muy querido y respetado por clientes y compa\u00f1eros. Public\u00f3 Exposici\u00f3n de las medidas convenientes para evitar el acontecimiento del c\u00f3lera\u201d, editado en Ja\u00e9n en 1849.<\/p>\n\n\n\n<p>Al contrario que su padre, en lo pol\u00edtico, fue de tendencia mon\u00e1rquica absolutista, abiertamente antiliberal, partidario desde 1872 de la causa de Carlos VII, pretendiente carlista a la corona, frente a la monarqu\u00eda constitucional de Amadeo de Saboya.<em>&nbsp;\u201cVicente Orti y Lara no vacil\u00f3 en unirse a las fuerzas de don Carlos, march\u00f3 a Madrid con su hijo Vicente Orti Mu\u00f1oz en donde se le uni\u00f3 su otro hijo Miguel \u00c1ngel, oficial de Estado Mayor del ej\u00e9rcito, consiguiendo pasar a Navarra, regi\u00f3n donde se desarrollaron los principales episodios de esta guerra para ponerse a las \u00f3rdenes de don Carlos\u201d.<\/em><\/p>\n\n\n\n<p>De Vicente Orti Mu\u00f1oz sabemos a trav\u00e9s de los datos de su hijo, Miguel \u00c1ngel Orti Belmonte, que&nbsp;<em>\u201cnaci\u00f3 en And\u00fajar el 14 de enero de 1857; trasladados a C\u00f3rdoba sus padres, al poco tiempo, en casa de don Antonio Molina, curs\u00f3 la segunda ense\u00f1anza hasta el Bachillerato.<\/em><\/p>\n\n\n\n<p><em>Terminada la tercera guerra carlista en 1876, empez\u00f3 en Madrid (curso de 1876 a 1877) la carrera de Medicina, en cuyos estudios se distingui\u00f3, como lo prueba el hecho de que habiendo presentado en clase en 1880 varios trabajos anat\u00f3micos, mereci\u00f3 el que se le nombrara Director honorario de la misma Facultad. Al terminar el curso en aquel mismo a\u00f1o, hizo oposici\u00f3n a una de las 16 plazas vacantes que exist\u00edan de alumnos internos del Colegio de San Carlos, obteniendo una de ellos y siendo 80 los opositores que concurrieron. Desempe\u00f1\u00f3 el cargo de alumno interno en la cl\u00ednica quir\u00fargica del sabio Rector de la Universidad Central, el Excmo. Sr. D. Juan Creus, del cual fue ayudante particular desde 1879 hasta el momento en que regres\u00f3 a C\u00f3rdoba. El 30 de mayo de 1883, hizo los ejercicios de licenciatura, habiendo cursado el a\u00f1o anterior las asignaturas de An\u00e1lisis Qu\u00edmico e Historia de las Ciencias M\u00e9dicas, doctor\u00e1ndose y volviendo a C\u00f3rdoba donde ejerci\u00f3 su profesi\u00f3n exitosamente. El 1 de enero de 1888 contrajo matrimonio con Dolores Belmonte M\u00fcller, teniendo 6 hijos. No perteneci\u00f3 a otra sociedad que a la M\u00e9dico-Farmac\u00e9utica de C\u00f3rdoba; fue vocal permanente de la Junta de Sanidad General de la provincia, vivi\u00f3 exclusivamente de su carrera y no profes\u00f3 opini\u00f3n alguna pol\u00edtica. Muri\u00f3 en C\u00f3rdoba el 8 de octubre de 1919\u201d (5).<\/em><\/p>\n\n\n\n<h6 class=\"wp-block-heading\"><strong>Notas, fuentes y bibliograf\u00eda:<\/strong><\/h6>\n\n\n\n<p>(1)Sobre Miguel \u00c1ngel Orti Belmonte, biznieto de Vicente Orti y Criado, profesor e historiador en la Escuela Normal de Magisterio de C\u00e1ceres, recomiendo la lectura del trabajo de car\u00e1cter biogr\u00e1fico titulado \u201cD. Miguel \u00c1ngel Orti Belmonte: sus tres emociones Hist\u00f3ricas vividas en C\u00e1ceres\u201d del escritor cacere\u00f1o Alonso J. Corrales Gait\u00e1n, publicado en internet en 2010, as\u00ed como la obra de este mismo autor titulada: \u201cD. Miguel \u00c1ngel Orti Belmonte (1891-1973), editada por Monte de Piedad y Cajas de Ahorros de C\u00f3rdoba. A\u00f1o 2004.<\/p>\n\n\n\n<p>(2)El Procurador S\u00edndico personero era el defensor de los intereses de los vecinos ante el Ayuntamiento; el encargado de promover los intereses de los pueblos, defender sus derechos y quejarse de los agravios que se le hac\u00edan. A partir de 1833 fueron nombrados por elecci\u00f3n entre los mayores contribuyentes y las personas de la corporaci\u00f3n municipal, en las mismas elecciones a alcaldes ordinarios. A partir de 1836 el Procurador S\u00edndico qued\u00f3 integrado como un cargo municipal m\u00e1s.<\/p>\n\n\n\n<p>(3) Actas Municipales del Ayuntamiento de Marmolejo: a\u00f1os de 1833 a 1838, y testimonio personal recabado en 1975 a Do\u00f1a Socorro Orti Garc\u00eda (q.e.p.d.), biznieta de Vicente Orti y Criado.<\/p>\n\n\n\n<p>(4) Seg\u00fan las noticias informativas que sal\u00edan en la prensa nacional sobre la temporada de aguas de Marmolejo, su director Vicente Orti y Criado consta residiendo desde el a\u00f1o 1846 en And\u00fajar fuera de los meses de temporada. Diario \u201cEl Espa\u00f1ol: diario de las doctrinas y de los intereses sociales\u201d. \u00c9poca 2\u00aa; n\u00famero 570 de 12 de mayo de 1846. Prensa Hist\u00f3rica del Ministerio de Cultura.<\/p>\n\n\n\n<p>(5) Estos datos biogr\u00e1ficos tambi\u00e9n pueden encontrarse en el diario \u201cC\u00f3rdoba\u201d, n\u00famero 13199, en el art\u00edculo titulado \u201cVicente Orti Mu\u00f1oz: biograf\u00eda\u201d, firmado por Francisco Gonz\u00e1lez S\u00e1enz. Fecha 11 de octubre de 1911. &nbsp;&nbsp;<\/p>\n","protected":false},"excerpt":{"rendered":"<p>-Manuel Perales Sol\u00eds- En el Bolet\u00edn de la Real Academia de C\u00f3rdoba de Ciencias, Bellas Artes y Nobles Artes, se public\u00f3 en 1971, una rese\u00f1a biogr\u00e1fica del que fuera m\u00e9dico director de las Aguas Minerales de Marmolejo entre los a\u00f1os de 1817 a 1867. Esta rese\u00f1a iba incluida dentro de un estudio m\u00e1s amplio denominado [&hellip;]<\/p>\n","protected":false},"author":1,"featured_media":0,"parent":0,"menu_order":0,"comment_status":"closed","ping_status":"closed","template":"elementor_theme","meta":{"footnotes":""},"class_list":["post-293","page","type-page","status-publish","hentry"],"yoast_head":"<!-- This site is optimized with the Yoast SEO plugin v25.2 - https:\/\/yoast.com\/wordpress\/plugins\/seo\/ -->\n<title>Vicente Orti y Criado: M\u00e9dico y Alcalde de Marmolejo en el siglo XIX - El lugar de Marmolejo<\/title>\n<meta name=\"robots\" content=\"index, follow, max-snippet:-1, max-image-preview:large, max-video-preview:-1\" \/>\n<link rel=\"canonical\" href=\"https:\/\/lugardemarmolejo.es\/?page_id=293\" \/>\n<meta property=\"og:locale\" content=\"es_ES\" \/>\n<meta property=\"og:type\" content=\"article\" \/>\n<meta property=\"og:title\" content=\"Vicente Orti y Criado: M\u00e9dico y Alcalde de Marmolejo en el siglo XIX - El lugar de Marmolejo\" \/>\n<meta property=\"og:description\" content=\"-Manuel Perales Sol\u00eds- En el Bolet\u00edn de la Real Academia de C\u00f3rdoba de Ciencias, Bellas Artes y Nobles Artes, se public\u00f3 en 1971, una rese\u00f1a biogr\u00e1fica del que fuera m\u00e9dico director de las Aguas Minerales de Marmolejo entre los a\u00f1os de 1817 a 1867. Esta rese\u00f1a iba incluida dentro de un estudio m\u00e1s amplio denominado [&hellip;]\" \/>\n<meta property=\"og:url\" content=\"https:\/\/lugardemarmolejo.es\/?page_id=293\" \/>\n<meta property=\"og:site_name\" content=\"El lugar de Marmolejo\" \/>\n<meta property=\"article:modified_time\" content=\"2023-08-14T08:04:55+00:00\" \/>\n<meta property=\"og:image\" content=\"https:\/\/static.wixstatic.com\/media\/7e23fc_3edfe355a7730582452e0b2d4f8044d7.jpg\/v1\/fill\/w_501,h_346,al_c,q_80,usm_0.66_1.00_0.01,enc_auto\/7e23fc_3edfe355a7730582452e0b2d4f8044d7.jpg\" \/>\n<meta name=\"twitter:card\" content=\"summary_large_image\" \/>\n<meta name=\"twitter:label1\" content=\"Tiempo de lectura\" \/>\n\t<meta name=\"twitter:data1\" content=\"13 minutos\" \/>\n<script type=\"application\/ld+json\" class=\"yoast-schema-graph\">{\"@context\":\"https:\/\/schema.org\",\"@graph\":[{\"@type\":\"WebPage\",\"@id\":\"https:\/\/lugardemarmolejo.es\/?page_id=293\",\"url\":\"https:\/\/lugardemarmolejo.es\/?page_id=293\",\"name\":\"Vicente Orti y Criado: M\u00e9dico y Alcalde de Marmolejo en el siglo XIX - El lugar de Marmolejo\",\"isPartOf\":{\"@id\":\"https:\/\/lugardemarmolejo.es\/#website\"},\"primaryImageOfPage\":{\"@id\":\"https:\/\/lugardemarmolejo.es\/?page_id=293#primaryimage\"},\"image\":{\"@id\":\"https:\/\/lugardemarmolejo.es\/?page_id=293#primaryimage\"},\"thumbnailUrl\":\"https:\/\/static.wixstatic.com\/media\/7e23fc_3edfe355a7730582452e0b2d4f8044d7.jpg\/v1\/fill\/w_501,h_346,al_c,q_80,usm_0.66_1.00_0.01,enc_auto\/7e23fc_3edfe355a7730582452e0b2d4f8044d7.jpg\",\"datePublished\":\"2023-08-13T11:07:18+00:00\",\"dateModified\":\"2023-08-14T08:04:55+00:00\",\"breadcrumb\":{\"@id\":\"https:\/\/lugardemarmolejo.es\/?page_id=293#breadcrumb\"},\"inLanguage\":\"es\",\"potentialAction\":[{\"@type\":\"ReadAction\",\"target\":[\"https:\/\/lugardemarmolejo.es\/?page_id=293\"]}]},{\"@type\":\"ImageObject\",\"inLanguage\":\"es\",\"@id\":\"https:\/\/lugardemarmolejo.es\/?page_id=293#primaryimage\",\"url\":\"https:\/\/static.wixstatic.com\/media\/7e23fc_3edfe355a7730582452e0b2d4f8044d7.jpg\/v1\/fill\/w_501,h_346,al_c,q_80,usm_0.66_1.00_0.01,enc_auto\/7e23fc_3edfe355a7730582452e0b2d4f8044d7.jpg\",\"contentUrl\":\"https:\/\/static.wixstatic.com\/media\/7e23fc_3edfe355a7730582452e0b2d4f8044d7.jpg\/v1\/fill\/w_501,h_346,al_c,q_80,usm_0.66_1.00_0.01,enc_auto\/7e23fc_3edfe355a7730582452e0b2d4f8044d7.jpg\"},{\"@type\":\"BreadcrumbList\",\"@id\":\"https:\/\/lugardemarmolejo.es\/?page_id=293#breadcrumb\",\"itemListElement\":[{\"@type\":\"ListItem\",\"position\":1,\"name\":\"Portada\",\"item\":\"https:\/\/lugardemarmolejo.es\/\"},{\"@type\":\"ListItem\",\"position\":2,\"name\":\"Vicente Orti y Criado: M\u00e9dico y Alcalde de Marmolejo en el siglo XIX\"}]},{\"@type\":\"WebSite\",\"@id\":\"https:\/\/lugardemarmolejo.es\/#website\",\"url\":\"https:\/\/lugardemarmolejo.es\/\",\"name\":\"El lugar de Marmolejo\",\"description\":\"\",\"potentialAction\":[{\"@type\":\"SearchAction\",\"target\":{\"@type\":\"EntryPoint\",\"urlTemplate\":\"https:\/\/lugardemarmolejo.es\/?s={search_term_string}\"},\"query-input\":{\"@type\":\"PropertyValueSpecification\",\"valueRequired\":true,\"valueName\":\"search_term_string\"}}],\"inLanguage\":\"es\"}]}<\/script>\n<!-- \/ Yoast SEO plugin. -->","yoast_head_json":{"title":"Vicente Orti y Criado: M\u00e9dico y Alcalde de Marmolejo en el siglo XIX - El lugar de Marmolejo","robots":{"index":"index","follow":"follow","max-snippet":"max-snippet:-1","max-image-preview":"max-image-preview:large","max-video-preview":"max-video-preview:-1"},"canonical":"https:\/\/lugardemarmolejo.es\/?page_id=293","og_locale":"es_ES","og_type":"article","og_title":"Vicente Orti y Criado: M\u00e9dico y Alcalde de Marmolejo en el siglo XIX - El lugar de Marmolejo","og_description":"-Manuel Perales Sol\u00eds- En el Bolet\u00edn de la Real Academia de C\u00f3rdoba de Ciencias, Bellas Artes y Nobles Artes, se public\u00f3 en 1971, una rese\u00f1a biogr\u00e1fica del que fuera m\u00e9dico director de las Aguas Minerales de Marmolejo entre los a\u00f1os de 1817 a 1867. Esta rese\u00f1a iba incluida dentro de un estudio m\u00e1s amplio denominado [&hellip;]","og_url":"https:\/\/lugardemarmolejo.es\/?page_id=293","og_site_name":"El lugar de Marmolejo","article_modified_time":"2023-08-14T08:04:55+00:00","og_image":[{"url":"https:\/\/static.wixstatic.com\/media\/7e23fc_3edfe355a7730582452e0b2d4f8044d7.jpg\/v1\/fill\/w_501,h_346,al_c,q_80,usm_0.66_1.00_0.01,enc_auto\/7e23fc_3edfe355a7730582452e0b2d4f8044d7.jpg","type":"","width":"","height":""}],"twitter_card":"summary_large_image","twitter_misc":{"Tiempo de lectura":"13 minutos"},"schema":{"@context":"https:\/\/schema.org","@graph":[{"@type":"WebPage","@id":"https:\/\/lugardemarmolejo.es\/?page_id=293","url":"https:\/\/lugardemarmolejo.es\/?page_id=293","name":"Vicente Orti y Criado: M\u00e9dico y Alcalde de Marmolejo en el siglo XIX - El lugar de Marmolejo","isPartOf":{"@id":"https:\/\/lugardemarmolejo.es\/#website"},"primaryImageOfPage":{"@id":"https:\/\/lugardemarmolejo.es\/?page_id=293#primaryimage"},"image":{"@id":"https:\/\/lugardemarmolejo.es\/?page_id=293#primaryimage"},"thumbnailUrl":"https:\/\/static.wixstatic.com\/media\/7e23fc_3edfe355a7730582452e0b2d4f8044d7.jpg\/v1\/fill\/w_501,h_346,al_c,q_80,usm_0.66_1.00_0.01,enc_auto\/7e23fc_3edfe355a7730582452e0b2d4f8044d7.jpg","datePublished":"2023-08-13T11:07:18+00:00","dateModified":"2023-08-14T08:04:55+00:00","breadcrumb":{"@id":"https:\/\/lugardemarmolejo.es\/?page_id=293#breadcrumb"},"inLanguage":"es","potentialAction":[{"@type":"ReadAction","target":["https:\/\/lugardemarmolejo.es\/?page_id=293"]}]},{"@type":"ImageObject","inLanguage":"es","@id":"https:\/\/lugardemarmolejo.es\/?page_id=293#primaryimage","url":"https:\/\/static.wixstatic.com\/media\/7e23fc_3edfe355a7730582452e0b2d4f8044d7.jpg\/v1\/fill\/w_501,h_346,al_c,q_80,usm_0.66_1.00_0.01,enc_auto\/7e23fc_3edfe355a7730582452e0b2d4f8044d7.jpg","contentUrl":"https:\/\/static.wixstatic.com\/media\/7e23fc_3edfe355a7730582452e0b2d4f8044d7.jpg\/v1\/fill\/w_501,h_346,al_c,q_80,usm_0.66_1.00_0.01,enc_auto\/7e23fc_3edfe355a7730582452e0b2d4f8044d7.jpg"},{"@type":"BreadcrumbList","@id":"https:\/\/lugardemarmolejo.es\/?page_id=293#breadcrumb","itemListElement":[{"@type":"ListItem","position":1,"name":"Portada","item":"https:\/\/lugardemarmolejo.es\/"},{"@type":"ListItem","position":2,"name":"Vicente Orti y Criado: M\u00e9dico y Alcalde de Marmolejo en el siglo XIX"}]},{"@type":"WebSite","@id":"https:\/\/lugardemarmolejo.es\/#website","url":"https:\/\/lugardemarmolejo.es\/","name":"El lugar de Marmolejo","description":"","potentialAction":[{"@type":"SearchAction","target":{"@type":"EntryPoint","urlTemplate":"https:\/\/lugardemarmolejo.es\/?s={search_term_string}"},"query-input":{"@type":"PropertyValueSpecification","valueRequired":true,"valueName":"search_term_string"}}],"inLanguage":"es"}]}},"_links":{"self":[{"href":"https:\/\/lugardemarmolejo.es\/index.php?rest_route=\/wp\/v2\/pages\/293","targetHints":{"allow":["GET"]}}],"collection":[{"href":"https:\/\/lugardemarmolejo.es\/index.php?rest_route=\/wp\/v2\/pages"}],"about":[{"href":"https:\/\/lugardemarmolejo.es\/index.php?rest_route=\/wp\/v2\/types\/page"}],"author":[{"embeddable":true,"href":"https:\/\/lugardemarmolejo.es\/index.php?rest_route=\/wp\/v2\/users\/1"}],"replies":[{"embeddable":true,"href":"https:\/\/lugardemarmolejo.es\/index.php?rest_route=%2Fwp%2Fv2%2Fcomments&post=293"}],"version-history":[{"count":1,"href":"https:\/\/lugardemarmolejo.es\/index.php?rest_route=\/wp\/v2\/pages\/293\/revisions"}],"predecessor-version":[{"id":294,"href":"https:\/\/lugardemarmolejo.es\/index.php?rest_route=\/wp\/v2\/pages\/293\/revisions\/294"}],"wp:attachment":[{"href":"https:\/\/lugardemarmolejo.es\/index.php?rest_route=%2Fwp%2Fv2%2Fmedia&parent=293"}],"curies":[{"name":"wp","href":"https:\/\/api.w.org\/{rel}","templated":true}]}}