{"id":259,"date":"2023-07-23T10:18:05","date_gmt":"2023-07-23T10:18:05","guid":{"rendered":"https:\/\/lugardemarmolejo.es\/?page_id=259"},"modified":"2023-08-14T08:06:08","modified_gmt":"2023-08-14T08:06:08","slug":"los-condes-de-villaverde-la-alta","status":"publish","type":"page","link":"https:\/\/lugardemarmolejo.es\/?page_id=259","title":{"rendered":"Los Condes de Villaverde la Alta"},"content":{"rendered":"\n<p><\/p>\n\n\n\n<p><strong>-Manuel Perales Sol\u00eds-<\/strong><\/p>\n\n\n\n<p>La implantaci\u00f3n de la casa de Villaverde en Marmolejo se remonta con total probabilidad al siglo XVIII; la primera titular, de origen montore\u00f1o,&nbsp; fue Do\u00f1a&nbsp; Mariana del Castillo y Escalera primera condesa de Villaverde la Alta, con t\u00edtulo concedido en 1758. Su nieta y heredera, Mar\u00eda del Carmen Aguayo y Aguayo, cuarta condesa, contrajo matrimonio con el s\u00e9ptimo marqu\u00e9s de Benamej\u00ed, Juan Bautista Bernuy y Balda. Mar\u00eda del Carmen falleci\u00f3 el 29 de marzo de 1851 y fue enterrada en su finca de Escalera en el Charco del Novillo en el pante\u00f3n familiar mandado a construir en vida de su hijo.<br>&nbsp;<\/p>\n\n\n\n<p>Como condes de Villaverde le sucedieron su hijo Francisco de Paula Bernuy y&nbsp; Aguayo, quinto conde de Villaverde, y octavo marqu\u00e9s de Benamej\u00ed, y a su muerte, la hija de \u00e9ste, Mar\u00eda Teresa Camila Bernuy Jim\u00e9nez de Coca,&nbsp; nacida en Pedro Abad en febrero de 1840 del matrimonio del marqu\u00e9s con Feliciana Jim\u00e9nez de Coca P\u00e9rez.&nbsp; Esta mujer, natural de Bujalance,&nbsp; no perteneciente al estamento noble pero con la que el marqu\u00e9s de Benamej\u00ed mantuvo una larga relaci\u00f3n hasta el final de sus d\u00edas, contrajo matrimonio en \u201cart\u00edculo mortis\u201d para que pudieran ser reconocidos los hijos habidos en la pareja.<\/p>\n\n\n\n<p>\ufeff<\/p>\n\n\n\n<p>\ufeffAl fallecer&nbsp; Francisco de Paula Bernuy, el diario C\u00f3rdoba&nbsp; public\u00f3 una necrol\u00f3gica gracias a la cual conocemos algunos aspectos de la personalidad del quinto conde de Villaverde as\u00ed como el ritual seguido en los funerales y entierros de la clase aristocr\u00e1tica de la \u00e9poca. Por su inter\u00e9s la transcribo:&nbsp;&nbsp;\u201cEl Excmo se\u00f1or D. Francisco de Paula Bernuy y Aguayo, Balda y Manrique, marqu\u00e9s de Benamej\u00ed, conde de Villaverde la Alta, de la Palenciana, mariscal de Alcal\u00e1 del Valle, grande de Espa\u00f1a de primera clase, caballero gran cruz de la Real y distinguida Orden espa\u00f1ola de Carlos III, gentil hombre de c\u00e1mara de S.M. con ejercicio Maestrante de la Real de Sevilla y Senador del Reino, falleci\u00f3 en esta ciudad a las cuatro y cuarto de la tarde del jueves santo, 25 de marzo de 1866, despu\u00e9s de una larga y penosa enfermedad\u2026Hu\u00e9rfano de padre desde muy joven, no se separ\u00f3 del lado de su madre la Excma. Sra. D\u00f1a. Mar\u00eda del Carmen Aguayo, condesa de Villaverde la Alta, y se dedic\u00f3 a la administraci\u00f3n de la gran parte de&nbsp; su caudal, morando largas temporadas en los pueblos pr\u00f3ximos a sus heredades, se\u00f1alando su residencia con la distribuci\u00f3n de continuas limosnas y haciendo otros beneficios y obras de caridad. Habiendo ocurrido la mudanza en el gobierno y apareciendo los partidos pol\u00edticos, cosa notable, no se afili\u00f3 en ninguno, y superior a ellos pudo juzgarles en su retiro con toda independencia; pero no si\u00e9ndole indiferente la suerte de la naci\u00f3n, aplaud\u00eda o sent\u00eda los bienes o males que ocurr\u00edan en la cosa p\u00fablica. Abstra\u00eddo por genio y enemigo de figurar, jam\u00e1s pens\u00f3 ni en vivir ni en presentarse para ostentaci\u00f3n y permaneci\u00f3 en su retiro pues aunque fue nombrado Senador del reino no tuvo por conveniente presentarse a jurar. Como cumpl\u00eda y era propio de su rango y de su opulencia, siempre estaba dispuesto a aliviar con su caudal los males de la patria y a socorrer las calamidades p\u00fablicas. Amante de&nbsp; la monarqu\u00eda, como deb\u00eda serlo, y de la persona que la representaba, obsequi\u00f3 a su reina (Isabel II) cuando estuvo en esta ciudad, de una manera verdaderamente regia. Afable y moderado con sus dependientes y criados estimaba a los que le hab\u00edan servido con celo y los remuneraba hasta dar algunas pensiones a los in\u00fatiles y viudas. Esta generosa conducta, que deber\u00edan imitar los que pertenecen a su alta clase, le capt\u00f3 el aprecio y la estimaci\u00f3n general\u2026<\/p>\n\n\n\n<p>\u200b<\/p>\n\n\n<div class=\"wp-block-image\">\n<figure class=\"alignleft is-resized\"><img fetchpriority=\"high\" decoding=\"async\" src=\"https:\/\/static.wixstatic.com\/media\/7e23fc_54f7c39cca37060667d56d9933b53e64.jpg\/v1\/fill\/w_556,h_441,al_c,q_80,usm_0.66_1.00_0.01,enc_auto\/7e23fc_54f7c39cca37060667d56d9933b53e64.jpg\" alt=\"\" width=\"472\" height=\"374\"\/><figcaption class=\"wp-element-caption\">Aspecto actual del interior de la Capilla de la Escalera, ubicada en el t\u00e9rmino municipal de Montoro.\u00a0Esta capilla-pante\u00f3n \u00a0ostenta en su frontal el escudo de armas de la familia Bernuy, marqueses de Benameji.<\/figcaption><\/figure>\n<\/div>\n\n\n<p><\/p>\n\n\n\n<p>El martes 3 de abril en la Parroquia de Santiago se celebr\u00f3 un funeral tan solemne como conven\u00eda a la dignidad del ilustre difunto, estando el cuerpo presente, que con oportunidad hab\u00eda sido embalsamado, y concurriendo el clero de todas las parroquias con sus cantores. Concluido se puso en marcha el cortejo f\u00fanebre para conducir el cad\u00e1ver al enterramiento de familia que en la capilla de la posesi\u00f3n de Escalera hab\u00eda construido el ilustre difunto y donde yacen sus padres. Despidi\u00f3 el clero en el cementerio de San Rafael el magn\u00edfico carro f\u00fanebre que iba cubierto con un gran pa\u00f1o de terciopelo negro guarnecido de gal\u00f3n de oro y tirado por seis hermosos caballos tordos. Segu\u00edan varios coches ocupados por los se\u00f1ores testamentarios, los dependientes y criados de la casa y doce pobres con vestidos nuevos, que llevaban velas encendidas al pasar por las poblaciones, y cerraban la comitiva los guardas de a caballo de sus posesiones. En todas partes recibi\u00f3 el marqu\u00e9s muestras muy notables del aprecio que le hab\u00edan profesado en vida cuando moraba o frecuentaba aquellos lugares.<br>En la de Villa del Rio el ayuntamiento presidido por su alcalde le sali\u00f3 a recibir, y en la plaza se hallaba formado el clero que le cant\u00f3 un responso. A las ocho de la noche lleg\u00f3 el acompa\u00f1amiento a la posesi\u00f3n de Escalera, y fue recibido el cad\u00e1ver por numerosos dependientes y amigos con hachas encendidas, y as\u00ed fue conducido a la capilla, que estaba adornada suntuosamente y alumbrada con gran profusi\u00f3n de luces que daban un golpe de vista sorprendente. Cant\u00f3sele un&nbsp;<\/p>\n\n\n\n<p>solemne responso por el clero de Montoro, en cuyo t\u00e9rmino se haya la posesi\u00f3n de Escalera, y al amanecer del d\u00eda siguiente se comenzaron a decir muchas misas rezadas en los tres altares que la capilla tiene, y a las nueve se cant\u00f3 el oficio de difuntos con toda solemnidad y estando de misa tres curas p\u00e1rrocos. M\u00e1s de quinientas personas llenaban la capilla y ocupaban el llano que se extiende delante de ella, pint\u00e1ndose en los rostros de todos, el sentimiento y la tristeza que el acto inspiraba. Despu\u00e9s fue depositada la caja en la hornacina donde se ha de colocar la urna sepulcral que se labrar\u00e1 por el modelo de las suntuosas de m\u00e1rmol que encierran las cenizas de sus padres. C\u00f3rdoba 8 de abril de 1866. L.M.R.C.D.\u201d.<\/p>\n\n\n\n<p>\ufeff<\/p>\n\n\n\n<p>\ufeffLa sucesora en el t\u00edtulo, Mar\u00eda Teresa Camila Bernuy, sexta condesa, se cas\u00f3 en C\u00f3rdoba en la hacienda de Las Pendolillas, en el mes de&nbsp; mayo de 1867, con Teodoro Martel Fern\u00e1ndez de C\u00f3rdoba, hijo de la condesa de Torres-Cabrera (1). Refieren las cr\u00f3nicas de la \u00e9poca que tras la ceremonia, los nuevos conyuges salieron inmediatamente para sus posesiones de Marmolejo donde se propon\u00edan pasar la luna de miel.<\/p>\n\n\n\n<p>A la altura de 1876 los condes de Villaverde, es decir la titular, Mar\u00eda Teresa, y su consorte Teodoro Tamariz-Martel Fern\u00e1ndez de C\u00f3rdoba pose\u00edan suficientes propiedades en nuestro t\u00e9rmino municipal, como para estar en la lista de mayores contribuyentes locales con una cuota de 1.865 pesetas.&nbsp; En su f\u00e1brica de \u201cSanta Teresa\u201d, Teodoro Martel impuls\u00f3 la extracci\u00f3n de aceites de primera calidad para su exportaci\u00f3n. En 1889, recib\u00eda el reconocimiento de la prensa de la \u00e9poca por haber conseguido introducir con \u00e9xito sus aceites refinados en el mercado de Europa y Am\u00e9rica latina, cuantificando esa exportaci\u00f3n anual en unas doce mil arrobas .<br>Las posesiones r\u00fasticas de la casa de Villaverde en Marmolejo, hemos de situarlas en innumerables predios r\u00fasticos repartidos por el t\u00e9rmino municipal, fundamentalmente en el pago de Cerrada. All\u00ed contaron con la Boca del R\u00edo y las&nbsp;Vi\u00f1uelas de Godoy, siendo su finca m\u00e1s emblem\u00e1tica la antigua caser\u00eda de la Marquesa de cuyo oratorio el conde cedi\u00f3 el retablo para la capilla del cementerio nuevo de Santa Ana&nbsp; que acababa de construirse en 1900, y la campana de su espada\u00f1a para la de la ermita de Jes\u00fas. En el t\u00e9rmino de Montoro dispusieron, igualmente, de fincas tan renombradas como Escalera, Las Prensas, Pinillos y Belloteros,&nbsp; adquiridas&nbsp; por&nbsp; la condesa de la Vega del Pozo, Do\u00f1a Mar\u00eda Diega Desmaissieres y Sevillano una vez se inicie el declive econ\u00f3mico de la casa. Tambi\u00e9n compraba esta noble madrile\u00f1a, de ascendientes franceses, la Boca del R\u00edo y la Vi\u00f1uela de Godoy en el pago de la Herradura.<\/p>\n\n\n\n<p>\ufeffEste cordob\u00e9s altruista y amante de la literatura y sobre todo de la poes\u00eda, obtuvo de la corporaci\u00f3n municipal el reconocimiento de hijo adoptivo de Marmolejo por sus desvelos en la mejora del patrimonio hist\u00f3rico-art\u00edstico de la villa y por el impulso dado a la mejora de establecimientos p\u00fablicos. Muchas de sus acciones tuvieron eco en la prensa cordobesa debido a la vinculaci\u00f3n de la casa Villaverde con esa ciudad.<\/p>\n\n\n\n<p>\ufeff<\/p>\n\n\n\n<p>\ufeffEl diario C\u00f3rdoba de 21 de febrero de 1889, public\u00f3 esta interesante noticia:&nbsp;\u201cNuestro distinguido amigo el se\u00f1or Conde viudo de Villaverde la Alta es una verdadera providencia para el pueblo de Marmolejo. No contento con haber erigido la bell\u00edsima iglesia dedicada a Jes\u00fas; con haber construido un matadero p\u00fablico, y haber realizado&nbsp; otras mejoras importantes, acaba de dar otra prueba de sus elevados sentimientos, seg\u00fan carta que tenemos a la vista. La Iglesia parroquial se halla en un estado deplorable, adem\u00e1s de sus limitadas proporciones. Los retablos se hallan casi en ruina; la sola nave est\u00e1 deteriorad\u00edsima; la torre, si tal nombre merece, est\u00e1 para caerse, en mal estado los ornamentos, y todo contrastado con el brillante estado de la iglesia de Jes\u00fas. El se\u00f1or conde ha pedido autorizaci\u00f3n para reedificar y ampliar con dos naves nuevas con seis capillas, la torre, los retablos de ocho altares, barnizar y dorar los antiguos, restaurar las im\u00e1genes y el decorado interior y exterior del templo, dot\u00e1ndolo adem\u00e1s de vasos sagrados, ropas y ornamentos. Y para el arreglo del pavimento de la plaza de aquel. Al momento que obtenga la autorizaci\u00f3n, nos consta ir\u00e1 persona competente de C\u00f3rdoba, para formar los planos y presupuestos de las obras a fin de proceder a las respectivas subastas y abastos de materiales para que todo se ultime en el m\u00e1s breve plazo que posible sea. El Alcalde, apenas recibi\u00f3 la comunicaci\u00f3n del se\u00f1or Conde, convoc\u00f3 al Ayuntamiento, levant\u00e1ndose un acta honros\u00edsima, que ya estar\u00e1 en poder de nuestro excelente amigo, al que felicitamos por su solicitud y celo, dando al pueblo de Marmolejo nuestra enhorabuena, por tener un hijo adoptivo y cordob\u00e9s, que as\u00ed favorece sus intereses materiales, morales y religiosos\u201d.<\/p>\n\n\n\n<p>Sabemos que finalmente fue el arquitecto de la Diputaci\u00f3n Provincial de Ja\u00e9n, Justino Flores Llamas, el autor de tan importante remodelaci\u00f3n realizada bajo el mecenazgo de Teodoro y Mar\u00eda Teresa.<\/p>\n\n\n<div class=\"wp-block-image\">\n<figure class=\"alignright is-resized\"><img decoding=\"async\" src=\"https:\/\/static.wixstatic.com\/media\/7e23fc_deba8db39bf04650969332895c99e0ed.jpg\/v1\/fill\/w_600,h_440,al_c,q_80,usm_0.66_1.00_0.01,enc_auto\/7e23fc_deba8db39bf04650969332895c99e0ed.jpg\" alt=\"\" width=\"486\" height=\"357\"\/><figcaption class=\"wp-element-caption\">Desaparecida Casa solariega de los Condes de Villaverde la Alta en el altozano del Coso<\/figcaption><\/figure>\n<\/div>\n\n\n<p><\/p>\n\n\n\n<p>La venta paulatina de sus propiedades olivareras tanto de Montoro como de Marmolejo,&nbsp; hemos de situarla en los a\u00f1os finales&nbsp; del XIX, tras la muerte de la condesa en 1887, en su residencia de Madrid, a la edad de 47 a\u00f1os&nbsp; y del fallecimiento de Teodoro cuando se encontraba en Par\u00eds, en 1907.&nbsp; Ya viudo,&nbsp; el conde de Villaverde tuvo que afrontar el embargo judicial de algunas de sus posesiones probablemente como consecuencia de la escasa rentabilidad de algunas de sus empresas. Tenemos constancia de la subasta de la casa solariega en el Altozano del Coso hacia 1897, que estaba puesta a nombre de su hija Mar\u00eda Feliciana Bernuy,&nbsp; para saldar&nbsp; deudas contra\u00eddas con sus acreedores, pero no es probable que dichos bienes llegaran a ser subastados finalmente pues, a\u00f1os despu\u00e9s, su hijo Federico segu\u00eda residiendo en esta casa durante sus estancias en Marmolejo. Fue \u201cPeriquito Semana\u201d quien comprar\u00eda la casa del conde hacia 1929, para posteriormente vend\u00e9rsela al Ayuntamiento de Marmolejo.<\/p>\n\n\n\n<p>\ufeff<\/p>\n\n\n\n<p>\ufeff\u200bGracias a esta subasta conocemos al detalle el aspecto&nbsp; que presentaba la desaparecida \u201cCasa de los Condes\u201d, escenario com\u00fan de muchas generaciones de ni\u00f1os\/as, all\u00e1 por los a\u00f1os cincuenta y sesenta del pasado siglo, al ser &nbsp;ubicada en &nbsp;sus &nbsp;estancias varias aulas &nbsp;de &nbsp;primaria:&nbsp;<\/p>\n\n\n\n<p>\u201cEn virtud de providencia dictada con fecha diez del corriente (julio de 1897) por el se\u00f1or del Valle y Llano, Juez de primera instancia del distrito Buena Vista, de esta Corte, en autos que se siguen por D. Carlos Theneneau y Segaud contra do\u00f1a Mar\u00eda Feliciana Martel y Bernuy, sobre pago de pesetas, se ha acordado sacar a subasta por t\u00e9rmino de 20 d\u00edas y en la cantidad en que ha sido tasada, las fincas siguientes: Primero: una casa principal en el Altozano del Coso, en Marmolejo, marcada con el n\u00famero 2 que linda por su derecha, entrando, con el callej\u00f3n del Ejido; por la izquierda y espaldas, con el molino de aceite de Don Narciso Garc\u00eda del Prado; consta de una extensi\u00f3n superficial de tres mil trescientos sesenta y un metros y sobre esta hay tres pisos en la forma siguiente: En el piso bajo se encuentra zagu\u00e1n, recibidor, cuerpo de escalera, sala, reposter\u00eda, s\u00f3tano, grandes salones corridos y se comunican entre s\u00ed; gran patio con fuente en el centro dedicado a jard\u00edn con naranjos y otros \u00e1rboles y arbustos de adorno, gran cuadra, dos cocheras, de colgadizo, bodega con 18 tinajas sin colocar, capaces unas para tres mil ochocientas arrobas; dos pozos, uno de ellos aljibe con bomba, grandes corrales y patios, terrado, mirador, escusado, gallinero, cocina, distribuidor y un colgadizo.<br>Piso alto o principal: desembarque de escalera, recibidor, antesala, muchos y varios salones, tres chimeneas francesas y un entresuelo, y en el tercero: un granero peque\u00f1o, todo en buen estado de solidez, como igualmente sus puertas, balcones y las cancelas\u201d.&nbsp;Junto a la casa se subast\u00f3 igualmente el molino de aceite que pose\u00edan en el n\u00famero 1 de la misma plaza.<\/p>\n\n\n\n<p>\ufeffPero merece la pena que nos detengamos un momento en la personalidad de Teodoro Martel, mecenas de artistas, poeta, pol\u00edtico liberal durante el sexenio revolucionario (1868-1873),&nbsp; y activo empresario agr\u00edcola y minero. Martel estuvo siempre muy vinculado a Marmolejo desde su casamiento con Mar\u00eda Teresa Bernuy.&nbsp; Este matrimonio, altruista, benefactor de la gente humilde en nuestra villa, y que ya forma parte de nuestra historia local,&nbsp; tuvo en su d\u00eda un rinc\u00f3n del espacio urbano marmoleje\u00f1o dedicado a su memoria. Las corporaciones de principios del XX, acordaron bautizar con el nombre de este linaje, el altozano donde vivieron.<\/p>\n\n\n\n<p>Hab\u00eda nacido en C\u00f3rdoba el 8 de febrero de 1832; hijo de Federico Martel Bernuy (senador vitalicio) y Mar\u00eda de la Concepci\u00f3n Fern\u00e1ndez de C\u00f3rdoba Guti\u00e9rrez de los R\u00edos, V condesa de Torres-Cabrera.&nbsp; Compagin\u00f3 la actividad literaria con las actividades agr\u00edcolas y mineras, siendo miembro de la Sociedad Econ\u00f3mica cordobesa de Amigos del Pa\u00eds, junto a su hermano Ricardo Martel, conde de Torres-Cabrera, impulsor en 1871 de la colonia agr\u00edcola remolachera de Santa Isabel en sus fincas de Alcolea (C\u00f3rdoba),&nbsp; empresa de acentuado car\u00e1cter social, (en la que pudo participar Teodoro), y que le supuso grandes p\u00e9rdidas econ\u00f3micas dado el car\u00e1cter altamente ut\u00f3pico de la explotaci\u00f3n y la competencia de la industria remolachera granadina.<\/p>\n\n\n\n<p>\ufeff<\/p>\n\n\n\n<p>\ufeffTambi\u00e9n le vemos hacia 1864 como miembro de la Sociedad Minera encargada de explotar las minas de B\u00e9lmez y Espiel en la sierra norte cordobesa. En dicha sociedad estaba como presidente el duque de Valencia, y su padre Federico Martel.<\/p>\n\n\n\n<p>En 1867, hacia el mes de noviembre, y ante las noticias de las penurias por las que atravesaba la clase jornalera marmoleje\u00f1a,&nbsp; a consecuencia del alza de los productos de primera necesidad&nbsp; y&nbsp; la escasez de trabajo, los condes, que acababan de llegar de Francia, se dirigieron al Alcalde comunic\u00e1ndole que repartiese&nbsp; bonos&nbsp; entre las personas que creyese verdaderamente necesitadas, con los cuales se les facilitar\u00eda en su casa de la plaza del Coso, una cantidad suficiente&nbsp; de pan, aceite, arroz y patatas para socorrer diariamente a m\u00e1s de 150 familias obreras. El alcalde de Marmolejo transmiti\u00f3 a los condes el reconocimiento de tanta y tanta familia necesitada seg\u00fan la noticia publicada en la prensa con fecha 24 de dicho mes.&nbsp;&nbsp;&nbsp;&nbsp;&nbsp;&nbsp;&nbsp;<br>A la edad de 40 a\u00f1os, Teodoro, era elegido Diputado a Cortes en las elecciones celebradas el 24 de agosto de 1872 en la provincia de Alicante (distrito de Orihuela)&nbsp; por la candidatura del Partido Radical de Ruiz Zorrilla, ala izquierda escindida del antiguo partido Progresista, en 1871 (2). Disfrut\u00f3 de la amistad de este pr\u00f3cer liberal y de la de otros l\u00edderes liberales, miembros del gobierno de la naci\u00f3n, que como el general Serrano o el general L\u00f3pez Dom\u00ednguez, eran a\u00f1o tras a\u00f1o,&nbsp; asiduos visitantes de&nbsp; su casa&nbsp; y de la de su vecino, Eduardo Le\u00f3n y Llerena, en la coqueta plaza del Coso. A pesar de sus principios pol\u00edticos liberales, tanto en su conducta&nbsp; personal como en su actividad privada, Martel&nbsp; practic\u00f3 un catolicismo socialmente avanzado, en la l\u00ednea propuesta por el pont\u00edfice Le\u00f3n XIII.<\/p>\n\n\n\n<p>\ufeffEl matrimonio, que ten\u00eda residencia de descanso en la Granja de San Rafael, goz\u00f3 tambi\u00e9n de la amistad de la infanta Isabel de Borb\u00f3n, hija de Isabel II, conocida como \u201cLa chata\u201d, a cuyas fiestas y bailes en el palacio real de la Granja acud\u00edan sin falta todos los veranos para cumplimentar a la Infanta. No en balde la propia infanta fue madrina en la boda de su hijo Federico y probablemente esa fiel relaci\u00f3n propiciara, a\u00f1os m\u00e1s tarde,&nbsp; la visita de Isabel a Marmolejo en octubre de 1915.&nbsp; Hay que apuntar que la mayor\u00eda de las familias nobles de la \u00e9poca,&nbsp; se sintieron obligadas a residir en Madrid, cerca del rey, siendo frecuente el mantenimiento de otras residencias de temporada junto a los palacios reales de verano. En el caso de los condes de Villaverde est\u00e1 claro que formaron parte de esa \u201ccorte de nobles\u201d de la que los Borbones se rodearon por motivos de asesoramiento,&nbsp; a veces de compa\u00f1erismo,&nbsp; y otras muchas, de simple boato y protocolo.<\/p>\n\n\n\n<p>El Gobierno le concedi\u00f3 en 1882 a Teodoro Martel la Gran Cruz de Isabel la Cat\u00f3lica por&nbsp;\u201csu ilustraci\u00f3n, caballerosidad y trabajos prestados en beneficio de los dem\u00e1s\u201d.&nbsp;El diario C\u00f3rdoba&nbsp; subrayaba en enero de 1908, tras su fallecimiento en Par\u00eds, las virtudes del pr\u00f3cer cordob\u00e9s, resaltando que&nbsp;\u201ccultiv\u00f3 con acierto la poes\u00eda, revelando sus dotes, ora en las veladas literarias que organizaba su hermano Ricardo Martel, conde de Torres-Cabrera, ora en la prensa y en el libro. En los peri\u00f3dicos locales public\u00f3 algunas composiciones&nbsp; vigorosas, correctas y originales y adem\u00e1s edit\u00f3 varios libros de poes\u00eda y ensayos literarios\u201d.<br>De su humana personalidad y actitudes solidarias&nbsp; ha quedado constancia en la siguiente carta publicada en el diario La Dinast\u00eda, de Barcelona, de fecha 27 de julio de 1888, enviada desde Medina Sidonia (C\u00e1diz) por su inestimable amigo Mariano Pardo de Figueroa, asiduo visitante de nuestra villa y conocido en el mundillo literario como Doctor Thebussem (3).&nbsp; La titul\u00f3: \u201cUn cartero y un caballero\u201d, y dice as\u00ed:<\/p>\n\n\n<div class=\"wp-block-image\">\n<figure class=\"alignleft is-resized\"><img decoding=\"async\" src=\"https:\/\/static.wixstatic.com\/media\/7e23fc_d82942af2889404bad588dbd35a256b0.jpg\/v1\/fill\/w_394,h_480,al_c,lg_1,q_80,enc_auto\/7e23fc_d82942af2889404bad588dbd35a256b0.jpg\" alt=\"\" width=\"358\" height=\"436\"\/><figcaption class=\"wp-element-caption\"><strong>Francisco de Paula Bernuy y Aguayo V conde de Villaverde la Alta<\/strong><\/figcaption><\/figure>\n<\/div>\n\n\n<p>\u201cJuli\u00e1n Castilla ha servido por muchos a\u00f1os la plaza de cartero de Marmolejo, el pueblo de la provincia de Ja\u00e9n tan renombrado por sus excelentes aguas minero-medicinales.<br>Estimad\u00edsimo por la generalidad de sus convecinos, es el dicho funcionario un hombre afable, simp\u00e1tico, honrado y trabajador. Despu\u00e9s de las dos expediciones diarias desde la villa a la estaci\u00f3n de ferrocarril que suponen una distancia de doce kil\u00f3metros; de cultivar sus aranzadillas, y de atender a los hu\u00e9spedes que aloja en su casa durante las temporadas de agua, a\u00fan le queda tiempo para dedicarse a la caza, en cuyo ejercicio es Juli\u00e1n maestro consumado. No se verifica monter\u00eda de importancia en aquel territorio donde el primer invitado no sea nuestro cartero.<br>A mediados de marzo de 1888 lleva un pliego con valor declarado por 8200 reales. El tren ven\u00eda entonces con algunas horas de retraso, que era necesario esperar en la estaci\u00f3n. Castilla tuvo la debilidad o la inadvertencia de abandonar su cartera por algunos momentos y el resultado de su descuido fue no hallar dicho pliego al tiempo de hacerlo entregar a la ambulante.<br>El cazador infatigable, el hombre sereno y valiente, qued\u00f3 suspenso, triste, amilanado y confuso. Busc\u00f3 infructuosamente el paquete; atraves\u00f3 a la carrera los tres kil\u00f3metros que separan el ferrocarril de la estaci\u00f3n con la esperanza de encontrar all\u00ed los valores: indag\u00f3, pregunt\u00f3; inquiri\u00f3 registrar de nuevo la estaci\u00f3n, el and\u00e9n y el camino, pero todo fue in\u00fatil.<br>Durante dos d\u00edas no se hizo en casa de Juli\u00e1n Castilla otra cosa que verter l\u00e1grimas y rezar ante la Virgen. Aquella familia ve\u00eda perdida su escasa fortuna, su destino y hasta su honra, puesto que alguien pod\u00eda sospechar que hubiera sido ladr\u00f3n de la suma el mismo cartero.<br>En la ma\u00f1ana del 19 de marzo recibi\u00f3 este un pliego. La misiva que conten\u00eda se halla hoy con moldura dorada y bajo cristal en sitio preferente de la casa y dice as\u00ed:<br>\u201cApreciable amigo Juli\u00e1n Castilla: Acabo de declarar ante el Juzgado la verdad desnuda, o sea que el certificado perdido conten\u00eda 8200 reales, puestos y lacrados por&nbsp; mi mismo bajo su cubierta. El pliego se ha perdido y yo deber\u00eda estar tranquilo puesto que conservo el resguardo y s\u00e9 que no tardar\u00e1 en venir la orden que te obligue a devolverme la cantidad de la cual puedes responder sobradamente con tus bienes.<br>No estoy tranquilo, sin embargo, y no lo estoy porque teniendo el convencimiento de que no tienes culpa de lo ocurrido, me duele profundamente el considerar que mientras el poseedor de los 8200 reales se estar\u00e1 gozando en la mala acci\u00f3n de retener lo que no es suyo, aunque lo hubiera hallado en medio del campo, a un hombre &nbsp;honrado como t\u00fa&nbsp;<\/p>\n\n\n\n<p>se le prive del destino y se le venda el caudal que tantos sudores le ha costado adquirir. Esta idea me mortifica; y deseoso de celebrar de una manera cristiana la festividad del d\u00eda de hoy, 19 de marzo, he resuelto regalarte dicha cantidad, m\u00e1s que por lo que ella vale, para que todo el pueblo vea y tenga el convencimiento de que eres inocente y tan honrado como el primero. Claro es que si el pliego aparece yo recoger\u00e9 mis fondos; pero si uno de nosotros dos ha de perderlos, prefiero ser yo que los abono, a cambio de haber llevado la tranquilidad a la familia, a la que rogar\u00e1s, en mi nombre, no olvide en sus oraciones a la que fue madre de mis hijos. Te deseo salud y tranquilidad de esp\u00edritu. El conde viudo de Villaverde la Alta. Marmolejo 19 de marzo de 1888\u201d.<\/p>\n\n\n\n<p>\ufeffCada vez que el cartero y su familia escuchan la lectura de esta cristiana y notable carta, bendicen al conde y derraman llanto de ternura y de gratitud.<\/p>\n\n\n\n<p>A los pocos d\u00edas de este suceso detuvo la Guardia Civil a un ciudadano que no daba explicaciones del origen de ocho mil y pico reales que pose\u00eda en billetes de Banco. La Justicia tom\u00f3 carta en el asunto y el se\u00f1or conde de Villaverde recuper\u00f3 casi toda la suma hurtada, y Juli\u00e1n Castilla tuvo una segunda satisfacci\u00f3n al ver que las gentes m\u00e1s suspicaces ten\u00edan ya prueba plena de su inocencia. Creo que cuando al cartero le vuelvan su destino, no abandonar\u00e1 jam\u00e1s su valija, a\u00fan cuando la lleve vac\u00eda; y creo tambi\u00e9n que el se\u00f1or conde y el \u201cpeat\u00f3n\u201d de Marmolejo ser\u00e1n muy capaces de influir y de interceder en su d\u00eda para que indulten al villano ladr\u00f3n de los ocho mil doscientos reales. El Doctor Thebussem, cartero honorario. Medina Sidonia y junio, a 12&nbsp; de 1888 a\u00f1os.\u00bb<\/p>\n\n\n\n<p>\ufeff<\/p>\n\n\n\n<p>\ufeffLa muerte le sorprendi\u00f3 en Par\u00eds, donde resid\u00eda una hermana, el 12 de marzo de 1907. En Marmolejo se celebraron funerales nada m\u00e1s conocida la noticia. A este acto concurrieron, seg\u00fan la cr\u00f3nica del diario C\u00f3rdoba,&nbsp;\u201clas autoridades locales, una nutrida representaci\u00f3n de todos los organismos de la villa y el pueblo en masa que testimoniaron elocuentemente su inmensa pena y profunda simpat\u00eda que sienten hacia el actual Conde (su hijo), quien se halla con su distinguida familia, de temporada en Marmolejo, por cuya se\u00f1orial residencia ha desfilado en conmovedora manifestaci\u00f3n de duelo, la mayor\u00eda de los vecinos, rindiendo el \u00faltimo tributo de admiraci\u00f3n y gratitud al que ha consagrado toda su vida, inteligencia e intereses al bien de sus semejantes\u2026.Al se\u00f1or conde, su hijo, a sus dos hijas, a su se\u00f1ora hermana la Duquesa de Almod\u00f3var del Valle, al se\u00f1or Conde de Torres-Cabrera, a sus nietos y dem\u00e1s parientes, que constituyen lo m\u00e1s linajudo de la aristocracia espa\u00f1ola, damos nuestro m\u00e1s sincero p\u00e9same por p\u00e9rdida tan sentida e irreparable, dese\u00e1ndoles aquella resignaci\u00f3n cristiana que otorga derecho a pensar piadosamente que quien fue en el mundo modelo de virtudes, socorri\u00f3 a tanto desgraciado que hoy llora su muerte, y edific\u00f3 a sus expensas una iglesia, ayuda de parroquia, en Marmolejo, ocupar\u00e1 en el cielo el lugar destinado a las almas buenas, grandes y extremo generosas\u201d.<\/p>\n\n\n\n<p>\ufeffEl heredero del t\u00edtulo, su hijo Federico Martel y Bernuy&nbsp; (s\u00e9ptimo conde de Villaverde la Alta), continu\u00f3 residiendo de forma espor\u00e1dica, durante algunos a\u00f1os m\u00e1s, en su casa solariega de Marmolejo, hasta la definitiva venta de la casa en 1929. Federico hab\u00eda nacido en Madrid el 11 de enero de 1870. Contrajo matrimonio&nbsp; con Mar\u00eda Soledad Olivares y Ballivi\u00e1n, nacida tambi\u00e9n en Madrid;&nbsp; hija del diplom\u00e1tico de carrera y Ministro Plenipotenciario de Espa\u00f1a en La Paz (Bolivia) Salustiano Olivares Surl\u00edn y de Mar\u00eda Victoria Ballivi\u00e1n y Guerra, natural de La Paz (Bolivia).<\/p>\n\n\n\n<p>La boda del conde con la joven Mar\u00eda Soledad se celebrar\u00eda el 8 de diciembre de 1892 siendo&nbsp; madrina la Infanta Isabel de Borb\u00f3n. A esta ceremonia concurrieron todo un elenco de personalidades del estamento noble y un buen amigo y vecino de la familia en el Altozano del Coso, el pol\u00edtico y empresario liberal, Eduardo Le\u00f3n y Llerena, art\u00edfice principal del prestigio adquirido por las aguas minero-medicinales en los a\u00f1os finales del XIX, convirtiendo a Marmolejo en estaci\u00f3n balnearia de primer orden.<\/p>\n\n\n\n<p>\u200b<\/p>\n\n\n<div class=\"wp-block-image\">\n<figure class=\"alignleft is-resized\"><img loading=\"lazy\" decoding=\"async\" src=\"https:\/\/static.wixstatic.com\/media\/7e23fc_847917b914b942199fdbe7f7f8372a9b~mv2.jpg\/v1\/fill\/w_334,h_481,al_c,q_80,usm_0.66_1.00_0.01,enc_auto\/7e23fc_847917b914b942199fdbe7f7f8372a9b~mv2.jpg\" alt=\"\" width=\"308\" height=\"444\"\/><figcaption class=\"wp-element-caption\"><strong>Teodoro Martel Fern\u00e1ndez de C\u00f3rdoba, sexto conde consorte de Villaverde la Alta. Fuente: Litograf\u00eda de Antonio Berg\u00f3n.<\/strong><\/figcaption><\/figure>\n<\/div>\n\n<div class=\"wp-block-image\">\n<figure class=\"alignright is-resized\"><img loading=\"lazy\" decoding=\"async\" src=\"https:\/\/static.wixstatic.com\/media\/7e23fc_289db9e89b02bee34d8a4f640882451a.jpg\/v1\/fill\/w_606,h_373,al_c,q_80,usm_0.66_1.00_0.01,enc_auto\/7e23fc_289db9e89b02bee34d8a4f640882451a.jpg\" alt=\"\" width=\"503\" height=\"310\"\/><figcaption class=\"wp-element-caption\"><strong>Caser\u00eda de la Marquesa, en Pago de Cerrada, perteneci\u00f3 seg\u00fan los testimonios de los antiguos, a los condes de Villaverde la Alta.<\/strong><\/figcaption><\/figure>\n<\/div>\n\n\n<p><\/p>\n\n\n\n<p><\/p>\n\n\n\n<p><\/p>\n\n\n\n<p><\/p>\n\n\n\n<p><\/p>\n\n\n\n<p><\/p>\n\n\n\n<p>El conde de Villaverde continuar\u00eda haciendo asiduas visitas a su casa de Marmolejo para ponerse al d\u00eda de los asuntos relacionados con las fincas de su propiedad.&nbsp;&nbsp;Encontramos una noticia&nbsp;&nbsp;relacionada con un robo de caballer\u00edas hacia abril de 1915 en la que los ladrones intentaron involucrar al conde que se encontraba pasando una temporada en Marmolejo. Dice as\u00ed: \u201cLa Benem\u00e9rita de Pedro Abad detuvo el d\u00eda 16 del actual en la carretera general a Francisco Muriel Fuentes que conduc\u00eda tres caballer\u00edas de dudosa procedencia. Interrogado manifest\u00f3&nbsp;que las llevaba a Marmolejo por encargo de Manuel Castro Cort\u00e9s (a) Jarillo para entregarlas al conde de Villaverde. En su vista, el cabo Manuel Bellido Mesa detuvo al joven Muriel y se incaut\u00f3 de las caballer\u00edas. Telegrafiado al puesto de Marmolejo el conde de Villaverde neg\u00f3 que esperara tales caballer\u00edas. Personado en C\u00f3rdoba se comprob\u00f3 no existir documento que esclareciera el asunto. En su consecuencia han quedado detenidos el Castro y Muriel hasta que se ponga en claro la procedencia de las caballer\u00edas\u201d.<\/p>\n\n\n\n<p>Hemos de pensar que el definitivo alejamiento del s\u00e9ptimo conde respecto a nuestra localidad tuvo que venir hacia 1929, a\u00f1o en que la casa es adquirida, como ya hemos apuntado, por el industrial Pedro Perales Dom\u00ednguez y posteriormente&nbsp; por el Ayuntamiento. La condesa jam\u00e1s acept\u00f3 la compra de Pedro Perales y a\u00fan en 1930 pleiteaba con la Corporaci\u00f3n Municipal para declarar nula aquella venta.<br>Apuntar, finalmente, que la desgracia se ceb\u00f3 con la descedencia del&nbsp; matrimonio Martel-Olivares: el primero de sus v\u00e1stagos, Carlos, muri\u00f3 en 1912, a la edad de 16 a\u00f1os;&nbsp; el segundo, Federico, teniente de infanter\u00eda,&nbsp; falleci\u00f3 en Larache (Marruecos) durante la guerra de \u00c1frica.&nbsp; Cuando ocurri\u00f3 esta desgracia, los condes se encontraban en la referida casa del Altozano del Coso.&nbsp; El joven teniente Martel result\u00f3 herido en la operaci\u00f3n realizada el 18 de enero de 1922 y trasladado en grave estado al Hospital General de Larache, falleci\u00f3 el d\u00eda 20. Para acompa\u00f1ar a los condes de Villaverde la Alta, acudieron a Marmolejo los condes de Artaza (4), la vizcondesa de Eza (5) y el director de la Granja Agr\u00edcola de C\u00f3rdoba el se\u00f1or Aguayo Bernuy,&nbsp; primo de Federico. Heredar\u00eda el t\u00edtulo el menor de los tres, Teodoro Martel Olivares, nacido en Madrid en 1893, octavo y \u00faltimo conde, que no tuvo descendencia. A su muerte se extingui\u00f3 la dinast\u00eda.<\/p>\n\n\n\n<p>\ufeff<\/p>\n\n\n\n<h5 class=\"wp-block-heading\"><strong>Notas:<\/strong><\/h5>\n\n\n\n<p>(1) Mar\u00eda de la Concepci\u00f3n Fern\u00e1ndez de C\u00f3rdoba Guti\u00e9rrez de los R\u00edos, V condesa de Torres-Cabrera.<br>(2) Teodoro Martel fue mano derecha y amigo personal del pol\u00edtico liberal Ruiz Zorrilla, asiduo visitante de Marmolejo, en casa del conde de Villaverde. Zorrilla tuvo varias responsabilidades a lo largo del sexenio revolucionario: se encarg\u00f3 de la cartera de Fomento en el gobierno de Francisco Serrano (1868), estableci\u00f3 la libertad de ense\u00f1anza y decret\u00f3 el traspaso de bibliotecas y archivos religiosos al Estado. Fue ministro de Gracia y Justicia en el gobierno del general Prim (1864) y presidente de las Cortes constituyentes, proclamando a Amadeo de Saboya como rey de Espa\u00f1a en 1870. Durante el reinado de \u00e9ste, se produjo la divisi\u00f3n del Partido Progresista y Ruiz Zorrilla lider\u00f3 el reci\u00e9n formado Partido Radical, siendo Presidente del Gobierno en dos ocasiones.<br>(3) Mariano Pardo de Figueroa y de La Serna (Medina Sidonia (C\u00e1diz), n. 18 de noviembre de 1828) fue un escritor cervantista y gastr\u00f3nomo espa\u00f1ol. Apreciado por sus incursiones en los tratados culinarios, era conocido como Doctor Thebussem que no es m\u00e1s que el anagrama de la palabra Embustes, a\u00f1adi\u00e9ndole la Th para darle un estilo m\u00e1s germano, y publicar as\u00ed, con un pretendido distanciamiento de hispanista extranjero, art\u00edculos sobre la situaci\u00f3n espa\u00f1ola. Estudi\u00f3 Derecho y se doctor\u00f3 en Madrid en 1854. Hizo una serie de viajes por medio mundo, y se afinc\u00f3 definitivamente en su villa natal de Medina-Sidonia. Fue nombrado Cartero Honorario por Correos de Espa\u00f1a el 20 de marzo de 1880 como recompensa por su labor de divulgaci\u00f3n de la incipiente filatelia. En 1944 le dedic\u00f3 un sello y en 1981 emiti\u00f3 otro dedicado a su legado. Se conocen m\u00e1s de 12000 cartas suyas; fue un asiduo aguanoso en Marmolejo durante muchos a\u00f1os, disfrutando de la amistad&nbsp; de muchos marmoleje\u00f1os y de la de tantos ilustres visitantes que hasta aqu\u00ed llegaban buscando el reposo, el contacto social y, de paso, el remedio a alguna que otra dolencia. Entre un sinf\u00edn de publicaciones nos dej\u00f3 un peque\u00f1o librito titulado \u201cVida del Aguanoso\u201d escrito en 1893 un poco a la lim\u00f3n con Santiago de Liniers y Gallo de Alc\u00e1ntara (conde de Liniers, o de Buenos Aires), y el pol\u00edtico Francisco Silvela, l\u00edder del Partido Liberal Conservador y varias veces ministro y Presidente del Gobierno, entre 1899 y 1903. Falleci\u00f3 en Medina-Sidonia el 18 de noviembre de 1918.&nbsp;<br>(4) Juli\u00e1n Olivares y Ballivi\u00e1n casado con Carmen Bruguera y Molinuevo.<br>(5) Mar\u00eda de la Encarnaci\u00f3n Bruguera y Molinuevo, vizcondesa consorte de Eza, casada con Luis de Marichalar y Monreal (1873-1945), VIII vizconde de Eza.<\/p>\n\n\n\n<p>\ufeff<\/p>\n\n\n\n<h5 class=\"wp-block-heading\"><strong>Fuentes y bibliograf\u00eda:<\/strong><\/h5>\n\n\n\n<p>-\u201d Diario de C\u00f3rdoba de Comercio, Industria, Administraci\u00f3n, Noticias y Avisos\u201d. C\u00f3rdoba.<br>-\u201cCr\u00f3nica de Salamanca: revista de ciencias\u201d; 24 de julio de 1861. Salamanca<br>-Diario \u201cABC\u201d,&nbsp; de 17 de marzo de 1907. Madrid.<br>-Congreso de los Diputados; hist\u00f3rico de diputados. Madrid<br>-\u201cDiario Oficial de Avisos\u201d. Madrid, 22 de julio de 1897, n\u00ba 202.<br>-\u201cEl Defensor de C\u00f3rdoba: diario cat\u00f3lico\u201d. C\u00f3rdoba, 21 de abril de 1915.<br>-Majuelos Martos, Pedro: \u201cPaseando por nuestros campos: Escalera\u201d. En blog.centauromontoro.com. Montoro, 26 de noviembre de 2007.<br>-Actas Capitulares del Ayuntamiento de Marmolejo a\u00f1o 1930.<br>-Ibarra&nbsp; Mencos, \u00cd\u00f1igo: \u201cEl doctor Thebussem: la realidad de la ficci\u00f3n\u201d. Edita \u00cd\u00f1igo Ibarra Mencos. Sevilla 2009.<br>-Gozos y sombras de la vida en el campo: Las fiestas de las Prensas. Publicado en Blog.centauromontoro.com.&nbsp; Montoro, 12 de noviembre de 2011.<\/p>\n","protected":false},"excerpt":{"rendered":"<p>-Manuel Perales Sol\u00eds- La implantaci\u00f3n de la casa de Villaverde en Marmolejo se remonta con total probabilidad al siglo XVIII; la primera titular, de origen montore\u00f1o,&nbsp; fue Do\u00f1a&nbsp; Mariana del Castillo y Escalera primera condesa de Villaverde la Alta, con t\u00edtulo concedido en 1758. Su nieta y heredera, Mar\u00eda del Carmen Aguayo y Aguayo, cuarta [&hellip;]<\/p>\n","protected":false},"author":1,"featured_media":0,"parent":0,"menu_order":0,"comment_status":"closed","ping_status":"closed","template":"elementor_theme","meta":{"footnotes":""},"class_list":["post-259","page","type-page","status-publish","hentry"],"yoast_head":"<!-- This site is optimized with the Yoast SEO plugin v25.2 - https:\/\/yoast.com\/wordpress\/plugins\/seo\/ -->\n<title>Los Condes de Villaverde la Alta - El lugar de Marmolejo<\/title>\n<meta name=\"robots\" content=\"index, follow, max-snippet:-1, max-image-preview:large, max-video-preview:-1\" \/>\n<link rel=\"canonical\" href=\"https:\/\/lugardemarmolejo.es\/?page_id=259\" \/>\n<meta property=\"og:locale\" content=\"es_ES\" \/>\n<meta property=\"og:type\" content=\"article\" \/>\n<meta property=\"og:title\" content=\"Los Condes de Villaverde la Alta - El lugar de Marmolejo\" \/>\n<meta property=\"og:description\" content=\"-Manuel Perales Sol\u00eds- La implantaci\u00f3n de la casa de Villaverde en Marmolejo se remonta con total probabilidad al siglo XVIII; la primera titular, de origen montore\u00f1o,&nbsp; fue Do\u00f1a&nbsp; Mariana del Castillo y Escalera primera condesa de Villaverde la Alta, con t\u00edtulo concedido en 1758. Su nieta y heredera, Mar\u00eda del Carmen Aguayo y Aguayo, cuarta [&hellip;]\" \/>\n<meta property=\"og:url\" content=\"https:\/\/lugardemarmolejo.es\/?page_id=259\" \/>\n<meta property=\"og:site_name\" content=\"El lugar de Marmolejo\" \/>\n<meta property=\"article:modified_time\" content=\"2023-08-14T08:06:08+00:00\" \/>\n<meta property=\"og:image\" content=\"https:\/\/static.wixstatic.com\/media\/7e23fc_54f7c39cca37060667d56d9933b53e64.jpg\/v1\/fill\/w_556,h_441,al_c,q_80,usm_0.66_1.00_0.01,enc_auto\/7e23fc_54f7c39cca37060667d56d9933b53e64.jpg\" \/>\n<meta name=\"twitter:card\" content=\"summary_large_image\" \/>\n<meta name=\"twitter:label1\" content=\"Tiempo de lectura\" \/>\n\t<meta name=\"twitter:data1\" content=\"29 minutos\" \/>\n<script type=\"application\/ld+json\" class=\"yoast-schema-graph\">{\"@context\":\"https:\/\/schema.org\",\"@graph\":[{\"@type\":\"WebPage\",\"@id\":\"https:\/\/lugardemarmolejo.es\/?page_id=259\",\"url\":\"https:\/\/lugardemarmolejo.es\/?page_id=259\",\"name\":\"Los Condes de Villaverde la Alta - El lugar de Marmolejo\",\"isPartOf\":{\"@id\":\"https:\/\/lugardemarmolejo.es\/#website\"},\"primaryImageOfPage\":{\"@id\":\"https:\/\/lugardemarmolejo.es\/?page_id=259#primaryimage\"},\"image\":{\"@id\":\"https:\/\/lugardemarmolejo.es\/?page_id=259#primaryimage\"},\"thumbnailUrl\":\"https:\/\/static.wixstatic.com\/media\/7e23fc_54f7c39cca37060667d56d9933b53e64.jpg\/v1\/fill\/w_556,h_441,al_c,q_80,usm_0.66_1.00_0.01,enc_auto\/7e23fc_54f7c39cca37060667d56d9933b53e64.jpg\",\"datePublished\":\"2023-07-23T10:18:05+00:00\",\"dateModified\":\"2023-08-14T08:06:08+00:00\",\"breadcrumb\":{\"@id\":\"https:\/\/lugardemarmolejo.es\/?page_id=259#breadcrumb\"},\"inLanguage\":\"es\",\"potentialAction\":[{\"@type\":\"ReadAction\",\"target\":[\"https:\/\/lugardemarmolejo.es\/?page_id=259\"]}]},{\"@type\":\"ImageObject\",\"inLanguage\":\"es\",\"@id\":\"https:\/\/lugardemarmolejo.es\/?page_id=259#primaryimage\",\"url\":\"https:\/\/static.wixstatic.com\/media\/7e23fc_54f7c39cca37060667d56d9933b53e64.jpg\/v1\/fill\/w_556,h_441,al_c,q_80,usm_0.66_1.00_0.01,enc_auto\/7e23fc_54f7c39cca37060667d56d9933b53e64.jpg\",\"contentUrl\":\"https:\/\/static.wixstatic.com\/media\/7e23fc_54f7c39cca37060667d56d9933b53e64.jpg\/v1\/fill\/w_556,h_441,al_c,q_80,usm_0.66_1.00_0.01,enc_auto\/7e23fc_54f7c39cca37060667d56d9933b53e64.jpg\"},{\"@type\":\"BreadcrumbList\",\"@id\":\"https:\/\/lugardemarmolejo.es\/?page_id=259#breadcrumb\",\"itemListElement\":[{\"@type\":\"ListItem\",\"position\":1,\"name\":\"Portada\",\"item\":\"https:\/\/lugardemarmolejo.es\/\"},{\"@type\":\"ListItem\",\"position\":2,\"name\":\"Los Condes de Villaverde la Alta\"}]},{\"@type\":\"WebSite\",\"@id\":\"https:\/\/lugardemarmolejo.es\/#website\",\"url\":\"https:\/\/lugardemarmolejo.es\/\",\"name\":\"El lugar de Marmolejo\",\"description\":\"\",\"potentialAction\":[{\"@type\":\"SearchAction\",\"target\":{\"@type\":\"EntryPoint\",\"urlTemplate\":\"https:\/\/lugardemarmolejo.es\/?s={search_term_string}\"},\"query-input\":{\"@type\":\"PropertyValueSpecification\",\"valueRequired\":true,\"valueName\":\"search_term_string\"}}],\"inLanguage\":\"es\"}]}<\/script>\n<!-- \/ Yoast SEO plugin. -->","yoast_head_json":{"title":"Los Condes de Villaverde la Alta - El lugar de Marmolejo","robots":{"index":"index","follow":"follow","max-snippet":"max-snippet:-1","max-image-preview":"max-image-preview:large","max-video-preview":"max-video-preview:-1"},"canonical":"https:\/\/lugardemarmolejo.es\/?page_id=259","og_locale":"es_ES","og_type":"article","og_title":"Los Condes de Villaverde la Alta - El lugar de Marmolejo","og_description":"-Manuel Perales Sol\u00eds- La implantaci\u00f3n de la casa de Villaverde en Marmolejo se remonta con total probabilidad al siglo XVIII; la primera titular, de origen montore\u00f1o,&nbsp; fue Do\u00f1a&nbsp; Mariana del Castillo y Escalera primera condesa de Villaverde la Alta, con t\u00edtulo concedido en 1758. Su nieta y heredera, Mar\u00eda del Carmen Aguayo y Aguayo, cuarta [&hellip;]","og_url":"https:\/\/lugardemarmolejo.es\/?page_id=259","og_site_name":"El lugar de Marmolejo","article_modified_time":"2023-08-14T08:06:08+00:00","og_image":[{"url":"https:\/\/static.wixstatic.com\/media\/7e23fc_54f7c39cca37060667d56d9933b53e64.jpg\/v1\/fill\/w_556,h_441,al_c,q_80,usm_0.66_1.00_0.01,enc_auto\/7e23fc_54f7c39cca37060667d56d9933b53e64.jpg","type":"","width":"","height":""}],"twitter_card":"summary_large_image","twitter_misc":{"Tiempo de lectura":"29 minutos"},"schema":{"@context":"https:\/\/schema.org","@graph":[{"@type":"WebPage","@id":"https:\/\/lugardemarmolejo.es\/?page_id=259","url":"https:\/\/lugardemarmolejo.es\/?page_id=259","name":"Los Condes de Villaverde la Alta - El lugar de Marmolejo","isPartOf":{"@id":"https:\/\/lugardemarmolejo.es\/#website"},"primaryImageOfPage":{"@id":"https:\/\/lugardemarmolejo.es\/?page_id=259#primaryimage"},"image":{"@id":"https:\/\/lugardemarmolejo.es\/?page_id=259#primaryimage"},"thumbnailUrl":"https:\/\/static.wixstatic.com\/media\/7e23fc_54f7c39cca37060667d56d9933b53e64.jpg\/v1\/fill\/w_556,h_441,al_c,q_80,usm_0.66_1.00_0.01,enc_auto\/7e23fc_54f7c39cca37060667d56d9933b53e64.jpg","datePublished":"2023-07-23T10:18:05+00:00","dateModified":"2023-08-14T08:06:08+00:00","breadcrumb":{"@id":"https:\/\/lugardemarmolejo.es\/?page_id=259#breadcrumb"},"inLanguage":"es","potentialAction":[{"@type":"ReadAction","target":["https:\/\/lugardemarmolejo.es\/?page_id=259"]}]},{"@type":"ImageObject","inLanguage":"es","@id":"https:\/\/lugardemarmolejo.es\/?page_id=259#primaryimage","url":"https:\/\/static.wixstatic.com\/media\/7e23fc_54f7c39cca37060667d56d9933b53e64.jpg\/v1\/fill\/w_556,h_441,al_c,q_80,usm_0.66_1.00_0.01,enc_auto\/7e23fc_54f7c39cca37060667d56d9933b53e64.jpg","contentUrl":"https:\/\/static.wixstatic.com\/media\/7e23fc_54f7c39cca37060667d56d9933b53e64.jpg\/v1\/fill\/w_556,h_441,al_c,q_80,usm_0.66_1.00_0.01,enc_auto\/7e23fc_54f7c39cca37060667d56d9933b53e64.jpg"},{"@type":"BreadcrumbList","@id":"https:\/\/lugardemarmolejo.es\/?page_id=259#breadcrumb","itemListElement":[{"@type":"ListItem","position":1,"name":"Portada","item":"https:\/\/lugardemarmolejo.es\/"},{"@type":"ListItem","position":2,"name":"Los Condes de Villaverde la Alta"}]},{"@type":"WebSite","@id":"https:\/\/lugardemarmolejo.es\/#website","url":"https:\/\/lugardemarmolejo.es\/","name":"El lugar de Marmolejo","description":"","potentialAction":[{"@type":"SearchAction","target":{"@type":"EntryPoint","urlTemplate":"https:\/\/lugardemarmolejo.es\/?s={search_term_string}"},"query-input":{"@type":"PropertyValueSpecification","valueRequired":true,"valueName":"search_term_string"}}],"inLanguage":"es"}]}},"_links":{"self":[{"href":"https:\/\/lugardemarmolejo.es\/index.php?rest_route=\/wp\/v2\/pages\/259","targetHints":{"allow":["GET"]}}],"collection":[{"href":"https:\/\/lugardemarmolejo.es\/index.php?rest_route=\/wp\/v2\/pages"}],"about":[{"href":"https:\/\/lugardemarmolejo.es\/index.php?rest_route=\/wp\/v2\/types\/page"}],"author":[{"embeddable":true,"href":"https:\/\/lugardemarmolejo.es\/index.php?rest_route=\/wp\/v2\/users\/1"}],"replies":[{"embeddable":true,"href":"https:\/\/lugardemarmolejo.es\/index.php?rest_route=%2Fwp%2Fv2%2Fcomments&post=259"}],"version-history":[{"count":3,"href":"https:\/\/lugardemarmolejo.es\/index.php?rest_route=\/wp\/v2\/pages\/259\/revisions"}],"predecessor-version":[{"id":262,"href":"https:\/\/lugardemarmolejo.es\/index.php?rest_route=\/wp\/v2\/pages\/259\/revisions\/262"}],"wp:attachment":[{"href":"https:\/\/lugardemarmolejo.es\/index.php?rest_route=%2Fwp%2Fv2%2Fmedia&parent=259"}],"curies":[{"name":"wp","href":"https:\/\/api.w.org\/{rel}","templated":true}]}}