{"id":255,"date":"2023-07-23T10:14:13","date_gmt":"2023-07-23T10:14:13","guid":{"rendered":"https:\/\/lugardemarmolejo.es\/?page_id=255"},"modified":"2023-08-14T08:06:15","modified_gmt":"2023-08-14T08:06:15","slug":"marmolejo-y-la-batalla-de-bailen","status":"publish","type":"page","link":"https:\/\/lugardemarmolejo.es\/?page_id=255","title":{"rendered":"Marmolejo y la Batalla de Bail\u00e9n"},"content":{"rendered":"\n<h5 class=\"wp-block-heading\"><strong>-Eloy Jim\u00e9nez Jim\u00e9nez-<\/strong><\/h5>\n\n\n\n<p>Son abundantes las obras art\u00edsticas en conmemoraci\u00f3n de la renombrada batalla de Bail\u00e9n que, como es bien sabido, tuvo lugar en las inmediaciones de la localidad vecina un t\u00f3rrido 19 de julio de 1808. Pueden contarse por decenas los poemas, cuadros, novelas, esculturas, partituras, etc. que conmemoran tal efem\u00e9ride. Por poner un ejemplo cercano, recordemos el Monumento a las Batallas en la capital provincial, obra del insigne escultor santistebe\u00f1o Jacinto Higueras, que conmemora dicho evento junto a la batalla de las Navas de Tolosa.<\/p>\n\n\n\n<p>\u200b<\/p>\n\n\n\n<p>De entre toda esa pl\u00e9tora de obras art\u00edsticas, cabe destacar una zarzuela titulada \u00abBail\u00e9n. Zarzuela en un acto y cuatro cuadros, en verso\u00bb, compuesta en 1907 por los autores extreme\u00f1os Juan de Mena Rodr\u00edguez y Clodoaldo Guerrero Romero (1). Seg\u00fan afirma Francisco J. Rosal en su tesis \u201cHasta morir o vencer: la Guerra de la Independencia en la zarzuela (1847-1964)\u201d: \u00abCentrando la atenci\u00f3n en dicho Centenario (2), hubo una eclosi\u00f3n enorme de zarzuelas inspiradas en la Guerra de la Independencia. Los temas elegidos fueron muy diferentes, pero primaron los basados en el Dos de Mayo y en la resistencia de Zaragoza; (\u2026)&nbsp;<strong>la otra pieza de 1907, Bail\u00e9n (de los libretistas Juan de Mena Rodr\u00edguez (fl. 1901) y Clodoaldo Guerrero (fl. 1904), no encontr\u00f3 compositor que musicase los n\u00fameros que con tal fin se indicaron en el libreto\u00bb.<\/strong><\/p>\n\n\n\n<p><strong>\u200b<\/strong><\/p>\n\n\n\n<p>Un ejemplar de esta obra se encuentra depositado en los fondos de la Biblioteca Nacional de Espa\u00f1a bajo la signatura T\/17477. Como indica su t\u00edtulo, se trata del libreto de una zarzuela en un solo acto, desarrollada en cuatro cuadros, con textos en verso. Es una obrita de muy corta extensi\u00f3n, con solo 49 p\u00e1ginas. Pero, \u00bfpor qu\u00e9 habr\u00eda de interesarnos precisamente esta obra? Leamos el subt\u00edtulo y entenderemos el porqu\u00e9: \u00abLa acci\u00f3n en Marmolejo en 1808\u00bb.<\/p>\n\n\n\n<p>Como puede verse, la acci\u00f3n est\u00e1 ambientada en el Marmolejo de 1808, justo antes de la mencionada batalla. Los personajes son muy pocos, incluyendo entre ellos a Don Homobono, unviudo propietario acomodado que reniega del patriotismo y se decanta por no participar en los asuntos de la guerra; por el contrario, su hija Efigenia muestra un gran ardor patri\u00f3tico, que la lleva a querer hacer frente al invasor franc\u00e9s. As\u00ed, la obra arranca en casa del antedicho con un di\u00e1logo entre padre e hija, en el que \u00e9l, atenazado por el miedo a sufrir los desmanes de \u00abesos diablos de gabachos\u00bb, trata de convencerla de que abandone sus \u00ab\u00edmpetus guerreros\u00bb y ella le reprocha su pragmatismo y su inexistente defensa de Espa\u00f1a:<\/p>\n\n\n\n<p>\u200b<\/p>\n\n\n\n<p>EFIG. Atender a nuestra propia \/<br>seguridad no debemos \/<br>cuando la patria peligra.<br>HOM. Primero est\u00e1 mi pellejo \/<br>y mi hacienda que la patria.<\/p>\n\n\n<div class=\"wp-block-image\">\n<figure class=\"alignleft is-resized\"><img fetchpriority=\"high\" decoding=\"async\" src=\"https:\/\/static.wixstatic.com\/media\/7e23fc_7a37a0001ace4bcfa57d182acf021e87~mv2.jpg\/v1\/fill\/w_282,h_443,al_c,q_80,usm_0.66_1.00_0.01,enc_auto\/Imagen%202.jpg\" alt=\"Imagen 2.jpg\" width=\"235\" height=\"369\"\/><figcaption class=\"wp-element-caption\"><strong>Portada del libreto Bail\u00e9n de Guerrero y Mena<\/strong><\/figcaption><\/figure>\n<\/div>\n\n<div class=\"wp-block-image\">\n<figure class=\"alignleft is-resized\"><img decoding=\"async\" src=\"https:\/\/static.wixstatic.com\/media\/7e23fc_43dd68d2d82b4efab2c792522ca29d37~mv2.jpg\/v1\/fill\/w_314,h_361,al_c,q_80,usm_0.66_1.00_0.01,enc_auto\/Imagen%203.jpg\" alt=\"Imagen 3.jpg\" width=\"272\" height=\"312\"\/><figcaption class=\"wp-element-caption\"><strong>Personajes y lugar donde se desarrolla la obra<\/strong><\/figcaption><\/figure>\n<\/div>\n\n<div class=\"wp-block-image\">\n<figure class=\"alignright is-resized\"><img decoding=\"async\" src=\"https:\/\/static.wixstatic.com\/media\/7e23fc_dd99b302aa36436bacd10371db3521f3~mv2.jpg\/v1\/fill\/w_344,h_258,al_c,q_80,usm_0.66_1.00_0.01,enc_auto\/Imagen%201.jpg\" alt=\"Imagen 1.jpg\" width=\"294\" height=\"221\"\/><figcaption class=\"wp-element-caption\"><strong>Monumento a las Batallas de Jacinto Higueras. Detalle.<\/strong><\/figcaption><\/figure>\n<\/div>\n\n\n<p><\/p>\n\n\n\n<p><\/p>\n\n\n\n<p><\/p>\n\n\n\n<p><\/p>\n\n\n\n<p><\/p>\n\n\n\n<p><\/p>\n\n\n\n<p>En la segunda escena del primer cuadro, hace su aparici\u00f3n don Enrique de Mac\u00edas, el prometido de Efigenia. Entra en la casa antedicha para anunciar la llegada de los ej\u00e9rcitos de los generales Casta\u00f1os y Dupont. Enardecido por estos acontecimientos, une su \u00e1nimo al de su amada Efigenia para intentar convencer a Homobono para que se les una a enfrentarse al enemigo. Este, por su parte, les propone en su lugar tomar matrimonio, pero la joven pareja prefiere aplazarlo hasta haber expulsado a los franceses. Es aqu\u00ed donde aparece por primera vez mencionado nuestro pueblo en el di\u00e1logo, cuando Enrique afirma:<\/p>\n\n\n\n<p>\u200b<\/p>\n\n\n\n<p class=\"has-text-align-center\">ENR. Si conseguimos el triunfo, \/<br>nuestra naci\u00f3n ser\u00e1 un pueblo \/<br>libre, temido, glorioso; \/<br>y si en la lucha caemos, \/<br>para legar a las gentes \/<br>futuras un alto ejemplo \/<br>de abnegaci\u00f3n y civismo, \/<br>por el cincel de alg\u00fan genio \/<br>ser\u00e1n labrados en m\u00e1rmol \/<br>los h\u00e9roes de<strong>&nbsp;Marmolejo.<\/strong><\/p>\n\n\n\n<p><strong>\u200b<\/strong><\/p>\n\n\n\n<p>El segundo cuadro comienza con la indicaci\u00f3n \u00abPlaza de Marmolejo\u00bb. En esa parte entran en escena nuevos personajes, que representan al pueblo. Tenemos, pues, al jefe de los milicianos, Abelardo Teodosio de Moctezuma, el T\u00edo Agapito, unos voluntarios de la milicia urbana y un coro de mujeres. Ya en los primeros versos de esta parte vuelve a ser nombrado nuestro pueblo, concretamente en boca de Abelardo, que comienza diciendo:<\/p>\n\n\n\n<p class=\"has-text-align-center\">ABEL. Voluntarios. Aunque yo \/<br>soy extra\u00f1o a&nbsp;<strong>Marmolejo<\/strong>&nbsp;\/<br>el Patri\u00f3tico Consejo \/<br>jefe vuestro me nombr\u00f3.<\/p>\n\n\n\n<p class=\"has-text-align-center\">\u200b<\/p>\n\n\n\n<p>Llama la atenci\u00f3n del lector el hecho de que los libretistas cambien el registro para hacerlo m\u00e1s vulgar, en un intento escasamente realista de imitar el habla popular. Sabido es de todos que nuestro pueblo forma parte de la Andaluc\u00eda del seseo; sin embargo, en una demostraci\u00f3n evidente de que los autores desconoc\u00edan c\u00f3mo hablan nuestros paisanos, ponen en su boca una forma de expresarse que mezcla ceceo con otros vulgarismos extempor\u00e1neos, impropios de nuestra manera de hablar. Como era costumbre en la \u00e9poca, abundaban los gitanismos y vocablos de german\u00eda como menda, gach\u00e9, chip\u00e9, dar mul\u00e9, \u2026 . As\u00ed, por ejemplo, se expresa el T\u00edo Agapito, representante de los voluntarios marmoleje\u00f1os:<\/p>\n\n\n\n<p>\u200b<\/p>\n\n\n\n<p class=\"has-text-align-center\">AGAP. Puz ez precizo que entienda \/<br>que entremeti\u00e9ndose est\u00e1 \/<br>en lo que no debe; ac\u00e1 \/<br>no hay otro jefe que menda. \/<br>porque estoy autorisao \/<br>pa ello prefetamente<\/p>\n\n\n\n<p>\u200b<\/p>\n\n\n\n<p>Despu\u00e9s de presentarse, Abelardo presume de su valor contando sus haza\u00f1as contra los franceses en la ciudad de Ja\u00e9n, a lo que el T\u00edo Agapito, para no ser menos, opone sus propias refriegas en Despe\u00f1aperros como contrabandista apodado El Tremendo. Con la llegada de don Homobono, su hija y su prometido comienza la segunda escena del segundo cuadro. Cuando Abelardo conoce por Agapito que Efigenia es acaudalada, decide \u00abcamelarla\u00bb. Empiezan entonces los voluntarios y las mujeres a cantar s\u00e1tiras contra Napole\u00f3n y Pepe Botella, hasta que alguien llega anunciando la llegada de los franceses. Todos se escabullen, dejando solo a Enrique en la plaza. El tercer cuadro abre su primera escena de nuevo en casa de Don Homobono. Avisando de que los franceses han prendido a su amado, Agapito se dirige a Efigenia para exponerle el plan para conseguir la liberaci\u00f3n de aquel: aprovechar que Abelardo quiere conquistarla, para atraerlo a su casa y as\u00ed, intercambiarlo \u2013como jefe de los voluntarios- por Enrique. Durante la breve escena segunda de este cuadro Efigenia suplica a su padre que la acompa\u00f1e a la c\u00e1rcel para visitar a don Enrique, a lo que aquel se niega.<\/p>\n\n\n\n<p>\u200b<\/p>\n\n\n\n<p>En la tercera escena somos testigos de los requiebros que Abelardo hace a Efigenia, intentando enamorarla, ignorando que esta se ha prestado a tal farsa con tal de salvar a su verdadero amor. Sigue la cuarta escena, en la que brevemente don Homobono es informado sobre la relaci\u00f3n que acaba de surgir entre su hija y Abelardo. La acci\u00f3n se ve interrumpida cuando entra en escena el coronel de los franceses. A lo largo de la escena quinta se producen unos intercambios c\u00f3micos entre el coronel, que chapurrea el espa\u00f1ol, y los paisanos que confunden lo que dice. Finalmente, Abelardo es llevado preso y los que estaban encarcelados son puestos en libertad, entre ellos Enrique, aprovechando la confusi\u00f3n. La sexta escena nos muestra a Efigenia intentando infructuosamente hacer entender a su padre por qu\u00e9 ha actuado de esa manera tan extra\u00f1a, a lo que este responde:<\/p>\n\n\n\n<p>\u200b<\/p>\n\n\n\n<p class=\"has-text-align-center\">HOM. No te entiendo, ni es posible \/<br>que pueda entenderte nadie. \/<br>no bien preso Enrique ha sido<br>te has echado un nuevo amante \/<br>sin importarte un ardite \/<br>que aquel se encuentre en tal trance.<\/p>\n\n\n\n<p>\u200b<\/p>\n\n\n\n<p>Durante la siguiente escena, Enrique regresa a la casa, donde se encuentra a solas a don Homobono, al cual se le escapa lo que ha pasado entre su hija y Abelardo, contribuyendo as\u00ed al enredo. Enredo que, ya en la escena octava, Efigenia se encarga de aclarar. Termina el tercer cuadro con la novena escena, en la que todo queda aclarado y los tres protagonistas abandonan la casa para acudir al combate. El cuarto y \u00faltimo cuadro solo consta de una \u00fanica escena, que se desarrolla, al igual que el segundo, en la plaza del pueblo, a donde han acudido todos tras la batalla de Bail\u00e9n. Tras un discurso encomi\u00e1stico de Enrique, Efigenia declara:<\/p>\n\n\n\n<p class=\"has-text-align-center\">EFIG. Convencinos \/<br>la&nbsp;<strong>Virgen de la Cabeza,<\/strong>&nbsp;\/<br>nuestra Patrona, su auxilio \/<br>nos ha prestado en la lucha; \/<br>milagro patente ha sido \/<br>pues tan poca sangre en ella \/<br>se derram\u00f3 de los hijos \/<br>de&nbsp;<strong>Marmolejo.<\/strong><\/p>\n\n\n\n<p>Despu\u00e9s de rememorar todos sus gestas, terminan cantando a la gloria de Bail\u00e9n, hasta que cae el tel\u00f3n. No es este el \u00fanico ejemplo en el que nuestra localidad es nombrada en una obra literaria dedicada a la gesta. As\u00ed, en La batalla de Bail\u00e9n: drama hist\u00f3rico en cinco actos y seis cuadros (3) de Pedro Niceto de Sobrado nos encontramos en el Acto IV, Escena II, que est\u00e1 ambientada en Ba\u00f1os de la Encina, un di\u00e1logo entre el capit\u00e1n Ponce y un teniente. Ambos conversan sobre los preparativos para el ataque a Dupont, y en un momento de la conversaci\u00f3n dicen:<\/p>\n\n\n\n<p>\u200b<\/p>\n\n\n\n<p>CAPITAN. El gefe est\u00e1 desolado , y solo le sostienen su patriotismo y el deseo de vengar tanta ofensa y tanta calamidad como ha esperimentado\u2026yo aseguro que donde caigamos nosotros\u2026 aviados est\u00e1n!<br>TENIENT. Y ahora vamos\u2026<br>CAPITAN. A&nbsp;<strong>Marmolejo<\/strong>, \u00e1 ocupar todas las alturas de Sementera (4).<\/p>\n\n\n\n<p>\u200b<\/p>\n\n\n\n<p><strong>Contexto hist\u00f3rico<\/strong><\/p>\n\n\n\n<p>El contexto hist\u00f3rico de esta obra nos retrotrae a los momentos inmediatamente anteriores a la batalla de Bail\u00e9n. Sin entrar en muchos detalles, recordemos que el general Dupont (5), famos\u00edsimo militar invicto en batallas como las de Marengo, siguiendo \u00f3rdenes directas de Napole\u00f3n, entr\u00f3 en Andaluc\u00eda con la intenci\u00f3n de sofocar la sublevaci\u00f3n contra el invasor (6).<\/p>\n\n\n\n<p>\u200b<\/p>\n\n\n\n<p>Habiendo establecido su cuartel general en And\u00fajar el 2 de junio, el d\u00eda 6 se dirigi\u00f3 con 10.000 soldados a C\u00f3rdoba tras la batalla de Alcolea. All\u00ed, desde el 13 de junio de 1808 y durante tres d\u00edas sus tropas se dedicaron a hacer pillaje, masacrando a la poblaci\u00f3n indefensa y saqueando todo tipo de objetos, sin importarles que fueran de conventos, iglesias o monasterios (7). Durante el saqueo fueron violadas muchas mujeres, entre las que se incluyeron cientos de religiosas que fueron asaltadas dentro de sus conventos. Se dice que al abandonar la ciudad,&nbsp;<em>\u00ablos cerdos se com\u00edan los senos de las mujeres que hab\u00edan recibido muerte en las calles\u00bb.<\/em>(8) Con todo lo saqueado, que inclu\u00eda una multitud de obras art\u00edsticas, salieron de la ciudad con m\u00e1s de ochocientos carros. As\u00ed lo describ\u00eda Manuel Moreno en la estrofa n\u00ba 41 de su obra titulada&nbsp;<em>\u00abCanto del Betis que describe la memorable victoria de Andaluc\u00eda sobre los franceses en los campos de And\u00fajar, y de Bail\u00e9n el dia 19 de julio de 1808\u00bb.<\/em><\/p>\n\n\n\n<p><em>\u200b<\/em><\/p>\n\n\n\n<p class=\"has-text-align-center\"><em>Admiran el bot\u00edn incalculable<br>Que en C\u00f3rdoba y Ja\u00e9n (9) fue robo inmenso,<br>Del indigno Dupont y su vil tropa;<br>El Templo de Dios hable,<br>Si hasta la santa y argentada copa,<br>Si hasta el vaso precioso del incienso<br>Conculcan, atropellan, arrebatan,<br>Y brutos desbaratan,<br>Sin saciarse su sed y \u00e1nimo feo<br>Con el imp\u00edo universal saqueo.<\/em><\/p>\n\n\n\n<p><strong>\u200b<\/strong><\/p>\n\n\n<div class=\"wp-block-image\">\n<figure class=\"aligncenter is-resized\"><img loading=\"lazy\" decoding=\"async\" src=\"https:\/\/static.wixstatic.com\/media\/7e23fc_b249619e65d84ab7a21d8d78cc2c050c~mv2.jpg\/v1\/fill\/w_600,h_164,al_c,q_80,usm_0.66_1.00_0.01,enc_auto\/Imagen%204.jpg\" alt=\"Imagen 4.jpg\" width=\"631\" height=\"172\"\/><figcaption class=\"wp-element-caption\"><strong>Partida de bautismo del general Pierre Dupont. Chabanais (Francia)<\/strong><\/figcaption><\/figure>\n<\/div>\n\n\n<p>Para conocer con m\u00e1s detalle lo que ocurri\u00f3 en nuestra comarca durante los d\u00edas previos a la batalla, nos son de gran utilidad las obra de dos franceses: el primero es el militar napole\u00f3nico Maximilien S\u00e9bastien Foy, cuya \u00abHistoria de la guerra de la Pen\u00ednsula bajo Napole\u00f3n\u00bb (10) en nueve vol\u00famenes -escrita solo 10 a\u00f1os despu\u00e9s de Bail\u00e9n- nos servir\u00e1 de base en lo que concierne a nuestra comarca; por otro lado, tambi\u00e9n hemos consultado el trabajo de E. Saint- Maurice Cabany (11) titulado \u00ab\u00c9tude historique sur la Capitulation de Baylen\u00bb (12), publicada en Par\u00eds en 1846.<\/p>\n\n\n\n<p>\u200b<\/p>\n\n\n\n<p>A lo largo de dichas obras, junto a numerosos detalles concretos y cartas transcritas, se observa una tendencia chovinista de ambos autores a intentar \u00ablavar la cara\u00bb al general Dupont, intentando hacer creer que las atrocidades cometidas por los franceses (a las que Cabany denomina \u00abeffervescence momentan\u00e9e\u00bb) no fueron sino la reacci\u00f3n natural a los excesos de los espa\u00f1oles y que la derrota en Bail\u00e9n no puede achac\u00e1rsele a Dupont sino a sus subordinados y la mala suerte. Nos cuenta c\u00ednicamente Cabany que Dupont regres\u00f3 de C\u00f3rdoba a And\u00fajar el d\u00eda 18 de junio y se horroriz\u00f3 al enterarse de que su comandante hab\u00eda sido asesinado junto a otros soldados, as\u00ed como que muchos heridos hab\u00edan sido masacrados en hospitales en Manzanares, Valdepe\u00f1as y La Carolina.<\/p>\n\n\n\n<p>\u200b<\/p>\n\n\n\n<p><\/p>\n\n\n<div class=\"wp-block-image\">\n<figure class=\"aligncenter is-resized\"><img loading=\"lazy\" decoding=\"async\" src=\"https:\/\/static.wixstatic.com\/media\/7e23fc_cdf88c8bd1b94e8d8ce8479731b73e27~mv2.jpg\/v1\/fill\/w_600,h_428,al_c,q_80,usm_0.66_1.00_0.01,enc_auto\/Imagen%205.jpg\" alt=\"Imagen 5.jpg\" width=\"634\" height=\"452\"\/><figcaption class=\"wp-element-caption\"><strong>Grabado de 1808. Muestra saqueadores franceses en Espa\u00f1a<\/strong><\/figcaption><\/figure>\n<\/div>\n\n\n<p><\/p>\n\n\n\n<p>Prosigue el autor, copiando casi al pie de la letra a Foy, con la narraci\u00f3n de los proleg\u00f3menos de la batalla contando c\u00f3mo Dupont empieza a hacer preparativos de guerra para la defensa de la plaza andujare\u00f1a. Para justificar las razias que sol\u00eda hacer la soldadesca, dice lo siguiente:&nbsp;<em>\u00abLas riberas del alto Guadalquivir son insalubres, tanto que alg\u00fan viajero las ha llamado la estancia eterna de las fiebres p\u00fatridas. Era lo m\u00e1s riguroso del verano. Adem\u00e1s del ardor del sol, los soldados padec\u00edan a\u00fan los tormentos del hambre. No ten\u00edan ni vino, ni vinagre, ni aguardiente; la mayor\u00eda de las veces no recib\u00edan m\u00e1s que media raci\u00f3n de pan, a veces un cuarto y hubo incluso d\u00edas en que no recibieron m\u00e1s de tres a cuatro onzas. Era necesario, de hecho, cubrir todas las necesidades de la tropa con los escasos recursos abandonados por los habitantes de And\u00fajar. Los peque\u00f1os pueblos de los alrededores solo fueron de ayuda muy d\u00e9bil y muy moment\u00e1nea. Hubo que recurrir al grano que a\u00fan estaba sin recoger y emplear a los soldados (13) para cosechar, trillar el trigo, molerlo y hacer pan con un solo molino (14), en el que descansaba la subsistencia de todo el ej\u00e9rcito. Solo con extrema dificultad y a un precio muy alto se pod\u00eda conseguir un poco de vino para los hospitales. Las enfermedades pronto se cebaron con los reclutas y, en menos de quince d\u00edas, entraron seiscientos en el hospital. Los que no enfermaron experimentaron una gran disminuci\u00f3n de la fuerza f\u00edsica y perdieron la formaci\u00f3n, la disciplina y la coordinaci\u00f3n que hab\u00edan adquirido durante el resto del invierno anterior\u00bb.<\/em><\/p>\n\n\n\n<p><em>\u200b<\/em><\/p>\n\n\n\n<p>De este fragmento podemos deducir que las tropas acantonadas en And\u00fajar estaban en una situaci\u00f3n bastante desesperada debido a la coincidencia del calor extremo del verano andaluz con el cansancio y la escasez de v\u00edveres. As\u00ed pues, no debe extra\u00f1arnos que frecuentemente hicieran correr\u00edas en las poblaciones circundantes (Marmolejo inclusive) para aprovisionarse, tomando consigo cualquier cosa que llevarse a la boca y cometiendo las tropel\u00edas que la impunidad de su superioridad militar les otorgaba. Es solo una elucubraci\u00f3n de este autor, pero es probable que durante una de esas incursiones la soldadesca gala irrumpiese en el templo parroquial de Nuestra Se\u00f1ora de la Paz y arramblase con todos los objetos de valor que encontrase a su paso. El hecho de que el archivo parroquial (que sobrevivi\u00f3 inc\u00f3lume a los desmanes de la Guerra Civil) arranque precisamente durante esa \u00e9poca podr\u00eda estar motivado precisamente por uno de estos pillajes, durante el cual probablemente fuese incendiado, sustra\u00eddo o destrozado. El mismo P\u00e9rez Gald\u00f3s, en el cap\u00edtulo XV del libro \u00abBail\u00e9n\u00bb de sus c\u00e9lebres \u00abEpisodios Nacionales\u00bb, relata algo parecido a lo que pudo haber sucedido en Marmolejo:&nbsp;<em>\u00abAl llegar a Meng\u00edbar, encontramos la poblaci\u00f3n muy alborotada, porque un destacamento franc\u00e9s enviado a Ja\u00e9n en busca de v\u00edveres, despu\u00e9s de saquear horriblemente esta ciudad, hab\u00eda retrocedido a su cuartel general asolando a su paso la comarca. De Ja\u00e9n se contaban atrocidades que apenas son cre\u00edbles en militares de un pa\u00eds europeo. Dij\u00e9ronnos que mujeres y ni\u00f1os hab\u00edan sido inhumanamente degollados y que igual muerte padecieron dentro de sus mismos hospitales varios frailes agustinos y dominicos enfermos. La consternaci\u00f3n de aquellos pueblos era excesiva, y al aproximarse las tropas acud\u00edan en tropel a nuestro encuentro, derramando l\u00e1grimas de ira, suplic\u00e1ndonos que no dej\u00e1ramos vivo un franc\u00e9s, y pidiendo los viejos a\u00fan fuertes y los rapaces de doce a\u00f1os que se les dejase marchar entre las filas para ayudarnos. Seg\u00fan nos dec\u00edan, despu\u00e9s del saqueo, en los caser\u00edos inmediatos al tr\u00e1nsito, Almenara, Fuente del Rey, Gra\u00f1ena y otros no hab\u00edan dejado ni un grano de trigo, ni un azumbre de vino, ni un pu\u00f1ado de paja. Hasta las medicinas de las boticas y de los hospitales de Ja\u00e9n fueron robadas, y al propio tiempo ni un carro ni una mula quedaron en todos aquellos contornos\u00bb.<\/em><\/p>\n\n\n\n<p><em>\u200b<\/em><\/p>\n\n\n\n<p><em>\u200b<\/em><\/p>\n\n\n<div class=\"wp-block-image\">\n<figure class=\"alignleft is-resized\"><img loading=\"lazy\" decoding=\"async\" src=\"https:\/\/static.wixstatic.com\/media\/7e23fc_01da8cd68e48413ca12bb967e355a18c~mv2.jpg\/v1\/fill\/w_456,h_645,al_c,q_80,usm_0.66_1.00_0.01,enc_auto\/Imagen%206.jpg\" alt=\"Imagen 6.jpg\" width=\"396\" height=\"560\"\/><figcaption class=\"wp-element-caption\"><strong>Portada de la obra de M. S. Foy<\/strong><\/figcaption><\/figure>\n<\/div>\n\n\n<p><strong>La escaramuza de Santa Cecilia<\/strong><\/p>\n\n\n\n<p>En el art\u00edculo \u00abOperaciones en torno a Bail\u00e9n (La ca\u00edda de los mitos)\u00bb de Rafael Vidal Delgado se mencionan, entre otras, varias operaciones lideradas por el coronel Juan de la Cruz Mourgeon. Una de ellas la denomina \u201cBatalla de Arjonilla\u201d (15) aunque parece ser que en realidad se trat\u00f3 de una escaramuza que tuvo lugar el 23 de junio de 1808 en la casa de postas de Santa Cecilia, situada aproximadamente donde estaba el apeadero de Marmolejo.<\/p>\n\n\n\n<p>\u200b<\/p>\n\n\n\n<p>Reproducimos aqu\u00ed el texto aparecido en la Gazeta Ministerial de Sevilla de 29 de junio de 1808 (n\u00ba 9, p\u00e1gs. 69-70) que nos da cuenta de lo sucedido aquel d\u00eda:&nbsp;<em>\u00abEl Teniente Coronel don Juan de la Cruz Mourge\u00f3n dio parte (16) desde Arjonilla, con fecha 23 del corriente, al se\u00f1or Marqu\u00e9s de Coupigni, comandante de la vanguardia, y este a la Suprema Junta, del glorioso combate que tuvo con una partida del ej\u00e9rcito Dupont. A las tres de la madrugada del mismo d\u00eda se puso en marcha dicho Mourge\u00f3n, dirigi\u00e9ndose a ocupar los puestos avanzados de Arjonilla, con el cuerpo de su mando, compuesto de la compa\u00f1\u00eda de cazadores de guardia Walonas, la de Balbastro, la de voluntarios de Valencia y Campo Mayor, la del Pr\u00edncipe de Caballer\u00eda, Dragones de la Reina, H\u00fasares de Olivencia, Borb\u00f3n y escuadrones de Carmona. Puesta en orden la columna de los de Aldea del R\u00edo por el camino del Arrecife (17), y habiendo andado como tres cuartos de legua, les avis\u00f3 el Capit\u00e1n don Jos\u00e9 de San Mart\u00edn (18), comandante de su vanguardia que se hab\u00eda encontrado una descubierta de los enemigos; les orden\u00f3 los atacase, pero no pudiendo verificarlo en el momento por haberse puesto los enemigos en hu\u00edda, determin\u00f3 cortarlos por otro camino. En consecuencia, se dirigi\u00f3 San Mart\u00edn por una trocha, sostenido por una partida suya de Campo Mayor, a cargo del Subteniente del mismo don Cayetano de Miranda y la caballer\u00eda de su mando de H\u00fasares de Olivencia y Borb\u00f3n, cuya fuerza consist\u00eda en 21 caballos; con ellos pas\u00f3 a la casa de postas, situada en Santa Cecilia; al llegar a ella vio que los enemigos estaban formados en batalla, creyendo que San Mart\u00edn con tan corto n\u00famero no se atrever\u00eda a atacarlos; pero este valeroso Oficial \u00fanicamente atento a la orden de su jefe puso a su tropa en batalla y atac\u00f3 con tanta intrepidez, que logr\u00f3 desbaratarlos completamente, dejando en el campo 17 dragones muertos y 4 prisioneros, que aunque heridos los hizo conducir sobre sus mismos caballos, habiendo emprendido la fuga el oficial y los restantes soldados con tanto espanto, que hasta los mismos morriones arrojaban de temor, logr\u00e1ndose coger 15 caballos en buen estado, y los restantes quedaron muertos.<\/em><\/p>\n\n\n\n<p><\/p>\n\n\n\n<p><em>Mucho sinti\u00f3 San Mart\u00edn y, su valerosa tropa se les escapase el Oficial y dem\u00e1s soldados enemigos; pero oyendo tocar la retirada, hubo de reprimir su ambici\u00f3n de gloria. El Teniente Coronel Mourge\u00f3n orden\u00f3 la retirada por haber observado que ven\u00eda al enemigo un refuerzo de 100 caballos. Dispuso en consecuencia fuese el Teniente de caballer\u00eda del Pr\u00edncipe, don Carlos Lanzarote, con 20 caballos, a sostener a San Mart\u00edn por el Arrecife, mientras el mismo se adelantaba por la derecha de este con el escuadr\u00f3n de Dragones de la Reina, al mando de su Capit\u00e1n don Jos\u00e9 de Torres, dejando el del resto de la columna al del Teniente Coronel y comandante de la compa\u00f1\u00eda de cazadores de guardias Walonas don Dionisio Baouligni, con la orden de que tomase posici\u00f3n y cubriese los bagajes y municiones, con cuya operaci\u00f3n se contuvieron los enemigos, y dejaron retirar con el mejor orden a San Mart\u00edn. Por nuestra parte s\u00f3lo ha habido un cazador de Olivencia herido, a pesar de haber sufrido nuestra tropa descargas de tercerolas y pistolas. San Mart\u00edn hace un elogio distinguido de toda su tropa, particularmente del Sargento de H\u00fasares de Olivencia, Pedro de Martos, y del cazador del mismo Juan de Dios, que en un inminente riesgo le salv\u00f3 la vida, del Sargento de caballer\u00eda de Borb\u00f3n Antonio Ramos y del soldado del mismo Ignacio Alonso. Los que huyen de esta manera son los vencedores de Jena y Austerlitz\u00bb.<\/em><\/p>\n\n\n\n<p><em>\u200b<\/em><\/p>\n\n\n\n<p><em>Por otra publicaci\u00f3n, sabemos que la agrupaci\u00f3n de Cruz Mourgeon tambi\u00e9n particip\u00f3 en otras operaciones de acoso al enemigo. En la obra Estado Mayor General del Ej\u00e9rcito Espa\u00f1ol del capit\u00e1n Pedro Chamorro Baquerizo, bajo la semblanza que hace del teniente general D. Antonio Ord\u00f3\u00f1ez se\u00f1ala lo siguiente: \u00abCon su nuevo cuerpo se hall\u00f3 ORD\u00d3\u00d1EZ el 24 de junio [de 1808] en la acci\u00f3n de Arjonilla, arrojando de ella a los enemigos; el 30 en el reconocimiento del molino de Batusavio (19); el 10 de julio en el que se practic\u00f3 destruyendo el puente de Marmolejos [sic]\u00bb<\/em><\/p>\n\n\n\n<p><em>\u200b<\/em><\/p>\n\n\n\n<p><strong>El paso del puente de San Bartolom\u00e9<\/strong><\/p>\n\n\n\n<p>Este \u00faltimo evento mencionado (la destrucci\u00f3n -parcial- del puente) est\u00e1 presente en varias obras que describen los proleg\u00f3menos de la batalla de Bail\u00e9n. Una de ellas es un art\u00edculo de E. Rodr\u00edguez Sol\u00eds en la revista \u00c1lbum Sal\u00f3n titulado&nbsp;<em>\u00abLa rendici\u00f3n de Bail\u00e9n (Efem\u00e9rides Ilustradas)\u00bb (20) en el que leemos: \u00abEl 15 comenz\u00f3 Casta\u00f1os a ca\u00f1onear el puente de Marmolejo\u00bb.<\/em><\/p>\n\n\n\n<p><em>\u200b<\/em><\/p>\n\n\n\n<p>Volviendo a los relatos de Foy y Cabany, leemos c\u00f3mo se desarrollaron las t\u00e1cticas militares previas a la batalla (21). Nos cuentan c\u00f3mo el general Casta\u00f1os, siguiendo \u00f3rdenes de la Junta, se apresta a atacar a Dupont en And\u00fajar apoyado por Reding, Coupigny y La Pe\u00f1a, as\u00ed como de una divisi\u00f3n ligera del coronel Juan de la Cruz Mourgeon. Este \u00faltimo nos interesa ya que a \u00e9l se le encomend\u00f3 atacar a los franceses por el flanco norte, atravesando el puente de San Bartolom\u00e9 (22) y dirigi\u00e9ndose a And\u00fajar por la Centenera. As\u00ed lo cuenta Benito P\u00e9rez Gald\u00f3s (op.cit.):<\/p>\n\n\n<div class=\"wp-block-image\">\n<figure class=\"alignright is-resized\"><img loading=\"lazy\" decoding=\"async\" src=\"https:\/\/static.wixstatic.com\/media\/7e23fc_0c9561ee1a42476d86924ac1d1c30963~mv2.jpg\/v1\/fill\/w_471,h_344,al_c,q_80,usm_0.66_1.00_0.01,enc_auto\/Imagen%207.jpg\" alt=\"Imagen 7.jpg\" width=\"449\" height=\"328\"\/><figcaption class=\"wp-element-caption\"><strong>Con raz\u00f3n o sin ella. Los desastres de la guerra. Fco. de Goya.<\/strong><\/figcaption><\/figure>\n<\/div>\n\n\n<p><\/p>\n\n\n<div class=\"wp-block-image\">\n<figure class=\"alignright is-resized\"><img loading=\"lazy\" decoding=\"async\" src=\"https:\/\/static.wixstatic.com\/media\/7e23fc_1eabd1183efa4c6b9967b4138410f6d5~mv2.jpg\/v1\/fill\/w_466,h_410,al_c,q_80,usm_0.66_1.00_0.01,enc_auto\/Imagen%208.jpg\" alt=\"Imagen 8.jpg\" width=\"449\" height=\"395\"\/><figcaption class=\"wp-element-caption\"><strong>Localizaci\u00f3n de la caser\u00eda de Santa Cecilia<\/strong><\/figcaption><\/figure>\n<\/div>\n\n\n<p><\/p>\n\n\n\n<p>\u00abCualquiera que fuese el pensamiento de nuestros generales, lo cierto es que la primera divisi\u00f3n recibi\u00f3 orden inmediata de ponerse en marcha, mientras Casta\u00f1os con la tercera y la reserva se dirig\u00eda hacia el puente de Marmolejo para pasarlo y atacar a Dupont en And\u00fajar. [\u2026] Seg\u00fan nuestras noticias, Dupont continuaba en And\u00fajar, reforzado por la divisi\u00f3n de Vedel. \u00bfHab\u00edan trabado acci\u00f3n con nuestro tercer cuerpo y el de reserva que, pasando el r\u00edo por Marmolejo, estaban situados en la orilla derecha? Nosotros cre\u00edamos que s\u00ed, a menos que Casta\u00f1os no aguardase para atacar en\u00e9rgicamente a que la primera y segunda divisi\u00f3n cayeran sobre la espalda del ej\u00e9rcito de Dupont, bajando desde Bail\u00e9n. \u00bfEra este el objeto que nos guiaba en nuestra marcha? Parec\u00edanos que s\u00ed\u00bb.<\/p>\n\n\n\n<p>Cabany nos ayuda a verlo desde el punto de vista de Dupont y su ej\u00e9rcito. As\u00ed, nos cuenta:&nbsp;<em>\u00abMalgr\u00e9 les succ\u00e8s de Vedel et les et les renforts il lui amenait,, Dupont voyait augmenter ses craintes. Sa position a Andujar couvrait la grande route de S\u00e9ville \u00e0 la Caroline, mais elle pouvait \u00eatre tourn\u00e9e, en traversant le fleuve \u00e0 huit milles plus bas, au pont de Marmolejo\u00bb (23) [A pesar de los \u00e9xitos de Vedel y los refuerzos que le trajo, Dupont vio aumentar sus temores. Su posici\u00f3n en And\u00fajar cubr\u00eda la ruta principal de Sevilla a La Carolina, pero podr\u00eda rodearse cruzando el r\u00edo ocho millas m\u00e1s all\u00e1 abajo, por el puente de Marmolejo].<\/em><\/p>\n\n\n\n<p><em>\u200b<\/em><\/p>\n\n\n\n<p><em>Efectivamente, Dupont no las ten\u00eda todas consigo y recelaba que los espa\u00f1oles pudieran atacarle por la retaguardia, es decir, desde las estribaciones de Sierra Morena. Los informes que le llegaban le hac\u00edan creer que Casta\u00f1os y su ej\u00e9rcito iban a atacarle en And\u00fajar, donde \u00e9l se hab\u00eda hecho fuerte amparado por el Guadalquivir y el J\u00e1ndula. Nos sigue contando Foy que \u00abComme les Espagnols \u00e9tendaient leur gauche jusqu Aldea del Rio, un officier du g\u00e9nie se porta le 10 avec un bataillon par la rive droite du Gualdalquivir au pont de Marmolejo, et d\u00e9truisit deux arches, malgr\u00e9 quelques coups de fusil tir\u00e9s par les Espagnols pour opposer\u00bb (24). [Puesto que los espa\u00f1oles extend\u00edan su izquierda hasta la Aldea del R\u00edo (25), un oficial de ingenieros se traslad\u00f3 el d\u00eda 10 con un batall\u00f3n por la orilla derecha del Guadalquivir hasta el puente de Marmolejo y destruy\u00f3 dos arcos, a pesar de algunos disparos de fusil que hicieron los espa\u00f1oles para opon\u00e9rsele]. Al parecer, ese d\u00eda -tras recibir una misiva de Vedel- le contest\u00f3 en los siguientes t\u00e9rminos: \u00abJe re\u00e7ois, mon cher g\u00e9n\u00e9ral, la lettre o\u00f9 vous ;annoncez&nbsp; y a un rassemblement de rebelles \u00e0 Villa-Nueva. Le poste du moulin, situ\u00e9 \u00e0 une lieue ;Andujar, en remontant le fleuve, a ordre de diriger, par la rive droite, de fr\u00e9quentes reconnaissances du c\u00f4t\u00e9 de Villa-Nueva, pour \u00e9clairer le cours du Guadalquivir et communiquer avec vos reconnaissances. [\u2026].<\/em><\/p>\n\n\n\n<p><em>\u200b<\/em><\/p>\n\n\n\n<p><em>L&amp;#39;ennemi para\u00eet, en effet, annoncer quelques desseins. Un corps de cinq mille hommes, qui \u00e9tait \u00e0 Arjonilla, vient de se porter sur Marmolejo. Les troupes qui \u00e9taient \u00e0 Arjona ont \u00e9galement fait un mouvement. M. de Castanos veut peut-\u00eatre pr\u00e9venir le moment o\u00f9 nous pourrons reprendre ;offensive; mais comme ce moment ;est pas \u00e9loign\u00e9, nous devons tenir dans notre position a jusqu;\u00e0 la derni\u00e8re extr\u00e9mit\u00e9!\u00bb (26) [Recib\u00ed, mi querido general, la carta en la que me informaba de que hab\u00eda un reagrupamiento de rebeldes en Villanueva. El puesto del molino, situado a una legua de And\u00fajar, aguas arriba, tiene \u00f3rdenes de dirigir, por la margen derecha, frecuentes reconocimientos hacia Villanueva, para despejar el curso del Guadalquivir y comunicarse con sus reconocimientos. [\u2026]. El enemigo parece, de hecho, anunciar algunos objetivos. Un cuerpo de cinco mil hombres, que estaba en Arjonilla, acaba de avanzar sobre Marmolejo. Las tropas que estaban en Arjona tambi\u00e9n han realizado movimientos. El Sr. Casta\u00f1os tal vez quiera anticipar el momento en que podamos reanudar la ofensiva; pero como este momento no est\u00e1 lejano, debemos mantener nuestra posici\u00f3n hasta el \u00faltimo extremo].<\/em><\/p>\n\n\n\n<p><em>\u200b<\/em><\/p>\n\n\n\n<p><em>Pasa despu\u00e9s a hablar de la c\u00e9lebre reuni\u00f3n en Porcuna, antes mencionada, en la que los jefes del ej\u00e9rcito espa\u00f1ol en Andaluc\u00eda elaboraron sus planes t\u00e1cticos dirigidos a derrotar a Dupont. Entre ellos, el que nos interesa es el asignado al coronel Juan de la Cruz, pues a \u00e9l se le encomienda lo siguiente: \u00abQuelques d\u00e9tachements de troupes l\u00e9g\u00e8res, sous le colonel Juan de la Cruz, eurent ordre de passer le Guadalquivir \u00e0 Marmolejo, et de;emparer des d\u00e9fil\u00e9s qui conduisent de la Sierra-Morena dans l\u2019Estramadure\u00bb(27). [Algunos destacamentos de tropas ligeras, bajo el coronel Juan de la Cruz, recibieron orden de pasar el Guadalquivir en Marmolejo y tomar los desfiladeros que llevan de Sierra Morena hacia Extremadura]. Efectivamente, pocos d\u00edas despu\u00e9s los planes te\u00f3ricos de los de Casta\u00f1os empiezan a ponerse en pr\u00e1ctica. Reding ataca por Meng\u00edbar, Casta\u00f1os se apresta a lanzar fuego sobre And\u00fajar desde Los Visos y, por la derecha, nuestro coronel Juan de la Cruz \u00abtraverse, avec quatre mille hommes, le pont de Marmolejo, qui avait \u00e9t\u00e9 r\u00e9par\u00e9, et gagne les montagnes de la Sementera, un peu en arri\u00e8re de la position fran\u00e7aise; le g\u00e9n\u00e9ral de brigade Lefranc accourt avec le sixi\u00e8me provisoire et le force \u00e0 se replier\u00bb. [atraviesa, con cuatro mil hombres, el puente de Marmolejo, que hab\u00eda sido reparado, y alcanza los montes de la Centenera, un poco por detr\u00e1s de la posici\u00f3n francesa; el general de brigada Lefranc acude con la sexta provisional y le obliga a replegarse]. La noticia del ataque sobre And\u00fajar tambi\u00e9n apareci\u00f3 en la mencionada Gazeta ministerial de Sevilla, del 20 de julio de 1808 (n\u00ba 15), donde se nos informa de que: \u00abA las 9 \u00bd del dia se oy\u00f3 al Norte de And\u00fajar un tiroteo, que por intervalos dur\u00f3 una hora, y supimos que era de la tropa de D. Juan de la Cruz que por Marmolejo debia pasar \u00e1 la falda de la Sierra\u00bb. En el siguiente n\u00famero (el 16), con fecha 23 de julio, vuelve a aparecer un informe sobre este ataque, en los siguientes t\u00e9rminos: \u00abEl Teniente coronel D. Juan de la Cruz Mourgeon pas\u00f3 entre tanto por Marmolejo con un cuerpo de mas de 20 hombres; el dia 15 tuvo un reencuentro con los enemigos, superiores en n\u00famero, que perdieron 100 hombres entre muertos y heridos. Mourgeon tom\u00f3 una posici\u00f3n ventajosa para impedir que los enemigos se escapasen por la Sierra\u00bb.<\/em><\/p>\n\n\n\n<p><em>\u200b<\/em><\/p>\n\n\n<div class=\"wp-block-image\">\n<figure class=\"alignleft is-resized\"><img loading=\"lazy\" decoding=\"async\" src=\"https:\/\/static.wixstatic.com\/media\/7e23fc_cb64f7471d344421b478ca03b6df62c9~mv2.jpg\/v1\/fill\/w_483,h_247,al_c,q_80,usm_0.66_1.00_0.01,enc_auto\/Imagen%209.jpg\" alt=\"Imagen 9.jpg\" width=\"442\" height=\"226\"\/><figcaption class=\"wp-element-caption\"><strong>Fragmento de la Carte de la campagne de 1808 en Andalousie (incluido en el Atlas de la obra de Foy)<\/strong><\/figcaption><\/figure>\n<\/div>\n\n<div class=\"wp-block-image\">\n<figure class=\"alignright is-resized\"><img loading=\"lazy\" decoding=\"async\" src=\"https:\/\/static.wixstatic.com\/media\/7e23fc_85bb71cd5cbd4aa992aba5c2a28e329f~mv2.jpg\/v1\/fill\/w_406,h_247,al_c,lg_1,q_80,enc_auto\/Imagen%2010.jpg\" alt=\"Imagen 10.jpg\" width=\"371\" height=\"226\"\/><figcaption class=\"wp-element-caption\"><strong>Aut\u00f3grafo del teniente coronel D. Juan de la Cruz Mourgeon<\/strong><\/figcaption><\/figure>\n<\/div>\n\n\n<p><\/p>\n\n\n\n<p><\/p>\n\n\n\n<p>De la desesperaci\u00f3n de Dupont por verse rodeado por el enemigo nos habla tambi\u00e9n un autor an\u00f3nimo que dej\u00f3 escrita una Memoria de lo acaecido en el ex\u00e9rcito del general Dupont: desde su entrada en C\u00f3rdoba en el d\u00eda 7 de junio del a\u00f1o 1808 hasta su rendici\u00f3n de resultas de la victoria de Bail\u00e9n en 19 de julio del mismo (28) impresa en C\u00e1diz en 1809. En ella nos cuenta c\u00f3mo aquel, tras recibir las funestas noticias de la ca\u00edda de su general Gover y su derrota en Meng\u00edbar, \u00abtituvea, pero al fin envia varios destacamentos \u00e1 observar las operaciones del ex\u00e9rcito espa\u00f1ol \u00e1cia el Vado del Rincon, Mengivar, Baltuano, Marmolejo y otros puntos, que no tardaron mucho en volver batidos, deshechos, \u00f3 al menos con noticias desagradables\u00bb. No pod\u00eda faltar en esta antolog\u00eda de autores franceses y espa\u00f1oles que mencionan nuestra localidad el punto de vista de los otros protagonistas, esto es, los brit\u00e1nicos. Basten para tener una muestra dos autores que publicaron sendas obras sobre lo que ellos denominan The Peninsular War. Nos referimos a Thomas Hamilton y William F. P. Napier. El primero public\u00f3 en Edimburgo unos Anales de las campa\u00f1as peninsulares (1829) donde alude a Marmolejo en un par de ocasiones. La primera, al hablar de las disposiciones de Dupont para la defensa de su posici\u00f3n en And\u00fajar, cuando dice: \u00abIn the choice of his position, Dupont displayed little military judgment. It commanded indeed the main road from Seville to Madrid, but was liable to be turned at many points, in the season when the Guadalquiver became fordable ; and at all seasons by the bridge of Marmolexo, about two leagues lower down the river\u00bb(29) [Al elegir su posici\u00f3n, Dupont mostr\u00f3 escasa pericia militar. Si bien dominaba la principal carretera de Sevilla a Madrid, esta era susceptible de ser atravesada en muchos puntos en la \u00e9poca en la que el Gualdaquivir era vadeable; y en todas las \u00e9pocas por el puente de Marmolejo, a unas dos leguas aguas abajo].<\/p>\n\n\n\n<p>\u200b<\/p>\n\n\n\n<p>M\u00e1s adelante, cuando narra los acontecimientos del d\u00eda 15 de junio, describe c\u00f3mo Casta\u00f1os empieza a ca\u00f1onear el puente de And\u00fajar desde los Visos de Arjonilla; es en ese momento cuando el coronel de la Cruz cumple su parte de lo pactado antes en Porcuna: \u00abDupont was deceived by this. He imagined the attack would be made in that quarter, and disposed his army accordingly. The Spanish light infantry, under Colonel Cruz, crossed near Marmolexo, and made an attack on the rear of the French army. This was speedily repelled. Cruz retired with his skirmishers; and Castanos, who had made a simultaneous demonstration in front of the enemy, returned to his position\u00bb(30). [Dupont cay\u00f3 en la trampa. Se imagin\u00f3 que el ataque se har\u00eda por ese costado, y dispuso a su ej\u00e9rcito seg\u00fan ello. La infanter\u00eda ligera espa\u00f1ola, bajo el coronel Cruz, cruz\u00f3 cerca de Marmolejo, y realiz\u00f3 un ataque por la retaguardia del ej\u00e9rcito franc\u00e9s, que lo repeli\u00f3 r\u00e1pidamente. Cruz se retir\u00f3 con sus escaramuzadores; y Casta\u00f1os, que hab\u00eda hecho una demostraci\u00f3n simult\u00e1nea delante del ej\u00e9rcito, se retir\u00f3 a su posici\u00f3n].<\/p>\n\n\n\n<p>El otro autor brit\u00e1nico que antes mencionamos, William F. P. Napier, a\u00f1ade poca m\u00e1s informaci\u00f3n a la de su compatriota en las dos ocasiones que menciona nuestro pueblo.<\/p>\n\n\n\n<p>En la segunda de ellas afirma: \u00abSome detachments of light troops under colonel Cruz were also ordered to pass the Guadalquivir by Marmolexo, and to seize the passes leading through the Morena to Estremadura. [\u2026] Dupont seeing the heights of Argonilla covered with enemies, sent to Vedel for reinforcements, broke down the bridge of Marmolexo, occupied his works, including an old tower on the bridge of Andujar. [\u2026] The 15 th Casta\u00f1os only cannonaded the bridge, but the 16 th he attacked, while colonel Cruz crossing the river near Marmolexo with four thousand men, fell upon Dupont\u2019s rear: Cruz was chased into the mountains by a single battalion\u00bb.<\/p>\n\n\n\n<p>[A algunos destacamentos de tropas ligeras bajo el coronel Cruz se les orden\u00f3 pasar el Guadalquivir por Marmolejo, y apoderarse de los pasos que llevan a Extremadura por Sierra Morena. (\u2026) Dupont, al ver los Visos de Arjonilla cubiertos de enemigos, env\u00edo a por refuerzos de Vedel, derrib\u00f3 el puente de Marmolejo, ocup\u00f3 sus obras, incluyendo una antigua torre en el puente de And\u00fajar. (\u2026)<\/p>\n\n\n\n<p>El d\u00eda 15 Casta\u00f1os solo ca\u00f1one\u00f3 el puente, pero el 16 atac\u00f3, mientras el coronel Cruz, cruzando el r\u00edo cerca de Marmolejo con cuatro mil hombres, cay\u00f3 sobre la retaguardia de Dupont; Cruz fue perseguido hacia los montes por un solo batall\u00f3n].<\/p>\n\n\n<div class=\"wp-block-image\">\n<figure class=\"alignleft is-resized\"><img loading=\"lazy\" decoding=\"async\" src=\"https:\/\/static.wixstatic.com\/media\/7e23fc_4810d5e9dff040cb8205b258691ba4d9~mv2.jpg\/v1\/fill\/w_600,h_678,al_c,q_85,usm_0.66_1.00_0.01,enc_auto\/Imagen%2011.jpg\" alt=\"Imagen 11.jpg\" width=\"440\" height=\"497\"\/><figcaption class=\"wp-element-caption\"><strong>Esquema explicativo de la batalla de Bail\u00e9n, incluido en la obra de Napier. Obs\u00e9rvese el puente de Marmolejo en la parte superior<\/strong><\/figcaption><\/figure>\n<\/div>\n\n\n<p><strong>Conclusiones<\/strong><\/p>\n\n\n\n<p>La alusi\u00f3n a Marmolejo en varias obras literarias creadas para conmemorar la batalla de Bail\u00e9n nos lleva a pensar que nuestra localidad conservaba, un siglo despu\u00e9s, el aura de haber estado involucrada en los proleg\u00f3menos de dicho evento. \u00bfC\u00f3mo llegaron los literatos extreme\u00f1os Guerrero y Mena a decidir ambientar su zarzuela en ella? Quiz\u00e1 pasasen alguna temporada en nuestro balneario y decidieran utilizar el pueblo como escenario de tan \u00e9pico suceso. De todo lo anteriormente expuesto, cabe concluir que nuestro pueblo tuvo un papel relativamente destacado en los acontecimientos que condujeron a \u00e9l. No hay que olvidar que, seg\u00fan los planes iniciales de Casta\u00f1os, el gran ataque sobre Dupont hab\u00eda de realizarse en And\u00fajar y no en Bail\u00e9n, como las circunstancias posteriores precipitaron. De haber sido as\u00ed, es probable que una de las mayores efem\u00e9rides de la Guerra de la Independencia, cuya fama trascendi\u00f3 nuestras fronteras, podr\u00eda haberse desarrollado en las inmediaciones de Marmolejo. \u00bfQui\u00e9n sabe si hoy d\u00eda estar\u00edamos recordando a una Mar\u00eda Bellido marmoleje\u00f1a?<\/p>\n\n\n\n<p>\u200b<\/p>\n\n\n\n<p><strong>BIBLIOGRAF\u00cdA CONSULTADA<\/strong><\/p>\n\n\n\n<p>AN\u00d3NIMO.&nbsp;<em>Memoria de lo acaecido en el ex\u00e9rcito del general Dupont: desde su entrada en C\u00f3rdoba en el d\u00eda 7 de junio del a\u00f1o 1808 hasta su rendici\u00f3n de resultas de la victoria de Bail\u00e9n en 19 de julio del mismo \/ por un militar que se hall\u00f3 en el mismo exercito franc\u00e9s y fu\u00e9 testigo de todo. C\u00e1diz,&nbsp;<\/em>Casa de Misericordia, 1809<\/p>\n\n\n\n<p>CABANY, E. Saint-Maurice. \u00c9tude historique sur la Capitulation de Baylen: renfermant des documents authentiques et in\u00e9dits, comprenat une narration d\u00e9taill\u00e9e de la campagne de 1808, en Andalousie, et pr\u00e9c\u00e9d\u00e9e d&amp;#39;une notice biographique sur le Lieutenant g\u00e9n\u00e9ral comte Dupont, ancien Ministre de la guerre. Par\u00eds, Didot Freres, 1846 &nbsp;<\/p>\n\n\n\n<p>CHAMORRO BAQUERIZO, Pedro. Estado Mayor General del Ej\u00e9rcito Espa\u00f1ol historia del ilustre cuerpo de oficiales generales formada con las biograf\u00edas de los que mas se han distinguido e ilustrada con los retratos de cuerpo entero. Madrid, Imp. Tom\u00e1s Fortanet, 1850<\/p>\n\n\n\n<p>Demostraci\u00f3n de la lealtad espa\u00f1ola: colecci\u00f3n de proclamas, bandos, \u00f3rdenes, discursos, estados de exercito y relaciones de batallas publicadas por las Juntas de Gobierno o por algunos particulares en las actuales circunstancias. C\u00e1diz, por Manuel Xim\u00e9nez Carre\u00f1o, 1808<\/p>\n\n\n\n<p>FOY, Maximilien-S\u00e9bastien. Histoire de la guerre de la P\u00e9ninsule sous Napol\u00e9on. Livre Sixi\u00e8me. Invasion de l\u2019Espagne. Par\u00eds, Baudouin fr\u00e8res, 1828.<\/p>\n\n\n\n<p>Gazeta ministerial de Sevilla, Sevilla, 1808<\/p>\n\n\n\n<p>HAMILTON, Thomas. Annals of the peninsular campaigns: from MDCCCVIII to MDCCCXIV. Edimburgo, W. Blackwood, 1829<\/p>\n\n\n\n<p>MENA RODR\u00cdGUEZ, Juan de \u2013 GUERRERO ROMERO, Clodoaldo. Bail\u00e9n: Zarzuela en un acto y cuatro cuadros, en verso. Madrid, R. Velasco, 1907<\/p>\n\n\n\n<p>MORENO, Manuel. Canto del Betis que describe la memorable victoria de Andaluc\u00eda sobre los franceses en los campos de And\u00fajar, y de Bail\u00e9n el dia 19 de julio de 1808. Granada, Imp. de Manuel Moreno, 1808<\/p>\n\n\n\n<p>NAPIER, William Francis Patrick, Sir. History of the war in the Peninsula. Oxford : D. Christy, 1836<\/p>\n\n\n\n<p>NARGANES ROBAS, David. Apuntes para el estudio de una generaci\u00f3n de literatos de Zalamea de la Serena en el tr\u00e1nsito del siglo XIX al XX. Revista de Estudios Extreme\u00f1os, 2020, Tomo LXXVI, N.\u00ba II<\/p>\n\n\n\n<p>NARGANES ROBAS, David. Un poeta ilipense entre los siglos XIX y XX: Clodoaldo Guerrero. Revista de Estudios Extreme\u00f1os, 2019, Tomo LXXV, N.\u00ba I P\u00c9REZ GALD\u00d3S, Benito. Bail\u00e9n (Episodios Nacionales). Madrid, 1873<\/p>\n\n\n\n<p>QUEIPO DE LLANO, JOS\u00c9 MAR\u00cdA (Conde de Toreno). Historia del levantamiento, guerra y revoluci\u00f3n de Espa\u00f1a, Madrid, Imp. de D. Tom\u00e1s Jord\u00e1n, 1835-37 &nbsp;<\/p>\n\n\n\n<p>ROSAL NADALES, Francisco Jos\u00e9. Hasta morir o vencer: la Guerra de la Independencia en la zarzuela (1847-1964). Programa de doctorado en historia e historia del arte y territorio escuela de doctorado. UNED, Tesis doctoral, 2017<\/p>\n\n\n\n<p>SOBRADO, Pedro Niceto de. La batalla de Bail\u00e9n: drama hist\u00f3rico en cinco actos y seis cuadros. Madrid, C\u00edrculo Literario Comercial, 1858<\/p>\n\n\n\n<p>VIDAL DELGADO, Rafael. Operaciones en torno a Bail\u00e9n (La ca\u00edda de los mitos). Foro para la Paz en el Mediterr\u00e1neo, 2015<\/p>\n\n\n\n<p>\u200b<\/p>\n\n\n\n<p><strong>NOTAS<\/strong><\/p>\n\n\n\n<p>(1) Si el lector desea profundizar m\u00e1s en la vida y producci\u00f3n art\u00edstica de estos escritores, puede consultar dos publicaciones del doctor en Filolog\u00eda Hisp\u00e1nica David Narganes Robas, publicadas en Revista de Estudios Extreme\u00f1os. La primera apareci\u00f3 en el Tomo LXXV, N.\u00ba I, pp 171-218 y se titul\u00f3 \u00abUn poeta ilipense entre los siglos XIX y XX: Clodoaldo Guerrero\u00bb. La segunda, titulada \u00abApuntes para el estudio de una generaci\u00f3n de literatos de Zalamea de la Serena en el tr\u00e1nsito del siglo XIX al XX\u00bb se encuentra en el tomo LXXVI, N.\u00ba II, pp. 129-170. Por \u00e9l sabemos que Clodoaldo Guerrero (1861-1926) y Juan de Mena Rodr\u00edguez (1855) eran naturales de Zalamea de la Serena (Badajoz) y pertenec\u00edan a un reducido c\u00edrculo de literatos y periodistas extreme\u00f1os.<\/p>\n\n\n\n<p>(2) Se refiere al primer Centenario de la Guerra de la Independencia, celebrado en 1908.<\/p>\n\n\n\n<p>(3) SOBRADO, Pedro Niceto de. La Batalla de Bail\u00e9n, Madrid, Imp. de C. Gonz\u00e1lez, 1858, p. 67.<\/p>\n\n\n\n<p>(4) Como se ver\u00e1 m\u00e1s adelante, esta confusi\u00f3n de nombres (Sementera por Centenera) se hallar\u00e1 tambi\u00e9n en la obra de Cabany que luego se citar\u00e1 y, con anterioridad, en la p\u00e1gina 390 del tomo I de la Historia del levantamiento, guerra y revoluci\u00f3n de Espa\u00f1a del Conde de Toreno, donde se dice: \u00abAl mismo tiempo D. Francisco Javier Casta\u00f1os qued\u00f3 encargado de avanzar con la tercera division y la reserva, y atacar de frente al enemigo, cuyo flanco derecho debia ser molestado por las tropas ligeras y cuerpos francos de D. Juan de la Cruz, quien, atravesando por el puente de Marmolejo, que, aunque cortado anteriormente, estaba ya transitable, se situ\u00f3 al efecto en las alturas de Sementera\u00bb.<\/p>\n\n\n\n<p>(5) Pierre-Antoine Dupont de l\u2019\u00c9tang (1765-1840). (6) Como el mismo Dupont expres\u00f3 en una misiva dirigida a Vedel y datada en And\u00fajar el 28 de junio de 1808: \u00abil est instant d\u2019agir et d\u2019emp\u00e9cher l\u2019Andalousie de s\u2019affermir dans son insurrection\u00bb. [Es hora de actuar y evitar que Andaluc\u00eda se reafirme en su insurrecci\u00f3n] (Cabany, 1846, p. 104).<\/p>\n\n\n\n<p>(7) Sirva como ejemplo la declaraci\u00f3n de fray Gin\u00e9s S\u00e1nchez, padre ministro, sobre lo ocurrido en el convento Madre de Dios de la orden tercera de Nuestro Se\u00f1or San Francisco de C\u00f3rdoba: \u00abquemaron las im\u00e1genes de Santa Rosa de Viterbo y de Santa Margarita de Cortona y solo dejaron media cabeza de una. Hicieron pedazos la preciosa imagen de la Pur\u00edsima Concepci\u00f3n y solo se ha encontrado un pedazo de la peana y las manos medio quemadas. Dieron de cuchilladas y dividiendo las mejillas del rostro de la imagen de Ntro. P. San Francisco. Hicieron pedazos un crucifijo de marfil y otro de madera y cortaron las cabezas a varios \u00e1ngeles y Ni\u00f1os y clavaron otros en la pared de una celda cort\u00e1ndoles narices, orejas y manos para mayor irrisi\u00f3n. Quebraron algunas aras y las losas de las b\u00f3vedas de los difuntos dej\u00e1ndolas abiertas. Despojaron los altares de manteles, candeleros etc.\u00bb<\/p>\n\n\n\n<p>(8) Para ampliar el tema, recomendamos visitar el blog de \u00abDar\u00edo Madrid. Historia y fotograf\u00eda\u00bb.&nbsp;<a href=\"https:\/\/dariomadrid.com\/el-\" target=\"_blank\" rel=\"noreferrer noopener\">https:\/\/dariomadrid.com\/el-<\/a>&nbsp;saqueo-de-cordoba-por-los-soldados-de-la-liberte-egalite-fraternite\/<\/p>\n\n\n\n<p>(9) La capital de Santo Reino corri\u00f3 similar suerte que C\u00f3rdoba y tambi\u00e9n fue v\u00edctima de la crueldad y avaricia del ej\u00e9rcito invasor a principios de julio. As\u00ed lo narraba el Correo de Ja\u00e9n en su edici\u00f3n del 16 de octubre de 1808 (n\u00ba 14): \u00abYa es notorio al p\u00fablico el atropellamiento, violaci\u00f3n y gran destrozo que las infernales tropas francesas cometieron en algunas de las Iglesias de esta Ciudad. A\u00fan todav\u00eda nos estremecemos al mirar el hermoso Templo del Convento de Padres Agustinos afeado y denegrido por el humo de las voraces llamas que incendiaron parte de dicho Convento, su sacrist\u00eda y capilla mayor: a\u00fan nos horrorizamos al recordar los sacrilegios de que en el Convento de Madres Bernardas hicieron un fuego diab\u00f3lico, llegando hasta el infame exceso de abrir a fusilazos el Sagrario y tratar con el mayor desprecio las sagradas formas: a\u00fan gem\u00eda el Prior de la Parroquial de San Pedro al ver su Iglesia saqueada, destrozadas las im\u00e1genes, y sin tener por muchos d\u00edas vasos sagrados para reservar el adorable Sacramento y para el servicio del altar\u00bb.<\/p>\n\n\n\n<p>(10) FOY, Maximilien S\u00e9bastien. Histoire de la guerre de la P\u00e9ninsule sous Napol\u00e9on. Livre Sixi\u00e8me. Invasion de l\u2019Espagne.. Par\u00eds, Baudouin fr\u00e8res, 1828.<\/p>\n\n\n\n<p>(11) Pseud\u00f3nimo de J.-Maurice Cabany, redactor jefe del N\u00e9crologe universel du 19e si\u00e8cle; director general de la Sociedad Imperial de Archiveros de Francia y miembro de la Real Academia de Arqueolog\u00eda de Madrid.<\/p>\n\n\n\n<p>(12) CABANY, E. Saint-Maurice. \u00c9tude historique sur la Capitulation de Baylen: renfermant des documents authentiques et in\u00e9dits, comprenat une narration d\u00e9taill\u00e9e de la campagne de 1808, en Andalousie, et pr\u00e9c\u00e9d\u00e9e d&amp;#39;une notice biographique sur le Lieutenant g\u00e9n\u00e9ral comte Dupont, ancien Ministre de la guerre. Par\u00eds, Didot Freres, 1846.<\/p>\n\n\n\n<p>(13) En la Gazeta Ministerial de Sevilla del s\u00e1bado 23 de julio de 1808 (n\u00ba 16, p\u00e1g. 125-126), bajo el ep\u00edgrafe \u00abNoticias de oficio del ex\u00e9rcito\u00bb, se informa de que el general Coupigny atac\u00f3 a la columna de Dupont cuando abandonaba And\u00fajar y en la refriega consiguieron hacer prisionero a \u00abun correo de Dupont con cartas suyas para Madrid\u00bb. M\u00e1s tarde, refiere que las cartas interceptadas son tres; una de ellas, dirigida a Anne Jean Marie Ren\u00e9 Savary, primer duque de Rovigo, contiene la siguiente informaci\u00f3n: \u00abSe quexa [se refiere a Dupont] de la posicion de Andujar, donde por haberse huido los paisanos, tienen sus soldados que segar y hacer el pan\u00bb.<\/p>\n\n\n\n<p>(14) El autor menciona en p\u00e1ginas anteriores que \u00ablos puestos de avanzada se colocan en las alturas que dominan la margen izquierda, y se destaca un batall\u00f3n en un molino distante de una legua entre Villanueva y And\u00fajar\u00bb.<\/p>\n\n\n\n<p>(15) En algunas webs se denomina \u201cescaramuza de Amarguillos\u201d. Algunos autores la identifican con otra escaramuza tambi\u00e9n protagonizada por Sanmart\u00edn, ya ascendido a capit\u00e1n de caballer\u00eda, y que habr\u00eda tenido lugar en la cuesta del Madero inmediata a Villa del R\u00edo, seg\u00fan cuenta Pedro Agust\u00edn de Gir\u00f3n (padre del fundador de la Guardia Civil) en su obra Recuerdos.<\/p>\n\n\n\n<p>(16) El mencionado parte que de la Cruz dirigi\u00f3 a Coupigny puede leerse en la p\u00e1gina 165 del libro Demostraci\u00f3n de la lealtad espa\u00f1ola publicado en Madrid en 1808 y subtitulado Colecci\u00f3n de proclamas, bandos, \u00f3rdenes, discursos, estados de ej\u00e9rcito y relaciones de batallas publicadas por las Juntas de Gobierno o por algunos particulares en las actuales circunstancias. Su tenor es el siguiente: \u00abAl fin tengo la satisfacci\u00f3n de participar \u00e1 V.S. haber logrado mis deseos. \u00c1 las tres de la madrugada de este d\u00eda me puse en marcha dirigi\u00e9ndome \u00e1 ocupar los puestos abanzados de Arjonilla, con el Cuerpo de mi mando, compuesta de la Compa\u00f1\u00eda de Cazadores de Guardias Walonas, la de Barbastro, la de Voluntarios de Valencia, la de Campomayor, las Compa\u00f1\u00edas de Tiradores de C\u00e1diz, las Partidas sueltas de Valencia y Campomayor, la del Pr\u00edncipe de Caballer\u00eda, Dragones de la Reyna, Usares de Olivencia, Berl\u00edn, y Escuadrones de Carmona: puesta en orden la Coluna de los de Aldea del R\u00edo por el camino del arrecife, y habiendo andado como tres quartos de legua, me avis\u00f3 el Capit\u00e1n D. Joseph Sanmartin, Comandante de la Banguardia, que se hab\u00eda encontrado una descubierta de los enemigos, y \u00bfqu\u00e9 era lo que deb\u00eda hacer? \u00c1 cuya interrogaci\u00f3n contest\u00e9, que los atacase, pero conociendo este Oficial no pod\u00eda verificarlo y\u00e1 en aquel momento por haberse puesto los enemigos en huida, determin\u00f3 hacerlo m\u00e1s adelante, cort\u00e1ndolo por otro camino, seg\u00fan informes que hab\u00eda tomado de su gu\u00eda, en el caso de que ellos siguiesen el arrecife: de hecho se dirigi\u00f3 Sanmartin por la trocha, sostenido de la Partida suya de Campomayor, al cargo del Subteniente del mismo D. Cayetano de Miranda, y la Caballer\u00eda de su mando de Usares de Olivencia y Borb\u00f3n, cuya fuerza consist\u00eda en veinte y un Caballos, con estos pas\u00f3 con toda velocidad \u00e1 la Casa de Postas, situada en Santa Cecilia: al llegar \u00e1 ella vi\u00f3 que los enemigos estaban formados en batalla, creyendo sin duda que Sanmart\u00edn no se determinar\u00eda a atacarlos, pero este valeroso Oficial, teniendo presente \u00fanicamente mi orden, puso la tropa en batalla y atac\u00f3 con tanta intrepidez que logr\u00f3 desbaratarlos completamente, dexando en el Campo de batalla diez y siete Dragones muertos, y quatro prisioneros, que aunque heridos hizo conducir sobre sus mismos Caballos, habiendo emprendido la fuga el Oficial y los restantes Soldados con tanto espanto que hasta sus mismos Morriones arrojaban de temor, logr\u00e1ndose coger en buen estado quince Caballos, y los restantes quedaron muertos. Mucho sinti\u00f3 Sanmart\u00edn, y los valientes Soldados que le segu\u00edan se les fuese el Oficial y resto de la Tropa, pero anteponiendo la obediencia \u00e1 su ambici\u00f3n de glor\u00eda, se detuvo por haber o\u00eddo tocar la retirada; la cual mand\u00e9 por haber observado baxaba al Campo de Batalla una gran guardia compuesta de cien Caballos, disponiendo fuese el Teniente de Caballer\u00eda del Pr\u00edncipe Don Carlos Lanzarote, con veinte caballos \u00e1 sostener a Sanmart\u00edn, por el arrecife, mientras yo me adelantaba por la derecha de \u00e9ste con el Escuadr\u00f3n de Dragones de la Reyna, \u00e1 el mando de su Capit\u00e1n Don Joseph de Torres, dexando el del resto de la Coluna al del Teniente Coronel y Comandante de la Compa\u00f1\u00eda de Guardias Walonas Don Dionisio Bouligni, con la \u00f3rden de que tomase posici\u00f3n, y cubriese los bagajes y municiones, con cuya operaci\u00f3n se contuvieron los enemigos, y dexaron retirar con el mayor orden \u00e1 Sanmart\u00edn, aunque con bastante sentimiento de que les hubiese tocado la retirada antes de concluir la acci\u00f3n. Esta fu\u00e9 tan re\u00f1ida como se dex\u00f3 ver por las resultas, y tengo el placer de decir \u00e1 V.S. no ha habido de nuestra parte m\u00e1s que herido levemente un Cazador de Olivencia, \u00e1 pesar de haber sufrido nuestra Tropa descargas de tercerolas y pistolas. Sanmart\u00edn hace un elogio de los valientes Sargentos, Cabos y Soldados que le acompa\u00f1aron \u00e1 esta acci\u00f3n, y entre ellos distingui\u00f3 el sargento de Usares de Olivencia Pedro de Martos, y al Cazador del mismo Juan de Dios qui\u00e9n le libr\u00f3 de la muerte en un inminente peligro de perder la vida, \u00e1 el Sargento de Caballer\u00eda de Borb\u00f3n Antonio Ramos, y \u00e1 el Soldado del mismo Ignacio Alonso. Yo no cumplir\u00eda con mi deber sino manifestase \u00e1 V.S. para que lo eleve \u00e1 nuestro General en Gefe, que no me pod\u00eda ver libre de las representaciones que me hac\u00edan todos los Oficiales, que tengo el honor de mandar, queriendo ser cada uno el empleado en la acci\u00f3n, \u00f3 el escudo de su compa\u00f1ero Sanmart\u00edn; dichoso yo que puedo contar con Oficialidad tan digna para observar las \u00f3rdenes de mis Gefes, y que me han dado siempre exemplo de valor y fraternidad. =Arjonilla 23 de junio de 1808- = Juan de la Cruz Mourgeon. = Se\u00f1or Marqu\u00e9s de Coupigny. Los que huyen de esta manera son los vencedores de Jena, y Austerliz Juan Bautista Pardo. Secretario\u00bb<\/p>\n\n\n\n<p>(17) As\u00ed se llamaba a la v\u00eda de comunicaci\u00f3n que llevaba desde Madrid a Sevilla, germen de la moderna Nacional IV, hoy Autov\u00eda de Andaluc\u00eda.<\/p>\n\n\n\n<p>(18) Jos\u00e9 Francisco de San Mart\u00edn y Matorras (1778-1850). Este fue el que posteriormente luch\u00f3 en la independencia de los territorios americanos de Argentina, Chile y Per\u00fa.<\/p>\n\n\n\n<p>(19) Probablemente se trate de la corrupci\u00f3n del nombre de Valtodano.<\/p>\n\n\n\n<p>(20) RODR\u00cdGUEZ SOL\u00cdS, E.. \u201cLa rendici\u00f3n de Bail\u00e9n (Efem\u00e9rides Ilustradas)\u201d, \u00c1lbum Sal\u00f3n, 1.3.1899, pp. 171-172.<\/p>\n\n\n\n<p>(21) Se trata de la segunda fase del llamado \u00abPlan de Porcuna\u00bb. V\u00e9ase \u00abXIV Jornadas Nacionales de Historia Militar\u00bb, C\u00e1tedra \u201cGeneral Casta\u00f1os\u201d, Cuartel General de la Fuerza Terrestre, Sevilla, del 18 al 21 de noviembre de 2008, pp. 53 y ss.<\/p>\n\n\n\n<p>(22) Para ampliar estos y m\u00e1s datos sobre el puente renacentista de San Bartolom\u00e9 son imprescindibles los trabajos de los historiadores Gaspar Aranda Pastor (\u00abInscripciones epigrafiadas del siglo XVI descubiertas en el puente de Marmolejo sobre el r\u00edo Guadalquivir\u00bb, en Datos hist\u00f3ricos sobre Marmolejo, Ayuntamiento de Marmolejo, 2004, s\/p.; \u00abEl puente de Marmolejo sobre el r\u00edo Guadalquivir: pasado, presente y futuro\u00bb, en Libro de Feria de Marmolejo, Ayuntamiento de Marmolejo, 2015, pp. 92-94 (<a href=\"https:\/\/issuu.com\/cjmarmolejo\/docs\/programa_feria_marmolejo_2015);\" target=\"_blank\" rel=\"noreferrer noopener\">https:\/\/issuu.com\/cjmarmolejo\/docs\/programa_feria_marmolejo_2015);<\/a>&nbsp;\u00abEl Puente de San Bartolom\u00e9 de Marmolejo (1573-2017). Estudio hist\u00f3rico-art\u00edstico\u00bb, en Jornadas de Historia de Marmolejo, Marmolejo, 1\u00aa ed., 2020) y Manuel Perales Sol\u00eds (\u00abEl puente de Marmolejo sobre el r\u00edo Guadalquivir\u00bb, El Ideal de Ja\u00e9n, domingo 22 de noviembre de 1998, pp. 50 y 51, con fotograf\u00edas de Juan Vicente C\u00f3rcoles; \u00abEl puente de Marmolejo sobre el Guadalquivir\u00bb,&nbsp;<a href=\"http:\/\/lugardemarmolejo.wix.com\/marmolejo).\" target=\"_blank\" rel=\"noreferrer noopener\">http:\/\/lugardemarmolejo.wix.com\/marmolejo).<\/a><\/p>\n\n\n\n<p>(23) CABANY, E. Saint-Maurice. op. cit., p. 111.<\/p>\n\n\n\n<p>(24) FOY, M.S., op. cit., p. 60.<\/p>\n\n\n\n<p>(25) Actualmente, Villa del R\u00edo.<\/p>\n\n\n\n<p>(26) CABANY, op. cit., 113.<\/p>\n\n\n\n<p>(27) Ib\u00eddem, p. 115<\/p>\n\n\n\n<p>(28) Memoria de lo acaecido en el ex\u00e9rcito del general Dupont : desde su entrada en C\u00f3rdoba en el d\u00eda 7 de junio del a\u00f1o 1808 hasta su rendici\u00f3n de resultas de la victoria de Bail\u00e9n en 19 de julio del mismo \/ por un militar que se hall\u00f3 en el mismo exercito franc\u00e9s y fu\u00e9 testigo de todo, C\u00e1diz, [Editor no identificado], 1809, pp. 22-23 (29) HAMILTON, Thomas. Annals of the Peninsular campaigns: from MDCCCVIII to MDCCCXIV, Edimburgo, 1829, p. 160.<\/p>\n\n\n\n<p>(30) Ib\u00eddem, p. 163<\/p>\n","protected":false},"excerpt":{"rendered":"<p>-Eloy Jim\u00e9nez Jim\u00e9nez- Son abundantes las obras art\u00edsticas en conmemoraci\u00f3n de la renombrada batalla de Bail\u00e9n que, como es bien sabido, tuvo lugar en las inmediaciones de la localidad vecina un t\u00f3rrido 19 de julio de 1808. Pueden contarse por decenas los poemas, cuadros, novelas, esculturas, partituras, etc. que conmemoran tal efem\u00e9ride. Por poner un [&hellip;]<\/p>\n","protected":false},"author":1,"featured_media":0,"parent":0,"menu_order":0,"comment_status":"closed","ping_status":"closed","template":"elementor_theme","meta":{"footnotes":""},"class_list":["post-255","page","type-page","status-publish","hentry"],"yoast_head":"<!-- This site is optimized with the Yoast SEO plugin v25.2 - https:\/\/yoast.com\/wordpress\/plugins\/seo\/ -->\n<title>Marmolejo y la Batalla de Bail\u00e9n - El lugar de Marmolejo<\/title>\n<meta name=\"robots\" content=\"index, follow, max-snippet:-1, max-image-preview:large, max-video-preview:-1\" \/>\n<link rel=\"canonical\" href=\"https:\/\/lugardemarmolejo.es\/?page_id=255\" \/>\n<meta property=\"og:locale\" content=\"es_ES\" \/>\n<meta property=\"og:type\" content=\"article\" \/>\n<meta property=\"og:title\" content=\"Marmolejo y la Batalla de Bail\u00e9n - El lugar de Marmolejo\" \/>\n<meta property=\"og:description\" content=\"-Eloy Jim\u00e9nez Jim\u00e9nez- Son abundantes las obras art\u00edsticas en conmemoraci\u00f3n de la renombrada batalla de Bail\u00e9n que, como es bien sabido, tuvo lugar en las inmediaciones de la localidad vecina un t\u00f3rrido 19 de julio de 1808. Pueden contarse por decenas los poemas, cuadros, novelas, esculturas, partituras, etc. que conmemoran tal efem\u00e9ride. Por poner un [&hellip;]\" \/>\n<meta property=\"og:url\" content=\"https:\/\/lugardemarmolejo.es\/?page_id=255\" \/>\n<meta property=\"og:site_name\" content=\"El lugar de Marmolejo\" \/>\n<meta property=\"article:modified_time\" content=\"2023-08-14T08:06:15+00:00\" \/>\n<meta property=\"og:image\" content=\"https:\/\/static.wixstatic.com\/media\/7e23fc_7a37a0001ace4bcfa57d182acf021e87~mv2.jpg\/v1\/fill\/w_282,h_443,al_c,q_80,usm_0.66_1.00_0.01,enc_auto\/Imagen%202.jpg\" \/>\n<meta name=\"twitter:card\" content=\"summary_large_image\" \/>\n<meta name=\"twitter:label1\" content=\"Tiempo de lectura\" \/>\n\t<meta name=\"twitter:data1\" content=\"45 minutos\" \/>\n<script type=\"application\/ld+json\" class=\"yoast-schema-graph\">{\"@context\":\"https:\/\/schema.org\",\"@graph\":[{\"@type\":\"WebPage\",\"@id\":\"https:\/\/lugardemarmolejo.es\/?page_id=255\",\"url\":\"https:\/\/lugardemarmolejo.es\/?page_id=255\",\"name\":\"Marmolejo y la Batalla de Bail\u00e9n - El lugar de Marmolejo\",\"isPartOf\":{\"@id\":\"https:\/\/lugardemarmolejo.es\/#website\"},\"primaryImageOfPage\":{\"@id\":\"https:\/\/lugardemarmolejo.es\/?page_id=255#primaryimage\"},\"image\":{\"@id\":\"https:\/\/lugardemarmolejo.es\/?page_id=255#primaryimage\"},\"thumbnailUrl\":\"https:\/\/static.wixstatic.com\/media\/7e23fc_7a37a0001ace4bcfa57d182acf021e87~mv2.jpg\/v1\/fill\/w_282,h_443,al_c,q_80,usm_0.66_1.00_0.01,enc_auto\/Imagen%202.jpg\",\"datePublished\":\"2023-07-23T10:14:13+00:00\",\"dateModified\":\"2023-08-14T08:06:15+00:00\",\"breadcrumb\":{\"@id\":\"https:\/\/lugardemarmolejo.es\/?page_id=255#breadcrumb\"},\"inLanguage\":\"es\",\"potentialAction\":[{\"@type\":\"ReadAction\",\"target\":[\"https:\/\/lugardemarmolejo.es\/?page_id=255\"]}]},{\"@type\":\"ImageObject\",\"inLanguage\":\"es\",\"@id\":\"https:\/\/lugardemarmolejo.es\/?page_id=255#primaryimage\",\"url\":\"https:\/\/static.wixstatic.com\/media\/7e23fc_7a37a0001ace4bcfa57d182acf021e87~mv2.jpg\/v1\/fill\/w_282,h_443,al_c,q_80,usm_0.66_1.00_0.01,enc_auto\/Imagen%202.jpg\",\"contentUrl\":\"https:\/\/static.wixstatic.com\/media\/7e23fc_7a37a0001ace4bcfa57d182acf021e87~mv2.jpg\/v1\/fill\/w_282,h_443,al_c,q_80,usm_0.66_1.00_0.01,enc_auto\/Imagen%202.jpg\"},{\"@type\":\"BreadcrumbList\",\"@id\":\"https:\/\/lugardemarmolejo.es\/?page_id=255#breadcrumb\",\"itemListElement\":[{\"@type\":\"ListItem\",\"position\":1,\"name\":\"Portada\",\"item\":\"https:\/\/lugardemarmolejo.es\/\"},{\"@type\":\"ListItem\",\"position\":2,\"name\":\"Marmolejo y la Batalla de Bail\u00e9n\"}]},{\"@type\":\"WebSite\",\"@id\":\"https:\/\/lugardemarmolejo.es\/#website\",\"url\":\"https:\/\/lugardemarmolejo.es\/\",\"name\":\"El lugar de Marmolejo\",\"description\":\"\",\"potentialAction\":[{\"@type\":\"SearchAction\",\"target\":{\"@type\":\"EntryPoint\",\"urlTemplate\":\"https:\/\/lugardemarmolejo.es\/?s={search_term_string}\"},\"query-input\":{\"@type\":\"PropertyValueSpecification\",\"valueRequired\":true,\"valueName\":\"search_term_string\"}}],\"inLanguage\":\"es\"}]}<\/script>\n<!-- \/ Yoast SEO plugin. -->","yoast_head_json":{"title":"Marmolejo y la Batalla de Bail\u00e9n - El lugar de Marmolejo","robots":{"index":"index","follow":"follow","max-snippet":"max-snippet:-1","max-image-preview":"max-image-preview:large","max-video-preview":"max-video-preview:-1"},"canonical":"https:\/\/lugardemarmolejo.es\/?page_id=255","og_locale":"es_ES","og_type":"article","og_title":"Marmolejo y la Batalla de Bail\u00e9n - El lugar de Marmolejo","og_description":"-Eloy Jim\u00e9nez Jim\u00e9nez- Son abundantes las obras art\u00edsticas en conmemoraci\u00f3n de la renombrada batalla de Bail\u00e9n que, como es bien sabido, tuvo lugar en las inmediaciones de la localidad vecina un t\u00f3rrido 19 de julio de 1808. Pueden contarse por decenas los poemas, cuadros, novelas, esculturas, partituras, etc. que conmemoran tal efem\u00e9ride. Por poner un [&hellip;]","og_url":"https:\/\/lugardemarmolejo.es\/?page_id=255","og_site_name":"El lugar de Marmolejo","article_modified_time":"2023-08-14T08:06:15+00:00","og_image":[{"url":"https:\/\/static.wixstatic.com\/media\/7e23fc_7a37a0001ace4bcfa57d182acf021e87~mv2.jpg\/v1\/fill\/w_282,h_443,al_c,q_80,usm_0.66_1.00_0.01,enc_auto\/Imagen%202.jpg","type":"","width":"","height":""}],"twitter_card":"summary_large_image","twitter_misc":{"Tiempo de lectura":"45 minutos"},"schema":{"@context":"https:\/\/schema.org","@graph":[{"@type":"WebPage","@id":"https:\/\/lugardemarmolejo.es\/?page_id=255","url":"https:\/\/lugardemarmolejo.es\/?page_id=255","name":"Marmolejo y la Batalla de Bail\u00e9n - El lugar de Marmolejo","isPartOf":{"@id":"https:\/\/lugardemarmolejo.es\/#website"},"primaryImageOfPage":{"@id":"https:\/\/lugardemarmolejo.es\/?page_id=255#primaryimage"},"image":{"@id":"https:\/\/lugardemarmolejo.es\/?page_id=255#primaryimage"},"thumbnailUrl":"https:\/\/static.wixstatic.com\/media\/7e23fc_7a37a0001ace4bcfa57d182acf021e87~mv2.jpg\/v1\/fill\/w_282,h_443,al_c,q_80,usm_0.66_1.00_0.01,enc_auto\/Imagen%202.jpg","datePublished":"2023-07-23T10:14:13+00:00","dateModified":"2023-08-14T08:06:15+00:00","breadcrumb":{"@id":"https:\/\/lugardemarmolejo.es\/?page_id=255#breadcrumb"},"inLanguage":"es","potentialAction":[{"@type":"ReadAction","target":["https:\/\/lugardemarmolejo.es\/?page_id=255"]}]},{"@type":"ImageObject","inLanguage":"es","@id":"https:\/\/lugardemarmolejo.es\/?page_id=255#primaryimage","url":"https:\/\/static.wixstatic.com\/media\/7e23fc_7a37a0001ace4bcfa57d182acf021e87~mv2.jpg\/v1\/fill\/w_282,h_443,al_c,q_80,usm_0.66_1.00_0.01,enc_auto\/Imagen%202.jpg","contentUrl":"https:\/\/static.wixstatic.com\/media\/7e23fc_7a37a0001ace4bcfa57d182acf021e87~mv2.jpg\/v1\/fill\/w_282,h_443,al_c,q_80,usm_0.66_1.00_0.01,enc_auto\/Imagen%202.jpg"},{"@type":"BreadcrumbList","@id":"https:\/\/lugardemarmolejo.es\/?page_id=255#breadcrumb","itemListElement":[{"@type":"ListItem","position":1,"name":"Portada","item":"https:\/\/lugardemarmolejo.es\/"},{"@type":"ListItem","position":2,"name":"Marmolejo y la Batalla de Bail\u00e9n"}]},{"@type":"WebSite","@id":"https:\/\/lugardemarmolejo.es\/#website","url":"https:\/\/lugardemarmolejo.es\/","name":"El lugar de Marmolejo","description":"","potentialAction":[{"@type":"SearchAction","target":{"@type":"EntryPoint","urlTemplate":"https:\/\/lugardemarmolejo.es\/?s={search_term_string}"},"query-input":{"@type":"PropertyValueSpecification","valueRequired":true,"valueName":"search_term_string"}}],"inLanguage":"es"}]}},"_links":{"self":[{"href":"https:\/\/lugardemarmolejo.es\/index.php?rest_route=\/wp\/v2\/pages\/255","targetHints":{"allow":["GET"]}}],"collection":[{"href":"https:\/\/lugardemarmolejo.es\/index.php?rest_route=\/wp\/v2\/pages"}],"about":[{"href":"https:\/\/lugardemarmolejo.es\/index.php?rest_route=\/wp\/v2\/types\/page"}],"author":[{"embeddable":true,"href":"https:\/\/lugardemarmolejo.es\/index.php?rest_route=\/wp\/v2\/users\/1"}],"replies":[{"embeddable":true,"href":"https:\/\/lugardemarmolejo.es\/index.php?rest_route=%2Fwp%2Fv2%2Fcomments&post=255"}],"version-history":[{"count":3,"href":"https:\/\/lugardemarmolejo.es\/index.php?rest_route=\/wp\/v2\/pages\/255\/revisions"}],"predecessor-version":[{"id":258,"href":"https:\/\/lugardemarmolejo.es\/index.php?rest_route=\/wp\/v2\/pages\/255\/revisions\/258"}],"wp:attachment":[{"href":"https:\/\/lugardemarmolejo.es\/index.php?rest_route=%2Fwp%2Fv2%2Fmedia&parent=255"}],"curies":[{"name":"wp","href":"https:\/\/api.w.org\/{rel}","templated":true}]}}