{"id":247,"date":"2023-07-23T09:53:14","date_gmt":"2023-07-23T09:53:14","guid":{"rendered":"https:\/\/lugardemarmolejo.es\/?page_id=247"},"modified":"2023-07-23T09:53:14","modified_gmt":"2023-07-23T09:53:14","slug":"el-control-de-personas-en-la-posguerra","status":"publish","type":"page","link":"https:\/\/lugardemarmolejo.es\/?page_id=247","title":{"rendered":"El control de personas en la posguerra"},"content":{"rendered":"\n<h1 class=\"wp-block-heading\"><\/h1>\n\n\n\n<h4 class=\"wp-block-heading\">&nbsp;<\/h4>\n\n\n\n<h5 class=\"wp-block-heading\"><strong>-Manuel Perales Sol\u00eds-<\/strong><\/h5>\n\n\n\n<p>Al finalizar la Guerra Civil se impuso un control estricto sobre la movilidad de las personas a f\u00edn de observar sus movimientos a lo largo y ancho del territorio nacional, sobre todo pensando en controlar a los m\u00e1s cr\u00edticos, o menos entusiastas, con la dictadura impuesta por el general Franco y no poner as\u00ed en riesgo la todav\u00eda precaria estabilidad del R\u00e9gimen. Para ello se estableci\u00f3 la obligaci\u00f3n de obtener un salvoconducto de las autoridades locales, valedero por un mes (1), que servir\u00eda como documento identificativo una vez autorizado el desplazamiento solicitado por el individuo en cuesti\u00f3n.<\/p>\n\n\n\n<p>Era imprescindible que el salvoconducto llevara el aval de alguien de conducta \u201cintachable\u201d siendo, la mayor\u00eda de las veces, miembros de los nuevos Ayuntamientos: alcaldes y concejales, Guardia Civil, Polic\u00eda Municipal, o miembros del partido \u00fanico de Falange, que actuaban como garantes de que las necesidades de movilidad estaban realmente fundadas, no siendo utilizadas de manera il\u00edcita contra el nuevo r\u00e9gimen. De paso, este tr\u00e1mite permitir\u00eda mantener fichada y, por lo tanto, controlada a la poblaci\u00f3n, sobre todo si se pertenec\u00eda al estrato obrero o se hab\u00eda militado en organizaciones de la izquierda durante el periodo republicano. En estos casos los salvoconductos se volv\u00edan m\u00e1s restrictivos -incluso pod\u00edan denegarse- a diferencia del trato de favor que recibieron las personas de ideolog\u00eda af\u00edn, a las que habitualmente, se les autorizaba viajar a todo el territorio nacional cuando as\u00ed lo solicitaran por motivos particulares, de trabajo o de negocio.<\/p>\n\n\n\n<p>\u200b<\/p>\n\n\n\n<p>En general los salvoconductos ten\u00edan un car\u00e1cter individual aunque tambi\u00e9n existieron autorizaciones de desplazamiento de car\u00e1cter colectivo, es decir: para dos o m\u00e1s personas de la misma familia. En los primeros momentos de la Postguerra fue necesario llevar consigo el salvoconducto para ir a trabajar a las fincas del t\u00e9rmino municipal, siendo frecuente el caso de jornaleros que eran obligados por la Guardia Civil a retornar al pueblo si no lo llevaban, lo cual supon\u00eda la p\u00e9rdida del jornal y la necesidad perentoria de obtener la humillante tutela de alguien con \u201cinfluencias\u201d, para poder salir a trabajar al siguiente d\u00eda. Tambi\u00e9n los visitantes circunstanciales a la localidad necesitaban del correspondiente salvoconducto para retornar a sus lugares de origen.<\/p>\n\n\n\n<p>\u200b<\/p>\n\n\n\n<p>Aunque no se han conservado las matrices de todos los salvoconductos de los a\u00f1os de Postguerra, si que las existentes en nuestro Archivo Municipal, representan una valiosa muestra por la importante informaci\u00f3n socioprofesional que desvelan sobre la poblaci\u00f3n marmoleje\u00f1a en los meses posteriores a la guerra, en concreto desde el 16 de agosto al 31 de diciembre de 1939, desvel\u00e1ndonos, de paso, el entramado de relaciones humanas con el entorno geogr\u00e1fico m\u00e1s cercano y con el m\u00e1s lejano, la mayor\u00eda de las veces, justificadas en motivos de trabajo, familiares o meramente particulares.<\/p>\n\n\n\n<p>Merece la pena que destaquemos la tradicional afluencia, hacia finales de noviembre, de numerosas familias jornaleras a la recolecci\u00f3n de la aceituna (sobre todo de verdeo) en la localidad sevillana de Lora del R\u00edo, donde sabemos que tambi\u00e9n se ejercitaban en la captura del zorzal por el m\u00e9todo de la chifla, actividad que les proporcionaba una renta complementaria al salario diario. Luego, hacia el mes de enero, estas mismas familias volv\u00edan a Marmolejo para empe\u00f1arse en la recolecci\u00f3n de nuestros olivares, hasta pr\u00e1cticamente el final del invierno.<\/p>\n\n\n\n<p>\u200b<\/p>\n\n\n\n<p>\u200bLlama la atenci\u00f3n, igualmente, la costumbre de acudir para compras y m\u00e9dicos a C\u00f3rdoba, hecho que subraya la tradicional vocaci\u00f3n cordobesa de nuestra localidad desde tiempos inmemoriales por razones l\u00f3gicas de cercan\u00eda geogr\u00e1fica y afinidad cultural; y as\u00ed mismo el h\u00e1bito de desplazarse para trabajar a fincas de los t\u00e9rminos municipales de las localidades de nuestro entorno como Montoro, Villa del R\u00edo o El Carpio, sobresaliendo la tendencia a emplearse en las fincas m\u00e1s emblem\u00e1ticas del Charco del Novillo de Montoro como Las Prensas, Pinillos y Belloteros. Finalmente apuntar que a pesar de la frialdad de unos documentos que parecen mostrar aparentes signos de normalidad en la vida cotidiana de aquellos d\u00edas, sin embargo apenas hac\u00eda dos meses que hab\u00eda finalizado una guerra realmente dram\u00e1tica para el pa\u00eds, con muchos muertos y desaparecidos y un elevado n\u00famero de familias desectructuradas, con parte de sus miembros m\u00e1s activos sufriendo la represi\u00f3n de la dictadura en las c\u00e1rceles y campos de concentraci\u00f3n y, en el mejor de los casos, en el exilio. Todos ellos ser\u00edan los marmoleje\u00f1os ausentes cuyos nombres no pod\u00edan aparecer en una serie documental como \u00e9sta. Pero tambi\u00e9n resulta evidente que los que aqu\u00ed quedaron y vivieron aquellos tr\u00e1gicos momentos de la Postguerra, con un clima de total desolaci\u00f3n econ\u00f3mica y una crisis total de convivencia, tuvieron que hacer de tripas coraz\u00f3n para sacar adelante su d\u00eda a d\u00eda, recomponiendo con enormes sacrificios personales aquel \u201cedificio en ruinas\u201d como si nada hubiera pasado. La huella dejada por una buena parte de esa generaci\u00f3n de marmoleje\u00f1os y marmoleje\u00f1as, ya pr\u00e1cticamente extinguida, es lo que a continuaci\u00f3n se expone:<\/p>\n\n\n<div class=\"wp-block-image\">\n<figure class=\"alignleft is-resized\"><img fetchpriority=\"high\" decoding=\"async\" src=\"https:\/\/static.wixstatic.com\/media\/7e23fc_0dd9424194784475a3bd69ed0f0e5d1f~mv2.jpg\/v1\/fill\/w_454,h_327,al_c,q_80,usm_0.66_1.00_0.01,enc_auto\/Salvoconducto14122018.jpg\" alt=\"Salvoconducto14122018.jpg\" width=\"398\" height=\"287\"\/><figcaption class=\"wp-element-caption\"><strong>Salvoconducto para el ganadero de Solana del Pino, Nicomedes L\u00f3pez Duque<\/strong><\/figcaption><\/figure>\n<\/div>\n\n<div class=\"wp-block-image\">\n<figure class=\"alignright is-resized\"><img decoding=\"async\" src=\"https:\/\/static.wixstatic.com\/media\/7e23fc_d7528a53ee8f460cb7b8480894723f3d~mv2_d_1831_1241_s_2.jpg\/v1\/fill\/w_484,h_327,al_c,q_80,usm_0.66_1.00_0.01,enc_auto\/Salvoconducto14122018_0001.jpg\" alt=\"Salvoconducto14122018_0001.jpg\" width=\"416\" height=\"280\"\/><figcaption class=\"wp-element-caption\"><strong>Salvoconducto para marchar a trabajar a Lora del R\u00edo (Sevilla)<\/strong><\/figcaption><\/figure>\n<\/div>\n\n\n<p><\/p>\n\n\n<div class=\"wp-block-image\">\n<figure class=\"aligncenter\"><img decoding=\"async\" src=\"https:\/\/static.wixstatic.com\/media\/7e23fc_cb9ac115710f4952ab1b12afedf128b7~mv2_d_2480_2141_s_2.jpg\/v1\/fill\/w_719,h_620,al_c,q_85,usm_0.66_1.00_0.01,enc_auto\/0002%20(24).jpg\" alt=\"0002 (24).jpg\"\/><\/figure>\n<\/div>\n\n<div class=\"wp-block-image\">\n<figure class=\"aligncenter\"><img decoding=\"async\" src=\"https:\/\/static.wixstatic.com\/media\/7e23fc_4dce86974662477593b3f3bc1c7bc1d5~mv2_d_2480_3509_s_4_2.jpg\/v1\/fill\/w_719,h_1017,al_c,q_85,usm_0.66_1.00_0.01,enc_auto\/0003%20(9).jpg\" alt=\"0003 (9).jpg\"\/><\/figure>\n<\/div>\n\n<div class=\"wp-block-image\">\n<figure class=\"aligncenter\"><img decoding=\"async\" src=\"https:\/\/static.wixstatic.com\/media\/7e23fc_3a0ca15895e0437da42c85ff83d7013f~mv2_d_2480_3509_s_4_2.jpg\/v1\/fill\/w_717,h_1009,al_c,q_85,usm_0.66_1.00_0.01,enc_auto\/0004%20(4).jpg\" alt=\"0004 (4).jpg\"\/><\/figure>\n<\/div>\n\n<div class=\"wp-block-image\">\n<figure class=\"aligncenter\"><img decoding=\"async\" src=\"https:\/\/static.wixstatic.com\/media\/7e23fc_e31e98ce654240feb29e07fb5dff9dcb~mv2_d_2480_3509_s_4_2.jpg\/v1\/fill\/w_716,h_1009,al_c,q_85,usm_0.66_1.00_0.01,enc_auto\/0005%20(2).jpg\" alt=\"0005 (2).jpg\"\/><\/figure>\n<\/div>\n\n<div class=\"wp-block-image\">\n<figure class=\"aligncenter\"><img decoding=\"async\" src=\"https:\/\/static.wixstatic.com\/media\/7e23fc_3397e3a15d97444ead017b807a90cca4~mv2_d_2480_3509_s_4_2.jpg\/v1\/fill\/w_715,h_1009,al_c,q_85,usm_0.66_1.00_0.01,enc_auto\/0006%20(2).jpg\" alt=\"0006 (2).jpg\"\/><\/figure>\n<\/div>\n\n<div class=\"wp-block-image\">\n<figure class=\"aligncenter\"><img decoding=\"async\" src=\"https:\/\/static.wixstatic.com\/media\/7e23fc_f9b635677c5d4c39bb7538c58a57f49a~mv2_d_2480_3509_s_4_2.jpg\/v1\/fill\/w_715,h_1009,al_c,q_85,usm_0.66_1.00_0.01,enc_auto\/0007.jpg\" alt=\"0007.jpg\"\/><\/figure>\n<\/div>\n\n<div class=\"wp-block-image\">\n<figure class=\"aligncenter\"><img decoding=\"async\" src=\"https:\/\/static.wixstatic.com\/media\/7e23fc_d8021bc6b1e24f6e8c1ec64dbee2b620~mv2_d_2480_3509_s_4_2.jpg\/v1\/fill\/w_714,h_1009,al_c,q_85,usm_0.66_1.00_0.01,enc_auto\/0008.jpg\" alt=\"0008.jpg\"\/><\/figure>\n<\/div>\n\n<div class=\"wp-block-image\">\n<figure class=\"aligncenter\"><img decoding=\"async\" src=\"https:\/\/static.wixstatic.com\/media\/7e23fc_2e0947356ef942cfbbbb5fbf07ba5768~mv2_d_2480_2979_s_4_2.jpg\/v1\/fill\/w_715,h_856,al_c,q_85,usm_0.66_1.00_0.01,enc_auto\/0009.jpg\" alt=\"0009.jpg\"\/><figcaption class=\"wp-element-caption\"><strong>RELACI\u00d3N DE PERSONAS SANCIONADAS POR NO LLEVAR SALVOCONDUCTO (1939-1940)<\/strong><\/figcaption><\/figure>\n<\/div>\n\n\n<p><\/p>\n\n\n\n<p>\u200b<\/p>\n\n\n\n<p>&nbsp; En la correspondencia mantenida por los alcaldes de la Posguerra con la Secretaria Provincial de Orden P\u00fablico de Ja\u00e9n, existente en el Archivo Hist\u00f3rico Municipal, me ha sido posible rastrear algunas de las personas de Marmolejo que fueron sancionadas entre 1939 y 1940 por no llevar salvoconducto en sus desplazamientos al exterior, o para trabajar al campo, aunque en \u00e9ste caso, a &nbsp;los jornaleros se les eximi\u00f3 de llevarlo, siempre y cuando, los propietarios comunicasen los nombres de los mismos al Ayuntamiento, &nbsp;dada la imperiosa necesidad de recolectar las cosechas para alimentar a una poblaci\u00f3n seriamente esquilmada.<\/p>\n\n\n\n<p><br>&nbsp; &nbsp;Estas sanciones fueron pecuniarias pero si, las personas en cuesti\u00f3n, carec\u00edan de recursos (una gran mayor\u00eda de la poblaci\u00f3n estaba en situaci\u00f3n de \u201cpobres de solemnidad\u201d), se les impon\u00eda un arresto en el calabozo municipal por un determinado n\u00famero de d\u00edas.&nbsp;<br>&nbsp; Teniendo en cuenta la elevada cuant\u00eda de las multas, establecida al principio en 50 ptas., y el precio medio del jornal en el campo en estos a\u00f1os de postguerra (5 \u00f3 6 ptas.), muy por debajo de los salarios de la Rep\u00fablica, hemos de concluir que para un individuo de familia de clase trabajadora, era el equivalente &nbsp;a tener que trabajar en torno a nueve o diez &nbsp;d\u00edas para poder sufragarla. Algo que en medio del deterioro econ\u00f3mico de esos a\u00f1os, con una &nbsp;guerra devastadora reci\u00e9n terminada, era &nbsp;m\u00e1s que imposible.&nbsp;<\/p>\n\n\n\n<p><br>&nbsp; Por ello, las personas cuya econom\u00eda depend\u00eda exclusivamente de sus brazos, hubieron de pasar por el calabozo municipal durante varias jornadas. Intuyo que el n\u00famero de ellas fue sensiblemente mayor del que tenemos constancia por los documentos obrantes en el Archivo Municipal, pues mucha correspondencia oficial acab\u00f3 perdida con el paso de los a\u00f1os; a veces por negligencia y destrucci\u00f3n intencionada, o por la necesidad &nbsp;de reutilizar el papel, dada la precariedad de medios de la \u00e9poca.&nbsp;<\/p>\n\n\n\n<p><br>&nbsp; La dureza de estas sanciones y el malestar que ocasionaron entre la poblaci\u00f3n, dio lugar a que se rebajaran las cantidades a pagar en los meses posteriores. Veamos los casos conservados:<\/p>\n\n\n\n<p><br><strong>Fecha del Oficio: 2 de diciembre de 1939:<\/strong><br>-De Alcalde, Carlos Jim\u00e9nez Bustos, al Secretario Provincial de Orden P\u00fablico de Ja\u00e9n: \u201cSancionados con 50 ptas. por viajar sin salvoconductos,&nbsp;<strong>Pedro Blanco P\u00e9rez y Mateo Sevilla Molina.<\/strong>&nbsp;Por su parte,&nbsp;<strong>Natividad G\u00f3mez Carrasco, Justa Ruiz Garc\u00eda y Antonia Cerezo Casado,<\/strong>&nbsp;por ser pobres de solemnidad, est\u00e1n sufriendo el arresto supletorio de 14 d\u00edas\u201d.&nbsp;<\/p>\n\n\n\n<p><br><strong>Fecha del Oficio: 2 de febrero de 1940:<\/strong><br>-De Alcalde, Carlos Jim\u00e9nez Bustos, al Secretario de Orden P\u00fablico de Ja\u00e9n: \u201cLas vecinas de \u00e9sta, J<strong>usta Ruiz Garc\u00eda, Natividad G\u00f3mez Carrasco y Antonia Cerezo Casado<\/strong>, comenzaron el 20 de diciembre a sufrir el arresto supletorio por insolvencia para abonar las 50 ptas. por viajar sin salvoconducto. Terminaron el arresto el 23 de diciembre. A&nbsp;<strong>Juan Garc\u00eda Mart\u00edn, Andr\u00e9s Soriano Casado y Jos\u00e9 Moya Medina, les pas\u00f3 lo mismo. Asunci\u00f3n Anguita Esteo,<\/strong>&nbsp;le ha pasado lo mismo, arresto desde el 27 de diciembre (1939) al 5 de enero de 1940. Pedro Barrag\u00e1n Ar\u00e9valo ha abonado la sanci\u00f3n pero no se encuentra papel del estado.&nbsp;<\/p>\n\n\n\n<p>\u200b<\/p>\n\n\n\n<p><strong>Fecha del Oficio: 8 de marzo de 1940:<\/strong><br>-De Alcalde, Carlos Jim\u00e9nez Bustos, al Secretario Provincial de Orden P\u00fablico de Ja\u00e9n: \u201cLas vecinas&nbsp;<strong>Agustina Barrag\u00e1n Vicaria, Juana Nieves Godoy, Isabel Alcal\u00e1 Serrano,<\/strong>&nbsp;por insolventes, no han pagado las 50 pesetas de multa por falta de salvoconducto. Han sufrido el arresto supletorio desde el 5 al 14 de febrero pasado.&nbsp;<strong>Ana Pe\u00f1a Segovia<\/strong>, con residencia en Crist\u00f3bal Col\u00f3n 2, lo mismo, desde el d\u00eda 23 de febrero al 3 del actual\u201d.<\/p>\n\n\n\n<p><strong>Fecha del Oficio: 6 de mayo de 1940:<\/strong><br>-De Alcalde, Carlos Jim\u00e9nez Bustos, al Secretario de Orden P\u00fablico del Gobierno Civil de Ja\u00e9n: \u201c<strong>Pedro Barrag\u00e1n Ar\u00e9valo,<\/strong>&nbsp;no ha cumplido el arresto supletorio de 10 d\u00edas por salvoconducto, porque deposit\u00f3 las 50 pesetas, aunque por no encontrar el papel de pagos al estado correspondiente para hacer efectiva la multa. Los siguientes individuos son pobres de solemnidad y no han hecho efectiva la multa de 50 pesetas por lo que han sufrido el arresto de 10 d\u00edas, del 20 al 30 de abril \u00faltimo:<\/p>\n\n\n\n<p><br><strong>-Eduardo Castej\u00f3n Ruiz<br>-Isabel Sim\u00f3n Requena<br>-Manuela Gonz\u00e1lez Palomares<br>-Dolores Pe\u00f1a Carrilero<br>-Vicenta Ortega Gonz\u00e1lez<br>-Dolores Garc\u00eda Lozano<br>-Juana Lozano L\u00f3pez<br>-Josefa Gonz\u00e1lez Jurado<br>-Dolores G\u00f3mez Rivillas<br>-Francisco Casado Ruiz<br>-Jos\u00e9 Ca\u00f1uelo Lozano<\/strong><\/p>\n\n\n\n<p><strong>\u200b<\/strong><\/p>\n\n\n\n<p><strong>Fecha del Oficio: 17 de mayo de 1940:<\/strong><br>\u201cSe multa a&nbsp;<strong>Carlos S\u00e1nchez Sol\u00eds<\/strong>&nbsp;con 50 ptas. por no llevar salvoconducto\u201d. (De alcalde a Secretario de Orden P\u00fablico del Gobierno Civil de Ja\u00e9n).&nbsp;<\/p>\n\n\n\n<p><br><strong>Fecha del Oficio: 7 de agosto de 1940:<\/strong><br>-De Alcalde, Carlos Jim\u00e9nez Bustos, al Secretario de Orden P\u00fablico del Gobierno Civil de Ja\u00e9n: \u201c<strong>Rosa Mu\u00f1oz Ruiz<\/strong>&nbsp;ha sufrido dos d\u00edas de arresto por insolvente y no hacer efectiva la multa de 10 pesetas por infracci\u00f3n de las vigentes disposiciones en materia de salvoconductos.&nbsp;<\/p>\n\n\n\n<p>-De Alcalde al Secretario de Orden P\u00fablico del Gobierno Civil de Ja\u00e9n. \u201c<strong>Manuel Torralbo G\u00f3mez<\/strong>, domiciliada en Vistillas, 11, no ha podido hacer efectiva la multa de 10 pesetas por infracci\u00f3n de salvoconductos, sufriendo dos d\u00edas de arresto en el dep\u00f3sito municipal por insolvencia\u201d.<\/p>\n\n\n\n<p><strong>Fecha: 4 de noviembre de 1940:<\/strong><br>-De Alcalde, Manuel Agudo Perales a Gobernador Civil: \u201cArresto a&nbsp;<strong>Antonio P\u00e9rez Domenech y Juan Lara Jurado<\/strong>&nbsp;por no hacer efectiva la multa de 25 ptas. &nbsp;por no llevar salvoconducto. Desde el d\u00eda 30 de octubre a ayer d\u00eda 3 de noviembre\u201d.&nbsp;<\/p>\n\n\n\n<p><strong>NOTAS:<\/strong><br>(1) En otros casos era por menos d\u00edas, seg\u00fan la persona o el tipo de desplazamiento.<br>(2) Nos llama la atenci\u00f3n c\u00f3mo a\u00fan se siguen utilizando, indistintamente, los nombres de otras \u00e9pocas, para nombrar algunas calles. As\u00ed por ejemplo la calle del Arroyo unas veces se menciona como Duque de la Torre y otras con la nueva denominaci\u00f3n de Mat\u00edas Vidal acordada en la Postguerra. La calle Cruz se nombra tambi\u00e9n como calle Nueva y la calle Calvario como calle de las Cruces. Persiste a\u00fan en el subconciente del funcionario que ejecuta los salvoconductos, nombres de otras etapas hist\u00f3ricas como Garc\u00eda Alix, Duque de la Torre (antes Arroyo y despu\u00e9s Mat\u00edas Vidal), callePerales (despu\u00e9s M\u00e1rtires) y calle Canalejas. Se menciona tambi\u00e9n la de Juan Montilla, a\u00f1os despu\u00e9s, de Antonio Alcal\u00e1. Destacar tambi\u00e9n las alusiones a las diferentes centrales el\u00e9ctricas con distintas denominaciones de \u201cSalto\u201d,\u201cLuz\u201d , Batanes y Valhondillo.<br>(3) Era la prolongaci\u00f3n de la calle Calvario hasta el Hotel Balneario.<br>(4) La profesi\u00f3n de las mujeres, salvo que fueran empleadas p\u00fablicas, se indentifican por S.s. (Su sexo). Otras veces por S.L. (Sus labores).<br>(5) Se refieren a los pueblos de nuestro entorno: And\u00fajar, Lopera, Porcuna, Villa del R\u00edo, etc.<\/p>\n\n\n\n<p><strong>FUENTES<\/strong>:<br>Matrices de los Salvoconductos de 1939. Archivo Municipal de Marmolejo<\/p>\n","protected":false},"excerpt":{"rendered":"<p>&nbsp; -Manuel Perales Sol\u00eds- Al finalizar la Guerra Civil se impuso un control estricto sobre la movilidad de las personas a f\u00edn de observar sus movimientos a lo largo y ancho del territorio nacional, sobre todo pensando en controlar a los m\u00e1s cr\u00edticos, o menos entusiastas, con la dictadura impuesta por el general Franco y [&hellip;]<\/p>\n","protected":false},"author":1,"featured_media":0,"parent":0,"menu_order":0,"comment_status":"closed","ping_status":"closed","template":"elementor_theme","meta":{"footnotes":""},"class_list":["post-247","page","type-page","status-publish","hentry"],"yoast_head":"<!-- This site is optimized with the Yoast SEO plugin v25.2 - https:\/\/yoast.com\/wordpress\/plugins\/seo\/ -->\n<title>El control de personas en la posguerra - El lugar de Marmolejo<\/title>\n<meta name=\"robots\" content=\"index, follow, max-snippet:-1, max-image-preview:large, max-video-preview:-1\" \/>\n<link rel=\"canonical\" href=\"https:\/\/lugardemarmolejo.es\/?page_id=247\" \/>\n<meta property=\"og:locale\" content=\"es_ES\" \/>\n<meta property=\"og:type\" content=\"article\" \/>\n<meta property=\"og:title\" content=\"El control de personas en la posguerra - El lugar de Marmolejo\" \/>\n<meta property=\"og:description\" content=\"&nbsp; -Manuel Perales Sol\u00eds- Al finalizar la Guerra Civil se impuso un control estricto sobre la movilidad de las personas a f\u00edn de observar sus movimientos a lo largo y ancho del territorio nacional, sobre todo pensando en controlar a los m\u00e1s cr\u00edticos, o menos entusiastas, con la dictadura impuesta por el general Franco y [&hellip;]\" \/>\n<meta property=\"og:url\" content=\"https:\/\/lugardemarmolejo.es\/?page_id=247\" \/>\n<meta property=\"og:site_name\" content=\"El lugar de Marmolejo\" \/>\n<meta property=\"og:image\" content=\"https:\/\/static.wixstatic.com\/media\/7e23fc_0dd9424194784475a3bd69ed0f0e5d1f~mv2.jpg\/v1\/fill\/w_454,h_327,al_c,q_80,usm_0.66_1.00_0.01,enc_auto\/Salvoconducto14122018.jpg\" \/>\n<meta name=\"twitter:card\" content=\"summary_large_image\" \/>\n<meta name=\"twitter:label1\" content=\"Tiempo de lectura\" \/>\n\t<meta name=\"twitter:data1\" content=\"11 minutos\" \/>\n<script type=\"application\/ld+json\" class=\"yoast-schema-graph\">{\"@context\":\"https:\/\/schema.org\",\"@graph\":[{\"@type\":\"WebPage\",\"@id\":\"https:\/\/lugardemarmolejo.es\/?page_id=247\",\"url\":\"https:\/\/lugardemarmolejo.es\/?page_id=247\",\"name\":\"El control de personas en la posguerra - El lugar de Marmolejo\",\"isPartOf\":{\"@id\":\"https:\/\/lugardemarmolejo.es\/#website\"},\"primaryImageOfPage\":{\"@id\":\"https:\/\/lugardemarmolejo.es\/?page_id=247#primaryimage\"},\"image\":{\"@id\":\"https:\/\/lugardemarmolejo.es\/?page_id=247#primaryimage\"},\"thumbnailUrl\":\"https:\/\/static.wixstatic.com\/media\/7e23fc_0dd9424194784475a3bd69ed0f0e5d1f~mv2.jpg\/v1\/fill\/w_454,h_327,al_c,q_80,usm_0.66_1.00_0.01,enc_auto\/Salvoconducto14122018.jpg\",\"datePublished\":\"2023-07-23T09:53:14+00:00\",\"breadcrumb\":{\"@id\":\"https:\/\/lugardemarmolejo.es\/?page_id=247#breadcrumb\"},\"inLanguage\":\"es\",\"potentialAction\":[{\"@type\":\"ReadAction\",\"target\":[\"https:\/\/lugardemarmolejo.es\/?page_id=247\"]}]},{\"@type\":\"ImageObject\",\"inLanguage\":\"es\",\"@id\":\"https:\/\/lugardemarmolejo.es\/?page_id=247#primaryimage\",\"url\":\"https:\/\/static.wixstatic.com\/media\/7e23fc_0dd9424194784475a3bd69ed0f0e5d1f~mv2.jpg\/v1\/fill\/w_454,h_327,al_c,q_80,usm_0.66_1.00_0.01,enc_auto\/Salvoconducto14122018.jpg\",\"contentUrl\":\"https:\/\/static.wixstatic.com\/media\/7e23fc_0dd9424194784475a3bd69ed0f0e5d1f~mv2.jpg\/v1\/fill\/w_454,h_327,al_c,q_80,usm_0.66_1.00_0.01,enc_auto\/Salvoconducto14122018.jpg\"},{\"@type\":\"BreadcrumbList\",\"@id\":\"https:\/\/lugardemarmolejo.es\/?page_id=247#breadcrumb\",\"itemListElement\":[{\"@type\":\"ListItem\",\"position\":1,\"name\":\"Portada\",\"item\":\"https:\/\/lugardemarmolejo.es\/\"},{\"@type\":\"ListItem\",\"position\":2,\"name\":\"El control de personas en la posguerra\"}]},{\"@type\":\"WebSite\",\"@id\":\"https:\/\/lugardemarmolejo.es\/#website\",\"url\":\"https:\/\/lugardemarmolejo.es\/\",\"name\":\"El lugar de Marmolejo\",\"description\":\"\",\"potentialAction\":[{\"@type\":\"SearchAction\",\"target\":{\"@type\":\"EntryPoint\",\"urlTemplate\":\"https:\/\/lugardemarmolejo.es\/?s={search_term_string}\"},\"query-input\":{\"@type\":\"PropertyValueSpecification\",\"valueRequired\":true,\"valueName\":\"search_term_string\"}}],\"inLanguage\":\"es\"}]}<\/script>\n<!-- \/ Yoast SEO plugin. -->","yoast_head_json":{"title":"El control de personas en la posguerra - El lugar de Marmolejo","robots":{"index":"index","follow":"follow","max-snippet":"max-snippet:-1","max-image-preview":"max-image-preview:large","max-video-preview":"max-video-preview:-1"},"canonical":"https:\/\/lugardemarmolejo.es\/?page_id=247","og_locale":"es_ES","og_type":"article","og_title":"El control de personas en la posguerra - El lugar de Marmolejo","og_description":"&nbsp; -Manuel Perales Sol\u00eds- Al finalizar la Guerra Civil se impuso un control estricto sobre la movilidad de las personas a f\u00edn de observar sus movimientos a lo largo y ancho del territorio nacional, sobre todo pensando en controlar a los m\u00e1s cr\u00edticos, o menos entusiastas, con la dictadura impuesta por el general Franco y [&hellip;]","og_url":"https:\/\/lugardemarmolejo.es\/?page_id=247","og_site_name":"El lugar de Marmolejo","og_image":[{"url":"https:\/\/static.wixstatic.com\/media\/7e23fc_0dd9424194784475a3bd69ed0f0e5d1f~mv2.jpg\/v1\/fill\/w_454,h_327,al_c,q_80,usm_0.66_1.00_0.01,enc_auto\/Salvoconducto14122018.jpg","type":"","width":"","height":""}],"twitter_card":"summary_large_image","twitter_misc":{"Tiempo de lectura":"11 minutos"},"schema":{"@context":"https:\/\/schema.org","@graph":[{"@type":"WebPage","@id":"https:\/\/lugardemarmolejo.es\/?page_id=247","url":"https:\/\/lugardemarmolejo.es\/?page_id=247","name":"El control de personas en la posguerra - El lugar de Marmolejo","isPartOf":{"@id":"https:\/\/lugardemarmolejo.es\/#website"},"primaryImageOfPage":{"@id":"https:\/\/lugardemarmolejo.es\/?page_id=247#primaryimage"},"image":{"@id":"https:\/\/lugardemarmolejo.es\/?page_id=247#primaryimage"},"thumbnailUrl":"https:\/\/static.wixstatic.com\/media\/7e23fc_0dd9424194784475a3bd69ed0f0e5d1f~mv2.jpg\/v1\/fill\/w_454,h_327,al_c,q_80,usm_0.66_1.00_0.01,enc_auto\/Salvoconducto14122018.jpg","datePublished":"2023-07-23T09:53:14+00:00","breadcrumb":{"@id":"https:\/\/lugardemarmolejo.es\/?page_id=247#breadcrumb"},"inLanguage":"es","potentialAction":[{"@type":"ReadAction","target":["https:\/\/lugardemarmolejo.es\/?page_id=247"]}]},{"@type":"ImageObject","inLanguage":"es","@id":"https:\/\/lugardemarmolejo.es\/?page_id=247#primaryimage","url":"https:\/\/static.wixstatic.com\/media\/7e23fc_0dd9424194784475a3bd69ed0f0e5d1f~mv2.jpg\/v1\/fill\/w_454,h_327,al_c,q_80,usm_0.66_1.00_0.01,enc_auto\/Salvoconducto14122018.jpg","contentUrl":"https:\/\/static.wixstatic.com\/media\/7e23fc_0dd9424194784475a3bd69ed0f0e5d1f~mv2.jpg\/v1\/fill\/w_454,h_327,al_c,q_80,usm_0.66_1.00_0.01,enc_auto\/Salvoconducto14122018.jpg"},{"@type":"BreadcrumbList","@id":"https:\/\/lugardemarmolejo.es\/?page_id=247#breadcrumb","itemListElement":[{"@type":"ListItem","position":1,"name":"Portada","item":"https:\/\/lugardemarmolejo.es\/"},{"@type":"ListItem","position":2,"name":"El control de personas en la posguerra"}]},{"@type":"WebSite","@id":"https:\/\/lugardemarmolejo.es\/#website","url":"https:\/\/lugardemarmolejo.es\/","name":"El lugar de Marmolejo","description":"","potentialAction":[{"@type":"SearchAction","target":{"@type":"EntryPoint","urlTemplate":"https:\/\/lugardemarmolejo.es\/?s={search_term_string}"},"query-input":{"@type":"PropertyValueSpecification","valueRequired":true,"valueName":"search_term_string"}}],"inLanguage":"es"}]}},"_links":{"self":[{"href":"https:\/\/lugardemarmolejo.es\/index.php?rest_route=\/wp\/v2\/pages\/247","targetHints":{"allow":["GET"]}}],"collection":[{"href":"https:\/\/lugardemarmolejo.es\/index.php?rest_route=\/wp\/v2\/pages"}],"about":[{"href":"https:\/\/lugardemarmolejo.es\/index.php?rest_route=\/wp\/v2\/types\/page"}],"author":[{"embeddable":true,"href":"https:\/\/lugardemarmolejo.es\/index.php?rest_route=\/wp\/v2\/users\/1"}],"replies":[{"embeddable":true,"href":"https:\/\/lugardemarmolejo.es\/index.php?rest_route=%2Fwp%2Fv2%2Fcomments&post=247"}],"version-history":[{"count":1,"href":"https:\/\/lugardemarmolejo.es\/index.php?rest_route=\/wp\/v2\/pages\/247\/revisions"}],"predecessor-version":[{"id":248,"href":"https:\/\/lugardemarmolejo.es\/index.php?rest_route=\/wp\/v2\/pages\/247\/revisions\/248"}],"wp:attachment":[{"href":"https:\/\/lugardemarmolejo.es\/index.php?rest_route=%2Fwp%2Fv2%2Fmedia&parent=247"}],"curies":[{"name":"wp","href":"https:\/\/api.w.org\/{rel}","templated":true}]}}