{"id":225,"date":"2023-07-15T07:22:41","date_gmt":"2023-07-15T07:22:41","guid":{"rendered":"https:\/\/lugardemarmolejo.es\/?page_id=225"},"modified":"2023-07-23T09:44:22","modified_gmt":"2023-07-23T09:44:22","slug":"225-2","status":"publish","type":"page","link":"https:\/\/lugardemarmolejo.es\/?page_id=225","title":{"rendered":"La Guerra Civil en la\u00a0frontera republicana: Marmolejo 1936-1939"},"content":{"rendered":"\n<h1 class=\"wp-block-heading\"><\/h1>\n\n\n\n<h4 class=\"wp-block-heading\"><strong>-Manuel Perales Sol\u00eds-<\/strong><\/h4>\n\n\n\n<p><strong>Introducci\u00f3n:<\/strong><\/p>\n\n\n\n<p>El presente estudio ha sido elaborado tomando como base los contenidos que en su d\u00eda aparec\u00edan en el cap\u00edtulo dedicado a la Guerra Civil, dentro del trabajo titulado: \u201cLa Memoria Rescatada: 2\u00aa Rep\u00fablica, Guerra Civil y Postguerra\u201d. Nuevos datos e informaciones localizados en el transcurso de una investigaci\u00f3n que siempre es permanente, y dir\u00eda que casi inagotable, me ha llevado a hacerlos p\u00fablicos en este soporte tan \u00fatil que nos proporciona la red de internet, concretamente en el marco de la p\u00e1gina web: \u201cEl lugar de Marmolejo\u201d. He prescindido de volver a meter las ilustraciones fotogr\u00e1ficas que aparec\u00edan entonces, para quedarme con las que he considerado m\u00e1s interesantes o complementarias a las publicadas en aquella ocasi\u00f3n.<\/p>\n\n\n\n<p>\u200b<\/p>\n\n\n\n<p><strong>Los primeros momentos tras la sublevaci\u00f3n militar:<\/strong><\/p>\n\n\n\n<p>&nbsp;Tras la sublevaci\u00f3n de los militares desafectos al r\u00e9gimen republicano, el 18 de julio de 1936, acaudillados por el general Franco, las fuerzas desleales al gobierno de Madrid hab\u00edan obtenido \u00e9xito en algunas capitales andaluzas como Sevilla y &nbsp;C\u00f3rdoba, donde se hab\u00edan adherido militares y fuerzas del orden apoyados y envalentonados por sectores de la mediana y gran burgues\u00eda agraria. La provincia de Ja\u00e9n, sin embargo, salvo el incidente sobradamente conocido protagonizado por los guardias civiles liderados por el capit\u00e1n rebelde Santiago Cort\u00e9s, y algunas otras escaramuzas protagonizadas &nbsp;por elementos fieles al golpe en algunas poblaciones, permaneci\u00f3 fiel a la Rep\u00fablica. En ese sentido, las primeras tareas en las que hubo de empe\u00f1arse el Ayuntamiento de Marmolejo, presidido por el socialista Ignacio Exp\u00f3sito, una vez consumado el golpe militar, fue la de atender las peticiones del gobernador civil Luis R\u00edus Zen\u00f3n (1), cursadas a los municipios, para que &nbsp;procediesen al reclutamiento de milicias voluntarias solicitadas por el general Jos\u00e9 Miaja, cuyos plan era avanzar por el Valle del Guadalquivir en un intento de recuperar C\u00f3rdoba capital y diversos municipios de su entorno que hab\u00edan ca\u00eddo &nbsp;en manos de los rebeldes. Luis Zen\u00f3n, afiliado a Uni\u00f3n Republicana, hab\u00eda autorizado el reparto de armamento a los partidarios de la Rep\u00fablica y ordenaba la concentraci\u00f3n de numerosos &nbsp;efectivos de la Guardia Civil en la capital haciendo fracasar la intentona golpista antirepublicana en la provincia.&nbsp;<\/p>\n\n\n\n<p>&nbsp; La columna de milicianos voluntarios reclutados en diferentes municipios de Ja\u00e9n, se concentraba en Marmolejo los d\u00edas siguientes a la sublevaci\u00f3n. Iban dotados con armamento requisado en diferentes pueblos, y se solicitaron para su equipaci\u00f3n urgentemente m\u00e1s armas al gobierno de Madrid. &nbsp;En sus memorias sobre la Guerra Civil, el marmoleje\u00f1o F\u00e9lix Vicaria G\u00f3mez (hijo del militante socialista Antonio Vicaria Reca, guarda del paseo en 1932 y guardia municipal interino en 1937) (2), por entonces un ni\u00f1o de 9 a\u00f1os de edad, &nbsp;refiere como encontr\u00e1ndose en la esquina de La Peana, con los amigos de su pandilla, Manuel \u201cEl Pepa\u201d, su primo Manuel Rufino y Juanillo el de \u201cLa Bald\u00e1\u201d, vieron pasar cinco o seis camiones cargados de gente dando muchas voces. Tiraron por la calle del Arroyo, en direcci\u00f3n a la plaza del Ayuntamiento donde descansaron y comieron sentados en el suelo antes de emprender su marcha hacia las zonas conflictivas.&nbsp;<\/p>\n\n\n\n<p>\u200b<\/p>\n\n\n\n<p>Los voluntarios partieron por el valle del Guadalquivir direcci\u00f3n C\u00f3rdoba, entrando en Villa del R\u00edo donde qued\u00f3 establecido el cuartel general. Desde all\u00ed se lanz\u00f3 la ofensiva principalmente contra Montoro:&nbsp;<em>\u201cEste pueblo cordob\u00e9s estaba en poder de los facciosos. La columna de obreros armados, a los que acompa\u00f1aban unos cuantos n\u00fameros del Cuerpo de Asalto, ocup\u00f3 el pueblo sin resistencia. Inmediatamente comenz\u00f3 el acoso a Pedro Abad, que qued\u00f3 convenientemente guarnecido, y se sigui\u00f3 adelante atacando El Carpio. En este pueblo, baluarte de los fascistas cordobeses, desde el torre\u00f3n de la iglesia hicieron intenso fuego de ametralladora, bombas y fusiles contra la columna jiennense. La lucha fue dura. Varias horas de fuego en las que los rebeldes sufrieron p\u00e9rdidas considerables, pero al fin, &nbsp;El Carpio fue tomado por las fuerzas republicanas, que hicieron el ejemplar castigo sobre las fuerzas rebeldes. La columna de Ja\u00e9n continu\u00f3 en marcha triunfal y tom\u00f3 Villafranca, pueblo que est\u00e1 a las puertas de C\u00f3rdoba. En \u00e9ste se hizo descanso preparando el ataque definitivo a la capital andaluza&#8230;Pero no queda aqu\u00ed reducida la labor de los republicanos de Ja\u00e9n. Inmediatamente se organizaron otras columnas que avanzan en distintas direcciones para conquistar el mismo objetivo: C\u00f3rdoba. Estas nuevas columnas tuvieron luchas muy enconadas en Luque y Bujalance y esta \u00faltima ciudad se rindi\u00f3, al fin, conquistada por las tropas republicanas. Las avanzadas de las columnas de Linares la forman los mineros de aquel pueblo y La Carolina, provistos de gran cantidad de dinamita, y la eficacia de su lucha es tan evidente que pueblos casi inexpugnables como El Carpio y Bujalance no pudieron resistir el avance de los mineros\u201d&nbsp;<\/em>(3).<\/p>\n\n\n\n<p>&nbsp;En su avance hacia C\u00f3rdoba el general Miaja y las milicias de Ja\u00e9n, con varios diputados del Frente Popular en sus filas, despu\u00e9s de recuperar El Carpio y Montoro el d\u00eda 28, establecieron el cuartel general en Villa del R\u00edo con la misi\u00f3n, entre otras, de organizar la vida en la retaguardia y las relaciones con la provincia de Ja\u00e9n.<\/p>\n\n\n\n<p>El cuartel general se transform\u00f3 a finales de julio, antes del ataque a C\u00f3rdoba, en &nbsp;Estado Mayor, y estuvo formado por los diputados socialistas Alejandro Peris Caruana y Alberto Fern\u00e1ndez Ballesteros (4); por los comunistas Francisco Ortega y Antonio Pareja y por el teniente coronel Leopoldo Men\u00e9ndez, que ostentaba el mando de las cinco compa\u00f1\u00edas del Batall\u00f3n de Ja\u00e9n. Men\u00e9ndez era destinado al frente de C\u00f3rdoba dentro de la jefatura del estado mayor de Hern\u00e1ndez Saravia con la misi\u00f3n de reorganizar a los batallones de milicias de la zona de Ja\u00e9n, aunque con poco \u00e9xito ya que Queipo de Llano termin\u00f3 ocupando amplias zonas de aquella provincia (5). Tambi\u00e9n se encontraban entre los hombres de Miaja, el diputado de Izquierda Republicana por C\u00f3rdoba, Antonio Ja\u00e9n Morente (6).<\/p>\n\n\n<div class=\"wp-block-image\">\n<figure class=\"alignleft is-resized\"><img fetchpriority=\"high\" decoding=\"async\" src=\"https:\/\/static.wixstatic.com\/media\/7e23fc_2405150395e44c17b3a2e44550a22e48~mv2.jpg\/v1\/fill\/w_394,h_320,al_c,q_80,usm_0.66_1.00_0.01,enc_auto\/7e23fc_2405150395e44c17b3a2e44550a22e48~mv2.jpg\" alt=\"\" width=\"523\" height=\"425\"\/><figcaption class=\"wp-element-caption\"><strong>El teniente &nbsp;coronel Juan Hern\u00e1ndez Saravia, derecha, con el comandante de las Brigadas Internacionales Walter.&nbsp;<\/strong><\/figcaption><\/figure>\n<\/div>\n\n\n<p><\/p>\n\n\n<div class=\"wp-block-image\">\n<figure class=\"alignright is-resized\"><img decoding=\"async\" src=\"https:\/\/static.wixstatic.com\/media\/7e23fc_2ce2d90b4be74949a7461b908d281ee9~mv2.jpg\/v1\/fill\/w_176,h_231,al_c,lg_1,q_80,enc_auto\/7e23fc_2ce2d90b4be74949a7461b908d281ee9~mv2.jpg\" alt=\"\" width=\"283\" height=\"372\"\/><figcaption class=\"wp-element-caption\"><strong>Alberto Fern\u00e1ndez Ballesteros, diputado socialista, integr\u00f3 el Estado Mayor del ej\u00e9rcito republicano &nbsp;ubicado en la poblaci\u00f3n de Villa del Rio.<\/strong><\/figcaption><\/figure>\n<\/div>\n\n\n<p><\/p>\n\n\n\n<p><strong>Fuente: Fundaci\u00f3n Pablo Iglesias<\/strong><\/p>\n\n\n\n<p>A lo largo de todo el mes de agosto la vida de los marmoleje\u00f1os\/as estar\u00eda &nbsp;supeditada a las necesidades impuestas por las tropas de Miaja cuyo objetivo principal era recuperar C\u00f3rdoba para la Rep\u00fablica, aunque finalmente no pudiera conseguirlo. Sin embargo si alcanzaron otros objetivos durante las primeras semanas de agosto en el norte de la provincia, donde se recuperaron pueblos como A\u00f1ora (cinco de agosto), Adamuz (d\u00eda diez), Belalc\u00e1zar (d\u00eda catorce), Alcaracejos, Villanueva del Duque y Pozoblanco (todos ellos el d\u00eda quince). En realidad los hechos se sucedieron &nbsp;de forma imprevista y vertiginosa, circunstancia que aprovecharon los golpistas para provocar el desconcierto y ocupar capitales tan importantes como Sevilla y C\u00f3rdoba. &nbsp;Por todo ello la defensa de la legalidad republicana se hubo de hacer con precipitaci\u00f3n y a golpe de \u00f3rdenes cursadas v\u00eda telegrama. Mediante uno del d\u00eda dos de agosto el Gobernador Civil de Ja\u00e9n instaba a todos los individuos que hubiesen prestado servicio militar para que se presentasen ante el Gobierno Civil con el fin de organizar una milicia y constituir un cuerpo de voluntarios al servicio del general Miaja, reclamando, de paso, a los alcaldes facilitaran los medios de transporte hasta la capital.&nbsp;<br>&nbsp; &nbsp;Otro telegrama de cinco de agosto de la Comandancia Militar de Ja\u00e9n comunicaba al Ayuntamiento&nbsp;<em>\u201cque los cabos y soldados se encontrasen de permiso o situaci\u00f3n cualquiera, quedar\u00edan a disposici\u00f3n de la comandancia hasta nueva orden\u201d.<\/em>&nbsp;Por su parte el gobernador civil comunicaba al Alcalde ese mismo d\u00eda que&nbsp;<em>\u201csin pretexto alguno disponga recogida de fusiles haya en ese pueblo envi\u00e1ndolos inmediatamente medio m\u00e1s r\u00e1pido a Villa del R\u00edo, Cuartel General Militar, dando cuenta a este gobierno haber realizado el servicio y n\u00famero de armas recogidas y enviadas a dicho pueblo.&nbsp;<\/em><\/p>\n\n\n<div class=\"wp-block-image\">\n<figure class=\"alignleft\"><img decoding=\"async\" src=\"https:\/\/static.wixstatic.com\/media\/7e23fc_8a4d7a6fca2043788ec3b2379c3f65df~mv2.jpg\/v1\/fill\/w_310,h_402,al_c,q_80,usm_0.66_1.00_0.01,enc_auto\/7e23fc_8a4d7a6fca2043788ec3b2379c3f65df~mv2.jpg\" alt=\"\"\/><figcaption class=\"wp-element-caption\"><strong>El general republicano Jos\u00e9 Miaja Menant, Jefe de Operaciones del Ej\u00e9rcito del Sur en julio de 1936.<\/strong><\/figcaption><\/figure>\n<\/div>\n\n\n<p><\/p>\n\n\n\n<p>As\u00ed mismo Ruiz Zen\u00f3n le transmit\u00eda a Ignacio Exp\u00f3sito las \u00f3rdenes recibidas del general Miaja:&nbsp;<em>\u201cOrdene con la mayor urgencia al Alcalde, disponga que los fusiles y mosquetones, rifles carabinas, con todas sus municiones correspondientes, sean recogidas a los milicianos y paisanos retirados del frente, y con &nbsp;las existencias en ese pueblo se remitir\u00e1n hoy mismo\u201d<\/em>. Finalmente el d\u00eda 6 de agosto, la m\u00e1xima autoridad provincial volv\u00eda a solicitar &nbsp;mediante cable telegr\u00e1fico que&nbsp;<em>\u201clos soldados y militares se encuentren con permiso y no puedan verificar incorporaci\u00f3n a sus cuerpos (por estar estos en poder de los rebeldes) lo hagan a esta columna de Montoro\u201d.<\/em>&nbsp;&nbsp;Los reiterados llamamientos tuvieron eco entre la poblaci\u00f3n obrera local que se inscribi\u00f3 voluntaria en la milicia junto a obreros de And\u00fajar, Ja\u00e9n, Martos, y otras localidades de la provincia, en su af\u00e1n de salvar a la Rep\u00fablica.<br>&nbsp;<br>&nbsp; En el momento del golpe de estado militar la corporaci\u00f3n municipal estaba formada &nbsp;por los ediles salidos de las elecciones de abril de 1931, que hab\u00edan sido suspendidos de sus cargos &nbsp;en marzo de 1933 por el gobierno de Lerroux pero, de nuevo, restituidos por orden del Gobernador Civil tras el triunfo del centro-izquierda (Frente Popular) en febrero de 1936. Faltaban los concejales mon\u00e1rquicos y por parte de los socialistas: Andr\u00e9s Velasco (fallecido en noviembre de 1934), Antonio Garc\u00eda \u201cMaqueano\u201d y Andr\u00e9s Rodr\u00edguez \u201cEl del Ventorrillo\u201d, ahora residiendo en la L\u00ednea de la Concepci\u00f3n &nbsp;tras la amnist\u00eda dada a los obreros implicados en la intentona revolucionaria del 6 de octubre de 1934.<\/p>\n\n\n\n<p>\u200b<\/p>\n\n\n\n<p><\/p>\n\n\n\n<p><\/p>\n\n\n\n<p><\/p>\n\n\n\n<p><strong>Ayuntamiento en julio de 1936:<\/strong><\/p>\n\n\n\n<p><strong>\u200b<\/strong><\/p>\n\n\n\n<p>Alcalde: Ignacio Exp\u00f3sito Villar (socialista)<br>Primer Tte. Alcalde: Francisco Vallejo Casas (socialista)<br>Segundo Tte. Alcalde: Manuel Flores Vallejo (socialista)<br>Resto de concejales: Manuel Gonz\u00e1lez Lozano (socialista)<br>&nbsp; &nbsp; &nbsp; &nbsp; &nbsp; &nbsp; &nbsp; &nbsp; &nbsp; &nbsp; &nbsp; &nbsp; &nbsp; &nbsp;Francisco Mart\u00ednez Velasco (socialista)<br>&nbsp; &nbsp; &nbsp; &nbsp; &nbsp; &nbsp; &nbsp; &nbsp; &nbsp; &nbsp; &nbsp; &nbsp; &nbsp; &nbsp;Antonio Molina Torralbo (socialista)<br>&nbsp; &nbsp; &nbsp; &nbsp; &nbsp; &nbsp; &nbsp; &nbsp; &nbsp; &nbsp; &nbsp; &nbsp; &nbsp; &nbsp;Alfonso Jurado Gonz\u00e1lez (socialista)<br>&nbsp; &nbsp; &nbsp; &nbsp; &nbsp; &nbsp; &nbsp; &nbsp; &nbsp; &nbsp; &nbsp; &nbsp; &nbsp; &nbsp;Juan Manuel Alcal\u00e1 Venceslada (mon\u00e1rquico, presentaba renuncia el 15 de junio de 1936).<\/p>\n\n\n\n<p>&nbsp;Parece ser que las autoridades locales no tuvieron demasiados problemas en los primeros d\u00edas de la sublevaci\u00f3n militar para controlar los movimientos de los posibles simpatizantes de los golpistas a muchos de los cuales se les requisaron las armas en su poder &nbsp;sin m\u00e1s incidentes que el causado por el guarda de campo Antonio Lozano Rivillas. En un informe del Consejo Municipal dirigido al Gobernador Civil en marzo de 1938 se dec\u00eda:<em>&nbsp;\u201cEste individuo es fascista de acci\u00f3n, hecho que demostr\u00f3 el 20 de julio de 1936 cuando fue requerido para entregar las armas que ten\u00eda resisti\u00e9ndose a ello &nbsp;e hiriendo en &nbsp;la mano al camarada Juan Vicaria Blanco\u201d.&nbsp;<\/em><br>&nbsp; Por su parte la prensa del momento se hizo eco del intento de asalto por parte del Ayuntamiento del jefe faccioso Emiliano Ruano Jim\u00e9nez, que acab\u00f3 &nbsp;detenido por las milicias hecho del que se hizo eco el diario \u201cLa Libertad\u201d:<em>&nbsp;\u201cDespu\u00e9s de realizarse un minucioso registro de su domicilio se encontraron algunos documentos de inter\u00e9s, quien posteriormente h\u00e1bilmente interrogado por el Alcalde, confes\u00f3 su complicidad. Tambi\u00e9n han sido detenidos Vicente Orti Garc\u00eda, Francisco Garc\u00eda Vinuesa y el aviador retirado Juan D\u00edaz Criado\u201d (7).&nbsp;<\/em><\/p>\n\n\n\n<p><em>\u200b<\/em><\/p>\n\n\n\n<p>Emiliano Ruano era arjonero y trabajaba a cargo de Juan D\u00edaz Criado, un &nbsp;militar &nbsp;perteneciente al cuerpo de intendencia de aviaci\u00f3n, ahora en excedencia, que nada m\u00e1s producirse el golpe solicit\u00f3 incorporarse &nbsp;al ej\u00e9rcito de Franco (8).<br>&nbsp;<br>&nbsp; &nbsp; Durante las jornadas posteriores a la sublevaci\u00f3n se vivieron momentos dram\u00e1ticos como r\u00e9plica a las noticias que llegaban de la \u201czona nacional\u201d, donde era conocido que los sublevados actuaban con \u201cmano dura\u201d frente a las autoridades civiles republicanas y militares fieles a la Rep\u00fablica. Pronto empezaron a llegar noticias de fusilamientos masivos de los l\u00edderes obreros en las provincias lim\u00edtrofes sublevadas. Moreno G\u00f3mez fij\u00f3 la cifra en 2088 fusilados por las tropas sublevadas en C\u00f3rdoba capital s\u00f3lo entre los meses de julio a diciembre (9) y en la provincia de C\u00e1diz las tropas franquistas que desembarcaron en Algeciras dieron lugar a matanzas sin control de v\u00edctimas realmente inocentes.<\/p>\n\n\n\n<p><em>&nbsp;&nbsp;<\/em>Estas noticias, qu\u00e9 duda cabe, despertaban el af\u00e1n de revancha y la tentaci\u00f3n &nbsp;de responder con la misma moneda como lamentablemente as\u00ed ocurri\u00f3. Por eso, en medio del revuelo y descontrol de los primeros d\u00edas del golpe, autoridades provinciales y locales del Frente Popular quedaron desbordadas por la presencia de milicias republicanas en &nbsp;la que existieron elementos con deseos de responder con &nbsp;la misma moneda. Por eso la llegada de estas tropas para proceder a la preparaci\u00f3n de la campa\u00f1a contra C\u00f3rdoba y los pueblos del valle del Guadalquivir, generaron durante los meses de julio y agosto escenas de gran tensi\u00f3n para las familias de la derecha local, as\u00ed como verdaderos quebraderos de cabeza a los gobernantes del municipio y dirigentes del Frente Popular.<br>&nbsp; &nbsp;En &nbsp;estos d\u00edas se detuvieron a la mayor\u00eda de los responsables pol\u00edticos de la derecha junto a los afiliados m\u00e1s significativos. Este fue el caso de Claudio Rostaing, presidente del Centro Republicano de Marmolejo, hijo del industrial hotelero Antonio Rostaing, que por su condici\u00f3n de tener doble nacionalidad, espa\u00f1ola y francesa, salv\u00f3 la vida tras ser liberado por orden del propio Gobierno Civil de Ja\u00e9n a trav\u00e9s de un telegrama del d\u00eda 7 de agosto:&nbsp;<em>\u201cDe Gobernador Civil a Alcalde: Llegan noticias a este Gobierno, hallase detenido el s\u00fabdito franc\u00e9s Claudio Rostaing. S\u00edrvase informarme urgentemente motivos para adoptar tal medida. Remita mayor brevedad posible oportuno expediente, debiendo entretanto adoptar las medidas necesarias para garantizar su persona conforme &nbsp;lo tengo ordenado en telegramas anteriores\u201d.<\/em><\/p>\n\n\n\n<p><em>\u200b<\/em><\/p>\n\n\n<div class=\"wp-block-image\">\n<figure class=\"alignright\"><img decoding=\"async\" src=\"https:\/\/static.wixstatic.com\/media\/7e23fc_d2f5401396ae48e78991a4e8f251290d~mv2.jpg\/v1\/fill\/w_330,h_566,al_c,q_80,usm_0.66_1.00_0.01,enc_auto\/7e23fc_d2f5401396ae48e78991a4e8f251290d~mv2.jpg\" alt=\"\"\/><figcaption class=\"wp-element-caption\"><strong>&nbsp;Ignacio Exp\u00f3sito Villar (1890-1942), alcalde socialista durante la Guerra Civil.<\/strong><\/figcaption><\/figure>\n<\/div>\n\n\n<p><\/p>\n\n\n\n<p>&nbsp;Claudio hab\u00eda sido vicepresidente del Centro Republicano formando equipo con su cu\u00f1ado Carlos S\u00e1nchez (casado con su hermana Mar\u00eda). En estos momentos ejerc\u00eda la presidencia del citado Centro. Peque\u00f1o empresario de hosteler\u00eda, representaba la cara m\u00e1s centrada de la derecha marmoleje\u00f1a. De familia con ascendientes franceses, era el mayor de tres hermanos nacidos del matrimonio entre Antonio Rostaing Soullard, propietario del hotel \u201cLos Leones\u201d, y la cordobesa Josefa Pinillos Raya, oriunda de Montilla. Hab\u00eda realizado el bachillerato en el colegio Franc\u00e9s de C\u00f3rdoba y posteriormente cursaba estudios de peritaje mercantil en la Escuela de Peritos de la capital, a cuya finalizaci\u00f3n &nbsp;se dedic\u00f3 a ayudar a su padre en el negocio del hotel, contrayendo matrimonio con Isabel Lozano P\u00e9rez, hija de Pedro Lozano, due\u00f1o del desaparecido &nbsp;hotel Central. Despu\u00e9s del incidente de su detenci\u00f3n y de su posterior puesta en libertad, opt\u00f3 por marchar a Francia con toda la familia (el padre, la madre y su mujer Mar\u00eda y un ni\u00f1o peque\u00f1o, a la localidad de Montelimar) a la casa de unos parientes suyos. Ya no volver\u00edan a Espa\u00f1a, en concreto a Sevilla, hasta comienzos de 1937, una vez informados que la capital andaluza hab\u00eda quedado en poder de las tropas de Franco (10).<\/p>\n\n\n\n<p>&nbsp; &nbsp;Mientras tanto la mayor parte de las personas detenidas no corrieron la misma suerte &nbsp;de Claudio y eran trasladadas a la Prisi\u00f3n Provincial de Ja\u00e9n en una operaci\u00f3n impulsada por los m\u00e1ximos responsables del Frente Popular, probablemente como medida preventiva para salvar la vida de personas que a pesar de no haber ocupado cargos de responsabilidad en las organizaciones de la derecha, su imputaci\u00f3n principal se basaba en haberse confesado abiertamente antirepublicanas. Las detenciones fueron realizadas en los \u00faltimos d\u00edas de julio y los primeros de agosto, siendo conducidas al Ayuntamiento y posteriormente a la Carnecer\u00eda de la calle de la Estaci\u00f3n.&nbsp;<br>&nbsp; &nbsp; &nbsp;<\/p>\n\n\n\n<p>Al cedista Andr\u00e9s Pastor no lo encontraron en su casa cuando fueron a detenerlo y hubieron de salir a buscarlo a la finca \u201cLas Labra\u00edllas\u201d del t\u00e9rmino municipal de Montoro que llevaba en arrendamiento. En la finca de Las Prensas del t\u00e9rmino municipal de Montoro, les fueron requisadas 27 escopetas y dos rifles escondidas en un dep\u00f3sito de aceite y en otras dependencias de la caser\u00eda (11). Uno de los detenidos, Mateo Sol\u00eds Rodr\u00edguez, encargado de la propietaria agr\u00edcola, Do\u00f1a Angelina Garc\u00eda Villar\u00edas, nos cuenta en su peque\u00f1o cuadernillo de notas que en la madrugada del d\u00eda 1 de agosto, encontr\u00e1ndose preso en el edificio de la Carnecer\u00eda,&nbsp;<em>\u201chicieron un disparo de bala por una de las ventanas que despu\u00e9s de rozarle \u00e9sta a uno de los presos levemente, taladr\u00f3 un tabique originando el susto consiguiente\u201d.<\/em><\/p>\n\n\n\n<p><em>\u200b<\/em><\/p>\n\n\n\n<p>A principios de agosto (d\u00eda 3) ten\u00eda lugar el traslado a Ja\u00e9n de las siguientes personas:<\/p>\n\n\n\n<p>&nbsp; -Juan Roncero Jurado (propietario)<br>&nbsp; -Juan Roncero Lara (propietario)<br>&nbsp; -Alfonso S\u00e1nchez Sol\u00eds (industrial)<br>&nbsp; -Carlos S\u00e1nchez Sol\u00eds (industrial)<br>&nbsp; -Miguel Navarro Molina (industrial)<br>&nbsp; -Antonio Parras Sanz (sacerdote, obtuvo la libertad en febrero de 1938)<br>&nbsp; -Jer\u00f3nimo Parras Sanz (administrador)<br>&nbsp; -Pedro Perales Yedr\u00e1 (propietario)<br>&nbsp; -Mateo Sol\u00eds Rodr\u00edguez (administrador)<br>&nbsp; -Jes\u00fas S\u00e1ez Mart\u00ednez (agente comercial)<br>&nbsp; -Antonio Ortega Quesada (propietario)<br>&nbsp; -Antonio Gonz\u00e1lez Garc\u00eda (propietario)<br>&nbsp; -Mariano Lara P\u00e9rez (guarda nocturno, separado del servicio el 29 de febrero de 1936 por su colaboraci\u00f3n con la Guardia Civil en los sucesos del seis de octubre de 1934).<br>&nbsp; -Antonio Lozano Rivillas (guarda de campo).<br>&nbsp; -Jos\u00e9 Vencesl\u00e1 Mingorance (teniente de artiller\u00eda)<br>&nbsp; -Emilio P\u00e9rez Campoy (pintor)<br>&nbsp; -Crist\u00f3bal Pantoja Lopera (carpintero, fue puesto en libertad el 1-11-1938).<br>&nbsp; -Emiliano Ruano Jim\u00e9nez (administrador)<br>&nbsp; -Pedro P\u00e9rez Ruiz (guardia civil retirado)<\/p>\n\n\n\n<p><br>&nbsp; Este traslado hasta Ja\u00e9n se hizo a las cinco de la ma\u00f1ana en un autob\u00fas que iba escoltado por milicianos para evitar represalias y actos de vandalismo contra los detenidos. As\u00ed lo cuenta Mateo Sol\u00eds en su diario:<em>&nbsp;\u201cAgosto 3, a las 5 de la ma\u00f1ana, salida de 22 de los detenidos para Ja\u00e9n pasando por los pueblos de Arjonilla, Arjona, Esca\u00f1uela, Torredonjimeno, Torredelcampo donde en cada uno de \u00e9stos nos quer\u00edan fusilar salv\u00e1ndonos providencialmente, particularmente, en Arjonilla y Arjona\u201d.<\/em><\/p>\n\n\n\n<p>&nbsp; &nbsp;La mayor\u00eda de esta gente, desconoc\u00edan &nbsp;los cargos que se les imputaban y estuvieron presas hasta el final de la guerra en condiciones penosas en las naves de la Catedral, a donde fueron trasladados desde la c\u00e1rcel provincial. Ser\u00edan alojados en las capillas laterales o hacinados en los s\u00f3tanos de la misma &nbsp;y con la congoja de no saber en qu\u00e9 momento les tocar\u00eda vivir el destino final. Por su parte sus familiares quedaron desamparados, con sus recursos econ\u00f3micos agotados por la duraci\u00f3n de la guerra y con sus propias viviendas requisadas para alojamiento de los milicianos que ocupaban la localidad. Tambi\u00e9n muchos de sus bienes patrimoniales, r\u00fasticos y urbanos fueron incautados mediante un procedimiento del que se inform\u00f3 a la autoridad gubernativa, en un intento de evitar apropiaciones indebidas. Adem\u00e1s para muchas de estas familias result\u00f3 enormemente comprometido huir a zonas ocupadas por los sublevados por miedo a posibles represalias.<br>&nbsp; Pero no siempre &nbsp;los hechos discurrieron por esos derroteros: otros marmoleje\u00f1os de &nbsp;afines a las organizaciones de la derecha pol\u00edtica, corrieron peor suerte y encontraron finalmente la muerte durante los d\u00edas 16 y 18 de agosto. En la madrugada del uno de agosto, seg\u00fan el testimonio de Mateo Sol\u00eds, era herido levemente el guarda de campo Ram\u00f3n Pedrajas Lara que estaba preso junto a los restantes detenidos en el edificio de la Carnecer\u00eda. Tambi\u00e9n en la madrugada del d\u00eda 16, tras los temidos \u201cpaseos\u201d, &nbsp;diversos efectivos de las milicias dieron muerte a F\u00e9lix Exp\u00f3sito Ram\u00edrez, agricultor de 50 a\u00f1os de edad, y dos d\u00edas despu\u00e9s, igualmente de madrugada ejecutaban, sin &nbsp;juicio previo, a las siguientes personas cuya ideolog\u00eda conservadora era sobradamente conocida:<br>&nbsp;-Enrique Ayala y Soria (n. 1877), m\u00e9dico y propietario agr\u00edcola, de 59 a\u00f1os de edad, viudo de Manuela Delgado Caballero Lara, con dos hijas Carmen y Mar\u00eda. Ayala perteneci\u00f3 durante la monarqu\u00eda de Alfonso XIII al Partido Conservador de Marmolejo, siendo concejal y alcalde entre 1920 a 1923.<br>-Manuel Sol\u00eds Pedrajas, empleado del Ayuntamiento, auxiliar de Recaudaci\u00f3n de Arbitrios, de 47 a\u00f1os de edad.<br>&nbsp;-Juan Luis Burlo G\u00f3nima, de 63 a\u00f1os, propietario agr\u00edcola que hab\u00eda sido Alcalde durante el periodo primoriverista, entre 1925 a 1939. Era natural de Jerez de la Frontera (C\u00e1diz), de donde proced\u00eda su padre Jos\u00e9 Luis Burlo Balde, primer administrador del Balneario con Eduardo Le\u00f3n y Llerena.<br>-Jos\u00e9 P\u00e9rez Garc\u00eda, de 71 a\u00f1os, con domicilio en la calle Perales 34, casado con Petra Valenzuela y en segundas nupcias con la hermana de \u00e9sta, Mar\u00eda Valenzuela y Malo de Molina.<br>-Vicente Lozano Madera, de profesi\u00f3n mec\u00e1nico-herrero, de 25 a\u00f1os de edad, soltero. Se coment\u00f3 que su asesinato no encajaba en la tipolog\u00eda de los anteriores y se le achac\u00f3 a motivos diferentes de los meramente pol\u00edticos, quiz\u00e1s relacionados con ciertas rivalidades amorosas con un carabinero republicano. Su muerte fue una de las m\u00e1s sentidas e incomprendidas pues era un joven lleno de vitalidad, ajeno al mundo de la pol\u00edtica local, pero bastante implicado en la vida cultural y deportiva marmoleje\u00f1a. Curiosamente jug\u00f3 en el Marmolejo C.F. junto a compa\u00f1eros que profesaban simpat\u00edas por la Rep\u00fablica, como Eduardo Per\u00edn Mart\u00ednez (socialista) y Jos\u00e9 Guti\u00e9rrez Alcal\u00e1 (partido Uni\u00f3n Republicana) (12).<\/p>\n\n\n\n<p>&nbsp; Los cad\u00e1veres de los cuatro primeros fueron recuperados, acabada la guerra, en la zona del Bald\u00edo, y el de Vicente Lozano Madera en el pozo de los Ventorrillos del Lobo con las piernas quebradas. Tambi\u00e9n el veintid\u00f3s de agosto era asesinado Juan Alcalde Tartaja, de 39 a\u00f1os de edad, natural de Espiel (C\u00f3rdoba), guarda jurado en la finca de La Dehesilla.<\/p>\n\n\n\n<p>&nbsp; En momentos dram\u00e1ticos como \u00e9stos la autoridad moral y pol\u00edtica de los alcaldes parece que fue suplantada por las acciones arbitrarias y descontroladas de algunos milicianos, la mayor\u00eda de ellos provenientes de la miner\u00eda linarense e imbuidos de un af\u00e1n revanchista encauzado, en ocasiones, hacia la direcci\u00f3n que indicaban algunos cabecillas locales de segunda o tercera fila ni siquiera legitimados por los principales responsables del Frente Popular. Hoy sabemos que la plana mayor del socialismo marmoleje\u00f1o y el propio Ignacio Exp\u00f3sito como m\u00e1ximo representante procuraron con los medios a su alcance remediar la situaci\u00f3n de violencia desatada, protegiendo a los encarcelados mediante su traslado a la prisi\u00f3n de Ja\u00e9n donde, finalmente, pudieran salvar sus vidas alejados f\u00edsicamente del deseo de revancha de los elementos m\u00e1s radicales.<\/p>\n\n\n\n<p>Los documentos existentes en el Archivo Municipal y los testimonios de militantes hist\u00f3ricos de la izquierda, &nbsp;confirman que Ignacio intent\u00f3 reiteradamente salvar las vidas de estas personas detenidas. El testimonio de Jos\u00e9 Molina Rodr\u00edguez, hijo del socialista Antonio Molina Torralbo (\u201cmaestro Corbella\u201d), confirma su inter\u00e9s por velar de la integridad de los presos: \u00abEntonces acostumbraba a coger la llave de la prisi\u00f3n local que estaba en la Carnecer\u00eda y se la llevaba durante la noche a su casa metida en el bolsillo y con un guardia de escolta para que no le quitasen la llave en el camino, ya que all\u00ed estaban a la espera de que se los llevasen a la c\u00e1rcel de Ja\u00e9n\u00bb. Por otro lado el testimonio recogido a Isabel Vicaria Collado, &nbsp;hija del socialista Juan Vicaria Blanco, fusilado en Ja\u00e9n el 20 de junio de 1942, nos refiere que un grupo de cabecillas locales de los m\u00e1s exaltados, amenazaron esos d\u00edas al alcalde con arrojarlo por el balc\u00f3n del Ayuntamiento si no les entregaba la llave del calabozo.<br>&nbsp; En esa misma l\u00ednea iban dirigidas las instrucciones enviadas desde el Gobierno Civil a los alcaldes en sucesivas \u00f3rdenes telegr\u00e1ficas: \u201cDe Gobernador Civil a Alcalde: A partir de estos momentos cuantas detenciones verifiquen las milicias, las pondr\u00e1n en conocimiento de la autoridad municipal. \u00c9sta se har\u00e1 cargo de los detenidos, ordenando su encarcelamiento en la prisi\u00f3n del propio pueblo donde se hayan verificado las detenciones, bien entendido que proh\u00edbo terminantemente el traslado de presos a esta capital sin una orden expresa m\u00eda, siendo in\u00fatil razonamiento que pueda hacerse a falta de seguridad de las prisiones, ser sacerdotes los detenidos, ni ninguna otra circunstancia pues deben ser las propias milicias las que defiendan a los detenidos e impidan su evasi\u00f3n\u201d.<\/p>\n\n\n\n<p>&nbsp; El clima de venganza perdur\u00f3 y result\u00f3 ciertamente dif\u00edcil de controlar por las autoridades republicanas durante los d\u00edas que precedieron a la sublevaci\u00f3n militar. As\u00ed pues el veintinueve de septiembre fallec\u00eda el sacerdote Juli\u00e1n Castilla Casado (1870-1936), a la edad de 67 a\u00f1os, &nbsp;a consecuencia de las torturas infringidas en la Carnecer\u00eda. Otros dos hechos luctuosos se repitieron el 17 de octubre con el asesinato del m\u00e9dico Miguel Cerrillo Garc\u00eda del Prado, destacado dirigente cedista, y del anciano comerciante, Esteban Herrero Brieva, t\u00edo carnal de Mar\u00eda Herrero Le\u00f3n, esposa del farmac\u00e9utico Tom\u00e1s Calero Arias. Su detenci\u00f3n se produjo cerca de la farmacia de su sobrina en unas condiciones de crueldad extremas pues para que soltase los hierros de la ventana a los que se as\u00eda, tuvieron que quebrarles ambas manos. Sus cad\u00e1veres fueron encontrados en la zona de la Puente Quebrada pr\u00f3xima al arroyo salado de Arjona. Sus restos mortales fueron enterrados en Arjonilla siendo trasladados a Marmolejo en septiembre de 1939 tras un acuerdo de sesi\u00f3n plenaria del la Comisi\u00f3n Gestora Municipal celebrada el d\u00eda cuatro (13).&nbsp;<br>&nbsp; Huelga decir que la brutalidad de sucesos como \u00e9stos prendi\u00f3 el miedo y el p\u00e1nico entre las familias de derechas, convirti\u00e9ndose en obsesi\u00f3n la salida de la localidad, buscando lugares donde residir m\u00e1s tranquilos al precio que fuera. En este sentido el historiador militar Jos\u00e9 Manuel Mart\u00ednez Bande (14) &nbsp;apunta que \u201cen los diez \u00faltimos d\u00edas del mes de diciembre la moral de las milicias va decayendo, muchos abandonan sus puestos e incluso algunas columnas -especialmente de la CNT- se dedican al saqueo y destrucci\u00f3n de la retaguardia. La reacci\u00f3n de los milicianos a estas derrotas se reflej\u00f3 sangrientamente. Ya el 21 de diciembre Saravia (Teniente Coronel Hern\u00e1ndez Saravia (15), Jefe del Sector del ej\u00e9rcito republicano del Sur con cuartel general en Montoro) dec\u00eda a Monje (general Fernando Mart\u00ednez Monje, Jefe del Ej\u00e9rcito del Sur con cuartel general en Ja\u00e9n): \u201cHay algunos elementos, que usted ya conoce, que se dedican al saqueo y a hacer toda clase de atrocidades. As\u00ed ha ocurrido en Montoro y Villa del R\u00edo, y aqu\u00ed en And\u00fajar, antes de llegar nosotros hubo hasta un encuentro a tiros\u201d.<\/p>\n\n\n\n<p>&nbsp; Igualmente en un telegrama del jefe del Ej\u00e9rcito del Sur (general Mart\u00ednez Monje) al Estado Mayor Central en Valencia se dec\u00eda: \u201cFranca desbandada centurias Milicias Andaluc\u00eda-Extemadura (CNT) que ocupaban frente de Montoro, el cual abandonaron casi sin ser atacados, dirigi\u00e9ndose al pueblo, donde cometieron toda clase de desmanes&#8230;Est\u00e1 en nuestro poder Villa del R\u00edo; en este pueblo fuerzas de referencia cometieron toda clase de desmanes..! Mart\u00ednez Monje solicitaba el d\u00eda 23 al Estado Mayor Central entre 100 y 200 carabineros armados para las poblaciones civiles totalmente desamparadas\u201d (16).&nbsp;<br>&nbsp; &nbsp;En lo referente a Marmolejo, los intentos de sujetar estos desmanes fueron evidentes por parte del Ayuntamiento solicitando reiteradamente la presencia de guardias de asalto para realizar labores de protecci\u00f3n y de polic\u00eda al objeto de disuadir e impedir las acciones de tipo revanchista. A pesar de estos esfuerzos hemos de contabilizar m\u00e1s acciones espor\u00e1dicas de elementos violentos a tener en cuenta en estos primeros d\u00edas posteriores al golpe militar. Hacia diciembre de 1936 tuvieron lugar los asesinatos del casero de los Rasos, Gin\u00e9s Hern\u00e1ndez Zamora; de su hermano Juan, aparcero de la cercana finca de Obejitas y del suegro de Gin\u00e9s, Pedro Villar \u201cColor\u00edn\u201d, que estaba de casero en los Mi\u00f1ones.&nbsp;<br>&nbsp; &nbsp;Los hermanos Gin\u00e9s, Juan y Pascual eran de origen almeriense pero llevaban varios a\u00f1os cultivando con sus padres, en r\u00e9gimen de arrendamiento, parcelas ganadas al monte en la finca de Obejitas (perteneciente al due\u00f1o de los Rasos), t\u00e9rmino municipal de Montoro. Reci\u00e9n llegados de Almer\u00eda habitaron en chozos cercanos a \u201cLos Mi\u00f1ones\u201d, dedic\u00e1ndose a realizar pic\u00f3n &nbsp;y carb\u00f3n vegetal. All\u00ed Gin\u00e9s ennovi\u00f3 con &nbsp;la joven Alfonsa, hija del casero de \u201cLos Mi\u00f1ones\u201d con &nbsp;la que posteriormente contrajo matrimonio. El d\u00eda en que eran detenidos se encontraban casualmente en la caser\u00eda de los Rasos, los tres hermanos y Pedro \u201cColor\u00edn\u201d. \u00c9ste hab\u00eda subido a decirle a su hija que marchara a \u201cLos Mi\u00f1ones\u201d, para atender a su madre que estaba enferma. Llegaron &nbsp;los milicianos que andaban buscando al propietario de los Rasos, el capit\u00e1n de infanter\u00eda del ej\u00e9rcito sublevado &nbsp;Ricardo Muro R\u00edobo\u00f3, para detenerlo. Este militar a la altura de diciembre de 1936 era capit\u00e1n de infanter\u00eda, perteneciente a una familia de militares, ahora enrolado en el ej\u00e9rcito sublevado (su padre, Ricardo Muro Joaristy tambi\u00e9n fue militar del cuerpo de Infanter\u00eda con destino en C\u00f3rdoba). Al parecer mal informados por un trabajador de la zona apodado \u201cEl Brice\u00f1o\u201d, quien les asegur\u00f3 que el tal Don Ricardo estaba escondido en la finca, protegido por Gin\u00e9s, tras registrar la caser\u00eda y casillas aleda\u00f1as, y no hallar rastro ninguno de \u00e9l, optaron por llevarse a todos los presentes hacia el cortijo de La Campana del t\u00e9rmino de Marmolejo, donde fueron fusilados.&nbsp;<br>&nbsp; &nbsp;S\u00f3lo salv\u00f3 la vida, Pascual, gracias a la mediaci\u00f3n de casero de La Campana que dio cuenta a los milicianos de su numerosa familia y de su condici\u00f3n de jornalero sin recursos. Evidentemente estas muertes resultaron &nbsp;ser un &nbsp;tremendo error en el que pudieron intervenir los deseos de saldar algunas viejas cuentas por el tal \u201cBrice\u00f1o\u201d, pues de todos era conocido que el militar Ricardo Muro se encontraba en C\u00f3rdoba al servicio de las tropas de Franco.&nbsp;<br>&nbsp; &nbsp;Todos los fusilados eran gentes sencillas, trabajadores encomendados a los trabajos en la sierra rozando monte o realizando carb\u00f3n y pic\u00f3n para los hornos de la comarca. Su muerte no respondi\u00f3 a la tipolog\u00eda de las que se produjeron en estos primeros d\u00edas de la guerra pues no eran gentes de ideas, ni siquiera militaban en partidos pol\u00edticos de derechas. Sus cad\u00e1veres jam\u00e1s fueron encontrados a pesar de que sus familiares no dejaron de buscarlos por toda la ribera del Yeguas. Tampoco fueron reclamados por los vencedores al finalizar la contienda.<br>&nbsp; En la v\u00edspera de Nochebuena, en la madrugada del d\u00eda 23, se produjeron m\u00e1s hechos luctuosos con los \u201cpaseos\u201d y ejecuciones del sacerdote Francisco Aranda Cabrera (de 62 a\u00f1os de edad) torturado con &nbsp;extrema crueldad; del propietario Pedro Perales Dom\u00ednguez \u201cPeriquito Semana\u201d (de 72 a\u00f1os); de Juan Sol\u00eds Pedrajas (de 44 a\u00f1os), agente ejecutivo del Ayuntamiento hasta 1936; Manuel Casado Sevilla (de 28 a\u00f1os), ch\u00f3fer de profesi\u00f3n; Francisco Martos Casado (de 66 a\u00f1os), natural de And\u00fajar, y de Juan Antonio D\u00edaz Palomino (de 58 a\u00f1os), empleado del Ayuntamiento. Tambi\u00e9n en And\u00fajar ejecutaban al sacerdote marmoleje\u00f1o Pedro Sol\u00eds Rodr\u00edguez a la edad de 50 a\u00f1os, p\u00e1rroco de Santa Mar\u00eda, al que arrojaban a un pozo a\u00fan con vida. Ser\u00e1n las monjas de un convento cercano quienes al sacar agua el siguiente d\u00eda, advirtieron la tragedia ocurrida por el color rojizo del agua. \u00bfFueron imputables estos desmanes a esos mismos grupos de milicianos de los que se quejaba el comandante Hern\u00e1ndez Saravia?<br>&nbsp; Otros tantos marmoleje\u00f1os de la derecha, o afines a ella, salvaron sus vidas milagrosamente aprovechando el desconcierto creado por la evacuaci\u00f3n de la Nochebuena, para huir hacia localidades de la retaguardia; unos lo hicieron qued\u00e1ndose en pueblos de la provincia de Ja\u00e9n (\u201czona roja\u201d) alejados de las l\u00edneas de conflicto y otros cruzando el Guadalquivir por la barca de Jos\u00e9 Vicaria, por la zona de Casas Nuevas y Breta\u00f1a, tomando direcci\u00f3n Villa del R\u00edo y otras localidades de C\u00f3rdoba en poder de los \u201cnacionales\u201d.<br>&nbsp; &nbsp;El maestro de primaria Carlos Jim\u00e9nez Bustos (17), &nbsp;tuvo que abandonar la localidad a media noche con direcci\u00f3n a And\u00fajar y posteriormente refugiarse en Arquillos donde estuvo escondido m\u00e1s de un mes para evitar represalias. En otras ocasiones actu\u00f3 la sensatez de determinadas personas del ej\u00e9rcito republicano que con su decidida intervenci\u00f3n impidieron la consumaci\u00f3n de nuevas ejecuciones realizadas al margen de cualquier procedimiento judicial. Es el caso del farmac\u00e9utico Tom\u00e1s Calero Arias que todav\u00eda antes de partir con su familia hacia Cabra de Santo Cristo (Ja\u00e9n) pudo evitar ser detenido gracias a la intervenci\u00f3n del carabinero Tom\u00e1s D\u00edaz Arellano. As\u00ed lo refer\u00eda Carlos Jim\u00e9nez Bustos, alcalde en febrero de &nbsp;1940 en el siguiente informe de fecha 28 del mismo mes dirigido al Comandante Juez Instructor de la Comandancia de Carabineros de Madrid: \u201cEn la noche del 24 de diciembre de 1936, Francisco Calero Herrero, hijo, tuvo que requerir auxilio a la fuerza militar por haber llegado a su conocimiento que los marxistas ten\u00edan proyecto de asesinar a sus padres y hermanos por el procedimiento del paseo. Entre la guardia que le envi\u00f3 el comandante militar rojo iba este carabinero quien al ver que unos cuantos rojos quer\u00edan entrar en el domicilio sali\u00f3 al paso de ellos, les habl\u00f3 e impidi\u00f3 sus prop\u00f3sitos\u201d. Tom\u00e1s Calero marchar\u00eda posteriormente a Cabra de Santo Cristo donde empeorar\u00eda de una dolencia cardiaca y morir\u00eda el cuatro de febrero de 1939, a punto ya de finalizar la guerra.<br>&nbsp; &nbsp;Circunstancias similares hubieron de vivir el veterinario Jos\u00e9 Sol\u00eds Pedrajas que abandon\u00f3 precipitadamente Marmolejo en compa\u00f1\u00eda de su madre Trinidad, sus hermanas Manuela y Rosal\u00eda y su esposa Eladia Rostaing, hermana de Claudio Rostaing, miembro del Partido Radical. Tambi\u00e9n el m\u00e9dico Julio Vizca\u00edno, por citar entre otros, a personajes de cierta significaci\u00f3n pol\u00edtica, o la familia Orti Serrano, vinculada a la Sociedad de Aguas Minero-medicinales, siguieron tambi\u00e9n el camino del destierro. Junto a ellos otras muchas familias optaron por abandonar Marmolejo. Hacia enero de 1938 el Ayuntamiento (18) informaba al Gobernador Civil de Ja\u00e9n, el socialista Ricardo Mella, que en torno a unas 162 personas se encontraban en territorio faccioso por temor a alguna represalia o desgracia de guerra. La mayor\u00eda no regresar\u00eda hasta el final del conflicto.<\/p>\n\n\n\n<p><strong>Listado de familias que abandonaron Marmolejo a lo largo de la contienda buscando refugio en territorio sublevado:<\/strong><\/p>\n\n\n\n<p><strong>(Fuente: Ayuntamiento de Marmolejo, Actas Capitulares 21 de enero de 1938)<\/strong><\/p>\n\n\n<div class=\"wp-block-image\">\n<figure class=\"alignleft size-large is-resized\"><img decoding=\"async\" src=\"https:\/\/lugardemarmolejo.es\/wp-content\/uploads\/2023\/07\/image-3-346x1024.png\" alt=\"\" class=\"wp-image-226\" width=\"446\" height=\"1320\" srcset=\"https:\/\/lugardemarmolejo.es\/wp-content\/uploads\/2023\/07\/image-3-346x1024.png 346w, https:\/\/lugardemarmolejo.es\/wp-content\/uploads\/2023\/07\/image-3-101x300.png 101w, https:\/\/lugardemarmolejo.es\/wp-content\/uploads\/2023\/07\/image-3-519x1536.png 519w, https:\/\/lugardemarmolejo.es\/wp-content\/uploads\/2023\/07\/image-3.png 564w\" sizes=\"(max-width: 446px) 100vw, 446px\" \/><\/figure>\n<\/div>\n\n\n<p>Para otras familias de clase acomodada, el exilio les supuso la incautaci\u00f3n de sus bienes urbanos y propiedades r\u00fasticas que pasaron a manos de las colectividades obreras. \u00c9ste fue el caso &nbsp;de Angelina Garc\u00eda Villar\u00edas, cuya casa en la calle Perales, &nbsp;pas\u00f3 a ser sede de la Juventud Socialista Unificada; la casa de \u201cLa Aviadora\u201d era convertida en sede de una de las colectividades agr\u00edcolas; la vivienda de los Orti, en la calle de las Parras, en sede social del Frente Popular y &nbsp;en otras muchas casas vac\u00edas &nbsp;se alojaron, a lo largo de toda la guerra, personal de tropa y mandos, pertenecientes al Ej\u00e9rcito del Sur (20 Divisi\u00f3n), entre ellos el Batall\u00f3n de Voluntarios n\u00ba 9; la Brigada de Caballer\u00eda (34 Regimiento) y el Regimiento de Caballer\u00eda n\u00ba 4 \u201cJes\u00fas Hern\u00e1ndez\u201d.&nbsp;<br>&nbsp; &nbsp;La incautaci\u00f3n tambi\u00e9n afect\u00f3 a la Sociedad de Aguas dirigida por el ingeniero de minas Carlos Orti Serrano y a su bien m\u00e1s preciado, el Gran Hotel Balneario, reconvertido ahora en hospital militar y en sede del 318 Batall\u00f3n de la 80 Brigada Mixta, a la altura de 1938. Este batall\u00f3n ocup\u00f3 tambi\u00e9n el Hotel Central incautado a Pedro Lozano Mu\u00f1oz. Por su parte la vivienda habitual del p\u00e1rroco fue destinada a Comandancia Militar junto a otro edificio particular en la Plaza de la Constituci\u00f3n. Otras tropas se alojaron en la casa de los condes de Villaverde, en la plaza del mismo nombre. En cuanto a &nbsp;los dos edificios religiosos m\u00e1s importantes como el templo parroquial y la ermita de Jes\u00fas ser\u00edan utilizados durante toda la guerra como mercado de abastos y economato respectivamente.<\/p>\n\n\n\n<p>&nbsp; Pero si las acciones represivas y los primeros efectos de la guerra resultaron ser crueles en la zona donde los sublevados no hab\u00edan conseguido triunfar, la represi\u00f3n desatada contra las personas de izquierdas con responsabilidades en ayuntamientos republicanos o, meramente, en partidos pol\u00edticos y organizaciones de la izquierda, ser\u00eda igualmente pavorosa. Incidentes luctuosos y lamentables tuvieron lugar en las capitales de provincia (Sevilla, Huelva, C\u00e1diz y M\u00e1laga), y en los pueblos dominados desde el primer momento por las tropas de los militares golpistas que acababan deteniendo y fusilando a cuantos eran sospechosos de republicanismo. &nbsp;Tristemente recordadas fueron las acciones represivas llevadas a cabo por Manuel D\u00edaz Criado, conocido como \u201cverdugo de Sevilla\u201d a quien Queipo de Llano encomend\u00f3 la represi\u00f3n sobre los republicanos en aquella capital.<\/p>\n\n\n\n<p>\u200b<\/p>\n\n\n\n<p>Este personaje de infausto recuerdo para todo el republicanismo sevillano pas\u00f3 durante la postguerra largas estancias en Marmolejo con motivo de su nombramiento como comandante militar en And\u00fajar fijando su residencia &nbsp;en el cortijo de los M\u00e1rtires que a\u00fan no le hab\u00eda sido devuelto al marqu\u00e9s de Albaida, a pesar de que este noble lo reclamaba con &nbsp;insistencia al Gobierno de Madrid.&nbsp;<br>&nbsp; &nbsp; Por otro lado los sucesos tr\u00e1gicos vividos en el campo de Gibraltar (Algeciras y La L\u00ednea) donde a\u00fan trabajaban los socialistas marmoleje\u00f1os Andr\u00e9s Rodr\u00edguez, alcalde entre 1931 y 1932) y Antonio Garc\u00eda Mart\u00ednez \u201cMaqueano\u201d (concejal de 1931 a 1934) aparecen recreados en el testimonio escrito del hijo de Antonio, Pablo Iglesias Garc\u00eda Vergara. En \u00e9l relata c\u00f3mo fueron los \u00faltimos d\u00edas de Andr\u00e9s Rodr\u00edguez y su familia y las relaciones entre \u00e9ste y su padre:<br>&nbsp; &nbsp;<em>\u201cMi padre encontr\u00f3 trabajo en Gibraltar. Vino la amnist\u00eda de los del 34. Hicimos la casa en La L\u00ednea de la Concepci\u00f3n. Andr\u00e9s Rodr\u00edguez tambi\u00e9n. Mi padre sigui\u00f3 trabajando en Gibraltar y Andr\u00e9s mont\u00f3 un negocio de panader\u00eda, el que le cost\u00f3 la vida a \u00e9l y a su hijo, porque cuando la sublevaci\u00f3n fascista de 1936 liderada por Franco y dem\u00e1s militares, el Partido Socialista declar\u00f3 huelga general en los pueblos donde ganaron los sublevados. Andr\u00e9s Rodr\u00edguez sigui\u00f3 saliendo a vender a la Plaza con un puesto de pan que all\u00ed ten\u00eda, creyendo que no se iban a meter con \u00e9l. Error tremendo: ya hab\u00edan llegado las tropas del Tercio Moro en los siete barcos que desembarcaron en Algeciras y desde all\u00ed fueron a La L\u00ednea. Dicen que sali\u00f3 un mujer con una bandera diciendo !Viva la Rep\u00fablica!, y este fue el pretexto para volverse las tropas de Franco que iban desfilando y comenzando a disparar sembraron de muertes y heridos las calles de la L\u00ednea de la Concepci\u00f3n. Mi padre y mi hermano Besteiro salieron para ver si cog\u00edan armas y enfrentarse a las tropas fascistas (esto ser\u00eda por la tarde). Mi madre, al ver que no volv\u00edan sali\u00f3 ya de noche levantando las cabezas de los muertos y heridos, busc\u00e1ndoles. Ya sobre la media noche se presentaron los dos.<\/em><br>&nbsp;&nbsp;<em>&nbsp;Mi hermana Encarnaci\u00f3n que hab\u00eda ido por la tarde a ver el desfile, se refugi\u00f3 en el Cuartel de Carabineros, junto a la Aduana, y yo que tambi\u00e9n hab\u00eda ido, recuerdo que como las calles eran de arena !qu\u00e9 sofoco oyendo los tiros cada vez m\u00e1s cerca y no poder correr m\u00e1s!.<br>&nbsp; &nbsp; Al otro d\u00eda y los siguientes de la matanza, todo el pueblo de La L\u00ednea y los que trabajaban en Gibraltar. Los ingleses cerraron la frontera y con mangas de agua de fuerte presi\u00f3n obligaban a los miles de personas a no entrar huyendo del terror. Entonces se opt\u00f3 por huir a la sierra que se llamaba sierra Carbonera y all\u00ed estuvimos varios d\u00edas.<br>&nbsp; &nbsp; &nbsp; Cuando se calm\u00f3 la cosa volvimos a La L\u00ednea y los que trabajaban en Gibraltar (que era el caso de mi padre) se les pod\u00eda dar un pase. Mi padre consigui\u00f3 uno porque trabajaba en la casa Bata (de zapatos) y as\u00ed entr\u00f3; fue un d\u00eda terrible. Mi hermana Encarnaci\u00f3n le sigui\u00f3 hasta que entr\u00f3 en Gibraltar, pues si lo hubieran descubierto era muerte segura. El resto de la familia qued\u00e1bamos en La L\u00ednea. Mi hermano Antonio que tambi\u00e9n trabajaba en la casa Bata, consigui\u00f3 otro pase y con el pase &nbsp;que nos dio un vecino de La L\u00ednea, pasamos los dem\u00e1s, Besteiro, Fernando y yo, que como era el \u00faltimo me llev\u00e9 la llave de la casa. Mi madre llam\u00f3 a Gibraltar \u201cun rinc\u00f3n de gloria\u201d ya que fue un tiempo de tranquilidad y seguridad el que vivimos all\u00ed, pues a mi padre Gibraltar le salv\u00f3 la vida dos veces, en el 34 y en el 36. &nbsp;Andr\u00e9s Rodr\u00edguez que no se refugi\u00f3 en Gibraltar, continu\u00f3 con el negocio de la panader\u00eda en La L\u00ednea.<\/em><\/p>\n\n\n\n<p><em>Fueron a por \u00e9l a su casa; intent\u00f3 escapar por la trasera y all\u00ed lo apresaron y lo fusilaron despu\u00e9s, a \u00e9l y a su hijo Andr\u00e9s que era abogado. Sus otros hijos Frasquito, creo que fue el que sobrevivi\u00f3. Juan (el m\u00e1s joven de los cuatro varones) y dos hembras, Encarnaci\u00f3n &nbsp;(alta, rubia, guapa) y Dolores, por la tragedia vivida murieron \u201c&nbsp;<\/em><\/p>\n\n\n\n<p>El hijo de Andr\u00e9s, Bartolom\u00e9, al que algunos daban por fusilado, sobrevivi\u00f3 a la guerra. El 26 de marzo de 1949 se encontraba en el arresto de Marmolejo, reclamado por la Junta de Libertad Vigilada de Sevilla. En cuanto a Encarnaci\u00f3n &nbsp;y Dolores Rodr\u00edguez, el testimonio de Antonio Garc\u00eda Vergara, confirma que murieron de tuberculosis y de hambre en aquellos duros a\u00f1os de postguerra. &nbsp;<\/p>\n\n\n\n<p><strong>\u200b<\/strong><\/p>\n\n\n\n<p><strong>Acciones b\u00e9licas en nuestra comarca:<\/strong><\/p>\n\n\n\n<p>&nbsp; &nbsp; &nbsp; &nbsp; &nbsp; Estabilizado el frente de guerra en la franja comprendida entre C\u00f3rdoba y El Carpio desde finales de agosto de 1936, los planes del general &nbsp;sublevado &nbsp;Gonzalo Queipo de Llano, a mediados de diciembre, de avanzar desde Sevilla para ocupar las zonas olivareras de And\u00fajar y Martos y auxiliar, de paso, a los guardias civiles y falangistas amotinados en el Santuario de la Virgen de la Cabeza, supon\u00edan un motivo de preocupaci\u00f3n y alarma entre la poblaci\u00f3n civil marmoleje\u00f1a, para la que se determin\u00f3 por parte de las autoridades pol\u00edticas y militares del Frente Popular, la evacuaci\u00f3n a zonas de la retaguardia m\u00e1s apartadas como \u00c1ndujar, Bail\u00e9n y Ba\u00f1os de la Encina. La evacuaci\u00f3n se llevo a cabo el mismo d\u00eda de Nochebuena, quedando el casco urbano semidesierto con la sola presencia de los efectivos militares y las primeras autoridades civiles. &nbsp;Y es que entre el d\u00eda 14 y 19 de diciembre, las unidades marroqu\u00edes y las tropas regulares de Queipo de Llano, apoyadas por tanques y aviaci\u00f3n, romp\u00edan el frente republicano entre Alcolea y El Carpio, conquistando sin grandes dificultades Adamuz y Bujalance, continuando luego su avance hacia la cercana Villa del R\u00edo. El mando republicano del sector, que lo ostentaba el coronel de artiller\u00eda Juan Hern\u00e1ndez Saravia (19) cay\u00f3 en total desconcierto. Los primeros refuerzos (formados por el 9\u00ba Batall\u00f3n &nbsp;de la XIV Brigada Internacional, \u201cBatall\u00f3n Sans Nom\u201d) no consiguieron &nbsp;detener las tropas franquistas que ocuparon El Carpio, Montoro, Villa del R\u00edo, Lopera y Porcuna.&nbsp;<br>&nbsp; Cuando el mando republicano de la zona solicitaba refuerzos, se envi\u00f3 a la XIV Brigada formada de voluntarios internacionales, con &nbsp;base en Albacete. El mismo d\u00eda veintid\u00f3s part\u00eda hacia el frente el Batall\u00f3n \u201cSans Nom\u201d &nbsp;a las \u00f3rdenes del b\u00falgaro Stomatov y cuyo comisario era el serbio Petrovic. El d\u00eda 23 de diciembre, de madrugada, los interbrigadistas llegaban a la estaci\u00f3n de And\u00fajar, con \u00f3rdenes de recuperar el v\u00e9rtice de la Nava sobre Villa del R\u00edo y pr\u00f3ximo a Montoro. Los brigadistas cruzaron el Guadalquivir por el puente de hierro cercano a Villa del Rio, que a\u00fan no se encontraba da\u00f1ado por los bombardeos instal\u00e1ndose sobre el cerro de la Nava.&nbsp;<em>\u201cEl choque con las tropas sublevadas, a las que no esperaban encontrar tan pronto, result\u00f3 de extraordinaria dureza. Los interbrigadistas estaban bien armados, pero cuando la caballer\u00eda contraria describi\u00f3 un amplio movimiento con &nbsp;la intenci\u00f3n de coparles, cayeron en un enorme desconcierto. Sin conocer el terreno, sin idea de donde se hallaban exactamente, los interbrigadistas fueron diezmados. Al amparo de la noche se retiraron llegando hasta el Guadalquivir. &nbsp;Muchos intentaron cruzar el Guadalquivir a nado, siendo tragados mortalmente por sus aguas. El resto fue cayendo durante los d\u00edas siguientes en manos del enemigo.\u201d<\/em>. (20) &nbsp;Finalmente solo 200 de los setecientos hombres del batall\u00f3n Sans Nom consiguieron llegar a Marmolejo y And\u00fajar &nbsp;en p\u00e9simo estado.<\/p>\n\n\n<div class=\"wp-block-image\">\n<figure class=\"alignright is-resized\"><img loading=\"lazy\" decoding=\"async\" src=\"https:\/\/static.wixstatic.com\/media\/7e23fc_c33bb7652343417587353509e968cf84~mv2.jpg\/v1\/fill\/w_415,h_542,al_c,q_80,usm_0.66_1.00_0.01,enc_auto\/7e23fc_c33bb7652343417587353509e968cf84~mv2.jpg\" alt=\"\" width=\"391\" height=\"511\"\/><figcaption class=\"wp-element-caption\"><strong>Queipo de Llano durante el homenaje realizado en Sevilla al comandante Castej\u00f3n. Le acompa\u00f1an Jos\u00e9 Cuesta Monereo, jefe del Estado Mayor, y el capit\u00e1n Manuel D\u00edaz Criado.<\/strong><br><strong>Fuente: Fototeca Municipal de Sevilla, archivo Serrano.<\/strong><\/figcaption><\/figure>\n<\/div>\n\n\n<p><\/p>\n\n\n\n<p>&nbsp;Durante la noche del d\u00eda 25 de diciembre llegar\u00edan a And\u00fajar, v\u00eda ferrocarril, los dem\u00e1s batallones de la XIV Brigada Internacional (el n\u00famero 10 Vaillant-Couturier; el 12 La Marsellaisse, denominado posteriormente de Ralph Fox, y el 13 el de Henri Barbusse, que a diferencia de los otros no se hab\u00eda formado en Albacete, sino en Barcelona. Muchos de los brigadistas pernoctaron en Marmolejo los d\u00edas previos a entrar en combate, en las afueras de la poblaci\u00f3n, descansando bajo los olivos y cubri\u00e9ndose con &nbsp;ramas para protegerse del frio de la madrugada. &nbsp;El mando los destin\u00f3 a la defensa de Lopera y el cometido de cubrir la carretera General IV, pero pronto se percataron de que Villa del R\u00edo y Lopera ya estaban en manos de los sublevados. La aproximaci\u00f3n hacia Lopera, desde Marmolejo, se hizo por el cerro de San Crist\u00f3bal (camino \u201cEntre dos Cerros\u201d) y la antigua Carretera General, por los cortijos de Santa Cecilia y Santa In\u00e9s (21).&nbsp;<\/p>\n\n\n\n<p>&nbsp; El general polaco Walter (22) orden\u00f3 &nbsp;que los interbrigadistas se desplegaran ante Lopera, inici\u00e1ndose durante la madrugada un ataque internacional que no concluy\u00f3 hasta las once de la noche y cuyo objetivo ser\u00eda recuperar la localidad. Los combates se prolongaron durante los d\u00edas 27, 28 y 29 de diciembre en los que se significaron &nbsp;los brigadistas ingleses a las \u00f3rdenes de Nathan, cuya compa\u00f1\u00eda fue pr\u00e1cticamente aniquilada en el curso de la jornada. Tuvo 78 muertos de un total de 145 hombres. All\u00ed cayeron los escritores ingleses &nbsp;Ralph Fox y Rupert John Conford (biznieto del naturalista Charles Darwin). Los interbrigadistas enormemente desmoralizados fueron mantenidos en el frente hasta el d\u00eda 8 de enero de 1937. El d\u00eda uno de enero se perdi\u00f3 Porcuna pero el enemigo ya no avanz\u00f3 hacia Marmolejo y And\u00fajar, quedando pues definitivamente estas localidades en zona republicana hasta el final de la contienda.<\/p>\n\n\n\n<p>&nbsp; El resultado de la batalla de Lopera fue un desastre de mayores dimensiones que el sufrido unos d\u00edas antes por el Sans Nom en las inmediaciones Villa del R\u00edo y el Cerro de la Nava. Cerca de 1000 brigadistas murieron combatiendo y m\u00e1s de medio millar se di\u00f3 a la desbandada, malheridos, huyendo desorientados campo a trav\u00e9s por olivares y caminos buscando Marmolejo y And\u00fajar. Muchos de ellos fueron localizados muertos en las inmediaciones del cortijo de San Juli\u00e1n, zona en donde fallecieron en su huida, no s\u00f3lo los heridos en los combates de Lopera sino tambi\u00e9n &nbsp;los brigadistas malheridos procedentes del Cerro de La Nava. All\u00ed mismo fueron enterrados, en los d\u00edas sucesivos, en el lugar conocido posteriormente como \u201cCerro de los Muertos\u201d, paraje cercano &nbsp;a San Juli\u00e1n que a\u00fan &nbsp;perdura en el recuerdo de los antiguos colonos del Poblado de colonizaci\u00f3n por la cantidad de cad\u00e1veres que hallaban durante los trabajos de explanaci\u00f3n &nbsp;para la puesta en regad\u00edo de las parcelas. All\u00ed yacen todav\u00eda sus restos que nunca nadie se encarg\u00f3 de recuperar.&nbsp;<\/p>\n\n\n\n<p>&nbsp; Otros muchos combatientes cayeron prisioneros por las tropas sublevadas, entre ellos tres j\u00f3venes milicianos marmoleje\u00f1os de la Juventud Socialista Unificada: Jos\u00e9 Ar\u00e9valo Garc\u00eda, Juan Casas Santiago y Gaspar Mu\u00f1oz \u201cEl del t\u00edo Blas\u201d. Sabemos que los dos primeros fueron llevados a C\u00f3rdoba y all\u00ed mismo ser\u00edan fusilados en marzo de 1938. En la batalla de Lopera perdieron igualmente la vida varios boinas rojas y soldados del ej\u00e9rcito sublevado.&nbsp;<br>&nbsp;<\/p>\n\n\n\n<p>En relaci\u00f3n a la situaci\u00f3n &nbsp;de Villa del R\u00edo y Montoro, la actuaci\u00f3n conjunta &nbsp;de la Tercera Brigada comandada por el teniente de carabineros Jos\u00e9 Mar\u00eda Gal\u00e1n, y la de la XVI Brigada al mando del diputado comunista Pedro Mart\u00ednez Cart\u00f3n, aunque no pudo impedir la p\u00e9rdida de Lopera y de Porcuna, consiguieron mantener a estos dos pueblos bajo dominio republicano.<\/p>\n\n\n\n<p>\u200b<\/p>\n\n\n\n<p>&nbsp;La \u201cCampa\u00f1a de la aceituna\u201d lanzada por Queipo de Llano puso en riesgo por momentos la situaci\u00f3n de Marmolejo que al parecer, y seg\u00fan se reflej\u00f3 en alguna prensa \u201cnacionalista\u201d como el diario \u201cEl pensamiento alav\u00e9s\u201d, de 8 de enero de 1937, sufri\u00f3 algunas incursiones espor\u00e1dicas de tropas sublevadas el d\u00eda cuatro de enero, pero sin ning\u00fan \u00e9xito ni p\u00e9rdidas de vidas humanas tanto civiles como militares. De este supuesto ataque, sin embargo, no ha quedado constancia en los documentos oficiales del Ayuntamiento probablemente por la escasa importancia que tuvo o por la rapidez y contundencia con la que actuaron las tropas republicanas existentes en la localidad frenando el avance de las tropas moras, a la altura de la estaci\u00f3n de Marmolejo, que hubieron de replegarse, de nuevo hasta Villa del R\u00edo.&nbsp;<br>&nbsp; &nbsp; Las principales consecuencias del anunciado avance fue la evacuaci\u00f3n total de la poblaci\u00f3n civil de Marmolejo el d\u00eda 24 (Nochebuena) hacia zonas m\u00e1s seguras, quedando tan solo en la localidad los m\u00e1ximos dirigentes pol\u00edticos locales &nbsp;y efectivos de guardias municipales y de tropas republicanas encargadas de su defensa. Las memorias de F\u00e9lix Vicaria G\u00f3mez resultan muy ilustrativas sobre los momentos vividos por la poblaci\u00f3n civil en esos d\u00edas de Navidad. En ellas nos refiere los pormenores de la evacuaci\u00f3n y de como durante todo el d\u00eda 24 fueron llegando a Marmolejo personas que ven\u00edan de poblaciones cercanas como Villa del R\u00edo, Montoro, El Carpio, huyendo del avance fascista.&nbsp;<em>\u201cPor la tarde empezaron a decirle a la gente que hab\u00eda que evacuar. Algunos desde el medio d\u00eda se echaron a la carretera, otros no lo pod\u00edan creer. Por la tarde, a la puesta de sol, llegaron los moros hasta la estaci\u00f3n. Cuando dijeron que los moros ser\u00edan los primeros en entrar en el pueblo, el p\u00e1nico se apoder\u00f3 de la gente pues cuando llegaban a un pueblo lo saqueaban y abusaban de las mujeres. En el pueblo hab\u00eda una camioneta, el alcalde le dijo que se ten\u00eda que poner a disposici\u00f3n del Ayuntamiento porque hab\u00eda ancianos y gente inv\u00e1lida que hab\u00eda que evacuarlos del pueblo, por lo menos hasta And\u00fajar. Nosotros por tener a mi abuela inv\u00e1lida tuvimos que esperar el turno que nos hab\u00edan dado. Era la una de la madrugada, y todav\u00eda quedaba otro viaje &nbsp;detr\u00e1s de nosotros. Aquella Nochebuena fue la noche m\u00e1s fr\u00eda del mundo. Hab\u00eda una escarcha que parec\u00eda que el pueblo estuviera nevado. Con aquella helada tan &nbsp;tremenda y una arriada de ni\u00f1os y mujeres cargadas, como un reguero de hormigas. Los peque\u00f1os con los pucheros y las sartenes a cuestas; los mayores con un saco llevando lo poquito de valor que ten\u00edan. Las madres, con un l\u00edo hecho con las s\u00e1banas, amarradas con los cuatro picos con las ropas que ten\u00edan para ponerse. El marido con uno o dos colchones liados con cuerdas y amarrados a las espaldas. Hab\u00eda candelas a lo largo de toda la carretera, como hac\u00eda tanto frio, cuando llegaban a una candela, se paraban a descansar y calentarse. Cuando descansaban, otra vez los b\u00e1rtulos a cuestas y para delante hasta que llegaban a otra candela, y as\u00ed todo el camino\u00bb<\/em>&nbsp;(23). &nbsp;<br>&nbsp; &nbsp;A medida que la situaci\u00f3n empez\u00f3 a estar controlada por las fuerzas republicanas mucha poblaci\u00f3n volvi\u00f3 de nuevo a Marmolejo, al que encontraron &nbsp;semidespoblado con las calles vac\u00edas y un enorme silencio. S\u00f3lo, hab\u00eda perros andando de un lado para otro buscando a sus due\u00f1os, seg\u00fan el testimonio de F\u00e9lix Vicaria.<\/p>\n\n\n<div class=\"wp-block-image\">\n<figure class=\"alignleft is-resized\"><img loading=\"lazy\" decoding=\"async\" src=\"https:\/\/static.wixstatic.com\/media\/7e23fc_5dc73cfa1cc246c3a5c4110361c5c6ac~mv2.jpg\/v1\/fill\/w_452,h_312,al_c,q_80,usm_0.66_1.00_0.01,enc_auto\/7e23fc_5dc73cfa1cc246c3a5c4110361c5c6ac~mv2.jpg\" alt=\"\" width=\"383\" height=\"264\"\/><figcaption class=\"wp-element-caption\"><strong>La batalla de Lopera, en diciembre de 1936 cont\u00f3 con la presencia de miles de brigadistas voluntarios internacionales. Foto: Brigadistas desfilando por una calle de And\u00fajar. Fuente: Red Ja\u00e9n\/Francis.<\/strong><\/figcaption><\/figure>\n<\/div>\n\n<div class=\"wp-block-image\">\n<figure class=\"alignright is-resized\"><img loading=\"lazy\" decoding=\"async\" src=\"https:\/\/static.wixstatic.com\/media\/7e23fc_c372ca9b52964158995db39819a89660~mv2.jpg\/v1\/fill\/w_504,h_312,al_c,q_80,usm_0.66_1.00_0.01,enc_auto\/7e23fc_c372ca9b52964158995db39819a89660~mv2.jpg\" alt=\"\" width=\"424\" height=\"263\"\/><figcaption class=\"wp-element-caption\"><strong>Garita de vigilancia de la Guerra Civil, frente a la Aragonesa, utilizada por el ej\u00e9rcito republicano para controlar la zona de frontera, aguas abajo de Casas Nuevas, sobre el rio Guadalquivir.<\/strong><\/figcaption><\/figure>\n<\/div>\n\n\n<p><\/p>\n\n\n\n<p><\/p>\n\n\n\n<p>&nbsp; A partir de este primer episodio importante de guerra ocurrido en nuestras proximidades, mucha poblaci\u00f3n civil march\u00f3 a vivir al campo, cortijos y huertas del entorno del casco urbano no regresando a sus domicilios hasta final de guerra. En la caser\u00eda del Carmen del t\u00e9rmino municipal de Villanueva de la Reina, propiedad de la hacendada Ana Ca\u00f1ete Romero \u201cLa ca\u00f1eta\u201d, se refugiaron ni\u00f1os, ancianos, tirados por el suelo, en camastros, cada uno como pod\u00edan, y en la zona del arroyo Escobar, del t\u00e9rmino de And\u00fajar, funcion\u00f3 durante varios meses el economato de la \u201cCasa Grande\u201d encargado del abastecimiento de las familias &nbsp;evacuadas. El medio m\u00e1s usual de transportar los enseres m\u00e1s b\u00e1sicos de los evacuados fueron los carros, los mulos y sobre sus propios hombros. Varias familias optaron por buscar refugio en localidades m\u00e1s apartadas de la l\u00ednea de conflicto como Bail\u00e9n, Ba\u00f1os de la Encina o Linares. Finalmente otras muchas de clara simpat\u00eda hacia los sublevados buscaron su seguridad personal en la provincia de C\u00f3rdoba en localidades bajo el dominio franquista tal como lo inform\u00f3 el Ayuntamiento en la relaci\u00f3n de evadidos relatada m\u00e1s arriba. &nbsp;Aunque gran n\u00famero de evacuados se quedaron &nbsp;a vivir en el campo hasta el final de la guerra, sin embargo algunas familias con miembros encarcelados en Ja\u00e9n no tuvieron m\u00e1s remedio que regresar &nbsp;y ponerse bajo el control de las autoridades locales, pues la huida hacia \u201czona nacional\u201d, pod\u00eda suponer la toma de represalias con los familiares encarcelados.<\/p>\n\n\n\n<p>&nbsp; Pasados los primeros momentos de incertidumbre y zozobra, a partir de enero de 1937 las l\u00edneas de los frentes se estabilizaron sin apenas variaciones dignas de menci\u00f3n, coincidiendo la frontera entre las \u201cdos Espa\u00f1as\u201d pr\u00e1cticamente con los l\u00edmites occidentales de nuestro t\u00e9rmino municipal hasta el final de la guera. La frontera entre la Espa\u00f1a sublevada y la republicana qued\u00f3 fijada a escasos kil\u00f3metros de Marmolejo y es por ello que empezaron a construirse en todo el l\u00edmite con la provincia de C\u00f3rdoba, a lo largo del Guadalquivir (zona de los Algarbes) y rio Yeguas (Boca del R\u00edo), una larga l\u00ednea de trincheras de m\u00e1s de tres kil\u00f3metros, con nidos de ametralladoras y puestos de vigilancia ante cualquier supuesto ataque del ejercito franquista por este flanco. Otros puntos estrat\u00e9gicos de control se establecieron por el lado de la campi\u00f1a, entre el cerro de San Crist\u00f3bal, los altos de Ropero y el cerro de Las Monjas en prevenci\u00f3n de alguna incursi\u00f3n desde la zona de Lopera. En cualquier caso la franja &nbsp;de terreno entre Marmolejo-Villa del Rio qued\u00f3 convertida en zona de transici\u00f3n, una tierra de nadie, donde a menudo se produjeron encuentros de tropas de ambos bandos en misi\u00f3n de vigilancia. En ese sentido el diario \u201cLa Libertad\u201d, de signo obrerista y frentepopulista, destacaba la siguiente noticia el dos de marzo de 1937:&nbsp;<em>\u201cFrente a Marmolejo, y al realizar una descubierta un grupo de caballer\u00eda leal, se encontr\u00f3 en el sitio conocido por Casas Nuevas con otra descubierta Marroqu\u00ed, compuesto por unos 30 jinetes. Se entabl\u00f3 un &nbsp;intenso tiroteo\u201d.<\/em><br>&nbsp; A partir de ahora las acciones de guerra se iban a limitar a los bombardeos desde el aire realizados por la aviaci\u00f3n franquista y al fuego de artiller\u00eda proyectado desde las posiciones de Porcuna por el ej\u00e9rcito sublevado que lamentablemente causaron perdidas humanas y materiales como m\u00e1s adelante tendremos ocasi\u00f3n de comprobar.&nbsp;<\/p>\n\n\n\n<p>\u200b<\/p>\n\n\n\n<p><strong>La vida cotidiana durante la guerra: Enero de 1937 a marzo de 1939:&nbsp;<\/strong><\/p>\n\n\n\n<p>&nbsp; Estabilizado el frente tras las primeras operaciones militares de &nbsp;envergadura, en la l\u00ednea Montoro-Villa del R\u00edo, Lopera y Porcuna, la vida de los\/as marmoleje\u00f1os\/as tuvo que adecuarse a las incomodidades generadas por el estado de guerra y a un excepcional sistema de organizaci\u00f3n pol\u00edtica y econ\u00f3mica. Por su parte las relaciones humanas entre antiguos amigos y familares se ver\u00edan igualmente afectadas y pr\u00e1cticamente rotas entre personas de izquierdas y de derechas. En esta situaci\u00f3n de quiebra social surgieron, como no, circunstancias que favorecieron los ejemplos de solidaridad y altruismo entre familias del mismo o diferente bando, pero en general la poblaci\u00f3n qued\u00f3 dividida en dos &nbsp; fracciones irreconciliables: \u201crojos\u201d y \u201cfascistas\u201d, resultando cada vez m\u00e1s dif\u00edcil el entendimiento entre ellos. La reconciliaci\u00f3n definitiva ten\u00eda por delante un largo camino que recorrer dificultado, a lo largo de varias d\u00e9cadas, por el af\u00e1n represivo de los vencedores.<\/p>\n\n\n\n<p>&nbsp; &nbsp;Los intentos desde el Gobierno Civil por controlar los posibles desmanes en la retaguardia fueron continuos, procurando por encima de todo evitar situaciones violentas y detenciones de personas no simpatizantes con el r\u00e9gimen. Algunos destacados socialistas como el concejal Francisco Vallejo fueron v\u00edctimas de esa causa. Su muerte el 25 de mayo de 1937, en extra\u00f1as circunstancias en el edificio del Ayuntamiento, tuvo como origen las serias discrepancias internas en el seno del Frente Popular por la actuaci\u00f3n de Vallejo en &nbsp;la defensa de la legalidad y la integridad de las personas tras &nbsp;varias detenciones practicadas a personas desafectas con la Rep\u00fablica. A este concejal le metieron la cabeza en un saco de pic\u00f3n hasta llegar a asfixiarlo \u201ccuando llegaba su mujer a llevarle un poco de caf\u00e9 al ayuntamiento, la portera le dijo, con cierta sorna, que a su marido ya se lo llevaban para cementerio\u201d (24).<\/p>\n\n\n\n<p>&nbsp; &nbsp;Sin embargo a ra\u00edz de esta &nbsp;lamentable muerte, un deseo de poner orden a los desmanes &nbsp;se instal\u00f3 durante los \u00faltimos d\u00edas de 1937 como ha quedado reflejado en la petici\u00f3n realizada por los organismos del Frente Popular para que se ubicara en la localidad un destacamento de la Guardia de Asalto:<em>&nbsp;\u201cA Gobernador Civil: los que suscriben el presente documento en representaci\u00f3n de las organizaciones obreras de este pueblo, Socialista, Juventudes Socialistas Unificadas, Partido Comunista, Izquierda Republicana y UGT, tienen el honor de dirigirse a V.S. para exponerle que dadas las circunstancias por la que atravesamos y con el buen &nbsp;deseo de evitar, en parte, posibles alteraciones de Orden P\u00fablico, suplicamos en nombre de las citadas organizaciones reconstituya el Destacamento de Asalto que con &nbsp;fecha de 9 de diciembre pasado retiraron de \u00e9sta, rog\u00e1ndole encarecidamente sea el cabo comandante del destacamento, el mismo llamado F\u00e9lix Fern\u00e1ndez \u00c1lvarez, as\u00ed como los guardias Jos\u00e9 Silva Reyes, Marcelino Gal\u00e1n Cebrino, Juan Ortega Gonz\u00e1lez, Juan Antonio P\u00e9rez Balsera, Aquilino Pozuelo Peir\u00f3 y Alfonso Vicaria Correa, todos de la 73 Compa\u00f1\u00eda, ya que la actuaci\u00f3n de los citados en \u00e9sta, durante los 4 meses de permanencia ha sido magn\u00edfica, no solamente al agrado de los partidos que formulan esta petici\u00f3n, sino del pueblo en general, debiendo significarle que la presente petici\u00f3n la hacemos por creerla de Justicia y beneficiosa para el pueblo, toda vez que los compa\u00f1eros antes citados han sabido en todo momento acatarse no solo nuestro aprecio sino el del mismo pueblo, advirtiendo que desde que se marcharon se nota en &nbsp;\u00e9sta una efervescencia algo intranquilizadora. Gracia que no dudamos alcanzar de V.S. por la causa antifascista y para bien de \u00e9sta perdure muchos a\u00f1os. Marmolejo 27 de enero de 1938. Firman por el Partido Socialista: Bartolom\u00e9 Rodr\u00edguez; por el Partido Comunista: Francisco Rodr\u00edguez; por la Juventud Socialista Unificada: Francisco Gil Luque; por Izquierda Republicana: Jos\u00e9 Barrag\u00e1n Perales; por la UGT: Jos\u00e9 Portillo y Manuel Lozano Torralbo.\u201d&nbsp;<\/em><\/p>\n\n\n\n<p><em>\u200b<\/em><\/p>\n\n\n\n<p>&nbsp;La vida pol\u00edtica, adem\u00e1s de los temas de orden p\u00fablico, pasaba en agosto de 1937, por la disoluci\u00f3n de la corporaci\u00f3n de mayor\u00eda socialista proveniente de las elecciones de 1931. Debido a la situaci\u00f3n de guerra, y sin elecciones municipales, se constitu\u00eda el d\u00eda siete de agosto de 1937, un nuevo Ayuntamiento que se denominar\u00eda Consejo Municipal en el que estuvieron representadas todas las organizaciones pol\u00edticas y sindicales del Frente Popular. &nbsp;As\u00ed rezaba el acta de la sesi\u00f3n &nbsp;de constituci\u00f3n:&nbsp;<\/p>\n\n\n\n<p>&nbsp; &nbsp;<em>&nbsp;\u201cEn la villa de Marmolejo, a siete de agosto de 1937, previa especial convocatoria oportunamente circulada y bajo la presidencia del Gobernador Civil de esta provincia se congregaron en el sal\u00f3n de plenos de esta casa consistorial los camaradas Juan Rivillas G\u00f3mez, Jorge Jurado Cano, Manuel Flores Vallejo, Francisco Gil Luque, Francisco Lozano Godoy por la UGT; Antonio Molina Torralbo e Ignacio Exp\u00f3sito Villar por el Partido Socialista; Juan Manuel P\u00e9rez Lozano, Francisco Segovia Gil, de la Juventud Socialista Unificada; Juan Jos\u00e9 Mart\u00ednez Lozano, Jos\u00e9 Barrag\u00e1n Perales del partido Izquierda Republicana y Jos\u00e9 G\u00f3mez Ruiz, comunista, con asistencia del secretario del Ayuntamiento para cumplimentar el decreto del Ministerio de la Gobernaci\u00f3n &nbsp;de cuatro de enero \u00faltimo y constituir el Consejo Municipal con los siguientes cargos:<br>Alcalde-Presidente: Ignacio Exp\u00f3sito Villar (PSOE), de 47 a\u00f1os, con seis votos (se tuvo que repetir la votaci\u00f3n en la sesi\u00f3n del 14 de agosto y sali\u00f3 ya con mayor\u00eda absoluta de 7 votos.<br>Primer Teniente de Alcalde y consejero: Manuel Flores Vallejo (UGT), de 40 a\u00f1os &nbsp;que obtuvo 4 votos para alcalde en primera votaci\u00f3n.<br>Segundo Teniente de Alcalde y consejero: Francisco Lozano Godoy (UGT), de 32 a\u00f1os.<br>Tercer Teniente de Alcalde y consejero: Jos\u00e9 Barrag\u00e1n Perales (Izquierda Republicana), de 35 a\u00f1os<\/em><\/p>\n\n\n\n<p><em>Resto de consejeros:<br>&nbsp; &nbsp;-Juan Rivillas G\u00f3mez (UGT), de 56 a\u00f1os<br>&nbsp; &nbsp;-Jorge Jurado Cano (UGT), de 47 a\u00f1os<br>&nbsp; &nbsp;-Franscisco Gil Luque, sindico, (UGT), de 28 a\u00f1os<br>&nbsp; &nbsp;-Antonio Molina Torralbo (PSOE), de 47 a\u00f1os<br>&nbsp; &nbsp;-Juan Manuel P\u00e9rez Lozano (Juventud Socialista Unificada), de 30 a\u00f1os<br>&nbsp; &nbsp;-Francisco Segovia Gil (Juventud Socialista Unificada), de 30 a\u00f1os<br>&nbsp; &nbsp;-Juan Jos\u00e9 Mart\u00ednez Lozano (Izquierda Republicana), de 45 a\u00f1os<br>&nbsp; &nbsp;-Jos\u00e9 G\u00f3mez Ruiz (Partido Comunista de Espa\u00f1a), de 33 a\u00f1os<br>&nbsp; &nbsp;-Francisco Osuna (Partido Comunista de Espa\u00f1a), de 36 a\u00f1os, ausente de esta sesi\u00f3n\u201d.<\/em><\/p>\n\n\n\n<p><em>\u200b<\/em><\/p>\n\n\n\n<p>El conflicto b\u00e9lico fue mermando paulatinamente las filas de las organizaciones pol\u00edticas, incluso de la propia Corporaci\u00f3n Municipal, en la medida que afiliados y &nbsp;cargos directivos deb\u00edan incorporarse a los frentes. Estos fueron los casos de j\u00f3venes dirigentes obreros como Juan Jos\u00e9 Jurado Castro, Bartolom\u00e9 Pastor Garrido, Francisco Segovia, Juan Garrido Catal\u00e1n, y Eduardo Per\u00edn Moreno. A esta causa hab\u00eda que unir las ausencias desde el principio de la guerra de socialistas veteranos &nbsp;como &nbsp;Andr\u00e9s Rodr\u00edguez y Antonio Garc\u00eda \u201cMaqueano\u201d residentes en la L\u00ednea de la Concepci\u00f3n desde la huelga de octubre de 1934. La organizaci\u00f3n socialista en sus tres vertientes, la pol\u00edtica, sindical y juvenil lleg\u00f3 a unos niveles de precariedad extremos.&nbsp;<br>&nbsp; &nbsp;En el caso de \u201cMaqueano\u201d, hacia finales de 1937, parece que se hab\u00eda planteado la vuelta a Marmolejo para reforzar, en la medida de sus posibilidades, a la organizaci\u00f3n socialista, pues no pod\u00eda soportar \u201csu ausencia de compromiso activo con su pueblo\u201d desde su lugar de trabajo en Gibraltar en donde continuaba desde octubre de 1934. As\u00ed lo refiere su hijo Antonio en el siguiente testimonio:&nbsp;<em>\u201cMi padre, cuando empez\u00f3 la guerra se refugi\u00f3 nuevamente en Gibraltar, y desde all\u00ed se fueron mis tres hermanos mayores voluntarios al ej\u00e9rcito republicano. Mi padre y los peque\u00f1os salimos de all\u00ed v\u00eda T\u00e1nger y v\u00eda Marsella en febrero de 1938. De Marsella a Barcelona, Valencia, And\u00fajar y regreso a Marmolejo. El 25 de marzo de ese mismo a\u00f1o que empez\u00f3 el bombardeo que hubo de artiller\u00eda desde Porcuna, mi padre nos busc\u00f3 alojamiento en And\u00fajar, en casa de unos familiares y el segu\u00eda militando en el partido Socialista de Marmolejo, pero ya sin cargo alguno. Hacia el final de la guerra fue nombrado por la Rep\u00fablica Comisario de la Octava Regi\u00f3n A\u00e9rea (que resid\u00eda en Baeza), pero no le dio tiempo a tomar posesi\u00f3n del cargo\u201d<\/em>(25).<\/p>\n\n\n\n<p>\u200b<\/p>\n\n\n\n<p>Junto a estos problemas de efectivos humanos disponibles, el otro tema de m\u00e1xima prioridad ser\u00eda el econ\u00f3mico, es decir, afrontar la gesti\u00f3n de una econom\u00eda de guerra con la mayor\u00eda de las tierras de cultivo abandonadas por sus antiguos propietarios y sin mano de obra joven que emplear pues la villa se hab\u00eda literalmente vaciado de su poblaci\u00f3n juvenil que ahora se empe\u00f1aba en los diversos frentes del pa\u00eds en uno u otro bando. Esta situaci\u00f3n tuvo su eco en el discurso que Santiago Carrillo, dirigente de las Juventudes Socialista Unificada, daba en Madrid el 5 de marzo de 1937, ante los comit\u00e9s y c\u00e9lulas de la organizaci\u00f3n madrile\u00f1a:&nbsp;<em>\u201cDestaca el ejemplo magn\u00edfico de los j\u00f3venes de Ja\u00e9n, que han ido a Marmolejo, que estaba abandonado, a recoger las aceitunas. Nuestros j\u00f3venes han organizado una brigada de 300 compa\u00f1eros, y han ido a Marmolejo y con un fusil en la mano y en la otra la tijera, han recogido la aceituna y han producido un movimiento tal de levantamiento del esp\u00edritu, que han sido despu\u00e9s los propios campesinos de Marmolejo, los que fueron all\u00ed y ayudaron a nuestros compa\u00f1eros de Ja\u00e9n a recoger la aceituna. Esta riqueza est\u00e1 hoy en manos del gobierno de la Rep\u00fablica por los trabajos de nuestra juventud de Ja\u00e9n sobre la linea de la Conferencia Nacional\u2026.\u201d<\/em>. (26).<br>&nbsp; Pero a medida que las acciones de guerra parec\u00edan &nbsp;menguar, se comenzaban a recibir casi continuos contingentes de refugiados &nbsp;republicanos llegados desde otras zonas de Andaluc\u00eda por miedo a la represi\u00f3n desatada en las zonas ocupadas por los sublevados. Ello generaba problemas de abastecimiento y por tanto la necesidad de gestionar adecuadamente los recursos existentes. Estas familias acabaron trabajando en las tierras colectivizadas &nbsp;en lo que se denomin\u00f3 \u201creclutamiento voluntario\u201d de segadores y ereros &nbsp;as\u00ed como en la construcci\u00f3n de trincheras y caminos rurales.<\/p>\n\n\n<div class=\"wp-block-image\">\n<figure class=\"alignleft is-resized\"><img loading=\"lazy\" decoding=\"async\" src=\"https:\/\/static.wixstatic.com\/media\/7e23fc_0dc8766607ec48f585b38f017d4d7912~mv2.jpg\/v1\/fill\/w_397,h_415,al_c,q_80,usm_0.66_1.00_0.01,enc_auto\/7e23fc_0dc8766607ec48f585b38f017d4d7912~mv2.jpg\" alt=\"\" width=\"364\" height=\"380\"\/><figcaption class=\"wp-element-caption\"><strong>Trinchera del Ej\u00e9rcito Republicano en los Algarbes (Marmolejo). Foto: Manuel Perales<\/strong><\/figcaption><\/figure>\n<\/div>\n\n\n<p><\/p>\n\n\n\n<p>Por otro lado en Marmolejo se establecieron diversos efectivos del Ej\u00e9rcito de Operaciones del Sur a las que hab\u00eda que avituallar y alimentar. A fines de 1937 la poblaci\u00f3n ind\u00edgena se estimaba por el Ayuntamiento en 7.603 vecinos empadronados y 1.409 refugiados, esto es: una poblaci\u00f3n &nbsp;cercana a las 10.000 personas. Por eso una de las comisiones municipales m\u00e1s importantes fue la de Abastecimientos, o al menos la que m\u00e1s quebraderos de cabeza conllevaba para los dirigentes del Frente Popular pues no siempre resultaba factible encontrar las provisiones suficientes en materia de art\u00edculos de primera necesidad y a menudo estuvieron sometidos al f\u00e9rreo control del resto de compa\u00f1eros del Consejo para evitar abusos en beneficio propio o de familiares de sus componentes. Esta comisi\u00f3n fue tambi\u00e9n la encargada de distribuir las semillas para la siembra a las diferentes colectividades y circunstancia que dio motivo a fricciones pues no siempre los Comit\u00e9s de Administraci\u00f3n de las colectividades pudieron saldar sus deudas con el Instituto de Reforma Agraria (27).<\/p>\n\n\n\n<p>\u200b<\/p>\n\n\n\n<p>&nbsp; &nbsp; &nbsp; &nbsp;Pero si el Ayuntamiento era el \u00f3rgano pol\u00edtico que procuraba coordinar las actividades econ\u00f3micas durante la guerra, qu\u00e9 duda cabe que quienes tuvieron la responsabilidad de mantener operativa la maquinaria productiva fueron las sociedades o colectividades del sindicato socialista y de los partidos pol\u00edticos, de cuyos \u00f3rganos directivos dependi\u00f3 no s\u00f3lo la explotaci\u00f3n de las tierras y de los ganados, sino tambi\u00e9n, la venta de productos de primera necesidad a trav\u00e9s de un Economato ubicado en la ermita de Jes\u00fas, cuya gesti\u00f3n estuvo a cargo de la UGT. Fueron responsables de dicho Economato en distintos momentos Jos\u00e9 Pastor Castillejo como interventor delegado, el ugetista Alfonso Rodr\u00edguez Flores y Jos\u00e9 Aroca Coba, empleado de arbitrios municipales.&nbsp;<br>&nbsp; &nbsp;Las ventas de hortalizas y carnes se ubicaron en la iglesia parroquial, aunque el n\u00famero de hortelanos en activo fue mermando por los riesgos de la guerra. Muchos productos b\u00e1sicos eran adquiridos en la sede de la colectividad \u201cDefensa de la Agricultura\u201d con sede en la casa de La Aviadora, y los que no se produc\u00edan aqu\u00ed, se adquir\u00edan a otras colectividades de la capital o de provincias lim\u00edtrofes bajo control del gobierno republicano como Murcia o Alicante. &nbsp;&nbsp;<br>&nbsp;<\/p>\n\n\n\n<p>&nbsp;El sistema de ventas de productos se realizaba mediante unos cartones (vales o bonos) que sustituyeron al dinero en los intercambios comerciales entre los propios colectivistas. Pr\u00e1cticamente todos los \u00e1mbitos de la producci\u00f3n estuvieron gestionados por las diferentes colectividades, excepto el Balneario que ser\u00eda incautado por el Ayuntamiento tras el golpe de estado una vez su Consejo de Administraci\u00f3n abandon\u00f3 la localidad. Su custodia durante el periodo de guerra de puso en &nbsp;manos de la milicias. El alcalde Ignacio Exp\u00f3sito hac\u00eda saber a la prensa&nbsp;<em>\u201cque se han de procurar a los enfermos que lleguen &nbsp;a tomar las aguas, todas las consideraciones en el orden &nbsp;sanitario y en el orden econ\u00f3mico, con objeto de que puedan acudir sin escr\u00fapulo alguno a medicarse, adem\u00e1s de hacerle una bonificaci\u00f3n en la parte econ\u00f3mica\u201d.<\/em>&nbsp;(28)<\/p>\n\n\n\n<p>\u200b<\/p>\n\n\n\n<p>&nbsp;Hubo sociedades que abarcaron otras ramas de la producci\u00f3n, siendo \u00e9ste el caso de la Sociedad de \u201cTracci\u00f3n Mec\u00e1nica\u201d; la sociedad del \u201cRamo de la Construcci\u00f3n y la Sociedad de \u201cArtes Gr\u00e1ficas\u201d, &nbsp;vinculadas a la UGT. En el campo era la sociedad \u201cDefensa de la Agricultura\u201d la que tuvo a su cargo la gesti\u00f3n de un mayor n\u00famero de fincas, aunque la capacidad de actividad no siempre fue la adecuada por la inseguridad y precariedad con que se trabajaba debido a los bombardeos provenientes desde los frentes de Porcuna y Lopera y al escaso contingente de j\u00f3venes trabajadores que a diario se ve\u00edan obligados a abandonar el pueblo para marchar a los frentes. Ambos factores hicieron inviable cubrir los objetivos que las autoridades pol\u00edticas se hab\u00edan marcado.<\/p>\n\n\n\n<p>&nbsp; &nbsp; &nbsp; A lo largo de 1938 fue necesario requerir la cesi\u00f3n de soldados de la localidad que estaban destinados en el C.R.I.M. de Ja\u00e9n para trabajar en los campos. En junio de ese a\u00f1o obtuvieron permisos los j\u00f3venes soldados del 9\u00ba Batall\u00f3n de Retaguardia de &nbsp;Ja\u00e9n, Juan D\u00edaz Lozano, Juan Manuel Merino G\u00f3mez, Manuel Garc\u00eda P\u00e9rez, Pedro Perales Vicaria, Cayetano Rivillas Barrera, Benito Vallejo Barea y Juan Luque Mar\u00edn. Seg\u00fan el escrito del Ayuntamiento dirigido al Coronel Jefe de dicho &nbsp;Centro de Reclutamiento, Instrucci\u00f3n y Movilizaci\u00f3n de Ja\u00e9n (C.R.I.M) una vez terminados los trabajos los j\u00f3venes se incorporaron a su destino en dicha capital. Durante su estancia en Marmolejo ejecutaron 158 jornales de siega, 30 de era; 39 de huerta; 17 labrando olivos, y 28 haciendo cortafuegos.<br>&nbsp; &nbsp; En agosto de 1938 la sociedad Defensa de la Agricultura, no lograba siquiera aportar los datos de cereales recolectados en ese verano para ser transferidos a la Junta Provincial de Recolecci\u00f3n de Ja\u00e9n ya que los afiliados a la colectividad no asist\u00edan a los distintos llamamientos que le hac\u00eda la Junta Directiva. Esta situaci\u00f3n se arrastraba desde mucho antes pues ya en mayo, el Comit\u00e9 Agr\u00edcola Local para el control de la producci\u00f3n agr\u00edcola, cuyo delegado era Jos\u00e9 Gonz\u00e1lez Pozo, confirmaba que la sociedad ten\u00eda sin cultivar m\u00e1s del 40% de las tierras de labor, no pudiendo precisar las fincas afectadas por serles imposible reunirse en &nbsp;junta general.&nbsp;<br>&nbsp; &nbsp; Pasado el verano, en el mes de septiembre, el Alcalde transmit\u00eda al Delegado Provincial de Abastecimientos la siguiente informaci\u00f3n: \u201cHabiendo llegado a conocimiento de esta Alcald\u00eda que la sociedad \u201cDefensa de la Agricultura\u201d se ha dedicado a adquirir peque\u00f1as cantidades de trigo procedentes de lo recolectado para sus afiliados, alegando que lo ha verificado para cobrar d\u00e9bitos que ten\u00edan los mismos con dicha sociedad y cuyo trigo quiere reservarlo para siembra. Realizadas las gestiones oportunas, resulta que tiene adquirido 3.600 kilos, neg\u00e1ndose en absoluto a entregarlo a la Consejer\u00eda de Abastos de esta localidad, razones por las cuales participo a usted lo ocurrido con el fin de que ordene lo procedente en este caso y que la citada sociedad venda dicho cereal a la Consejer\u00eda para que pueda morturarlo y se evite que la poblaci\u00f3n civil pueda quedarse sin pan caprichosamente, toda vez que el cereal que se destina a siembra ha debido reserv\u00e1rselo el productor en un domicilio particular\u201d(29).<\/p>\n\n\n\n<p>&nbsp; Sin embargo en otras colectividades m\u00e1s peque\u00f1as de campesinos dependientes de los &nbsp;partidos Uni\u00f3n Republicana e Izquierda Republicana, o de la colectividad obrera \u201cPablo Iglesias\u201d, al parecer, se alcanzaron perfectamente los objetivos marcados. La colectividad &nbsp;de Uni\u00f3n Republicana ten\u00eda sembradas un total de 122 has. de garbanzos entre los labradores asociados y la de \u201cPeque\u00f1os propietarios\u201d, de Izquierda Republicana, &nbsp;y la colectividad obrera \u201cPablo Iglesias\u201d de UGT ten\u00edan &nbsp;realizadas todas las labores en el conjunto de sus fincas.&nbsp;<br>&nbsp; En junio de 1938 los datos que daba el Alcalde al Delegado Provincial de Abastecimientos en relaci\u00f3n a las siembras recolectadas por las diferentes colectividades eran &nbsp;los siguientes (30):<br>&nbsp; &nbsp; Trigo: 270 has. y 1.745 toneladas<br>&nbsp; &nbsp; Cebada: 216 has. y 1.166 toneladas<br>&nbsp; &nbsp; Avena: 60 has. y 324 toneladas<br>&nbsp; &nbsp; Esca\u00f1a: 3 has. y 16 toneladas<br>&nbsp; &nbsp; Ma\u00edz: 11,40 has. y 102 toneladas<br>&nbsp; &nbsp; Habas: 45,67 y 238 toneladas<br>&nbsp; &nbsp; Garbanzos: 122 has. y 507 toneladas<br>&nbsp; &nbsp; Patatas: 31 has. y 338 toneladas<\/p>\n\n\n\n<p>&nbsp; En relaci\u00f3n a las existencias de aceite de oliva a finales de junio del 38, se calculaba un &nbsp;d\u00e9ficit de este producto estimado en 24.710 kilos para poder enlazar con &nbsp;la cosecha del invierno 1938-1939 que se preve\u00eda baja. La anterior cosecha de aceituna se hab\u00eda tenido que recoger por primera vez bajo el s\u00edndrome de la cercan\u00eda de los frentes y ello dio lugar a cierta precipitaci\u00f3n y carencia de personal a la hora de recoger el fruto. Las estimaciones de necesidad se realizaron en base a un consumo diario de 33 gramos de aceite\/d\u00eda por habitante.&nbsp;<\/p>\n\n\n\n<p>&nbsp; El sector ganadero tambi\u00e9n era colectivizado quedando su gesti\u00f3n &nbsp;a cargo de la colectividad \u201cPablo Iglesias\u201d y de una sociedad de ganaderos llamada \u201cDefensa Pecuaria\u201d. En junio de 1938 un informe del Alcalde a la Inspecci\u00f3n Veterinaria de Ja\u00e9n comunicaba lo siguiente:&nbsp;<em>\u201cTengo el gusto de participarle que en este t\u00e9rmino municipal se han retirado de los frentes los ganados que a continuaci\u00f3n se expresan: 706 cabezas de lanar, 241 cerdos y 112 de vacuno. Todo este ganado se encuentra en la Centenera. Adem\u00e1s la colectividad obrera Pablo Iglesias de UGT tiene en el t\u00e9rmino de Bail\u00e9n 117 cabezas de vacuno. El ganado de cabra de producci\u00f3n de leche para abastecimiento de la poblaci\u00f3n asciende a 1674 cabezas; est\u00e1 tambi\u00e9n retirado de los frentes y pr\u00f3ximo al sitio indicado de la Centenera quedando en el pueblo el de labor, invertido en la recolecci\u00f3n de cereales\u201d. Sin embargo los cabreros hab\u00edan solicitado al Jefe Administrativo de la 89 Brigada Mixta, con sede en And\u00fajar, que autorizasen pastar a las cabras en los alrededores del pueblo ante la prohibici\u00f3n de hacerlo a m\u00e1s de 20 kil\u00f3metros del casco urbano\u201d.<\/em><br>&nbsp; Otra forma m\u00e1s de supervivencia vinculada a la econom\u00eda de guerra fueron los trabajos realizados por las mujeres para la elaboraci\u00f3n de gorros &nbsp;para los milicianos y el bordado de las insignias y escudos pues aunque no contamos con cifras de n\u00famero total de los soldados republicanos destacados en la villa si que debi\u00f3 de ser elevado en funci\u00f3n de los destacamentos que estuvieron ubicados entre 1937 a 1939:<\/p>\n\n\n\n<p>\u200b<\/p>\n\n\n\n<p>&nbsp;<strong>A\u00f1o 1937:<\/strong><br>&nbsp;-En los primeros d\u00edas de enero se encuentran efectivos de la XIV Brigada Internacional alojados en el Hotel de Los Leones.<br>&nbsp;-Batall\u00f3n Voluntario n\u00ba 9. (A su cargo estaba el comandante militar Francisco Serena)<br>&nbsp;-Batall\u00f3n de fortificaciones n\u00ba 1 del Ej\u00e9rcito del Sur, encargado de la construcci\u00f3n de la l\u00ednea de trincheras del flanco occidental en los Algarbes, Boca del R\u00edo y lomas de Ropero.<br>-Brigada &nbsp;de Caballer\u00eda, 34 Regimiento.<br>-Brigada Mixta n\u00ba 6.<br>-Destacamento de Guardia de Asalto (permanencia durante cuatro meses, desde agosto a diciembre)<\/p>\n\n\n\n<p><strong>A\u00f1o 1938:<\/strong><br>-Guerrilleros de la 157 Brigada (ocupaban el local de casas de maestros, en Paseo de la Estaci\u00f3n, detr\u00e1s del Ayuntamiento)<br>-318 Batall\u00f3n de la 80 Brigada Mixta (se alojaban en el hotel Balneario y Central y dos casas en la plaza de la Constituci\u00f3n.<br>-El Destacamento de Etapa.<\/p>\n\n\n\n<p>&nbsp; Hemos de tener en cuenta a la hora de valorar estos datos que desde enero de 1937 Marmolejo era uno de los tres subsectores en que qued\u00f3 dividido el sector de C\u00f3rdoba del Ej\u00e9rcito Republicano del Sur, cuyo jefe a partir del 3 de enero era el coronel Jos\u00e9 Villalba Rubio, quedando el coronel Hern\u00e1ndez Saravia de comandante general de artiller\u00eda del Ej\u00e9rcito del Sur. Por su parte la jefatura del Ej\u00e9rcito del sur qued\u00f3 desde el d\u00eda 16 de enero al mando del comandante Joaqu\u00edn P\u00e9rez Salas. La presencia, por tanto, de estas fuerzas en la localidad y la situaci\u00f3n de frontera cercana (pues las l\u00edneas del ej\u00e9rcito sublevado se situaban a s\u00f3lo cinco kil\u00f3metros del t\u00e9rmino municipal, hizo de Marmolejo un flanco f\u00e1cil a castigar la artiller\u00eda franquista ubicada en Porcuna. Al menos desde enero de 1937 a 1938, los nacionales emplearon el sistema de guerra de desgaste acosando con continuos disparos de obuses desde la zona de Porcuna buscando, sobre todo minar la moral de la poblaci\u00f3n civil por encima del objetivo de recudir en efectivos a las tropas republicanas. Tambi\u00e9n se empleo la aviaci\u00f3n por el ej\u00e9rcito rebelde bombardeando la localidad desde el aire los d\u00edas 25 de abril y 18, 20, 26 y 27 de mayo con un total de unas 45 a 50 bombas lanzadas con el resultado de muerte de varias personas, entre ellas Francisca Barrag\u00e1n en una casa de la calle Perales (casa de \u201cTriguero\u201d), resultando herido de metralla en una pierna su hijo de nueve a\u00f1os, Alfonso Robles. Dos mujeres m\u00e1s murieron otro d\u00eda en la calle Perales y en una huerta de la calle de los Molinos, junto a la actual f\u00e1brica de \u201cSanta Teresa\u201d. La misma bomba mat\u00f3 a un hombre que se encontraba trabajando en los pajares de la casa del marqu\u00e9s de Sagredo en la calle de Los Molinos. Estos dram\u00e1ticos hechos obligaron a la colocaci\u00f3n de un servicio de vigilancia continuo dependiente del municipio en la torre de la parroquia. De los bombardeos de mayo dio cuenta el diario republicano \u201cEl Luchador\u201d de Alicante con la siguiente rese\u00f1a:&nbsp;<em>\u201cDesde hace d\u00edas la \u00fanica actividad en estos frentes ha estado a cargo de la aviaci\u00f3n facciosa que se dedica a bombardear nuestras l\u00edneas, que apenas sienten la actuaci\u00f3n enemiga. Anoche, despu\u00e9s de actuar encima de nuestras trincheras, los aviones rebeldes bombardearon el pueblo de Marmolejo y el puente que existe en dicha localidad\u201d (31).<\/em><br>&nbsp; En los d\u00edas sucesivos la aviaci\u00f3n \u201cnacional\u201d fij\u00f3 sus objetivos sobre el puente de Marmolejo al que persegu\u00edan inutilizar en un intento de asfixiar la econom\u00eda agr\u00edcola local habida cuenta de que toda la producci\u00f3n agr\u00edcola de la sierra y de las colectividades de los M\u00e1rtires y La Marquesa entraba por el puente. Tambi\u00e9n &nbsp;por este puente se tomaba contacto con &nbsp;la l\u00ednea de frentes del valle de los Pedroches (Villanueva de C\u00f3rdoba y Pozoblanco). A pesar de ello esta importante obra del Renacimiento qued\u00f3 intacta y no sufri\u00f3 &nbsp;da\u00f1os de importancia. Por otro lado fueron frecuentes las acciones de fuego cruzado entre la aviaci\u00f3n republicana y franquista para intentar evitar el abastecimiento por aire del contingente de Guardias Civiles atrincherados en el cerro del Cabezo.<\/p>\n\n\n\n<p>&nbsp; Los bombardeos sobre el caso urbano continuaron a lo largo de 1938. El parte oficial del Ministerio de Defensa Nacional daba cuenta del bombardeo y ametrallamiento producido por un avi\u00f3n alem\u00e1n sobre el casco urbano de Marmolejo, ocasionando la muerte de cinco mujeres y dos ni\u00f1os, resultando heridas veinte personas, todas ellas de la poblaci\u00f3n civil (32). Las consecuencias de los bombardeos fueron minimizadas en los informes que se mandaron &nbsp;a la Junta Provincial de Defensa contra aeronaves, pues no se hizo menci\u00f3n &nbsp;a estas muertes ni a los da\u00f1os producidos por otra bomba en una casa de la calle Su\u00e1rez quedando registrados, tan solo, los desperfectos producidos en la casa de oficinas y administraci\u00f3n del Balneario, junto al Hotel.<\/p>\n\n\n\n<p>&nbsp; En lo concerniente a operaciones b\u00e9licas habidas desde enero de 1937 en nuestro entorno geogr\u00e1fico m\u00e1s inmediato, destacar, como no, los combates por la toma del santuario de la Virgen de la Cabeza, donde se hab\u00edan hecho fuertes un nutrido n\u00famero de guardias civiles con sus familias y algunos paisanos que simpatizaban con los rebeldes, y &nbsp;el conjunto de operaciones lanzadas por el coronel de artiller\u00eda Joaqu\u00edn P\u00e9rez Salas en el frente de Porcuna-Lopera hacia final de enero, para intentar recuperar estas poblaciones para la Rep\u00fablica.&nbsp;<br>&nbsp; El santuario ser\u00eda finalmente tomado el 1 de mayo por las tropas del Ej\u00e9rcito del Sur al mando del capit\u00e1n de artiller\u00eda Antonio Cord\u00f3n y del diputado comunista Pedro Mart\u00ednez Cart\u00f3n con la 16 Brigada Mixta. Las &nbsp;noticias de prensa se hicieron eco de la situaci\u00f3n de precariedad a que hab\u00edan llegado los refugiados y los presos del santuario tras meses de cerco por las tropas republicanas. El 23 de abril el peri\u00f3dico republicano \u201cEl Luchador\u201d destacaba el hecho de que la&nbsp;<em>\u201caviaci\u00f3n facciosa pretendi\u00f3 aprovisionar a los rebeldes que se encuentran en el santuario de la Virgen de la Cabeza, lanz\u00e1ndoles paquetes de cartuchos que cayeron en nuestras l\u00edneas, dado lo reducido del Cerro. A su regreso los aparatos lanzaron bombas sobre Marmolejo, con \u00e1nimo de causar da\u00f1os en el Balneario, no consigui\u00e9ndolo\u201d.<\/em><\/p>\n\n\n\n<p><em>\u200b<\/em><\/p>\n\n\n\n<p><em>&nbsp;<\/em>Nada m\u00e1s llegar las tropas republicanas los asediados fueron &nbsp;auxiliados debido al estado de extrema penuria en que se encontraban, algunos de ellos eran presos pertenecientes a las milicias republicanas. En ese sentido el militante comunista Claudimiro S\u00e1nchez El\u00edas (33) nos relata c\u00f3mo al miliciano de ideolog\u00eda comunista conocido como \u201cPaco el Pintao\u201d, lo retuvieron en el Santuario durante m\u00e1s de ocho meses, oblig\u00e1ndolo a comerse el carnet del partido. En todo ese tiempo fue alimentado s\u00f3lo con cortezas de cerdo, sin afeitarse ni lavarse. El d\u00eda de su liberaci\u00f3n fue encontrado en un s\u00f3tano a punto de morir. El nombre de \u201cPaco el Pintao\u201d era Francisco Egea Casado, natural de Turre (Almer\u00eda). Viv\u00eda en Marmolejo en la calle Nueva y estuvo vinculado a la Juventud Socialista Unificada. Junto a \u00e9l tambi\u00e9n se encontraba el miliciano natural de Marmolejo, Juan Mart\u00ednez Cano \u201cMatarratas\u201d al que rescataron pr\u00e1cticamente sin ropa, tras permanecer detenido en los s\u00f3tanos del Santuario durante los meses de asedio. Para remediar el intenso fr\u00edo de aquel d\u00eda, le prestaron la guerrera de un guardia civil fallecido y estuvo a punto de morir a manos de sus propios compa\u00f1eros milicianos.<\/p>\n\n\n<div class=\"wp-block-image\">\n<figure class=\"alignright\"><img decoding=\"async\" src=\"https:\/\/static.wixstatic.com\/media\/7e23fc_0b6ada017bca4b87a6e6d22f7d81e96a~mv2.jpg\/v1\/fill\/w_310,h_371,al_c,q_80,usm_0.66_1.00_0.01,enc_auto\/7e23fc_0b6ada017bca4b87a6e6d22f7d81e96a~mv2.jpg\" alt=\"\"\/><figcaption class=\"wp-element-caption\"><strong>La marmoleje\u00f1a Francisca Barrag\u00e1n perdi\u00f3 la vida en los bombardeos de 1937. Fuente: Alfonso Robles<\/strong><\/figcaption><\/figure>\n<\/div>\n\n\n<p><\/p>\n\n\n\n<p>Pero junto a estos dramas cercanos eran vividos con &nbsp;angustia los dramas lejanos, es decir, las muertes y las desapariciones de los j\u00f3venes soldados y padres de familias que combat\u00edan en los diversos frentes de guerra, como fue el caso de la muerte de tres milicianos marmoleje\u00f1os cuando el tren en el que viajaban para incorporarse a sus destinos, era bombardeado en la zona de Valencia (Alfonso C\u00e1rdenas P\u00e9rez \u201cPicul\u00edn\u201d, y otros dos paisanos que no me fue posible identificar). Estas penosas noticias llegaban v\u00eda Alcald\u00eda y cualquier consulta de las familias sobre situaciones de los soldados en los frentes de guerra, se realizaban a trav\u00e9s del Ayuntamiento &nbsp;dirigidas a las jefaturas de las distintas brigadas, regimientos o estados mayores de los ej\u00e9rcitos.&nbsp;<\/p>\n\n\n\n<p>&nbsp; Desde 1937 a 1939, fueron frecuentes las peticiones de informaci\u00f3n sobre diferentes milicianos y se hubieron de tramitar m\u00e1s de 50 expedientes de fallecimiento por \u201cacciones de guerra\u201d, con el fin de que los familiares, viudas y\/o familiares, tuviesen acceso a una m\u00ednima pensi\u00f3n &nbsp;de guerra y\/o a los \u00faltimos haberes devengados por el soldado. Para obtener ese derecho se ten\u00eda que demostrar que el soldado hab\u00eda muerto realmente e incluso localizar el hospital o alguna autoridad militar que pudiese certificar el fallecimiento en campa\u00f1a. Mientras tanto el desamparo en que quedaban las familias era total y no faltaron ejemplos como el de Dolores G\u00f3mez Rivillas, viuda del miliciano desaparecido Francisco Pedrajas Villar que qued\u00f3 en situaci\u00f3n de extrema penuria, con tres hijos peque\u00f1os a su cargo, &nbsp;tras la muerte de su c\u00f3nyuge en el frente de Teruel. La memoria de Francisco Pedrajas aparece vinculada al Centro Instructivo Obrero desde los a\u00f1os previos a la Rep\u00fablica. Afiliado al Partido Socialista y a la UGT hab\u00eda sufrido prisi\u00f3n durante 15 meses en Ja\u00e9n tras la huelga del &nbsp; 6 de octubre de 1934. Con la victoria del Frente Popular era nombrado guardia municipal interino por la corporaci\u00f3n presidida por Ignacio Exp\u00f3sito. Hacia finales de 1936 marchaba voluntario al cuerpo de Carabineros, siendo destinado en la 87 Brigada Mixta en Villel (Teruel). Tras caer herido en combate hacia diciembre de 1937, se le trasladaba al hospital de Mora de Rubielos donde falleci\u00f3 a causa de la gravedad de las heridas.&nbsp;<br>&nbsp; &nbsp;Otros muchos soldados dados por desaparecidos eran localizados meses despu\u00e9s en \u201czona nacional\u201d tras de ser apresados por el ej\u00e9rcito de Franco. Cuando esto ocurr\u00eda, el regocijo de los familiares parec\u00eda desbordarse. Situaciones como la ocurrida al soldado Juan Ca\u00f1uelo Coba \u201cJuanillo Ricardo\u201d, dado por muerto por las autoridades militares republicanas en los frentes de Teruel, &nbsp;llorado y velado durante &nbsp;los d\u00edas sucesivos por sus familiares, fueron frecuentes en la Espa\u00f1a de estos a\u00f1os. Finalmente este joven miliciano marmoleje\u00f1o apareci\u00f3 por Zaragoza capturado por las tropas franquistas. Seg\u00fan el testimonio del propio Juan Ca\u00f1uelo desde all\u00ed pas\u00f3 a r\u00e9gimen de trabajos penados en el Batall\u00f3n de Trabajadores de M\u00e9rida (Badajoz), haciendo trincheras para el ej\u00e9rcito franquista, hasta el 24 de mayo de 1940 en obten\u00eda la libertad.<\/p>\n\n\n\n<p>\u200b<\/p>\n\n\n\n<p>&nbsp;En otros momentos el reclutamiento masivo de padres de familia en los centros de reclutas de la provincia instalados en Linares, Ja\u00e9n y \u00dabeda resultaron igualmente traum\u00e1ticas pues los reclutados eran llamados y tardaban varios d\u00edas en asignarles un actividad o destino. Mientras eso ocurr\u00eda no percib\u00edan haberes alguno. Este tipo de situaciones llegaron a ser extremas en junio de 1938, hasta el punto de que el alcalde Ignacio Exp\u00f3sito se quejaba al Gobernador Civil en los siguientes t\u00e9rminos:&nbsp;<em>\u201cEn el d\u00eda de ayer se personaron en esta Alcald\u00eda varios familiares de los soldados de \u00e9sta, de los reemplazos de 1922, 1923 y 1924 movilizados por pertenecer al ramo de la construcci\u00f3n y trabajos de la tierra para obras de fortificaciones, los cuales llevan m\u00e1s de un mes en el centro de Reuni\u00f3n de \u00dabeda, manifestando las esposas de dichos soldados que por ser todos ellos trabajadores y dado el tiempo transcurrido carecen de medios econ\u00f3micos para atender las necesidades de sus respectivos familiares y a\u00fan hasta la fecha no les han &nbsp;abonado los haberes de clase alguna. Se da el caso deplorable de que muchas familias tienen que implorar la caridad p\u00fablica. Ante esto y ser cierto lo expuesto el que suscribe ha hecho gestiones por tel\u00e9fono con el capit\u00e1n &nbsp;Pesta\u00f1a (se refer\u00eda a \u00c1ngel Pesta\u00f1a Orozco, personal civil &nbsp;asimilado de Ingenieros que el 28 de septiembre de 1937 era nombrado capit\u00e1n del Batall\u00f3n de Obras y Fortificaciones n\u00ba 34), jefe del Batall\u00f3n de Obras y Fortificaciones n\u00ba 51, quien me ha manifestado que se han enviado los haberes y que este caso lo pusiera en conocimiento de su respetable y superior autoridad para su resoluci\u00f3n, ya que este Consejo Municipal debido a la situaci\u00f3n econ\u00f3mica no puede en modo alguno facilitar anticipos\u201d.<\/em><\/p>\n\n\n\n<p><br>&nbsp; Las mujeres se convert\u00edan en doble v\u00edctimas de la guerra y en sus vidas cotidianas vivieron el drama tremendo de tener que afrontar la cruda realidad del d\u00eda a d\u00eda procurando la necesaria manutenci\u00f3n de los suyos, pero al mismo tiempo con la desesperanza de la madre que anhela la vuelta del hijo que lucha en los frentes. Se ha podido constatar que muchas mujeres &nbsp;sometidas a la tensi\u00f3n diaria que generaba la ausencia de noticias sobre sus familiares queridos, envejecieron antes de tiempo y enfermaron de patolog\u00edas relacionadas con el sistema nervioso y circulatorio, circunstancias que se agravaban por la falta total de atenci\u00f3n m\u00e9dica durante 1939. Casos como el de Antonia Ruiz, en 1939, acabaron siendo frecuentes. Esta mujer, con todos sus hijos movilizados, no pudo soportar las largas noches de insomnio esperando en cualquier momento ver llegar, sobre una camioneta, a algunos de ellos acribillados a balazos desde los frentes. En poco tiempo encaneci\u00f3 su rostro se arrug\u00f3 y s\u00fabitamente un d\u00eda que bajaba al arroyo Comisario para lavar la ropa sufri\u00f3 un colapso de coraz\u00f3n del que muri\u00f3 sin que se le pudiese ofrecer asistencia m\u00e9dica alguna. Ni siquiera hab\u00eda carpintero para hacerle el ata\u00fad y se le hubo de enterrar en un arca de guardar la ropa. Obviamente ninguno de sus tres hijos pudo enterarse hasta despu\u00e9s de guerra de lo ocurrido. Otro ejemplo m\u00e1s, el de Dionisia Carrilero, nos traslada a la madre que abandona su hogar para tener noticias de su hijo, Casto Buenafuente. March\u00f3 hasta los frentes de Granada, donde finalmente lo encuentra y permanece durante tres noches durmiendo junto a \u00e9l en las mismas trincheras. &nbsp;Otras muchas madres y esposas viajaron hasta lejanos frentes de guerra para verificar que sus hijos y\/o esposos a\u00fan segu\u00edan con vida, cuando no se quedaron a vivir en la cercan\u00eda de dichas trincheras compartiendo con ellos el peligro y los rigores del clima.<\/p>\n\n\n\n<p>&nbsp; &nbsp; &nbsp;Las circunstancias de la guerra en los dem\u00e1s frentes, con el avance de las tropas de Franco sobre regiones como Asturias, Pa\u00eds Vasco, Arag\u00f3n y zona norte de Valencia, obligaba a la movilizaci\u00f3n en la Espa\u00f1a Republicana de una gran cantidad de soldados para cubrir las bajas que se iban produci\u00e9ndose. Poco a poco se movilizaron incluso a personas &nbsp;pertenecientes a los reemplazos de 1922, 23, 24 y 25, y esta eventualidad propici\u00f3 la marcha de varios componentes del Consejo Municipal que oblig\u00f3 a una remodelaci\u00f3n del mismo en mayo de 1938, a pesar de que el Frente Popular no era excesivamente partidario de la incorporaci\u00f3n de compa\u00f1eros con responsabilidades pol\u00edticas a los frentes, al entender que eran precisos en los pueblos para cubrir las necesidades de la poblaci\u00f3n civil y mantener operativas las instituciones republicanas.&nbsp;<br>&nbsp;&nbsp;<br>&nbsp; &nbsp; &nbsp; A pesar de ello, entre marzo y mayo, a las vacantes dejadas por su incorporaci\u00f3n a la milicia, de los socialistas Francisco Gil Luque (reemplazo de 1929), Francisco Segovia Gil, (reemplazo de 1927) y Juan Manuel P\u00e9rez Lozano (reemplazo 1928) se un\u00edan las dejadas por Francisco Lozano \u201cCarliche\u201d y de Manuel Flores Vallejo que ya hab\u00eda manifestado dimitir en septiembre del 37 por problemas con el Centro Instructivo Obrero, donde hab\u00eda causado baja, aunque Ignacio Exp\u00f3sito nunca le aceptara aquella dimisi\u00f3n. Las vacantes se cubrieron con Francisco Roncero Perales; los hermanos Miguel y Antonio Per\u00edn Ramos, Juan Coba Pe\u00f1a y Pablo Vicaria Castillejo, todos ellos socialistas.<\/p>\n\n\n\n<p>&nbsp; &nbsp; El PCE tuvo que renovar en agosto las bajas de Francisco Osuna Galiot \u201cVidrio\u201d y Jos\u00e9 G\u00f3mez \u201cChindo\u201d en las personas de Francisco Rodr\u00edguez Pe\u00f1a, que antes hab\u00eda militado en la organizaci\u00f3n socialista, y Sebasti\u00e1n Collado Rold\u00e1n. Por su parte el consejero de Izquierda Republicana, Jos\u00e9 Barrag\u00e1n Perales, del reemplazo de 1923, tambi\u00e9n era movilizado al frente y dejaba su puesto en la corporaci\u00f3n.<\/p>\n\n\n\n<p>\u200b<\/p>\n\n\n\n<p><strong>El final de la guerra:<\/strong><\/p>\n\n\n\n<p>&nbsp; &nbsp; El Consejo renovado aguant\u00f3 en situaci\u00f3n precaria hasta el final de la guerra debido a la marcha a la milicia de &nbsp;contingentes de personas muy j\u00f3venes (\u201cquinta del chupe\u201d) y de menos j\u00f3venes (\u201cquinta del saco\u201d). En los meses finales las propias organizaciones pol\u00edticas y sindicales quedaron desprovistas de sus principales cargos, circunstancia que propici\u00f3 el acceso de algunas mujeres a funciones de colaboraci\u00f3n con el Consejo Municipal. Ese fue el caso de la joven Francisca Per\u00edn Mart\u00ednez (hija de Antonio Per\u00edn Ramos) nombrada vocal del Comit\u00e9 Local de Recuperaci\u00f3n, \u00f3rgano encargado de reutilizar todos los enseres o utensilios de desecho.<br>&nbsp;La poblaci\u00f3n &nbsp;comunicada a la Delegaci\u00f3n Provincial de Abastecimientos en octubre de 1938 se hab\u00eda reducido en casi dos mil habitantes en relaci\u00f3n &nbsp;a la existente un a\u00f1o antes, con lo que se situaba en 7137 personas. Ni siquiera se libraron de la movilizaci\u00f3n a los frentes los dos \u00fanicos sanitarios municipales a pesar de los intentos del Alcalde para que&nbsp;<em>\u201clos camaradas Luis Villarejo Guerrero (m\u00e9dico) y Antonio Casado Casado (practicante) fueran exceptuados de la correspondiente incorporaci\u00f3n a filas por ser precisos sus servicios sanitarios en esta poblaci\u00f3n\u201d.<\/em>&nbsp;\u00c9ste m\u00e9dico, de origen granadino era movilizado a Cabra de Santo Cristo y m\u00e1s tarde a Meng\u00edbar por el gobierno republicano traslad\u00e1ndose definitivamente a la provincia de Granada despu\u00e9s de guerra. La situaci\u00f3n de precariedad dio lugar a que muchos enfermos no pudieran ser atendidos y ni siquiera certificadas sus muertes por alg\u00fan facultativo. Espor\u00e1dicamente ayudaron en esta labor el personal sanitario de los destacamentos militares alojados en la villa, siendo frecuentes certificaciones de defunciones realizadas por los propios m\u00e9dicos, Alejandro Rodr\u00edguez Del Val (34) y Toribio Pinaga Ortega, ambos del batall\u00f3n de Obras y Fortificaciones.<\/p>\n\n\n<div class=\"wp-block-image\">\n<figure class=\"alignleft is-resized\"><img loading=\"lazy\" decoding=\"async\" src=\"https:\/\/static.wixstatic.com\/media\/7e23fc_25361a9d4526486d9693037c8f15d8e9~mv2.jpg\/v1\/fill\/w_600,h_356,al_c,q_80,usm_0.66_1.00_0.01,enc_auto\/7e23fc_25361a9d4526486d9693037c8f15d8e9~mv2.jpg\" alt=\"\" width=\"466\" height=\"276\"\/><figcaption class=\"wp-element-caption\"><strong>F\u00e9lix Vicaria G\u00f3mez, junto a su maestro, en la escuela de la Segunda Rep\u00fablica. Fuente: \u201cMemorias de la Guerra Civil Espa\u00f1ola\u201d.&nbsp;<\/strong><\/figcaption><\/figure>\n<\/div>\n\n\n<p><\/p>\n\n\n\n<p>Tampoco los ni\u00f1os y ni\u00f1as contaron con unos servicios docentes que pudiesen atender esa necesidad b\u00e1sica con cierta normalidad. Desde septiembre del 37 se solicitaban dos maestros y dos maestras de primaria al Ministerio de Instrucci\u00f3n P\u00fablica para evitar el abandono que sufr\u00eda la poblaci\u00f3n escolar. En mayo de 1938 se le comunicaba al Director Especial de Lucha contra el Analfabetismo&nbsp;<em>\u201cque en este pueblo funcionan las clases de analfabetos con solo la maestra Dolores Perales Garc\u00eda y que las Brigadas Volantes no han funcionado por no haber llegado a constituirse\u201d. Por su parte, al Director Provincial de 1\u00ba Ense\u00f1anza se le solicitaba por Ignacio Exp\u00f3sito que \u201cordene a los maestros nacionales de esta villa que tienen cerradas sus escuelas desde el 27 de abril \u00faltimo, se reintegren a sus cargos para atender a la poblaci\u00f3n escolar\u201d.<\/em><br>&nbsp; Prosiguiendo en el empe\u00f1o, el Alcalde comunicaba en junio a la Inspectora Jefe de 1\u00aa Ense\u00f1anza de la zona de Ja\u00e9n que&nbsp;<em>\u201clas condiciones actuales de los locales escuelas son buenas aunque todos ellos tienen falta de material, 2\u00aa) Las casas de los maestros se encuentran faltas de algunos cristales y peque\u00f1as reparaciones y sobre todo de limpieza, 3\u00aa) La escuela \u00fanica que funciona con regularidad es la de Dolores Perales Garc\u00eda. Las dem\u00e1s no funcionan por haberse enrolado los maestros en el Ej\u00e9rcito Popular y movilizados otros, y adem\u00e1s algunas maestras se han &nbsp;ausentado. 4\u00aa) El n\u00famero de matriculados en la \u00fanica escuela que funciona es de 40 alumnos. 5\u00aa) La asistencia media durante los dos \u00faltimos meses es de 40 a 45 ni\u00f1os y ni\u00f1as\u201d.<\/em><\/p>\n\n\n\n<p>La cifra de ni\u00f1os y ni\u00f1as que de modo estable se hallaban en la localidad se estimaron entre 250 a 300, a los que habr\u00eda que sumar la poblaci\u00f3n infantil desplazada desde pueblos ocupados por las tropas de Franco. Otra cantidad indeterminada, aunque nada despreciable, se encontraban evacuados junto a sus familias en fincas agr\u00edcolas de And\u00fajar y Villanueva de la Reina, situaci\u00f3n que nos refleja el todav\u00eda &nbsp;ni\u00f1o, F\u00e9lix Vicaria en sus memorias sobre la guerra:&nbsp;<em>\u201cMientras estuvimos en el campo, refugiados en la Cercedilla y en los Pinos, me hice popular entre las mujeres mayores porque ninguna sab\u00eda leer ni escribir. En aquellos tiempos las mujeres no iban a la escuela, y los hombres mayores tampoco; los m\u00e1s j\u00f3venes estaban en el frente. As\u00ed que para poder leer o escribir las cartas, el \u00fanico que sab\u00eda algo era yo. Como hab\u00eda tanta gente, todos los d\u00edas ten\u00eda que escribir dos o tres cartas y leer otras tantas. Y lo contentas que se pon\u00edan cuando recib\u00edan cartas de sus hijos o sus maridos. Miguel, un se\u00f1or de Marmolejo, que ten\u00eda una yegua, era el que tra\u00eda el correo cada tres o cuatro d\u00edas. Iba al pueblo a por mas y los mandados que las mujeres le hac\u00edan.<br>&nbsp; Cuando llegaba Miguel tra\u00eda entre otras cosas el correo. Las mujeres que recib\u00edan cartas, todas quer\u00edan ser las primeras en le\u00e9rselas. Pero lo peor era, el d\u00eda que llegaba Miguel y yo no estaba, como casi siempre. Yo nunca estaba en la casa. Siempre estaba en medio de aquellos olivares, cazando p\u00e1jaros, que era lo que m\u00e1s me gustaba, o buscando esp\u00e1rragos. As\u00ed que el d\u00eda que llegaba Miguel y yo no estaba, las mujeres mandaban un ej\u00e9rcito de ni\u00f1os a buscarme para que no perdiera tiempo en llegar, para poder leerles las cartas.<br>&nbsp; &nbsp;Tambi\u00e9n me mandaba mi madre para traer le\u00f1a para la cocina. Para buscar le\u00f1a nos junt\u00e1bamos todos los ni\u00f1os del caser\u00edo. Y para traer un haz de le\u00f1a, que se pod\u00eda coger en media hora, nos llevaba toda la ma\u00f1ana. Siempre est\u00e1bamos jugando a ver quien sub\u00eda m\u00e1s alto en los olivos. All\u00ed no hab\u00eda guerra, pod\u00edamos andar por donde quer\u00edamos, sin que nadie nos dijera, como en el pueblo: &nbsp;!Tened cuidado, no pas\u00e9is de la esquina de la calle!. Porque en cualquier momento pod\u00edan empezar a tirar ca\u00f1onazos, o venir alg\u00fan avi\u00f3n y tener que correr para esconderte. En el pueblo estaba tan cerca el frente que los ni\u00f1os, cuando sal\u00edamos a las afueras del pueblo, parec\u00eda que estabas dentro de las trincheras. Conoc\u00edamos toda clase de armas que los soldados disparaban. Cada disparo ten\u00eda un sonido, dependiendo del arma que hab\u00eda sido disparada. En cambio en el campo, nada de eso se o\u00eda, s\u00f3lo el silencio y el cantar de los p\u00e1jaros\u2026..As\u00ed pas\u00e1bamos el tiempo los ni\u00f1os refugiados de todos los pueblos de C\u00f3rdoba, que no ten\u00edamos escuela, ni nadie que nos ense\u00f1ara, as\u00ed que perdimos los tres a\u00f1os de guerra. Y despu\u00e9s tampoco, porque tuvimos que trabajar para poder sobrevivir\u201d.<\/em><\/p>\n\n\n\n<p><em>\u200b<\/em><\/p>\n\n\n\n<p>Mientras tanto en Marmolejo la maestra de primaria Ana L\u00f3pez S\u00e1nchez hab\u00eda abandonado la localidad y el maestro Nicol\u00e1s Mu\u00f1oz se ve\u00eda obligado a reclamar al jefe de las Fuerzas Guerrilleras destinadas en la villa la devoluci\u00f3n de la pizarra. Finalmente era movilizado para incorporarse a la milicia. En medio de estas dificultades, la maestra Dolores Perales Garc\u00eda, \u201cDo\u00f1a Lola\u201d como se le conoc\u00eda, profesional de la docencia ciertamente con &nbsp;rasgos de hero\u00edna, despu\u00e9s atender cada d\u00eda &nbsp;su clase diaria de ni\u00f1as, se hac\u00eda cargo por la noche de la Campa\u00f1a contra el Analfabetismo de Adultos emprendida por el Gobierno Republicano.<\/p>\n\n\n\n<p>&nbsp; Paulatinamente continuaron moviliz\u00e1ndose hacia los frentes m\u00e1s reemplazos. Ahora le tocaba el turno a los de los a\u00f1os 1919, 1920 y 1921, hombres mayores que ya no tendr\u00edan que entrar en acci\u00f3n pues el avance de las tropas del general Franco forzaban, a finales de marzo de 1939, la rendici\u00f3n incondicional del ej\u00e9rcito republicano tras de arduas y complejas negociaciones llevadas a cabo por el Gobierno. La \u00faltima sesi\u00f3n plenaria del Ayuntamiento republicano (Consejo Municipal), con temas de puro tr\u00e1mite y ausencia total de decisiones municipales de calado, se celebrar\u00eda el 17 de febrero y as\u00ed qued\u00f3 redactada su acta por el secretario accidental D. Teudiselo Mart\u00ednez Jim\u00e9nez:<\/p>\n\n\n\n<p>\u200b<\/p>\n\n\n\n<p><em>&nbsp; \u201cEn la villa de Marmolejo a diez y siete de Febrero de mil novecientos treinta y nueve, bajo la presidencia del Sr. Alcalde Don Ignacio Exp\u00f3sito &nbsp;Villar, se congreg\u00f3 el Consejo Municipal en el Sal\u00f3n de actos de la Casa Consistorial, para efectuar esta sesi\u00f3n ordinaria en segunda convocatoria toda vez que por falta de Consejeros en suficiente n\u00famero no pudo celebrarse el d\u00eda quince de los corrientes fecha en que correspond\u00eda. Concurren al acto los Consejeros D. Antonio Molina Torralbo, D. Pablo Vicaria Castillejo, D. Juan Coba Pe\u00f1a, D. Sebasti\u00e1n Collado Rold\u00e1n, Don Miguel Per\u00edn Ramos y D. Antonio Per\u00edn Ramos.<br>&nbsp; &nbsp; &nbsp; &nbsp; &nbsp; &nbsp; &nbsp; &nbsp; &nbsp; &nbsp; &nbsp;Abierta la sesi\u00f3n por el Sr. Presidente a la hora de las diez y nueve, dio comienzo por la lectura del acta de la anterior que fue aprobada por unanimidad.<br>&nbsp; &nbsp; &nbsp; &nbsp; &nbsp; &nbsp; &nbsp; &nbsp; &nbsp; &nbsp; Dada cuenta de la correspondencia oficial recibida desde la \u00faltima sesi\u00f3n celebrada, el Consejo qued\u00f3 informado del contenido de la misma acord\u00e1ndose el cumplimiento de las disposiciones que le afecten.<br>&nbsp; &nbsp; &nbsp; &nbsp; &nbsp; &nbsp; &nbsp; &nbsp; &nbsp; &nbsp;Inmediatamente el Sr. Presidente inform\u00f3 a sus compa\u00f1eros de Consejo de que el nueve de los corrientes hab\u00eda despedido al Mecan\u00f3grafo interino de la Secretar\u00eda de este Consejo Pedro Mart\u00ednez Real por insubordinaci\u00f3n manifiesta, cometiendo las faltas de dejar marchar a los mozos de los reemplazos de 1918 y 1917 solos y sin entregarles la lista de embarque para proveerse del correspondiente billete en el ferrocarril y que adem\u00e1s tuvo contestaciones inoportunas para el informante, razones todas ellas que determinaron la despedida de tal funcionario. Al mismo tiempo hace constar que debido al poco personal existente hoy en la Secretar\u00eda con motivo de las actuales movilizaciones, hab\u00eda requerido a la vecina de esta villa Manuela Rela\u00f1o Mart\u00ednez para que se encargue del cargo de referencia, quien ante la premura de los trabajos existentes en las oficinas, hab\u00eda aceptado.<br>&nbsp; &nbsp; &nbsp; &nbsp; &nbsp; &nbsp; &nbsp; &nbsp; &nbsp; &nbsp; &nbsp;Enterada la municipalidad de todo lo expuesto acord\u00f3 por unanimidad dejar firme la actuaci\u00f3n de la presidencia, quedando por consiguiente despedido de su cargo el mencionado Pedro Mart\u00ednez Real y nombrada para el mismo, provisionalmente y con car\u00e1cter interino a la citada Manuela Rela\u00f1o Mart\u00ednez con el haber anual de dos mil setecientas pesetas que tiene tal cargo consignado en presupuesto m\u00e1s el 25% del mismo como subsidio de guerra, mientras duren las actuales circunstancias de guerra.<br>&nbsp; &nbsp; &nbsp; &nbsp; &nbsp; &nbsp; &nbsp; &nbsp; &nbsp; &nbsp; &nbsp; Tambi\u00e9n qued\u00f3 enterada la Corporaci\u00f3n de que el cuatro de los corrientes hab\u00eda fallecido el Inspector farmac\u00e9utico titular de este Consejo Don Tom\u00e1s Calero Arias, acord\u00e1ndose conste en acta el sentimiento de la Municipalidad por tal desgracia y que le sustituya interinamente en el cargo de referencia y con el haber anual que se consigna en el presupuesto vigente.<br>&nbsp; &nbsp; &nbsp; &nbsp; &nbsp; &nbsp; &nbsp; &nbsp; &nbsp;Seguidamente la Presidencia dio cuenta de que con motivo de las recientes movilizaciones se hab\u00eda incorporado al Ej\u00e9rcito activo al auxiliar de esta Secretar\u00eda Manuel Perales Sol\u00eds correspondiente al reemplazo de 1918, quedando acordado que se le reserve la plaza que desempe\u00f1a en propiedad hasta su regreso al ser licenciado.<\/em><\/p>\n\n\n\n<p><em>&nbsp; &nbsp; &nbsp; &nbsp; &nbsp; &nbsp; &nbsp; &nbsp; &nbsp; &nbsp; &nbsp; &nbsp; Debido a que el Consejero Francisco Rodr\u00edguez Pe\u00f1a recientemente hab\u00eda sido declarado por el Tribunal M\u00e9dico Titular apto para servicios auxiliares de primer Grupo, se produc\u00eda una vacante en esta Corporaci\u00f3n y en su consecuencia qued\u00f3 acordado notificar a Radio Comunista Partido a que pertenec\u00eda dicha vacante para que de conformidad con las instrucciones del Excmo. Sr. Gobernador Civil de esta provincia, de 31 de Diciembre \u00faltimo se procediera por dicha Organizaci\u00f3n pol\u00edtica a cubrir la vacante de referencia, d\u00e1ndose cuenta de ella a la primera autoridad civil de la provincia.<br>&nbsp; &nbsp; &nbsp; &nbsp; &nbsp; &nbsp; En tal estado y no habiendo mas asuntos de que tratar, siendo la hora de las veintiuna el Sr. Presidente dio por terminada la sesi\u00f3n extendi\u00e9ndose la presente acta que deben firmar todos los concurrentes a la misma de cuya obligaci\u00f3n les impuse yo, el Secretario accidental que certifico\u201d.<\/em><\/p>\n\n\n\n<p><em>\u200b<\/em><\/p>\n\n\n<div class=\"wp-block-image\">\n<figure class=\"alignright is-resized\"><img loading=\"lazy\" decoding=\"async\" src=\"https:\/\/static.wixstatic.com\/media\/7e23fc_e2d9e2e2b73547a5a7b53385c03c209e~mv2.jpg\/v1\/fill\/w_401,h_388,al_c,q_80,enc_auto\/7e23fc_e2d9e2e2b73547a5a7b53385c03c209e~mv2.jpg\" alt=\"\" width=\"362\" height=\"351\"\/><figcaption class=\"wp-element-caption\"><strong>El maestro de primaria Crist\u00f3bal Parras Sanz fue el primer &nbsp;Presidente de la Comisi\u00f3n Gestora Municipal nombrada por la autoridad militar &nbsp;tras la Guerra Civil. Foto: \u201cMarmolejo: im\u00e1genes de un siglo\u201d.<\/strong><\/figcaption><\/figure>\n<\/div>\n\n\n<p><\/p>\n\n\n\n<p>&nbsp;El final de la contienda en la provincia de Ja\u00e9n, como apunta M\u00aa \u00c1ngeles Vida, llegaba vertiginosamente: \u201cel derrumbe de las \u00faltimas fuerzas republicanas dej\u00f3 a las tierras de Ja\u00e9n pr\u00e1cticamente inermes. El d\u00eda 28 de marzo las tropas \u201cnacionales\u201d sin encontrar apenas resistencia entraban en la provincia ocupando entre otras localidades, Marmolejo y And\u00fajar. Al d\u00eda siguiente ca\u00edan Linares y la propia Capital; tras estas ocupaciones el resto de la provincia segu\u00eda la misma suerte\u201d.<\/p>\n\n\n\n<p>A Marmolejo llegaba el d\u00eda 28 de marzo el 12 Batall\u00f3n del Regimiento de Infanter\u00eda Granada n\u00ba 6, al frente de Pedro Fern\u00e1ndez Garc\u00eda que entr\u00f3 &nbsp;por la carretera de la sierra. Este hecho se quiso conmemorar d\u00edas m\u00e1s tarde por parte de la nueva Comisi\u00f3n Gestora Municipal con la colocaci\u00f3n de una placa conmemorativa en la fachada del Ayuntamiento (35). La constituci\u00f3n del nuevo Ayuntamiento, tras la declaraci\u00f3n del fin del conflicto anunciada el uno de abril por el propio general Francisco Franco en la ciudad de Burgos, se encomend\u00f3 a la Auditoria de Guerra del Ej\u00e9rcito &nbsp;del Sur en la persona del teniente Jos\u00e9 Mar\u00eda Serrano Bulnes. El acto tuvo lugar el dos de abril de all\u00ed sali\u00f3 la primera corporaci\u00f3n de la postguerra presidida por el maestro de primaria Crist\u00f3bal Parras Sanz. Se inauguraba con ello una larga etapa pol\u00edtica de signo autoritario que durar\u00eda hasta las primeras elecciones municipales democr\u00e1ticas de 1979.&nbsp;<\/p>\n\n\n\n<p><strong>&nbsp;Notas y Bibliograf\u00eda:<\/strong><\/p>\n\n\n\n<p>(1) Luis Rius Zen\u00f3n, perteneci\u00f3 al partido de Uni\u00f3n Republicana. Hab\u00eda ocupado el cargo de Presidente de la Diputaci\u00f3n de Cuenca en 1933, y tras el triunfo de Frente Popular, era nombrado Gobernador Civil de Soria en 1936. A la altura del mes de julio de ese mismo a\u00f1o fue nombrado Gobernador Civil de Ja\u00e9n, cargo que desempe\u00f1\u00f3 hasta el mes de agosto, en que era reemplazado por Manuel Mart\u00edn Galeano.<\/p>\n\n\n\n<p>(2) \u201cMis vivencias y recuerdos en la Guerra Civil Espa\u00f1ola\u201d Autor: F\u00e9lix Vicaria G\u00f3mez. Trabajo disponible en internet.<\/p>\n\n\n\n<p>(3) Diario \u201cLa Libertad\u201d, de 30 de julio de 1936, n.\u00ba 5096. Madrid<\/p>\n\n\n\n<p>(4) Alberto Fern\u00e1ndez Ballesteros: Sevilla 1901-M\u00e9xico D.F. 11-09-1972. Diputado por Sevilla capital, elegido en febrero de 1936. El 18 de julio de 1936 viajaba en tren desde Madrid a Sevilla junto a los tambi\u00e9n diputados socialistas, Manuel Barrios Jim\u00e9nez, V\u00edctor Adolfo Carretero Rodr\u00edguez y Jos\u00e9 Moya Navarro. \u00c9l tuvo que bajarse en And\u00fajar por un encargo de la Comisi\u00f3n Ejecutiva de la Federaci\u00f3n de Trabajadores de la Tierra para resolver un conflicto local de los obreros agr\u00edcolas de And\u00fajar, lo que le salv\u00f3 la vida, pues sus tres compa\u00f1eros fueron fusilados al triunfar el golpe militar en Sevilla. Durante la Guerra Civil fue Comisario Inspector del Ej\u00e9rcito de Andaluc\u00eda y Extremadura. Fuente: Fundaci\u00f3n Pablo Iglesias.<\/p>\n\n\n\n<p>(5) Mar\u00eda Teresa Suero Roca: \u201cMilitares republicanos en la Guerra Civil de Espa\u00f1a\u201d. Ed. Pen\u00ednsula Ib\u00e9rica.<\/p>\n\n\n\n<p>(6) Antonio Ja\u00e9n Morente (C\u00f3rdoba 1879-San Jos\u00e9 de Costa Rica, 1964) fue abogado, historiador, profesor, pol\u00edtico y diplom\u00e1tico. En febrero de 1936 era elegido diputado por C\u00f3rdoba en la candidatura de Izquierda Republicana dentro del Frente Popular. El levantamiento militar le sorprendi\u00f3 fuera de C\u00f3rdoba, lo que le permiti\u00f3 salvar la vida y ser en los primeros momentos de la guerra civil uno de los m\u00e1s intensos propagandistas del gobierno republicano. Se uni\u00f3 al general Miaja y desde radio Linares y radio Ja\u00e9n llev\u00f3 a cabo discursos pol\u00edticos en apoyo de la Rep\u00fablica y del ej\u00e9rcito republicano. Fuente: &nbsp;\u201cAntonio Ja\u00e9n Morente, Hijo predilecto de C\u00f3rdoba: biograf\u00eda ilustrada. Autores: \u00c1ngela Gorrell Ja\u00e9n de Mckay, Manuel Toribio y otras. Editorial Utop\u00eda Libro. C\u00f3rdoba 2017.<\/p>\n\n\n\n<p>(7) Diario &nbsp;\u201dLa Libertad\u201d de Madrid, de 16 de agosto de 1936, n.\u00ba &nbsp;5111.<\/p>\n\n\n\n<p>(8) La hoja de servicios de Juan D\u00edaz Criado se inicia &nbsp;con su ingreso en 1920 en la Escuela de Intendencia de aviaci\u00f3n, tras superar los ex\u00e1menes preceptivos en junio de 1919. En enero de 1923 ascend\u00eda a Alf\u00e9rez de Intendencia con destino en la Comandancia de Tropas de Melilla y en octubre de 1925 se le conced\u00eda la cruz roja del m\u00e9rito militar, siendo destinado a la Comandancia de intendencia de Ceuta. Con motivo de la campa\u00f1a de Marruecos era ascendido a teniente de intendencia en noviembre de 1926 y posteriormente a capit\u00e1n. Hacia 1927 se le adjudicaba nuevo destino en Las Palmas como piloto de plantilla de observadores de aeroplanos, puesto que desempe\u00f1ar\u00eda hasta su petici\u00f3n de excedencia en agosto de 1929, pasando a la situaci\u00f3n de supernumerario. Cuando estalla la Guerra Civil &nbsp;se incorpora de nuevo al servicio activo en el lado de los sublevados. El Gobierno del general Franco le recompensaba los servicios prestados promovi\u00e9ndole al generalato y poniendo a su cargo la direcci\u00f3n de los servicios de Intendencia del Ej\u00e9rcito del Aire. Fallec\u00eda en su casa de Marmolejo el 4 de marzo de 1969. El gobierno le concedi\u00f3 a t\u00edtulo p\u00f3stumo el empleo de Intendente General del Aire con efectos de 1 de septiembre de 1970. Juan D\u00edaz Criado estaba casado con &nbsp;la propietaria local Catalina Navarro Parras, popularmente conocida como \u201cLa Aviadora\u201d.<\/p>\n\n\n\n<p>(9) Francisco Moreno G\u00f3mez: \u201cLa Rep\u00fablica y la Guerra Civil en C\u00f3rdoba (I)\u201d. Edita: Diputaci\u00f3n Provincial de C\u00f3rdoba &nbsp;1983.<\/p>\n\n\n\n<p>(10) Testimonio de Antonio Rostaing Lozano, hijo de Claudio Rostaing Pinillos.<\/p>\n\n\n\n<p>(11) Hechos descritos en el informe del alcalde Manuel Flores Vallejo, dirigido al Gobernador Civil, el 21 de enero de 1938, Fuente: Archivo Hist\u00f3rico Nacional de Salamanca.<\/p>\n\n\n\n<p>(12) Manuel Mu\u00f1oz L\u00f3pez: \u201cHistoria y Costumbres de Marmolejo\u201d. Editado por el autor, p\u00e1gina 109. Marmolejo, 1993.<\/p>\n\n\n\n<p>(13) Acta de la Sesi\u00f3n ordinaria de la Comisi\u00f3n Gestora del Ayuntamiento de Marmolejo celebrada el 4 de septiembre de 1939. Los restos fueron trasladados &nbsp;desde Arjonilla, realiz\u00e1ndose un funeral y entierro a las nueve de la ma\u00f1ana del mismo d\u00eda 9 de septiembre, con cargo al cap\u00edtulo de gastos imprevistos del Ayuntamiento de Marmolejo. Fueron invitados a tal acto por parte del alcalde Vicente Orti Garc\u00eda, a las autoridades del Movimiento y Militares destacados en la villa. En relaci\u00f3n a los asesinatos de los sacerdotes Juli\u00e1n Castilla Casado y Tom\u00e1s Aranda Cabrera, v\u00e9ase el estudio titulado \u201cHistoria de la Parroquia de Marmolejo\u201d, de Julio Segurado Cobos, publicado en 2008 e imprimido en Imprenta Reca de Marmolejo.<\/p>\n\n\n\n<p>(14) Mart\u00ednez Bande, J.M.: \u201cLa campa\u00f1a de Andaluc\u00eda\u201d. Editorial San Mart\u00edn. A\u00f1o 1969.<\/p>\n\n\n\n<p>(15) El teniente coronel Juan Hern\u00e1ndez Saravia fue jefe del gabinete militar de Aza\u00f1a. Se retir\u00f3 del ej\u00e9rcito en 1934 con &nbsp;la graduaci\u00f3n de teniente coronel de artiller\u00eda. Era considerado un artillero de grandes conocimientos t\u00e9cnicos. Al comienzo de la guerra estuvo a cargo del frente de C\u00f3rdoba y luego mand\u00f3 la artiller\u00eda del Ej\u00e9rcito del Sur. Fue nombrado Ministro de Guerra por Giral en agosto de 1936. Fuente: P\u00e1gina web \u201cMemoria Republicana: Galer\u00eda de militares republicanos en la Guerra Civil (III)\u201d. Autor: Michael Alpert.<\/p>\n\n\n\n<p>(16) Mart\u00ednez Bande. Obra citada.<\/p>\n\n\n\n<p>(17) Seg\u00fan el Informe del alcalde accidental Antonio Ortega Quesada al Presidente de la Comisi\u00f3n depuradora de la provincia de Ja\u00e9n: \u201cEra Maestro Nacional propietario de la escuela n\u00ba 1 de esta poblaci\u00f3n. Ejerce su cargo desde el a\u00f1o 1932 en que la obtuvo por permuta. Es persona que siempre ha estado alejado de toda clase de luchas pol\u00edticas. Toda su atenci\u00f3n la ha distra\u00eddo la escuela. Sus estudios universitarios y de preparaci\u00f3n profesional y su vida familiar y casera, a la que ha dedicado todas sus horas \u00fatiles. Me consta que en cuantas elecciones ha habido en este pueblo ha votado a los partidos de derechas y en su vida personal se ha destacado siempre por sus creencias religiosas bien patentes. Surge el movimiento y es uno de los hombres m\u00e1s perseguidos de cuantos ejercen la carrera del Magisterio en este pueblo, siendo de los que tuvieron que a media noche ante la persecuci\u00f3n pertinaz de que era objeto, huir al vecino pueblo de And\u00fajar y desde all\u00ed a Arquillos, de esta provincia, donde estuvo oculto durante un mes. Posteriormente fue trasladado 5 veces consecutivas; traslados que eran objeto y obra del tristemente c\u00e9lebre Mart\u00edn Gracia. Fue deportado a Sierra Segura donde ha estado toda la guerra. Al liberarse esta zona se reincorpor\u00f3 al lugar de su destino, siendo recibido con el general contento de estas autoridades y vecinos y en la actualidad ocupa la presidencia de esta comisi\u00f3n gestora del Ayuntamiento. Fuente: Archivo Ayuntamiento de Marmolejo; Libro de Registro de Salida de Documentos, de fecha 6 de diciembre de 1939. Jim\u00e9nez Bustos lleg\u00f3 a Marmolejo en 1932 por permuta con el maestro de primaria D. Juan Novoa Villardefrancos, procedente de la feligres\u00eda de Villaoriz-Villame\u00e1, en la provincia de Lugo. Tuvo sus inicios como maestro interino en la pedan\u00eda de La Victoria dependiente de La Carlota (C\u00f3rdoba). Fuente: \u201cEl Defensor de C\u00f3rdoba\u201d n\u00famero 9995 de 13-4-1929 y diario \u201cLa Libertad\u201d, n\u00famero 3828, de 26 de junio de 1932.<\/p>\n\n\n\n<p>(18) La lista en cuesti\u00f3n fue certificada en la sesi\u00f3n extraordinaria del d\u00eda 21 de enero de 1938 del Consejo Municipal. Fuente: Libro de Actas Capitulares del Ayuntamiento de Marmolejo de 1938.<\/p>\n\n\n\n<p>(19) Este militar republicano lleg\u00f3 a ocupar el puesto de Jefe del gabinete militar del Aza\u00f1a. Se retir\u00f3 del ej\u00e9rcito en 1934 con la graduaci\u00f3n de teniente coronel de artiller\u00eda. Era considerado un artillero de grandes conocimientos t\u00e9cnicos. Al comienzo de la guerra estuvo a cargo del frente de C\u00f3rdoba y luego mand\u00f3 la artiller\u00eda del Ej\u00e9rcito del Sur. Fue nombrado Ministro de Guerra por Giral en agosto de 1936. Fuente: \u201cMemoria Republicana: Galer\u00eda de militares republicanos en la Guerra Civil (III)\u201d P\u00e1gina web. Autor Michael &nbsp;Alpert.<\/p>\n\n\n\n<p>(20) Cesar Vidal Manzanares: \u201cLas Brigadas Internacionales\u201d. Ed. Espasa Calpe. Madrid 2006.<\/p>\n\n\n\n<p>(21)Testimonio de un miliciano que sirvi\u00f3 de gu\u00eda a los brigadistas, recuperado por el loperano Pedro Ruiz Navarro).<\/p>\n\n\n\n<p>(22) Su nombre real era Karol Waclaw Swierczewski (Varsovia, 1897- Jablonki-Polonia, 1947).<\/p>\n\n\n\n<p>(23) F\u00e9lix Vicaria G\u00f3mez: \u201cMis vivencias y recuerdos de la Guerra Civil espa\u00f1ola\u201d. Fecha de su publicaci\u00f3n en internet, mayo de 2016.<\/p>\n\n\n\n<p>(24) Testimonio de Isabel Vicaria P\u00e9rez \u201cLa Palaina\u201d. Isabel contrajo matrimonio con Miguel Barrag\u00e1n, afiliado al Partido Socialista y a la UGT durante la Rep\u00fablica.<\/p>\n\n\n\n<p>(25) Testimonio de Antonio Garc\u00eda Vergara, hijo del socialista hist\u00f3rico, Antonio Garc\u00eda Mart\u00ednez \u201cMaqueano\u201d. Antonio vivi\u00f3 con su familia la di\u00e1spora en el campo de Gibraltar, tras la huelga del 6 de octubre de 1934; luego march\u00f3 a Madrid en la postguerra cuando su padre es encarcelado en la prisi\u00f3n de Porlier, y all\u00ed fijaron su residencia definitivamente, aunque nunca perdi\u00f3 el contacto con su pueblo. (Entrevista realizada en 1988 en casa del afiliado socialista Francisco Lozano Gonz\u00e1lez).<\/p>\n\n\n\n<p>(26) Diario \u201cLa Libertad\u201d, de 6 de marzo de 1937. Editado en Madrid<\/p>\n\n\n\n<p>(27) La primera Comisi\u00f3n de Abastecimientos estuvo formada por su presidente, Jos\u00e9 G\u00f3mez Ruiz (PCE) y dos vocales, Jos\u00e9 Barrag\u00e1n Perales (IR), Manuel Flores Vallejo (UGT), Juan Manuel P\u00e9rez (JSU), Antonio Molina Torralbo (UGT) y Miguel Per\u00edn (UGT).<\/p>\n\n\n\n<p>(28) Diario \u201cLa Libertad\u201d &nbsp;de Madrid, de &nbsp;fecha 16 de agosto de 1936.<\/p>\n\n\n\n<p>(29) Registro de salida de Documentos del Ayuntamiento de Marmolejo de 3 de septiembre de 1938, Archivo Municipal de Marmolejo.<\/p>\n\n\n\n<p>(30) Registro de salida de Documentos del Ayuntamiento de Marmolejo, de 8 de junio de 1938. Archivo Municipal de Marmolejo.<br>(31) Diario \u201cEl Luchador\u201d de Alicante, de 27 de mayo de 1937.<\/p>\n\n\n\n<p>(32) Diario \u201cLa Libertad\u201d de 1 de diciembre de 1938.<\/p>\n\n\n\n<p>(33) Claudimiro S\u00e1nchez El\u00edas: \u201cHistoria de un comunista de base\u201d, p\u00e1gina 25. Editado por el autor, en Ja\u00e9n, a\u00f1o 2004.<\/p>\n\n\n\n<p>(34) Juan Antonio Morales en \u201cII Republica y Guerra Civil en la comarca de Torrijos\u201d, nos dice &nbsp;que este m\u00e9dico era socialista. Al terminar la guerra volvi\u00f3 a Escalona (Toledo) de donde era m\u00e9dico (y parece que natural). All\u00ed fue detenido, apareciendo ahorcado en la c\u00e1rcel local el 12 de agosto de 1939.<\/p>\n\n\n\n<p>(35) Un parte oficial de guerra emitido en Salamanca el 28 de marzo de 1939 dec\u00eda as\u00ed: \u201cNuestras tropas del sur tambi\u00e9n han continuado su avance habi\u00e9ndose ocupado durante la noche pasada el pueblo de Adamuz y hoy los de Chill\u00f3n, Almadenejos, Guadalmez, San Benito, Conquista, Venta de Azuel, Marmolejo, And\u00fajar&#8230;\u201d (Fuente: Diario &nbsp;\u201cEl d\u00eda de Palencia\u201d de 29-3-1939, n\u00ba 15131).<\/p>\n\n\n\n<p>(36) Acta de Constituci\u00f3n Provisional de la Comisi\u00f3n Gestora de Marmolejo: \u201cEn Marmolejo, partido judicial de And\u00fajar, provincia de Ja\u00e9n, a dos de abril de mil novecientos treinta y nueve, III A\u00f1o Triunfal, Don Jos\u00e9 Mar\u00eda Serrano Bulnes, Teniente H. del Cuerpo Jur\u00eddico Militar en nombre del Excmo. Sr. General Jefe del Cuerpo de Ej\u00e9rcito del Sur nombro la Comisi\u00f3n Gestora Provisional de esta localidad, form\u00e1ndola los siguientes se\u00f1ores: Alcalde-Presidente: Don Crist\u00f3bal Parras Sanz. Concejales: Teniente de Alcalde: Don Melchor P\u00e9rez Campoy. Gestores: Francisco Calero Herrero, Don Federico Gal\u00e1n Ruiz y Don Manuel Rela\u00f1o Perales. Secretario: Don Teudiselo Mart\u00ednez Jim\u00e9nez. Estos nombramientos tienen car\u00e1cter provisional y solo subsistir\u00e1n hasta que por las Autoridades que designe el Ministerio del Interior, se proceda a la Constituci\u00f3n definitiva de dichas corporaciones.<br>&nbsp; Si se produjera alguna vacante, se pondr\u00e1 inmediatamente en conocimiento de la Auditor\u00eda de Guerra del Ej\u00e9rcito del Sur, radicante en Linares (Delegaci\u00f3n n.\u00ba 4)\u201d Presentes los mencionados se\u00f1ores JURAN por su honor desempe\u00f1ar fielmente sus respectivas funciones con celo, austeridad, energ\u00eda, inspir\u00e1ndose en las normas de la Espa\u00f1a Nacional y del General\u00edsimo Franco, nuestro glorioso Caudillo, realizando su cometido con la m\u00e1xima rapidez que la acertada resoluci\u00f3n que cada caso exija, en uni\u00f3n de las dem\u00e1s personas a quienes esta Autoridad Militar, designar\u00e1, si lo estima conveniente, para ocupar otros puestos que faciliten el m\u00e1s pr\u00f3ximo restablecimiento de la vida civil en este Municipio. En su virtud quedan en posesi\u00f3n de sus cargos, siendo las doce horas y quince minutos del d\u00eda de hoy\u201d (Fuente: Actas Capitulares del Ayuntamiento de Marmolejo, a\u00f1o de 1939. Archivo Municipal).<\/p>\n","protected":false},"excerpt":{"rendered":"<p>-Manuel Perales Sol\u00eds- Introducci\u00f3n: El presente estudio ha sido elaborado tomando como base los contenidos que en su d\u00eda aparec\u00edan en el cap\u00edtulo dedicado a la Guerra Civil, dentro del trabajo titulado: \u201cLa Memoria Rescatada: 2\u00aa Rep\u00fablica, Guerra Civil y Postguerra\u201d. Nuevos datos e informaciones localizados en el transcurso de una investigaci\u00f3n que siempre es [&hellip;]<\/p>\n","protected":false},"author":1,"featured_media":0,"parent":0,"menu_order":0,"comment_status":"closed","ping_status":"closed","template":"elementor_theme","meta":{"footnotes":""},"class_list":["post-225","page","type-page","status-publish","hentry"],"yoast_head":"<!-- This site is optimized with the Yoast SEO plugin v25.2 - https:\/\/yoast.com\/wordpress\/plugins\/seo\/ -->\n<title>La Guerra Civil en la\u00a0frontera republicana: Marmolejo 1936-1939 - El lugar de Marmolejo<\/title>\n<meta name=\"robots\" content=\"index, follow, max-snippet:-1, max-image-preview:large, max-video-preview:-1\" \/>\n<link rel=\"canonical\" href=\"https:\/\/lugardemarmolejo.es\/?page_id=225\" \/>\n<meta property=\"og:locale\" content=\"es_ES\" \/>\n<meta property=\"og:type\" content=\"article\" \/>\n<meta property=\"og:title\" content=\"La Guerra Civil en la\u00a0frontera republicana: Marmolejo 1936-1939 - El lugar de Marmolejo\" \/>\n<meta property=\"og:description\" content=\"-Manuel Perales Sol\u00eds- Introducci\u00f3n: El presente estudio ha sido elaborado tomando como base los contenidos que en su d\u00eda aparec\u00edan en el cap\u00edtulo dedicado a la Guerra Civil, dentro del trabajo titulado: \u201cLa Memoria Rescatada: 2\u00aa Rep\u00fablica, Guerra Civil y Postguerra\u201d. Nuevos datos e informaciones localizados en el transcurso de una investigaci\u00f3n que siempre es [&hellip;]\" \/>\n<meta property=\"og:url\" content=\"https:\/\/lugardemarmolejo.es\/?page_id=225\" \/>\n<meta property=\"og:site_name\" content=\"El lugar de Marmolejo\" \/>\n<meta property=\"article:modified_time\" content=\"2023-07-23T09:44:22+00:00\" \/>\n<meta property=\"og:image\" content=\"https:\/\/static.wixstatic.com\/media\/7e23fc_2405150395e44c17b3a2e44550a22e48~mv2.jpg\/v1\/fill\/w_394,h_320,al_c,q_80,usm_0.66_1.00_0.01,enc_auto\/7e23fc_2405150395e44c17b3a2e44550a22e48~mv2.jpg\" \/>\n<meta name=\"twitter:card\" content=\"summary_large_image\" \/>\n<meta name=\"twitter:label1\" content=\"Tiempo de lectura\" \/>\n\t<meta name=\"twitter:data1\" content=\"105 minutos\" \/>\n<script type=\"application\/ld+json\" class=\"yoast-schema-graph\">{\"@context\":\"https:\/\/schema.org\",\"@graph\":[{\"@type\":\"WebPage\",\"@id\":\"https:\/\/lugardemarmolejo.es\/?page_id=225\",\"url\":\"https:\/\/lugardemarmolejo.es\/?page_id=225\",\"name\":\"La Guerra Civil en la\u00a0frontera republicana: Marmolejo 1936-1939 - El lugar de Marmolejo\",\"isPartOf\":{\"@id\":\"https:\/\/lugardemarmolejo.es\/#website\"},\"primaryImageOfPage\":{\"@id\":\"https:\/\/lugardemarmolejo.es\/?page_id=225#primaryimage\"},\"image\":{\"@id\":\"https:\/\/lugardemarmolejo.es\/?page_id=225#primaryimage\"},\"thumbnailUrl\":\"https:\/\/static.wixstatic.com\/media\/7e23fc_2405150395e44c17b3a2e44550a22e48~mv2.jpg\/v1\/fill\/w_394,h_320,al_c,q_80,usm_0.66_1.00_0.01,enc_auto\/7e23fc_2405150395e44c17b3a2e44550a22e48~mv2.jpg\",\"datePublished\":\"2023-07-15T07:22:41+00:00\",\"dateModified\":\"2023-07-23T09:44:22+00:00\",\"breadcrumb\":{\"@id\":\"https:\/\/lugardemarmolejo.es\/?page_id=225#breadcrumb\"},\"inLanguage\":\"es\",\"potentialAction\":[{\"@type\":\"ReadAction\",\"target\":[\"https:\/\/lugardemarmolejo.es\/?page_id=225\"]}]},{\"@type\":\"ImageObject\",\"inLanguage\":\"es\",\"@id\":\"https:\/\/lugardemarmolejo.es\/?page_id=225#primaryimage\",\"url\":\"https:\/\/static.wixstatic.com\/media\/7e23fc_2405150395e44c17b3a2e44550a22e48~mv2.jpg\/v1\/fill\/w_394,h_320,al_c,q_80,usm_0.66_1.00_0.01,enc_auto\/7e23fc_2405150395e44c17b3a2e44550a22e48~mv2.jpg\",\"contentUrl\":\"https:\/\/static.wixstatic.com\/media\/7e23fc_2405150395e44c17b3a2e44550a22e48~mv2.jpg\/v1\/fill\/w_394,h_320,al_c,q_80,usm_0.66_1.00_0.01,enc_auto\/7e23fc_2405150395e44c17b3a2e44550a22e48~mv2.jpg\"},{\"@type\":\"BreadcrumbList\",\"@id\":\"https:\/\/lugardemarmolejo.es\/?page_id=225#breadcrumb\",\"itemListElement\":[{\"@type\":\"ListItem\",\"position\":1,\"name\":\"Portada\",\"item\":\"https:\/\/lugardemarmolejo.es\/\"},{\"@type\":\"ListItem\",\"position\":2,\"name\":\"La Guerra Civil en la\u00a0frontera republicana: Marmolejo 1936-1939\"}]},{\"@type\":\"WebSite\",\"@id\":\"https:\/\/lugardemarmolejo.es\/#website\",\"url\":\"https:\/\/lugardemarmolejo.es\/\",\"name\":\"El lugar de Marmolejo\",\"description\":\"\",\"potentialAction\":[{\"@type\":\"SearchAction\",\"target\":{\"@type\":\"EntryPoint\",\"urlTemplate\":\"https:\/\/lugardemarmolejo.es\/?s={search_term_string}\"},\"query-input\":{\"@type\":\"PropertyValueSpecification\",\"valueRequired\":true,\"valueName\":\"search_term_string\"}}],\"inLanguage\":\"es\"}]}<\/script>\n<!-- \/ Yoast SEO plugin. -->","yoast_head_json":{"title":"La Guerra Civil en la\u00a0frontera republicana: Marmolejo 1936-1939 - El lugar de Marmolejo","robots":{"index":"index","follow":"follow","max-snippet":"max-snippet:-1","max-image-preview":"max-image-preview:large","max-video-preview":"max-video-preview:-1"},"canonical":"https:\/\/lugardemarmolejo.es\/?page_id=225","og_locale":"es_ES","og_type":"article","og_title":"La Guerra Civil en la\u00a0frontera republicana: Marmolejo 1936-1939 - El lugar de Marmolejo","og_description":"-Manuel Perales Sol\u00eds- Introducci\u00f3n: El presente estudio ha sido elaborado tomando como base los contenidos que en su d\u00eda aparec\u00edan en el cap\u00edtulo dedicado a la Guerra Civil, dentro del trabajo titulado: \u201cLa Memoria Rescatada: 2\u00aa Rep\u00fablica, Guerra Civil y Postguerra\u201d. Nuevos datos e informaciones localizados en el transcurso de una investigaci\u00f3n que siempre es [&hellip;]","og_url":"https:\/\/lugardemarmolejo.es\/?page_id=225","og_site_name":"El lugar de Marmolejo","article_modified_time":"2023-07-23T09:44:22+00:00","og_image":[{"url":"https:\/\/static.wixstatic.com\/media\/7e23fc_2405150395e44c17b3a2e44550a22e48~mv2.jpg\/v1\/fill\/w_394,h_320,al_c,q_80,usm_0.66_1.00_0.01,enc_auto\/7e23fc_2405150395e44c17b3a2e44550a22e48~mv2.jpg","type":"","width":"","height":""}],"twitter_card":"summary_large_image","twitter_misc":{"Tiempo de lectura":"105 minutos"},"schema":{"@context":"https:\/\/schema.org","@graph":[{"@type":"WebPage","@id":"https:\/\/lugardemarmolejo.es\/?page_id=225","url":"https:\/\/lugardemarmolejo.es\/?page_id=225","name":"La Guerra Civil en la\u00a0frontera republicana: Marmolejo 1936-1939 - El lugar de Marmolejo","isPartOf":{"@id":"https:\/\/lugardemarmolejo.es\/#website"},"primaryImageOfPage":{"@id":"https:\/\/lugardemarmolejo.es\/?page_id=225#primaryimage"},"image":{"@id":"https:\/\/lugardemarmolejo.es\/?page_id=225#primaryimage"},"thumbnailUrl":"https:\/\/static.wixstatic.com\/media\/7e23fc_2405150395e44c17b3a2e44550a22e48~mv2.jpg\/v1\/fill\/w_394,h_320,al_c,q_80,usm_0.66_1.00_0.01,enc_auto\/7e23fc_2405150395e44c17b3a2e44550a22e48~mv2.jpg","datePublished":"2023-07-15T07:22:41+00:00","dateModified":"2023-07-23T09:44:22+00:00","breadcrumb":{"@id":"https:\/\/lugardemarmolejo.es\/?page_id=225#breadcrumb"},"inLanguage":"es","potentialAction":[{"@type":"ReadAction","target":["https:\/\/lugardemarmolejo.es\/?page_id=225"]}]},{"@type":"ImageObject","inLanguage":"es","@id":"https:\/\/lugardemarmolejo.es\/?page_id=225#primaryimage","url":"https:\/\/static.wixstatic.com\/media\/7e23fc_2405150395e44c17b3a2e44550a22e48~mv2.jpg\/v1\/fill\/w_394,h_320,al_c,q_80,usm_0.66_1.00_0.01,enc_auto\/7e23fc_2405150395e44c17b3a2e44550a22e48~mv2.jpg","contentUrl":"https:\/\/static.wixstatic.com\/media\/7e23fc_2405150395e44c17b3a2e44550a22e48~mv2.jpg\/v1\/fill\/w_394,h_320,al_c,q_80,usm_0.66_1.00_0.01,enc_auto\/7e23fc_2405150395e44c17b3a2e44550a22e48~mv2.jpg"},{"@type":"BreadcrumbList","@id":"https:\/\/lugardemarmolejo.es\/?page_id=225#breadcrumb","itemListElement":[{"@type":"ListItem","position":1,"name":"Portada","item":"https:\/\/lugardemarmolejo.es\/"},{"@type":"ListItem","position":2,"name":"La Guerra Civil en la\u00a0frontera republicana: Marmolejo 1936-1939"}]},{"@type":"WebSite","@id":"https:\/\/lugardemarmolejo.es\/#website","url":"https:\/\/lugardemarmolejo.es\/","name":"El lugar de Marmolejo","description":"","potentialAction":[{"@type":"SearchAction","target":{"@type":"EntryPoint","urlTemplate":"https:\/\/lugardemarmolejo.es\/?s={search_term_string}"},"query-input":{"@type":"PropertyValueSpecification","valueRequired":true,"valueName":"search_term_string"}}],"inLanguage":"es"}]}},"_links":{"self":[{"href":"https:\/\/lugardemarmolejo.es\/index.php?rest_route=\/wp\/v2\/pages\/225","targetHints":{"allow":["GET"]}}],"collection":[{"href":"https:\/\/lugardemarmolejo.es\/index.php?rest_route=\/wp\/v2\/pages"}],"about":[{"href":"https:\/\/lugardemarmolejo.es\/index.php?rest_route=\/wp\/v2\/types\/page"}],"author":[{"embeddable":true,"href":"https:\/\/lugardemarmolejo.es\/index.php?rest_route=\/wp\/v2\/users\/1"}],"replies":[{"embeddable":true,"href":"https:\/\/lugardemarmolejo.es\/index.php?rest_route=%2Fwp%2Fv2%2Fcomments&post=225"}],"version-history":[{"count":3,"href":"https:\/\/lugardemarmolejo.es\/index.php?rest_route=\/wp\/v2\/pages\/225\/revisions"}],"predecessor-version":[{"id":242,"href":"https:\/\/lugardemarmolejo.es\/index.php?rest_route=\/wp\/v2\/pages\/225\/revisions\/242"}],"wp:attachment":[{"href":"https:\/\/lugardemarmolejo.es\/index.php?rest_route=%2Fwp%2Fv2%2Fmedia&parent=225"}],"curies":[{"name":"wp","href":"https:\/\/api.w.org\/{rel}","templated":true}]}}