{"id":217,"date":"2023-07-15T07:02:59","date_gmt":"2023-07-15T07:02:59","guid":{"rendered":"https:\/\/lugardemarmolejo.es\/?page_id=217"},"modified":"2023-07-23T09:43:30","modified_gmt":"2023-07-23T09:43:30","slug":"feliciana-jimenez-de-coca-y-perez-condesa-viuda-de-villaverde-la-alta-y-marquesa-viuda-de-benameji-su-entierro-en-la-iglesia-de-escalera-a-traves-de-la-prensa-de-la-epoca","status":"publish","type":"page","link":"https:\/\/lugardemarmolejo.es\/?page_id=217","title":{"rendered":"Feliciana Jim\u00e9nez de Coca y P\u00e9rez, condesa viuda de Villaverde la Alta y Marquesa viuda de Benamej\u00ed: su entierro en la Iglesia de Escalera a trav\u00e9s de la prensa de la \u00e9poca"},"content":{"rendered":"\n<h1 class=\"wp-block-heading\"><\/h1>\n\n\n\n<h4 class=\"wp-block-heading\"><strong>-Manuel Perales Sol\u00eds-<\/strong><\/h4>\n\n\n\n<h4 class=\"wp-block-heading\">\u200b<\/h4>\n\n\n\n<p>Feliciana fue la compa\u00f1era en vida, que no esposa, del marqu\u00e9s de Benamej\u00ed, Francisco de Paula Bernuy Aguayo, tambi\u00e9n quinto conde de Villaverde la Alta, con el que contrajo matrimonio \u201cin articulo mortis\u201d el 25 de marzo de 1866 en la casa del marqu\u00e9s en C\u00f3rdoba (1). Con este pr\u00f3cer cordob\u00e9s tuvo dos hijas, Mar\u00eda Teresa (sexta condesa de Villaverde la Alta), casada con Teodoro Martel (hijo de la condesa de Torres Cabrera); Mar\u00eda del Carmen, casada con Mariano de Aguayo Fern\u00e1ndez de Mesa (cuarto marqu\u00e9s de Villaverde de Aguayo) y un hijo, Juan de Dios Bernuy, &nbsp;heredero del t\u00edtulo de &nbsp;marqu\u00e9s de Benamej\u00ed, casado pero sin sucesi\u00f3n.<\/p>\n\n\n\n<p>\u200b<\/p>\n\n\n\n<p>Hab\u00eda nacido en Bujalance el 5 de julio de 1815, lugar donde se encontraba de visita cuando le sorprendi\u00f3 la muerte el 18 de abril de 1882, a la edad de 66 a\u00f1os, &nbsp;casualmente horas antes de &nbsp;partir para C\u00f3rdoba. El diario de esa capital (3) se hizo eco de la noticia en la edici\u00f3n del d\u00eda siguiente, dado el calado social del personaje. Pero sobre todo, en la del d\u00eda veintid\u00f3s, se ampliaba &nbsp;con m\u00e1ximo detalle los momentos de su funeral y entierro celebrado &nbsp;el d\u00eda posterior a su muerte en la finca de Escalera del t\u00e9rmino municipal de Montoro:<\/p>\n\n\n\n<p>&nbsp; \u201cEl mi\u00e9rcoles por la ma\u00f1ana tuvo lugar en la ciudad de Bujalance el funeral por el eterno descanso de la finada, los restos colocados en un magn\u00edfico f\u00e9retro, y \u00e9ste en un lujoso carro f\u00fanebre llevado de esta capital, precedidos del clero y seguidos de un numeros\u00edsimo duelo, fueron trasladados \u00e1 la puerta de la iglesia parroquial donde se enton\u00f3 un responso, y de all\u00ed \u00e1 la iglesia del Carmen, \u00e1 la salida de la poblaci\u00f3n, donde se repiti\u00f3 la misma ceremonia, y donde se despidi\u00f3 el clero y el duelo. Desde este lugar parti\u00f3 la funebre comitiva entre la multitud que se agolpaba por los caminos, siguiendo el carro mortuorio en cuatro carruajes, varios parientes y amigos de la ilustre familia, acompa\u00f1ando al Sr. Marqu\u00e9s de Villaverde, hijo pol\u00edtico de la finada, y que por hallarse ausentes los dem\u00e1s hijos, ha sido el \u00fanico encargado en todos los pormenores de esta ceremonia, que ha realizado con acierto y discrecci\u00f3n que le son propias. He aqu\u00ed ahora lo que, acerca de la llegada a Pedro Abad, nos dice nuestro activo corresponsal de aquel pueblo: \u201cEl paso por este pueblo del cad\u00e1ver de la Excelent\u00edsima Sra. Marquesa viuda de Benamej\u00ed, ha sido un acontecimiento. Su llegada tuvo lugar entre diez y once de la ma\u00f1ana, y se anunci\u00f3 con un doble general de campanas, present\u00e1ndose el clero a la entrada de la poblaci\u00f3n donde recibi\u00f3 el cad\u00e1ver, conducido en un magn\u00edfico carro f\u00fanebre tirado por dos enlutados caballos y seguido de cuatro carruajes ocupados por el Se\u00f1or Marqu\u00e9s de Villaverde, hijo de este pueblo, con los parientes y amigos que le acompa\u00f1aban a los que agregaron ocho coches m\u00e1s. A la entrada, en las calles del centro y \u00e1 la salida se entonaron tres responsos, siendo numeroso el duelo y extraordinaria la concurrencia por todas partes. Entre el primero recuerdo al los Sres. D. Antonio Porras, hermano pol\u00edtico del Se\u00f1or Marqu\u00e9s, Don Mariano Fern\u00e1ndez de Mesa (4), Don Francisco Porras Ayll\u00f3n, D. Francisco Porras P\u00e9rez y hermanos, Don Pedro Cabeza, Don Antonio Garc\u00eda, Don Blas Cort\u00e9s y otros Se\u00f1ores. &nbsp; Entre la multitud se advert\u00edan se\u00f1ales de verdadero sentimiento, y todos se dirig\u00edan al Se\u00f1or Marqu\u00e9s de Villaverde, cuyos actos caritativos tanto se repiten en este pueblo\u201d.<\/p>\n\n\n<div class=\"wp-block-image\">\n<figure class=\"alignleft is-resized\"><img fetchpriority=\"high\" decoding=\"async\" src=\"https:\/\/static.wixstatic.com\/media\/7e23fc_37b4a0c07f9b458792b867ee95d0b3d7~mv2.jpg\/v1\/fill\/w_367,h_709,al_c,q_80,usm_0.66_1.00_0.01,enc_auto\/7e23fc_37b4a0c07f9b458792b867ee95d0b3d7~mv2.jpg\" alt=\"\" width=\"279\" height=\"539\"\/><figcaption class=\"wp-element-caption\"><strong>El marqu\u00e9s de Benamej\u00ed acompa\u00f1 a la reina Isabel II con motivo de su viaje a C\u00f3rdoba en septiembre de 1862. Fuente: Cuadro al \u00f3leo del Ayuntamiento de Sevilla&nbsp;de autor an\u00f3nimo (2).<\/strong><\/figcaption><\/figure>\n<\/div>\n\n\n<p><\/p>\n\n\n\n<p>Continuando su marcha la f\u00fanebre comitiva atraves\u00f3 las calles de Villa del R\u00edo en la misma forma que las de Pedro Abad, presidida del clero parroquial, que enton\u00f3 sus tres responsos a la entrada, a la salida, y en el centro de la poblaci\u00f3n, cuyos habitantes ocupaban todas las calles de la carrera y los campos inmediatos hasta el r\u00edo, presenciando la operaci\u00f3n del paso de una \u00e1 otra orilla del Guadalquivir. Una vez en la margen derecha emprendieron el camino de la magn\u00edfica hacienda de Escalera, \u00e1 la que llegaron a las ocho y media de la noche, precedidos de gran n\u00famero de dependientes del se\u00f1or Marqu\u00e9s, que con los instrumentos necesarios iban arreglando de una manera conveniente los &nbsp;parages dif\u00edciles del camino. Pr\u00f3ximo \u00e1 la gran casa esperaban el clero parroquial de Montoro y unos cien dependientes del Se\u00f1or Conde de Villaverde la Alta, con hachas encendidas, y todos se dirigieron en el orden y forma correspondiente \u00e1 la magn\u00edfica iglesia donde los restos deb\u00edan depositarse. All\u00ed quedaron despu\u00e9s de las preces y c\u00e1nticos propios del momento hasta el siguiente d\u00eda. A las cinco de la ma\u00f1ana de anteayer empezaron \u00e1 decirse misas por el descanso eterno de la finada, y \u00e1 las seis se di\u00f3 principio al funeral solemne y misa de cuerpo presente, despu\u00e9s de lo cual se di\u00f3 sepultura al cad\u00e1ver en el lugar en que interinamente ha de permanecer hasta la construcci\u00f3n del sepulcro definitivo. Muchos y tristes momentos ha habido para los asistentes \u00e1 este acto, especialmente el de la llegada a Escalera en medio de las tinieblas de la noche, pero la solemnidad con que se ha realizado y la parte que han tomado todos los pueblos y habitantes de los caser\u00edos inmediatos, servir\u00e1n sin duda de alg\u00fan consuelo \u00e1 sus atribulados hijos\u201d.<\/p>\n\n\n\n<p>\u200b<\/p>\n\n\n\n<p><strong>Notas:<\/strong><\/p>\n\n\n\n<p>(1) Seg\u00fan Juan Francisco C\u00f3rdoba Garc\u00eda: \u201cDon Francisco de Paula permaneci\u00f3 soltero siempre, como amante de Do\u00f1a Feliciana, de diferente clase social, haciendo caso omiso a las convicciones sociales y de las normas cortesanas. S\u00f3lo se cas\u00f3 con Do\u00f1a Feliciana \u201cin articulo mortis\u201d, matrimonio que se llev\u00f3 a cabo con objeto de legitimar la uni\u00f3n y de que sus hijos pudieran heredar t\u00edtulos y propiedades. As\u00ed do\u00f1a Feliciana pas\u00f3 a ser marquesa viuda de Benamej\u00ed, con gran disgusto y desencanto de la familia de Don Francisco de Paula, que ya daba por hecho que iba a heredar todos sus bienes y t\u00edtulos\u2026..La historia de Don Francisco de Paula y Do\u00f1a Feliciana es una historia de amor rom\u00e1ntico muy t\u00edpica de la \u00e9poca\u201d. Seg\u00fan \u00a0\u00e9ste mismo autor los restos mortales de Francisco de Paula Bernuy y de Feliciana Jim\u00e9nez de Coca, junto a los de los padres de Francisco de Paula, que reposaban en los sepulcros de la iglesia de Escalera ser\u00edan trasladados al cementerio de Villa del R\u00edo hacia 1924 por mandato del marqu\u00e9s de Viana, propietario en esa fecha de la finca de Escalera. \u00a0Hacia 1996 con motivo de unas obras en el cementerio, los restos del VIII marqu\u00e9s de Benamej\u00ed \u00a0y V conde de Villaverde la Alta y los de su esposa Feliciana Jim\u00e9nez de Coca, fueron desenterrados, apareciendo el cad\u00e1ver de Francisco de Paula con la misma vestimenta que aparece en el retrato publicado m\u00e1s arriba, existente en el Ayuntamiento de Sevilla. Ve\u00e1se su interesante art\u00edculo denominado \u201cMontoro, el molino de Escalera, referencias hist\u00f3ricas\u201d, publicado en \u201cCulturaruralmontoro.com\u201d y en \u201cPasi\u00f3n por Montoro\u201d.<\/p>\n\n\n<div class=\"wp-block-image\">\n<figure class=\"alignleft is-resized\"><img decoding=\"async\" src=\"https:\/\/static.wixstatic.com\/media\/7e23fc_e0cf6e81b49e40c4af74c65704793a7e~mv2.jpg\/v1\/fill\/w_367,h_308,al_c,q_80,usm_0.66_1.00_0.01,enc_auto\/7e23fc_e0cf6e81b49e40c4af74c65704793a7e~mv2.jpg\" alt=\"\" width=\"338\" height=\"284\"\/><figcaption class=\"wp-element-caption\"><strong>Caser\u00eda de Escalera. Foto: Ricardo Fern\u00e1ndez Perales<\/strong><\/figcaption><\/figure>\n<\/div>\n\n\n<p>(2) Este \u00f3leo de autor an\u00f3nimo representa al marqu\u00e9s de Benamej\u00ed del brazo de la reina Isabel II, en el momento de su llegada a la Huerta de San Antonio en las cercan\u00edas de C\u00f3rdoba junto al antiguo camino de las Ermitas, hoy carretera de Trassierra, que era propiedad del marqu\u00e9s. La visita a C\u00f3rdoba de la reina tuvo lugar entre el 14 y el 17 de septiembre, siendo el 16 cuando se celebr\u00f3 un almuerzo ofrecido por el marqu\u00e9s de Benamej\u00ed en la citada huerta, despu\u00e9s de que la comitiva regia hubiese visitado las Ermitas en la sierra cordobesa en un carruaje traido por Francisco de Paula Bernuy desde Par\u00eds tirado, seg\u00fan la prensa (\u201cLa Correspondencia de Espa\u00f1a\u201d, de 9 de septiembre de 1862), por seis yeguas de su propia ganader\u00eda. Segu\u00edan a la soberana &nbsp;el Principe de Asturias (futuro Alfonso XII) y su hermana mayor la Infanta Isabel. Este \u00f3leo de grandes dimensiones fue adquirido por el Ayuntamiento de Sevilla en 1929. El desvelo y atenciones del marqu\u00e9s de Benamej\u00ed para con Isabel II durante los tres d\u00edas de la visita a la ciudad de los califas, le vali\u00f3 recibir el t\u00edtulo de Duque de San Antonio. (\u201cCorrespondencia de Espa\u00f1a\u201d de los d\u00edas 17 y 18 de septiembre de 1862, en &nbsp;ambos n\u00fameros se dieron todos los detalles de la visita de Isabel II por Andaluc\u00eda).<br>(3) Diario C\u00f3rdoba de los d\u00edas 19 y 22 de abril de 1882, n\u00fameros 9.554 y 9.557.<br>(4) Se refiere a Mariano Aguayo Fern\u00e1ndez de Mesa, cuarto marqu\u00e9s de Villaverde de Aguayo.<\/p>\n\n\n\n<p><\/p>\n","protected":false},"excerpt":{"rendered":"<p>-Manuel Perales Sol\u00eds- \u200b Feliciana fue la compa\u00f1era en vida, que no esposa, del marqu\u00e9s de Benamej\u00ed, Francisco de Paula Bernuy Aguayo, tambi\u00e9n quinto conde de Villaverde la Alta, con el que contrajo matrimonio \u201cin articulo mortis\u201d el 25 de marzo de 1866 en la casa del marqu\u00e9s en C\u00f3rdoba (1). Con este pr\u00f3cer cordob\u00e9s [&hellip;]<\/p>\n","protected":false},"author":1,"featured_media":0,"parent":0,"menu_order":0,"comment_status":"closed","ping_status":"closed","template":"elementor_theme","meta":{"footnotes":""},"class_list":["post-217","page","type-page","status-publish","hentry"],"yoast_head":"<!-- This site is optimized with the Yoast SEO plugin v25.2 - https:\/\/yoast.com\/wordpress\/plugins\/seo\/ -->\n<title>Feliciana Jim\u00e9nez de Coca y P\u00e9rez, condesa viuda de Villaverde la Alta y Marquesa viuda de Benamej\u00ed: su entierro en la Iglesia de Escalera a trav\u00e9s de la prensa de la \u00e9poca - El lugar de Marmolejo<\/title>\n<meta name=\"robots\" content=\"index, follow, max-snippet:-1, max-image-preview:large, max-video-preview:-1\" \/>\n<link rel=\"canonical\" href=\"https:\/\/lugardemarmolejo.es\/?page_id=217\" \/>\n<meta property=\"og:locale\" content=\"es_ES\" \/>\n<meta property=\"og:type\" content=\"article\" \/>\n<meta property=\"og:title\" content=\"Feliciana Jim\u00e9nez de Coca y P\u00e9rez, condesa viuda de Villaverde la Alta y Marquesa viuda de Benamej\u00ed: su entierro en la Iglesia de Escalera a trav\u00e9s de la prensa de la \u00e9poca - El lugar de Marmolejo\" \/>\n<meta property=\"og:description\" content=\"-Manuel Perales Sol\u00eds- \u200b Feliciana fue la compa\u00f1era en vida, que no esposa, del marqu\u00e9s de Benamej\u00ed, Francisco de Paula Bernuy Aguayo, tambi\u00e9n quinto conde de Villaverde la Alta, con el que contrajo matrimonio \u201cin articulo mortis\u201d el 25 de marzo de 1866 en la casa del marqu\u00e9s en C\u00f3rdoba (1). Con este pr\u00f3cer cordob\u00e9s [&hellip;]\" \/>\n<meta property=\"og:url\" content=\"https:\/\/lugardemarmolejo.es\/?page_id=217\" \/>\n<meta property=\"og:site_name\" content=\"El lugar de Marmolejo\" \/>\n<meta property=\"article:modified_time\" content=\"2023-07-23T09:43:30+00:00\" \/>\n<meta property=\"og:image\" content=\"https:\/\/static.wixstatic.com\/media\/7e23fc_37b4a0c07f9b458792b867ee95d0b3d7~mv2.jpg\/v1\/fill\/w_367,h_709,al_c,q_80,usm_0.66_1.00_0.01,enc_auto\/7e23fc_37b4a0c07f9b458792b867ee95d0b3d7~mv2.jpg\" \/>\n<meta name=\"twitter:card\" content=\"summary_large_image\" \/>\n<meta name=\"twitter:label1\" content=\"Tiempo de lectura\" \/>\n\t<meta name=\"twitter:data1\" content=\"8 minutos\" \/>\n<script type=\"application\/ld+json\" class=\"yoast-schema-graph\">{\"@context\":\"https:\/\/schema.org\",\"@graph\":[{\"@type\":\"WebPage\",\"@id\":\"https:\/\/lugardemarmolejo.es\/?page_id=217\",\"url\":\"https:\/\/lugardemarmolejo.es\/?page_id=217\",\"name\":\"Feliciana Jim\u00e9nez de Coca y P\u00e9rez, condesa viuda de Villaverde la Alta y Marquesa viuda de Benamej\u00ed: su entierro en la Iglesia de Escalera a trav\u00e9s de la prensa de la \u00e9poca - El lugar de Marmolejo\",\"isPartOf\":{\"@id\":\"https:\/\/lugardemarmolejo.es\/#website\"},\"primaryImageOfPage\":{\"@id\":\"https:\/\/lugardemarmolejo.es\/?page_id=217#primaryimage\"},\"image\":{\"@id\":\"https:\/\/lugardemarmolejo.es\/?page_id=217#primaryimage\"},\"thumbnailUrl\":\"https:\/\/static.wixstatic.com\/media\/7e23fc_37b4a0c07f9b458792b867ee95d0b3d7~mv2.jpg\/v1\/fill\/w_367,h_709,al_c,q_80,usm_0.66_1.00_0.01,enc_auto\/7e23fc_37b4a0c07f9b458792b867ee95d0b3d7~mv2.jpg\",\"datePublished\":\"2023-07-15T07:02:59+00:00\",\"dateModified\":\"2023-07-23T09:43:30+00:00\",\"breadcrumb\":{\"@id\":\"https:\/\/lugardemarmolejo.es\/?page_id=217#breadcrumb\"},\"inLanguage\":\"es\",\"potentialAction\":[{\"@type\":\"ReadAction\",\"target\":[\"https:\/\/lugardemarmolejo.es\/?page_id=217\"]}]},{\"@type\":\"ImageObject\",\"inLanguage\":\"es\",\"@id\":\"https:\/\/lugardemarmolejo.es\/?page_id=217#primaryimage\",\"url\":\"https:\/\/static.wixstatic.com\/media\/7e23fc_37b4a0c07f9b458792b867ee95d0b3d7~mv2.jpg\/v1\/fill\/w_367,h_709,al_c,q_80,usm_0.66_1.00_0.01,enc_auto\/7e23fc_37b4a0c07f9b458792b867ee95d0b3d7~mv2.jpg\",\"contentUrl\":\"https:\/\/static.wixstatic.com\/media\/7e23fc_37b4a0c07f9b458792b867ee95d0b3d7~mv2.jpg\/v1\/fill\/w_367,h_709,al_c,q_80,usm_0.66_1.00_0.01,enc_auto\/7e23fc_37b4a0c07f9b458792b867ee95d0b3d7~mv2.jpg\"},{\"@type\":\"BreadcrumbList\",\"@id\":\"https:\/\/lugardemarmolejo.es\/?page_id=217#breadcrumb\",\"itemListElement\":[{\"@type\":\"ListItem\",\"position\":1,\"name\":\"Portada\",\"item\":\"https:\/\/lugardemarmolejo.es\/\"},{\"@type\":\"ListItem\",\"position\":2,\"name\":\"Feliciana Jim\u00e9nez de Coca y P\u00e9rez, condesa viuda de Villaverde la Alta y Marquesa viuda de Benamej\u00ed: su entierro en la Iglesia de Escalera a trav\u00e9s de la prensa de la \u00e9poca\"}]},{\"@type\":\"WebSite\",\"@id\":\"https:\/\/lugardemarmolejo.es\/#website\",\"url\":\"https:\/\/lugardemarmolejo.es\/\",\"name\":\"El lugar de Marmolejo\",\"description\":\"\",\"potentialAction\":[{\"@type\":\"SearchAction\",\"target\":{\"@type\":\"EntryPoint\",\"urlTemplate\":\"https:\/\/lugardemarmolejo.es\/?s={search_term_string}\"},\"query-input\":{\"@type\":\"PropertyValueSpecification\",\"valueRequired\":true,\"valueName\":\"search_term_string\"}}],\"inLanguage\":\"es\"}]}<\/script>\n<!-- \/ Yoast SEO plugin. -->","yoast_head_json":{"title":"Feliciana Jim\u00e9nez de Coca y P\u00e9rez, condesa viuda de Villaverde la Alta y Marquesa viuda de Benamej\u00ed: su entierro en la Iglesia de Escalera a trav\u00e9s de la prensa de la \u00e9poca - El lugar de Marmolejo","robots":{"index":"index","follow":"follow","max-snippet":"max-snippet:-1","max-image-preview":"max-image-preview:large","max-video-preview":"max-video-preview:-1"},"canonical":"https:\/\/lugardemarmolejo.es\/?page_id=217","og_locale":"es_ES","og_type":"article","og_title":"Feliciana Jim\u00e9nez de Coca y P\u00e9rez, condesa viuda de Villaverde la Alta y Marquesa viuda de Benamej\u00ed: su entierro en la Iglesia de Escalera a trav\u00e9s de la prensa de la \u00e9poca - El lugar de Marmolejo","og_description":"-Manuel Perales Sol\u00eds- \u200b Feliciana fue la compa\u00f1era en vida, que no esposa, del marqu\u00e9s de Benamej\u00ed, Francisco de Paula Bernuy Aguayo, tambi\u00e9n quinto conde de Villaverde la Alta, con el que contrajo matrimonio \u201cin articulo mortis\u201d el 25 de marzo de 1866 en la casa del marqu\u00e9s en C\u00f3rdoba (1). Con este pr\u00f3cer cordob\u00e9s [&hellip;]","og_url":"https:\/\/lugardemarmolejo.es\/?page_id=217","og_site_name":"El lugar de Marmolejo","article_modified_time":"2023-07-23T09:43:30+00:00","og_image":[{"url":"https:\/\/static.wixstatic.com\/media\/7e23fc_37b4a0c07f9b458792b867ee95d0b3d7~mv2.jpg\/v1\/fill\/w_367,h_709,al_c,q_80,usm_0.66_1.00_0.01,enc_auto\/7e23fc_37b4a0c07f9b458792b867ee95d0b3d7~mv2.jpg","type":"","width":"","height":""}],"twitter_card":"summary_large_image","twitter_misc":{"Tiempo de lectura":"8 minutos"},"schema":{"@context":"https:\/\/schema.org","@graph":[{"@type":"WebPage","@id":"https:\/\/lugardemarmolejo.es\/?page_id=217","url":"https:\/\/lugardemarmolejo.es\/?page_id=217","name":"Feliciana Jim\u00e9nez de Coca y P\u00e9rez, condesa viuda de Villaverde la Alta y Marquesa viuda de Benamej\u00ed: su entierro en la Iglesia de Escalera a trav\u00e9s de la prensa de la \u00e9poca - El lugar de Marmolejo","isPartOf":{"@id":"https:\/\/lugardemarmolejo.es\/#website"},"primaryImageOfPage":{"@id":"https:\/\/lugardemarmolejo.es\/?page_id=217#primaryimage"},"image":{"@id":"https:\/\/lugardemarmolejo.es\/?page_id=217#primaryimage"},"thumbnailUrl":"https:\/\/static.wixstatic.com\/media\/7e23fc_37b4a0c07f9b458792b867ee95d0b3d7~mv2.jpg\/v1\/fill\/w_367,h_709,al_c,q_80,usm_0.66_1.00_0.01,enc_auto\/7e23fc_37b4a0c07f9b458792b867ee95d0b3d7~mv2.jpg","datePublished":"2023-07-15T07:02:59+00:00","dateModified":"2023-07-23T09:43:30+00:00","breadcrumb":{"@id":"https:\/\/lugardemarmolejo.es\/?page_id=217#breadcrumb"},"inLanguage":"es","potentialAction":[{"@type":"ReadAction","target":["https:\/\/lugardemarmolejo.es\/?page_id=217"]}]},{"@type":"ImageObject","inLanguage":"es","@id":"https:\/\/lugardemarmolejo.es\/?page_id=217#primaryimage","url":"https:\/\/static.wixstatic.com\/media\/7e23fc_37b4a0c07f9b458792b867ee95d0b3d7~mv2.jpg\/v1\/fill\/w_367,h_709,al_c,q_80,usm_0.66_1.00_0.01,enc_auto\/7e23fc_37b4a0c07f9b458792b867ee95d0b3d7~mv2.jpg","contentUrl":"https:\/\/static.wixstatic.com\/media\/7e23fc_37b4a0c07f9b458792b867ee95d0b3d7~mv2.jpg\/v1\/fill\/w_367,h_709,al_c,q_80,usm_0.66_1.00_0.01,enc_auto\/7e23fc_37b4a0c07f9b458792b867ee95d0b3d7~mv2.jpg"},{"@type":"BreadcrumbList","@id":"https:\/\/lugardemarmolejo.es\/?page_id=217#breadcrumb","itemListElement":[{"@type":"ListItem","position":1,"name":"Portada","item":"https:\/\/lugardemarmolejo.es\/"},{"@type":"ListItem","position":2,"name":"Feliciana Jim\u00e9nez de Coca y P\u00e9rez, condesa viuda de Villaverde la Alta y Marquesa viuda de Benamej\u00ed: su entierro en la Iglesia de Escalera a trav\u00e9s de la prensa de la \u00e9poca"}]},{"@type":"WebSite","@id":"https:\/\/lugardemarmolejo.es\/#website","url":"https:\/\/lugardemarmolejo.es\/","name":"El lugar de Marmolejo","description":"","potentialAction":[{"@type":"SearchAction","target":{"@type":"EntryPoint","urlTemplate":"https:\/\/lugardemarmolejo.es\/?s={search_term_string}"},"query-input":{"@type":"PropertyValueSpecification","valueRequired":true,"valueName":"search_term_string"}}],"inLanguage":"es"}]}},"_links":{"self":[{"href":"https:\/\/lugardemarmolejo.es\/index.php?rest_route=\/wp\/v2\/pages\/217","targetHints":{"allow":["GET"]}}],"collection":[{"href":"https:\/\/lugardemarmolejo.es\/index.php?rest_route=\/wp\/v2\/pages"}],"about":[{"href":"https:\/\/lugardemarmolejo.es\/index.php?rest_route=\/wp\/v2\/types\/page"}],"author":[{"embeddable":true,"href":"https:\/\/lugardemarmolejo.es\/index.php?rest_route=\/wp\/v2\/users\/1"}],"replies":[{"embeddable":true,"href":"https:\/\/lugardemarmolejo.es\/index.php?rest_route=%2Fwp%2Fv2%2Fcomments&post=217"}],"version-history":[{"count":4,"href":"https:\/\/lugardemarmolejo.es\/index.php?rest_route=\/wp\/v2\/pages\/217\/revisions"}],"predecessor-version":[{"id":241,"href":"https:\/\/lugardemarmolejo.es\/index.php?rest_route=\/wp\/v2\/pages\/217\/revisions\/241"}],"wp:attachment":[{"href":"https:\/\/lugardemarmolejo.es\/index.php?rest_route=%2Fwp%2Fv2%2Fmedia&parent=217"}],"curies":[{"name":"wp","href":"https:\/\/api.w.org\/{rel}","templated":true}]}}