{"id":104,"date":"2023-06-25T18:52:52","date_gmt":"2023-06-25T18:52:52","guid":{"rendered":"https:\/\/lugardemarmolejo.es\/?page_id=104"},"modified":"2023-07-03T17:53:55","modified_gmt":"2023-07-03T17:53:55","slug":"la-revolucion-del-6-de-octubre-de-1934","status":"publish","type":"page","link":"https:\/\/lugardemarmolejo.es\/?page_id=104","title":{"rendered":"La Revoluci\u00f3n del 6 de Octubre de 1934"},"content":{"rendered":"\n<p><\/p>\n\n\n\n<p><strong>-Manuel Perales Sol\u00eds-<\/strong><\/p>\n\n\n\n<p>\ufeff<\/p>\n\n\n\n<p><strong>Introducci\u00f3n:<\/strong><\/p>\n\n\n\n<p>El contenido de este art\u00edculo est\u00e1&nbsp; b\u00e1sicamente extra\u00eddo del trabajo que publiqu\u00e9 hace unos a\u00f1os titulado \u201cLa Memoria Rescatada: 2\u00aa Rep\u00fablica, Guerra Civil y Postguerra en Marmolejo\u201d enriquecido, en esta ocasi\u00f3n, con nuevas aportaciones documentales que aunque no modifican sustancialmente&nbsp; lo ya sabido, nos permiten, sin embargo, conocer diferentes e in\u00e9ditos puntos de vista sobre&nbsp; la jornada revolucionaria acaecida en nuestra localidad el seis de octubre de 1934. La Revoluci\u00f3n&nbsp; de octubre no s\u00f3lo fue un&nbsp; movimiento obrero de signo pol\u00edtico para presionar al gobierno de Lerroux para que no pactase con&nbsp; la CEDA de Gil Robles (Confederaci\u00f3n Espa\u00f1ola de Derechas Aut\u00f3nomas), sino que adem\u00e1s en la mayor\u00eda de los&nbsp; pueblos de la geograf\u00eda jiennense significar\u00eda el mayor movimiento de protesta de los jornaleros del campo contra&nbsp; la situaci\u00f3n de atraso secular y m\u00e1xima&nbsp; pobreza que ven\u00edan padeciendo y que los manten\u00edan sumidos en la m\u00e1s absoluta postergaci\u00f3n social,&nbsp; plenamente sometidos a los dictados de los&nbsp; m\u00e1s fuertes,&nbsp; la clase terrateniente andaluza, a cuyos privilegios el gobierno social-aza\u00f1ista pretendi\u00f3 poner coto con sus&nbsp; Decretos de Reforma Agraria pero que, finalmente, la derecha republicana acabar\u00eda aparcando tras su triunfo electoral en noviembre de 1933.<\/p>\n\n\n\n<p>La repercusi\u00f3n de la jornada en Marmolejo, tuvo una mayor trascendencia&nbsp; dada la numerosa colonia de ag\u00fcistas venida desde distintos puntos de la geograf\u00eda nacional que, en esos d\u00edas de octubre \u2013temporada alta del Balneario-, se hospedaban en fondas, hoteles y casas de hu\u00e9spedes; entre&nbsp; ellos&nbsp; diversas personalidades del mundo de la alta sociedad andaluza y espa\u00f1ola, que hicieron de inevitable altavoz para que el fen\u00f3meno tuviese, si cabe,&nbsp; una mayor proyecci\u00f3n a nivel nacional.<\/p>\n\n\n<div class=\"wp-block-image\">\n<figure class=\"alignleft\"><img decoding=\"async\" src=\"https:\/\/static.wixstatic.com\/media\/7e23fc_74fd4b85fcff6311f9c453596b6493b7.jpg\/v1\/fill\/w_396,h_546,al_c,q_80,usm_0.66_1.00_0.01,enc_auto\/7e23fc_74fd4b85fcff6311f9c453596b6493b7.jpg\" alt=\"\"\/><figcaption class=\"wp-element-caption\"><strong>Bartolom\u00e9 Pastor Garrido, \u201cBartolillo el Presidente\u201d, (n.1912-m. \u00bf1937?) fue presidente del Centro Instructivo Obrero en los a\u00f1os de gobierno del centro-derecha, por lo que hubo de realizar una continua labor reivindicativa frente a la corporaci\u00f3n municipal presidida por Carlos S\u00e1nchez para defender los derechos de los trabajadores afiliados a la Uni\u00f3n General de Trabajadores. Bajo su presidencia, el CIO organiz\u00f3 la Huelga General de Campesinos de junio y la Huelga Revolucionaria del 6 de octubre. Foto propiedad de la Casa del Pueblo de Marmolejo, cedida en su d\u00eda por mediaci\u00f3n de su sobrino D. Vicente Santiago Pastor (q.e.p.d.).<\/strong><\/figcaption><\/figure>\n<\/div>\n\n\n<p><strong>El seis de octubre y las secuelas sobre la sociedad marmoleje\u00f1a:<\/strong><\/p>\n\n\n\n<p>\ufeff<\/p>\n\n\n\n<p>La llegada de la CEDA al Gobierno de Madrid no fue bien vista por las organizaciones de clase. Ante el miedo a que este hecho guardara correlaci\u00f3n con la imposici\u00f3n de gobiernos fascistas en Centroeuropa, el PSOE y la UGT, donde se hab\u00edan impuesto las tesis de Largo Caballero, declar\u00f3 un movimiento revolucionario en el mes de octubre. Las causas por tanto, en esta ocasi\u00f3n, ten\u00edan un origen m\u00e1s pol\u00edtico que social. Para el historiador Francisco Moreno G\u00f3mez&nbsp; hay que tener en cuenta tres factores importantes para entender la radicalizaci\u00f3n de la organizaci\u00f3n socialista y la medida final de convocar la huelga general revolucionaria:<\/p>\n\n\n\n<p>\ufeff<\/p>\n\n\n\n<p>\u201cEn primer lugar, porque la base socialista \u2013en realidad todo el proletariado- estaba radicalizada, declarada en rebeld\u00eda contra la pol\u00edtica regresiva del Bienio negro , que ya hab\u00eda dado al traste con los avances sociales conseguidos con la Rep\u00fablica durante el bienio social-aza\u00f1ista (no se olvide que Lerroux destituy\u00f3 a los vocales socialistas de los Jurados Mixtos, con lo que estos acabaron desapareciendo; anul\u00f3 la ley de&nbsp; T\u00e9rminos Municipales; dej\u00f3 libres a los propietarios para contratar sin turno riguroso en las Bolsas de Trabajo; provoc\u00f3 el desahucio de arrendatarios durante el verano de 1934; y, quiz\u00e1s lo m\u00e1s catastr\u00f3fico, el descenso de los salarios agr\u00edcolas). Las izquierdas acorraladas por Lerroux, lo vieron todo perdido cuando \u00e9ste se coalig\u00f3 con la CEDA. En definitiva con la pol\u00edtica radical-cedista, las masas encuadradas en la UGT \u2013de cuyos afiliados la FNTT representaba el 40%- se sintieron defraudadas, al verse privadas de los derechos adquiridos en los primeros meses de la Rep\u00fablica. En segundo lugar el auge del fascismo internacional no invitaba, precisamente, a la moderaci\u00f3n.<\/p>\n\n\n\n<p>\u200b<\/p>\n\n\n\n<p><\/p>\n\n\n\n<p><\/p>\n\n\n\n<p><\/p>\n\n\n\n<p><\/p>\n\n\n\n<p><\/p>\n\n\n\n<p><\/p>\n\n\n\n<p>En febrero (1934) los socialistas de Viena hab\u00edan sido aplastados por Dollfus, un canciller cat\u00f3lico, igual que Gil Robles. Durante 1934, por tanto, toda la izquierda trat\u00f3 de ponerse en guardia contra el peligro del fascismo (no olvidemos que Gil Robles hab\u00eda sido aclamado como \u201cjefe\u201d o \u201cf\u00fchrer\u201d en el Escorial). En tercer lugar, una simple t\u00e1ctica pol\u00edtica obligaba al Partido Socialista a actuar de manera decidida, si no quer\u00eda que sus efectivos \u2013radicalizados de hecho- se pasaran en masa a otros partidos pol\u00edticos m\u00e1s a la izquierda. En conclusi\u00f3n, estos factores, entre otros, fueron los que se encontraban en el fondo de la insurrecci\u00f3n de octubre y los que obligaron a los socialistas a decir \u201chasta aqu\u00ed hemos llegado\u201d (1).<\/p>\n\n\n\n<p>A\u00fan sin alcanzar la virulencia que en Asturias, la provincia de Ja\u00e9n se vio tambi\u00e9n agitada casi en su totalidad con miles de trabajadores en huelga, puestos horas m\u00e1s tarde, a disposici\u00f3n de la justicia militar, y recluidos en una abarrotada Prisi\u00f3n Provincial durante los \u00faltimos d\u00edas de octubre.<\/p>\n\n\n\n<p>Al contrario que con la huelga de campesinos del mes de junio,&nbsp; dada la premura con que se prepar\u00f3 este movimiento de respuesta a la inclusi\u00f3n de la derecha m\u00e1s radical&nbsp; en el gobierno de Madrid, no contamos con testimonios escritos de como se vivieron los d\u00edas previos y las reuniones mantenidas por los \u00f3rganos ejecutivos tanto de la UGT, PSOE y Juventud Socialista, seguramente porque las organizaciones obreras estuvieron muy controladas y era harto complicado conseguir los permisos gubernativos de reuni\u00f3n del alcalde, sobre todo tras el movimiento de junio que hab\u00eda supuesto un toque de atenci\u00f3n para los intereses de la patronal y de la derecha m\u00e1s reaccionaria: nobleza y burgues\u00eda terrateniente andaluza.&nbsp; Sabemos que las asambleas de la Casa del Pueblo eran muy vigiladas por la Guardia Civil y por miembros de la derecha hasta el punto de que se llegaba a montar una guardia de militantes socialistas en la parte de atr\u00e1s, hacia las tierras del alcalde Carlos S\u00e1nchez \u201cTriguero\u201d, por si tiraban alg\u00fan artefacto explosivo con destino a la Casa del Pueblo. Por tanto se ven\u00eda detectando la preocupaci\u00f3n de los responsables de las organizaciones socialistas por la expansi\u00f3n de actitudes y comportamientos fascistas en las filas de la derecha y la tensi\u00f3n no paraba de subir.<\/p>\n\n\n\n<p>En Marmolejo, adem\u00e1s, el ambiente estaba especialmente caldeado desde la destituci\u00f3n de la Corporaci\u00f3n de mayor\u00eda socialista tras el triunfo de la derecha a nivel nacional en las elecciones generales celebradas el 19 de noviembre de 1933. En muchos municipios andaluces los gobernadores civiles del Partido Radical liderado por Alejandro Lerroux, nuevo Presidente del Gobierno desde septiembre,&nbsp; suprimieron las corporaciones socialistas que le eran d\u00edscolas con el argumento de abuso de poder y mala gesti\u00f3n econ\u00f3mica. Instauraron a cambio nuevos equipos de gobierno de concejales adscritos al partido Radical y a la CEDA. En el caso de Marmolejo la afrenta fue a\u00fan m\u00e1s grave pues el Partido Socialista hab\u00eda sido la fuerza m\u00e1s votada en aquellas elecciones, con 1742 votos frente a los 1312 alcanzados por la coalici\u00f3n CEDA-Radicales.<\/p>\n\n\n\n<p>En el plano de la pol\u00edtica&nbsp; municipal, tras la constituci\u00f3n de la nueva corporaci\u00f3n lerrouxista, y la dimisi\u00f3n, por razones de salud, del alcalde nombrado por el Gobernador Civil, Jos\u00e9 Vencel\u00e1 Mingorance (militar retirado por la reforma de Aza\u00f1a),&nbsp; ser\u00eda nombrado alcalde, el 17 de septiembre de 1934, Carlos S\u00e1nchez Sol\u00eds presidente del comit\u00e9 local del Partido Radical y hasta ahora primer teniente alcalde. La primera tenencia de alcald\u00eda&nbsp; pasaba a ser ocupada por Juan Roncero Jurado.&nbsp; Carlos S\u00e1nchez que acced\u00eda a la alcald\u00eda con 38 a\u00f1os, era un peque\u00f1o almacenista dedicado al comercio de abacer\u00eda en su domicilio de la calle Jes\u00fas, n\u00famero 68 donde dispon\u00eda de un almac\u00e9n, junto a su casa,&nbsp; en un viejo molino de viga para la molienda de aceitunas. Fundamentalmente trabajaba&nbsp; la venta de vinos importados desde la localidad manchega de Herencia y la venta de aceites y legumbres.&nbsp; Hab\u00eda casado con Mar\u00eda Ronstaing Pinillos, hija del due\u00f1o del hotel de Los Leones y hermana, por tanto, de Claudio, vicepresidente del Centro Republicano durante el periodo de centro-derecha. Al igual de su cu\u00f1ado, Claudio tambi\u00e9n militaba en el Partido Republicano Radical de Alejandro Lerroux. Su hermano Alfonso S\u00e1nchez&nbsp; hab\u00eda sido Alcalde durante la dictadura de Primo de Rivera, y ahora ocupaba el cargo de Presidente del Centro Republicano, organismo que aglutinaba a los partidos de centro-derecha republicanos de la localidad.<\/p>\n\n\n<div class=\"wp-block-image\">\n<figure class=\"alignright\"><img decoding=\"async\" src=\"https:\/\/static.wixstatic.com\/media\/7e23fc_522b923ec8ba56565694f2524af3c371.jpg\/v1\/fill\/w_456,h_316,al_c,q_80,usm_0.66_1.00_0.01,enc_auto\/7e23fc_522b923ec8ba56565694f2524af3c371.jpg\" alt=\"\"\/><figcaption class=\"wp-element-caption\"><strong>Carlos S\u00e1nchez Sol\u00eds (n.1896-m.1969)&nbsp; era elegido presidente del Partido Republicano Radical en abril de 1933; fue nombrado primer Teniente Alcalde en marzo de 1934&nbsp; y Alcalde de la localidad el 17 de septiembre de 1934. Su etapa de gobierno finaliz\u00f3 en febrero de 1936, tras la victoria de los partidos integrados en la coalici\u00f3n electoral Frente Popular. Le acompa\u00f1a su esposa Mar\u00eda Rostaing Pinillos (n.1898-m. 1981). Fuente: Antonio Rostaing Lozano.<\/strong><\/figcaption><\/figure>\n<\/div>\n\n\n<p>El ayuntamiento de mayor\u00eda radical-cedista se hab\u00eda constituido sin elecciones,&nbsp; por imposici\u00f3n gubernativa, despu\u00e9s de la disoluci\u00f3n de la corporaci\u00f3n de mayor\u00eda socialista, en&nbsp;&nbsp; marzo de 1933 y estaba integrado solamente por personas del centro-derecha, la mayor\u00eda de ellos, peque\u00f1os comerciantes, medianos propietarios y arrendatarios de fincas de olivar, con la presencia de dos militares de graduaci\u00f3n, todos ellos agrupados en torno a los partidos republicanos de derecha (CEDA) y centro-derecha (Partido Radical).&nbsp; El resto de componentes de esta corporaci\u00f3n republicana fueron Pedro Perales Yedr\u00e1 (hijo del industrial y gran propietario agr\u00edcola Pedro Perales Dom\u00ednguez \u201cPeriquito Semana\u201d), Jes\u00fas S\u00e1ez Mart\u00ednez (agente comercial con establecimiento de venta de vinos); Juan D\u00edaz Criado, militar con graduaci\u00f3n de capit\u00e1n del Ej\u00e9rcito del Aire, casado con la arjonera Catalina Navarro Parras; Juan Agudo Perales (mediano propietario agr\u00edcola); Emilio P\u00e9rez Campoy (peque\u00f1o empresario de la pintura); Manuel Casado Pedrajas (almacenista de ultramarinos); Crist\u00f3bal Fuentes Casado (industrial); Agust\u00edn Ollero Torralbo (comerciante de ultramarinos); Andr\u00e9s Pastor Pe\u00f1a (propietario y arrendatario agr\u00edcola e industrial aceitero) y Juan Sol\u00eds Casado \u201cEl de las rentas\u201d (peque\u00f1o propietario agr\u00edcola).<\/p>\n\n\n\n<p>\ufeff<\/p>\n\n\n\n<p><\/p>\n\n\n\n<p><\/p>\n\n\n\n<p>La v\u00edspera del d\u00eda 6 de octubre de 1934, parec\u00eda imprevisible lo que iba a ocurrir en la madrugada siguiente. Tan s\u00f3lo al entrar la noche, a la salida de una reuni\u00f3n preparatoria en la Casa del Pueblo, un grupo de j\u00f3venes socialistas se encontraron en la esquina de la casa del m\u00e9dico Jos\u00e9 Perales con una pareja de guardias civiles que vigilaba los movimientos de los obreros. Le preguntaron: \u00bfA d\u00f3nde se va?, contestaron !A acostarnos!.&nbsp;<\/p>\n\n\n\n<p>Entonces los j\u00f3venes dieron una voz y al momento salieron todos los que estaban en la Casa del Pueblo. Los guardias tuvieron que salir corriendo hasta el cuartel de la calle Maestro. Con este incidente las autoridades quedaban advertidas de que se estaba cociendo algo importante. Parad\u00f3jicamente, al tiempo que esto suced\u00eda, en otro local no muy distante de all\u00ed, en el antiguo teatro de Julia Perales (regentado ahora por la andujare\u00f1a Amelia J\u00e1come Morales) ten\u00edan lugar las animadas actuaciones de los j\u00f3venes maestros del cante, Pepe Marchena y la Ni\u00f1a de la Puebla de gran tir\u00f3n entre la gente del campo (2).<\/p>\n\n\n\n<p>Al amanecer del d\u00eda seis, atendiendo a la convocatoria de Huelga General lanzada por la UGT en toda Espa\u00f1a, los piquetes de obreros estaban situados en las salidas de Marmolejo y en algunos puntos estrat\u00e9gicos de la carretera hacia la sierra. Dentro de la poblaci\u00f3n los huelguistas se distribuyeron en las esquinas de mayor tr\u00e1nsito para prohibir el paso de personas y de posibles trabajadores esquiroles hacia el campo. Precisamente desde el punto de mayor concurrencia, la esquina de la Peana y sus aleda\u00f1os, en donde estaban los m\u00e1ximos dirigentes del CIO, uno de los huelguistas, Juan Casas Santiago&nbsp; dispar\u00f3&nbsp; con su arma&nbsp; al ex-concejal Mat\u00edas Vidal Fuentes&nbsp; dej\u00e1ndole malherido. Sal\u00eda de su casa en la calle del Arroyo para hacer la compra de costumbre en la Plaza de Abastos, ubicada frente a la parroquia de La Paz, antes de abrir su barber\u00eda de la calle Granados. Seg\u00fan algunos testigos, le hab\u00edan dado el alto pero su problema de o\u00eddo le impidi\u00f3 escuchar las voces de los huelguistas. Mat\u00edas muri\u00f3 tres d\u00edas despu\u00e9s, en su domicilio de Arroyo 22, a las 11,30 de la ma\u00f1ana por una infecci\u00f3n peritoneal a consecuencias de las heridas causadas por el arma.<\/p>\n\n\n<div class=\"wp-block-image\">\n<figure class=\"alignleft\"><img decoding=\"async\" src=\"https:\/\/static.wixstatic.com\/media\/7e23fc_d7462fda5f7ac113d0e2d39dffaa47ab.jpg\/v1\/fill\/w_396,h_501,al_c,q_80,usm_0.66_1.00_0.01,enc_auto\/7e23fc_d7462fda5f7ac113d0e2d39dffaa47ab.jpg\" alt=\"\"\/><figcaption class=\"wp-element-caption\"><strong>Mat\u00edas Vidal Fuentes, de profesi\u00f3n barbero,&nbsp; concejal por el Partido Conservador desde 1914 a 1923, resultaba herido al salir de su casa en la calle del Arroyo en la ma\u00f1ana del 6 de octubre de 1934 por los disparos realizados por el piquete Juan Casas Santiago \u201cFiera\u201d. Falleci\u00f3 tres d\u00edas despu\u00e9s a consecuencia de la infecci\u00f3n de las heridas causadas por los disparos. Foto cedida por sus hijas D\u00f1a. Juana y D\u00f1a. Ana Vidal Rodr\u00edguez.<\/strong><\/figcaption><\/figure>\n<\/div>\n\n\n<p>Casado con Juana Rodr\u00edguez Casado dejaba tres hijos\/as de peque\u00f1a edad; Andr\u00e9s, Juana y Ana. En 1940, reci\u00e9n terminada la guerra civil un informe del alcalde Manuel Agudo Perales dirigido al Secretario Provincial del Movimiento reflejaba estos hechos con el lenguaje de la \u00e9poca: \u00abEra un hombre extremadamente derechista y un cat\u00f3lico modelo. En octubre de 34 fue vilmente asesinado por los marxistas al salir de su casa con una cesta para ir de compras a la plaza de abastos. Crimen cometido a traici\u00f3n y por las espaldas, dispar\u00e1ndole con una escopeta y falleci\u00f3 a consecuencia de las heridas&#8230;\u00bb(3).<br>&nbsp; El relato de los hechos&nbsp; en relaci\u00f3n al suceso del asesinato de este exconcejal del partido Conservador qued\u00f3 reflejado&nbsp; en los siguientes t\u00e9rminos en la sentencia n\u00ba 45, de 13 de febrero de 1935, por la que se juzgaron los hechos:<\/p>\n\n\n\n<p><br>\u00abEn la ciudad de Ja\u00e9n a trece de febrero de mil novecientos treinta y cinco. Vista en Juicio Oral y P\u00fablico por la Secci\u00f3n Segunda constituida en Tribunal de urgencia de esta Audiencia Provincial la causa procedente del Juzgado de Instrucci\u00f3n de And\u00fajar, seguida por el delito de homicidio, contra Juan Casas Santiago (a) \u00abFiera\u00bb y Antonio Membribes Rodr\u00edguez, hijos de&nbsp; Francisco y Mar\u00eda y Jos\u00e9 y Mar\u00eda, natural de Marmolejo y de Alconte (Almer\u00eda) y vecinos de Marmolejo, de 28 y 33 a\u00f1os de edad, de estado soltero y casado, de oficio jornaleros, sin y con instrucci\u00f3n, sin antecedentes penales, insolventes y en prisi\u00f3n, habiendo sido parte el Ministerio Fiscal, Ponente el Magistrado D. Manuel Docavo N\u00fa\u00f1ez y defendidos los procesados por el Letrado Eduardo Maz\u00f3n.<br>RESULTANDO: que en la madrugada del seis de octubre \u00faltimo con ocasi\u00f3n del movimiento revolucionario organizado para el d\u00eda, antes, hubieron de destacarse de los rebeldes los procesados Juan Casas Santiago (a) Fiera y Antonio Membribes Rodr\u00edguez, los que se instalaron en la calle de Juli\u00e1n Besteiro (Arroyo) en Marmolejo, el primero junto a la casa n\u00famero 23, de dicha calle, y el segundo en la esquina de la misma y la de Yepes, con el fin de impedir la circulaci\u00f3n de los vecinos, y como saliera de su casa Mat\u00edas Vidal Fuentes con una cesta al brazo con el prop\u00f3sito de ir a la compra en la plaza de Abastos, los expresados sujetos le llamaron la atenci\u00f3n para que se volviera a su casa y como el Mat\u00edas no les obedeciera prontamente hicieron cada uno un disparo contra el mismo con escopetas de que iban provistos alcanzando en el blanco el tiro del Casas que produjo a Mat\u00edas una herida, con orificio de entrada por la regi\u00f3n lumbar izquierda y salida por la regi\u00f3n supraumbilical herida que tambi\u00e9n le atraves\u00f3 la mano izquierda y la que le produjo la muerte el nueve del mismo mes. Hechos probados.<\/p>\n\n\n\n<p>RESULTANDO: que al sentir los disparos Francisco Mart\u00ednez Fuentes, hermanastro del anterior y que vive en la misma calle, sali\u00f3 a auxiliar al herido y en el momento que ven\u00edan hacia la casa donde habita el Francisco en direcci\u00f3n&nbsp; por consiguiente hacia el sitio en que se encontraban los procesados y dando frente a ellos los repetidos procesados con prop\u00f3sito de matarlos, dispararon nuevamente sus escopetas contra ellos sin alcanzarles los disparos. Hechos probados.<br>RESULTANDO: que la defensa de (los) referidos procesados en sus conclusiones definitivas estim\u00f3 que los procesados creyendo realizar un hecho laureatorio pues hab\u00edan acudido a defender la Rep\u00fablica que cre\u00edan amenazada por un movimiento reaccionario y vi\u00e9ndose adem\u00e1s acometidos por Mat\u00edas Vidal que con un arma pretendi\u00f3 enca\u00f1onarles hicieron cada uno un disparo al aire teniendo la desgracia de que el disparo de Casas ocasionara la muerte al Vidal, constituyendo los hechos de un delito de homicidio siendo autor del mismo Juan Casas en favor del cual concurr\u00eda la eximente de leg\u00edtima defensa por lo que proced\u00eda absolver a ambos libremente.<br>FALLAMOS: que debemos condenar y condenamos a los procesados Juan Casas Santiago (a) \u00abFiera\u00bb y Antonio Membribes Rodr\u00edguez como autores de dos delitos ya definidos de homicidio simple, uno consumado y otro frustrado, sin circunstancias modificativas, a la pena a cada uno, por el primero de catorce a\u00f1os, ocho meses, y un d\u00eda de prisi\u00f3n mayor, con las accesorias de inhabilitaci\u00f3n absoluta durante ambas condenas, pago de costas por mitad y a que mancomunada y solidariamente satisfagan a los herederos de Mat\u00edas Vidal la indemnizaci\u00f3n de quince mil pesetas&#8230;&#8230;..\u00bb (4).<\/p>\n\n\n\n<p>El testimonio de Miguel Barrag\u00e1n Gonz\u00e1lez (nacido en 1912 y afiliado a la UGT desde los 18 a\u00f1os)&nbsp; habla de la incertidumbre con que se vivieron las primeras horas de aquella jornada revolucionaria: \u00abEl de octubre fue una huelga general. Estaban ocho o diez en La Peana y todas las salidas y entradas del pueblo ocupadas por huelguistas. Todos est\u00e1bamos en la certidumbre de que hab\u00eda triunfado la huelga a nivel de Espa\u00f1a. Antes, bien temprano, sobre las 7 \u00f3 las 8 de la ma\u00f1ana fui a la Fuente de los Socialistas a recoger un \u00abpuchero\u00bb que hab\u00eda dejado olvidado, pues el d\u00eda cinco&nbsp; me hab\u00eda tocado estar all\u00ed para recoger la poca propina que daban los ag\u00fcistas pues hab\u00eda poco trabajo y los obreros del CIO nos turn\u00e1bamos en esta clase de tareas. Al salir del pueblo observ\u00e9 que hab\u00eda una guardia de jornaleros.<\/p>\n\n\n\n<p>Al llegar al Santo Cristo vi los carriles del tranv\u00eda levantados y a la altura de las escalinatas del Balneario escuch\u00e9 tiros procedentes&nbsp; del pueblo. Cuando llegu\u00e9 a la fuente&nbsp; los compa\u00f1eros del&nbsp; piquete que estaba sobre el puente del&nbsp; arroyo Seco me preguntaron: \u00bfqu\u00e9 pasa en el pueblo?. -Pues mira tiene que haber un movimiento muy grande. Nos vinimos todos para el pueblo: por todos lados hab\u00eda gente pero poco a poco se fueron metiendo en las casas cuando empezaron a llegar los militares y la guardia civil\u00bb.<\/p>\n\n\n\n<p>El piquete que guardaba el paso del puente del Arroyo Seco, seg\u00fan testimonio de Juan Mart\u00ednez Cano (uno de los integrantes del mismo), vio venir a primera hora de la ma\u00f1ana un coche que proced\u00eda de Carde\u00f1a. Preguntaron al conductor \u00ab\u00bfUsted de donde viene? -Nosotros venimos de Carde\u00f1a. \u00bfY usted no se ha encontrado ning\u00fan obst\u00e1culo en la carretera? -Pues s\u00ed se\u00f1or, la carretera en tal sitio est\u00e1 cortada pero nosotros hemos echado piedras y hemos pasado. Entonces llevamos a estas personas a la Casa del Pueblo y lo asistimos all\u00ed hasta que se solucion\u00f3 el conflicto. A lo largo de la ma\u00f1ana empezaron a entrarnos desde And\u00fajar Guardia Civil y ah\u00ed estuvimos liados a tiros con ellos toda la ma\u00f1ana hasta las tres de la tarde aproximadamente que vino una compa\u00f1\u00eda de soldados desde C\u00f3rdoba que cuando entraron a la carga a por nosotros tuvimos que salir del pueblo. Yo me fui a refugiarme a la sierra con mi hermano y all\u00ed estuvimos 14 d\u00edas\u00bb(5).<\/p>\n\n\n\n<p>Los huelguistas se percataron a media ma\u00f1ana de que el movimiento no hab\u00eda triunfado globalmente a nivel nacional pues observaron que el servicio de trenes&nbsp; segu\u00eda funcionando con regularidad, lo que ayud\u00f3 a que cundiera cierta desmoralizaci\u00f3n&nbsp; entre los afiliados menos concienciados.<\/p>\n\n\n<div class=\"wp-block-image\">\n<figure class=\"alignright\"><img decoding=\"async\" src=\"https:\/\/static.wixstatic.com\/media\/7e23fc_420940931c7950adf2cc579094f5696b.jpg\/v1\/fill\/w_396,h_526,al_c,lg_1,q_80,enc_auto\/7e23fc_420940931c7950adf2cc579094f5696b.jpg\" alt=\"\"\/><figcaption class=\"wp-element-caption\"><strong>Manuel Flores Vallejo \u201cLagara\u00f1a\u201d, concejal socialista elegido el doce de abril 1931, ejerci\u00f3 de Alcalde desde julio a octubre de 1933. Particip\u00f3 en la jornada revolucionaria del 6 de octubre de 1934 sufriendo prisi\u00f3n en Ja\u00e9n hasta el 20 de febrero de 1936. Foto cedida por su hijo D. Antonio Flores S\u00e1ez (q.e.p.d).<\/strong><\/figcaption><\/figure>\n<\/div>\n\n\n<p>La llegada de las fuerzas de la Guardia Civil de And\u00fajar y del Ej\u00e9rcito de Tierra desde C\u00f3rdoba se imput\u00f3 a la acci\u00f3n del encargado&nbsp; de la central el\u00e9ctrica de Valondillo de la empresa Mengemor, Diego Rodr\u00edguez Palomares, cuya \u00abgesta\u00bb era resaltada de esta forma por el concejal, Jes\u00fas S\u00e1ez Mart\u00ednez en la sesi\u00f3n de 26 de octubre de 1934:&nbsp;&nbsp; \u00abApenas tuvo noticias del movimiento comenz\u00f3 a telefonear directamente con And\u00fajar y C\u00f3rdoba poniendo el hecho en conocimiento de las autoridades para que tomasen las medidas oportunas; y en consecuencia vinieron fuerzas de las ciudades mencionadas primeramente desde And\u00fajar que sostuvieron un fuerte tiroteo con los revoltosos por espacio de m\u00e1s de dos horas y ya por la tarde llegaron fuerzas del Regimiento de Artiller\u00eda de guarnici\u00f3n en C\u00f3rdoba volviendo la poblaci\u00f3n a recobrar&nbsp; su aspecto normal\u00bb.<\/p>\n\n\n\n<p>Ciertamente el movimiento no hubiera podido ser sofocado con las exiguas fuerzas existentes de la Guardia Civil que estaban en la casa cuartel de la calle Maestro, a pesar de que, desde bien temprano, algunos miembros voluntarios alineados con organizaciones de derechas, sobre todo miembros del partido Agrario y de la CEDA, e incluso religiosos como el joven sacerdote Antonio Parras, abrieron fuego contra los huelguistas con sus propias armas pero, desbordados por la magnitud del movimiento, desistieron de su intento (6). Otros muchos marmoleje\u00f1os de ideas de derechas se mantuvieron encerrados en sus casas ante la presi\u00f3n de sus familias por el peligro que hubiera supuesto hacer frente a los amotinados.<\/p>\n\n\n\n<p><\/p>\n\n\n\n<p><\/p>\n\n\n\n<p><\/p>\n\n\n\n<p><\/p>\n\n\n\n<p><\/p>\n\n\n\n<p><\/p>\n\n\n\n<p><\/p>\n\n\n\n<p><\/p>\n\n\n<div class=\"wp-block-image\">\n<figure class=\"alignleft\"><img decoding=\"async\" src=\"https:\/\/static.wixstatic.com\/media\/7e23fc_59ca0785bbe97b2510fd7ec7ce730896.jpg\/v1\/fill\/w_396,h_526,al_c,q_80,usm_0.66_1.00_0.01,enc_auto\/7e23fc_59ca0785bbe97b2510fd7ec7ce730896.jpg\" alt=\"\"\/><figcaption class=\"wp-element-caption\"><strong>Jes\u00fas S\u00e1ez Mart\u00ednez, miembro del grupo de concejales radical-cedistas, fue nombrado tercer Teniente de Alcalde en marzo de 1934 y hubo de ejercer la responsabilidad de Alcalde durante el verano de 1934. Foto propiedad de su nieta Concepci\u00f3n S\u00e1ez Abolafia.<\/strong><\/figcaption><\/figure>\n<\/div>\n\n\n<p>Las fuerzas militares llegadas desde C\u00f3rdoba, entraron por la Carretera de la Estaci\u00f3n y mantuvieron un intenso tiroteo con los obreros a la altura de La Carnicer\u00eda (hoy Casa de la Cultura)&nbsp; hasta entrada la noche. Estos hechos causaron la angustia e incertidumbre en la numerosa colonia aguanosa, en gran parte hospedada en los numerosos establecimientos de la calle de la Fonda. Un habitual aguanoso de esos a\u00f1os,&nbsp; el abogado Manuel Soler presente esos d\u00edas, junto a otros muchos ag\u00fcistas m\u00e1s, recordar\u00eda a\u00f1os m\u00e1s tarde que \u00aben Octubre del 34 dimos lecciones que copiar\u00edan los h\u00e9roes del Alc\u00e1zar toledano, cuando fuimos cercados por la horda sublevada hasta que, por la noche, nos liberaron fuerzas de infanter\u00eda de C\u00f3rdoba\u00bb(7).<\/p>\n\n\n\n<p>La segunda v\u00edctima a computar al seis de octubre ser\u00eda el joven Jos\u00e9 Mat\u00edas Per\u00edn Ramos hijo del panadero militante del Partido Socialista y de la UGT, Miguel Per\u00edn Ramos, que viv\u00eda en la calle Canalejas n\u00ba 16.&nbsp; El muchacho de 15 a\u00f1os se hab\u00eda asomado a la puerta de su casa para ver las evoluciones de los acontecimientos&nbsp; y desde el cuartel de la calle Maestro, un&nbsp; guardia civil, le dispar\u00f3, seg\u00fan algunas versiones, al confundirlo con su padre al que andaban persiguiendo.&nbsp; Eran aproximadamente las seis de la tarde; el joven Per\u00edn falleci\u00f3 unos minutos despu\u00e9s. Su muerte fue muy sentida por toda la izquierda pues su padre, natural de la Higuera de Arjona, casado con Trinidad Moreno y su t\u00edo, Antonio Per\u00edn, eran activos militantes del Centro Instructivo Obrero y ese d\u00eda hab\u00edan estado ejerciendo como miembros del Comit\u00e9 de Huelga. Cuando fueron a enterrarlo, al d\u00eda siguiente, algunos huelguistas a\u00fan amotinados y escondidos en la huerta de Juan Manuel Alcal\u00e1 (final de la calle Huertas), comenzaron a disparar tiros contra las autoridades de derechas que acompa\u00f1aban el f\u00e9retro&nbsp; como se\u00f1al de protesta. Esa ser\u00eda la \u00faltima acci\u00f3n de resistencia pues desde all\u00ed muchos se tiraron a la sierra para evitar ser detenidos. Este fue el caso de Juan Mart\u00ednez Cano uno m\u00e1s de tantos militantes obreros que hubieron de salir huyendo ante el temor de la represi\u00f3n que se avecinaba tras ser sofocado el conflicto. Seg\u00fan su propio testimonio,&nbsp; \u201cmi hermano Jos\u00e9 y yo nos fuimos a la sierra por mediaci\u00f3n de que ten\u00edamos un melonar en la fuente Olid y mi madre y mi mujer, Rosario, nos pasaban la comida por la noche y nos ten\u00edan al corriente de lo que hab\u00eda pasado, hasta que ya a los catorce d\u00edas recibimos una esquela en la que dec\u00eda: \u201csi no os entreg\u00e1is a tu padre lo han \u201cencerrao\u201d&nbsp; y dicen que como no os entregu\u00e9is a \u00e9l le cuelgan el costal\u201d. Entonces a mi hermano le dije: vamos a entregarnos pues papa no queremos que padezca por nosotros. Como mi hermano le tem\u00eda mucho a los palos&nbsp; cuando lleg\u00f3 a la casa se prepar\u00f3 bien poni\u00e9ndose dos o tres camisones y dos chaquetas pues mi madre nos advirti\u00f3 bien que estaban dando muchas palizas la gente de la derecha del pueblo y la propia Guardia Civil\u00bb.<br>&nbsp;<\/p>\n\n\n\n<p><\/p>\n\n\n\n<p>La represi\u00f3n desatada fue brutal sobre los dirigentes socialistas y sobre la pr\u00e1ctica totalidad del elemento afiliado a las tres organizaciones socialistas, incluidos los j\u00f3venes de las Juventudes. De nuevo la sombra de los tr\u00e1gicos sucesos de Casas Viejas rondaba sobre la memoria de muchos: \u00abEstuvimos presos casi todos los miembros de las tres organizaciones, cerca de doscientos. Primero nos tuvieron presos en la Carnicer\u00eda, (donde hoy se levanta&nbsp; la Casa de la Cultura). Algunos como Juan Vicaria, el padre de Alfonso el de Catalina&nbsp; \u00abla del Tocino\u00bb, y Jos\u00e9 G\u00f3mez \u00abEl Chindo\u00bb ya desesperados se tiraron al pozo del cuartelillo porque no pod\u00edan m\u00e1s con&nbsp; las palizas. Se liaban a darnos palos a discreci\u00f3n; muchas palizas. Tengo que reconocer que en mi caso, y en el de muchos compa\u00f1eros m\u00e1s, salvamos la vida gracias a los cuidados de Felipe Roncero&nbsp; \u00abMilindres\u00bb (el barbero) y de otros compa\u00f1eros que me cuidaron las heridas pues yo estaba que no pod\u00eda ni dejarme caer de espaldas. Cuando llegamos a la c\u00e1rcel de Ja\u00e9n era todav\u00eda peor\u00bb (8).<\/p>\n\n\n\n<p>Lo ocurrido a Jos\u00e9 G\u00f3mez Ruiz corri\u00f3 como la p\u00f3lvora entre la gente sensata que no daba cr\u00e9dito a tanta brutalidad. Para salvarlo de una muerte segura hubo de mediar el farmac\u00e9utico Francisco Calero Herrero, persona de gran influencia en la localidad, que ante el aviso desesperado del guardia municipal&nbsp; Servando Sand\u00edn Sevilla lleg\u00f3 a tiempo de parar las palizas que uno de los militares le estaba infringiendo. Tras los ruegos de Calero, el torturador accedi\u00f3 no sin antes pedirle a Jos\u00e9 que le diese un beso en la punta de la bota. El joven deseando acabar con aquella pesadilla lo antes posible se lo dio y en el mismo momento el militar le asest\u00f3 una fuerte patada que le derrib\u00f3 parte de la dentadura (9).<br>&nbsp;&nbsp; A la joven de 14 a\u00f1os, Francisca Per\u00edn, hija del dirigente Antonio Per\u00edn Ramos, tambi\u00e9n la detuvieron para que dijese el lugar donde se encontraba la escopeta de su padre. La muchacha hubo de compartir prisi\u00f3n junto con los jornaleros hacinados en La Carnicer\u00eda, en donde no quedaba sitio ni para hacer las necesidades fisiol\u00f3gicas m\u00e1s b\u00e1sicas. El testimonio de su sobrina Carmen Per\u00edn habla de la solidaridad surgida entre aquellos hombres y esta joven para que cuando llegase ese momento no tuviese que sentir pudor. De mutuo acuerdo los compa\u00f1eros encarcelados le dijeron a Francisca que \u00abellos volver\u00edan&nbsp; la cabeza para otro lado\u00bb evitando as\u00ed&nbsp; violar la intimidad de la joven.<\/p>\n\n\n\n<p>Los interrogatorios y las correspondientes torturas de los obreros huelguistas se alargaron hasta el mes siguiente dando fin con la vida del dirigente socialista, Andr\u00e9s Velasco Rivillas, que se convirti\u00f3 de esta forma en la tercera persona fallecida del seis de octubre. Seg\u00fan todos los testimonios fue v\u00edctima de brutales palizas hasta tal punto que el m\u00e9dico Lu\u00eds Villarejo se neg\u00f3 a firmar la defunci\u00f3n por neumon\u00eda que luego apareci\u00f3 en su certificado de defunci\u00f3n y que literalmente dice:<\/p>\n\n\n<div class=\"wp-block-image\">\n<figure class=\"alignright\"><img decoding=\"async\" src=\"https:\/\/static.wixstatic.com\/media\/7e23fc_d741f4f6ce251feac71bdbf6747637a2.jpg\/v1\/fill\/w_396,h_266,al_c,q_80,usm_0.66_1.00_0.01,enc_auto\/7e23fc_d741f4f6ce251feac71bdbf6747637a2.jpg\" alt=\"\"\/><figcaption class=\"wp-element-caption\"><strong>Jos\u00e9 Mat\u00edas Per\u00edn Moreno (n. 30-11-1919-m.6-10-1934), hijo del dirigente socialista Miguel Per\u00edn Ramos, muri\u00f3 a la edad de 15 a\u00f1os por los disparos realizados por un guardia civil desde la casa cuartel de la calle Maestro, direcci\u00f3n hacia la casa de Miguel Per\u00edn, en la calle Canalejas, en cuya puerta se encontraba Jos\u00e9 Mat\u00edas. Foto cedida por Trinidad Casas Per\u00edn.<\/strong><\/figcaption><\/figure>\n<\/div>\n\n\n<p>\u00abEn la villa de Marmolejo, a las 9,30 del d\u00eda 10 de noviembre de 1934, ante Enrique Ayala y Soria, Juez Municipal de esta villa, y D. Jos\u00e9 Mu\u00f1oz Cubero, secretario de ella, se procede a inscribir la defunci\u00f3n de D. Andr\u00e9s Velasco Rivillas de 35 a\u00f1os de edad, natural de esta poblaci\u00f3n, provincia de Ja\u00e9n, hijo de D. Jos\u00e9 y de D\u00f1a. Catalina, domiciliado en la C\/ San Juli\u00e1n (Hospital), de profesi\u00f3n del campo y de estado, casado con Mar\u00eda Dolores G\u00f3mez Pastor, de cuyo matrimonio deja dos hijos llamados Jos\u00e9 y Paca Velasco G\u00f3mez. Falleci\u00f3 en el Hospital el d\u00eda de ayer a las 11 horas, a consecuencia de Neumon\u00eda doble seg\u00fan resulta de la certificaci\u00f3n facultativa (firmada por el m\u00e9dico Julio Vizca\u00edno). Esta inscripci\u00f3n se practica en virtud de la manifestaci\u00f3n hecha por Jos\u00e9 G\u00f3mez Mu\u00f1oz, padre pol\u00edtico del finado, consign\u00e1ndose adem\u00e1s que no tiene otorgado testamento, habi\u00e9ndolo presenciado como testigos D. Alfonso Barrag\u00e1n Ruiz y D. Juan C\u00e1mara Castro\u201d. Finalmente firm\u00f3 la defunci\u00f3n por neumon\u00eda el m\u00e9dico Julio Vizca\u00edno Perales, concejal mon\u00e1rquico en la primera corporaci\u00f3n republicana, siendo&nbsp; los testigos mencionados dos guardias municipales.<\/p>\n\n\n\n<p><\/p>\n\n\n\n<p><\/p>\n\n\n\n<p><\/p>\n\n\n<div class=\"wp-block-image\">\n<figure class=\"alignleft\"><img decoding=\"async\" src=\"https:\/\/static.wixstatic.com\/media\/7e23fc_f4a1dd9babae59706cb8932f34470e5c.jpg\/v1\/fill\/w_396,h_526,al_c,q_80,usm_0.66_1.00_0.01,enc_auto\/7e23fc_f4a1dd9babae59706cb8932f34470e5c.jpg\" alt=\"\"\/><figcaption class=\"wp-element-caption\"><strong>Jos\u00e9 G\u00f3mez Ruiz \u201cEl Chindo\u201d (n. 1904-m.1985) perteneci\u00f3 al Centro Instructivo Obrero y durante la Guerra Civil fue nombrado concejal por el Partido Comunista. Tras la jornada revolucionaria fue hecho preso y torturado casi hasta la muerte, salvando la vida milagrosamente. Sufri\u00f3 prisi\u00f3n en Ja\u00e9n hasta agosto de 1935. Foto cedida por su hijo D. Jos\u00e9 G\u00f3mez Aguayo.<\/strong><\/figcaption><\/figure>\n<\/div>\n\n\n<p><\/p>\n\n\n\n<p>El compromiso del m\u00e9dico Villarejo con la honestidad le costar\u00eda salir huyendo por la noche del pueblo por temor a las represalias de algunos elementos de derechas, aunque d\u00edas m\u00e1s tarde volvi\u00f3 poniendo en peligro su propia integridad.&nbsp; La neumon\u00eda certificada no fue otra cosa que el resultado de las negligencias cometidas por los torturadores. El testimonio de Juan Mart\u00ednez, all\u00ed presente, es clarificador: \u00abMataron a Andr\u00e9s Velasco a palos, con toda la calor y despu\u00e9s le echaron agua fresca del pozo para reanimarlo&#8230;y se qued\u00f3 en el acto\u00bb.<\/p>\n\n\n\n<p>Fueron tambi\u00e9n especialmente duras las torturas infringidas a uno de los j\u00f3venes socialistas m\u00e1s activos, y cerebro intelectual de la Juventud Socialista, el abogado Andr\u00e9s Rodr\u00edguez, con quien&nbsp; se ensa\u00f1aron cruelmente por ser hijo del ex-alcalde Andr\u00e9s Rodr\u00edguez al que no pudieron localizar por estar huido. A este joven que hab\u00eda ejercido el puesto de interventor en el Ayuntamiento, le da\u00f1aron la vista y hubo de sufrir prisi\u00f3n atenuada y vigilada en su domicilio particular pues no pod\u00eda valerse por s\u00ed mismo&nbsp; sino con la ayuda de sus parientes. En los d\u00edas sucesivos le hicieron la vida imposible hasta el punto de buscar refugio en La L\u00ednea de la Concepci\u00f3n donde se hab\u00eda establecido su familia. El destino le deparar\u00eda la muerte, junto a su padre, en los fusilamientos masivos llevados a cabo por las tropas nacionales en dicha localidad, en julio de 1936.<\/p>\n\n\n\n<p>\ufeff<\/p>\n\n\n\n<p>\ufeffTambi\u00e9n se ensa\u00f1aron con Ignacio Rodr\u00edguez Garc\u00eda, \u00abPirucho\u00bb, jornalero condenado por el incidente de la bomba del Centro Agrario, al que hubieron de ingresar&nbsp; el 30 de octubre en el Hospital de Ja\u00e9n&nbsp; como consecuencia de un derrame pleur\u00edtico con s\u00edntomas de disnea y altas fiebres, seg\u00fan consta en la comunicaci\u00f3n del Director de la Prisi\u00f3n dirigida al Servicio M\u00e9dico del Hospital. Ignacio ser\u00eda dado de alta el 23 de noviembre y era trasladado el 9 de mayo de 1935, a cumplir condena por el incidente de la bomba del Centro Agrario al Penal de Cartagena junto a Francisco Gasc\u00f3n Casado, Bartolom\u00e9 Rodr\u00edguez Pe\u00f1a y Miguel Barrag\u00e1n Cano.<\/p>\n\n\n\n<p>\ufeff<\/p>\n\n\n\n<p><\/p>\n\n\n\n<p><\/p>\n\n\n\n<p><\/p>\n\n\n\n<p>Las consecuencias m\u00e1s inmediatas del seis de octubre fueron las detenciones inmediatas en el calabozo municipal, y en la prisi\u00f3n comarcal de And\u00fajar, de casi doscientos jornaleros, de ellos 153 hombres y una mujer cumplieron condena en la Prisi\u00f3n Provincial de Ja\u00e9n. Es decir pr\u00e1cticamente la fuerza motriz m\u00e1s joven de la econom\u00eda agr\u00edcola marmoleje\u00f1a, que ya no podr\u00edan trabajar durante 17 meses, y que, por tanto, dejaban en la inanici\u00f3n y desamparo a mujeres e hijos, pues para la mayor\u00eda de ellos la condena se prolong\u00f3 hasta el 20 de febrero de 1936, tras las elecciones parlamentarias, en que recibieron el indulto y pudieron volver con sus familiares. Calles como la del Norte, Huertas, Vistillas (1\u00aa y 2\u00aa),&nbsp; y Cruz (Nueva), fueron vaciadas literalmente de su componente masculino hasta febrero de 1936.<\/p>\n\n\n\n<p>En segundo lugar tiene lugar la desarticulaci\u00f3n de la gran organizaci\u00f3n obrera socialista, con clausura e incautaci\u00f3n de los enseres de la Casa del Pueblo (10) y de los bienes de los dirigentes m\u00e1s destacados (a Andr\u00e9s Rodr\u00edguez se le requis\u00f3 su casa y a Antonio Garc\u00eda el coche y la camioneta). Los principales dirigentes ser\u00edan encarcelados cuando no exiliados, como fue el caso de los m\u00e1ximos dirigentes hist\u00f3ricos Andr\u00e9s Rodr\u00edguez&nbsp; y Antonio Garc\u00eda, que hubieron de salir de Marmolejo porque los buscaban para matarlos y para quienes el movimiento huelgu\u00edstico supuso, adem\u00e1s de un sacrificio personal, un verdadero punto de inflexi\u00f3n en sus propias vidas.&nbsp;&nbsp; Los dos dirigentes&nbsp; del socialismo marmoleje\u00f1o, el ex-alcalde Andr\u00e9s Rodr\u00edguez G\u00f3mez y el ex-primer teniente de alcalde Antonio Garc\u00eda Mart\u00ednez \u201cMaqueano\u201d debieron de huir por la noche en un tren buscando refugio en Gibraltar.<\/p>\n\n\n\n<p>Al llegar a Algeciras alquilaron una barquilla para pasar a Gibraltar, pero el barquero les dijo que hab\u00edan de esperar porque la mar estaba muy alborotada y era muy peligroso. Por fin llegaron y se refugiaron en un barco donde se secaron y pidieron asilo. En cuanto a Andr\u00e9s, seg\u00fan el testimonio&nbsp; de Pablo Iglesias Garc\u00eda Vergara, hijo de Antonio Garc\u00eda, \u00abquer\u00eda volverse de Algeciras a Marmolejo para que a sus hijos no le hiciesen nada, pero Antonio le quit\u00f3 la idea ante la ferocidad de la fuerza fascista. Ya se sabe su lema&nbsp;\u00absembrar el terror para aterrorizar a los pueblos, para dominarlos. Ante las reticencias de las autoridades gibraltare\u00f1as a darle asilo pol\u00edtico, tuvieron que escribir al Secretario del Partido Laborista Ingl\u00e9s (que luego fue primer ministro del gobierno ingl\u00e9s), y finalmente lo lograron\u00bb.<br><\/p>\n\n\n\n<p>Con el indulto general de los huelguistas del 6 de octubre, \u00abMaqueano\u00bb encontr\u00f3 trabajo en Gibraltar, en la casa BATA de zapatos, a donde arrastr\u00f3 a toda la familia, y Andr\u00e9s estableci\u00f3 una panader\u00eda en La L\u00ednea de la Concepci\u00f3n.<br><\/p>\n\n\n\n<p>En los d\u00edas posteriores a la jornada revolucionaria las autoridades locales y militares no cejaron en el empe\u00f1o de localizar su paradero. La carta del capit\u00e1n Juez Instructor Militar,&nbsp; Manuel Hurtado fechada en Ja\u00e9n a 19 de noviembre de 1934, contestando a otra del alcalde Carlos S\u00e1nchez dice as\u00ed: \u00abMi distinguido amigo: Recibo su atenta carta acompa\u00f1\u00e1ndome oficio sobre la malversaci\u00f3n de fondos cometidos por Andr\u00e9s Rodr\u00edguez y Antonio Garc\u00eda, de cuyo oficio le doy traslado al Sr. Gobernador Militar del Campo de Gibraltar como me ten\u00eda interesado dicho Se\u00f1or para poder gestionar la extradici\u00f3n de dichos individuos as\u00ed es que espero la contestaci\u00f3n para que en caso de ser detenidos sean trasladados a esta prisi\u00f3n o a Marmolejo, pero a este \u00faltimo sitio es m\u00e1s dif\u00edcil porque ya no me dar\u00e1n dietas. Sin m\u00e1s por hoy salude afectuosamente a D. Miguel Vencel\u00e1 (quiz\u00e1s quiso decir Jos\u00e9) y a todos los amigos y Usted sabe le aprecia su buen amigo q.e.s.m. Firmado Manuel Hurtado. Post data: salude a Navarro y a Herrera\u00bb.<\/p>\n\n\n<div class=\"wp-block-image\">\n<figure class=\"alignright\"><img decoding=\"async\" src=\"https:\/\/static.wixstatic.com\/media\/7e23fc_0de20ade595081068cbe4fb531344e0c.jpg\/v1\/fill\/w_396,h_266,al_c,q_80,usm_0.66_1.00_0.01,enc_auto\/7e23fc_0de20ade595081068cbe4fb531344e0c.jpg\" alt=\"\"\/><figcaption class=\"wp-element-caption\"><strong>&nbsp;Andr\u00e9s Velasco Rivillas, afiliado al partido Socialista y a la UGT, muri\u00f3 el 10 de noviembre como consecuencia de las torturas propinadas por guardias civiles tras la jornada revolucionaria del 6 de octubre. Era jornalero del campo pero sab\u00eda leer y escribir perfectamente como la mayor\u00eda de los afiliados al Centro Instructivo Obrero. En abril de 1931 fue elegido concejal y represent\u00f3 al Ayuntamiento en el Consejo Local de Primera Ense\u00f1anza. El 11 de junio de 1932 ocup\u00f3 el cargo de Alcalde tras la dimisi\u00f3n de Andr\u00e9s Rodr\u00edguez G\u00f3mez hasta el 8 de julio de 1933. Foto cedida por D. Manuel Ca\u00f1averas Cruz.<\/strong><\/figcaption><\/figure>\n<\/div>\n\n\n<p>La experiencia vivida por estos dos dirigentes socialistas era recogida en la siguiente cr\u00f3nica del diario gr\u00e1fico madrile\u00f1o \u201cLa Estampa\u201d que, el 22 de febrero de 1936, dedicaba un reportaje, a los dirigentes comunistas y socialistas&nbsp; refugiados a\u00fan en el Pe\u00f1\u00f3n desde la Revoluci\u00f3n de octubre, justo cuando muchos de ellos ya se planteaban volver a sus pueblos de origen tras la victoria del Frente Popular. Dice as\u00ed:&nbsp;\u201cCoincidiendo con la llegada de estos espa\u00f1oles, otra docena de emigrados, -los marxistas- han abandonado ahora Gibraltar. Poco despu\u00e9s de la revoluci\u00f3n de octubre se refugiaron aqu\u00ed bastantes, pero en la actualidad s\u00f3lo quedaban doce: cinco comunistas y siete socialistas. En los d\u00edas turbulentos que siguieron al 6 de octubre, llegaron hasta el Pe\u00f1\u00f3n, pasando apuros, disfrazados, nadando\u2026Dos de ellos, Andr\u00e9s Rodr\u00edguez y Antonio Garc\u00eda, de Marmolejo, atravesaron la bah\u00eda de Algeciras en&nbsp; una barquilla&nbsp; que hac\u00eda agua una noche de temporal\u2026Tardamos cinco horas en la traves\u00eda \u2013me cuentan-, porque se rompi\u00f3 el remo. La barquilla se hab\u00eda llenado de agua y a cada momento cre\u00edamos que se iba a hundir. Hac\u00eda una noche muy oscura, y nosotros no sab\u00edamos nadar\u2026Aunque han vivido m\u00e1s de un a\u00f1o en Gibraltar, y en una ocasi\u00f3n, hace varios meses, el Gobierno Lerroux solicit\u00f3 la extradici\u00f3n, las autoridades inglesas no les han molestado nunca. En cambio la organizaci\u00f3n laborista de aqu\u00ed les ha ayudado constantemente. En general, durante el tiempo que ha durado su expatriaci\u00f3n han vivido aburridos y melanc\u00f3licos. Todos hemos trabajado \u2013dice el m\u00e1s viejo de ellos-, cada cual en su oficio, y algunos de peones. Los ratos libres los dedic\u00e1bamos a pasear, a estudiar ingl\u00e9s y a los deportes. Los j\u00f3venes ten\u00edan cada uno su novia correspondiente por aqu\u00ed; los viejos nos met\u00edamos en los caf\u00e9s a discutir sobre marxismo\u2026El mayor tormento que hemos sufrido era ver constantemente la costa y las ciudades espa\u00f1olas y no poder ir, no poder salir del Pe\u00f1\u00f3n\u2026Pero ya ha terminado nuestro suplicio: esta misma tarde nos vamos a la L\u00ednea\u2026\u201d (11).<\/p>\n\n\n\n<p>Antonio Garc\u00eda \u201cMaqueano\u201d, si volver\u00eda por Marmolejo con su familia ya durante la guerra, pero quien fuera primer alcalde socialista de la localidad, el panadero Andr\u00e9s Rodr\u00edguez, ya no volvi\u00f3 m\u00e1s por su patria chica. Qued\u00f3 trabajando con parte de su familia en La L\u00ednea donde mont\u00f3 una peque\u00f1a panader\u00eda y unos meses despu\u00e9s a esta entrevista de La Estampa, tras el triunfo de la sublevaci\u00f3n nacionalista en la L\u00ednea de la Concepci\u00f3n, era delatado por un paisano muy vinculado a la derecha, afincado en Algeciras, siendo detenido y fusilado en julio de 1936.<\/p>\n\n\n\n<p>Finalmente era obvio que la brecha abierta en la sociedad marmoleje\u00f1a iba a ser dif\u00edcil de cerrar ya que la derecha local antes que perdonar se radicaliz\u00f3, a\u00fan m\u00e1s, buscando como&nbsp; \u00fanica salida al conflicto la represi\u00f3n autoritaria, la justificaci\u00f3n&nbsp; permanente de sus actuaciones y unos modos y maneras de gobernar alimentados por el rencor y la venganza. Desgraciadamente en la represi\u00f3n no solo actuaron las fuerzas del orden sino que tambi\u00e9n&nbsp; algunos ciudadanos de derechas&nbsp; se ensa\u00f1aron torturando, a t\u00edtulo personal, a los presos y abonando con sus postulados pre-fascistas un clima propicio para la propagaci\u00f3n del odio entre vecinos con consecuencias dram\u00e1ticas a medio y largo plazo, pues dar\u00edan&nbsp; pie a actuaciones posteriores de car\u00e1cter revanchista, por parte de milicianos republicanos en los primeros meses de la Guerra Civil.<br><\/p>\n\n\n\n<p>El socialista Manuel Flores, cuatro a\u00f1os despu\u00e9s de los hechos revolucionarios, en calidad de Alcalde en funciones, recordaba al Juzgado Especial de Tribunales de Urgencia de Ja\u00e9n, mediante un informe, que el sacerdote Antonio Parras \u00abha sido gran propagandista de las derechas&#8230;. Como presb\u00edtero hizo mucha propaganda desde el p\u00falpito, excitando a la burgues\u00eda para lanzarla contra la clase obrera\u00bb, y en t\u00e9rminos parecidos informaron del cedista Andr\u00e9s Pastor.<\/p>\n\n\n\n<p>Este movimiento obrero iba a suponer, por tanto, un antes y un despu\u00e9s en la vida cotidiana de las gentes de Marmolejo y, c\u00f3mo no, un punto de desencuentro definitivo entre la izquierda y la derecha local agravado definitivamente durante la Guerra Civil y postguerra y no superado hasta muchas d\u00e9cadas despu\u00e9s.<\/p>\n\n\n\n<p>La defensa de unos ideales de justicia social y democracia participativa, en suma la esperanza en un futuro mejor encarnada en el r\u00e9gimen republicano, iba a imponer un precio muy alto a esta generaci\u00f3n de marmoleje\u00f1os, pagado con torturas y a\u00f1os c\u00e1rceles. Se foment\u00f3 desde entonces por los poderes conservadores la idea del individuo de izquierdas como perverso, o malvado, generaliz\u00e1ndose la pr\u00e1ctica de penalizar con la no contrataci\u00f3n a aquellos&nbsp; obreros sospechosos de ser de izquierdas. Gran parte de los trabajadores del campo estuvieron bajo sospecha y se aliment\u00f3, como nunca, la idea de que ser \u00abpersona de orden y de ideas religiosas\u00bb era garant\u00eda de jornal seguro, situaci\u00f3n que oblig\u00f3 a muchos jornaleros a asistir a la misa del domingo, y a los actos religiosos p\u00fablicos, para poder trabajar mientras que, al contrario, socialismo (o marxismo) era sin\u00f3nimo de inmoralidad y barbarie.&nbsp;<\/p>\n\n\n<div class=\"wp-block-image\">\n<figure class=\"alignleft\"><img decoding=\"async\" src=\"https:\/\/static.wixstatic.com\/media\/7e23fc_07e31f9fd359c9088f632d08428933fa.jpg\/v1\/fill\/w_356,h_456,al_c,q_80,usm_0.66_1.00_0.01,enc_auto\/7e23fc_07e31f9fd359c9088f632d08428933fa.jpg\" alt=\"\"\/><figcaption class=\"wp-element-caption\"><strong>Luis Villarejo Guerrero (Granada, 1901-SantaF\u00e9, 1969) ocup\u00f3 plaza de m\u00e9dico titular desde 1929 hasta agosto de 1938. Profesional honesto y humanitario, no accedi\u00f3 a las presiones de las autoridades radical-cedistas para falsear el motivo de la muerte del exconcejal socialista Andr\u00e9s Velasco. Ello le cost\u00f3 la enemistad con un amplio sector de la derecha marmoleje\u00f1a a pesar de que \u00e9l se declaraba de simpat\u00edas mon\u00e1rquicas. Foto cedida por su nieto D. Jos\u00e9 Luis Bonor Villarejo.<\/strong><\/figcaption><\/figure>\n<\/div>\n\n\n<p>Sin embargo entre la clase trabajadora local quedar\u00eda grabada la imagen \u00faltima de la represi\u00f3n brutal ejercida sobre los l\u00edderes y afiliados obreros, tomando cuerpo gradualmente&nbsp; un sentimiento de solidaridad y agradecimiento hacia la labor realizada por la organizaci\u00f3n socialista en su compromiso con la&nbsp; mejora de las condiciones de vida de los jornaleros. Finalmente otro efecto de tipo colateral ser\u00eda la aparici\u00f3n de una imagen de villa nada tranquila para los ag\u00fcistas pues las noticias de lo ocurrido trascendieron al resto de Espa\u00f1a a trav\u00e9s de la prensa por las razones que m\u00e1s adelante veremos.<\/p>\n\n\n\n<p>Como ya hemos dicho, en los d\u00edas siguientes al movimiento se detuvieron a los huelguistas, se le requisaron las armas (12), se les tortur\u00f3 en el cuartelillo y otras veces en el mismo patio del Ayuntamiento, para que hablaran y, finalmente, la mayor\u00eda fueron mandados a la c\u00e1rcel provincial de Ja\u00e9n. Algunos empleados municipales como Juan Soriano Carmona, y Juan Centeno Rodr\u00edguez, encargados de la limpieza viaria; F\u00e9lix G\u00f3mez Garc\u00eda, oficial de obras; Jos\u00e9 G\u00f3mez Romero y Daniel Peinado, guardas municipales de campo; Carlos Merino G\u00f3mez, guardia municipal; Alfonso Vicaria Correas, m\u00fasico, fueron depurados y obligados a dejar el puesto de trabajo \u00abvoluntariamente\u00bb. En el caso de Juan Soriano tuvo que dejar adem\u00e1s la casa del Matadero donde viv\u00eda.<\/p>\n\n\n\n<p><\/p>\n\n\n\n<p><\/p>\n\n\n\n<p><\/p>\n\n\n\n<p><\/p>\n\n\n\n<p><\/p>\n\n\n\n<p><\/p>\n\n\n\n<p><\/p>\n\n\n\n<p><\/p>\n\n\n\n<p><\/p>\n\n\n<div class=\"wp-block-image\">\n<figure class=\"alignright\"><img decoding=\"async\" src=\"https:\/\/static.wixstatic.com\/media\/7e23fc_cad7705157a595d1723019944654f766.jpg\/v1\/fill\/w_396,h_536,al_c,q_80,usm_0.66_1.00_0.01,enc_auto\/7e23fc_cad7705157a595d1723019944654f766.jpg\" alt=\"\"\/><figcaption class=\"wp-element-caption\"><strong>Fotograf\u00eda aparecida en el ABC del d\u00eda 3 de noviembre de 1934, dando cuenta de las armas requisadas a los huelguistas de Navas de San Juan (Ja\u00e9n) \u2013arriba- y de Marmolejo, abajo.<\/strong><\/figcaption><\/figure>\n<\/div>\n\n\n<p>La lista de obreros implicados en la intentona revolucionaria con condena de prisi\u00f3n se aproxim\u00f3 a doscientos, entre ellos todos los miembros de las ejecutivas del Centro Instructivo Obrero, ex-concejales socialistas y un nutrido n\u00famero&nbsp; de obreros afiliados al PSOE, a la UGT y a la Juventud Socialista. La mayor\u00eda sufrieron condena en la Prisi\u00f3n Provincial donde fueron llegando desde la prisi\u00f3n municipal y comarcal&nbsp; a lo largo de los meses de octubre y noviembre. Todos los procesados ser\u00edan juzgados por los delitos de \u00absedici\u00f3n\u00bb, en unos casos, y de \u00absedici\u00f3n y agresi\u00f3n a fuerza armada\u00bb, en otros. En ambos casos intervino un Juez de Instrucci\u00f3n Militar desplazado a Marmolejo al efecto. De un reducido n\u00famero de huelguistas no consta expediente procesal en el Archivo Provincial pero si hay informaci\u00f3n de que fueron detenidos en los primeros d\u00edas e incluso se les requisaron armas de fuego. A ellos tambi\u00e9n se les incluyen en la siguiente relaci\u00f3n pero sin datos personales. V\u00e9anse en ap\u00e9ndices I y II.<\/p>\n\n\n\n<p>El clima de preguerra civil tras la intentona revolucionaria y la idea que cal\u00f3 en la derecha de que en aquella jornada revolucionaria la UGT quer\u00eda traer a Espa\u00f1a la experiencia comunista de Rusia,&nbsp; quedaba n\u00edtidamente reflejada en la&nbsp; carta del concejal de la CEDA (Confederaci\u00f3n Espa\u00f1ola de Derechas Aut\u00f3nomas), Andr\u00e9s Pastor, dirigida a su amigo Pedro Perales, afiliado ugetista, ahora en la c\u00e1rcel de Ja\u00e9n por participar en la huelga: (13)<\/p>\n\n\n\n<p>&nbsp;\u00abFue en mi poder tu atenta de 8 del corriente y veo, lo pasas regular. Por esta todos bien gracias a Dios. Pedro no te he contestado antes por mis muchas ocupaciones que con la reparaci\u00f3n de la f\u00e1brica y la preparaci\u00f3n de la aceituna que en cuarenta mil olivos que llevamos para broma basta. Te ruego hagas el favor de aclarar los d\u00e9bitos que tienes apuntados en la tienda, una vez que hay varias personas que no reconocen tales d\u00e9bitos y (dicen) que si deben es cosa muy corta entre esas tu amiga Conchita que tiene apuntadas en el libro doscientas pesetas y dice que ella solo deber\u00e1 unas cincuenta, as\u00ed es que te agradecer\u00e9 infinito que detalles las referidas cuentas si no para cobrarlas, para saber lo que dan de si estas personas. Seguramente que en el tiempo que llevas en esa rodeado de tus buenas amistades de ideales, habr\u00e1s recordado las veces que he dicho delante de ti que el Socialismo no acaba en bien, que el camino que segu\u00edan los socialistas no era el mejor. Si el Socialismo fracas\u00f3 en todo el mundo \u00bfpor qu\u00e9 no hab\u00eda de fracasar en Espa\u00f1a?. Y entre tantos d\u00edas que hab\u00e9is estado preparando la revoluci\u00f3n, doscientas personas, o las que sean, no se le ocurri\u00f3 a ninguno pensar que despu\u00e9s de cometer los asesinatos que ten\u00edais&nbsp; proyecto de hacer y pas\u00e1ndose unos meses de haber conseguido vuestro deseo \u00bfqu\u00e9 suerte hubierais corrido?.&nbsp;<\/p>\n\n\n\n<p>\u00bfLa de Rusia?. Mejor hubiera sido que en vez de estar ciegos leyendo el peri\u00f3dico \u00abEl Socialista\u00bb, hubi\u00e9rais le\u00eddo peri\u00f3dicos sensatos que dicen la verdad de lo que pasa en Rusia. A ver entre tantas naciones que hay en el mundo, si el comunismo fuese regular hubiese copiado pero no hay m\u00e1s que Rusia, y con el tiempo veremos \u00e9sta lo que ser\u00e1. Seguro que estar\u00e9is bien enterados que el comunismo, una de sus buenas condiciones, es la que tus hijos cuando despecha su madre, se los lleva el Estado. La mujer de otro puede ser tuya sin verlo mal y hacen trabajar con un l\u00e1tigo y el que intenta huir a otra naci\u00f3n lo matan y una naci\u00f3n tan grande los obreros mueren miles de hambre y todo eso es ver\u00eddico. Lo publican todos los peri\u00f3dicos sensatos menos el peri\u00f3dico que a espaldas m\u00edas le\u00edas t\u00fa. La mancha criminal que pesa en vuestra consciencia durar\u00e1 lo que dura la exterminaci\u00f3n de siete generaciones. El que un hombre mate en ri\u00f1a, o mate a diez, siempre es (ser\u00e1) un criminal, pero son cosas muy corrientes en la vida. Lo que no es corriente es lo que pasa en Rusia, lo que ha pasado en Asturias y lo que ten\u00edais proyectado aqu\u00ed: tener nombrado el verdugo que ten\u00eda que matarnos, y esto despu\u00e9s de encontrar una lista de todos los que ten\u00edamos que ser ejecutados. Ocho meses haciendo y preparando bombas y municiones como si hubierais ido a una monter\u00eda. Todos los seres humanos antes de cometer algo grave meditan, piensan, y lo natural, no habiendo resentimientos hondos, se arrepienten. Pero aqu\u00ed \u00edbais todos adelante, peor que las fieras, mucho peor. Las fieras se dejan matar por no abandonar a sus hijos y vosotros con la tranquilidad y sangre fr\u00eda los hab\u00e9is abandonado. Siento mucho te molestes porque te hable tan claro. T\u00fa sabr\u00e1s que yo no s\u00e9 fingir. Siempre dije lo que sent\u00ed y de contestarte otra cosa no te podr\u00eda contestar. El d\u00eda de la manifestaci\u00f3n estuve en la prisi\u00f3n por ver si te lo pod\u00eda decir personalmente y me dijeron que no era ocasi\u00f3n. La mujer de \u00abCulolata\u00bb y la hija de \u00abCharavito\u00bb estaban en la puerta, y me dijo el centinela que no era ocasi\u00f3n de poderte hablar, cosa que sent\u00ed. Dispensa mi molestia, y con recuerdos de mi familia se despide tu amigo\u00bb.<\/p>\n\n\n<div class=\"wp-block-image\">\n<figure class=\"alignleft is-resized\"><img fetchpriority=\"high\" decoding=\"async\" src=\"https:\/\/static.wixstatic.com\/media\/7e23fc_52341e7a64ca8c469ac9faa98bdece24.jpg\/v1\/fill\/w_471,h_276,al_c,q_80,usm_0.66_1.00_0.01,enc_auto\/7e23fc_52341e7a64ca8c469ac9faa98bdece24.jpg\" alt=\"\" width=\"412\" height=\"241\"\/><figcaption class=\"wp-element-caption\"><strong>Felipe Roncero C\u00f3rdoba, popularmente conocido como \u201cMilindres el barbero\u201d, fue un joven de actitudes solidarias,&nbsp; lo que le vali\u00f3 el aprecio de todos sus compa\u00f1eros de izquierdas tras la brutal represi\u00f3n posterior a los sucesos de octubre. Gracias a sus conocimientos adquiridos en su profesi\u00f3n de peluquero, ayud\u00f3 a sanar de sus heridas, a muchos presos y dirigentes obreros torturados en la Casa Cuartel de la calle Maestro. Aparece en esta fotograf\u00eda con sus dos sobrinos: Isidoro Real (izquierda) y Francisco, fallecido en Guerra a la edad de tres a\u00f1os. Foto cedida por su sobrino D. Isidoro Real Roncero.<\/strong><\/figcaption><\/figure>\n<\/div>\n\n\n<p>A\u00f1os m\u00e1s tarde, en plena Guerra Civil, el alcalde Manuel Flores trasladaba al Gobernador Civil un duro informe sobre&nbsp; Andr\u00e9s Pastor que permanec\u00eda preso Ja\u00e9n, comunicando que \u00abhab\u00eda tenido mucha actividad en la represi\u00f3n de octubre, ordenando a la Guardia Civil la recogida de obreros y los que deb\u00edan ser apaleados. Siempre fue enemigo de los trabajadores, boicoteando descaradamente las leyes de la Rep\u00fablica. Mientras la Guardia Civil maltrataba a los obreros Pedro Prieto S\u00e1nchez y Jos\u00e9 Portillo Robles en el patio del Ayuntamiento, \u00e9l como concejal aplaud\u00eda desde un balc\u00f3n a la mencionada Guardia\u00bb.<\/p>\n\n\n\n<p>Adem\u00e1s de estremecedores informes como \u00e9ste que no hicieron m\u00e1s que certificar el clima de enfrentamiento civil, otras de las secuelas m\u00e1s importantes del seis de octubre fue la situaci\u00f3n de calamidad en que quedaron las familias de los huelguistas, la mayor\u00eda de ellas al amparo de la caridad p\u00fablica que dispensaban el Ayuntamiento y las familias pudientes, con lo que el grado de humillaci\u00f3n a que tuvieron que someterse lleg\u00f3 a niveles nunca vistos solo superados en la postguerra. Para colmo de males 1935, a\u00f1o en que los huelguistas&nbsp; cumpl\u00edan condena, result\u00f3 agr\u00edcolamente p\u00e9simo, con altas cotas de parados. El n\u00famero de desempleados&nbsp; oscil\u00f3 entre los 668 obreros del campo&nbsp; del mes de marzo hasta los casi 800 de agosto. Esta situaci\u00f3n la agrav\u00f3, a\u00fan m\u00e1s, el hecho de que muchos propietarios agr\u00edcolas&nbsp; se negaron a contratar obreros de Marmolejo para la recolecci\u00f3n de las aceitunas tal y como expresaba el Alcalde Carlos S\u00e1nchez al Gobernador Civil:<\/p>\n\n\n\n<p><\/p>\n\n\n\n<p>\u00abHabiendo comenzado en el d\u00eda de hoy la recolecci\u00f3n de aceituna de este t\u00e9rmino municipal, tengo el honor de poner en conocimiento de V.E. que a esta Alcald\u00eda han llegado noticias de que los propietarios de fincas sitas en el mismo, D. Antonio Orti Rodr\u00edguez, D. Francisco Garc\u00eda Pedrajas, D. Antonio Moya Castro&nbsp; y D. Francisco Herrero Garc\u00eda, este \u00faltimo Ingeniero Agr\u00f3nomo de la Secci\u00f3n Provincial de C\u00f3rdoba, tienen contratados obreros forasteros para efectuar la recolecci\u00f3n, procedimiento que, sin duda de ning\u00fan g\u00e9nero ha de provocar incidentes desagradables entre los obreros de este pueblo que despu\u00e9s de un largo periodo de paro forzoso, no pueden ver con agrado tales medidas, que implican restar jornales que leg\u00edtimamente les pertenecen y adem\u00e1s dar\u00e1 lugar a que la mitad de los trabajadores de Marmolejo contin\u00faen sin ocupaci\u00f3n, obedeciendo todo ello a que los patronos de esta villa no quieren personal de Marmolejo desde que ocurrieron los sucesos luctuosos de Octubre de 1934. Como este Ayuntamiento, dada su penuria econ\u00f3mica no puede hacer frente, en modo alguno, a remediar tanta calamidad p\u00fablica, le significo que esta misma ma\u00f1ana me he encontrado la Casa Ayuntamiento totalmente ocupada por mujeres fam\u00e9licas en demanda de que se les de alguna limosna. En su virtud y aunque esta Alcald\u00eda no desconoce la libre contrataci\u00f3n de obreros lo pongo en su conocimiento por si ma\u00f1ana pudiera por los motivos expresados provocarse alguna alteraci\u00f3n de orden p\u00fablico, esperando de su respetable y superior autoridad se digne manifestarme si hubiere alg\u00fan medio de evitar el que elemento extra\u00f1o a esta poblaci\u00f3n se ocupe intensamente en la citada recolecci\u00f3n. Salud y Rep\u00fablica\u00bb .<\/p>\n\n\n<div class=\"wp-block-image\">\n<figure class=\"alignright\"><img decoding=\"async\" src=\"https:\/\/static.wixstatic.com\/media\/7e23fc_66a7ad7671369b8c7c1ac2281a7780e9.jpg\/v1\/fill\/w_337,h_295,al_c,lg_1,q_80,enc_auto\/7e23fc_66a7ad7671369b8c7c1ac2281a7780e9.jpg\" alt=\"\"\/><figcaption class=\"wp-element-caption\"><strong>Pedro Perales Ollero con domicilio en la calle Norte 36, era uno de los m\u00e1s veteranos&nbsp; del Centro Instructivo Obrero. Jornalero del campo, particip\u00f3 en la Huelga General, sufriendo m\u00e1s de 10 meses de prisi\u00f3n en Ja\u00e9n. Foto: Archivo Municipal de Marmolejo.<\/strong><\/figcaption><\/figure>\n<\/div>\n\n\n<p>Mientras esta situaci\u00f3n parec\u00eda enquistarse en la sociedad marmoleje\u00f1a, un art\u00edculo de \u00abEl Heraldo\u00bb de Madrid peri\u00f3dico nada sospechoso de izquierdismo, pero con notable influencia sobre el mundillo pol\u00edtico nacional, destapaba la llaga de la herida que la derecha&nbsp; pretend`\u00b4ia ocultar. El art\u00edculo se titulaba \u00abEn Marmolejo, el ni\u00f1o que no reza, no come\u00bb&nbsp; y fue publicado el 22 de junio de 1935 con el siguiente contenido:<br>\u00abSon varios los conductos por los que nos llegan noticias verdaderamente alarmantes de lo que sucede en Marmolejo. Ya en n\u00famero anterior nos referimos al alarde que supone pasear las calles del pueblo con la banderita bicolor en la solapa, con el benepl\u00e1cito de sus republican\u00edsimas autoridades. Pero las que hoy nos env\u00eda un buen republicano de aquel pueblo colman la medida, se\u00f1or Ministro de la Gobernaci\u00f3n. Parece que el hambre se ha extendido tanto sobre la sufrida clase trabajadora, que ha sido \u00abnecesario\u00bb abrir un centro cat\u00f3lico y en \u00e9l instalar un comedor de \u00abcaridad\u00bb. Claro que no pod\u00eda faltar el cura al frente del mismo. !Qui\u00e9n iba a encarnar mejor la m\u00e1xima de dar pan al hambriento!. Pero ahora resulta que el derecho a comer se supedita a ciertas reglas que dicen muy poco, no ya solamente en favor del cura, rector de esta obra ben\u00e9fica, sino de los santos varones y damas de Estropajosa que contribuyen con su \u00f3bolo a tal fin. Nos remitimos a la carta que recibimos de nuestro republicano comunicante, por creer que sus sencillas y gr\u00e1ficas palabras, limpias de literatura y sin adobo de lirismo, dicen cuanto nosotros deseamos hacer llegar al Sr. Portela Valladares, baluarte en el que la opini\u00f3n republicana cifra sus esperanzas en este instante. Dice as\u00ed nuestro amigo: \u00abEl pueblo est\u00e1 en la \u00faltima miseria; han abierto un centro cat\u00f3lico y han puesto un comedor para los ni\u00f1os pobres; pero antes de darles la comida tienen que rezar, y por las calles les tienen dicho que vayan rezando en alta voz, y el que falte a la \u00abdoctrina\u00bb, a la iglesia, al otro d\u00eda no le dan de comer\u00bb. Ofrecemos a nuestro p\u00edo colega \u00abEl Debate\u00bb (diario de orientaci\u00f3n cat\u00f3lico-conservadora) las anteriores palabras, que son todo un poema, aunque envuelto en r\u00fastico ropaje\u00bb.<\/p>\n\n\n\n<p>El gobernador civil Fern\u00e1ndez Mato por esta vez pidi\u00f3 explicaciones al Alcalde&nbsp; a cerca de la situaci\u00f3n denunciada en el diario madrile\u00f1o y a Carlos S\u00e1nchez no qued\u00f3 otra alternativa que contestar en su propia defensa al Diario \u00abEl Heraldo\u00bb en los siguientes t\u00e9rminos: \u00abMuy Sr. m\u00edo: En el n\u00famero 15385 de Heraldo de Madrid, correspondiente al s\u00e1bado 22 del actual, p\u00e1ginas 1\u00aa y 2\u00aa , aparece un art\u00edculo titulado&nbsp; \u00abEn Marmolejo el ni\u00f1o que no reza no come\u00bb y para desvirtuarlo le ruego encarecidamente publique la presente carta en los mismos sitios o p\u00e1ginas en que ha aparecido el citado art\u00edculo. Es cierto que en esta poblaci\u00f3n se cre\u00f3 y subsiste un comedor de Asistencia Infantil, como consecuencia de los luctuosos hechos acaecidos en este pueblo el 6 de Octubre de 1934. La idea de tal creaci\u00f3n sali\u00f3 lisa y llanamente de ver el desamparo en que hab\u00edan quedado los hijos de los revolucionarios que fueron procesados y que imploraban la caridad p\u00fablica por las calles no regateando esfuerzos y molestias por todas las clases sociales para conseguir que a dichos ni\u00f1os no les faltase la alimentaci\u00f3n, ya que sus padres detenidos en la c\u00e1rcel no pod\u00edan proporcionarles el sustento.<\/p>\n\n\n<div class=\"wp-block-image\">\n<figure class=\"alignleft\"><img decoding=\"async\" src=\"https:\/\/static.wixstatic.com\/media\/7e23fc_f7befcbe4d9a51ea9806e967f957736b.jpg\/v1\/fill\/w_343,h_382,al_c,lg_1,q_80,enc_auto\/7e23fc_f7befcbe4d9a51ea9806e967f957736b.jpg\" alt=\"\"\/><figcaption class=\"wp-element-caption\"><strong>Francisco Mart\u00ednez Cano \u201cMatarratas\u201d, huy\u00f3 a la sierra junto a sus hermanos Juan, Bartolom\u00e9 y Jos\u00e9 al finalizar la jornada revolucionaria. En los d\u00edas posteriores fueron hechos prisioneros y conducidos a la prisi\u00f3n de Ja\u00e9n, donde estuvieron hasta agosto de 1935. Foto: Archivo Municipal de Marmolejo.<\/strong><\/figcaption><\/figure>\n<\/div>\n\n\n<p>Para el sostenimiento de tal comedor han contribuido y contribuyen sin distinci\u00f3n de clase alguna todo el vecindario, aportando cada cual su \u00f3bolo con arreglo a sus disponibilidades. Son pues falsos de toda falsedad los asertos contenidos en el mencionado art\u00edculo y en otro anteriormente publicado en su propio peri\u00f3dico que honradamente reprochamos, no habi\u00e9ndose dado ni un solo caso que se haya desatendido a ning\u00fan ni\u00f1o de los que han asistido al comedor.<\/p>\n\n\n\n<p>Con inusitado descaro, el comunicante cuyo nombre se oculta sin duda por su mala cala\u00f1a, es un falso impostor al asegurar que en el comedor de caridad para dar de comer a los ni\u00f1os se observan ciertas reglas que dicen muy poco en favor de estos habitantes y de sus autoridades. Es igualmente falso que en esta poblaci\u00f3n haya persona alguna que se haya permitido llevar en la solapa la bandera bicolor, y en cuanto al republicanismo de estas autoridades locales me enorgullece patentizar que es puro acrisolado. No dudo pues que en honor a la verdad ha de acceder a mi ruego de que en ese peri\u00f3dico se d\u00e9 cabida a la presente carta seg\u00fan le intereso, quedando de usted muy atento Fdo: Carlos S\u00e1nchez\u00bb.<\/p>\n\n\n\n<p>\ufeffEn general podemos afirmar que la resaca de los acontecimientos de octubre condicionar\u00eda la vida pol\u00edtica y social a lo largo del&nbsp; a\u00f1o y medio en que los huelguistas estuvieron encarcelados. Muy al contrario que a los obreros represaliados, a las personas que sobresalieron en la lucha contra los huelguistas se les premi\u00f3 con los m\u00e1ximos honores y distinciones posibles.<\/p>\n\n\n\n<p>El cuatro de noviembre se convocaba en la capital un acto al que el Gobernador Civil como organizador del mismo, invitaba a todos los comit\u00e9s locales del Partido Radical \u00abpara que asistan con bandera al homenaje que ha de rendirse al Ej\u00e9rcito, Guardia Civil, fuerzas de Seguridad y Asalto y Cuerpo de Vigilancia por su leal y brillante comportamiento en el ya extinguido movimiento revolucionario\u00bb, y cinco d\u00edas despu\u00e9s se nombr\u00f3 ciudadano de honor e hijo ilustre de Marmolejo al l\u00edder del Partido Radical, Alejandro Lerroux.<\/p>\n\n\n\n<p><\/p>\n\n\n\n<p>Por su parte el director-gerente de la compa\u00f1\u00eda Mengemor en Madrid, remit\u00eda al Alcalde la siguiente carta el 15 de noviembre de 1935:&nbsp;&nbsp;\u00abRecibida por conducto de nuestro representante en C\u00f3rdoba su atenta carta, comunicaci\u00f3n de fecha 31 de Octubre, traslad\u00e1ndome el acuerdo tomado por ese ilustre Ayuntamiento, tengo el honor de manifestarle en nombre de esta compa\u00f1\u00eda y muy especialmente en el m\u00edo propio, profundamente reconocidos por la atenci\u00f3n que nos dispensa esa ilustre corporaci\u00f3n que si nos llena de \u00edntima satisfacci\u00f3n la conducta de todo el personal de la compa\u00f1\u00eda, al permanecer sin excepci\u00f3n alguna en sus puestos durante los sucesos pasados, hemos experimentado especial y profundo orgullo al ver destacar entre sus funcionarios, agentes de la contextura moral del Sr. Diego Rodr\u00edguez Palomares, quien obrando a impulsos solamente de su honradez y lealtad y dando un alto ejemplo de ciudadan\u00eda, libr\u00f3 a esa poblaci\u00f3n de la angustia y zozobra en que vivi\u00f3 por espacio de varias horas, durante el movimiento revolucionario que ha puesto a Espa\u00f1a en grave riesgo de desaparecer como naci\u00f3n civilizada. Estas consideraciones y la ejemplaridad del caso, ha impulsado a esta Direcci\u00f3n a dar cuenta del mismo al Excmo. Sr. Ministro de Gobernaci\u00f3n, solicitando se conceda a Diego Rodr\u00edguez Palomares una recompensa oficial\u00bb.<\/p>\n\n\n<div class=\"wp-block-image\">\n<figure class=\"alignright\"><img decoding=\"async\" src=\"https:\/\/static.wixstatic.com\/media\/7e23fc_5e3c4c354263ce3a4e8a50c5dbd3f490.jpg\/v1\/fill\/w_396,h_426,al_c,lg_1,q_80,enc_auto\/7e23fc_5e3c4c354263ce3a4e8a50c5dbd3f490.jpg\" alt=\"\"\/><figcaption class=\"wp-element-caption\"><strong>Pedro Medina Lozano, jornalero, de 46 a\u00f1os, con domicilio en la calle de Las Huertas, 18, particip\u00f3 en la jornada revolucionaria sufriendo prisi\u00f3n hasta febrero de 1936. Tras la Guerra Civil&nbsp; fue hecho prisionero por las tropas de Franco y muri\u00f3 el 23 de noviembre de 1941 en la prisi\u00f3n burgalesa de Valdenoceda, a la edad de 53 a\u00f1os. Foto: Diario Ja\u00e9n.<\/strong><\/figcaption><\/figure>\n<\/div>\n\n\n<p>Las gestiones de la empresa ante el Ministro de Gobernaci\u00f3n, el cordob\u00e9s Eloy Vaquero (14) surtieron el efecto deseado y se le conced\u00eda al citado empleado&nbsp; la distinci\u00f3n de&nbsp; Caballero de la Orden de la Rep\u00fablica por el Ministerio de Gobernaci\u00f3n, con fecha 23 de enero de 1935. Otra personalidad ensalzada ser\u00eda el gobernador civil de Ja\u00e9n, Ram\u00f3n Fern\u00e1ndez Mato, para el que se solicitaba la Gran Cruz de la Beneficencia al Ministro de la Gobernaci\u00f3n por \u00absu actividad, celo y patriotismo en sofocar los sucesos revolucionarios de este pueblo el 6 de octubre de 1934\u00bb.<br><\/p>\n\n\n\n<p>Tambi\u00e9n fue muy celebrada la labor de los funcionarios municipales afines al gobierno de centro-derecha como fue el caso de los guardias&nbsp; municipales Alfonso Barrag\u00e1n Ruiz y Ram\u00f3n Lara P\u00e9rez; \u00e9ste \u00faltimo se distingu\u00eda seg\u00fan el concejal Pedro Perales Yedr\u00e1 \u00abpor su colaboraci\u00f3n con&nbsp; la Guardia Civil y por recoger un saco de cartuchos de los amotinados\u00bb. Los agradecimientos se hicieron extensibles igualmente&nbsp; a los n\u00fameros de la Guardia Civil, Gabriel Herrera Ruano&nbsp; y Francisco L\u00f3pez Navarro.&nbsp;<br><\/p>\n\n\n\n<p>Jos\u00e9 Guti\u00e9rrez Alcal\u00e1 desde la atalaya que le proporcionaba el peri\u00f3dico cordob\u00e9s de tendencia republicano- radical \u201cLa Voz\u201d, plasm\u00f3 en varios art\u00edculos&nbsp; la versi\u00f3n de la derecha republicana marmoleje\u00f1a sobre los acontecimientos de octubre, mostrando desacuerdo con la actuaci\u00f3n de las organizaciones obreras y ensalzando la actitud de las autoridades locales y de las fuerzas del orden. Al comienzo de la Rep\u00fablica, Guti\u00e9rrez Alcal\u00e1 milit\u00f3 en el Partido Republicano Radical; en abril de 1933, entr\u00f3 a formar parte como Secretario General en la ejecutiva local de este partido como hombre de confianza del Carlos S\u00e1nchez Sol\u00eds (15). Parece ser que en estas fechas de los sucesos revolucionarios a\u00fan manten\u00eda su militancia radical aunque hacia 1935 tomaba el camino de su m\u00e1ximo referente pol\u00edtico a nivel nacional, Diego Martinez Barrio, distanci\u00e1ndose del partido Radical y ayudando a fundar en nuestra localidad la nueva formaci\u00f3n pol\u00edtica Uni\u00f3n Republicana, liderada por este pol\u00edtico sevillano y&nbsp; que en 1935 se integrar\u00eda en el Frente Popular. Parad\u00f3jicamente su compromiso final con la Rep\u00fablica le vali\u00f3 la c\u00e1rcel en la Postguerra. Todav\u00eda en su versi\u00f3n m\u00e1s genuina de joven radical-republicano, el 16 de octubre enviaba&nbsp; la siguiente cr\u00f3nica de los sucesos del 6 de octubre en el diario republicano La Voz: \u201cEl muerto n\u00famero 15&#8243;<\/p>\n\n\n\n<p>\u201cAhora que pas\u00f3 el d\u00eda, o mejor, aquellas horas angustiosas, desde las cuatro de la ma\u00f1ana a las 12 del d\u00eda, en que hubimos de vivir bajo la amenaza t\u00e9trica y brutal de la pistola y la escopeta de dos ca\u00f1ones, bajo el son fren\u00e9tico del hacha y bajo el siniestro signo de la hoz socialista, que acostumbrada a vivir abrazada al martillo, en el coraz\u00f3n de un campo rojo, quiso forjarlo ella con sangre inocente en la revoluci\u00f3n del d\u00eda 6; ahora que nuestras c\u00e1rceles convirti\u00e9ronse en cubiles para dar albergue a las fieras \u201cpaqueadas\u201d, a los monstruos nacidos bajo los auspicios de las doctrinas marxistas, a los forajidos interpretes de la revoluci\u00f3n, igual en salvajismo a las megaloman\u00edas leninistas, con el snobismo \u201cgansteriano\u201d que dijera felic\u00edsimo Salazar Alonso, desde el ministerio de Gobernaci\u00f3n; ahora, en fin, que estos desalmados del Marte fraticida, contenidos por el rigor patricio, esperan el golpe de la Ley \u2013que siempre ser\u00e1 benigna ante la cuant\u00eda de su intenci\u00f3n-, y ya que Dios quiso depararnos la dicha de \u201c poder contarlo\u201d, vamos a ofrecer esquem\u00e1ticamente a los lectores de LA VOZ, que son nuestros hermanos ante la Patria, la rese\u00f1a de lo que aqu\u00ed ocurri\u00f3. Lo escribe la \u201cmano de un muerto\u201d, del \u201cmuerto n\u00famero15\u201d, porque aparec\u00eda en la \u201clista necr\u00f3polis\u201d despu\u00e9s del \u00faltimo concejal, que son 14\u2026!N\u00famero 15 en esa lista hallada en poder de los revolucionarios en que aparec\u00edan los no nombres de aquellos que hab\u00edan de morir en cuanto saliesen de sus domicilios, o cuando, triunfante la revoluci\u00f3n, fuesen \u201cajusticiados\u201d en el pat\u00edbulo en que se convertir\u00eda la plaza del pueblo!&#8230;<\/p>\n\n\n\n<p>\ufeff<\/p>\n\n\n\n<p><strong>La revoluci\u00f3n.<\/strong><\/p>\n\n\n\n<p>D\u00eda 6 de octubre. Cuatro de la ma\u00f1ana. D\u00eda y hora de la revoluci\u00f3n puesta en marcha. La bella palidez del crep\u00fasculo, se desgarra por una descarga al un\u00edsono de los revoltosos que, tomadas las bocacalles del pueblo, se disponen con su diana de asesinos, despertar al vecindario, al mismo vecindario que pensaban decapitar. Con los ojos pegados por el sue\u00f1o, la gente se asoma a los balcones, a las ventanas, y los salvajes con escopeta, enca\u00f1on\u00e1ndolas, les obligan a meterse dentro. Ya est\u00e1 el pueblo despierto. Ya sabe el pueblo que est\u00e1 cercado por la Muerte. El que tiene arma se va a ella instigado por el instinto de conservaci\u00f3n. Ya ha despertado el pueblo, para abrir sus ojos a la realidad, un poco m\u00e1s brutal que de ordinario del d\u00eda 6 de Octubre; hay que mata\u2026.No cesa ya el tiroteo. Los revoltosos socialistas, sin\u00f3nimo de bandoleros, est\u00e1n agazapados en las esquinas y vuelven amenazadoramente a las personas que inocentes de todo, salieron de sus casas. Todo como bandoleros, cubierta la cara con la gorra calada y el cuello de la pelliza subido, con trabucos\u2026Los hortelanos y vendedores de la plaza de abasto, son vueltos violentamente. Todo el pueblo es suyo. Han cortado las comunicaciones telef\u00f3nicas; las carreteras; frente a cada una de las casas habitadas por quienes podr\u00edan salir a darles batalla, varios escopeteros, siguiendo el menor movimiento de las persianas.<\/p>\n\n\n\n<p>En tanto, frente al cuartel, se est\u00e1 librando una gran lucha. Los guardias, pocos en n\u00famero, est\u00e1n avisados. La noche anterior, la pareja que prest\u00f3 servicio de vigilancia, hizo una importante gesti\u00f3n. Detuvo a dos socialistas y se incaut\u00f3 de 112 cartuchos cargados con balas. Arreci\u00f3 su vigilancia. Cache\u00f3. Puso en la pista a sus compa\u00f1eros. Y por si fuera poco, dando las cuatro, entraron en el cuartel los guardias nocturnos \u2013reconocidos h\u00e9roes de la jornada-, Ram\u00f3n Lara y Ambrosio Lara, huyendo de las amenazas de muerte de los revoltosos y dando la noticia. Este nutrido tiroteo del cuartel exacerba al resto de los revolucionarios. Y cuando en esta refriega cae con la cara deshecha por un balazo el hijo de un cabecilla para no levantarse m\u00e1s, en la calle y pr\u00f3ximo al balc\u00f3n del cronista suenan cuatro disparos. \u00bfQu\u00e9 ten\u00edan estos disparos, qu\u00e9 raro lenguaje expresaron que a todos nos impuls\u00f3 a desafiar a la muerte, abriendo nuestros balcones?&#8230;Aquellos disparos levantaron salpicaduras de sangre inocente. Mat\u00edas Vidal Fuentes, ejemplo vivo de honradez acrisolada, poderosa estampa de nobleza y honor, ha ca\u00eddo al salir de su casa. El amigo bueno, el hombre inocente, sin saber lo que ocurr\u00eda y como todas las ma\u00f1anas, a la misma hora, sale de su casa con el cesto para hacer las compras en la plaza\u2026Pero\u2026!\u00c9l estaba en la lista! \u00a1\u00c9l guardaba n\u00famero en ella, y ten\u00eda que morir!&#8230;Por eso aquellos balazos nos hicieron salir y disparar, pues, todav\u00eda cuando el desdichado Mat\u00edas estaba en el suelo, herido de tres balazos, luchando con la muerte y su hermano Francisco sali\u00f3 a recogerlo, sus viles asesinos dispararon de nuevo sobre los dos\u2026Vuelven a llover los disparos en el marco de nuestros balcones y tenemos que renunciar a la protecci\u00f3n del m\u00e1rtir ca\u00eddo, que en su casa se desangra por la herida del brazo, de la mano y la m\u00e1s fatal del vientre. \u00bfPodr\u00edamos pensar que la canalla que tan cobardemente asesina, podr\u00eda cubrir ese requisito humanitario de prestar asistencia m\u00e9dica al herido?&#8230;!Pobre Mat\u00edas!&#8230;Extremado cumplidor de sus deberes siempre, casi m\u00e1rtir de ellos; ap\u00f3stol de estos predicados \u2013lo recuerdo yo que soy de esa juventud a la que t\u00fa tanto aconsejaste- parece que has querido culminar tu vida no consintiendo que nadie se desvie del cumplimiento de este deber. \u00a1Ellos, tus asesinos, ten\u00edan el \u201cinfame deber\u201d de matarte, y t\u00fa les diste&nbsp; ocasi\u00f3n para que lo cumplieran!&#8230;<\/p>\n\n\n\n<p><strong>El alcalde don Carlos S\u00e1nchez Sol\u00eds, secuestrado en su casa, patriota gobernante<\/strong><\/p>\n\n\n\n<p>Pero a todo esto, la revoluci\u00f3n ha seguido. No cesan los tiros, al contrario arrecian. El monstruo que la impulsa se nutre de la carne de los que caen y se crecen. La noticia se debe correr entre ellos, y todos, ante \u201cel ejemplo de aquellos camaradas\u201d, se aprestan a cumplir \u201csu deber\u201d. La casa del se\u00f1or alcalde don Carlos S\u00e1nchez Sol\u00eds, est\u00e1 cercada por m\u00e1s de veinte forajidos; por los corrales, que dan al campo, gente con trabucos; en la puerta, en las ventanas, gentuza armada tambi\u00e9n. Ya llegan a golpear la puerta. Pero \u00e9l sereno, valiente, empu\u00f1ando su pistola, en medio del llanto de su mujer y sus hijos, acechado por la muerte, cumple con su deber; cogido al tel\u00e9fono lleva su voz alentadora a los hoteles, atestados de enfermos que curan en nuestro Balneario, les habla y les anima; lleva su voz a nuestras casas, nos arenga, por tel\u00e9fono, que aunque cortado para el exterior, funciona para el interior de la poblaci\u00f3n. Interes\u00e1ndose por nuestra asistencia, cuando por sus circunstancias especiales, s\u00f3lo debe velar por la suya, en mayor peligro, y lo mismo que en la noche anterior por sus personales y arriesgada investigaciones por junto a la Casa del Pueblo, orden\u00f3 se cachease, dando lugar al brillante servicio rese\u00f1ado m\u00e1s arriba por los guardias civiles se\u00f1ores Navarro y Herrera -\u00a1\u00c9stos s\u00ed que son verdaderos h\u00e9roes!-, hoy no se resigna a ser vencido. Se puso en contacto con el jefe de la Central El\u00e9ctrica de de esta localidad y su serenidad decidi\u00f3, \u00a1al fin!, la cruel batalla. Desde all\u00ed se transmiti\u00f3 la noticia a otros pueblos y lleg\u00f3 fuerza armada\u2026Ya pr\u00f3ximas las doce de d\u00eda, los revoltosos se lanzan al campo. S\u00f3lo queda un foco dentro del pueblo que se resiste y agrede a la fuerza p\u00fablica, pero que es vencido, sin v\u00edctimas\u2026<\/p>\n\n\n\n<p><strong>Final.<\/strong><\/p>\n\n\n\n<p>As\u00ed fue de tr\u00e1gica la revoluci\u00f3n del d\u00eda 6 en Marmolejo. Queda mucho por rese\u00f1ar, qu\u00e9 duda cabe. Lo principal: el elogio a la fuerza p\u00fablica: el teniente se\u00f1or Aguilera que sostuvo intenso tiroteo en la carretera al entrar al pueblo durante dos horas; al otro teniente se\u00f1or Madrigal, igualmente destacado; a las fuerzas a sus \u00f3rdenes, todas; las de nuestro pueblo; pero por si es poco el homenaje nacional que se le brinda, en el que pediremos puesto de honor para ellas, volveremos nuevos d\u00edas a las cuartillas, deseosos de ayudar al luminoso bordado de las condecoraciones que tales valores merecen, con nuestra modestia aliada a la mejor voluntad.<br>Queda mucho por decir\u2026\u00bfY nuestro alcalde no puede ser recompensado por el Gobierno? M\u00e1s, repetimos, que hemos de silenciarnos ya hoy. Esperemos a que, m\u00e1s distanciado el eco de los disparos, nuestras almas puedan vivir el ansiado remanso de la paz\u2026.J. GUTI\u00c9RREZ ALCAL\u00c1, Marmolejo, Octubre, 1934\u201d.<\/p>\n\n\n<div class=\"wp-block-image\">\n<figure class=\"alignleft\"><img decoding=\"async\" src=\"https:\/\/static.wixstatic.com\/media\/7e23fc_fcb6786ade16e8c629e98212f06a3153.jpg\/v1\/fill\/w_297,h_338,al_c,lg_1,q_80,enc_auto\/7e23fc_fcb6786ade16e8c629e98212f06a3153.jpg\" alt=\"\"\/><figcaption class=\"wp-element-caption\"><strong>&nbsp;Jos\u00e9 Guti\u00e9rrez Alcal\u00e1, perteneci\u00f3 de joven al partido Republicano Radical de Alejandro Lerroux&nbsp; y en 1935 fue uno de los fundadores de Uni\u00f3n Republicana en nuestra localidad de cuyo l\u00edder nacional Diego Mart\u00ednez Barrio, era amigo personal. Se posicion\u00f3 desde un principio frente a la Huelga General y enjuici\u00f3 desde su opini\u00f3n&nbsp; de centro-derecha radical, los hechos ocurridos en la jornada del 6 de Octubre en varios art\u00edculos publicados en el diario cordob\u00e9s \u201cLa Voz\u201d, de tendencia lerrouxista. Sin embargo Alcal\u00e1 evolucion\u00f3 hacia 1936 hacia las tesis del Frente Popular. Foto realizada en 1959 por el fot\u00f3grafo&nbsp; D. Juan de Dios L\u00f3pez.<\/strong><\/figcaption><\/figure>\n<\/div>\n\n\n<p>Con dos nuevos art\u00edculos bajo el subtitulo de \u201cConductas Se\u00f1eras\u201d, publicados en LA VOZ, los d\u00edas 3 y 6 de noviembre&nbsp; respectivamente, y dedicados, esta vez, al alcalde Carlos S\u00e1nchez Sol\u00eds y a los guardias civiles Francisco L\u00f3pez Navarro y Gabriel Herrera Ruano, Alcal\u00e1 solicitaba el reconocimiento de la sociedad civil hacia estas personas, consideradas ya por toda la derecha local como los aut\u00e9nticos h\u00e9roes pacificadores de la Revoluci\u00f3n (16).<\/p>\n\n\n\n<p>El intento de normalizaci\u00f3n de la vida pol\u00edtica:<\/p>\n\n\n\n<p>A pesar de las cautelas del gobierno de Madrid para la autorizaci\u00f3n de actos de car\u00e1cter obrero o sindical, sujetos todav\u00eda a controles f\u00e9rreos, la situaci\u00f3n a nivel local a lo largo de 1935, parec\u00eda paulatinamente&nbsp; volver a la normalidad. Aunque en el seno del equipo de gobierno municipal&nbsp; se impusieron las tesis de los concejales cedistas, el radical Carlos S\u00e1nchez aguant\u00f3 las cr\u00edticas de algunos de sus compa\u00f1eros de corporaci\u00f3n cada vez que se trataba de negociar temas relativos a la situaci\u00f3n del Centro Instructivo Obrero. De momento se manten\u00eda liderando el gobierno de centro-derecha, pero a principios de a\u00f1o se atisbaron&nbsp; cambios en la composici\u00f3n de su equipo de gobierno con la salida&nbsp; del militar Juan D\u00edaz Criado que por razones de trabajo era sustituido por&nbsp; Luis Mu\u00f1oz G\u00f3mez.<br><\/p>\n\n\n\n<p>Mientras tanto ya se empezaban a notar movimientos desde el Partido Socialista para presionar a las autoridades provinciales y propiciar la vuelta a la actividad legal del Centro Instructivo Obrero con sus tres organizaciones de clase. No solo eso, sino que el Alcalde informaba en marzo al Gobernador Civil de reuniones clandestinas de dirigentes locales socialistas en un intento de normalizar la vida democr\u00e1tica y su actividad cotidiana. En esta tarea de rehabilitaci\u00f3n del PSOE y de la UGT comienza a ser decisiva la labor conciliadora, al tiempo que reivindicativa, del socialista Ignacio Exp\u00f3sito uno de los pocos dirigentes que ya hab\u00edan salido de la c\u00e1rcel en noviembre del 34 y para quien ser\u00eda inevitable establecer puentes entre los compa\u00f1eros encarcelados y las autoridades pol\u00edticas locales. Ignacio es por tanto el relevo obligado de los dos l\u00edderes ahora exiliados, Andr\u00e9s Rodr\u00edguez y&nbsp; Antonio Garc\u00eda y parece ser que fue a \u00e9l a quien toc\u00f3 impulsar&nbsp; las gestiones de la deseada normalidad pol\u00edtica y, finalmente, el regreso de todos los presos en febrero de 1936. Todo el tramo final de negociaciones entre Gobernador civil, Alcalde y Partido Socialista, realizadas en el verano de 1935, (sintetizadas en el siguiente cuadro) dieron su fruto en el mes de agosto a pesar de las reticencias de Carlos S\u00e1nchez a que este hecho se produjera, no sabemos si por propio convencimiento personal o por las presiones de los miembros m\u00e1s extremistas de su gobierno:<\/p>\n\n\n\n<p><\/p>\n\n\n\n<p>-8 de julio:&nbsp;Telegrama del alcalde a Gobernador civil: \u00abExcmo. Gobernador Civil de Ja\u00e9n: ord\u00e9name apertura Casa del Pueblo y temi\u00e9ndose fundamentalmente alteraci\u00f3n&nbsp; orden p\u00fablico consecuencias regreso c\u00e1rceles revoltosos 6 octubre&#8230;, ruego encarecidamente suspendan apertura Centro, se trata evitar posibles desagradables consecuencias\u00bb.<\/p>\n\n\n\n<p>-15 de Julio:&nbsp;Telegrama del Gobernador Civil para que se abra la Casa del Pueblo \u00abHabiendo desaparecido causas motivaron clausura Casa del Pueblo esa localidad y a fin de que puedan reintegrarse su plena vida legal las asociaciones que la constituyen, s\u00edrvase de acuerdo con Fuerza Guardia Civil ese Puesto, quede sin efecto dicha medida siempre que a ello no se oponga decisi\u00f3n judicial alguna.<\/p>\n\n\n\n<p>-16 de julio:<br>&nbsp;&nbsp; -Escrito del Alcalde al Gobernador Civil pidi\u00e9ndole le indique la persona a quien tiene que hacerle entrega del edificio.<br>&nbsp;&nbsp; -Escrito del Alcalde al Juez de Instrucci\u00f3n de And\u00fajar comunic\u00e1ndole que el Gobernador Civil de Ja\u00e9n va a dejar sin efecto la clausura de la Casa del Pueblo.<br>&nbsp;&nbsp; -Escrito del alcalde al gobernador Civil: \u00abEsta alcald\u00eda ignora si existe o no decisi\u00f3n judicial que se oponga a la apertura de la Casa del Pueblo por lo cual he interesado del Juzgado de Instrucci\u00f3n&nbsp; de este partido y del Sr. Juez Militar Instructor de la causa por los sucesos revolucionarios acaecidos en este pueblo el d\u00eda 6 de octubre \u00faltimo me manifiesten si existe dicha decisi\u00f3n judicial que lo impida, para en caso contrario cumplir seguidamente lo mandado por su respetable y superior autoridad.<br>-18 de Julio: Escrito del Alcalde al Auditor de Guerra de la 2\u00aa Divisi\u00f3n Org\u00e1nica de Sevilla dando traslado de la orden del Gobernador sobre la Casa del Pueblo.&nbsp;&nbsp;<br>-8 de agosto:&nbsp;Telegrama del Gobernador Civil por el que dice que el Juez Instructor no acord\u00f3 clausura de la Casa del Pueblo. Insta a que se abra.<br>-11 de agosto:&nbsp;Telegrama del Alcalde al Director General de Seguridad, comunicando acuerdo del Gobernador Civil sobre la Casa del Pueblo.<\/p>\n\n\n\n<p>-12 de agosto:<br>&#8211; Telegrama del Gobernador Civil a Alcalde instando a la reapertura Casa del Pueblo. Se entregar\u00e1 la llave a Ignacio Exposito que vive en calle Nueva 26, que est\u00e1 autorizado por Federaci\u00f3n Provincial Sociedades Obreras.<br>-Escrito del Alcalde Carlos S\u00e1nchez a Ignacio Exp\u00f3sito cit\u00e1ndolo para abrir la Casa del Pueblo el d\u00eda 13 agosto a las 12 horas. Se cita tambi\u00e9n a la Guardia Civil para que auxilie al Ayuntamiento en este acto de apertura.<\/p>\n\n\n\n<p>-13 de agosto:&nbsp;&nbsp; Telegrama del Alcalde al Gobernador Civil: \u00abHoy hora 12 ha quedado abierta la Casa del Pueblo esta localidad haci\u00e9ndose entrega al vecino Ignacio Exp\u00f3sito Villar sin incidentes\u00bb.<br>-17 de agosto:&nbsp;Escrito firmado por Ignacio Exp\u00f3sito solicitando al Alcalde autorizaci\u00f3n gubernativa para realizar reuni\u00f3n y reponer los cargos directivos del Centro Instructivo Obrero.<\/p>\n\n\n<div class=\"wp-block-image\">\n<figure class=\"alignright\"><img decoding=\"async\" src=\"https:\/\/static.wixstatic.com\/media\/7e23fc_831290ae98f3dc40107cec5d5f4ff463.jpg\/v1\/fill\/w_396,h_586,al_c,q_80,usm_0.66_1.00_0.01,enc_auto\/7e23fc_831290ae98f3dc40107cec5d5f4ff463.jpg\" alt=\"\"\/><figcaption class=\"wp-element-caption\"><strong>Ignacio Exp\u00f3sito Villar era una de los m\u00e1ximos dirigentes de la Federaci\u00f3n de Trabajadores de la Tierra de UGT. Su labor fue decisiva en la rehabilitaci\u00f3n y recuperaci\u00f3n de la organizaci\u00f3n socialista tras la dura represi\u00f3n del 6 de octubre. Foto cedida en su d\u00eda por su hija D\u00f1a. Clara Exp\u00f3sito.<\/strong><\/figcaption><\/figure>\n<\/div>\n\n\n<p>Los \u00faltimos meses de 1935 discurrieron muy condicionados por el clima preelectoral que se respiraba como consecuencia de la inestabilidad de los diferentes gobiernos de centro-derecha&nbsp; una vez descubierto el tema del \u00abstraperlo\u00bb (el caso de corrupci\u00f3n m\u00e1s sonado del periodo republicano), por el que quedaba seriamente da\u00f1ada la honestidad del l\u00edder radical Alejandro Lerroux y hundido totalmente su partido. Por entonces uno de sus socios m\u00e1s importantes Diego Mart\u00ednez Barrio en desacuerdo con la pol\u00edtica de alianzas de Lerroux con la CEDA, ya hab\u00eda abandonado las filas del radicalismo y se hab\u00eda integrado en Uni\u00f3n Republicana, formaci\u00f3n que aglutin\u00f3&nbsp; a diputados escindidos del radicalismo, del Partido Republicano Conservador e incluso del Partido Socialista y que se coalig\u00f3 en el Frente Popular.&nbsp;<\/p>\n\n\n\n<p>Mientras tanto la vida cotidiana de la villa con una poblaci\u00f3n de m\u00e1s de 7000 habitantes se esforzaba por salir de la penuria extrema de los dos \u00faltimos a\u00f1os. Con la reforma agraria congelada por los gobiernos lerrouxistas, se intentaban algunas gestiones cerca de los Diputados a Cortes para que prosiguiesen las obras del ferrocarril C\u00f3rdoba-Puertollano y para que se convirtiese en realidad el proyectado pantano del Yeguas. En ese mismo af\u00e1n de dinamizar la econom\u00eda local fomentando la mano de obra en el campo se prohibi\u00f3 durante la campa\u00f1a de siega que las m\u00e1quinas segadoras sobrepasaran el 50% de la superficie de cereal del t\u00e9rmino y se organiz\u00f3 una importante feria de ganado,&nbsp; subvencionada por el Ministerio de Agricultura, en los primeros d\u00edas de septiembre de 1935, a la que concurrieron m\u00e1s de mil cabezas de ganado (16). Sin embargo, como se ha dicho, hab\u00edan quedado paralizadas todas las reformas comenzadas durante el bienio de izquierdas en relaci\u00f3n con la reforma agraria. No tenemos noticias durante los dos a\u00f1os del bienio de centro-derecha que se exigiese&nbsp; de manera contundente a los patronos cuestiones como el laboreo forzoso, la ley de t\u00e9rminos, o se prosiguiera&nbsp; en&nbsp; el fomento de los arrendamientos colectivos de las fincas mal aprovechadas, salvo la iniciativa ya apuntada de proponer la parcelaci\u00f3n de la finca San Juli\u00e1n, pero en r\u00e9gimen de propiedad privada para peque\u00f1os agricultores. Por su parte las demandas de trabajo contra los patronos, por incumplimiento de las normas laborales, quedaron reducidas a su m\u00e1s m\u00ednima expresi\u00f3n (18) y no se reactivaron hasta el triunfo del Frente Popular.<br><\/p>\n\n\n\n<p>A final de diciembre, el gobierno del independiente&nbsp; Portela Valladares(19)&nbsp; convocaba elecciones para el 16 de febrero e inmediatamente los comit\u00e9s ejecutivos de todos los partidos pol\u00edticos con representaci\u00f3n en la localidad se pusieron&nbsp; manos a la obra para la difusi\u00f3n de sus programas e impedir la manipulaci\u00f3n de los censos de electores, donde fue muy combativa la labor del Centro Instructivo denunciando algunas irregularidades de la derecha local para dificultar la inclusi\u00f3n de familias obreras de clara tradici\u00f3n socialista. En esta l\u00ednea destaca la denuncia del CIO pues los funcionarios del Ayuntamiento hab\u00edan mandado a Encarnaci\u00f3n Exp\u00f3sito, Josefa P\u00e9rez y Jos\u00e9 Casas Cano (hermano del l\u00edder hist\u00f3rico Gaspar Casas) al registro eclesi\u00e1stico \u00abdonde le interesan derechos por su partida de nacimiento\u00bb.&nbsp;<\/p>\n\n\n\n<p>Una vez m\u00e1s se&nbsp; pretend\u00eda dar a la Iglesia&nbsp; un protagonismo que no le correspond\u00eda en&nbsp; un tema delicadamente sensible para las organizaciones obreras. Se trataba de mermar mediante cualquier artificio la participaci\u00f3n&nbsp; masiva del electorado de izquierdas, m\u00e1xime cuando una buena parte del mismo, casi un centenar de electores, todav\u00eda continuaban en la c\u00e1rcel de Ja\u00e9n cumpliendo condena por el 6 de octubre.<\/p>\n\n\n\n<p>\ufeff<\/p>\n\n\n\n<p>\ufeffEn esta ocasi\u00f3n y por segunda vez en la historia de Espa\u00f1a iban a poder votar las mujeres mayores de 23 a\u00f1os y ello era una posibilidad m\u00e1s para la candidatura de los partidos agrupados en torno al Frente Popular. Las mujeres en estos momentos eran un colectivo decisivo ante la urgencia de sacar de la c\u00e1rcel a sus esposos e hijos, cosa que ocurrir\u00eda si se ganaban las elecciones. Toda la campa\u00f1a estuvo, por tanto muy condicionada por lo ocurrido el 6 de octubre y los deseos de que ganase la izquierda para reparar la dif\u00edcil situaci\u00f3n creada con la encarcelaci\u00f3n de tantos j\u00f3venes y padres de familias obreras.<\/p>\n\n\n\n<p>Los partidos agrupados bajo la denominaci\u00f3n Frente Popular pretend\u00edan hacer un frente com\u00fan de centro-izquierda que arrebatase el poder a la derecha representada por la CEDA. Lo formaban a nivel nacional fuerzas pol\u00edticas y sindicales como Izquierda Republicana de Aza\u00f1a, Uni\u00f3n Republicana de Mart\u00ednez Barrio, el Partido Socialista, la UGT, el Partido Comunista, Juventudes Socialista, Partido Sindicalista y POUM (Partido Obrero de Unificaci\u00f3n Marxista). Por su parte la CEDA (Confederaci\u00f3n Espa\u00f1ola de Derechas Aut\u00f3nomas), aglutinaba a los mon\u00e1rquicos y tradicionalistas e incluso hab\u00edan llegado a acuerdos parciales con la Lliga Catalana, el Partido Radical y algunos centristas.<br>Los m\u00edtines y actos pol\u00edticos propagand\u00edsticos se sucedieron a lo largo de toda la campa\u00f1a electoral que dur\u00f3 casi un mes. Los del Frente Popular tuvieron lugar casi de seguido: el d\u00eda cinco&nbsp; de febrero se&nbsp; celebraba un acto con m\u00e1s de 800 personas en el Gran Teatro con la intervenci\u00f3n de Gast\u00f3n Aliaga, Pedro Camacho, Antonio Pareja y Antonio Pasagali Lobo. Uni\u00f3n Republicana utiliz\u00f3 la Casa del Pueblo para dar su mitin el d\u00eda trece con la asistencia de 500 personas que acudieron a escuchar a sus l\u00edderes Campos Perabr\u00ed, S\u00e1nchez de la Torre y Bernardo Giner de los R\u00edos. Unos d\u00edas antes de este acto, su presidente local el joven Jos\u00e9 Guti\u00e9rrez Alcal\u00e1, le trasladaba una sentida carta (reproducida a continuaci\u00f3n) a su l\u00edder nacional, el sevillano Diego Mart\u00ednez Barrio, con motivo de su alistamiento en la Infanter\u00eda de Marina:(19)<br>\u00abMi respetable y querido Jefe: Trazo estas l\u00edneas con la m\u00e1s pesada de las amarguras, pero es indispensable su perge\u00f1o, para ofrendarle mi m\u00e1s dolorosa despedida, que uno de los jalones de mi vida me impone. En fecha del a\u00f1o pasado, y viendo que por la carencia absoluta de medios econ\u00f3micos me era imposible terminar mi carrera y -no le enga\u00f1o- para liberarme un poco de las persecuciones de esta jaur\u00eda derechista, que acab\u00f3 arruinando a mi padre, con tan poco discernimiento en su venganza, solicit\u00e9 ingresar voluntario en el Batall\u00f3n de Infanter\u00eda de Marina que guarnece a San Fernando, donde por ser la remuneraci\u00f3n del soldado algo m\u00e1s elevada que en cualquier otro cuerpo, aspiraba a costearme mis matr\u00edculas y hacerme un hombre, pese a todos los sacrificios. Asimismo, como mi carrera es la de practicante pens\u00e9 opositar a la Armada, donde hay, -seg\u00fan me aconsejaron- buenos horizontes. Pero he aqu\u00ed que, como si fuera un conjuro en mi contra, me llaman para que me incorpore el d\u00eda 1\u00ba de febrero, poni\u00e9ndome as\u00ed en trance de abandonar Marmolejo, en \u00e9poca que, no por lo que yo signifique, sino por la falta que hacemos cada uno en nuestro lugar. Nuestros amigos y yo con ellos, hemos tratado de eludir mi presentaci\u00f3n, enviando un certificado m\u00e9dico fingi\u00e9ndome enfermo con tal de prorrogar mi marcha hasta el d\u00eda siguiente del que se celebran las elecciones. Pero nos es imposible. Para ello tendr\u00edamos que contar con cierto apoyo en el Ayuntamiento, y excuso las explicaciones del porqu\u00e9 carecemos de ello. Por consiguiente, al abandonar la presidencia de esta agrupaci\u00f3n que yo fund\u00e9, no quiero hacerlo sin despedirme de usted, de mi jefe, de mi amigo&nbsp; -que usted me honr\u00f3 con ese t\u00edtulo- y decirle que si como militar he de apartarme algo de la pol\u00edtica activa, siempre, como siempre, en San Fernando, desde 1\u00ba de febrero, habr\u00e1 un soldado que, bajo su uniforme conserva un coraz\u00f3n que siente como usted y que luchar\u00e1 siempre por usted. !Ojal\u00e1 y lo que so\u00f1\u00e9 que fuera este salto de mi vida, me otorgue, con mi independencia econ\u00f3mica y mi carrera, una mayor eficacia personal para luchar por el ideal que usted representa y que est\u00e1 en lo m\u00e1s hondo de mi alma!. Admita un abrazo de despedida y mi reiterado ofrecimiento para servirle donde quiera con la fe de un verdadero amigo y correligionario. Fdo. Jos\u00e9 Guti\u00e9rrez Alcal\u00e1, Presidente de Uni\u00f3n Republicana de Marmolejo. Marmolejo, 23 de enero de 1936\u201d.<\/p>\n\n\n\n<p>Nada m\u00e1s en su poder, el Presidente Nacional de Uni\u00f3n Republicana le contestaba en los siguientes t\u00e9rminos:<\/p>\n\n\n\n<p>\u00abMadrid a 25-1-36: Querido amigo: A m\u00ed tambi\u00e9n me produce contrariedad su marcha de esa organizaci\u00f3n. No as\u00ed el que usted, materialmente, por mandato de la Ley, deje de pertenecer a Uni\u00f3n Republicana. Su carta me demuestra que seguir\u00e1 usted siendo un defensor de los ideales de nuestro partido y un \u00absoldado\u00bb de la Rep\u00fablica. Eso basta y me llena totalmente. Suyo buen amigo. (Desde el Comit\u00e9 Ejecutivo Nacional de Uni\u00f3n Republicana)\u201d.<\/p>\n\n\n\n<p>Esta adhesi\u00f3n inquebrantable demostrada por Jos\u00e9 Guti\u00e9rrez se prolong\u00f3 durante toda la etapa republicana, y con el tiempo ser\u00eda recompensada de forma generosa por Mart\u00ednez Barrio que en un viaje inesperado se traslad\u00f3 hasta San Fernando para ofrecerle ciertas responsabilidades dentro del Partido Uni\u00f3n Republicana, nombr\u00e1ndole&nbsp; secretario particular cuando accedi\u00f3 a la Presidencia del Congreso de los Diputados,&nbsp; en abril de 1936, y en mayo lo propon\u00eda para ocupar el puesto de Secretario Pol\u00edtico de la Direcci\u00f3n General de Prisiones.<br>Pero volviendo a las elecciones de febrero, los m\u00e1s madrugadores en iniciar aquella campa\u00f1a electoral fueron los partidos agrupados en el Centro Republicano de Marmolejo que a estas alturas estaba constituido por una derecha muy radicalizada. La&nbsp; CEDA, hab\u00eda organizado el 29 de diciembre de 1935, un acto pol\u00edtico en el \u00abGran Teatro\u00bb, donde intervinieron Jos\u00e9 G\u00e1lvez, Jos\u00e9 Ortega Mart\u00ednez y Adolfo Navarrete sin incidentes a destacar. Mucho m\u00e1s numeroso fue el mitin final de campa\u00f1a de esta coalici\u00f3n celebrado el d\u00eda once al que asistieron 1000 personas para escuchar a Mario Pastor, Jos\u00e9 Acu\u00f1a, Jos\u00e9 Moreno Torres, Carlos \u00c1lvarez Lara y Jos\u00e9 P\u00e9rez de Rozas.<\/p>\n\n\n\n<p>Por su parte&nbsp; Acci\u00f3n Popular, integrada tambi\u00e9n en la CEDA, dio dos m\u00edtines: uno que tuvo lugar el d\u00eda 8 en el Gran Teatro en el que participaron Juan V\u00edctor, Manuel P\u00e9rez y Esteban Serrano, y otro, el d\u00eda 15, con la intervenci\u00f3n de Esteban Serrano. Aunque todos estos actos transcurrieron sin incidentes, el control gubernativo de los d\u00edas que dur\u00f3 la campa\u00f1a electoral fue minucioso y especialmente sobre las actividades del Partido Socialista, que hubo de dar sus actos en la Casa del Pueblo, as\u00ed como sobre las publicaciones de car\u00e1cter obrero difundidas por la localidad. Sobre este hecho ha quedado constancia de la retirada de las siguientes publicaciones ordenadas por la Direcci\u00f3n General de Seguridad:<\/p>\n\n\n\n<p>\ufeff<\/p>\n\n\n\n<p><strong>Cuadro 6:<br><\/strong>1)-Telegrama del Gobernador Civil por orden de la Direcci\u00f3n General de Seguridad para retirada del \u00abMundo obrero\u00bb del d\u00eda 10-1-36.<br>2)-Idem de Mundo Obrero y El Socialista y El siglo Futuro del 11-1-36.<br>3)-Telegrama recogida del libro titulado \u00abBajo el signo de la Revoluci\u00f3n\u00bb, editado por Casa S\u00e1ez Hermanos.-<br>4)-Recogida de \u00abEl Socialista\u00bb del d\u00eda 18-1-36, \u00abLa Protesta\u00bb y \u00abMundo Obrero\u00bb del 17-1-36 por sus art\u00edculos \u00abArriba los hambrientos, pan y justicia\u00bb.<br>5)-Telegrama ordenando retirada \u00abJuventud Roja\u00bb del d\u00eda 18-1-36, \u00abEl Pueblo\u00bb, \u00abEl Sindicalista\u00bb y \u00abLa libertad\u00bb<br>6)-Recogida de \u00abEl Debate\u00bb del dia 22-1-36.<br>7)-Recogida del \u00abMundo Obrero\u00bb del d\u00eda 21-1-36.<br>8)-Idem recogida del Socialista del d\u00eda 24 y 26 .<\/p>\n\n\n\n<p>Finalmente las elecciones del 16 de febrero de 1936 supondr\u00edan un triunfo claro de los partidos agrupados en torno al Frente Popular, con un brillante resultado del partido de Aza\u00f1a que obtuvo 87 esca\u00f1os, doce menos que el Partido Socialista. Uni\u00f3n Republicana sacaba 39 esca\u00f1os y el Partido Comunista 17.&nbsp; En Marmolejo el triunfo result\u00f3 claro para el Frente Popular, a pesar de la ausencia de muchos obreros encarcelados que no pudieron votar,&nbsp; pero s\u00ed lo hicieron las mujeres de los afiliados socialistas&nbsp; que por esta vez se movilizaron no solo ante las urnas sino posteriormente para conmemorar la victoria conseguida reclamando la pronta excarcelaci\u00f3n. Los resultados de Marmolejo finalmente no fueron publicados en el Bolet\u00edn Oficial de la Provincia por problemas en una de las secciones, presumiblemente consecuencia de impugnaciones presentadas por los partidos del Frente Popular a la vista de que los presos no pudieron ejercer su derecho al voto.&nbsp;<br><\/p>\n\n\n\n<p>Fue una de las campa\u00f1as electorales m\u00e1s tensas de la historia de la localidad pues en el triunfo del Frente Popular muchas esposas y madres ten\u00edan cifradas las esperanzas de un retorno anhelado de sus familiares encarcelados. Ese deseo se convirti\u00f3 en una obsesi\u00f3n que llevar\u00eda a la ruptura de relaciones en algunas familias cuando se hubo de solicitar el voto a favor de la izquierda a parientes de los presos que simpatizaban con las derechas.<br><\/p>\n\n\n\n<p>Por lo que respecta al entorno provincial la elecci\u00f3n result\u00f3 muy apretada: el Frente Popular obtuvo 148.340 votos frente a los 135.774 del Frente Nacional que tambi\u00e9n se benefici\u00f3 del elevado n\u00famero de presos encarcelados por la huelga del 34. El candidato que obtuvo m\u00e1s votos fue Bernardo Giner de los R\u00edos (UR) seguido de Jer\u00f3nimo Bugeda (PSOE). Sin embargo los menos votados fueron la Falange representada por Raimundo Fern\u00e1ndez Cuesta y el tradicionalista Antonio Garz\u00f3n Mar\u00edn (21).<br><\/p>\n\n\n\n<p>Como consecuencia de este resultado el Gobierno de Madrid salido de las urnas, orden\u00f3 la reposici\u00f3n de todos los ayuntamientos suspendidos ilegalmente en el a\u00f1o 34 e inmediatamente se restablecieron en sus puestos a los concejales socialistas en una sesi\u00f3n celebrada a final de febrero. Por su parte los presos del 6 de octubre, a\u00fan sufriendo condena en la c\u00e1rcel de Ja\u00e9n volvieron al d\u00eda siguiente de las elecciones siendo recibidos en el Paseo de La Libertad por multitud de familiares y amigos. Pero aquella corporaci\u00f3n restituida quedar\u00eda incompleta por las ausencias de Antonio Garc\u00eda y Andr\u00e9s Rodr\u00edguez que hab\u00edan quedado en La L\u00ednea de la Concepci\u00f3n tras la amnist\u00eda dada a los obreros implicados en la intentona revolucionaria del 34.&nbsp;&nbsp;&nbsp; Por tanto la nueva corporaci\u00f3n estaba formada por Ignacio&nbsp; Exp\u00f3sito como alcalde y el resto de concejales socialistas salidos de 1931, a excepci\u00f3n de los ya indicados y del fallecido Andr\u00e9s Velasco. El \u00fanico concejal mon\u00e1rquico salido en aquellas elecciones, Juan Manuel Alcal\u00e1 Venceslada&nbsp; renunci\u00f3 a su acta, quedando las fuerzas de la derecha sin ninguna representaci\u00f3n.<\/p>\n\n\n\n<p>\ufeff<\/p>\n\n\n\n<p><strong>Ap\u00e9ndice 1:<\/strong><\/p>\n\n\n\n<p>\ufeff<\/p>\n\n\n\n<p>Presos del 6 de Octubre que sufrieron condena en la Prisi\u00f3n Provincial de Ja\u00e9n&nbsp; (Han sido transcritos los pseud\u00f3nimos de algunos presos tal y como aparece en su expediente personal de prisi\u00f3n). Fuentes: Archivo Hist\u00f3rico Provincial de Ja\u00e9n. Secci\u00f3n: Prisi\u00f3n Provincial y Archivo Municipal de Marmolejo.<\/p>\n\n\n\n<p>\ufeff<\/p>\n\n\n\n<p>Apellidos y nombre&nbsp;&nbsp;&nbsp; &nbsp; &nbsp; &nbsp; &nbsp; &nbsp; &nbsp;         &nbsp;Naturaleza&nbsp;&nbsp; &nbsp; &nbsp; &nbsp; &nbsp; &nbsp;&nbsp;Domicilio&nbsp;&nbsp;&nbsp;&nbsp;&nbsp;&nbsp; &nbsp;        Edad &nbsp; &nbsp; &nbsp; Profesi\u00f3n &nbsp; &nbsp; &nbsp; &nbsp; &nbsp;Condena&nbsp;&nbsp;&nbsp;&nbsp;&nbsp;&nbsp;&nbsp;&nbsp;&nbsp;&nbsp;&nbsp;&nbsp;&nbsp;&nbsp;&nbsp;&nbsp;&nbsp;&nbsp;&nbsp;&nbsp;&nbsp;&nbsp;&nbsp;&nbsp;&nbsp;&nbsp;&nbsp;&nbsp;&nbsp;&nbsp;&nbsp;&nbsp;&nbsp;&nbsp;<\/p>\n\n\n\n<p>-Aldehuela&nbsp; Romero, Antonio           And\u00fajar   &nbsp;&nbsp;&nbsp;&nbsp;&nbsp;&nbsp;&nbsp;&nbsp;&nbsp;&nbsp;&nbsp;&nbsp;&nbsp;&nbsp;&nbsp;&nbsp; Cruces 79&nbsp;&nbsp;&nbsp;&nbsp;&nbsp;&nbsp;&nbsp;&nbsp;&nbsp; &#8212;&#8212;&#8212;&nbsp;&nbsp;&nbsp;&nbsp;&nbsp; jornalero&nbsp;&nbsp;&nbsp;&nbsp;&nbsp;&nbsp; 22\/11\/34 a 20\/2\/36<br>-Ar\u00e9valo Garc\u00eda, Baldomero&nbsp;&nbsp;&nbsp;&nbsp;&nbsp;&nbsp;&nbsp;&nbsp;&nbsp;&nbsp;&nbsp;&nbsp;Hu\u00e9lago (Granada)&nbsp;&nbsp; Paz, 24&nbsp;&nbsp;&nbsp;&nbsp;&nbsp;&nbsp;&nbsp;&nbsp;&nbsp;&nbsp;&nbsp; 31 a\u00f1os&nbsp;&nbsp;&nbsp;&nbsp;&nbsp; jornalero&nbsp;&nbsp;&nbsp;&nbsp;&nbsp; 16\/10\/34 a 1\/8\/35<br>-Ar\u00e9valo Garc\u00eda, Jos\u00e9&nbsp;&nbsp;&nbsp;&nbsp;&nbsp;&nbsp;&nbsp;&nbsp;&nbsp;&nbsp;&nbsp;&nbsp;&nbsp;&nbsp;&nbsp;&nbsp;&nbsp;&nbsp;&nbsp;&nbsp;&nbsp;&nbsp;Hu\u00e9lago (Granada)&nbsp;&nbsp; Norte, 8&nbsp;&nbsp;&nbsp;&nbsp;&nbsp;&nbsp;&nbsp;&nbsp;&nbsp;&nbsp; 24 a\u00f1os&nbsp;&nbsp;&nbsp;&nbsp;&nbsp; jornalero&nbsp;&nbsp;&nbsp;&nbsp;&nbsp;&nbsp; 29\/10\/34 a 20\/2\/35<br>-Aroca Coba, Manuel&nbsp;&nbsp;&nbsp;&nbsp;&nbsp;&nbsp;&nbsp;&nbsp;&nbsp;&nbsp;&nbsp;&nbsp;&nbsp;&nbsp;&nbsp;&nbsp;&nbsp;&nbsp;&nbsp;&nbsp;&nbsp;&nbsp;&nbsp;Marmolejo&nbsp;&nbsp;&nbsp;&nbsp;&nbsp;&nbsp;&nbsp;&nbsp; Carretera And\u00fajar&nbsp; 48 a\u00f1os&nbsp;&nbsp;&nbsp;&nbsp;&nbsp; jornalero&nbsp;&nbsp;&nbsp;&nbsp;&nbsp;&nbsp;&nbsp; 29\/10\/34 a&nbsp;&nbsp; 1\/8\/35<br>-Barea Correas, Miguel&nbsp;&nbsp;&nbsp;&nbsp;&nbsp;&nbsp;&nbsp;&nbsp;&nbsp;&nbsp;&nbsp;&nbsp;&nbsp;&nbsp;&nbsp;&nbsp;&nbsp;&nbsp;&nbsp;&nbsp;Marmolejo&nbsp;&nbsp;&nbsp;&nbsp;&nbsp;&nbsp;&nbsp;&nbsp;&nbsp;&nbsp; 1\u00ba Mayo&nbsp;&nbsp;&nbsp;&nbsp;&nbsp;&nbsp;&nbsp;&nbsp;&nbsp;&nbsp;&nbsp;&nbsp;&nbsp; 38&nbsp; a\u00f1os&nbsp;&nbsp;&nbsp;&nbsp; jornalero&nbsp;&nbsp;&nbsp;&nbsp;&nbsp;&nbsp; 22\/10\/34 a&nbsp; 20\/2\/36<br>-Barrag\u00e1n Blanco, Francisco&nbsp;&nbsp;&nbsp;&nbsp;&nbsp;&nbsp;&nbsp;&nbsp;&nbsp;&nbsp;&nbsp;Marmolejo&nbsp;&nbsp;&nbsp;&nbsp;&nbsp;&nbsp;&nbsp;&nbsp;&nbsp;&nbsp;&nbsp; Molinos 19&nbsp;&nbsp;&nbsp;&nbsp;&nbsp;&nbsp;&nbsp;&nbsp; &#8212;&#8212;&#8212;-&nbsp;&nbsp;&nbsp;&nbsp; jornalero&nbsp;&nbsp;&nbsp;&nbsp;&nbsp;&nbsp; 29\/10\/34 a&nbsp; 20\/2\/36<br>-Barrag\u00e1n Blanco, Pedro&nbsp;&nbsp;&nbsp;&nbsp;&nbsp;&nbsp;&nbsp;&nbsp;&nbsp;&nbsp;&nbsp;&nbsp;&nbsp;&nbsp;&nbsp;&nbsp;&nbsp;Marmolejo&nbsp;&nbsp;&nbsp;&nbsp;&nbsp;&nbsp;&nbsp;&nbsp;&nbsp;&nbsp;&nbsp; Bueyes 27&nbsp;&nbsp;&nbsp;&nbsp;&nbsp;&nbsp;&nbsp;&nbsp;&nbsp;&nbsp;&nbsp; 52 a\u00f1os&nbsp;&nbsp;&nbsp;&nbsp;&nbsp; jornalero&nbsp;&nbsp;&nbsp;&nbsp;&nbsp; 16\/10\/34 a&nbsp; 20\/2\/36<br>-Barrag\u00e1n Cano, Miguel&nbsp;&nbsp;&nbsp;&nbsp;&nbsp;&nbsp;&nbsp;&nbsp;&nbsp;&nbsp;&nbsp;&nbsp;&nbsp;&nbsp;&nbsp;&nbsp;&nbsp;&nbsp; Marmolejo&nbsp;&nbsp;&nbsp;&nbsp;&nbsp;&nbsp;&nbsp;&nbsp;&nbsp;&nbsp;&nbsp; Santo 50&nbsp;&nbsp;&nbsp;&nbsp;&nbsp;&nbsp;&nbsp;&nbsp;&nbsp;&nbsp;&nbsp;&nbsp;&nbsp; 18 a\u00f1os&nbsp;&nbsp;&nbsp;&nbsp;&nbsp; hortelano&nbsp;&nbsp;&nbsp; 29\/10\/34 a&nbsp; 22\/2\/36<br>-Barrag\u00e1n Mart\u00ednez, Juan&nbsp;&nbsp;&nbsp;&nbsp;&nbsp;&nbsp;&nbsp;&nbsp;&nbsp;&nbsp;&nbsp;&nbsp;&nbsp;&nbsp;&nbsp;&nbsp;&nbsp;Marmolejo&nbsp;&nbsp;&nbsp;&nbsp;&nbsp;&nbsp;&nbsp;&nbsp;&nbsp;&nbsp;&nbsp; Santo 32&nbsp;&nbsp;&nbsp;&nbsp;&nbsp;&nbsp;&nbsp;&nbsp;&nbsp;&nbsp;&nbsp;&nbsp;&nbsp; 22 a\u00f1os&nbsp;&nbsp;&nbsp;&nbsp;&nbsp; jornalero&nbsp;&nbsp;&nbsp;&nbsp; 19\/10\/34 a&nbsp; 20\/2\/36<br>-Barrag\u00e1n Mart\u00ednez, Pedro&nbsp;&nbsp;&nbsp;&nbsp;&nbsp;&nbsp;&nbsp;&nbsp;&nbsp;&nbsp;&nbsp;&nbsp;&nbsp;&nbsp; Marmolejo&nbsp;&nbsp;&nbsp;&nbsp;&nbsp;&nbsp;&nbsp;&nbsp;&nbsp;&nbsp; Santo 32&nbsp;&nbsp;&nbsp;&nbsp;&nbsp;&nbsp;&nbsp;&nbsp;&nbsp;&nbsp;&nbsp;&nbsp;&nbsp;&nbsp; &#8212;&#8212;&#8211;&nbsp;&nbsp;&nbsp;&nbsp;&nbsp;&nbsp; jornalero&nbsp;&nbsp;&nbsp;&nbsp; 22\/10\/34 a&nbsp; 20\/2\/36<br>-Barrag\u00e1n Robles, Juan&nbsp;&nbsp;&nbsp;&nbsp;&nbsp;&nbsp;&nbsp;&nbsp;&nbsp;&nbsp;&nbsp;&nbsp;&nbsp;&nbsp;&nbsp;&nbsp;&nbsp;&nbsp;&nbsp;Marmolejo&nbsp;&nbsp;&nbsp;&nbsp;&nbsp;&nbsp;&nbsp;&nbsp;&nbsp;&nbsp; Jes\u00fas&nbsp; 3&nbsp;&nbsp;&nbsp;&nbsp;&nbsp;&nbsp;&nbsp;&nbsp;&nbsp;&nbsp;&nbsp;&nbsp;&nbsp;&nbsp;&nbsp; &#8212;&#8212;&#8212;-&nbsp;&nbsp;&nbsp;&nbsp; jornalero&nbsp;&nbsp;&nbsp;&nbsp; 29\/10\/34&nbsp; a&nbsp; 20\/2\/36<br>-Blanco Mar\u00edn, Juan&nbsp; \u00abCareta\u00bb&nbsp;&nbsp;&nbsp;&nbsp;&nbsp;&nbsp;&nbsp;&nbsp;&nbsp; Marmolejo&nbsp;&nbsp;&nbsp;&nbsp;&nbsp;&nbsp;&nbsp; 1\u00ba Mayo&nbsp; 55&nbsp;&nbsp;&nbsp;&nbsp;&nbsp;&nbsp;&nbsp;&nbsp;&nbsp;&nbsp;&nbsp; 33 a\u00f1os&nbsp;&nbsp;&nbsp;&nbsp;&nbsp; jornalero&nbsp;&nbsp;&nbsp;&nbsp;&nbsp; 29\/10\/34&nbsp; a&nbsp;&nbsp; 1\/8\/35<br>-Blanco Ruiz, Rafael&nbsp;&nbsp;&nbsp;&nbsp;&nbsp;&nbsp;&nbsp;&nbsp;&nbsp;&nbsp;&nbsp;&nbsp;&nbsp;&nbsp;&nbsp;&nbsp;&nbsp;&nbsp;&nbsp;&nbsp;&nbsp;&nbsp;&nbsp;&nbsp;&nbsp;Marmolejo&nbsp;&nbsp;&nbsp;&nbsp;&nbsp;&nbsp;&nbsp; Navazo 24&nbsp;&nbsp;&nbsp;&nbsp;&nbsp;&nbsp;&nbsp;&nbsp;&nbsp;&nbsp;&nbsp;&nbsp;&nbsp; 36 a\u00f1os&nbsp;&nbsp;&nbsp;&nbsp;&nbsp; jornalero&nbsp;&nbsp;&nbsp;&nbsp;&nbsp; 29\/10\/34 a&nbsp;&nbsp; 1\/8\/35<br>-Blanco Vicaria, Francisco&nbsp;&nbsp;&nbsp;&nbsp;&nbsp;&nbsp;&nbsp;&nbsp;&nbsp;&nbsp;&nbsp;&nbsp;&nbsp;&nbsp;&nbsp; Marmolejo&nbsp;&nbsp;&nbsp;&nbsp;&nbsp;&nbsp;&nbsp;&nbsp; 1\u00ba de Mayo&nbsp;&nbsp;&nbsp;&nbsp;&nbsp;&nbsp;&nbsp;&nbsp;&nbsp;&nbsp;&nbsp;&nbsp; 27 a\u00f1os&nbsp;&nbsp;&nbsp;&nbsp;&nbsp; jornalero&nbsp;&nbsp;&nbsp;&nbsp;&nbsp; 22\/10\/34&nbsp; a&nbsp; 20\/2\/36<br>-Ca\u00f1uelo Lozano, Francisco&nbsp;&nbsp;&nbsp;&nbsp;&nbsp;&nbsp;&nbsp;&nbsp;&nbsp;&nbsp;&nbsp;&nbsp;&nbsp;Marmolejo&nbsp;&nbsp;&nbsp;&nbsp;&nbsp;&nbsp;&nbsp;&nbsp; Huertas 14&nbsp;&nbsp;&nbsp;&nbsp;&nbsp;&nbsp;&nbsp;&nbsp;&nbsp;&nbsp;&nbsp;&nbsp;&nbsp; 24 a\u00f1os&nbsp;&nbsp;&nbsp;&nbsp;&nbsp; jornalero&nbsp;&nbsp;&nbsp;&nbsp; 23\/11\/34&nbsp; a&nbsp;&nbsp; 1\/8\/35<br>-C\u00e1rdenas Espejo, Joaqu\u00edn&nbsp;&nbsp;&nbsp;&nbsp;&nbsp;&nbsp;&nbsp;&nbsp;&nbsp;&nbsp;&nbsp;&nbsp;&nbsp;&nbsp;Alcaudete&nbsp;&nbsp;&nbsp;&nbsp;&nbsp;&nbsp;&nbsp;&nbsp;&nbsp;&nbsp; Orti Lara 30&nbsp;&nbsp;&nbsp;&nbsp;&nbsp;&nbsp;&nbsp;&nbsp;&nbsp; &#8212;&#8212;&#8212;-&nbsp;&nbsp;&nbsp;&nbsp; jornalero&nbsp;&nbsp;&nbsp;&nbsp;&nbsp; 16\/10\/34&nbsp; a&nbsp; 20\/2\/36<br>-Carde\u00f1a Mart\u00ednez, Antonio&nbsp;&nbsp;&nbsp;&nbsp;&nbsp;&nbsp;&nbsp;&nbsp;&nbsp;&nbsp;&nbsp; &nbsp; And\u00fajar&nbsp;&nbsp;&nbsp;&nbsp;&nbsp;&nbsp;&nbsp;&nbsp;&nbsp;&nbsp;&nbsp;&nbsp;&nbsp;&nbsp; Calvario&nbsp; 53&nbsp;&nbsp;&nbsp;&nbsp;&nbsp;&nbsp;&nbsp;&nbsp;&nbsp;&nbsp; 40 a\u00f1os&nbsp;&nbsp;&nbsp;&nbsp; jornalero&nbsp;&nbsp;&nbsp;&nbsp;&nbsp; 29\/10\/34&nbsp; a&nbsp;&nbsp; 20\/2\/36<br>-Casado Gallardo, Andr\u00e9s&nbsp;&nbsp;&nbsp;&nbsp;&nbsp;&nbsp;&nbsp;&nbsp;&nbsp;&nbsp;&nbsp;&nbsp;&nbsp;&nbsp;&nbsp;&nbsp; Marmolejo&nbsp;&nbsp;&nbsp;&nbsp;&nbsp;&nbsp;&nbsp;&nbsp;&nbsp; Molinos&nbsp;&nbsp;&nbsp;&nbsp;&nbsp;&nbsp;&nbsp;&nbsp;&nbsp;&nbsp;&nbsp;&nbsp;&nbsp;&nbsp;&nbsp;&nbsp;&nbsp; 36 a\u00f1os&nbsp;&nbsp;&nbsp;&nbsp; jornalero&nbsp;&nbsp;&nbsp;&nbsp;&nbsp; 29\/10\/34&nbsp; a&nbsp;&nbsp; 11\/2\/36<br>-Casas Pastor, Eduardo \u00abFiera\u00bb&nbsp;&nbsp;&nbsp;&nbsp;&nbsp;&nbsp;&nbsp;&nbsp;Marmolejo&nbsp;&nbsp;&nbsp;&nbsp;&nbsp;&nbsp;&nbsp;&nbsp; Navazo 39&nbsp;&nbsp;&nbsp;&nbsp;&nbsp;&nbsp;&nbsp;&nbsp;&nbsp;&nbsp;&nbsp;&nbsp;&nbsp; 24 a\u00f1os&nbsp;&nbsp;&nbsp;&nbsp; jornalero&nbsp;&nbsp;&nbsp;&nbsp;&nbsp;&nbsp; 29\/10\/34&nbsp; a&nbsp;&nbsp; 1\/8\/35<br>-Casas Santiago, Juan \u00abFiera\u00bb&nbsp;&nbsp;&nbsp;&nbsp;&nbsp;&nbsp;&nbsp;&nbsp;&nbsp; Marmolejo&nbsp;&nbsp;&nbsp;&nbsp;&nbsp;&nbsp;&nbsp;&nbsp;&nbsp; 1\u00ba de Mayo, 43&nbsp;&nbsp;&nbsp;&nbsp;&nbsp;&nbsp; 28 a\u00f1os&nbsp;&nbsp;&nbsp; jornalero&nbsp;&nbsp;&nbsp;&nbsp;&nbsp;&nbsp;&nbsp;&nbsp; 9\/10\/34&nbsp;&nbsp; a&nbsp; 22\/2\/36<br>-Castej\u00f3n Ruiz, Juan&nbsp;&nbsp;&nbsp;&nbsp;&nbsp;&nbsp;&nbsp;&nbsp;&nbsp;&nbsp;&nbsp;&nbsp;&nbsp;&nbsp;&nbsp;&nbsp;&nbsp;&nbsp;&nbsp;&nbsp;&nbsp;&nbsp;&nbsp;&nbsp; Marmolejo&nbsp;&nbsp;&nbsp;&nbsp;&nbsp;&nbsp;&nbsp;&nbsp;&nbsp; Huertas 16&nbsp;&nbsp;&nbsp;&nbsp;&nbsp;&nbsp;&nbsp;&nbsp;&nbsp;&nbsp;&nbsp;&nbsp;&nbsp; 27 a\u00f1os&nbsp;&nbsp;&nbsp;&nbsp; jornalero&nbsp;&nbsp;&nbsp;&nbsp;&nbsp;&nbsp; 29\/10\/34&nbsp; a&nbsp;&nbsp;&nbsp; 1\/8\/35<br>-Castro Rodr\u00edguez, Bartolom\u00e9&nbsp;&nbsp;&nbsp;&nbsp;&nbsp;&nbsp;&nbsp;&nbsp;&nbsp;  Marmolejo&nbsp;&nbsp;&nbsp;&nbsp;&nbsp;&nbsp; Huerta de Perfecto&nbsp;&nbsp;&nbsp; 50 a\u00f1os&nbsp;&nbsp;&nbsp;&nbsp; jornalero&nbsp;&nbsp;&nbsp;&nbsp;&nbsp;&nbsp; 29\/10\/34&nbsp;&nbsp; a&nbsp;&nbsp; 1\/8\/35<br>-Cazalilla Nieves, Manuel&nbsp;&nbsp;&nbsp;&nbsp;&nbsp;&nbsp;&nbsp;&nbsp;&nbsp;&nbsp;&nbsp;&nbsp;&nbsp;&nbsp; &nbsp;&nbsp; Marmolejo&nbsp;&nbsp;&nbsp;&nbsp;&nbsp;&nbsp;&nbsp;&nbsp; Norte 16&nbsp;&nbsp;&nbsp;&nbsp;&nbsp;&nbsp;&nbsp;&nbsp;&nbsp;&nbsp;&nbsp;&nbsp;&nbsp;&nbsp;&nbsp;&nbsp;&nbsp; 19 a\u00f1os&nbsp;&nbsp;&nbsp;&nbsp; jornalero&nbsp;&nbsp;&nbsp;&nbsp;&nbsp;&nbsp; 29\/10\/34&nbsp; a&nbsp;&nbsp;&nbsp; 1\/8\/35<br>-Collado Carmona, Emilio&nbsp;&nbsp;&nbsp;&nbsp;&nbsp;&nbsp;&nbsp;&nbsp;&nbsp;&nbsp;&nbsp;&nbsp;&nbsp;&nbsp;   Marmolejo&nbsp;&nbsp;&nbsp;&nbsp;&nbsp;&nbsp;&nbsp;&nbsp; Jes\u00fas&nbsp; 60&nbsp;&nbsp;&nbsp;&nbsp;&nbsp;&nbsp;&nbsp;&nbsp;&nbsp;&nbsp;&nbsp;&nbsp;&nbsp;&nbsp;&nbsp;&nbsp;&nbsp; 19 a\u00f1os&nbsp;&nbsp;&nbsp;&nbsp; jornalero&nbsp;&nbsp;&nbsp;&nbsp;&nbsp;&nbsp;&nbsp; 16\/10\/34&nbsp; a&nbsp; 20\/2\/36<br>-Denia Blanco, Ram\u00f3n&nbsp;&nbsp;&nbsp;&nbsp;&nbsp;&nbsp;&nbsp;&nbsp;&nbsp;&nbsp;&nbsp;&nbsp;&nbsp;&nbsp;&nbsp;&nbsp;&nbsp;&nbsp;   Torredelcampo&nbsp;&nbsp;&nbsp; Zapateros 60&nbsp;&nbsp;&nbsp;&nbsp;&nbsp;&nbsp;&nbsp;&nbsp;&nbsp;&nbsp;&nbsp; 54 a\u00f1os&nbsp;&nbsp;&nbsp;&nbsp; jornalero&nbsp;&nbsp;&nbsp;&nbsp;&nbsp;&nbsp; 29\/10\/34&nbsp; a&nbsp;&nbsp;&nbsp; 2\/8\/35<br>-D\u00edaz Balboa, Blas&nbsp;&nbsp;&nbsp;&nbsp;&nbsp;&nbsp;&nbsp;&nbsp;&nbsp;&nbsp;&nbsp;&nbsp;&nbsp;&nbsp;&nbsp;&nbsp;&nbsp;&nbsp;&nbsp;&nbsp;&nbsp;&nbsp;&nbsp;&nbsp;&nbsp;&nbsp;&nbsp; Marmolejo&nbsp;&nbsp;&nbsp;&nbsp;&nbsp;&nbsp; Alejandro Lerroux&nbsp;&nbsp;&nbsp;&nbsp;&nbsp; 47 a\u00f1os&nbsp;&nbsp;&nbsp;&nbsp; jornalero&nbsp;&nbsp;&nbsp;&nbsp;&nbsp;&nbsp; 13\/11\/34&nbsp; a&nbsp;&nbsp; 1\/8\/35<br>-D\u00edaz Soto, Luis&nbsp;&nbsp;&nbsp;&nbsp;&nbsp;&nbsp;&nbsp;&nbsp;&nbsp;&nbsp;&nbsp;&nbsp;&nbsp;&nbsp;&nbsp;&nbsp;&nbsp;&nbsp;&nbsp;&nbsp;&nbsp;&nbsp;&nbsp;&nbsp;&nbsp;&nbsp;&nbsp;&nbsp;&nbsp;   Marmolejo&nbsp;&nbsp;&nbsp;&nbsp;&nbsp;&nbsp;&nbsp;&nbsp; Jes\u00fas&nbsp; 56&nbsp;&nbsp;&nbsp;&nbsp;&nbsp;&nbsp;&nbsp;&nbsp;&nbsp;&nbsp;&nbsp;&nbsp;&nbsp;&nbsp;&nbsp;&nbsp;&nbsp;&nbsp;&nbsp; 71 a\u00f1os&nbsp;&nbsp;&nbsp; ganadero&nbsp;&nbsp;&nbsp;&nbsp;&nbsp;&nbsp;&nbsp; 22\/10\/34&nbsp; a&nbsp; 23\/5\/35<br>-Escu\u00edn Garrido, Luis&nbsp;&nbsp;&nbsp;&nbsp;&nbsp;&nbsp;&nbsp;&nbsp;&nbsp;&nbsp;&nbsp;&nbsp;&nbsp;&nbsp;&nbsp;&nbsp;&nbsp;&nbsp;&nbsp;&nbsp;     &#8212;&#8212;&#8212;&#8212;&nbsp;&nbsp;&nbsp;&nbsp;&nbsp;&nbsp;&nbsp;&nbsp; &#8212;&#8212;&#8212;&#8212;&nbsp;&nbsp;&nbsp;&nbsp;&nbsp;&nbsp;&nbsp;&nbsp;&nbsp;&nbsp;&nbsp;&nbsp;&nbsp;&nbsp;&nbsp;&nbsp;&nbsp; &#8212;&#8212;&#8212;&nbsp;&nbsp;&nbsp;&nbsp; &#8212;&#8212;&#8211;&nbsp;&nbsp;&nbsp;&nbsp;&nbsp;&nbsp;&nbsp;&nbsp; Octubre 34 a&nbsp; 22\/2\/36<br>-Exp\u00f3sito Venceslada, Andr\u00e9s&nbsp;&nbsp;&nbsp;&nbsp;&nbsp;&nbsp;&nbsp;&nbsp;&nbsp; Marmolejo&nbsp;&nbsp;&nbsp;&nbsp;&nbsp;&nbsp;&nbsp;&nbsp; Cruz&nbsp; 26&nbsp;&nbsp;&nbsp;&nbsp;&nbsp;&nbsp;&nbsp;&nbsp;&nbsp;&nbsp;&nbsp;&nbsp;&nbsp;&nbsp;&nbsp;&nbsp;&nbsp; 24 a\u00f1os&nbsp;&nbsp;&nbsp; alba\u00f1il&nbsp;&nbsp;&nbsp;&nbsp;&nbsp;&nbsp;&nbsp;&nbsp;&nbsp;&nbsp;&nbsp; 9\/10\/34&nbsp;&nbsp; a&nbsp;&nbsp; 20\/2\/36<br>-Exp\u00f3sito Villar, Ignacio&nbsp;&nbsp;&nbsp;&nbsp;&nbsp;&nbsp;&nbsp;&nbsp;&nbsp;&nbsp;&nbsp;&nbsp;&nbsp;&nbsp;&nbsp;&nbsp;&nbsp;    Marmolejo&nbsp;&nbsp;&nbsp;&nbsp;&nbsp;&nbsp;&nbsp;&nbsp; Cruz 26&nbsp;&nbsp;&nbsp;&nbsp;&nbsp;&nbsp;&nbsp;&nbsp;&nbsp;&nbsp;&nbsp;&nbsp;&nbsp;&nbsp;&nbsp;&nbsp;&nbsp;&nbsp; 44 a\u00f1os&nbsp;&nbsp;&nbsp; alba\u00f1il&nbsp;&nbsp;&nbsp;&nbsp;&nbsp;&nbsp;&nbsp;&nbsp;&nbsp;&nbsp;&nbsp; 9\/10\/34&nbsp; a&nbsp; 28\/11\/34<br>-Fern\u00e1ndez Jim\u00e9nez, Fco. \u00abCantaor\u00bb&nbsp; Jabalquinto&nbsp;&nbsp;&nbsp;&nbsp;&nbsp; Paseo Libertad&nbsp;&nbsp;&nbsp;&nbsp;&nbsp;&nbsp;&nbsp;&nbsp; 47 a\u00f1os&nbsp;&nbsp;&nbsp; jornalero&nbsp;&nbsp;&nbsp;&nbsp;&nbsp; 29\/10\/34&nbsp; a&nbsp;&nbsp; 29\/3\/35<br>-Fern\u00e1ndez Lim\u00f3n, Juan&nbsp;&nbsp;&nbsp;&nbsp;&nbsp;&nbsp;&nbsp;&nbsp;&nbsp;&nbsp;&nbsp;&nbsp;&nbsp;&nbsp;&nbsp;&nbsp; &nbsp;&nbsp; Marmolejo&nbsp;&nbsp;&nbsp;&nbsp;&nbsp;&nbsp;&nbsp; Zapateros 20&nbsp;&nbsp;&nbsp;&nbsp;&nbsp;&nbsp;&nbsp;&nbsp;&nbsp;&nbsp;&nbsp;&nbsp;&nbsp; 20 a\u00f1os&nbsp;&nbsp;&nbsp;&nbsp; jornalero&nbsp;&nbsp;&nbsp;&nbsp;&nbsp; 29\/11\/34&nbsp; a&nbsp;&nbsp; 1\/8\/35<br>-Flores Majuelos, Pablo&nbsp;&nbsp;&nbsp;&nbsp;&nbsp;&nbsp;&nbsp;&nbsp;&nbsp;&nbsp;&nbsp;&nbsp;&nbsp;&nbsp;&nbsp;&nbsp;&nbsp;   Marmolejo&nbsp;&nbsp;&nbsp;&nbsp;&nbsp;&nbsp;&nbsp; 2\u00aa Vistillas 3&nbsp;&nbsp;&nbsp;&nbsp;&nbsp;&nbsp;&nbsp;&nbsp;&nbsp;&nbsp;&nbsp;&nbsp;&nbsp;&nbsp;&nbsp;&nbsp; 30 a\u00f1os&nbsp;&nbsp;&nbsp; hortelano&nbsp;&nbsp;&nbsp;&nbsp; 22\/10\/34&nbsp; a&nbsp; 20\/2\/36<br>-Flores Vallejo, Manuel&nbsp;&nbsp;&nbsp;&nbsp;&nbsp;&nbsp;&nbsp;&nbsp;&nbsp;&nbsp;&nbsp;&nbsp;&nbsp;&nbsp;&nbsp;&nbsp;&nbsp;&nbsp;  Marmolejo&nbsp;&nbsp;&nbsp;&nbsp;&nbsp;&nbsp;&nbsp;&nbsp; Palacios Vald\u00e9s&nbsp;&nbsp;&nbsp;&nbsp;&nbsp;&nbsp;&nbsp;&nbsp; 37 a\u00f1os&nbsp;&nbsp;&nbsp; jornalero&nbsp;&nbsp;&nbsp;&nbsp;&nbsp;&nbsp; 16\/10\/34&nbsp; a 20\/2\/36<br>-Gal\u00e1n Mendiz\u00e1bal, Pedro&nbsp;&nbsp;&nbsp;&nbsp;&nbsp;&nbsp;&nbsp;&nbsp;&nbsp;&nbsp;&nbsp;&nbsp;&nbsp;&nbsp; &#8212;&#8212;&#8212;&#8212;&#8211;&nbsp;&nbsp;&nbsp;&nbsp;&nbsp;&nbsp;&nbsp; &#8212;&#8212;&#8212;&#8212;&#8212;&nbsp;&nbsp;&nbsp;&nbsp;&nbsp;&nbsp;&nbsp;&nbsp;&nbsp;&nbsp;&nbsp;&nbsp;&nbsp; &#8212;&#8212;&#8212;&nbsp;&nbsp;&nbsp;&nbsp; &#8212;&#8212;&#8212;-&nbsp;&nbsp;&nbsp;&nbsp;&nbsp;&nbsp;&nbsp; Octubre 34&nbsp;&nbsp; 1\/8\/35<br>-Gasc\u00f3n Casado, Francisco&nbsp;&nbsp;&nbsp;&nbsp;&nbsp;&nbsp;&nbsp;&nbsp;&nbsp;&nbsp; Marmolejo&nbsp;&nbsp;&nbsp;&nbsp;&nbsp;&nbsp;&nbsp;&nbsp;&nbsp;&nbsp; Norte, 40&nbsp;&nbsp;&nbsp;&nbsp;&nbsp;&nbsp;&nbsp;&nbsp;&nbsp;&nbsp;&nbsp;&nbsp;&nbsp;&nbsp;&nbsp;&nbsp;&nbsp;&nbsp;&nbsp;&nbsp;&nbsp;&nbsp;&nbsp;&nbsp;&nbsp;&nbsp;&nbsp;&nbsp;&nbsp;&nbsp;&nbsp;&nbsp;&nbsp;&nbsp;&nbsp; jornalero&nbsp;&nbsp;&nbsp;&nbsp;&nbsp;&nbsp; 10\/12\/34 a 20\/2\/36<br>-Garc\u00eda Duro, Jos\u00e9 \u00abMaqueano\u00bb&nbsp;    And\u00fajar&nbsp;&nbsp;&nbsp;&nbsp;&nbsp;&nbsp;&nbsp;&nbsp;&nbsp;&nbsp;&nbsp;&nbsp;&nbsp;&nbsp; Bald\u00edo&nbsp;&nbsp;&nbsp;&nbsp;&nbsp;&nbsp;&nbsp;&nbsp;&nbsp;&nbsp;&nbsp;&nbsp;&nbsp;&nbsp;&nbsp;&nbsp;&nbsp;&nbsp;&nbsp;&nbsp;&nbsp;&nbsp; 29 a\u00f1os&nbsp;&nbsp; colono Bald\u00edo&nbsp;&nbsp; 29\/10\/34 a&nbsp; 20\/2\/36<br>-Garc\u00eda Jurado, Jos\u00e9&nbsp;&nbsp;&nbsp;&nbsp;&nbsp;&nbsp;&nbsp;&nbsp;&nbsp;&nbsp;&nbsp;&nbsp;&nbsp;&nbsp;&nbsp;&nbsp;&nbsp;&nbsp;  &nbsp; Marmolejo&nbsp;&nbsp;&nbsp;&nbsp;&nbsp;&nbsp;&nbsp; Calvario&nbsp;&nbsp;&nbsp;&nbsp;&nbsp;&nbsp;&nbsp;&nbsp;&nbsp;&nbsp;&nbsp;&nbsp;&nbsp;&nbsp;&nbsp;&nbsp;&nbsp;&nbsp;&nbsp;&nbsp;&nbsp;&nbsp;&nbsp;&nbsp; 56 a\u00f1os&nbsp;&nbsp;&nbsp; jornalero&nbsp;&nbsp;&nbsp;&nbsp;&nbsp;&nbsp;&nbsp;&nbsp; 22\/10\/34&nbsp;&nbsp; a 1\/8\/35<br>-Garc\u00eda Milla, Jos\u00e9&nbsp;&nbsp;&nbsp;&nbsp;&nbsp;&nbsp;&nbsp;&nbsp;&nbsp;&nbsp;&nbsp;&nbsp;&nbsp;&nbsp;&nbsp;&nbsp;&nbsp;&nbsp;&nbsp;&nbsp;&nbsp;&nbsp;   Valenzuela&nbsp;&nbsp;&nbsp;&nbsp;&nbsp;&nbsp;&nbsp; Zapateros 63&nbsp;&nbsp;&nbsp;&nbsp;&nbsp;&nbsp;&nbsp;&nbsp;&nbsp;&nbsp;&nbsp;&nbsp;&nbsp;&nbsp;&nbsp;&nbsp;&nbsp; 29 a\u00f1os&nbsp;&nbsp;&nbsp;&nbsp; jornalero&nbsp;&nbsp;&nbsp;&nbsp;&nbsp;&nbsp;&nbsp; 22\/10\/34 a 20\/2\/36<br>-Garc\u00eda Romero, Juan&nbsp; \u00abEspuela\u00bb&nbsp; Marmolejo&nbsp;&nbsp;&nbsp;&nbsp;&nbsp;&nbsp;&nbsp; Calvario 92&nbsp;&nbsp;&nbsp;&nbsp;&nbsp;&nbsp;&nbsp;&nbsp;&nbsp;&nbsp;&nbsp;&nbsp;&nbsp;&nbsp;&nbsp;&nbsp;&nbsp; 18 a\u00f1os&nbsp;&nbsp;&nbsp;&nbsp; jornalero&nbsp;&nbsp;&nbsp;&nbsp;&nbsp;&nbsp;&nbsp; 13\/11\/34&nbsp; a 20\/2\/36<br>-Garc\u00eda Rodr\u00edguez, Juan&nbsp;&nbsp;&nbsp;&nbsp;&nbsp;&nbsp;&nbsp;&nbsp;&nbsp;&nbsp;&nbsp;&nbsp;&nbsp;&nbsp;&nbsp; Marmolejo&nbsp;&nbsp;&nbsp;&nbsp;&nbsp;&nbsp;&nbsp; Norte 20&nbsp;&nbsp;&nbsp;&nbsp;&nbsp;&nbsp;&nbsp;&nbsp;&nbsp;&nbsp;&nbsp;&nbsp;&nbsp;&nbsp;&nbsp;&nbsp;&nbsp;&nbsp;&nbsp;&nbsp;&nbsp;&nbsp;&nbsp;&nbsp; 40 a\u00f1os&nbsp;&nbsp;&nbsp;&nbsp; jornalero&nbsp;&nbsp;&nbsp;&nbsp;&nbsp;&nbsp; 16\/10\/34 a&nbsp;&nbsp; 1\/8\/35<br>-Garc\u00eda Torralbo, Manuel&nbsp;&nbsp;&nbsp;&nbsp;&nbsp;&nbsp;&nbsp;&nbsp;&nbsp;&nbsp;&nbsp;&nbsp;    Marmolejo&nbsp;&nbsp;&nbsp;&nbsp;&nbsp;&nbsp;&nbsp; Cruces 9&nbsp;&nbsp;&nbsp;&nbsp;&nbsp;&nbsp;&nbsp;&nbsp;&nbsp;&nbsp;&nbsp;&nbsp;&nbsp;&nbsp;&nbsp;&nbsp;&nbsp;&nbsp;&nbsp;&nbsp;&nbsp;&nbsp;&nbsp; 27 a\u00f1os&nbsp;&nbsp;&nbsp;&nbsp; jornalero&nbsp;&nbsp;&nbsp;&nbsp;&nbsp; 22\/10\/34&nbsp; a&nbsp;&nbsp; 1\/8\/35<br>-Gil Luque, Francisco&nbsp;&nbsp;&nbsp;&nbsp;&nbsp;&nbsp;&nbsp;&nbsp;&nbsp;&nbsp;&nbsp;&nbsp;&nbsp;&nbsp;&nbsp;&nbsp;&nbsp;&nbsp;   Marmolejo&nbsp;&nbsp;&nbsp;&nbsp;&nbsp;&nbsp;&nbsp;&nbsp; Santo 46&nbsp;&nbsp;&nbsp;&nbsp;&nbsp;&nbsp;&nbsp;&nbsp;&nbsp;&nbsp;&nbsp;&nbsp;&nbsp;&nbsp;&nbsp;&nbsp;&nbsp;&nbsp;&nbsp;&nbsp;&nbsp;&nbsp;&nbsp;&nbsp; 26 a\u00f1os&nbsp;&nbsp;&nbsp;&nbsp; jornalero&nbsp;&nbsp;&nbsp;&nbsp;&nbsp; 22\/10\/34 a 20\/2\/36<br>-Godoy Ruiz, Miguel&nbsp;&nbsp;&nbsp;&nbsp;&nbsp;&nbsp;&nbsp;&nbsp;&nbsp;&nbsp;&nbsp;&nbsp;&nbsp;&nbsp;&nbsp;&nbsp;&nbsp;&nbsp;&nbsp;   Marmolejo&nbsp;&nbsp;&nbsp;&nbsp;&nbsp;&nbsp;&nbsp; Calvario, 43&nbsp;&nbsp;&nbsp;&nbsp;&nbsp;&nbsp;&nbsp;&nbsp;&nbsp;&nbsp;&nbsp;&nbsp;&nbsp;&nbsp;&nbsp;&nbsp;&nbsp;&nbsp;&nbsp;&nbsp; &#8212;&#8212;&#8212;&nbsp;&nbsp;&nbsp;&nbsp; jornalero&nbsp;&nbsp;&nbsp;&nbsp; 22\/10\/34 a 20\/2\/36&nbsp;&nbsp;&nbsp;&nbsp;&nbsp;&nbsp;&nbsp;&nbsp;&nbsp;&nbsp;&nbsp;&nbsp;&nbsp;<br>-G\u00f3mez Ruiz, Jos\u00e9&nbsp;&nbsp;&nbsp;&nbsp;&nbsp;&nbsp;&nbsp;&nbsp;&nbsp;&nbsp;&nbsp;&nbsp;&nbsp;&nbsp;&nbsp;&nbsp;&nbsp;&nbsp;&nbsp;&nbsp;&nbsp;&nbsp; Marmolejo&nbsp;&nbsp;&nbsp;&nbsp;&nbsp;&nbsp;&nbsp; &#8212;&#8212;&#8212;&#8212;&nbsp;&nbsp;&nbsp;&nbsp;&nbsp;&nbsp;&nbsp;&nbsp;&nbsp;&nbsp;&nbsp;&nbsp;&nbsp;&nbsp;&nbsp;&nbsp;&nbsp;&nbsp;&nbsp;&nbsp;&nbsp;&nbsp;&nbsp; 30 a\u00f1os&nbsp;&nbsp;&nbsp;&nbsp; jornalero&nbsp;&nbsp;&nbsp; Octubre 34 a&nbsp; 1\/8\/35<br>-Gonz\u00e1lez Ballesteros, Jos\u00e9&nbsp;&nbsp;&nbsp;&nbsp;&nbsp;&nbsp;&nbsp;&nbsp;&nbsp; Marmolejo&nbsp;&nbsp;&nbsp;&nbsp;&nbsp;&nbsp;&nbsp;&nbsp;&nbsp;&nbsp; Santo, 3&nbsp;&nbsp;&nbsp;&nbsp;&nbsp;&nbsp;&nbsp;&nbsp;&nbsp;&nbsp;&nbsp;&nbsp;&nbsp;&nbsp;&nbsp;&nbsp;&nbsp;&nbsp;&nbsp;&nbsp;&nbsp;&nbsp;&nbsp; 19 a\u00f1os&nbsp;&nbsp; jornalero&nbsp;&nbsp;&nbsp;&nbsp; 29\/10\/34 a&nbsp; 20\/2\/36<br>-Gonz\u00e1lez Ballesteros, Juli\u00e1n&nbsp;&nbsp;&nbsp;&nbsp;&nbsp;&nbsp;&nbsp; Marmolejo&nbsp;&nbsp;&nbsp;&nbsp;&nbsp;&nbsp;&nbsp;&nbsp;&nbsp;&nbsp; Santo, 3&nbsp;&nbsp;&nbsp;&nbsp;&nbsp;&nbsp;&nbsp;&nbsp;&nbsp;&nbsp;&nbsp;&nbsp;&nbsp;&nbsp;&nbsp;&nbsp;&nbsp;&nbsp;&nbsp;&nbsp;&nbsp;&nbsp;&nbsp; 18 a\u00f1os&nbsp;&nbsp;&nbsp;&nbsp; herrero&nbsp;&nbsp;&nbsp;&nbsp;&nbsp;&nbsp; 29\/10\/34 a&nbsp; 20\/2\/36<br>-Gonz\u00e1lez Medina, Alfonso&nbsp;&nbsp;&nbsp;&nbsp;&nbsp;&nbsp;&nbsp;&nbsp;&nbsp;   Marmolejo&nbsp;&nbsp;&nbsp;&nbsp;&nbsp;&nbsp;&nbsp;&nbsp;&nbsp; Vistillas, 1&nbsp;&nbsp;&nbsp;&nbsp;&nbsp;&nbsp;&nbsp;&nbsp;&nbsp;&nbsp;&nbsp;&nbsp;&nbsp;&nbsp;&nbsp;&nbsp;&nbsp;&nbsp;&nbsp;&nbsp; 29 a\u00f1os&nbsp;&nbsp; jornalero&nbsp;&nbsp;&nbsp;&nbsp;&nbsp; 22\/10\/34&nbsp; a&nbsp; 20\/2\/36<br>-Gonz\u00e1lez Medina, Jos\u00e9&nbsp;&nbsp;&nbsp;&nbsp;&nbsp;&nbsp;&nbsp;&nbsp;&nbsp;&nbsp;&nbsp;&nbsp;&nbsp;&nbsp; Marmolejo&nbsp;&nbsp;&nbsp;&nbsp;&nbsp;&nbsp;&nbsp;&nbsp;&nbsp; 2\u00aaVistilla, 1&nbsp;&nbsp;&nbsp;&nbsp;&nbsp;&nbsp;&nbsp;&nbsp;&nbsp;&nbsp;&nbsp;&nbsp;&nbsp;&nbsp;&nbsp;&nbsp;&nbsp;&nbsp; 21 a\u00f1os&nbsp;&nbsp;&nbsp; jornalero&nbsp;&nbsp;&nbsp;&nbsp;&nbsp;&nbsp; 22\/10\/34&nbsp; a&nbsp;&nbsp; 1\/8\/35<br>-Gonz\u00e1lez Medina, Manuel&nbsp;&nbsp;&nbsp;&nbsp;&nbsp;&nbsp;&nbsp;&nbsp;&nbsp;&nbsp; Marmolejo&nbsp;&nbsp;&nbsp;&nbsp;&nbsp;&nbsp;&nbsp;&nbsp; 2\u00aa Vistilla, 1&nbsp;&nbsp;&nbsp;&nbsp;&nbsp;&nbsp;&nbsp;&nbsp;&nbsp;&nbsp;&nbsp;&nbsp;&nbsp;&nbsp;&nbsp;&nbsp; 27 a\u00f1os&nbsp;&nbsp;&nbsp;&nbsp; jornalero&nbsp;&nbsp;&nbsp;&nbsp; 29\/10\/34 a&nbsp;&nbsp; 20\/2\/36<br>-Gonz\u00e1lez Palomares, Francisco&nbsp;&nbsp; Marmolejo&nbsp;&nbsp;&nbsp;&nbsp;&nbsp;&nbsp;&nbsp;&nbsp;&nbsp; Vistillas, 17&nbsp;&nbsp;&nbsp;&nbsp;&nbsp;&nbsp;&nbsp;&nbsp;&nbsp;&nbsp;&nbsp;&nbsp;&nbsp;&nbsp;&nbsp;&nbsp; 20&nbsp; a\u00f1os&nbsp;&nbsp;&nbsp; jornalero&nbsp;&nbsp;&nbsp;&nbsp;&nbsp;&nbsp; 22\/10\/34&nbsp; a&nbsp;&nbsp; 20\/2\/3<br>-Gonz\u00e1lez Pozo, Jos\u00e9&nbsp;&nbsp;&nbsp;&nbsp;&nbsp;&nbsp;&nbsp;&nbsp;&nbsp;&nbsp;&nbsp;&nbsp;&nbsp;&nbsp;&nbsp;&nbsp;&nbsp;&nbsp; And\u00fajar&nbsp;&nbsp;&nbsp;&nbsp;&nbsp;&nbsp;&nbsp;&nbsp;&nbsp;&nbsp;&nbsp;&nbsp;&nbsp;&nbsp;&nbsp; Santo, 5&nbsp;&nbsp;&nbsp;&nbsp;&nbsp;&nbsp;&nbsp;&nbsp;&nbsp;&nbsp;&nbsp;&nbsp;&nbsp;&nbsp;&nbsp;&nbsp;&nbsp;&nbsp;&nbsp;&nbsp;&nbsp;&nbsp;&nbsp;&nbsp; 23 a\u00f1os&nbsp;&nbsp; electricista&nbsp;&nbsp;&nbsp; 16\/10\/34 a&nbsp; 20\/2\/36<br>-Gonz\u00e1lez Rodr\u00edguez, Santiago&nbsp;&nbsp;&nbsp;&nbsp; Ba\u00f1os Encina&nbsp; Castillo, 10&nbsp;&nbsp;&nbsp;&nbsp;&nbsp;&nbsp;&nbsp;&nbsp;&nbsp;&nbsp;&nbsp;&nbsp;&nbsp;&nbsp;&nbsp;&nbsp;&nbsp;&nbsp;&nbsp; 32 a\u00f1os&nbsp;&nbsp;&nbsp; jornalero&nbsp;&nbsp;&nbsp;&nbsp;&nbsp;&nbsp; 9\/10\/34&nbsp;&nbsp;&nbsp; a&nbsp;&nbsp; 20\/2\/36<br>-Gonz\u00e1lez Sevilla, Manuel&nbsp;&nbsp;&nbsp;&nbsp;&nbsp;&nbsp;&nbsp;&nbsp;&nbsp;&nbsp;   Marmolejo&nbsp;&nbsp;&nbsp;&nbsp;&nbsp;&nbsp;&nbsp;&nbsp;&nbsp; &#8212;&#8212;&#8212;&#8212;-&nbsp;&nbsp;&nbsp;&nbsp;&nbsp;&nbsp;&nbsp;&nbsp;&nbsp;&nbsp;&nbsp;&nbsp;&nbsp;&nbsp;&nbsp;&nbsp;&nbsp;&nbsp;&nbsp; 24 a\u00f1os&nbsp;&nbsp;&nbsp;&nbsp; jornalero&nbsp;&nbsp;&nbsp;&nbsp;&nbsp; 24\/10\/34 a 20\/2\/36<br>-Guti\u00e9rrez Manzano, Antonio&nbsp;&nbsp;&nbsp;&nbsp; &#8212;&#8212;&#8212;&#8211;&nbsp;&nbsp;&nbsp;&nbsp;&nbsp;&nbsp;&nbsp;&nbsp;&nbsp;&nbsp;&nbsp; &#8212;&#8212;&#8212;&#8212;-&nbsp;&nbsp;&nbsp;&nbsp;&nbsp;&nbsp;&nbsp;&nbsp;&nbsp;&nbsp;&nbsp;&nbsp;&nbsp;&nbsp;&nbsp;&nbsp;&nbsp;&nbsp;&nbsp;&nbsp;&nbsp; &#8212;&#8212;&#8212;&nbsp;&nbsp;&nbsp;&nbsp;&nbsp; &#8212;&#8212;&#8212;-&nbsp;&nbsp;&nbsp;&nbsp; 9\/10\/34&nbsp;&nbsp; a&nbsp;&nbsp; 28\/11\/34<br>-Heras Monterrubio, Adolfo&nbsp;&nbsp;&nbsp;&nbsp;   Granja&nbsp; Torrehermosa&nbsp; Calvario 40&nbsp;&nbsp;&nbsp;&nbsp;&nbsp;&nbsp;&nbsp;&nbsp;&nbsp;&nbsp;&nbsp; 24 a\u00f1os&nbsp;&nbsp;&nbsp;&nbsp;&nbsp; jornalero&nbsp;&nbsp;&nbsp;&nbsp;&nbsp;&nbsp;&nbsp; 29\/10\/34&nbsp; a 1\/8\/35<br>-Jurado Castro, Juan Jos\u00e9&nbsp;&nbsp;&nbsp;&nbsp;&nbsp;&nbsp;&nbsp;&nbsp;&nbsp;&nbsp;&nbsp;&nbsp; Marmolejo&nbsp;&nbsp;&nbsp;&nbsp;&nbsp;&nbsp; Huerta de Herrero&nbsp;&nbsp;&nbsp;&nbsp;&nbsp;&nbsp;&nbsp;&nbsp;&nbsp;&nbsp; 17 a\u00f1os&nbsp;&nbsp;&nbsp; jornalero&nbsp;&nbsp;&nbsp;&nbsp;&nbsp;&nbsp; 22\/10\/34&nbsp; a 28\/8\/35<br>-Jurado L\u00f3pez, Antonio&nbsp;&nbsp;&nbsp;&nbsp;&nbsp;&nbsp;&nbsp;&nbsp;&nbsp;&nbsp;&nbsp;&nbsp;&nbsp;&nbsp; Marmolejo&nbsp;&nbsp;&nbsp;&nbsp;&nbsp;&nbsp;&nbsp; Orti y Lara 6&nbsp;&nbsp;&nbsp;&nbsp;&nbsp;&nbsp;&nbsp;&nbsp;&nbsp;&nbsp;&nbsp;&nbsp;&nbsp;&nbsp;&nbsp;&nbsp; 27 a\u00f1os&nbsp;&nbsp;&nbsp;&nbsp; jornalero&nbsp;&nbsp;&nbsp;&nbsp;&nbsp;&nbsp; 12\/11\/34&nbsp; a&nbsp; 20\/2\/36<br>-Jurado P\u00e9rez, Juli\u00e1n&nbsp;&nbsp;&nbsp;&nbsp;&nbsp;&nbsp;&nbsp;&nbsp;&nbsp;&nbsp;&nbsp;&nbsp;&nbsp;&nbsp;&nbsp;&nbsp;&nbsp;&nbsp;&nbsp; Marmolejo&nbsp;&nbsp;&nbsp;&nbsp;&nbsp;&nbsp;&nbsp;&nbsp; Nueva&nbsp;&nbsp;&nbsp;&nbsp;&nbsp;&nbsp;&nbsp;&nbsp;&nbsp;&nbsp;&nbsp;&nbsp;&nbsp;&nbsp;&nbsp;&nbsp;&nbsp;&nbsp;&nbsp;&nbsp;&nbsp;&nbsp;&nbsp;&nbsp;&nbsp;&nbsp; 18 a\u00f1os&nbsp;&nbsp;&nbsp;&nbsp; jornalero&nbsp;&nbsp;&nbsp;&nbsp;&nbsp;&nbsp; 29\/10\/34&nbsp; a&nbsp;&nbsp; 4\/1\/36<br>-Laguna Moreno, Manuel&nbsp;&nbsp;&nbsp;&nbsp;&nbsp;&nbsp;&nbsp;&nbsp;    &nbsp; And\u00fajar&nbsp;&nbsp;&nbsp;&nbsp;&nbsp;&nbsp;&nbsp;&nbsp;&nbsp;&nbsp; Valdeleches&nbsp;&nbsp;&nbsp;&nbsp;&nbsp;&nbsp;&nbsp;&nbsp;&nbsp;&nbsp;&nbsp;&nbsp;&nbsp;&nbsp;&nbsp;&nbsp;&nbsp;&nbsp;&nbsp;&nbsp;&nbsp; 44 a\u00f1os&nbsp;&nbsp;&nbsp; jornalero&nbsp;&nbsp;&nbsp;&nbsp;&nbsp;&nbsp; 16\/10\/34&nbsp;&nbsp; a&nbsp; 11\/7\/35<br>-Lara Anguita, Enrique&nbsp;&nbsp;&nbsp;&nbsp;&nbsp;&nbsp;&nbsp;&nbsp;&nbsp;&nbsp;&nbsp;&nbsp;&nbsp;     Marmolejo&nbsp;&nbsp;&nbsp;&nbsp;&nbsp;&nbsp; Nueva 5&nbsp;&nbsp;&nbsp;&nbsp;&nbsp;&nbsp;&nbsp;&nbsp;&nbsp;&nbsp;&nbsp;&nbsp;&nbsp;&nbsp;&nbsp;&nbsp;&nbsp;&nbsp;&nbsp;&nbsp;&nbsp;&nbsp;&nbsp;&nbsp;&nbsp; 19 a\u00f1os&nbsp;&nbsp;&nbsp; jornalero&nbsp;&nbsp;&nbsp;&nbsp;&nbsp;&nbsp; 29\/10\/34&nbsp;&nbsp; a&nbsp;&nbsp; 20\/2\/36<br>-Lara Godoy, Francisco&nbsp;&nbsp;&nbsp;&nbsp;&nbsp;&nbsp;&nbsp;&nbsp;&nbsp;&nbsp;&nbsp;&nbsp;    Marmolejo&nbsp;&nbsp;&nbsp;&nbsp;&nbsp;&nbsp; Huertas 6&nbsp;&nbsp;&nbsp;&nbsp;&nbsp;&nbsp;&nbsp;&nbsp;&nbsp;&nbsp;&nbsp;&nbsp;&nbsp;&nbsp;&nbsp;&nbsp;&nbsp;&nbsp;&nbsp;&nbsp;&nbsp;&nbsp;&nbsp; 28 a\u00f1os&nbsp;&nbsp;&nbsp;&nbsp; jornalero&nbsp;&nbsp;&nbsp;&nbsp;&nbsp;&nbsp; 2\/11\/34&nbsp;&nbsp; a&nbsp;&nbsp;&nbsp; 20\/2\/36<br>-Lara Jim\u00e9nez, Juan&nbsp;&nbsp;&nbsp;&nbsp;&nbsp;&nbsp;&nbsp;&nbsp;&nbsp;&nbsp;&nbsp;&nbsp;&nbsp;&nbsp;&nbsp;&nbsp;&nbsp;&nbsp;&nbsp;&nbsp; Marmolejo&nbsp;&nbsp;&nbsp;&nbsp;&nbsp;&nbsp; Calvario&nbsp;&nbsp;&nbsp;&nbsp;&nbsp;&nbsp;&nbsp;&nbsp;&nbsp;&nbsp;&nbsp;&nbsp;&nbsp;&nbsp;&nbsp;&nbsp;&nbsp;&nbsp;&nbsp;&nbsp;&nbsp;&nbsp;&nbsp;&nbsp; 24 a\u00f1os&nbsp;&nbsp;&nbsp;&nbsp; jornalero&nbsp;&nbsp;&nbsp;&nbsp;&nbsp;&nbsp; 29\/11\/34&nbsp; a&nbsp;&nbsp;&nbsp; 1\/8\/35<br>-L\u00f3pez Pedrajas, Francisco&nbsp;&nbsp;&nbsp;&nbsp;&nbsp;&nbsp;&nbsp;&nbsp;&nbsp; Marmolejo&nbsp;&nbsp;&nbsp;&nbsp;&nbsp;&nbsp; Norte 17&nbsp;&nbsp;&nbsp;&nbsp;&nbsp;&nbsp;&nbsp;&nbsp;&nbsp;&nbsp;&nbsp;&nbsp;&nbsp;&nbsp;&nbsp;&nbsp;&nbsp;&nbsp;&nbsp;&nbsp;&nbsp;&nbsp;&nbsp;&nbsp; 19 a\u00f1os&nbsp;&nbsp;&nbsp; jornalero&nbsp;&nbsp;&nbsp;&nbsp;&nbsp;&nbsp; 29\/10\/34&nbsp;&nbsp; a&nbsp; 20\/7\/35<br>-Lorenzo Carballo, Francisco&nbsp;&nbsp;&nbsp;    Portalegre (Portugal)&nbsp; Calvario 79&nbsp;&nbsp;&nbsp;&nbsp;&nbsp;&nbsp;&nbsp;&nbsp;&nbsp;&nbsp;&nbsp; 27 a\u00f1os&nbsp;&nbsp;&nbsp;&nbsp; jornalero&nbsp;&nbsp;&nbsp;&nbsp;&nbsp;&nbsp; 16\/10\/34&nbsp; a 12\/4\/35<br>-Lostanao Tortajada, Fernando&nbsp;&nbsp;&nbsp;&nbsp; Marmolejo&nbsp;&nbsp;&nbsp;&nbsp;&nbsp;&nbsp; Cruces 44&nbsp;&nbsp;&nbsp;&nbsp;&nbsp;&nbsp;&nbsp;&nbsp;&nbsp;&nbsp;&nbsp;&nbsp;&nbsp;&nbsp;&nbsp;&nbsp;&nbsp;&nbsp;&nbsp;&nbsp;&nbsp; 60 a\u00f1os&nbsp;&nbsp;&nbsp;&nbsp; jornalero&nbsp;&nbsp;&nbsp;&nbsp;&nbsp;&nbsp; 29\/10\/34&nbsp; a&nbsp;&nbsp; 1\/8\/35<br>-Lozano Garc\u00eda, Juan&nbsp;&nbsp;&nbsp;&nbsp;&nbsp;&nbsp;&nbsp;&nbsp;&nbsp;&nbsp;&nbsp;&nbsp;&nbsp;&nbsp;&nbsp;&nbsp;&nbsp;&nbsp;&nbsp;&nbsp; Marmolejo&nbsp;&nbsp;&nbsp;&nbsp;&nbsp;&nbsp; Norte&nbsp;&nbsp;&nbsp;&nbsp;&nbsp;&nbsp;&nbsp;&nbsp;&nbsp;&nbsp;&nbsp;&nbsp;&nbsp;&nbsp;&nbsp;&nbsp;&nbsp;&nbsp;&nbsp;&nbsp;&nbsp;&nbsp;&nbsp;&nbsp;&nbsp;&nbsp;&nbsp;&nbsp; 49 a\u00f1os&nbsp;&nbsp;&nbsp;&nbsp; jornalero&nbsp;&nbsp;&nbsp;&nbsp;&nbsp;&nbsp; 22\/10\/34&nbsp; a&nbsp;&nbsp; 1\/8\/35<br>-Lozano Godoy, Francisco&nbsp;&nbsp;&nbsp;&nbsp;&nbsp;&nbsp;&nbsp;&nbsp;&nbsp;&nbsp;&nbsp;&nbsp; Marmolejo&nbsp;&nbsp;&nbsp;&nbsp;&nbsp;&nbsp; Huertas 34&nbsp;&nbsp;&nbsp;&nbsp;&nbsp;&nbsp;&nbsp;&nbsp;&nbsp;&nbsp;&nbsp;&nbsp;&nbsp;&nbsp;&nbsp;&nbsp;&nbsp; 29 a\u00f1os&nbsp;&nbsp;&nbsp;&nbsp; alba\u00f1il&nbsp;&nbsp;&nbsp;&nbsp;&nbsp;&nbsp;&nbsp;&nbsp;&nbsp;&nbsp; 15\/10\/34&nbsp; a&nbsp;&nbsp; 20\/2\/36<br>-Lozano Pe\u00f1a, Jos\u00e9&nbsp;&nbsp;&nbsp;&nbsp;&nbsp;&nbsp;&nbsp;&nbsp;&nbsp;&nbsp;&nbsp;&nbsp;&nbsp;&nbsp;&nbsp;&nbsp;&nbsp;&nbsp;&nbsp;&nbsp;&nbsp;&nbsp; Marmolejo&nbsp;&nbsp;&nbsp;&nbsp;&nbsp;&nbsp;&nbsp;&nbsp; Jes\u00fas&nbsp;&nbsp;&nbsp;&nbsp;&nbsp;&nbsp;&nbsp;&nbsp;&nbsp;&nbsp;&nbsp;&nbsp;&nbsp;&nbsp;&nbsp;&nbsp;&nbsp;&nbsp;&nbsp;&nbsp;&nbsp;&nbsp;&nbsp;&nbsp;&nbsp;&nbsp; 44 a\u00f1os&nbsp;&nbsp;&nbsp;&nbsp; jornalero&nbsp;&nbsp;&nbsp;&nbsp;&nbsp; 22\/10\/34&nbsp;&nbsp; a&nbsp;&nbsp;&nbsp; 1\/8\/35<br>-Lozano Pe\u00f1a, Pedro&nbsp;&nbsp;&nbsp;&nbsp;&nbsp;&nbsp;&nbsp;&nbsp;&nbsp;&nbsp;&nbsp;&nbsp;&nbsp;&nbsp;&nbsp;&nbsp;&nbsp;&nbsp;&nbsp;&nbsp; Marmolejo&nbsp;&nbsp;&nbsp;&nbsp;&nbsp;&nbsp;&nbsp;&nbsp; Zapateros&nbsp;&nbsp;&nbsp;&nbsp;&nbsp;&nbsp;&nbsp;&nbsp;&nbsp;&nbsp;&nbsp;&nbsp;&nbsp;&nbsp;&nbsp;&nbsp;&nbsp;&nbsp;&nbsp; 53 a\u00f1os&nbsp;&nbsp;&nbsp; jornalero&nbsp;&nbsp;&nbsp;&nbsp;&nbsp;&nbsp; 22\/10\/34&nbsp; a&nbsp;&nbsp; 20\/2\/36<br>-Lozano Ruiz, Juan Manuel&nbsp;&nbsp;&nbsp;&nbsp;&nbsp;&nbsp;&nbsp;&nbsp;&nbsp;&nbsp;&nbsp; Marmolejo&nbsp;&nbsp;&nbsp;&nbsp;&nbsp;&nbsp; 2\u00aa Vistillas, 8&nbsp;&nbsp;&nbsp;&nbsp;&nbsp;&nbsp;&nbsp;&nbsp;&nbsp;&nbsp;&nbsp;&nbsp;&nbsp; 23 a\u00f1os&nbsp;&nbsp;&nbsp;&nbsp; jornalero&nbsp;&nbsp;&nbsp;&nbsp;&nbsp; 29\/10\/34&nbsp; a&nbsp;&nbsp;&nbsp; 20\/2\/36<br>-Lozano Soriano, Bartolom\u00e9&nbsp;&nbsp;&nbsp;&nbsp;&nbsp;&nbsp;&nbsp;&nbsp;&nbsp; Marmolejo&nbsp;&nbsp;&nbsp;&nbsp;&nbsp;&nbsp;&nbsp; Calvario 18&nbsp;&nbsp;&nbsp;&nbsp;&nbsp;&nbsp;&nbsp;&nbsp;&nbsp;&nbsp;&nbsp;&nbsp;&nbsp;&nbsp;&nbsp; 37 a\u00f1os&nbsp;&nbsp;&nbsp;&nbsp; jornalero&nbsp;&nbsp;&nbsp;&nbsp;&nbsp; 22\/10\/34&nbsp; a&nbsp;&nbsp;&nbsp; 1\/8\/35<br>-Lozano Velasco, Juan Antonio&nbsp;&nbsp;&nbsp;&nbsp;&nbsp; Marmolejo&nbsp;&nbsp;&nbsp;&nbsp;&nbsp;&nbsp;&nbsp; Huertas&nbsp; 17&nbsp;&nbsp;&nbsp;&nbsp;&nbsp;&nbsp;&nbsp;&nbsp;&nbsp;&nbsp;&nbsp;&nbsp;&nbsp;&nbsp;&nbsp; 23 a\u00f1os&nbsp; albardonero&nbsp;&nbsp;&nbsp;&nbsp;&nbsp; 16\/10\/34&nbsp; a&nbsp;&nbsp; 1\/8\/35<br>-Lozano Velasco, Mateo&nbsp; \u00abGallo\u00bb&nbsp;&nbsp; Marmolejo&nbsp;&nbsp;&nbsp;&nbsp;&nbsp;&nbsp;&nbsp; Gaspar Casas&nbsp;&nbsp;&nbsp;&nbsp;&nbsp;&nbsp;&nbsp;&nbsp;&nbsp;&nbsp;&nbsp;&nbsp; 21 a\u00f1os&nbsp;&nbsp;&nbsp;&nbsp; alba\u00f1il&nbsp;&nbsp;&nbsp;&nbsp;&nbsp;&nbsp;&nbsp;&nbsp;&nbsp;&nbsp; 23\/10\/34&nbsp; a&nbsp; 20\/2\/36<br>-Luque Lozano, Jos\u00e9&nbsp;&nbsp;&nbsp;&nbsp;&nbsp;&nbsp;&nbsp;&nbsp;&nbsp;&nbsp;&nbsp;&nbsp;&nbsp;&nbsp;&nbsp;   &nbsp; Marmolejo&nbsp;&nbsp;&nbsp;&nbsp;&nbsp;&nbsp;&nbsp; San&nbsp; Sebasti\u00e1n 27&nbsp;&nbsp;&nbsp;&nbsp;&nbsp;&nbsp;&nbsp;&nbsp;&nbsp;&nbsp;&nbsp;&nbsp; 42 a\u00f1os&nbsp;&nbsp;&nbsp; hortelano&nbsp;&nbsp;&nbsp;&nbsp;&nbsp;&nbsp; 16\/10\/34&nbsp; a&nbsp; 15\/4\/35<br>-Luque Mart\u00ednez, Francisco&nbsp;&nbsp;&nbsp;&nbsp;&nbsp;&nbsp;&nbsp;   Marmolejo&nbsp;&nbsp;&nbsp;&nbsp;&nbsp;&nbsp;&nbsp; Nueva 37&nbsp;&nbsp;&nbsp;&nbsp;&nbsp;&nbsp;&nbsp;&nbsp;&nbsp;&nbsp;&nbsp;&nbsp;&nbsp;&nbsp;&nbsp;&nbsp;&nbsp;&nbsp;&nbsp;&nbsp;&nbsp;&nbsp; 22 a\u00f1os&nbsp;&nbsp;&nbsp; jornalero&nbsp;&nbsp;&nbsp;&nbsp;&nbsp;&nbsp;&nbsp; 29\/10\/34&nbsp; a&nbsp;&nbsp; 20\/2\/36<br>-Luque Torralbo, \u00c1ngel&nbsp;&nbsp;&nbsp;&nbsp;&nbsp;&nbsp;&nbsp;&nbsp;&nbsp;&nbsp;&nbsp;       Marmolejo&nbsp;&nbsp;&nbsp;&nbsp;&nbsp;&nbsp;&nbsp; San Sebasti\u00e1n 44&nbsp;&nbsp;&nbsp;&nbsp;&nbsp;&nbsp;&nbsp;&nbsp;&nbsp;&nbsp;&nbsp;&nbsp;&nbsp; 51 a\u00f1os&nbsp;&nbsp;&nbsp; jornalero&nbsp;&nbsp;&nbsp;&nbsp;&nbsp;&nbsp; 16\/10\/34&nbsp; a&nbsp;&nbsp;&nbsp; 1\/8\/35<br>-Luque Torralbo, Carlos&nbsp;&nbsp;&nbsp;&nbsp;&nbsp;&nbsp;&nbsp;&nbsp;       &nbsp; Marmolejo&nbsp;&nbsp;&nbsp;&nbsp;&nbsp;&nbsp;&nbsp; Paseo Libertad&nbsp;&nbsp;&nbsp;&nbsp;&nbsp;&nbsp;&nbsp;&nbsp;&nbsp;&nbsp;&nbsp;&nbsp;&nbsp;&nbsp;&nbsp;&nbsp;&nbsp; 45 a\u00f1os&nbsp;&nbsp;&nbsp; jornalero&nbsp;&nbsp;&nbsp;&nbsp;&nbsp;&nbsp; 22\/10\/34&nbsp; a&nbsp;&nbsp; 29\/4\/35<br>-Mart\u00edn Bail\u00f3n, Pedro&nbsp;&nbsp;&nbsp;&nbsp;&nbsp;&nbsp;&nbsp;&nbsp;&nbsp;&nbsp;&nbsp;&nbsp;   &nbsp;  &nbsp; Carde\u00f1a&nbsp;&nbsp;&nbsp;&nbsp;&nbsp;&nbsp;&nbsp;&nbsp;&nbsp;&nbsp;&nbsp;&nbsp; Huertas 33&nbsp;&nbsp;&nbsp;&nbsp;&nbsp;&nbsp;&nbsp;&nbsp;&nbsp;&nbsp;&nbsp;&nbsp;&nbsp;&nbsp;&nbsp;&nbsp;&nbsp;&nbsp;&nbsp;&nbsp;&nbsp;&nbsp;&nbsp; &#8212;&#8212;&#8212;&nbsp;&nbsp; jornalero&nbsp;&nbsp;&nbsp;&nbsp;&nbsp;&nbsp; 29\/10\/34&nbsp; a&nbsp;&nbsp; 20\/2\/36<br>-Mart\u00ednez Cano, Bartolom\u00e9&nbsp;&nbsp;&nbsp;&nbsp;&nbsp;&nbsp;&nbsp;    Marmolejo&nbsp;&nbsp;&nbsp;&nbsp;&nbsp;&nbsp;&nbsp; Gamonal&nbsp;&nbsp;&nbsp;&nbsp;&nbsp;&nbsp;&nbsp;&nbsp;&nbsp;&nbsp;&nbsp;&nbsp;&nbsp;&nbsp;&nbsp;&nbsp;&nbsp;&nbsp;&nbsp;&nbsp;&nbsp;&nbsp;&nbsp;&nbsp;&nbsp; 29 a\u00f1os&nbsp;&nbsp;&nbsp; jornalero&nbsp;&nbsp;&nbsp;&nbsp;&nbsp;&nbsp; 29\/10\/34&nbsp; a&nbsp;&nbsp;&nbsp; 1\/8\/35<br>-Mart\u00ednez Cano, Francisco&nbsp;&nbsp;&nbsp;&nbsp;&nbsp;&nbsp;&nbsp;&nbsp;    Marmolejo&nbsp;&nbsp;&nbsp;&nbsp;&nbsp;&nbsp;&nbsp; 1\u00ba de Mayo 29&nbsp;&nbsp;&nbsp;&nbsp;&nbsp;&nbsp;&nbsp;&nbsp;&nbsp;&nbsp;&nbsp;&nbsp;&nbsp;&nbsp;&nbsp;&nbsp;&nbsp; 21 a\u00f1os&nbsp;&nbsp;&nbsp; jornalero&nbsp;&nbsp;&nbsp;&nbsp;&nbsp;&nbsp; 22\/10\/34&nbsp; a&nbsp;&nbsp; 1\/8\/35<br>-Mart\u00ednez Cano, Juan&nbsp;&nbsp;&nbsp;&nbsp;&nbsp;&nbsp;&nbsp;&nbsp;&nbsp;&nbsp;&nbsp;&nbsp;&nbsp;&nbsp;&nbsp;&nbsp;  &nbsp; Marmolejo&nbsp;&nbsp;&nbsp;&nbsp;&nbsp;&nbsp; Gamonal 22&nbsp;&nbsp;&nbsp;&nbsp;&nbsp;&nbsp;&nbsp;&nbsp;&nbsp;&nbsp;&nbsp;&nbsp;&nbsp;&nbsp;&nbsp;&nbsp;&nbsp;&nbsp;&nbsp;&nbsp;&nbsp; 27 a\u00f1os&nbsp;&nbsp;&nbsp; jornalero&nbsp;&nbsp;&nbsp;&nbsp;&nbsp;&nbsp; 22\/10\/34&nbsp; a&nbsp;&nbsp; 1\/8\/35<br>-Medina Lozano, Pedro&nbsp;&nbsp;&nbsp;&nbsp;&nbsp;&nbsp;&nbsp;&nbsp;&nbsp;&nbsp;&nbsp;&nbsp;&nbsp;&nbsp;&nbsp;&nbsp;&nbsp;&nbsp; Marmolejo&nbsp;&nbsp;&nbsp;&nbsp;&nbsp;&nbsp; Huertas 18&nbsp;&nbsp;&nbsp;&nbsp;&nbsp;&nbsp;&nbsp;&nbsp;&nbsp;&nbsp;&nbsp;&nbsp;&nbsp;&nbsp;&nbsp;&nbsp; 46 a\u00f1os&nbsp;&nbsp;&nbsp;&nbsp;&nbsp;&nbsp;&nbsp; jornalero&nbsp;&nbsp;&nbsp; 23\/10\/34&nbsp;&nbsp; a&nbsp; 22\/2\/36<br>-Membribes Rodr\u00edguez, Antonio&nbsp;&nbsp;&nbsp;&nbsp;&nbsp;&nbsp; Alc\u00f3ntar (Almer\u00eda)&nbsp;&nbsp;&nbsp;&nbsp;&nbsp; Norte 6&nbsp;&nbsp;&nbsp;&nbsp;&nbsp;&nbsp;&nbsp;&nbsp; 33 a\u00f1os&nbsp;&nbsp;&nbsp;&nbsp;&nbsp;&nbsp;&nbsp;&nbsp; jornalero&nbsp;&nbsp; 29\/10\/34 a 22\/2\/36<br>-Membribes Rodr\u00edoguez, Manuel&nbsp;&nbsp;&nbsp;&nbsp;&nbsp;&nbsp; Alc\u00f3ntar (Almeria)&nbsp;&nbsp;&nbsp;&nbsp; Vistillas, 7&nbsp;&nbsp;&nbsp;&nbsp;&nbsp; 25 a\u00f1os&nbsp;&nbsp;&nbsp;&nbsp;&nbsp;&nbsp;&nbsp;&nbsp; jornalero&nbsp;&nbsp; 29\/10\/34 a&nbsp; 2\/5\/35<br>-Milla P\u00e9rez Juan M.&nbsp;&nbsp;&nbsp;&nbsp;&nbsp;&nbsp;&nbsp;&nbsp;&nbsp;&nbsp;&nbsp;&nbsp;&nbsp;&nbsp;&nbsp;&nbsp;&nbsp;&nbsp;&nbsp;&nbsp;&nbsp;&nbsp;&nbsp;&nbsp; Marmolejo&nbsp;&nbsp;&nbsp;&nbsp;&nbsp;&nbsp;&nbsp;&nbsp;&nbsp;&nbsp;&nbsp;&nbsp;&nbsp;&nbsp;&nbsp;&nbsp;&nbsp; Castillo 18&nbsp;&nbsp;&nbsp;&nbsp; 31 a\u00f1os&nbsp;&nbsp;&nbsp;&nbsp;&nbsp;&nbsp;&nbsp;&nbsp; jornalero&nbsp;&nbsp; 16\/10\/34 a 10\/4\/35&nbsp;<br>-Molina Torralbo, Antonio&nbsp;&nbsp;&nbsp;&nbsp;&nbsp;&nbsp;&nbsp;&nbsp;&nbsp;&nbsp;&nbsp;&nbsp;&nbsp;&nbsp; Marmolejo&nbsp;&nbsp;&nbsp;&nbsp;&nbsp;&nbsp;&nbsp;&nbsp;&nbsp;&nbsp;&nbsp;&nbsp;&nbsp;&nbsp;&nbsp;&nbsp;&nbsp; San Juli\u00e1n, 7&nbsp;&nbsp; 44 a\u00f1os&nbsp;&nbsp;&nbsp;&nbsp;&nbsp;&nbsp;&nbsp;&nbsp; alba\u00f1il&nbsp;&nbsp;&nbsp;&nbsp;&nbsp;&nbsp; 9\/10\/34&nbsp; a&nbsp; 20\/2\/36<br>-Mu\u00f1oz Casares, Ram\u00f3n&nbsp;&nbsp;&nbsp;&nbsp;&nbsp;&nbsp;&nbsp;&nbsp;&nbsp;&nbsp;&nbsp;&nbsp;&nbsp;&nbsp;&nbsp;&nbsp;&nbsp;&nbsp; &#8212;&#8212;&#8212;&#8211;&nbsp;&nbsp;&nbsp;&nbsp;&nbsp;&nbsp;&nbsp;&nbsp;&nbsp;&nbsp;&nbsp;&nbsp;&nbsp;&nbsp;&nbsp;&nbsp;&nbsp;&nbsp;&nbsp;&nbsp; &#8212;&#8212;&#8212;&#8211;&nbsp;&nbsp;&nbsp;&nbsp;&nbsp;&nbsp; &#8212;&#8212;&nbsp;&nbsp;&nbsp;&nbsp;&nbsp;&nbsp;&nbsp;&nbsp;&nbsp;&nbsp;&nbsp; Maestro&nbsp;&nbsp;&nbsp; 9\/10\/34&nbsp; a&nbsp;&nbsp; 28\/11\/34<br>-Ortiz Espejo, Rafael&nbsp;&nbsp;&nbsp;&nbsp;&nbsp;&nbsp;&nbsp;&nbsp;&nbsp;&nbsp;&nbsp;&nbsp;&nbsp;&nbsp;&nbsp;&nbsp;&nbsp;&nbsp;&nbsp;&nbsp;&nbsp;&nbsp;&nbsp; Marmolejo&nbsp;&nbsp;&nbsp;&nbsp;&nbsp;&nbsp;&nbsp;&nbsp;&nbsp;&nbsp;&nbsp;&nbsp;&nbsp;&nbsp;&nbsp;&nbsp;&nbsp;&nbsp; Calvario 49&nbsp;&nbsp;&nbsp; 27 a\u00f1os&nbsp;&nbsp;&nbsp;&nbsp;&nbsp;&nbsp;&nbsp;&nbsp; alba\u00f1il&nbsp;&nbsp;&nbsp;&nbsp;&nbsp;&nbsp; 22\/10\/34&nbsp; a&nbsp; 1\/8\/35<br>-Palomares Jurado, Pablo:&nbsp;&nbsp;&nbsp;&nbsp;&nbsp;&nbsp;&nbsp;&nbsp;&nbsp;&nbsp;&nbsp;&nbsp;&nbsp;&nbsp;&nbsp; Marmolejo&nbsp;&nbsp;&nbsp;&nbsp;&nbsp;&nbsp;&nbsp;&nbsp;&nbsp;&nbsp;&nbsp;&nbsp;&nbsp;&nbsp;&nbsp;&nbsp;&nbsp; 2\u00aaVistillas&nbsp;&nbsp;&nbsp;&nbsp;&nbsp;&nbsp;&nbsp; 50 a\u00f1os&nbsp;&nbsp;&nbsp;&nbsp;&nbsp;&nbsp; jornalero&nbsp;&nbsp;&nbsp; 29\/10\/34&nbsp; a&nbsp; 20\/2\/36<br>-Palomares Jurado, Pedro&nbsp;&nbsp;&nbsp;&nbsp;&nbsp;&nbsp;&nbsp;&nbsp;&nbsp;&nbsp;&nbsp;&nbsp;&nbsp;&nbsp;&nbsp;&nbsp; Marmolejo&nbsp;&nbsp;&nbsp;&nbsp;&nbsp;&nbsp;&nbsp;&nbsp;&nbsp;&nbsp;&nbsp;&nbsp;&nbsp;&nbsp;&nbsp;&nbsp;&nbsp; Molinos s\/n&nbsp;&nbsp;&nbsp;&nbsp;&nbsp;&nbsp; 60 a\u00f1os&nbsp;&nbsp;&nbsp;&nbsp;&nbsp; jornalero&nbsp;&nbsp;&nbsp;&nbsp; 29\/10\/34 a&nbsp;&nbsp; 1\/8\/35<br>-Pastor Garrido, Bartolom\u00e9&nbsp;&nbsp;&nbsp;&nbsp;&nbsp;&nbsp;&nbsp;&nbsp;&nbsp;&nbsp;&nbsp;&nbsp;&nbsp; Marmolejo&nbsp;&nbsp;&nbsp;&nbsp;&nbsp;&nbsp;&nbsp;&nbsp;&nbsp;&nbsp;&nbsp;&nbsp;&nbsp;&nbsp;&nbsp;&nbsp;&nbsp;&nbsp; Navazo 40&nbsp;&nbsp;&nbsp;&nbsp;&nbsp;&nbsp; 22 a\u00f1os&nbsp;&nbsp;&nbsp;&nbsp;&nbsp; jornalero&nbsp;&nbsp;&nbsp;&nbsp; 23\/10\/34&nbsp; a&nbsp; 20\/2\/36<br>-Pedrajas Mart\u00edn, Pedro&nbsp;&nbsp;&nbsp;&nbsp;&nbsp;&nbsp;&nbsp;&nbsp;&nbsp;&nbsp;&nbsp;&nbsp;&nbsp;&nbsp;&nbsp;&nbsp;&nbsp;&nbsp; Marmolejo&nbsp;&nbsp;&nbsp;&nbsp;&nbsp;&nbsp;&nbsp;&nbsp;&nbsp;&nbsp;&nbsp;&nbsp;&nbsp;&nbsp;&nbsp;&nbsp;&nbsp;&nbsp; Cruz 11&nbsp;&nbsp;&nbsp;&nbsp;&nbsp;&nbsp;&nbsp;&nbsp;&nbsp;&nbsp;&nbsp; 44&nbsp; a\u00f1os&nbsp;&nbsp;&nbsp;&nbsp; jornalero&nbsp;&nbsp;&nbsp;&nbsp; 2\/11\/34&nbsp;&nbsp; a&nbsp;&nbsp; 20\/2\/36<br>-Pedrajas Mart\u00edn, Valent\u00edn&nbsp;&nbsp;&nbsp;&nbsp;&nbsp;&nbsp;&nbsp;&nbsp;&nbsp;&nbsp;&nbsp;&nbsp;&nbsp; Marmolejo&nbsp;&nbsp;&nbsp;&nbsp;&nbsp;&nbsp;&nbsp;&nbsp;&nbsp;&nbsp;&nbsp;&nbsp; San Sebasti\u00e1n&nbsp; 56&nbsp;&nbsp;&nbsp; 42 a\u00f1os&nbsp;&nbsp;&nbsp;&nbsp;&nbsp; jornalero&nbsp;&nbsp;&nbsp;&nbsp; 22\/11\/34&nbsp; a&nbsp;&nbsp; 2\/2\/36<br>-Pedrajas Villar, Francisco&nbsp;&nbsp;&nbsp;&nbsp;&nbsp;&nbsp;&nbsp;&nbsp;&nbsp;&nbsp;&nbsp;&nbsp; Marmolejo&nbsp;&nbsp;&nbsp;&nbsp;&nbsp;&nbsp;&nbsp;&nbsp;&nbsp;&nbsp;&nbsp;&nbsp;&nbsp;&nbsp;&nbsp;&nbsp;&nbsp;&nbsp; Huertas&nbsp;&nbsp;&nbsp;&nbsp;&nbsp;&nbsp;&nbsp;&nbsp;&nbsp;&nbsp;&nbsp;&nbsp; 30 a\u00f1os&nbsp;&nbsp;&nbsp;&nbsp;&nbsp; jornalero&nbsp;&nbsp;&nbsp; 22\/11\/34&nbsp; a&nbsp;&nbsp; 20\/2\/36<br>-Pe\u00f1a Correas, Miguel&nbsp;&nbsp;&nbsp;&nbsp;&nbsp;&nbsp;&nbsp;&nbsp;&nbsp;&nbsp;&nbsp;&nbsp;&nbsp;&nbsp;&nbsp;&nbsp;&nbsp;&nbsp; Marmolejo&nbsp;&nbsp;&nbsp;&nbsp;&nbsp;&nbsp;&nbsp;&nbsp;&nbsp;&nbsp;&nbsp;&nbsp;&nbsp;&nbsp;&nbsp;&nbsp;&nbsp;&nbsp; Huertas&nbsp; 34&nbsp;&nbsp;&nbsp;&nbsp;&nbsp;&nbsp; 37&nbsp; a\u00f1os&nbsp;&nbsp;&nbsp;&nbsp; jornalero&nbsp;&nbsp;&nbsp; 2\/11\/34&nbsp;&nbsp; a&nbsp;&nbsp;&nbsp; 20\/2\/36<br>-Perales Ollero, Pedro&nbsp;&nbsp;&nbsp;&nbsp;&nbsp;&nbsp;&nbsp;&nbsp;&nbsp;&nbsp;&nbsp;&nbsp;&nbsp;&nbsp;&nbsp;&nbsp;&nbsp;&nbsp;&nbsp;&nbsp; Marmolejo&nbsp;&nbsp;&nbsp;&nbsp;&nbsp;&nbsp;&nbsp;&nbsp;&nbsp;&nbsp;&nbsp;&nbsp;&nbsp;&nbsp;&nbsp;&nbsp;&nbsp;&nbsp; Norte 36&nbsp;&nbsp;&nbsp;&nbsp;&nbsp;&nbsp;&nbsp;&nbsp;&nbsp;&nbsp; 40 a\u00f1os&nbsp;&nbsp;&nbsp;&nbsp;&nbsp; jornalero&nbsp;&nbsp;&nbsp; 16\/10\/34&nbsp; a&nbsp;&nbsp; 1\/8\/35<br>-Perales Mart\u00ednez, Manuel&nbsp;&nbsp;&nbsp;&nbsp;&nbsp;&nbsp;&nbsp;&nbsp;&nbsp;&nbsp;&nbsp;&nbsp;&nbsp;&nbsp; Marmolejo&nbsp;&nbsp;&nbsp;&nbsp;&nbsp;&nbsp;&nbsp;&nbsp;&nbsp;&nbsp;&nbsp;&nbsp;&nbsp;&nbsp;&nbsp;&nbsp;&nbsp;&nbsp;&nbsp; Norte 24&nbsp;&nbsp;&nbsp;&nbsp;&nbsp;&nbsp;&nbsp;&nbsp;&nbsp;&nbsp; 24 a\u00f1os&nbsp;&nbsp;&nbsp;&nbsp; jornalero&nbsp;&nbsp;&nbsp;&nbsp; 2\/11\/34&nbsp;&nbsp; a&nbsp;&nbsp;&nbsp; 1\/8\/35<br>-Perales Vicaria, Juan&nbsp;&nbsp;&nbsp;&nbsp;&nbsp;&nbsp;&nbsp;&nbsp;&nbsp;&nbsp;&nbsp;&nbsp;&nbsp;&nbsp;&nbsp;&nbsp;&nbsp;&nbsp;&nbsp;&nbsp; Marmolejo&nbsp;&nbsp;&nbsp;&nbsp;&nbsp;&nbsp;&nbsp;&nbsp;&nbsp;&nbsp;&nbsp;&nbsp;&nbsp;&nbsp; Huerta Matadero&nbsp;&nbsp;&nbsp; 20 a\u00f1os&nbsp;&nbsp;&nbsp; hortelano&nbsp;&nbsp;&nbsp;&nbsp; 29\/10\/34&nbsp; a&nbsp;&nbsp; 4\/1\/36<br>-Per\u00edn Ramos, Antonio&nbsp;&nbsp;&nbsp;&nbsp;&nbsp;&nbsp;&nbsp;&nbsp;&nbsp;&nbsp;&nbsp;&nbsp;&nbsp;&nbsp;&nbsp;&nbsp; La Higuera&nbsp;&nbsp;&nbsp;&nbsp;&nbsp;&nbsp;&nbsp;&nbsp;&nbsp;&nbsp;&nbsp;&nbsp;&nbsp;&nbsp;&nbsp;&nbsp;&nbsp; Navazo 70&nbsp;&nbsp;&nbsp;&nbsp;&nbsp;&nbsp;&nbsp;&nbsp;&nbsp;&nbsp;&nbsp; 47 a\u00f1os&nbsp;&nbsp;&nbsp; panadero&nbsp;&nbsp;&nbsp;&nbsp; 22\/10\/34&nbsp; a&nbsp; 20\/2\/36<br>-Per\u00edn Mart\u00ednez, Eduardo&nbsp;&nbsp; (hijo de Antonio Per\u00edn)&nbsp;&nbsp;&nbsp;&nbsp;&nbsp; &#8212;&#8212;&#8212;&#8212;-&nbsp;&nbsp;&nbsp;&nbsp;&nbsp;&nbsp;&nbsp;&nbsp;&nbsp;&nbsp; &#8212;&#8212;&#8212;-&nbsp;&nbsp;&nbsp;&nbsp;&nbsp;&nbsp; panadero&nbsp;&nbsp;&nbsp;&nbsp; octubre 34 a&nbsp; 1\/8\/35<br>-Per\u00edn Ramos, Miguel&nbsp;&nbsp;&nbsp;&nbsp;&nbsp;&nbsp;&nbsp;&nbsp;&nbsp;&nbsp;&nbsp;&nbsp;&nbsp;&nbsp;&nbsp;&nbsp; La Higuera&nbsp;&nbsp;&nbsp;&nbsp;&nbsp;&nbsp;&nbsp;&nbsp;&nbsp;&nbsp;&nbsp;&nbsp;&nbsp;&nbsp;&nbsp;&nbsp;&nbsp; Canalejas 16&nbsp;&nbsp;&nbsp;&nbsp;&nbsp;&nbsp;&nbsp;&nbsp; 49 a\u00f1os&nbsp;&nbsp;&nbsp; panadero&nbsp;&nbsp;&nbsp;&nbsp;&nbsp;&nbsp; 9\/10\/34&nbsp; a&nbsp;&nbsp; 20\/2\/36<br>-Plaza Torrente, Valent\u00edn&nbsp;&nbsp;&nbsp;&nbsp;&nbsp;&nbsp;&nbsp;&nbsp;&nbsp;&nbsp;&nbsp; Quesada&nbsp;&nbsp;&nbsp;&nbsp;&nbsp;&nbsp;&nbsp;&nbsp;&nbsp;&nbsp;&nbsp;&nbsp;&nbsp;&nbsp;&nbsp;&nbsp;&nbsp;&nbsp;&nbsp;&nbsp; Paseo Libertad&nbsp;&nbsp;&nbsp;&nbsp;&nbsp;&nbsp;&nbsp; 59&nbsp; a\u00f1os&nbsp;&nbsp; jornalero&nbsp;&nbsp;&nbsp;&nbsp; 22\/10\/34&nbsp; a&nbsp;&nbsp; 12\/7\/35<br>-Portillo Collado, Jos\u00e9&nbsp;&nbsp;&nbsp;&nbsp;&nbsp;&nbsp;&nbsp;&nbsp;&nbsp;&nbsp;&nbsp;&nbsp;&nbsp;&nbsp;&nbsp;&nbsp;&nbsp;&nbsp;&nbsp; &#8212;&#8212;&#8212;&#8212;&nbsp;&nbsp;&nbsp;&nbsp;&nbsp;&nbsp;&nbsp;&nbsp;&nbsp;&nbsp;&nbsp;&nbsp;&nbsp;&nbsp;&nbsp; &#8212;&#8212;&#8212;&#8212;&#8211;&nbsp;&nbsp;&nbsp;&nbsp;&nbsp;&nbsp;&nbsp;&nbsp;&nbsp;&nbsp;&nbsp; &#8212;&#8212;&#8212;&nbsp;&nbsp;&nbsp; &#8212;&#8212;&#8212;-&nbsp;&nbsp;&nbsp;&nbsp;&nbsp; 15\/10\/34&nbsp; a&nbsp;&nbsp; 20\/2\/36<br>-Portillo Luque, Francisco&nbsp;&nbsp;&nbsp;&nbsp;&nbsp;&nbsp;&nbsp;&nbsp;&nbsp;&nbsp;&nbsp; Marmolejo&nbsp;&nbsp;&nbsp;&nbsp;&nbsp;&nbsp;&nbsp;&nbsp;&nbsp;&nbsp;&nbsp;&nbsp;&nbsp;&nbsp;&nbsp; Nueva 51&nbsp;&nbsp;&nbsp;&nbsp;&nbsp;&nbsp;&nbsp;&nbsp;&nbsp;&nbsp;&nbsp;&nbsp;&nbsp;&nbsp; 21 a\u00f1os&nbsp;&nbsp;&nbsp;&nbsp; jornalero&nbsp;&nbsp;&nbsp;&nbsp; 23\/11\/34&nbsp; a&nbsp;&nbsp; 20\/2\/36<br>-Portillo Robles, Jos\u00e9&nbsp;&nbsp;&nbsp;&nbsp;&nbsp;&nbsp;&nbsp;&nbsp;&nbsp;&nbsp;&nbsp;&nbsp;&nbsp;&nbsp;&nbsp;&nbsp;&nbsp;&nbsp;&nbsp; Marmolejo&nbsp;&nbsp;&nbsp;&nbsp;&nbsp;&nbsp;&nbsp;&nbsp;&nbsp;&nbsp;&nbsp;&nbsp;&nbsp;&nbsp;&nbsp; Molinos 56&nbsp;&nbsp;&nbsp;&nbsp;&nbsp;&nbsp;&nbsp;&nbsp;&nbsp;&nbsp;&nbsp; 28 a\u00f1os&nbsp;&nbsp;&nbsp; jornalero&nbsp;&nbsp;&nbsp;&nbsp; 22\/10\/34&nbsp; a&nbsp;&nbsp; 20\/2\/36<br>-Prieto S\u00e1nchez, Pedro&nbsp;&nbsp;&nbsp;&nbsp;&nbsp;&nbsp;&nbsp;&nbsp;&nbsp;&nbsp;&nbsp;&nbsp;&nbsp;&nbsp;&nbsp;&nbsp; Marmolejo&nbsp;&nbsp;&nbsp;&nbsp;&nbsp;&nbsp;&nbsp;&nbsp;&nbsp;&nbsp;&nbsp;&nbsp;&nbsp;&nbsp;&nbsp;&nbsp; Vistillas 22&nbsp;&nbsp;&nbsp;&nbsp;&nbsp;&nbsp;&nbsp;&nbsp;&nbsp;&nbsp;&nbsp;&nbsp; 46 a\u00f1os&nbsp;&nbsp;&nbsp; jornalero&nbsp;&nbsp;&nbsp;&nbsp; 9\/10\/34&nbsp;&nbsp; a&nbsp;&nbsp;&nbsp; 20\/2\/36<br>-Reca Pastor, Bartolom\u00e9&nbsp;&nbsp;&nbsp;&nbsp;&nbsp;&nbsp;&nbsp;&nbsp;&nbsp;&nbsp;&nbsp;&nbsp;&nbsp; Marmolejo&nbsp;&nbsp;&nbsp;&nbsp;&nbsp;&nbsp;&nbsp;&nbsp;&nbsp;&nbsp;&nbsp;&nbsp;&nbsp;&nbsp;&nbsp; Palacios Vald\u00e9s 36&nbsp;&nbsp; 40 a\u00f1os&nbsp;&nbsp;&nbsp; jornalero&nbsp;&nbsp;&nbsp;&nbsp; 13\/11\/34&nbsp; a&nbsp;&nbsp; 1\/8\/35<br>-Rela\u00f1o Rodr\u00edguez, Manuel&nbsp;&nbsp;&nbsp;&nbsp;&nbsp;&nbsp;&nbsp;&nbsp;&nbsp; Marmolejo&nbsp;&nbsp;&nbsp;&nbsp;&nbsp;&nbsp;&nbsp;&nbsp;&nbsp;&nbsp;&nbsp;&nbsp;&nbsp;&nbsp;&nbsp; Santo&nbsp; 19&nbsp;&nbsp;&nbsp;&nbsp;&nbsp;&nbsp;&nbsp;&nbsp;&nbsp;&nbsp;&nbsp;&nbsp;&nbsp;&nbsp;&nbsp;&nbsp; 47 a\u00f1os&nbsp;&nbsp; jornalero&nbsp;&nbsp;&nbsp;&nbsp;&nbsp; 16\/10\/34&nbsp; a&nbsp; 20\/2\/36<br>-Rivillas Lozano, Francisco&nbsp;&nbsp;&nbsp;&nbsp;&nbsp;&nbsp;&nbsp;&nbsp;&nbsp; Marmolejo&nbsp;&nbsp;&nbsp;&nbsp;&nbsp;&nbsp;&nbsp;&nbsp;&nbsp;&nbsp;&nbsp;&nbsp;&nbsp;&nbsp;&nbsp;&nbsp; Calvario 26&nbsp;&nbsp;&nbsp;&nbsp;&nbsp;&nbsp;&nbsp;&nbsp;&nbsp;&nbsp;&nbsp;&nbsp; 32 a\u00f1os&nbsp;&nbsp; jornalero&nbsp;&nbsp;&nbsp;&nbsp;&nbsp; 22\/10\/34&nbsp; a&nbsp; 26\/4\/35<br>-Rivillas Romero, Antonio&nbsp;&nbsp;&nbsp;&nbsp;&nbsp;&nbsp;&nbsp;&nbsp;&nbsp;&nbsp;&nbsp; Marmolejo&nbsp;&nbsp;&nbsp;&nbsp;&nbsp;&nbsp;&nbsp;&nbsp;&nbsp;&nbsp;&nbsp;&nbsp;&nbsp;&nbsp;&nbsp;&nbsp;&nbsp; 2\u00aa Vistillas 10&nbsp;&nbsp;&nbsp;&nbsp;&nbsp;&nbsp;&nbsp;&nbsp; 38 a\u00f1os&nbsp;&nbsp; jornalero&nbsp;&nbsp;&nbsp;&nbsp;&nbsp; 13\/11\/34&nbsp; a&nbsp;&nbsp; 1\/8\/35<br>-Robles L\u00f3pez, Juan&nbsp;&nbsp;&nbsp;&nbsp;&nbsp;&nbsp;&nbsp;&nbsp;&nbsp;&nbsp;&nbsp;&nbsp;&nbsp;&nbsp;&nbsp;&nbsp;&nbsp;&nbsp;&nbsp;&nbsp; Marmolejo&nbsp;&nbsp;&nbsp;&nbsp;&nbsp;&nbsp;&nbsp;&nbsp;&nbsp;&nbsp;&nbsp;&nbsp;&nbsp;&nbsp; Le\u00f3n y Llerena&nbsp;&nbsp;&nbsp;&nbsp;&nbsp;&nbsp;&nbsp;&nbsp;&nbsp; 41 a\u00f1os&nbsp;&nbsp; jornalero&nbsp;&nbsp;&nbsp;&nbsp;&nbsp; 9\/10\/34&nbsp;&nbsp;&nbsp; a&nbsp; 20\/2\/36<br>-Robles Pe\u00f1a, Mar\u00eda&nbsp;&nbsp;&nbsp;&nbsp;&nbsp;&nbsp;&nbsp;&nbsp;&nbsp;&nbsp;&nbsp;&nbsp;&nbsp;&nbsp;&nbsp;&nbsp;&nbsp;&nbsp;&nbsp;&nbsp; Marmolejo&nbsp;&nbsp;&nbsp;&nbsp;&nbsp;&nbsp;&nbsp;&nbsp;&nbsp;&nbsp;&nbsp;&nbsp;&nbsp;&nbsp;&nbsp;&nbsp; 2\u00aa Vistillas 20&nbsp;&nbsp;&nbsp;&nbsp;&nbsp;&nbsp;&nbsp;&nbsp;&nbsp; 42 a\u00f1os&nbsp;&nbsp; jornalera&nbsp;&nbsp;&nbsp;&nbsp;&nbsp; 19\/11\/34&nbsp; a&nbsp; 18\/4\/35<br>-Rodr\u00edguez Buenafuente, Fco.&nbsp;&nbsp;&nbsp;&nbsp;&nbsp; Marmolejo&nbsp;&nbsp;&nbsp;&nbsp;&nbsp;&nbsp;&nbsp;&nbsp;&nbsp;&nbsp;&nbsp;&nbsp;&nbsp;&nbsp;&nbsp;&nbsp; Norte&nbsp; 10&nbsp;&nbsp;&nbsp;&nbsp;&nbsp;&nbsp;&nbsp;&nbsp;&nbsp;&nbsp;&nbsp;&nbsp;&nbsp;&nbsp;&nbsp;&nbsp; 25 a\u00f1os&nbsp; jornalero&nbsp;&nbsp;&nbsp;&nbsp;&nbsp;&nbsp; 2\/11\/34&nbsp;&nbsp; a&nbsp;&nbsp;&nbsp; 2\/5\/35<br>-Rodr\u00edguez Casado, Alfonso&nbsp;&nbsp;&nbsp;&nbsp;&nbsp;&nbsp;&nbsp;&nbsp;&nbsp; Marmolejo&nbsp;&nbsp;&nbsp;&nbsp;&nbsp;&nbsp;&nbsp;&nbsp;&nbsp;&nbsp;&nbsp;&nbsp;&nbsp;&nbsp;&nbsp;&nbsp; Norte&nbsp; 10&nbsp;&nbsp;&nbsp;&nbsp;&nbsp;&nbsp;&nbsp;&nbsp;&nbsp;&nbsp;&nbsp;&nbsp;&nbsp;&nbsp;&nbsp;&nbsp; 54 a\u00f1os&nbsp; jornalero&nbsp;&nbsp;&nbsp;&nbsp;&nbsp; 22\/10\/34&nbsp; a 2\/5\/35<br>-Rodr\u00edguez Casado, Rafael&nbsp;&nbsp;&nbsp;&nbsp;&nbsp;&nbsp;&nbsp;&nbsp;&nbsp;&nbsp;&nbsp;&nbsp; Marmolejo&nbsp;&nbsp;&nbsp;&nbsp;&nbsp;&nbsp;&nbsp;&nbsp;&nbsp;&nbsp;&nbsp;&nbsp;&nbsp;&nbsp;&nbsp;&nbsp; Norte&nbsp; 10&nbsp;&nbsp;&nbsp;&nbsp;&nbsp;&nbsp;&nbsp;&nbsp;&nbsp;&nbsp;&nbsp;&nbsp;&nbsp;&nbsp;&nbsp; &#8212;&#8212;&#8212;&nbsp;&nbsp; jornalero&nbsp;&nbsp;&nbsp;&nbsp;&nbsp; 22\/10\/34&nbsp; a&nbsp; 1\/8\/35<br>-Rodr\u00edguez Garc\u00eda, Ignacio&nbsp;&nbsp;&nbsp;&nbsp;&nbsp;&nbsp;&nbsp;&nbsp;&nbsp;&nbsp; Marmolejo&nbsp;&nbsp;&nbsp;&nbsp;&nbsp;&nbsp;&nbsp;&nbsp;&nbsp;&nbsp;&nbsp;&nbsp;&nbsp; Juan Montilla&nbsp;&nbsp;&nbsp;&nbsp;&nbsp;&nbsp;&nbsp;&nbsp;&nbsp;&nbsp;&nbsp; 31 a\u00f1os&nbsp;&nbsp;&nbsp; jornalero&nbsp;&nbsp;&nbsp;&nbsp;&nbsp; 16\/10\/34&nbsp; a 22\/2\/36<br>-Rodr\u00edguez Milla, Francisco&nbsp;&nbsp;&nbsp;&nbsp;&nbsp;&nbsp;&nbsp; Marmolejo&nbsp;&nbsp;&nbsp;&nbsp;&nbsp;&nbsp;&nbsp;&nbsp;&nbsp;&nbsp;&nbsp;&nbsp;&nbsp;&nbsp; San Juli\u00e1n 30&nbsp;&nbsp;&nbsp;&nbsp;&nbsp;&nbsp;&nbsp;&nbsp;&nbsp;&nbsp; 23 a\u00f1os&nbsp;&nbsp;&nbsp;&nbsp; jornalero&nbsp;&nbsp;&nbsp;&nbsp;&nbsp; 22\/10\/34&nbsp; a&nbsp; 20\/2\/36<br>-Rodr\u00edguez Pe\u00f1a, Andr\u00e9s&nbsp;&nbsp;&nbsp;&nbsp;&nbsp;&nbsp;&nbsp;&nbsp;&nbsp;&nbsp; Marmolejo&nbsp;&nbsp;&nbsp;&nbsp;&nbsp;&nbsp;&nbsp;&nbsp;&nbsp;&nbsp;&nbsp;&nbsp;&nbsp;&nbsp; 1\u00ba de Mayo 3&nbsp;&nbsp;&nbsp;&nbsp;&nbsp;&nbsp;&nbsp;&nbsp;&nbsp;&nbsp;&nbsp; 22 a\u00f1os&nbsp;&nbsp;&nbsp;&nbsp; abogado&nbsp;&nbsp;&nbsp;&nbsp;&nbsp;&nbsp;&nbsp; 13\/11\/34&nbsp; a&nbsp; 16\/2\/35<br>-Rodr\u00edguez Pe\u00f1a, Bartolom\u00e9&nbsp;&nbsp;&nbsp;&nbsp;&nbsp;&nbsp;&nbsp; Marmolejo&nbsp;&nbsp;&nbsp;&nbsp;&nbsp;&nbsp;&nbsp;&nbsp;&nbsp;&nbsp;&nbsp;&nbsp;&nbsp;&nbsp; Iglesia 28&nbsp;&nbsp;&nbsp;&nbsp;&nbsp;&nbsp;&nbsp;&nbsp;&nbsp;&nbsp;&nbsp;&nbsp;&nbsp;&nbsp;&nbsp;&nbsp; 26&nbsp; a\u00f1os&nbsp;&nbsp;&nbsp; panadero&nbsp;&nbsp;&nbsp;&nbsp;&nbsp; 10\/12\/34&nbsp; a 22\/2\/36<br>-Rodr\u00edguez Pe\u00f1a, Francisco&nbsp;&nbsp;&nbsp;&nbsp;&nbsp;&nbsp;&nbsp;&nbsp; Marmolejo&nbsp;&nbsp;&nbsp;&nbsp;&nbsp;&nbsp;&nbsp;&nbsp;&nbsp;&nbsp;&nbsp;&nbsp;&nbsp; 1\u00ba de Mayo 3&nbsp;&nbsp;&nbsp;&nbsp;&nbsp;&nbsp;&nbsp;&nbsp;&nbsp;&nbsp;&nbsp;&nbsp; 24&nbsp; a\u00f1os&nbsp;&nbsp;&nbsp; panadero&nbsp;&nbsp;&nbsp;&nbsp; 9\/10\/34&nbsp;&nbsp; a&nbsp; 18\/4\/35<br>-Rodr\u00edguez Robles, Agust\u00edn&nbsp;&nbsp;&nbsp;&nbsp;&nbsp;&nbsp;&nbsp;&nbsp; Marmolejo&nbsp;&nbsp;&nbsp;&nbsp;&nbsp;&nbsp;&nbsp;&nbsp;&nbsp;&nbsp;&nbsp;&nbsp;&nbsp;&nbsp; Norte&nbsp;&nbsp;&nbsp;&nbsp;&nbsp;&nbsp;&nbsp;&nbsp;&nbsp;&nbsp;&nbsp;&nbsp;&nbsp;&nbsp;&nbsp;&nbsp;&nbsp;&nbsp;&nbsp;&nbsp;&nbsp;&nbsp;&nbsp; 19&nbsp; a\u00f1os&nbsp;&nbsp;&nbsp; jornalero&nbsp;&nbsp;&nbsp;&nbsp; 22\/10\/34 a&nbsp;&nbsp; 1\/8\/35<br>-Romero Aguayo, Antonio&nbsp;&nbsp;&nbsp;&nbsp;&nbsp;&nbsp;&nbsp;&nbsp;&nbsp; Marmolejo&nbsp;&nbsp;&nbsp;&nbsp;&nbsp;&nbsp;&nbsp;&nbsp;&nbsp;&nbsp;&nbsp;&nbsp;&nbsp;&nbsp; San Sebasti\u00e1n&nbsp;&nbsp;&nbsp;&nbsp;&nbsp;&nbsp;&nbsp;&nbsp;&nbsp;&nbsp;&nbsp;&nbsp; 49 a\u00f1os&nbsp;&nbsp;&nbsp; jornalero&nbsp;&nbsp;&nbsp;&nbsp; 22\/10\/34&nbsp; a&nbsp; 1\/8\/35<br>-Romero Flores, Jos\u00e9&nbsp;&nbsp;&nbsp;&nbsp;&nbsp;&nbsp;&nbsp;&nbsp;&nbsp;&nbsp;&nbsp;&nbsp;&nbsp;&nbsp;&nbsp;&nbsp;&nbsp; Marmolejo&nbsp;&nbsp;&nbsp;&nbsp;&nbsp;&nbsp;&nbsp;&nbsp;&nbsp;&nbsp;&nbsp;&nbsp;&nbsp;&nbsp;&nbsp; Cruces 66&nbsp;&nbsp;&nbsp;&nbsp;&nbsp;&nbsp;&nbsp;&nbsp;&nbsp;&nbsp;&nbsp;&nbsp;&nbsp;&nbsp;&nbsp;&nbsp; 25 a\u00f1os&nbsp;&nbsp;&nbsp;&nbsp; jornalero&nbsp;&nbsp;&nbsp;&nbsp; 13\/11\/34&nbsp; a 20\/2\/36<br>-Romero Flores, Manuel&nbsp;&nbsp;&nbsp;&nbsp;&nbsp;&nbsp;&nbsp;&nbsp;&nbsp;&nbsp;&nbsp;&nbsp; Marmolejo&nbsp;&nbsp;&nbsp;&nbsp;&nbsp;&nbsp;&nbsp;&nbsp;&nbsp;&nbsp;&nbsp;&nbsp;&nbsp;&nbsp;&nbsp; Calvario&nbsp;&nbsp;&nbsp;&nbsp;&nbsp;&nbsp;&nbsp;&nbsp;&nbsp;&nbsp;&nbsp;&nbsp;&nbsp;&nbsp;&nbsp;&nbsp;&nbsp;&nbsp; 18 a\u00f1os&nbsp;&nbsp;&nbsp;&nbsp; jornalero&nbsp;&nbsp;&nbsp;&nbsp; 22\/10\/34&nbsp; a 20\/2\/36<br>-Romero Mu\u00f1oz,&nbsp; Jos\u00e9&nbsp;&nbsp;&nbsp;&nbsp;&nbsp;&nbsp;&nbsp;&nbsp;&nbsp;&nbsp;&nbsp;&nbsp;&nbsp;&nbsp; Marmolejo&nbsp;&nbsp;&nbsp;&nbsp;&nbsp;&nbsp;&nbsp;&nbsp;&nbsp;&nbsp;&nbsp;&nbsp;&nbsp; Vistillas, 2&nbsp;&nbsp;&nbsp;&nbsp;&nbsp;&nbsp;&nbsp;&nbsp;&nbsp;&nbsp;&nbsp;&nbsp;&nbsp;&nbsp;&nbsp;&nbsp;&nbsp;&nbsp; 37 a\u00f1os&nbsp;&nbsp;&nbsp;&nbsp; jornalero&nbsp;&nbsp;&nbsp;&nbsp; 22\/10\/34&nbsp; a 20\/2\/36<br>-Ruiz Luque, Antonio&nbsp;&nbsp;&nbsp;&nbsp;&nbsp;&nbsp;&nbsp;&nbsp;&nbsp;&nbsp;&nbsp;&nbsp;&nbsp;&nbsp;&nbsp;&nbsp; Marmolejo&nbsp;&nbsp;&nbsp;&nbsp;&nbsp;&nbsp;&nbsp;&nbsp;&nbsp;&nbsp;&nbsp;&nbsp;&nbsp;&nbsp; Santo 21&nbsp;&nbsp;&nbsp;&nbsp;&nbsp;&nbsp;&nbsp;&nbsp;&nbsp;&nbsp;&nbsp;&nbsp;&nbsp;&nbsp;&nbsp;&nbsp;&nbsp;&nbsp;&nbsp; 18 a\u00f1os&nbsp;&nbsp;&nbsp;&nbsp;&nbsp; jornalero&nbsp;&nbsp;&nbsp; 29\/10\/34&nbsp; a 20\/2\/36<br>-Ruiz Robles, Juan&nbsp;&nbsp;&nbsp;&nbsp;&nbsp;&nbsp;&nbsp;&nbsp;&nbsp;&nbsp;&nbsp;&nbsp;&nbsp;&nbsp;&nbsp;&nbsp;&nbsp;&nbsp;&nbsp;&nbsp;&nbsp;&nbsp; Marmolejo&nbsp;&nbsp;&nbsp;&nbsp;&nbsp;&nbsp;&nbsp;&nbsp;&nbsp;&nbsp;&nbsp;&nbsp;&nbsp;&nbsp;&nbsp; Santo&nbsp;&nbsp;&nbsp;&nbsp;&nbsp;&nbsp;&nbsp;&nbsp;&nbsp;&nbsp;&nbsp;&nbsp;&nbsp;&nbsp;&nbsp;&nbsp;&nbsp;&nbsp;&nbsp;&nbsp;&nbsp;&nbsp;&nbsp;&nbsp; 46 a\u00f1os&nbsp;&nbsp;&nbsp;&nbsp; jornalero&nbsp;&nbsp;&nbsp;&nbsp; 22\/10\/34 a&nbsp; 1\/8\/36<br>-Ruiz Rodr\u00edguez, Mateo&nbsp;&nbsp;&nbsp;&nbsp;&nbsp;&nbsp;&nbsp;&nbsp;&nbsp;&nbsp;&nbsp;&nbsp;&nbsp;&nbsp; Marmolejo&nbsp;&nbsp;&nbsp;&nbsp;&nbsp;&nbsp;&nbsp;&nbsp;&nbsp;&nbsp;&nbsp;&nbsp;&nbsp; Huertas 10&nbsp;&nbsp;&nbsp;&nbsp;&nbsp;&nbsp;&nbsp;&nbsp;&nbsp;&nbsp;&nbsp;&nbsp;&nbsp;&nbsp;&nbsp;&nbsp;&nbsp;&nbsp; 50 a\u00f1os&nbsp;&nbsp;&nbsp;&nbsp; jornalero&nbsp;&nbsp;&nbsp;&nbsp; 13\/11\/34 a&nbsp; 1\/8\/36<br>-Ruiz Rodr\u00edguez, Pedro \u00abEl de la Milla\u00bb&nbsp; Marmolejo&nbsp;&nbsp;&nbsp;&nbsp;&nbsp; Castillo 2&nbsp;&nbsp;&nbsp;&nbsp;&nbsp;&nbsp;&nbsp;&nbsp;&nbsp;&nbsp;&nbsp;&nbsp;&nbsp;&nbsp;&nbsp; 62 a\u00f1os&nbsp;&nbsp;&nbsp;&nbsp; jornalero&nbsp;&nbsp;&nbsp;&nbsp; 29\/10\/34&nbsp; a&nbsp; 2\/5\/35<br>-S\u00e1nchez Anguita, Joaqu\u00edn&nbsp;&nbsp;&nbsp;&nbsp;&nbsp;&nbsp;&nbsp;&nbsp;&nbsp; Marmolejo&nbsp;&nbsp;&nbsp;&nbsp;&nbsp;&nbsp;&nbsp;&nbsp; Huertas,. 25&nbsp;&nbsp;&nbsp;&nbsp;&nbsp;&nbsp;&nbsp;&nbsp;&nbsp;&nbsp;&nbsp;&nbsp;&nbsp;&nbsp;&nbsp;&nbsp;&nbsp;&nbsp;&nbsp;&nbsp;&nbsp; 20 a\u00f1os&nbsp;&nbsp;&nbsp;&nbsp; Jornalero&nbsp;&nbsp;&nbsp;&nbsp; 29\/10\/34 a 20\/2\/36<br>-S\u00e1nchez Barrag\u00e1n, Bartolom\u00e9&nbsp;&nbsp;&nbsp; Marmolejo&nbsp;&nbsp;&nbsp;&nbsp;&nbsp;&nbsp;&nbsp;&nbsp; Norte, 21&nbsp;&nbsp;&nbsp;&nbsp;&nbsp;&nbsp;&nbsp;&nbsp;&nbsp;&nbsp;&nbsp;&nbsp;&nbsp;&nbsp;&nbsp;&nbsp;&nbsp;&nbsp;&nbsp;&nbsp;&nbsp;&nbsp;&nbsp;&nbsp;&nbsp; &#8212;&#8212;&#8212;-&nbsp;&nbsp;&nbsp; Jornalero&nbsp;&nbsp;&nbsp;&nbsp; 29\/10\/34 a&nbsp;&nbsp; 1\/8\/35&nbsp;&nbsp;&nbsp;&nbsp;&nbsp;&nbsp;<br>-S\u00e1nchez Soriano, Pedro&nbsp;&nbsp;&nbsp;&nbsp;&nbsp;&nbsp;&nbsp;&nbsp;&nbsp;&nbsp;&nbsp;&nbsp;&nbsp; Marmolejo&nbsp;&nbsp;&nbsp;&nbsp;&nbsp;&nbsp;&nbsp;&nbsp;&nbsp; &#8212;&#8212;&#8212;&#8212;&nbsp;&nbsp;&nbsp;&nbsp;&nbsp;&nbsp;&nbsp;&nbsp;&nbsp;&nbsp;&nbsp;&nbsp;&nbsp;&nbsp;&nbsp;&nbsp;&nbsp;&nbsp;&nbsp;&nbsp;&nbsp;&nbsp;&nbsp;&nbsp; 19 a\u00f1os&nbsp;&nbsp;&nbsp; Jornalero&nbsp;&nbsp;&nbsp;&nbsp; 29\/10\/34 a&nbsp;&nbsp; 1\/8\/35<br>-S\u00e1nchez Tapia, Antonio&nbsp;&nbsp;&nbsp;&nbsp;&nbsp;&nbsp;&nbsp;&nbsp;&nbsp;&nbsp;&nbsp; Marmolejo&nbsp;&nbsp;&nbsp;&nbsp;&nbsp;&nbsp;&nbsp;&nbsp; Jes\u00fas, 38&nbsp;&nbsp;&nbsp;&nbsp;&nbsp;&nbsp;&nbsp;&nbsp;&nbsp;&nbsp;&nbsp;&nbsp;&nbsp;&nbsp;&nbsp;&nbsp;&nbsp;&nbsp;&nbsp;&nbsp;&nbsp;&nbsp;&nbsp;&nbsp;&nbsp;&nbsp;&nbsp;&nbsp; 48 a\u00f1os&nbsp;&nbsp;&nbsp;&nbsp; jornalero&nbsp;&nbsp;&nbsp;&nbsp;&nbsp; 9\/10\/34&nbsp; a&nbsp; 1\/8\/35<br>-Segovia Gil, Francisco&nbsp;&nbsp;&nbsp;&nbsp;&nbsp;&nbsp;&nbsp;&nbsp;&nbsp;&nbsp;&nbsp;&nbsp; Marmolejo&nbsp;&nbsp;&nbsp;&nbsp;&nbsp;&nbsp;&nbsp;&nbsp; Norte, 32&nbsp;&nbsp;&nbsp;&nbsp;&nbsp;&nbsp;&nbsp;&nbsp;&nbsp;&nbsp;&nbsp;&nbsp;&nbsp;&nbsp;&nbsp;&nbsp;&nbsp;&nbsp;&nbsp;&nbsp;&nbsp;&nbsp;&nbsp;&nbsp;&nbsp;&nbsp;&nbsp; 27 a\u00f1os&nbsp;&nbsp;&nbsp;&nbsp; jornalero&nbsp;&nbsp;&nbsp; 29\/10\/34 a&nbsp; 20\/2\/36&nbsp;&nbsp;<br>-Sevilla Rodr\u00edguez, Emilio&nbsp;&nbsp;&nbsp;&nbsp;&nbsp;&nbsp;&nbsp; Marmolejo&nbsp;&nbsp;&nbsp;&nbsp;&nbsp;&nbsp;&nbsp;&nbsp;&nbsp;&nbsp; Norte, 11&nbsp;&nbsp;&nbsp;&nbsp;&nbsp;&nbsp;&nbsp;&nbsp;&nbsp;&nbsp;&nbsp;&nbsp;&nbsp;&nbsp;&nbsp;&nbsp;&nbsp;&nbsp;&nbsp;&nbsp;&nbsp;&nbsp;&nbsp;&nbsp;&nbsp;&nbsp;&nbsp; 30 a\u00f1os&nbsp;&nbsp; jornalero&nbsp;&nbsp;&nbsp;&nbsp; 22\/10\/34 a&nbsp; 20\/2\/36<br>-Soriano Lozano, Bartolom\u00e9&nbsp;&nbsp;&nbsp;&nbsp;&nbsp; Marmolejo&nbsp;&nbsp;&nbsp;&nbsp;&nbsp;&nbsp;&nbsp;&nbsp;&nbsp;&nbsp; &#8212;&#8212;&#8212;&#8212;&nbsp;&nbsp;&nbsp;&nbsp;&nbsp;&nbsp;&nbsp;&nbsp;&nbsp;&nbsp;&nbsp;&nbsp;&nbsp;&nbsp;&nbsp;&nbsp;&nbsp;&nbsp;&nbsp;&nbsp;&nbsp;&nbsp;&nbsp;&nbsp;&nbsp; &#8212;&#8212;&#8212;&nbsp;&nbsp;&nbsp; &#8212;&#8212;&#8212;&nbsp;&nbsp;&nbsp;&nbsp;&nbsp; 22\/10\/34&nbsp; a&nbsp;&nbsp; 1\/8\/35<br>-Soriano Moyano, Juan&nbsp;&nbsp;&nbsp;&nbsp;&nbsp;&nbsp;&nbsp;&nbsp;&nbsp; Marmolejo&nbsp;&nbsp;&nbsp;&nbsp;&nbsp;&nbsp;&nbsp;&nbsp;&nbsp; Norte&nbsp; 43&nbsp;&nbsp;&nbsp;&nbsp;&nbsp;&nbsp;&nbsp;&nbsp;&nbsp;&nbsp;&nbsp;&nbsp;&nbsp;&nbsp;&nbsp;&nbsp;&nbsp;&nbsp;&nbsp;&nbsp;&nbsp;&nbsp;&nbsp;&nbsp;&nbsp;&nbsp;&nbsp; 29&nbsp; a\u00f1os&nbsp; blanqueador&nbsp;&nbsp;&nbsp; 22\/10\/34 a&nbsp; 20\/2\/36<br>-Tabares Tabares, Antonio J.&nbsp;&nbsp; Moso-Portugal&nbsp;&nbsp;&nbsp; Calvario s\/n&nbsp;&nbsp;&nbsp;&nbsp;&nbsp;&nbsp;&nbsp;&nbsp;&nbsp;&nbsp;&nbsp;&nbsp;&nbsp;&nbsp;&nbsp;&nbsp;&nbsp;&nbsp;&nbsp;&nbsp;&nbsp;&nbsp;&nbsp; 24&nbsp; a\u00f1os&nbsp;&nbsp; jornalero&nbsp;&nbsp;&nbsp;&nbsp; 16\/10\/34&nbsp; a&nbsp; 20\/2\/36<br>-Torralbo Garc\u00eda, Pedro&nbsp;&nbsp;&nbsp;&nbsp;&nbsp;&nbsp;&nbsp;&nbsp;&nbsp;&nbsp;&nbsp; Marmolejo&nbsp;&nbsp;&nbsp;&nbsp;&nbsp;&nbsp;&nbsp;&nbsp;&nbsp; &#8212;&#8212;&#8212;&#8212;&#8211;&nbsp;&nbsp;&nbsp;&nbsp;&nbsp;&nbsp;&nbsp;&nbsp;&nbsp;&nbsp;&nbsp;&nbsp;&nbsp;&nbsp;&nbsp;&nbsp;&nbsp;&nbsp;&nbsp;&nbsp;&nbsp;&nbsp; 18 a\u00f1os&nbsp;&nbsp;&nbsp;&nbsp; jornalero&nbsp;&nbsp;&nbsp;&nbsp;&nbsp; 29\/10\/34 a&nbsp;&nbsp; 1\/8\/35<br>-Torralbo Medina, Jos\u00e9 \u00abConejo\u00bb&nbsp; Marmolejo&nbsp;&nbsp;&nbsp;&nbsp;&nbsp;&nbsp;&nbsp; Pablo Iglesias, 14&nbsp;&nbsp;&nbsp;&nbsp;&nbsp;&nbsp;&nbsp;&nbsp; 36 a\u00f1os&nbsp;&nbsp;&nbsp;&nbsp;&nbsp; vendedor&nbsp;&nbsp;&nbsp; 29\/19\/34&nbsp; a&nbsp; 20\/2\/36<br>-Torralbo Milla, Manuel&nbsp;&nbsp;&nbsp;&nbsp;&nbsp;&nbsp;&nbsp;&nbsp; Marmolejo&nbsp;&nbsp;&nbsp;&nbsp;&nbsp;&nbsp;&nbsp;&nbsp;&nbsp;&nbsp; Navazo 40&nbsp;&nbsp;&nbsp;&nbsp;&nbsp;&nbsp;&nbsp;&nbsp;&nbsp;&nbsp;&nbsp;&nbsp;&nbsp;&nbsp;&nbsp;&nbsp;&nbsp;&nbsp;&nbsp;&nbsp;&nbsp;&nbsp;&nbsp;&nbsp; 29 a\u00f1os&nbsp;&nbsp;&nbsp;&nbsp; jornalero&nbsp;&nbsp;&nbsp; 22\/10\/34&nbsp; a&nbsp; 20\/2\/36<br>-Torralbo Roncero, Jos\u00e9 Lu\u00eds&nbsp;&nbsp;&nbsp; Marmolejo&nbsp;&nbsp;&nbsp;&nbsp;&nbsp;&nbsp;&nbsp;&nbsp;&nbsp; 1\u00ba de Mayo, 42&nbsp;&nbsp;&nbsp;&nbsp;&nbsp;&nbsp;&nbsp;&nbsp;&nbsp;&nbsp;&nbsp;&nbsp;&nbsp;&nbsp;&nbsp;&nbsp; 22 a\u00f1os&nbsp;&nbsp;&nbsp;&nbsp; jornalero&nbsp;&nbsp; 22\/10\/34&nbsp; a&nbsp; 20\/2\/36<br>-Torres Ortiz, Francisco&nbsp;&nbsp;&nbsp;&nbsp;&nbsp;&nbsp;&nbsp;&nbsp;&nbsp;&nbsp;&nbsp;&nbsp; Ja\u00e9n&nbsp;&nbsp;&nbsp;&nbsp;&nbsp;&nbsp;&nbsp;&nbsp;&nbsp;&nbsp;&nbsp;&nbsp;&nbsp;&nbsp;&nbsp; Zapateros 60&nbsp;&nbsp;&nbsp;&nbsp;&nbsp;&nbsp;&nbsp;&nbsp;&nbsp;&nbsp;&nbsp;&nbsp;&nbsp;&nbsp;&nbsp;&nbsp;&nbsp;&nbsp;&nbsp;&nbsp;&nbsp;&nbsp;&nbsp;&nbsp;&nbsp; 19 a\u00f1os&nbsp;&nbsp;&nbsp; jornalero&nbsp;&nbsp;&nbsp; 29\/10\/34&nbsp; a&nbsp;&nbsp; 1\/8\/35&nbsp;&nbsp;&nbsp;&nbsp;<br>-Vallejo Casas, Francisco&nbsp;&nbsp;&nbsp;&nbsp;&nbsp;&nbsp;&nbsp;&nbsp;&nbsp; Marmolejo&nbsp;&nbsp;&nbsp;&nbsp;&nbsp;&nbsp;&nbsp;&nbsp; &#8212;&#8212;&#8212;&#8212;-&nbsp;&nbsp;&nbsp;&nbsp;&nbsp;&nbsp;&nbsp;&nbsp;&nbsp;&nbsp;&nbsp;&nbsp;&nbsp;&nbsp;&nbsp;&nbsp;&nbsp;&nbsp;&nbsp;&nbsp;&nbsp;&nbsp;&nbsp;&nbsp;&nbsp; &#8212;&#8212;&#8212;-&nbsp;&nbsp;&nbsp;&nbsp; jornalero&nbsp;&nbsp; octubre 34 a&nbsp; 1\/8\/35<br>-Velasco Gallardo, Juan&nbsp;&nbsp;&nbsp;&nbsp;&nbsp;&nbsp;&nbsp;&nbsp;&nbsp; Marmolejo&nbsp;&nbsp;&nbsp;&nbsp;&nbsp;&nbsp;&nbsp;&nbsp; Huertas, 4&nbsp;&nbsp;&nbsp;&nbsp;&nbsp;&nbsp;&nbsp;&nbsp;&nbsp;&nbsp;&nbsp;&nbsp;&nbsp;&nbsp;&nbsp;&nbsp;&nbsp;&nbsp;&nbsp;&nbsp;&nbsp;&nbsp;&nbsp;&nbsp;&nbsp;&nbsp;&nbsp;&nbsp; &#8212;&#8212;&#8212;-&nbsp;&nbsp;&nbsp;&nbsp; jornalero 16\/10\/34&nbsp; a&nbsp;&nbsp; 20\/2\/36<br>-Velasco Rivillas, Andr\u00e9s (concejal y alcalde durante el periodo 1931-34. Preso en la prisi\u00f3n municipal y fallecido a consecuencia de torturas).<br>-Vicaria Barea, Antonio&nbsp;&nbsp;&nbsp;&nbsp;&nbsp;&nbsp;&nbsp;&nbsp;&nbsp;&nbsp; &#8212;&#8212;&#8212;&#8212;-&nbsp;&nbsp;&nbsp;&nbsp;&nbsp;&nbsp; &#8212;&#8212;&#8212;&#8212;-&nbsp;&nbsp;&nbsp;&nbsp;&nbsp;&nbsp;&nbsp;&nbsp;&nbsp;&nbsp;&nbsp;&nbsp;&nbsp;&nbsp;&nbsp;&nbsp;&nbsp;&nbsp;&nbsp;&nbsp;&nbsp;&nbsp;&nbsp;&nbsp;&nbsp;&nbsp;&nbsp; &#8212;&#8212;&#8212;&nbsp;&nbsp;&nbsp;&nbsp;&nbsp;&nbsp; &#8212;&#8212;&#8212;&nbsp;&nbsp;&nbsp; 4\/4\/35&nbsp;&nbsp;&nbsp;&nbsp; a&nbsp;&nbsp;&nbsp;&nbsp; 1\/8\/35<br>-Vicaria Correas, Alfonso&nbsp;&nbsp;&nbsp;&nbsp;&nbsp;&nbsp;&nbsp; Marmolejo&nbsp;&nbsp;&nbsp;&nbsp;&nbsp;&nbsp;&nbsp; Matadero, 17&nbsp;&nbsp;&nbsp;&nbsp;&nbsp;&nbsp;&nbsp;&nbsp;&nbsp;&nbsp;&nbsp;&nbsp;&nbsp;&nbsp;&nbsp;&nbsp;&nbsp;&nbsp;&nbsp;&nbsp;&nbsp;&nbsp;&nbsp; 23 a\u00f1os&nbsp;&nbsp;&nbsp;&nbsp;&nbsp;&nbsp; jornalero&nbsp; 25\/10\/34&nbsp; a&nbsp; 20\/2\/36&nbsp;&nbsp;&nbsp;&nbsp;&nbsp;&nbsp;&nbsp;&nbsp;&nbsp;&nbsp;&nbsp;<br>-Vicaria Correas, Vicente \u00abAlcuzo\u00bb Marmolejo&nbsp;&nbsp;&nbsp;&nbsp;&nbsp;&nbsp;&nbsp; Molinos, 19&nbsp;&nbsp;&nbsp;&nbsp;&nbsp;&nbsp;&nbsp;&nbsp;&nbsp;&nbsp;&nbsp;&nbsp;&nbsp;&nbsp;&nbsp;&nbsp; 20 a\u00f1os&nbsp;&nbsp;&nbsp;&nbsp;&nbsp;&nbsp; jornalero&nbsp; 25\/10\/34&nbsp; a&nbsp; 20\/2\/36<br>-Vicaria Lara, Juan \u00abMaroto\u00bb&nbsp;&nbsp;&nbsp;&nbsp;&nbsp;&nbsp; Marmolejo&nbsp;&nbsp;&nbsp;&nbsp;&nbsp;&nbsp;&nbsp;&nbsp; Gamonar&nbsp; 8&nbsp;&nbsp;&nbsp;&nbsp;&nbsp;&nbsp;&nbsp;&nbsp;&nbsp;&nbsp;&nbsp;&nbsp;&nbsp;&nbsp;&nbsp;&nbsp;&nbsp;&nbsp;&nbsp; 47 a\u00f1os&nbsp;&nbsp;&nbsp;&nbsp; alba\u00f1il&nbsp;&nbsp;&nbsp;&nbsp;&nbsp;&nbsp;&nbsp; 29\/10\/34&nbsp; a&nbsp; 23\/5\/35<br>-Vicaria Lozano, Pedro&nbsp;&nbsp;&nbsp;&nbsp;&nbsp;&nbsp;&nbsp;&nbsp;&nbsp;&nbsp;&nbsp; Marmolejo&nbsp;&nbsp;&nbsp;&nbsp;&nbsp;&nbsp;&nbsp;&nbsp; &#8212;&#8212;&#8212;&#8212;&nbsp;&nbsp;&nbsp;&nbsp;&nbsp;&nbsp;&nbsp;&nbsp;&nbsp;&nbsp;&nbsp;&nbsp;&nbsp;&nbsp;&nbsp;&nbsp;&nbsp;&nbsp;&nbsp;&nbsp;&nbsp;&nbsp;&nbsp;&nbsp;&nbsp;&nbsp;&nbsp; &#8212;&#8212;&#8212;&nbsp;&nbsp;&nbsp;&nbsp; &#8212;&#8212;&#8212;&nbsp;&nbsp;&nbsp; (se le requisa el arma)<br>-Vicaria Reca, Antonio&nbsp;&nbsp;&nbsp;&nbsp;&nbsp;&nbsp;&nbsp;&nbsp;&nbsp;&nbsp; Marmolejo&nbsp;&nbsp;&nbsp;&nbsp;&nbsp;&nbsp;&nbsp;&nbsp; Vistillas 9&nbsp;&nbsp;&nbsp;&nbsp;&nbsp;&nbsp;&nbsp;&nbsp;&nbsp;&nbsp;&nbsp;&nbsp;&nbsp;&nbsp;&nbsp;&nbsp;&nbsp;&nbsp;&nbsp;&nbsp;&nbsp;&nbsp;&nbsp;&nbsp;&nbsp;&nbsp;&nbsp;&nbsp; 43 a\u00f1os&nbsp;&nbsp;&nbsp;&nbsp; jornalero&nbsp;&nbsp;&nbsp;&nbsp;&nbsp;&nbsp; 4\/4\/35&nbsp;&nbsp;&nbsp; a 16\/7\/35<\/p>\n\n\n\n<p>\ufeff<\/p>\n\n\n\n<p><strong>&nbsp;Ap\u00e9ndice 2:<\/strong><\/p>\n\n\n\n<p>Otros trabajadores participantes en la Huelga General del 6 de octubre que fueron detenidos, seg\u00fan documentos del Archivo Municipal de Marmolejo, pero de los que no consta expediente de Prisi\u00f3n Provincial:<\/p>\n\n\n\n<p>-Barrag\u00e1n Gonz\u00e1lez, Juan (se le multa por tenencia de armas)<br>-Centeno Carmona, Juan<br>-Fern\u00e1ndez Requena, Juan Sim\u00f3n (se le multa por tenencia de armas)<br>-Gallardo Flores, Juan (se le multa por tenencia de armas)<br>-Gallardo Velasco, Juan \u00abSalvaora\u00bb<br>-Gonz\u00e1lez Pe\u00f1a, Juan (se le multa por tenencia de armas)<br>-Medina Bueno, Antonio (se le multa por tenencia de armas)<br>-Medina Lozano, Jacinto (se le multa por tenencia de armas)<br>-Moreno, Mat\u00edas&nbsp; (se le multa por tenencia de armas)<br>-Pe\u00f1a Carrilero, Francisco<br>-Per\u00edn Mart\u00ednez, Francisca (solo ten\u00eda 14 a\u00f1os, hija de Antonio Per\u00edn Ramos)<br>-Rivillas Casado, Francisco (se le multa por tenencia de armas)<br>-Ruiz Gallardo, Jos\u00e9 (se le multa por tenencia de armas)<br>-Soriano Carmona, Juan (se le multas por tenencia de armas)<br>-Vicaria Fern\u00e1ndez, Manuel (se le multa por tenencia de armas)<br>-Vicaria Ruiz, Juan&nbsp; (se le multa por tenencia de armas)<\/p>\n\n\n\n<p>\ufeff<\/p>\n\n\n\n<p>\u200b<\/p>\n\n\n\n<p><strong>Notas y Bibliograf\u00eda:<\/strong><\/p>\n\n\n\n<p>(1)Moreno G\u00f3mez, Francisco: \u201cLa Rep\u00fablica y la Guerra Civil en C\u00f3rdoba (tomo 1)\u201d. P\u00e1ginas 283 y 284. Edita Ayuntamiento de C\u00f3rdoba. A\u00f1o 1983.<br>(2) Testimonio del militante hist\u00f3rico de la UGT, Alfonso Rodr\u00edguez Flores (q.e.p.d.). Igualmente agradezco las aportaciones realizadas por Francisco Sol\u00eds Barea en relaci\u00f3n a la actuaci\u00f3n de Pepe Marchena y La Ni\u00f1a de la Puebla que tuvieron lugar la v\u00edspera de la Huelga Revolucionaria.<br>(3) Informe existente en el Archivo Municipal de Marmolejo.<br>(4) Sentencia existente en el Archivo Hist\u00f3rico Provincial de Ja\u00e9n, Secci\u00f3n: Prisi\u00f3n Provincial.<br>(5) Testimonio de Juan Mart\u00ednez Cano (q.e.p.d.), afiliado a la UGT en 1934.<br>(6) Informe emitido por el alcalde de Marmolejo Manuel Flores Vallejo, sobre el citado sacerdote para ser remitido al Juzgado Especial de Tribunales de Urgencia de Ja\u00e9n, fechado el 5 de marzo de 1938. Archivo Hist\u00f3rico Nacional de Salamanca.<br>(7) Breve discurso en propiedad de Don Antonio Rostaing Lozano, hijo de Claudio Rostaing Pinillos, antiguo due\u00f1o del hotel de Los Leones y miembro del Centro Republicano. Este discurso fue le\u00eddo por el magistrado Manuel Soler con motivo de una comida conmemorativa celebrada en el sal\u00f3n del comedor de dicho hotel en el a\u00f1o de 1974, a la que asistieron personas que habitualmente ven\u00edan todos los a\u00f1os a tomar las aguas y se encontraban ese 6 de octubre en Marmolejo. Entre ellas aparecen los nombres&nbsp; del can\u00f3nigo de la Catedral de Sevilla, Miguel Bermudo, el asturiano Joaqu\u00edn Alonso; el abogado Moreno Sevillano; las se\u00f1oras Ya\u00f1ez, Ferr\u00e1ndiz, T\u00e1vora, etc.<br>(8) Testimonio de Juan Mart\u00ednez Cano (q.e.p.d.).<br>(9) Testimonio de Jos\u00e9 G\u00f3mez Aguayo, hijo de Jos\u00e9 G\u00f3mez Ruiz \u201cEl Chindo\u201d.<br>(10) \u201cEn 1978 se elabor\u00f3 un inventario de los elementos m\u00e1s significativos de la Casa del Pueblo al terminar la Guerra Civil. La Casa se compr\u00f3 en el 1925 y en el 1933 se levant\u00f3 una planta, construy\u00e9ndose en el patio vivienda para el conserje. Exist\u00edan un sal\u00f3n de actos y biblioteca con 200 sillas, un armario de 3 x 2,50 y cinco peque\u00f1os, 425 libros, 5 mesas de 1,50 x 1,25 con 8 sillas cada una, una radio, 2 cuadros de Pablo Iglesias y 8 de Largo Caballero de 1x 0,80, un cuadro de Pablo Iglesias con sus disc\u00edpulos de 1,50 x 1 y uno de Mariana Pineda de 1 x 0,80, cinco habitaciones con las correspondientes secretar\u00edas de Sociedades Obreras, completadas con archivo de documentos\u201d. Descripci\u00f3n detallada publicada por Santiago de C\u00f3rdoba Ortega en \u201cAndadura hacia la Libertad: Documentos para la historia de UGT-Ja\u00e9n\u201d. Editado por Centro Documental y de Estudios Sociales de Ja\u00e9n.<br>(11) Revista Gr\u00e1fica \u201cLa Estampa\u201d. Reportaje firmado por el&nbsp; periodista Javier S\u00e1nchez-Oca\u00f1a. Fecha: 20 de febrero de 1936; a\u00f1o 9, n\u00famero 424. Madrid.<\/p>\n\n\n\n<p>(12) En el diario madrile\u00f1o \u201cLa \u00c9poca\u201d se recog\u00eda la noticia del requisamiento de varios cartuchos y de dinamita en la casa de Antonio Moreno y algunas botellas de l\u00edquidos inflamables, un&nbsp; barril de azufre y utensilios para la fabricaci\u00f3n de bombas y balas, en el domicilio de Jos\u00e9 Gonz\u00e1lez. En las afueras de la poblaci\u00f3n fueron encontradas&nbsp; numerosas balas, cartuchos, fulminantes etc. Seg\u00fan este diario a distintos detenidos el 6 de octubre se les incautaron 43 armas de fuego largas, 23 pistolas y 26 armas blancas, hachas, hocinos y hoces. Diario \u201cLa \u00c9poca\u201d del d\u00eda 24 de octubre de 1934; n\u00famero 29593, p\u00e1gina 2. Madrid 1934.<br>(13) Parece ser que se refiere al jornalero afiliado a la UGT, Pedro Perales Ollero, con peque\u00f1a tienda de ultramarinos. La carta est\u00e1 escrita por el propietario agr\u00edcola Andr\u00e9s Pastor Pe\u00f1a, destacado miembro de la CEDA. Esta carta forma parte de los fondos del Archivo Hist\u00f3rico Nacional de Salamanca.<br>(14) El ministro de Gobernaci\u00f3n, Eloy Vaquero Cantillo hab\u00eda nacido en Montalb\u00e1n (C\u00f3rdoba), hijo de un peque\u00f1o propietario que aparte de cultivar la tierra, regentaba una peque\u00f1a taberna, dotada de un billar que daba nombre al establecimiento. Estudi\u00f3 para maestro y despu\u00e9s la carrera de abogado. Perteneciente al ala m\u00e1s izquierdista del Partido Radical, en 1931, fue elegido diputado a las primeras cortes constituyentes republicanas y el 4 de octubre de 1934 Alejandro Lerroux le nombraba Ministro de la Gobernaci\u00f3n, cargo del que fue cesado en abril de 1935, muy afectado por las secuelas de la jornada revolucionaria del 6 de octubre, cuya represi\u00f3n \u2013paradojas del destino- le toc\u00f3 organizar. Lerroux le encomend\u00f3 despu\u00e9s la cartera de Trabajo. En julio de 1936 march\u00f3 a Gibraltar, huyendo de los fusilamientos desatados en la capital cordobesa contra elementos de los partidos republicanos. De all\u00ed pas\u00f3 a Londres, La Habana, Nueva York, donde fallec\u00eda en 1960. (Fuente: Eloy Vaquero Cantillo: \u201cDel drama de Andaluc\u00eda: recuerdos de luchas rurales y ciudadanas\u201d. Ap\u00e9ndice biogr\u00e1fico y notas de Juan Ortiz Villalba. Ediciones de La Posada. C\u00f3rdoba 1987). A Eloy Vaquero le sustituy\u00f3 como Ministro de Gobernaci\u00f3n, Manuel Portela Valladares, antiguo pol\u00edtico de la Monarqu\u00eda, ministro en el gabinete presidido por Garc\u00eda Prieto en 1923.<br>(15) Otros miembros de esta ejecutiva fueron Crist\u00f3bal Pantoja (tesorero), Emilio P\u00e9rez Campoy, Luis Mu\u00f1oz y Manuel Casado Pedrajas como vocales. Fuente: Diario \u201cLa voz\u201d del 4 de abril de 1933. Diario cordob\u00e9s de tendencia Republicano-radical, cuyo m\u00e1ximo exponente fue el pol\u00edtico&nbsp; Radical Eloy Vaquero Cantillo.<br>(16) En el diario republicano de tendencia radical, La Voz, del 3 de noviembre de 1934, y en el del 6 de noviembre salieron publicados sendos art\u00edculos de Jos\u00e9 Guti\u00e9rrez Alcal\u00e1 dedicados a enaltecer la figura del alcalde Carlos S\u00e1nchez Sol\u00eds y las de los guardias civiles Francisco L\u00f3pez Navarro y Gabriel Herrera Ruano por su papel decisivo en la represi\u00f3n del movimiento huelgu\u00edstico del 6 de octubre.<\/p>\n\n\n\n<p>(17) Concurrieron a esta feria de ganado las siguientes variedades de animales: 108 vacas, 29 terneras, 109 caballos, 466 mulos, 287 cerdos y 67 ovejas. Fuente: Archivo Municipal de Marmolejo.<br>(18) La demanda de Francisco Osuna Galioty Alfonso Vicaria Correas contra el patrono Francisco Garc\u00eda Garc\u00eda, planteada ante el Jurado Mixto de Trabajo Rural, acab\u00f3 en resoluci\u00f3n amistosa el 17 de agosto de 1935.<br>(19) Manuel Portela Valladares era elegido por Niceto Alcal\u00e1 Zamora para formar gobierno el 12 de diciembre de 1935. Portela era un antiguo pol\u00edtico de la Monarqu\u00eda, ministro con Garc\u00eda Prieto en 1923, incorporado a la Rep\u00fablica por Alcal\u00e1 Zamora, aunque independiente. Era tambi\u00e9n consejero del Banco Central, gran accionista de Minas del Rif y mas\u00f3n. Fuente: Manuel Tu\u00f1\u00f3n de Lara \u201cHistoria de Espa\u00f1a: La crisis del Estado: Dictadura, Rep\u00fablica, Guerra (1923-1939)\u201d Editorial Labor, Barcelona 1983.<br>(20) Carta existente en el Archivo Hist\u00f3rico Nacional de Salamanca. En ella se percibe el alejamiento que exist\u00eda ya entre la derecha local formada por lerrouxistas y cedistas, respecto al partido de Uni\u00f3n Republicana de Diego Mart\u00ednez Barrio, a pesar de que este partido segu\u00eda representando a una parte importante de la clase media y peque\u00f1a burgues\u00eda. El distanciamiento de la derecha nacional respecto a las clases medias urbanas en beneficio de la tradicional burgues\u00eda agraria y financiera, acab\u00f3 contribuyendo a la radicalizaci\u00f3n del panorama pol\u00edtico y social en casa uno de los municipios de la geograf\u00eda andaluza.<br>(21) Sin embargo los menos votados fueron la Falange representada por Raimundo Fern\u00e1ndez Cuesta y el tradicionalista Antonio Garz\u00f3n Mar\u00edn. Fuente: Juan Cuevas Matas: \u201cEl proceso de enfrentamiento social en la 2\u00aa Rep\u00fablica: las elecciones del 16 de febrero de 1936 en la provincia\u201d<\/p>\n","protected":false},"excerpt":{"rendered":"<p>-Manuel Perales Sol\u00eds- \ufeff Introducci\u00f3n: El contenido de este art\u00edculo est\u00e1&nbsp; b\u00e1sicamente extra\u00eddo del trabajo que publiqu\u00e9 hace unos a\u00f1os titulado \u201cLa Memoria Rescatada: 2\u00aa Rep\u00fablica, Guerra Civil y Postguerra en Marmolejo\u201d enriquecido, en esta ocasi\u00f3n, con nuevas aportaciones documentales que aunque no modifican sustancialmente&nbsp; lo ya sabido, nos permiten, sin embargo, conocer diferentes e [&hellip;]<\/p>\n","protected":false},"author":1,"featured_media":0,"parent":0,"menu_order":0,"comment_status":"closed","ping_status":"closed","template":"elementor_theme","meta":{"footnotes":""},"class_list":["post-104","page","type-page","status-publish","hentry"],"yoast_head":"<!-- This site is optimized with the Yoast SEO plugin v25.2 - https:\/\/yoast.com\/wordpress\/plugins\/seo\/ -->\n<title>La Revoluci\u00f3n del 6 de Octubre de 1934 - El lugar de Marmolejo<\/title>\n<meta name=\"robots\" content=\"index, follow, max-snippet:-1, max-image-preview:large, max-video-preview:-1\" \/>\n<link rel=\"canonical\" href=\"https:\/\/lugardemarmolejo.es\/?page_id=104\" \/>\n<meta property=\"og:locale\" content=\"es_ES\" \/>\n<meta property=\"og:type\" content=\"article\" \/>\n<meta property=\"og:title\" content=\"La Revoluci\u00f3n del 6 de Octubre de 1934 - El lugar de Marmolejo\" \/>\n<meta property=\"og:description\" content=\"-Manuel Perales Sol\u00eds- \ufeff Introducci\u00f3n: El contenido de este art\u00edculo est\u00e1&nbsp; b\u00e1sicamente extra\u00eddo del trabajo que publiqu\u00e9 hace unos a\u00f1os titulado \u201cLa Memoria Rescatada: 2\u00aa Rep\u00fablica, Guerra Civil y Postguerra en Marmolejo\u201d enriquecido, en esta ocasi\u00f3n, con nuevas aportaciones documentales que aunque no modifican sustancialmente&nbsp; lo ya sabido, nos permiten, sin embargo, conocer diferentes e [&hellip;]\" \/>\n<meta property=\"og:url\" content=\"https:\/\/lugardemarmolejo.es\/?page_id=104\" \/>\n<meta property=\"og:site_name\" content=\"El lugar de Marmolejo\" \/>\n<meta property=\"article:modified_time\" content=\"2023-07-03T17:53:55+00:00\" \/>\n<meta property=\"og:image\" content=\"https:\/\/static.wixstatic.com\/media\/7e23fc_74fd4b85fcff6311f9c453596b6493b7.jpg\/v1\/fill\/w_396,h_546,al_c,q_80,usm_0.66_1.00_0.01,enc_auto\/7e23fc_74fd4b85fcff6311f9c453596b6493b7.jpg\" \/>\n<meta name=\"twitter:card\" content=\"summary_large_image\" \/>\n<meta name=\"twitter:label1\" content=\"Tiempo de lectura\" \/>\n\t<meta name=\"twitter:data1\" content=\"136 minutos\" \/>\n<script type=\"application\/ld+json\" class=\"yoast-schema-graph\">{\"@context\":\"https:\/\/schema.org\",\"@graph\":[{\"@type\":\"WebPage\",\"@id\":\"https:\/\/lugardemarmolejo.es\/?page_id=104\",\"url\":\"https:\/\/lugardemarmolejo.es\/?page_id=104\",\"name\":\"La Revoluci\u00f3n del 6 de Octubre de 1934 - El lugar de Marmolejo\",\"isPartOf\":{\"@id\":\"https:\/\/lugardemarmolejo.es\/#website\"},\"primaryImageOfPage\":{\"@id\":\"https:\/\/lugardemarmolejo.es\/?page_id=104#primaryimage\"},\"image\":{\"@id\":\"https:\/\/lugardemarmolejo.es\/?page_id=104#primaryimage\"},\"thumbnailUrl\":\"https:\/\/static.wixstatic.com\/media\/7e23fc_74fd4b85fcff6311f9c453596b6493b7.jpg\/v1\/fill\/w_396,h_546,al_c,q_80,usm_0.66_1.00_0.01,enc_auto\/7e23fc_74fd4b85fcff6311f9c453596b6493b7.jpg\",\"datePublished\":\"2023-06-25T18:52:52+00:00\",\"dateModified\":\"2023-07-03T17:53:55+00:00\",\"breadcrumb\":{\"@id\":\"https:\/\/lugardemarmolejo.es\/?page_id=104#breadcrumb\"},\"inLanguage\":\"es\",\"potentialAction\":[{\"@type\":\"ReadAction\",\"target\":[\"https:\/\/lugardemarmolejo.es\/?page_id=104\"]}]},{\"@type\":\"ImageObject\",\"inLanguage\":\"es\",\"@id\":\"https:\/\/lugardemarmolejo.es\/?page_id=104#primaryimage\",\"url\":\"https:\/\/static.wixstatic.com\/media\/7e23fc_74fd4b85fcff6311f9c453596b6493b7.jpg\/v1\/fill\/w_396,h_546,al_c,q_80,usm_0.66_1.00_0.01,enc_auto\/7e23fc_74fd4b85fcff6311f9c453596b6493b7.jpg\",\"contentUrl\":\"https:\/\/static.wixstatic.com\/media\/7e23fc_74fd4b85fcff6311f9c453596b6493b7.jpg\/v1\/fill\/w_396,h_546,al_c,q_80,usm_0.66_1.00_0.01,enc_auto\/7e23fc_74fd4b85fcff6311f9c453596b6493b7.jpg\"},{\"@type\":\"BreadcrumbList\",\"@id\":\"https:\/\/lugardemarmolejo.es\/?page_id=104#breadcrumb\",\"itemListElement\":[{\"@type\":\"ListItem\",\"position\":1,\"name\":\"Portada\",\"item\":\"https:\/\/lugardemarmolejo.es\/\"},{\"@type\":\"ListItem\",\"position\":2,\"name\":\"La Revoluci\u00f3n del 6 de Octubre de 1934\"}]},{\"@type\":\"WebSite\",\"@id\":\"https:\/\/lugardemarmolejo.es\/#website\",\"url\":\"https:\/\/lugardemarmolejo.es\/\",\"name\":\"El lugar de Marmolejo\",\"description\":\"\",\"potentialAction\":[{\"@type\":\"SearchAction\",\"target\":{\"@type\":\"EntryPoint\",\"urlTemplate\":\"https:\/\/lugardemarmolejo.es\/?s={search_term_string}\"},\"query-input\":{\"@type\":\"PropertyValueSpecification\",\"valueRequired\":true,\"valueName\":\"search_term_string\"}}],\"inLanguage\":\"es\"}]}<\/script>\n<!-- \/ Yoast SEO plugin. -->","yoast_head_json":{"title":"La Revoluci\u00f3n del 6 de Octubre de 1934 - El lugar de Marmolejo","robots":{"index":"index","follow":"follow","max-snippet":"max-snippet:-1","max-image-preview":"max-image-preview:large","max-video-preview":"max-video-preview:-1"},"canonical":"https:\/\/lugardemarmolejo.es\/?page_id=104","og_locale":"es_ES","og_type":"article","og_title":"La Revoluci\u00f3n del 6 de Octubre de 1934 - El lugar de Marmolejo","og_description":"-Manuel Perales Sol\u00eds- \ufeff Introducci\u00f3n: El contenido de este art\u00edculo est\u00e1&nbsp; b\u00e1sicamente extra\u00eddo del trabajo que publiqu\u00e9 hace unos a\u00f1os titulado \u201cLa Memoria Rescatada: 2\u00aa Rep\u00fablica, Guerra Civil y Postguerra en Marmolejo\u201d enriquecido, en esta ocasi\u00f3n, con nuevas aportaciones documentales que aunque no modifican sustancialmente&nbsp; lo ya sabido, nos permiten, sin embargo, conocer diferentes e [&hellip;]","og_url":"https:\/\/lugardemarmolejo.es\/?page_id=104","og_site_name":"El lugar de Marmolejo","article_modified_time":"2023-07-03T17:53:55+00:00","og_image":[{"url":"https:\/\/static.wixstatic.com\/media\/7e23fc_74fd4b85fcff6311f9c453596b6493b7.jpg\/v1\/fill\/w_396,h_546,al_c,q_80,usm_0.66_1.00_0.01,enc_auto\/7e23fc_74fd4b85fcff6311f9c453596b6493b7.jpg","type":"","width":"","height":""}],"twitter_card":"summary_large_image","twitter_misc":{"Tiempo de lectura":"136 minutos"},"schema":{"@context":"https:\/\/schema.org","@graph":[{"@type":"WebPage","@id":"https:\/\/lugardemarmolejo.es\/?page_id=104","url":"https:\/\/lugardemarmolejo.es\/?page_id=104","name":"La Revoluci\u00f3n del 6 de Octubre de 1934 - El lugar de Marmolejo","isPartOf":{"@id":"https:\/\/lugardemarmolejo.es\/#website"},"primaryImageOfPage":{"@id":"https:\/\/lugardemarmolejo.es\/?page_id=104#primaryimage"},"image":{"@id":"https:\/\/lugardemarmolejo.es\/?page_id=104#primaryimage"},"thumbnailUrl":"https:\/\/static.wixstatic.com\/media\/7e23fc_74fd4b85fcff6311f9c453596b6493b7.jpg\/v1\/fill\/w_396,h_546,al_c,q_80,usm_0.66_1.00_0.01,enc_auto\/7e23fc_74fd4b85fcff6311f9c453596b6493b7.jpg","datePublished":"2023-06-25T18:52:52+00:00","dateModified":"2023-07-03T17:53:55+00:00","breadcrumb":{"@id":"https:\/\/lugardemarmolejo.es\/?page_id=104#breadcrumb"},"inLanguage":"es","potentialAction":[{"@type":"ReadAction","target":["https:\/\/lugardemarmolejo.es\/?page_id=104"]}]},{"@type":"ImageObject","inLanguage":"es","@id":"https:\/\/lugardemarmolejo.es\/?page_id=104#primaryimage","url":"https:\/\/static.wixstatic.com\/media\/7e23fc_74fd4b85fcff6311f9c453596b6493b7.jpg\/v1\/fill\/w_396,h_546,al_c,q_80,usm_0.66_1.00_0.01,enc_auto\/7e23fc_74fd4b85fcff6311f9c453596b6493b7.jpg","contentUrl":"https:\/\/static.wixstatic.com\/media\/7e23fc_74fd4b85fcff6311f9c453596b6493b7.jpg\/v1\/fill\/w_396,h_546,al_c,q_80,usm_0.66_1.00_0.01,enc_auto\/7e23fc_74fd4b85fcff6311f9c453596b6493b7.jpg"},{"@type":"BreadcrumbList","@id":"https:\/\/lugardemarmolejo.es\/?page_id=104#breadcrumb","itemListElement":[{"@type":"ListItem","position":1,"name":"Portada","item":"https:\/\/lugardemarmolejo.es\/"},{"@type":"ListItem","position":2,"name":"La Revoluci\u00f3n del 6 de Octubre de 1934"}]},{"@type":"WebSite","@id":"https:\/\/lugardemarmolejo.es\/#website","url":"https:\/\/lugardemarmolejo.es\/","name":"El lugar de Marmolejo","description":"","potentialAction":[{"@type":"SearchAction","target":{"@type":"EntryPoint","urlTemplate":"https:\/\/lugardemarmolejo.es\/?s={search_term_string}"},"query-input":{"@type":"PropertyValueSpecification","valueRequired":true,"valueName":"search_term_string"}}],"inLanguage":"es"}]}},"_links":{"self":[{"href":"https:\/\/lugardemarmolejo.es\/index.php?rest_route=\/wp\/v2\/pages\/104","targetHints":{"allow":["GET"]}}],"collection":[{"href":"https:\/\/lugardemarmolejo.es\/index.php?rest_route=\/wp\/v2\/pages"}],"about":[{"href":"https:\/\/lugardemarmolejo.es\/index.php?rest_route=\/wp\/v2\/types\/page"}],"author":[{"embeddable":true,"href":"https:\/\/lugardemarmolejo.es\/index.php?rest_route=\/wp\/v2\/users\/1"}],"replies":[{"embeddable":true,"href":"https:\/\/lugardemarmolejo.es\/index.php?rest_route=%2Fwp%2Fv2%2Fcomments&post=104"}],"version-history":[{"count":2,"href":"https:\/\/lugardemarmolejo.es\/index.php?rest_route=\/wp\/v2\/pages\/104\/revisions"}],"predecessor-version":[{"id":110,"href":"https:\/\/lugardemarmolejo.es\/index.php?rest_route=\/wp\/v2\/pages\/104\/revisions\/110"}],"wp:attachment":[{"href":"https:\/\/lugardemarmolejo.es\/index.php?rest_route=%2Fwp%2Fv2%2Fmedia&parent=104"}],"curies":[{"name":"wp","href":"https:\/\/api.w.org\/{rel}","templated":true}]}}